{"id":22011,"date":"2025-05-26T13:03:01","date_gmt":"2025-05-26T11:03:01","guid":{"rendered":"https:\/\/site.educa.madrid.org\/cp.infantaleonor.sanagustin\/?page_id=22011"},"modified":"2026-08-31T14:11:59","modified_gmt":"2026-08-31T12:11:59","slug":"proyecto-radio-infanta","status":"publish","type":"page","link":"https:\/\/site.educa.madrid.org\/cp.infantaleonor.sanagustin\/index.php\/proyectos-iniciativa-pedagogica\/proyecto-radio-infanta\/","title":{"rendered":"Proyecto Radio Infanta"},"content":{"rendered":"\n<div class=\"wp-block-rttpg-row alignfull rttpg-block-postgrid rttpg-block-0c6483 rttpg-block rttpg-row-wrap rttpg-block-frontend\" style=\"--d-gap-x:55px;--t-gap-x:20px;--m-gap-x:20px;--d-gap-y:20px;--t-gap-y:20px;--m-gap-y:20px\"><div class=\"rttpg-container\"><div class=\"rttpg-row\">\n<div class=\"wp-block-rttpg-column rttpg-block-postgrid rttpg-block-660da3 rttpg-block rttpg-column rttpg-block-frontend\"><div id=\"pl-gb22011-6a9734c2c5daf\"  class=\"panel-layout wp-block-siteorigin-panels-layout-block panel-layout\" ><div id=\"pg-gb22011-6a9734c2c5daf-0\"  class=\"panel-grid panel-has-style\" ><div class=\"siteorigin-panels-stretch panel-row-style panel-row-style-for-gb22011-6a9734c2c5daf-0\" style=\"padding: 0px 0; \" data-stretch-type=\"full-width-stretch\" data-overlay=\"true\" data-overlay-color=\"#000000\" ><div id=\"pgc-gb22011-6a9734c2c5daf-0-0\"  class=\"panel-grid-cell\" ><div id=\"panel-gb22011-6a9734c2c5daf-0-0-0\" class=\"so-panel widget widget_sow-hero panel-first-child panel-last-child\" data-index=\"0\" ><div style=\"text-align: left;\" data-title-color=\"#443f3f\" data-headings-color=\"#443f3f\" class=\"panel-widget-style panel-widget-style-for-gb22011-6a9734c2c5daf-0-0-0\" ><div\n\t\t\t\n\t\t\tclass=\"so-widget-sow-hero so-widget-sow-hero-default-9169367fd255-22011 so-widget-fittext-wrapper\"\n\t\t\t data-fit-text-compressor=\"0.85\"\n\t\t>\t\t\t\t<div class=\"sow-slider-base\" style=\"display: none\" tabindex=\"0\">\n\t\t\t\t\t<ul\n\t\t\t\t\tclass=\"sow-slider-images\"\n\t\t\t\t\tdata-settings=\"{&quot;pagination&quot;:true,&quot;speed&quot;:400,&quot;timeout&quot;:8000,&quot;paused&quot;:true,&quot;pause_on_hover&quot;:false,&quot;swipe&quot;:&quot;&quot;,&quot;nav_always_show_desktop&quot;:&quot;&quot;,&quot;nav_always_show_mobile&quot;:&quot;&quot;,&quot;breakpoint&quot;:&quot;780px&quot;,&quot;unmute&quot;:false,&quot;anchor&quot;:null}\"\n\t\t\t\t\tstyle=\"min-height: 500px\"\t\t\t\t\tdata-anchor-id=\"\"\n\t\t\t\t>\t\t<li class=\"sow-slider-image  sow-slider-image-cover\" style=\"visibility: visible;;background-color: #ffffff\" >\n\t\t\t\t\t<div class=\"sow-slider-image-container\">\n\t\t\t<div class=\"sow-slider-image-wrapper\">\n\t\t\t\t<div class=\"et_pb_section et_pb_section_0 et_pb_section_video_on_hover et_pb_section_parallax_hover et_pb_with_background et_section_regular et_pb_section_first\" data-padding-tablet=\"|||\" data-fix-page-container=\"on\">\n<div class=\"et_pb_row et_pb_row_0\">\n<div class=\"et_pb_column et_pb_column_4_4 et_pb_column_0 et_pb_css_mix_blend_mode_passthrough et-last-child\">\n<div class=\"et_pb_module none divienhancer-hover-effect et_pb_text et_pb_text_0 et_pb_text_align_center et_pb_bg_layout_light\">\n<div class=\"et_pb_text_inner\">\n<h1 style=\"text-align: center\"><span style=\"color: #000000\">Proyecto Radio Infanta<\/span><\/h1>\n<\/div>\n<\/div>\n<\/div>\n<\/div>\n<\/div>\n<div class=\"et_pb_with_border et_pb_section et_pb_section_1 et_section_regular\">\n<div class=\"et_pb_row et_pb_row_1 et_pb_equal_columns et_had_animation\">\n<div class=\"et_pb_column et_pb_column_4_4 et_pb_column_1 et_pb_css_mix_blend_mode_passthrough et-last-child\">\n<div class=\"et_pb_module none divienhancer-hover-effect et_pb_text et_pb_text_1 et_pb_text_align_center et_pb_bg_layout_light\">\n<div class=\"et_pb_text_inner\">\n<h5 style=\"text-align: center\"><span style=\"color: #000000\">Arrancamos esta p\u00e1gina con un V\u00eddeo Promocional \u00abRADIO INFANTA\u00bb, realizado por los alumnos del CPB Infanta Leonor. <\/span><span style=\"color: #000000\">\u00a1No te lo puedes perder!<\/span><\/h5>\n<\/div>\n<\/div>\n<\/div>\n<\/div>\n<\/div>\n\t\t\t<\/div>\n\t\t<\/div>\n\t\t<div class=\"sow-slider-image-overlay sow-slider-image-cover\" style=\"opacity: 0.25;background-image: url(https:\/\/site.educa.madrid.org\/cp.infantaleonor.sanagustin\/\/wp-content\/uploads\/cp.infantaleonor.sanagustin\/2025\/05\/Chroma-IV.jpg)\"  ><\/div>\t\t<\/li>\n\t\t<\/ul>\t\t\t\t<ol class=\"sow-slider-pagination\">\n\t\t\t\t\t\t\t\t\t\t\t<li><a href=\"#\" data-goto=\"0\" aria-label=\"Display slide 1\"><\/a><\/li>\n\t\t\t\t\t\t\t\t\t<\/ol>\n\n\t\t\t\t<div class=\"sow-slide-nav sow-slide-nav-next\">\n\t\t\t\t\t<a href=\"#\" data-goto=\"next\" aria-label=\"Next slide\" data-action=\"next\">\n\t\t\t\t\t\t<em class=\"sow-sld-icon-thin-right\"><\/em>\n\t\t\t\t\t<\/a>\n\t\t\t\t<\/div>\n\n\t\t\t\t<div class=\"sow-slide-nav sow-slide-nav-prev\">\n\t\t\t\t\t<a href=\"#\" data-goto=\"previous\" aria-label=\"Previous slide\" data-action=\"prev\">\n\t\t\t\t\t\t<em class=\"sow-sld-icon-thin-left\"><\/em>\n\t\t\t\t\t<\/a>\n\t\t\t\t<\/div>\n\t\t\t\t<\/div><\/div><\/div><\/div><\/div><\/div><\/div><\/div><\/div>\n<\/div><\/div><\/div>\n\n\n\n<div class=\"wp-block-rttpg-row alignfull rttpg-block-postgrid rttpg-block-d39054 rttpg-block rttpg-row-wrap rttpg-block-frontend\" style=\"--d-gap-x:12px;--t-gap-x:20px;--m-gap-x:20px;--d-gap-y:20px;--t-gap-y:20px;--m-gap-y:20px\"><div class=\"rttpg-container\"><div class=\"rttpg-row\">\n<div class=\"wp-block-rttpg-column rttpg-block-postgrid rttpg-block-ca608c rttpg-block rttpg-column rttpg-block-frontend\">\n<iframe loading=\"lazy\" src=\"https:\/\/mediateca.educa.madrid.org\/video\/z8dk7v7shyb8g2ef\/fs\" width=\"600\" height=\"400\" frameborder=\"0\" scrolling=\"no\" style=\"border:0;overflow:hidden\" allowfullscreen=\"\"><\/iframe>\n<\/div>\n\n\n\n<div class=\"wp-block-rttpg-column rttpg-block-postgrid rttpg-block-5efd18 rttpg-block rttpg-column rttpg-block-frontend\"><div id=\"pl-gb22011-6a9734c2c7004\"  class=\"panel-layout wp-block-siteorigin-panels-layout-block panel-layout\" ><div id=\"pg-gb22011-6a9734c2c7004-0\"  class=\"panel-grid panel-has-style\" ><div style=\"padding: 0px 0; \" data-overlay=\"true\" data-overlay-color=\"#000000\" class=\"panel-row-style panel-row-style-for-gb22011-6a9734c2c7004-0\" ><div id=\"pgc-gb22011-6a9734c2c7004-0-0\"  class=\"panel-grid-cell\" ><div id=\"panel-gb22011-6a9734c2c7004-0-0-0\" class=\"so-panel widget widget_sow-button panel-first-child panel-last-child\" data-index=\"0\" ><div style=\"text-align: left;\" data-title-color=\"#443f3f\" data-headings-color=\"#443f3f\" class=\"panel-widget-style panel-widget-style-for-gb22011-6a9734c2c7004-0-0-0\" ><div\n\t\t\t\n\t\t\tclass=\"so-widget-sow-button so-widget-sow-button-flat-ccedb17c292c-22011\"\n\t\t\t\n\t\t><div class=\"ow-button-base ow-button-align-center\"\n>\n\t\t\t<a\n\t\t\t\t\thref=\"https:\/\/mediateca.educa.madrid.org\/audio\/krmye29qcoxaxps1\"\n\t\t\t\t\tclass=\"sowb-button ow-icon-placement-left ow-button-hover\" target=\"_blank\" rel=\"noopener noreferrer\" \t>\n\t\t<span>\n\t\t\t\n\t\t\tCAP\u00cdTULO 1\t\t<\/span>\n\t\t\t<\/a>\n\t<\/div>\n<\/div><\/div><\/div><\/div><\/div><\/div><\/div><\/div>\n\n\n\n<div class=\"wp-block-rttpg-column rttpg-block-postgrid rttpg-block-16cf54 rttpg-block rttpg-column rttpg-block-frontend\"><div id=\"pl-gb22011-6a9734c2c7c78\"  class=\"panel-layout wp-block-siteorigin-panels-layout-block panel-layout\" ><div id=\"pg-gb22011-6a9734c2c7c78-0\"  class=\"panel-grid panel-has-style\" ><div style=\"padding: 0px 0; \" data-overlay=\"true\" data-overlay-color=\"#000000\" class=\"panel-row-style panel-row-style-for-gb22011-6a9734c2c7c78-0\" ><div id=\"pgc-gb22011-6a9734c2c7c78-0-0\"  class=\"panel-grid-cell\" ><div id=\"panel-gb22011-6a9734c2c7c78-0-0-0\" class=\"so-panel widget widget_sow-button panel-first-child panel-last-child\" data-index=\"0\" ><div style=\"text-align: left;\" data-title-color=\"#443f3f\" data-headings-color=\"#443f3f\" class=\"panel-widget-style panel-widget-style-for-gb22011-6a9734c2c7c78-0-0-0\" ><div\n\t\t\t\n\t\t\tclass=\"so-widget-sow-button so-widget-sow-button-flat-ccedb17c292c-22011\"\n\t\t\t\n\t\t><div class=\"ow-button-base ow-button-align-center\"\n>\n\t\t\t<a\n\t\t\t\t\thref=\"https:\/\/mediateca.educa.madrid.org\/audio\/dgt8uda3xidrbasq\"\n\t\t\t\t\tclass=\"sowb-button ow-icon-placement-left ow-button-hover\" target=\"_blank\" rel=\"noopener noreferrer\" \t>\n\t\t<span>\n\t\t\t\n\t\t\tCAP\u00cdTULO 2\t\t<\/span>\n\t\t\t<\/a>\n\t<\/div>\n<\/div><\/div><\/div><\/div><\/div><\/div><\/div><\/div>\n\n\n\n<div class=\"wp-block-rttpg-column rttpg-block-postgrid rttpg-block-7711ef rttpg-block rttpg-column rttpg-block-frontend\"><div id=\"pl-gb22011-6a9734c2c83a1\"  class=\"panel-layout wp-block-siteorigin-panels-layout-block panel-layout\" ><div id=\"pg-gb22011-6a9734c2c83a1-0\"  class=\"panel-grid panel-has-style\" ><div style=\"padding: 0px 0; \" data-overlay=\"true\" data-overlay-color=\"#000000\" class=\"panel-row-style panel-row-style-for-gb22011-6a9734c2c83a1-0\" ><div id=\"pgc-gb22011-6a9734c2c83a1-0-0\"  class=\"panel-grid-cell\" ><div id=\"panel-gb22011-6a9734c2c83a1-0-0-0\" class=\"so-panel widget widget_sow-button panel-first-child panel-last-child\" data-index=\"0\" ><div style=\"text-align: left;\" data-title-color=\"#443f3f\" data-headings-color=\"#443f3f\" class=\"panel-widget-style panel-widget-style-for-gb22011-6a9734c2c83a1-0-0-0\" ><div\n\t\t\t\n\t\t\tclass=\"so-widget-sow-button so-widget-sow-button-flat-ccedb17c292c-22011\"\n\t\t\t\n\t\t><div class=\"ow-button-base ow-button-align-center\"\n>\n\t\t\t<a\n\t\t\t\t\thref=\"https:\/\/mediateca.educa.madrid.org\/audio\/4prorvad9lha1yfp\"\n\t\t\t\t\tclass=\"sowb-button ow-icon-placement-left ow-button-hover\" target=\"_blank\" rel=\"noopener noreferrer\" \t>\n\t\t<span>\n\t\t\t\n\t\t\tCAP\u00cdTULO 3\t\t<\/span>\n\t\t\t<\/a>\n\t<\/div>\n<\/div><\/div><\/div><\/div><\/div><\/div><\/div><\/div>\n<\/div><\/div><\/div>\n\n\n\n<div class=\"wp-block-rttpg-row alignfull rttpg-block-postgrid rttpg-block-98ea7c rttpg-block rttpg-row-wrap rttpg-block-frontend\" style=\"--d-gap-x:55px;--t-gap-x:20px;--m-gap-x:20px;--d-gap-y:20px;--t-gap-y:20px;--m-gap-y:20px\"><div class=\"rttpg-container\"><div class=\"rttpg-row\">\n<div class=\"wp-block-rttpg-column rttpg-block-postgrid rttpg-block-d0d7a2 rttpg-block rttpg-column rttpg-block-frontend\"><div id=\"pl-gb22011-6a9734c2c8aa0\"  class=\"panel-layout wp-block-siteorigin-panels-layout-block panel-layout\" ><div id=\"pg-gb22011-6a9734c2c8aa0-0\"  class=\"panel-grid panel-has-style\" ><div style=\"padding: 0px 0; \" data-overlay=\"true\" data-overlay-color=\"#000000\" class=\"panel-row-style panel-row-style-for-gb22011-6a9734c2c8aa0-0\" ><div id=\"pgc-gb22011-6a9734c2c8aa0-0-0\"  class=\"panel-grid-cell\" ><div id=\"panel-gb22011-6a9734c2c8aa0-0-0-0\" class=\"so-panel widget widget_sow-editor panel-first-child panel-last-child\" data-index=\"0\" ><div style=\"text-align: left;\" data-title-color=\"#443f3f\" data-headings-color=\"#443f3f\" class=\"panel-widget-style panel-widget-style-for-gb22011-6a9734c2c8aa0-0-0-0\" ><div\n\t\t\t\n\t\t\tclass=\"so-widget-sow-editor so-widget-sow-editor-base\"\n\t\t\t\n\t\t>\n<div class=\"siteorigin-widget-tinymce textwidget\">\n\t<h2><span style=\"color: #00ff00;\">\u00a1Escucha los \u00faltimos podcasts!<\/span><\/h2>\n<h3><b>Ponte al d\u00eda con Radio Infanta<\/b><\/h3>\n<h4>Adivinanzas, animales en peligro de extinci\u00f3n, nuestro libro recomendado y la entrevista de la semana.<\/h4>\n<p>&nbsp;<\/p>\n<\/div>\n<\/div><\/div><\/div><\/div><\/div><\/div><\/div><\/div>\n\n\n\n<div class=\"wp-block-rttpg-column rttpg-block-postgrid rttpg-block-006b22 rttpg-block rttpg-column rttpg-block-frontend\"><div id=\"pl-gb22011-6a9734c2c91b1\"  class=\"panel-layout wp-block-siteorigin-panels-layout-block panel-layout\" ><div id=\"pg-gb22011-6a9734c2c91b1-0\"  class=\"panel-grid panel-has-style\" ><div style=\"padding: 0px 0; \" data-overlay=\"true\" data-overlay-color=\"#000000\" class=\"panel-row-style panel-row-style-for-gb22011-6a9734c2c91b1-0\" ><div id=\"pgc-gb22011-6a9734c2c91b1-0-0\"  class=\"panel-grid-cell\" ><div id=\"panel-gb22011-6a9734c2c91b1-0-0-0\" class=\"so-panel widget widget_sow-image panel-first-child panel-last-child\" data-index=\"0\" ><div style=\"text-align: left;\" data-title-color=\"#443f3f\" data-headings-color=\"#443f3f\" class=\"panel-widget-style panel-widget-style-for-gb22011-6a9734c2c91b1-0-0-0\" ><div\n\t\t\t\n\t\t\tclass=\"so-widget-sow-image so-widget-sow-image-default-e8513d21b1d5-22011\"\n\t\t\t\n\t\t>\n<div class=\"sow-image-container\">\n\t\t<img \n\tsrc=\"https:\/\/site.educa.madrid.org\/cp.infantaleonor.sanagustin\/\/wp-content\/uploads\/cp.infantaleonor.sanagustin\/2025\/05\/pexels-george-milton-6953871-768x772.jpg\" width=\"768\" height=\"772\" srcset=\"https:\/\/site.educa.madrid.org\/cp.infantaleonor.sanagustin\/\/wp-content\/uploads\/cp.infantaleonor.sanagustin\/2025\/05\/pexels-george-milton-6953871-768x772.jpg 768w, https:\/\/site.educa.madrid.org\/cp.infantaleonor.sanagustin\/\/wp-content\/uploads\/cp.infantaleonor.sanagustin\/2025\/05\/pexels-george-milton-6953871-1019x1024.jpg 1019w, https:\/\/site.educa.madrid.org\/cp.infantaleonor.sanagustin\/\/wp-content\/uploads\/cp.infantaleonor.sanagustin\/2025\/05\/pexels-george-milton-6953871-150x150.jpg 150w, https:\/\/site.educa.madrid.org\/cp.infantaleonor.sanagustin\/\/wp-content\/uploads\/cp.infantaleonor.sanagustin\/2025\/05\/pexels-george-milton-6953871-1000x1005.jpg 1000w, https:\/\/site.educa.madrid.org\/cp.infantaleonor.sanagustin\/\/wp-content\/uploads\/cp.infantaleonor.sanagustin\/2025\/05\/pexels-george-milton-6953871-230x231.jpg 230w, https:\/\/site.educa.madrid.org\/cp.infantaleonor.sanagustin\/\/wp-content\/uploads\/cp.infantaleonor.sanagustin\/2025\/05\/pexels-george-milton-6953871-350x352.jpg 350w, https:\/\/site.educa.madrid.org\/cp.infantaleonor.sanagustin\/\/wp-content\/uploads\/cp.infantaleonor.sanagustin\/2025\/05\/pexels-george-milton-6953871-480x482.jpg 480w, https:\/\/site.educa.madrid.org\/cp.infantaleonor.sanagustin\/\/wp-content\/uploads\/cp.infantaleonor.sanagustin\/2025\/05\/pexels-george-milton-6953871.jpg 1269w\" sizes=\"(max-width: 768px) 100vw, 768px\" alt=\"\" \t\tclass=\"so-widget-image\"\/>\n\t<\/div>\n\n<\/div><\/div><\/div><\/div><\/div><\/div><\/div><\/div>\n<\/div><\/div><\/div>\n\n\n\n<div class=\"wp-block-rttpg-row alignfull rttpg-block-postgrid rttpg-block-cabf09 rttpg-block rttpg-row-wrap rttpg-block-frontend\" style=\"--d-gap-x:20px;--t-gap-x:20px;--m-gap-x:20px;--d-gap-y:20px;--t-gap-y:20px;--m-gap-y:20px\"><div class=\"rttpg-container\"><div class=\"rttpg-row\">\n<div class=\"wp-block-rttpg-column rttpg-block-postgrid rttpg-block-631289 rttpg-block rttpg-column rttpg-block-frontend\"><div id=\"pl-gb22011-6a9734c2ca133\"  class=\"panel-layout wp-block-siteorigin-panels-layout-block panel-layout\" ><div id=\"pg-gb22011-6a9734c2ca133-0\"  class=\"panel-grid panel-has-style\" ><div style=\"padding: 0px 0; \" data-overlay=\"true\" data-overlay-color=\"#000000\" class=\"panel-row-style panel-row-style-for-gb22011-6a9734c2ca133-0\" ><div id=\"pgc-gb22011-6a9734c2ca133-0-0\"  class=\"panel-grid-cell\" ><div id=\"panel-gb22011-6a9734c2ca133-0-0-0\" class=\"so-panel widget widget_sow-editor panel-first-child panel-last-child\" data-index=\"0\" ><div style=\"text-align: left;\" data-title-color=\"#443f3f\" data-headings-color=\"#443f3f\" class=\"panel-widget-style panel-widget-style-for-gb22011-6a9734c2ca133-0-0-0\" ><div\n\t\t\t\n\t\t\tclass=\"so-widget-sow-editor so-widget-sow-editor-base\"\n\t\t\t\n\t\t>\n<div class=\"siteorigin-widget-tinymce textwidget\">\n\t<h4 style=\"text-align: center;\"><span style=\"color: #000080;\">Audiocuento 1\u00baA<\/span><\/h4>\n<h5 style=\"text-align: center;\">Audiocuento sobre las aventuras de Super R grabado por alumnos de 1\u00baA de Educaci\u00f3n Primaria.<\/h5>\n<\/div>\n<\/div><\/div><\/div><\/div><\/div><\/div><div id=\"pg-gb22011-6a9734c2ca133-1\"  class=\"panel-grid panel-has-style\" ><div style=\"padding: 0px 0; \" data-overlay=\"true\" data-overlay-color=\"#000000\" class=\"panel-row-style panel-row-style-for-gb22011-6a9734c2ca133-1\" ><div id=\"pgc-gb22011-6a9734c2ca133-1-0\"  class=\"panel-grid-cell\" ><div id=\"panel-gb22011-6a9734c2ca133-1-0-0\" class=\"widget_text so-panel widget widget_custom_html panel-first-child panel-last-child\" data-index=\"1\" ><div style=\"text-align: center;\" data-title-color=\"#443f3f\" data-headings-color=\"#443f3f\" class=\"widget_text panel-widget-style panel-widget-style-for-gb22011-6a9734c2ca133-1-0-0\" ><div class=\"textwidget custom-html-widget\"><iframe loading=\"lazy\" src=\"https:\/\/mediateca.educa.madrid.org\/audio\/1ve3t8c7a2232bu3\/fs\" width=\"420\" height=\"40\" frameborder=\"0\" scrolling=\"no\" style=\"border:0;overflow:hidden\"><\/iframe><br \/><small><a href=\"https:\/\/mediateca.educa.madrid.org\/audio\/1ve3t8c7a2232bu3\">Audiocuento 1\u00baA (Mediateca de EducaMadrid)<\/a><\/small><\/div><\/div><\/div><\/div><\/div><\/div><\/div><\/div>\n<\/div><\/div><\/div>\n\n\n\n<div class=\"wp-block-rttpg-row alignfull rttpg-block-postgrid rttpg-block-69d5a1 rttpg-block rttpg-row-wrap rttpg-block-frontend\" style=\"--d-gap-x:20px;--t-gap-x:20px;--m-gap-x:20px;--d-gap-y:20px;--t-gap-y:20px;--m-gap-y:20px\"><div class=\"rttpg-container\"><div class=\"rttpg-row\">\n<div class=\"wp-block-rttpg-column rttpg-block-postgrid rttpg-block-027829 rttpg-block rttpg-column rttpg-block-frontend\"><div id=\"pl-gb22011-6a9734c2ca939\"  class=\"panel-layout wp-block-siteorigin-panels-layout-block panel-layout\" ><div id=\"pg-gb22011-6a9734c2ca939-0\"  class=\"panel-grid panel-has-style\" ><div style=\"padding: 0px 0; \" data-overlay=\"true\" data-overlay-color=\"#000000\" class=\"panel-row-style panel-row-style-for-gb22011-6a9734c2ca939-0\" ><div id=\"pgc-gb22011-6a9734c2ca939-0-0\"  class=\"panel-grid-cell\" ><div id=\"panel-gb22011-6a9734c2ca939-0-0-0\" class=\"so-panel widget widget_sow-editor panel-first-child panel-last-child\" data-index=\"0\" ><div style=\"text-align: left;\" data-title-color=\"#443f3f\" data-headings-color=\"#443f3f\" class=\"panel-widget-style panel-widget-style-for-gb22011-6a9734c2ca939-0-0-0\" ><div\n\t\t\t\n\t\t\tclass=\"so-widget-sow-editor so-widget-sow-editor-base\"\n\t\t\t\n\t\t>\n<div class=\"siteorigin-widget-tinymce textwidget\">\n\t<h4 style=\"text-align: center;\"><span style=\"color: #000080;\">Audiocuento 1\u00baB<\/span><\/h4>\n<h5 style=\"text-align: center;\">Audiocuento sobre las aventuras de Super R grabado por alumnos de 1\u00baB y 1\u00baC de Educaci\u00f3n Primaria.<\/h5>\n<\/div>\n<\/div><\/div><\/div><\/div><\/div><\/div><div id=\"pg-gb22011-6a9734c2ca939-1\"  class=\"panel-grid panel-has-style\" ><div style=\"padding: 0px 0; \" data-overlay=\"true\" data-overlay-color=\"#000000\" class=\"panel-row-style panel-row-style-for-gb22011-6a9734c2ca939-1\" ><div id=\"pgc-gb22011-6a9734c2ca939-1-0\"  class=\"panel-grid-cell\" ><div id=\"panel-gb22011-6a9734c2ca939-1-0-0\" class=\"widget_text so-panel widget widget_custom_html panel-first-child panel-last-child\" data-index=\"1\" ><div style=\"text-align: center;\" data-title-color=\"#443f3f\" data-headings-color=\"#443f3f\" class=\"widget_text panel-widget-style panel-widget-style-for-gb22011-6a9734c2ca939-1-0-0\" ><div class=\"textwidget custom-html-widget\"><iframe loading=\"lazy\" src=\"https:\/\/mediateca.educa.madrid.org\/audio\/whp2oqpks5ia8tlx\/fs\" width=\"420\" height=\"40\" frameborder=\"0\" scrolling=\"no\" style=\"border:0;overflow:hidden\"><\/iframe><br \/><small><a href=\"https:\/\/mediateca.educa.madrid.org\/audio\/whp2oqpks5ia8tlx\">Audiocuento 1\u00baB y 1\u00baC (Mediateca de EducaMadrid)<\/a><\/small><\/div><\/div><\/div><\/div><\/div><\/div><\/div><\/div>\n<\/div><\/div><\/div>\n\n\n\n<div class=\"wp-block-rttpg-row alignfull rttpg-block-postgrid rttpg-block-1de675 rttpg-block rttpg-row-wrap rttpg-block-frontend\" style=\"--d-gap-x:20px;--t-gap-x:20px;--m-gap-x:20px;--d-gap-y:20px;--t-gap-y:20px;--m-gap-y:20px\"><div class=\"rttpg-container\"><div class=\"rttpg-row\">\n<div class=\"wp-block-rttpg-column rttpg-block-postgrid rttpg-block-a7686d rttpg-block rttpg-column rttpg-block-frontend\"><div id=\"pl-gb22011-6a9734c2cb0cd\"  class=\"panel-layout wp-block-siteorigin-panels-layout-block panel-layout\" ><div id=\"pg-gb22011-6a9734c2cb0cd-0\"  class=\"panel-grid panel-has-style\" ><div style=\"padding: 0px 0; \" data-overlay=\"true\" data-overlay-color=\"#000000\" class=\"panel-row-style panel-row-style-for-gb22011-6a9734c2cb0cd-0\" ><div id=\"pgc-gb22011-6a9734c2cb0cd-0-0\"  class=\"panel-grid-cell\" ><div id=\"panel-gb22011-6a9734c2cb0cd-0-0-0\" class=\"so-panel widget widget_sow-editor panel-first-child panel-last-child\" data-index=\"0\" ><div style=\"text-align: left;\" data-title-color=\"#443f3f\" data-headings-color=\"#443f3f\" class=\"panel-widget-style panel-widget-style-for-gb22011-6a9734c2cb0cd-0-0-0\" ><div\n\t\t\t\n\t\t\tclass=\"so-widget-sow-editor so-widget-sow-editor-base\"\n\t\t\t\n\t\t>\n<div class=\"siteorigin-widget-tinymce textwidget\">\n\t<h4 style=\"text-align: center;\"><span style=\"color: #000080;\">Biograf\u00edas 2\u00ba<\/span><\/h4>\n<h5 style=\"text-align: center;\">Cristiano Ronaldo<br \/>\nBiograf\u00eda del futbolista Cristiano Ronaldo, creada y grabada por alumnos de 2\u00baB de Educaci\u00f3n Primaria.<\/h5>\n<\/div>\n<\/div><\/div><\/div><\/div><\/div><\/div><div id=\"pg-gb22011-6a9734c2cb0cd-1\"  class=\"panel-grid panel-has-style\" ><div style=\"padding: 0px 0; \" data-overlay=\"true\" data-overlay-color=\"#000000\" class=\"panel-row-style panel-row-style-for-gb22011-6a9734c2cb0cd-1\" ><div id=\"pgc-gb22011-6a9734c2cb0cd-1-0\"  class=\"panel-grid-cell\" ><div id=\"panel-gb22011-6a9734c2cb0cd-1-0-0\" class=\"widget_text so-panel widget widget_custom_html panel-first-child panel-last-child\" data-index=\"1\" ><div style=\"text-align: center;\" data-title-color=\"#443f3f\" data-headings-color=\"#443f3f\" class=\"widget_text panel-widget-style panel-widget-style-for-gb22011-6a9734c2cb0cd-1-0-0\" ><div class=\"textwidget custom-html-widget\"><iframe loading=\"lazy\" src=\"https:\/\/mediateca.educa.madrid.org\/audio\/pa1dltlhpjg5hk13\/fs\" width=\"420\" height=\"40\" frameborder=\"0\" scrolling=\"no\" style=\"border:0;overflow:hidden\"><\/iframe><br \/><small><a href=\"https:\/\/mediateca.educa.madrid.org\/audio\/pa1dltlhpjg5hk13\">Biograf\u00eda de Cristiano Ronaldo (2\u00ba) (Mediateca de EducaMadrid)<\/a><\/small><\/div><\/div><\/div><\/div><\/div><\/div><\/div><\/div>\n<\/div><\/div><\/div>\n\n\n\n<div class=\"wp-block-rttpg-row alignfull rttpg-block-postgrid rttpg-block-9b90b6 rttpg-block rttpg-row-wrap rttpg-block-frontend\" style=\"--d-gap-x:20px;--t-gap-x:20px;--m-gap-x:20px;--d-gap-y:20px;--t-gap-y:20px;--m-gap-y:20px\"><div class=\"rttpg-container\"><div class=\"rttpg-row\">\n<div class=\"wp-block-rttpg-column rttpg-block-postgrid rttpg-block-b2767f rttpg-block rttpg-column rttpg-block-frontend\"><div id=\"pl-gb22011-6a9734c2cb848\"  class=\"panel-layout wp-block-siteorigin-panels-layout-block panel-layout\" ><div id=\"pg-gb22011-6a9734c2cb848-0\"  class=\"panel-grid panel-has-style\" ><div style=\"padding: 0px 0; \" data-overlay=\"true\" data-overlay-color=\"#000000\" class=\"panel-row-style panel-row-style-for-gb22011-6a9734c2cb848-0\" ><div id=\"pgc-gb22011-6a9734c2cb848-0-0\"  class=\"panel-grid-cell\" ><div id=\"panel-gb22011-6a9734c2cb848-0-0-0\" class=\"so-panel widget widget_sow-editor panel-first-child panel-last-child\" data-index=\"0\" ><div style=\"text-align: left;\" data-title-color=\"#443f3f\" data-headings-color=\"#443f3f\" class=\"panel-widget-style panel-widget-style-for-gb22011-6a9734c2cb848-0-0-0\" ><div\n\t\t\t\n\t\t\tclass=\"so-widget-sow-editor so-widget-sow-editor-base\"\n\t\t\t\n\t\t>\n<div class=\"siteorigin-widget-tinymce textwidget\">\n\t<h4 style=\"text-align: center;\"><span style=\"color: #000080;\">Aitana Oca\u00f1a<\/span><\/h4>\n<h5 style=\"text-align: center;\">Dos alumnas de 2\u00ba de Educaci\u00f3n Primaria nos relatan la biograf\u00eda resumida de la cantante Aitana Oca\u00f1a.<\/h5>\n<\/div>\n<\/div><\/div><\/div><\/div><\/div><\/div><div id=\"pg-gb22011-6a9734c2cb848-1\"  class=\"panel-grid panel-has-style\" ><div style=\"padding: 0px 0; \" data-overlay=\"true\" data-overlay-color=\"#000000\" class=\"panel-row-style panel-row-style-for-gb22011-6a9734c2cb848-1\" ><div id=\"pgc-gb22011-6a9734c2cb848-1-0\"  class=\"panel-grid-cell\" ><div id=\"panel-gb22011-6a9734c2cb848-1-0-0\" class=\"widget_text so-panel widget widget_custom_html panel-first-child panel-last-child\" data-index=\"1\" ><div style=\"text-align: center;\" data-title-color=\"#443f3f\" data-headings-color=\"#443f3f\" class=\"widget_text panel-widget-style panel-widget-style-for-gb22011-6a9734c2cb848-1-0-0\" ><div class=\"textwidget custom-html-widget\"><iframe loading=\"lazy\" src=\"https:\/\/mediateca.educa.madrid.org\/audio\/sdzbty5h3m5udyia\/fs\" width=\"420\" height=\"40\" frameborder=\"0\" scrolling=\"no\" style=\"border:0;overflow:hidden\"><\/iframe><br \/><small><a href=\"https:\/\/mediateca.educa.madrid.org\/audio\/sdzbty5h3m5udyia\">Bograf\u00eda de Aitana Oca\u00f1a (2\u00ba) (Mediateca de EducaMadrid)<\/a><\/small><\/div><\/div><\/div><\/div><\/div><\/div><\/div><\/div>\n<\/div><\/div><\/div>\n\n\n\n<div class=\"wp-block-rttpg-row alignfull rttpg-block-postgrid rttpg-block-4e75d9 rttpg-block rttpg-row-wrap rttpg-block-frontend\" style=\"--d-gap-x:20px;--t-gap-x:20px;--m-gap-x:20px;--d-gap-y:20px;--t-gap-y:20px;--m-gap-y:20px\"><div class=\"rttpg-container\"><div class=\"rttpg-row\">\n<div class=\"wp-block-rttpg-column rttpg-block-postgrid rttpg-block-cbb5a2 rttpg-block rttpg-column rttpg-block-frontend\"><div id=\"pl-gb22011-6a9734c2cbf8f\"  class=\"panel-layout wp-block-siteorigin-panels-layout-block panel-layout\" ><div id=\"pg-gb22011-6a9734c2cbf8f-0\"  class=\"panel-grid panel-has-style\" ><div style=\"padding: 0px 0; \" data-overlay=\"true\" data-overlay-color=\"#000000\" class=\"panel-row-style panel-row-style-for-gb22011-6a9734c2cbf8f-0\" ><div id=\"pgc-gb22011-6a9734c2cbf8f-0-0\"  class=\"panel-grid-cell\" ><div id=\"panel-gb22011-6a9734c2cbf8f-0-0-0\" class=\"so-panel widget widget_sow-editor panel-first-child panel-last-child\" data-index=\"0\" ><div style=\"text-align: left;\" data-title-color=\"#443f3f\" data-headings-color=\"#443f3f\" class=\"panel-widget-style panel-widget-style-for-gb22011-6a9734c2cbf8f-0-0-0\" ><div\n\t\t\t\n\t\t\tclass=\"so-widget-sow-editor so-widget-sow-editor-base\"\n\t\t\t\n\t\t>\n<div class=\"siteorigin-widget-tinymce textwidget\">\n\t<h4 style=\"text-align: center;\"><span style=\"color: #000080;\">Animales universales (3\u00ba Primaria)<\/span><\/h4>\n<h5 style=\"text-align: center;\">Secci\u00f3n dedicada a los animales del mundo, sus caracter\u00edsticas y curiosidades.<\/h5>\n<\/div>\n<\/div><\/div><\/div><\/div><\/div><\/div><div id=\"pg-gb22011-6a9734c2cbf8f-1\"  class=\"panel-grid panel-has-style\" ><div style=\"padding: 0px 0; \" data-overlay=\"true\" data-overlay-color=\"#000000\" class=\"panel-row-style panel-row-style-for-gb22011-6a9734c2cbf8f-1\" ><div id=\"pgc-gb22011-6a9734c2cbf8f-1-0\"  class=\"panel-grid-cell\" ><div id=\"panel-gb22011-6a9734c2cbf8f-1-0-0\" class=\"widget_text so-panel widget widget_custom_html panel-first-child panel-last-child\" data-index=\"1\" ><div style=\"text-align: center;\" data-title-color=\"#443f3f\" data-headings-color=\"#443f3f\" class=\"widget_text panel-widget-style panel-widget-style-for-gb22011-6a9734c2cbf8f-1-0-0\" ><div class=\"textwidget custom-html-widget\"><iframe loading=\"lazy\" src=\"https:\/\/mediateca.educa.madrid.org\/audio\/ugj2afsnhhllgz7q\/fs\" width=\"420\" height=\"40\" frameborder=\"0\" scrolling=\"no\" style=\"border:0;overflow:hidden\"><\/iframe><br \/><small><a href=\"https:\/\/mediateca.educa.madrid.org\/audio\/ugj2afsnhhllgz7q\">Animales universales (3\u00ba) (Mediateca de EducaMadrid)<\/a><\/small><\/div><\/div><\/div><\/div><\/div><\/div><\/div><\/div>\n<\/div><\/div><\/div>\n\n\n\n<div class=\"wp-block-rttpg-row alignfull rttpg-block-postgrid rttpg-block-210520 rttpg-block rttpg-row-wrap rttpg-block-frontend\" style=\"--d-gap-x:20px;--t-gap-x:20px;--m-gap-x:20px;--d-gap-y:20px;--t-gap-y:20px;--m-gap-y:20px\"><div class=\"rttpg-container\"><div class=\"rttpg-row\">\n<div class=\"wp-block-rttpg-column rttpg-block-postgrid rttpg-block-3d97e9 rttpg-block rttpg-column rttpg-block-frontend\"><div id=\"pl-gb22011-6a9734c2cc71d\"  class=\"panel-layout wp-block-siteorigin-panels-layout-block panel-layout\" ><div id=\"pg-gb22011-6a9734c2cc71d-0\"  class=\"panel-grid panel-has-style\" ><div style=\"padding: 0px 0; \" data-overlay=\"true\" data-overlay-color=\"#000000\" class=\"panel-row-style panel-row-style-for-gb22011-6a9734c2cc71d-0\" ><div id=\"pgc-gb22011-6a9734c2cc71d-0-0\"  class=\"panel-grid-cell\" ><div id=\"panel-gb22011-6a9734c2cc71d-0-0-0\" class=\"so-panel widget widget_sow-editor panel-first-child panel-last-child\" data-index=\"0\" ><div style=\"text-align: left;\" data-title-color=\"#443f3f\" data-headings-color=\"#443f3f\" class=\"panel-widget-style panel-widget-style-for-gb22011-6a9734c2cc71d-0-0-0\" ><div\n\t\t\t\n\t\t\tclass=\"so-widget-sow-editor so-widget-sow-editor-base\"\n\t\t\t\n\t\t>\n<div class=\"siteorigin-widget-tinymce textwidget\">\n\t<h4 style=\"text-align: center;\"><span style=\"color: #000080;\">Animales universales (4\u00ba Primaria)<\/span><\/h4>\n<h5 style=\"text-align: center;\">Secci\u00f3n dedicada a los animales del mundo, sus caracter\u00edsticas y curiosidades. En esta ocasi\u00f3n, grabado por alumnos de 4\u00ba de Educaci\u00f3n Primaria.<\/h5>\n<\/div>\n<\/div><\/div><\/div><\/div><\/div><\/div><div id=\"pg-gb22011-6a9734c2cc71d-1\"  class=\"panel-grid panel-has-style\" ><div style=\"padding: 0px 0; \" data-overlay=\"true\" data-overlay-color=\"#000000\" class=\"panel-row-style panel-row-style-for-gb22011-6a9734c2cc71d-1\" ><div id=\"pgc-gb22011-6a9734c2cc71d-1-0\"  class=\"panel-grid-cell\" ><div id=\"panel-gb22011-6a9734c2cc71d-1-0-0\" class=\"widget_text so-panel widget widget_custom_html panel-first-child panel-last-child\" data-index=\"1\" ><div style=\"text-align: center;\" data-title-color=\"#443f3f\" data-headings-color=\"#443f3f\" class=\"widget_text panel-widget-style panel-widget-style-for-gb22011-6a9734c2cc71d-1-0-0\" ><div class=\"textwidget custom-html-widget\"><iframe loading=\"lazy\" src=\"https:\/\/mediateca.educa.madrid.org\/audio\/5onogghu6xtak7y4\/fs\" width=\"420\" height=\"40\" frameborder=\"0\" scrolling=\"no\" style=\"border:0;overflow:hidden\"><\/iframe><br \/><small><a href=\"https:\/\/mediateca.educa.madrid.org\/audio\/5onogghu6xtak7y4\">Animales universales (4\u00ba) (Mediateca de EducaMadrid)<\/a><\/small><\/div><\/div><\/div><\/div><\/div><\/div><\/div><\/div>\n<\/div><\/div><\/div>\n\n\n\n<div class=\"wp-block-rttpg-row alignfull rttpg-block-postgrid rttpg-block-143c5a rttpg-block rttpg-row-wrap rttpg-block-frontend\" style=\"--d-gap-x:20px;--t-gap-x:20px;--m-gap-x:20px;--d-gap-y:20px;--t-gap-y:20px;--m-gap-y:20px\"><div class=\"rttpg-container\"><div class=\"rttpg-row\">\n<div class=\"wp-block-rttpg-column rttpg-block-postgrid rttpg-block-6df50e rttpg-block rttpg-column rttpg-block-frontend\"><div id=\"pl-gb22011-6a9734c2cce5b\"  class=\"panel-layout wp-block-siteorigin-panels-layout-block panel-layout\" ><div id=\"pg-gb22011-6a9734c2cce5b-0\"  class=\"panel-grid panel-has-style\" ><div style=\"padding: 0px 0; \" data-overlay=\"true\" data-overlay-color=\"#000000\" class=\"panel-row-style panel-row-style-for-gb22011-6a9734c2cce5b-0\" ><div id=\"pgc-gb22011-6a9734c2cce5b-0-0\"  class=\"panel-grid-cell\" ><div id=\"panel-gb22011-6a9734c2cce5b-0-0-0\" class=\"so-panel widget widget_sow-editor panel-first-child panel-last-child\" data-index=\"0\" ><div style=\"text-align: left;\" data-title-color=\"#443f3f\" data-headings-color=\"#443f3f\" class=\"panel-widget-style panel-widget-style-for-gb22011-6a9734c2cce5b-0-0-0\" ><div\n\t\t\t\n\t\t\tclass=\"so-widget-sow-editor so-widget-sow-editor-base\"\n\t\t\t\n\t\t>\n<div class=\"siteorigin-widget-tinymce textwidget\">\n\t<h4 style=\"text-align: center;\"><span style=\"color: #000080;\">El rinc\u00f3n de la lectura (4\u00ba Primaria)<\/span><\/h4>\n<h5 style=\"text-align: center;\">En esta secci\u00f3n dedicada a la literatura una alumna de 4\u00ba nos recomienda varios libros muy interesantes.<\/h5>\n<\/div>\n<\/div><\/div><\/div><\/div><\/div><\/div><div id=\"pg-gb22011-6a9734c2cce5b-1\"  class=\"panel-grid panel-has-style\" ><div style=\"padding: 0px 0; \" data-overlay=\"true\" data-overlay-color=\"#000000\" class=\"panel-row-style panel-row-style-for-gb22011-6a9734c2cce5b-1\" ><div id=\"pgc-gb22011-6a9734c2cce5b-1-0\"  class=\"panel-grid-cell\" ><div id=\"panel-gb22011-6a9734c2cce5b-1-0-0\" class=\"widget_text so-panel widget widget_custom_html panel-first-child panel-last-child\" data-index=\"1\" ><div style=\"text-align: center;\" data-title-color=\"#443f3f\" data-headings-color=\"#443f3f\" class=\"widget_text panel-widget-style panel-widget-style-for-gb22011-6a9734c2cce5b-1-0-0\" ><div class=\"textwidget custom-html-widget\"><iframe loading=\"lazy\" src=\"https:\/\/mediateca.educa.madrid.org\/audio\/s97mbswdkrp79lxh\/fs\" width=\"420\" height=\"40\" frameborder=\"0\" scrolling=\"no\" style=\"border:0;overflow:hidden\"><\/iframe><br \/><small><a href=\"https:\/\/mediateca.educa.madrid.org\/audio\/s97mbswdkrp79lxh\">El rincon de la lectura (Mediateca de EducaMadrid)<\/a><\/small><\/div><\/div><\/div><\/div><\/div><\/div><\/div><\/div>\n<\/div><\/div><\/div>\n\n\n\n<div class=\"wp-block-rttpg-row alignfull rttpg-block-postgrid rttpg-block-c227d1 rttpg-block rttpg-row-wrap rttpg-block-frontend\" style=\"--d-gap-x:20px;--t-gap-x:20px;--m-gap-x:20px;--d-gap-y:20px;--t-gap-y:20px;--m-gap-y:20px\"><div class=\"rttpg-container\"><div class=\"rttpg-row\">\n<div class=\"wp-block-rttpg-column rttpg-block-postgrid rttpg-block-25ab1c rttpg-block rttpg-column rttpg-block-frontend\"><div id=\"pl-gb22011-6a9734c2cd576\"  class=\"panel-layout wp-block-siteorigin-panels-layout-block panel-layout\" ><div id=\"pg-gb22011-6a9734c2cd576-0\"  class=\"panel-grid panel-has-style\" ><div style=\"padding: 0px 0; \" data-overlay=\"true\" data-overlay-color=\"#000000\" class=\"panel-row-style panel-row-style-for-gb22011-6a9734c2cd576-0\" ><div id=\"pgc-gb22011-6a9734c2cd576-0-0\"  class=\"panel-grid-cell\" ><div id=\"panel-gb22011-6a9734c2cd576-0-0-0\" class=\"so-panel widget widget_sow-editor panel-first-child panel-last-child\" data-index=\"0\" ><div style=\"text-align: left;\" data-title-color=\"#443f3f\" data-headings-color=\"#443f3f\" class=\"panel-widget-style panel-widget-style-for-gb22011-6a9734c2cd576-0-0-0\" ><div\n\t\t\t\n\t\t\tclass=\"so-widget-sow-editor so-widget-sow-editor-base\"\n\t\t\t\n\t\t>\n<div class=\"siteorigin-widget-tinymce textwidget\">\n\t<h4 style=\"text-align: center;\"><span style=\"color: #000080;\">Proyecto SOS Tierra (5 Primaria)<\/span><\/h4>\n<h5 style=\"text-align: center;\">Los alumnos de 5\u00ba de Educaci\u00f3n Primaria nos cuentan su proyecto relacionado con el desarrollo sostenible y reflexionan sobre lo aprendido al trabajar en equipo.<\/h5>\n<\/div>\n<\/div><\/div><\/div><\/div><\/div><\/div><div id=\"pg-gb22011-6a9734c2cd576-1\"  class=\"panel-grid panel-has-style\" ><div style=\"padding: 0px 0; \" data-overlay=\"true\" data-overlay-color=\"#000000\" class=\"panel-row-style panel-row-style-for-gb22011-6a9734c2cd576-1\" ><div id=\"pgc-gb22011-6a9734c2cd576-1-0\"  class=\"panel-grid-cell\" ><div id=\"panel-gb22011-6a9734c2cd576-1-0-0\" class=\"widget_text so-panel widget widget_custom_html panel-first-child panel-last-child\" data-index=\"1\" ><div style=\"text-align: center;\" data-title-color=\"#443f3f\" data-headings-color=\"#443f3f\" class=\"widget_text panel-widget-style panel-widget-style-for-gb22011-6a9734c2cd576-1-0-0\" ><div class=\"textwidget custom-html-widget\"><iframe loading=\"lazy\" src=\"https:\/\/mediateca.educa.madrid.org\/audio\/syf82czj2blk6sdr\/fs\" width=\"420\" height=\"40\" frameborder=\"0\" scrolling=\"no\" style=\"border:0;overflow:hidden\"><\/iframe><br \/><small><a href=\"https:\/\/mediateca.educa.madrid.org\/audio\/syf82czj2blk6sdr\">Proyecto SOS Tierra (5\u00ba) (Mediateca de EducaMadrid)<\/a><\/small><\/div><\/div><\/div><\/div><\/div><\/div><\/div><\/div>\n<\/div><\/div><\/div>\n\n\n\n<div class=\"wp-block-rttpg-row alignfull rttpg-block-postgrid rttpg-block-9d7632 rttpg-block rttpg-row-wrap rttpg-block-frontend\" style=\"--d-gap-x:20px;--t-gap-x:20px;--m-gap-x:20px;--d-gap-y:20px;--t-gap-y:20px;--m-gap-y:20px\"><div class=\"rttpg-container\"><div class=\"rttpg-row\">\n<div class=\"wp-block-rttpg-column rttpg-block-postgrid rttpg-block-2f3900 rttpg-block rttpg-column rttpg-block-frontend\"><div id=\"pl-gb22011-6a9734c2cdd14\"  class=\"panel-layout wp-block-siteorigin-panels-layout-block panel-layout\" ><div id=\"pg-gb22011-6a9734c2cdd14-0\"  class=\"panel-grid panel-has-style\" ><div style=\"padding: 0px 0; \" data-overlay=\"true\" data-overlay-color=\"#000000\" class=\"panel-row-style panel-row-style-for-gb22011-6a9734c2cdd14-0\" ><div id=\"pgc-gb22011-6a9734c2cdd14-0-0\"  class=\"panel-grid-cell\" ><div id=\"panel-gb22011-6a9734c2cdd14-0-0-0\" class=\"so-panel widget widget_sow-editor panel-first-child panel-last-child\" data-index=\"0\" ><div style=\"text-align: left;\" data-title-color=\"#443f3f\" data-headings-color=\"#443f3f\" class=\"panel-widget-style panel-widget-style-for-gb22011-6a9734c2cdd14-0-0-0\" ><div\n\t\t\t\n\t\t\tclass=\"so-widget-sow-editor so-widget-sow-editor-base\"\n\t\t\t\n\t\t>\n<div class=\"siteorigin-widget-tinymce textwidget\">\n\t<h4 style=\"text-align: center;\"><span style=\"color: #333399;\">Entrevistas 6\u00ba<\/span><\/h4>\n<h5 style=\"text-align: center;\">Central Cee<br \/>\nEntrevista realizada a trav\u00e9s de un role playing por alumnos de 6\u00ba de Educaci\u00f3n Primaria.<\/h5>\n<\/div>\n<\/div><\/div><\/div><\/div><\/div><\/div><div id=\"pg-gb22011-6a9734c2cdd14-1\"  class=\"panel-grid panel-has-style\" ><div style=\"padding: 0px 0; \" data-overlay=\"true\" data-overlay-color=\"#000000\" class=\"panel-row-style panel-row-style-for-gb22011-6a9734c2cdd14-1\" ><div id=\"pgc-gb22011-6a9734c2cdd14-1-0\"  class=\"panel-grid-cell\" ><div id=\"panel-gb22011-6a9734c2cdd14-1-0-0\" class=\"widget_text so-panel widget widget_custom_html panel-first-child panel-last-child\" data-index=\"1\" ><div style=\"text-align: center;\" data-title-color=\"#443f3f\" data-headings-color=\"#443f3f\" class=\"widget_text panel-widget-style panel-widget-style-for-gb22011-6a9734c2cdd14-1-0-0\" ><div class=\"textwidget custom-html-widget\"><iframe loading=\"lazy\" src=\"https:\/\/mediateca.educa.madrid.org\/audio\/951g51hyuqrwe5xm\/fs\" width=\"420\" height=\"40\" frameborder=\"0\" scrolling=\"no\" style=\"border:0;overflow:hidden\"><\/iframe><br \/><small><a href=\"https:\/\/mediateca.educa.madrid.org\/audio\/951g51hyuqrwe5xm\">Entrevista a Central Cee (English) (Mediateca de EducaMadrid)<\/a><\/small><\/div><\/div><\/div><\/div><\/div><\/div><\/div><\/div>\n<\/div><\/div><\/div>\n\n\n\n<div class=\"wp-block-rttpg-row alignfull rttpg-block-postgrid rttpg-block-e807a4 rttpg-block rttpg-row-wrap rttpg-block-frontend\" style=\"--d-gap-x:20px;--t-gap-x:20px;--m-gap-x:20px;--d-gap-y:20px;--t-gap-y:20px;--m-gap-y:20px\"><div class=\"rttpg-container\"><div class=\"rttpg-row\">\n<div class=\"wp-block-rttpg-column rttpg-block-postgrid rttpg-block-6582db rttpg-block rttpg-column rttpg-block-frontend\"><div id=\"pl-gb22011-6a9734c2ce433\"  class=\"panel-layout wp-block-siteorigin-panels-layout-block panel-layout\" ><div id=\"pg-gb22011-6a9734c2ce433-0\"  class=\"panel-grid panel-has-style\" ><div style=\"padding: 0px 0; \" data-overlay=\"true\" data-overlay-color=\"#000000\" class=\"panel-row-style panel-row-style-for-gb22011-6a9734c2ce433-0\" ><div id=\"pgc-gb22011-6a9734c2ce433-0-0\"  class=\"panel-grid-cell\" ><div id=\"panel-gb22011-6a9734c2ce433-0-0-0\" class=\"so-panel widget widget_sow-editor panel-first-child panel-last-child\" data-index=\"0\" ><div style=\"text-align: left;\" data-title-color=\"#443f3f\" data-headings-color=\"#443f3f\" class=\"panel-widget-style panel-widget-style-for-gb22011-6a9734c2ce433-0-0-0\" ><div\n\t\t\t\n\t\t\tclass=\"so-widget-sow-editor so-widget-sow-editor-base\"\n\t\t\t\n\t\t>\n<div class=\"siteorigin-widget-tinymce textwidget\">\n\t<h4 style=\"text-align: center;\"><span style=\"color: #333399;\">Collin<\/span><\/h4>\n<h5 style=\"text-align: center;\">En esta ocasi\u00f3n los alumnos de 6\u00ba de Educaci\u00f3n Primaria entrevistan a Collin, uno de los asistentes de lengua inglesa que han estado en el centro este a\u00f1o.<\/h5>\n<\/div>\n<\/div><\/div><\/div><\/div><\/div><\/div><div id=\"pg-gb22011-6a9734c2ce433-1\"  class=\"panel-grid panel-has-style\" ><div style=\"padding: 0px 0; \" data-overlay=\"true\" data-overlay-color=\"#000000\" class=\"panel-row-style panel-row-style-for-gb22011-6a9734c2ce433-1\" ><div id=\"pgc-gb22011-6a9734c2ce433-1-0\"  class=\"panel-grid-cell\" ><div id=\"panel-gb22011-6a9734c2ce433-1-0-0\" class=\"widget_text so-panel widget widget_custom_html panel-first-child panel-last-child\" data-index=\"1\" ><div style=\"text-align: center;\" data-title-color=\"#443f3f\" data-headings-color=\"#443f3f\" class=\"widget_text panel-widget-style panel-widget-style-for-gb22011-6a9734c2ce433-1-0-0\" ><div class=\"textwidget custom-html-widget\"><iframe loading=\"lazy\" src=\"https:\/\/mediateca.educa.madrid.org\/audio\/pksnw7e5wts5q1vz\/fs\" width=\"420\" height=\"40\" frameborder=\"0\" scrolling=\"no\" style=\"border:0;overflow:hidden\"><\/iframe><br \/><small><a href=\"https:\/\/mediateca.educa.madrid.org\/audio\/pksnw7e5wts5q1vz\">Entrevista a Collin (English) (Mediateca de EducaMadrid)<\/a><\/small><\/div><\/div><\/div><\/div><\/div><\/div><\/div><\/div>\n<\/div><\/div><\/div>\n\n\n\n<div class=\"wp-block-rttpg-row alignfull rttpg-block-postgrid rttpg-block-f2807d rttpg-block rttpg-row-wrap rttpg-block-frontend\" style=\"--d-gap-x:20px;--t-gap-x:20px;--m-gap-x:20px;--d-gap-y:20px;--t-gap-y:20px;--m-gap-y:20px\"><div class=\"rttpg-container\"><div class=\"rttpg-row\">\n<div class=\"wp-block-rttpg-column rttpg-block-postgrid rttpg-block-11dbb2 rttpg-block rttpg-column rttpg-block-frontend\"><div id=\"pl-gb22011-6a9734c2ceb95\"  class=\"panel-layout wp-block-siteorigin-panels-layout-block panel-layout\" ><div id=\"pg-gb22011-6a9734c2ceb95-0\"  class=\"panel-grid panel-has-style\" ><div style=\"padding: 0px 0; \" data-overlay=\"true\" data-overlay-color=\"#000000\" class=\"panel-row-style panel-row-style-for-gb22011-6a9734c2ceb95-0\" ><div id=\"pgc-gb22011-6a9734c2ceb95-0-0\"  class=\"panel-grid-cell\" ><div id=\"panel-gb22011-6a9734c2ceb95-0-0-0\" class=\"so-panel widget widget_sow-editor panel-first-child panel-last-child\" data-index=\"0\" ><div style=\"text-align: left;\" data-title-color=\"#443f3f\" data-headings-color=\"#443f3f\" class=\"panel-widget-style panel-widget-style-for-gb22011-6a9734c2ceb95-0-0-0\" ><div\n\t\t\t\n\t\t\tclass=\"so-widget-sow-editor so-widget-sow-editor-base\"\n\t\t\t\n\t\t>\n<div class=\"siteorigin-widget-tinymce textwidget\">\n\t<h4 style=\"text-align: center;\"><span style=\"color: #333399;\">Gonzalo<\/span><\/h4>\n<h5 style=\"text-align: center;\">En esta ocasi\u00f3n los alumnos de 6\u00ba de Educaci\u00f3n Primaria entrevistan a su profesor de lengua y matem\u00e1ticas.<\/h5>\n<\/div>\n<\/div><\/div><\/div><\/div><\/div><\/div><div id=\"pg-gb22011-6a9734c2ceb95-1\"  class=\"panel-grid panel-has-style\" ><div style=\"padding: 0px 0; \" data-overlay=\"true\" data-overlay-color=\"#000000\" class=\"panel-row-style panel-row-style-for-gb22011-6a9734c2ceb95-1\" ><div id=\"pgc-gb22011-6a9734c2ceb95-1-0\"  class=\"panel-grid-cell\" ><div id=\"panel-gb22011-6a9734c2ceb95-1-0-0\" class=\"widget_text so-panel widget widget_custom_html panel-first-child panel-last-child\" data-index=\"1\" ><div style=\"text-align: center;\" data-title-color=\"#443f3f\" data-headings-color=\"#443f3f\" class=\"widget_text panel-widget-style panel-widget-style-for-gb22011-6a9734c2ceb95-1-0-0\" ><div class=\"textwidget custom-html-widget\"><iframe loading=\"lazy\" src=\"https:\/\/mediateca.educa.madrid.org\/audio\/oq9tzgxf4rz3onxm\/fs\" width=\"420\" height=\"40\" frameborder=\"0\" scrolling=\"no\" style=\"border:0;overflow:hidden\"><\/iframe><br \/><small><a href=\"https:\/\/mediateca.educa.madrid.org\/audio\/oq9tzgxf4rz3onxm\">Entrevista a Gonzalo (English) (Mediateca de EducaMadrid)<\/a><\/small><\/div><\/div><\/div><\/div><\/div><\/div><\/div><\/div>\n<\/div><\/div><\/div>\n\n\n\n<div class=\"wp-block-rttpg-row alignfull rttpg-block-postgrid rttpg-block-ab7fe9 rttpg-block rttpg-row-wrap rttpg-block-frontend\" style=\"--d-gap-x:20px;--t-gap-x:20px;--m-gap-x:20px;--d-gap-y:20px;--t-gap-y:20px;--m-gap-y:20px\"><div class=\"rttpg-container\"><div class=\"rttpg-row\">\n<div class=\"wp-block-rttpg-column rttpg-block-postgrid rttpg-block-4090c7 rttpg-block rttpg-column rttpg-block-frontend\"><div id=\"pl-gb22011-6a9734c2cf508\"  class=\"panel-layout wp-block-siteorigin-panels-layout-block panel-layout\" ><div id=\"pg-gb22011-6a9734c2cf508-0\"  class=\"panel-grid panel-has-style\" ><div style=\"padding: 0px 0; \" data-overlay=\"true\" data-overlay-color=\"#000000\" class=\"panel-row-style panel-row-style-for-gb22011-6a9734c2cf508-0\" ><div id=\"pgc-gb22011-6a9734c2cf508-0-0\"  class=\"panel-grid-cell\" ><div id=\"panel-gb22011-6a9734c2cf508-0-0-0\" class=\"so-panel widget widget_sow-editor panel-first-child panel-last-child\" data-index=\"0\" ><div style=\"text-align: left;\" data-title-color=\"#443f3f\" data-headings-color=\"#443f3f\" class=\"panel-widget-style panel-widget-style-for-gb22011-6a9734c2cf508-0-0-0\" ><div\n\t\t\t\n\t\t\tclass=\"so-widget-sow-editor so-widget-sow-editor-base\"\n\t\t\t\n\t\t>\n<div class=\"siteorigin-widget-tinymce textwidget\">\n\t<h4 style=\"text-align: center;\"><span style=\"color: #333399;\">Jack Sparrow<\/span><\/h4>\n<h5 style=\"text-align: center;\">Los alumnos de 6\u00ba entrevistan a Jack Sparrow a trav\u00e9s de un ejercicio de role playing.<\/h5>\n<\/div>\n<\/div><\/div><\/div><\/div><\/div><\/div><div id=\"pg-gb22011-6a9734c2cf508-1\"  class=\"panel-grid panel-has-style\" ><div style=\"padding: 0px 0; \" data-overlay=\"true\" data-overlay-color=\"#000000\" class=\"panel-row-style panel-row-style-for-gb22011-6a9734c2cf508-1\" ><div id=\"pgc-gb22011-6a9734c2cf508-1-0\"  class=\"panel-grid-cell\" ><div id=\"panel-gb22011-6a9734c2cf508-1-0-0\" class=\"widget_text so-panel widget widget_custom_html panel-first-child panel-last-child\" data-index=\"1\" ><div style=\"text-align: center;\" data-title-color=\"#443f3f\" data-headings-color=\"#443f3f\" class=\"widget_text panel-widget-style panel-widget-style-for-gb22011-6a9734c2cf508-1-0-0\" ><div class=\"textwidget custom-html-widget\"><iframe loading=\"lazy\" src=\"https:\/\/mediateca.educa.madrid.org\/audio\/ytaark8xxaf1erq2\/fs\" width=\"420\" height=\"40\" frameborder=\"0\" scrolling=\"no\" style=\"border:0;overflow:hidden\"><\/iframe><br \/><small><a href=\"https:\/\/mediateca.educa.madrid.org\/audio\/ytaark8xxaf1erq2\">Entrevista a Jack Sparrow (English) (Mediateca de EducaMadrid)<\/a><\/small><\/div><\/div><\/div><\/div><\/div><\/div><\/div><\/div>\n<\/div><\/div><\/div>\n\n\n\n<div class=\"wp-block-rttpg-row alignfull rttpg-block-postgrid rttpg-block-a6f421 rttpg-block rttpg-row-wrap rttpg-block-frontend\" style=\"--d-gap-x:20px;--t-gap-x:20px;--m-gap-x:20px;--d-gap-y:20px;--t-gap-y:20px;--m-gap-y:20px\"><div class=\"rttpg-container\"><div class=\"rttpg-row\">\n<div class=\"wp-block-rttpg-column rttpg-block-postgrid rttpg-block-8056cf rttpg-block rttpg-column rttpg-block-frontend\"><div id=\"pl-gb22011-6a9734c2cfcbb\"  class=\"panel-layout wp-block-siteorigin-panels-layout-block panel-layout\" ><div id=\"pg-gb22011-6a9734c2cfcbb-0\"  class=\"panel-grid panel-has-style\" ><div style=\"padding: 0px 0; \" data-overlay=\"true\" data-overlay-color=\"#000000\" class=\"panel-row-style panel-row-style-for-gb22011-6a9734c2cfcbb-0\" ><div id=\"pgc-gb22011-6a9734c2cfcbb-0-0\"  class=\"panel-grid-cell\" ><div id=\"panel-gb22011-6a9734c2cfcbb-0-0-0\" class=\"so-panel widget widget_sow-editor panel-first-child panel-last-child\" data-index=\"0\" ><div style=\"text-align: left;\" data-title-color=\"#443f3f\" data-headings-color=\"#443f3f\" class=\"panel-widget-style panel-widget-style-for-gb22011-6a9734c2cfcbb-0-0-0\" ><div\n\t\t\t\n\t\t\tclass=\"so-widget-sow-editor so-widget-sow-editor-base\"\n\t\t\t\n\t\t>\n<div class=\"siteorigin-widget-tinymce textwidget\">\n\t<h4 style=\"text-align: center;\"><span style=\"color: #333399;\">Lamine Yamal<\/span><\/h4>\n<h5 style=\"text-align: center;\">En esta ocasi\u00f3n los alumnos de 6\u00ba realizan un role playing para representar una entrevista a Lamine Yamal.<\/h5>\n<\/div>\n<\/div><\/div><\/div><\/div><\/div><\/div><div id=\"pg-gb22011-6a9734c2cfcbb-1\"  class=\"panel-grid panel-has-style\" ><div style=\"padding: 0px 0; \" data-overlay=\"true\" data-overlay-color=\"#000000\" class=\"panel-row-style panel-row-style-for-gb22011-6a9734c2cfcbb-1\" ><div id=\"pgc-gb22011-6a9734c2cfcbb-1-0\"  class=\"panel-grid-cell\" ><div id=\"panel-gb22011-6a9734c2cfcbb-1-0-0\" class=\"widget_text so-panel widget widget_custom_html panel-first-child panel-last-child\" data-index=\"1\" ><div style=\"text-align: center;\" data-title-color=\"#443f3f\" data-headings-color=\"#443f3f\" class=\"widget_text panel-widget-style panel-widget-style-for-gb22011-6a9734c2cfcbb-1-0-0\" ><div class=\"textwidget custom-html-widget\"><iframe loading=\"lazy\" src=\"https:\/\/mediateca.educa.madrid.org\/audio\/whe9dhfh2x7rw6v1\/fs\" width=\"420\" height=\"40\" frameborder=\"0\" scrolling=\"no\" style=\"border:0;overflow:hidden\"><\/iframe><br \/><small><a href=\"https:\/\/mediateca.educa.madrid.org\/audio\/whe9dhfh2x7rw6v1\">Entrevista a Lamine Yamal (English) (Mediateca de EducaMadrid)<\/a><\/small><\/div><\/div><\/div><\/div><\/div><\/div><\/div><\/div>\n<\/div><\/div><\/div>\n\n\n\n<div class=\"wp-block-rttpg-row alignfull rttpg-block-postgrid rttpg-block-cc24a3 rttpg-block rttpg-row-wrap rttpg-block-frontend\" style=\"--d-gap-x:20px;--t-gap-x:20px;--m-gap-x:20px;--d-gap-y:20px;--t-gap-y:20px;--m-gap-y:20px\"><div class=\"rttpg-container\"><div class=\"rttpg-row\">\n<div class=\"wp-block-rttpg-column rttpg-block-postgrid rttpg-block-11cadc rttpg-block rttpg-column rttpg-block-frontend\"><div id=\"pl-gb22011-6a9734c2d0412\"  class=\"panel-layout wp-block-siteorigin-panels-layout-block panel-layout\" ><div id=\"pg-gb22011-6a9734c2d0412-0\"  class=\"panel-grid panel-has-style\" ><div style=\"padding: 0px 0; \" data-overlay=\"true\" data-overlay-color=\"#000000\" class=\"panel-row-style panel-row-style-for-gb22011-6a9734c2d0412-0\" ><div id=\"pgc-gb22011-6a9734c2d0412-0-0\"  class=\"panel-grid-cell\" ><div id=\"panel-gb22011-6a9734c2d0412-0-0-0\" class=\"so-panel widget widget_sow-editor panel-first-child panel-last-child\" data-index=\"0\" ><div style=\"text-align: left;\" data-title-color=\"#443f3f\" data-headings-color=\"#443f3f\" class=\"panel-widget-style panel-widget-style-for-gb22011-6a9734c2d0412-0-0-0\" ><div\n\t\t\t\n\t\t\tclass=\"so-widget-sow-editor so-widget-sow-editor-base\"\n\t\t\t\n\t\t>\n<div class=\"siteorigin-widget-tinymce textwidget\">\n\t<h4 style=\"text-align: center;\"><span style=\"color: #333399;\">Mariana<\/span><\/h4>\n<h5 style=\"text-align: center;\">Las compa\u00f1eras de 6\u00ba entrevistas a Mariana debido a su estrecha relaci\u00f3n con una persona muy reconocida en la actualidad.<\/h5>\n<\/div>\n<\/div><\/div><\/div><\/div><\/div><\/div><div id=\"pg-gb22011-6a9734c2d0412-1\"  class=\"panel-grid panel-has-style\" ><div style=\"padding: 0px 0; \" data-overlay=\"true\" data-overlay-color=\"#000000\" class=\"panel-row-style panel-row-style-for-gb22011-6a9734c2d0412-1\" ><div id=\"pgc-gb22011-6a9734c2d0412-1-0\"  class=\"panel-grid-cell\" ><div id=\"panel-gb22011-6a9734c2d0412-1-0-0\" class=\"widget_text so-panel widget widget_custom_html panel-first-child panel-last-child\" data-index=\"1\" ><div style=\"text-align: center;\" data-title-color=\"#443f3f\" data-headings-color=\"#443f3f\" class=\"widget_text panel-widget-style panel-widget-style-for-gb22011-6a9734c2d0412-1-0-0\" ><div class=\"textwidget custom-html-widget\"><iframe loading=\"lazy\" src=\"https:\/\/mediateca.educa.madrid.org\/audio\/h4o4a3u6dwultkwz\/fs\" width=\"420\" height=\"40\" frameborder=\"0\" scrolling=\"no\" style=\"border:0;overflow:hidden\"><\/iframe><br \/><small><a href=\"https:\/\/mediateca.educa.madrid.org\/audio\/h4o4a3u6dwultkwz\">Entrevista a Mariana (English) (Mediateca de EducaMadrid)<\/a><\/small><\/div><\/div><\/div><\/div><\/div><\/div><\/div><\/div>\n<\/div><\/div><\/div>\n\n\n\n<div class=\"wp-block-rttpg-row alignfull rttpg-block-postgrid rttpg-block-f440e6 rttpg-block rttpg-row-wrap rttpg-block-frontend\" style=\"--d-gap-x:20px;--t-gap-x:20px;--m-gap-x:20px;--d-gap-y:20px;--t-gap-y:20px;--m-gap-y:20px\"><div class=\"rttpg-container\"><div class=\"rttpg-row\">\n<div class=\"wp-block-rttpg-column rttpg-block-postgrid rttpg-block-96c81f rttpg-block rttpg-column rttpg-block-frontend\"><div id=\"pl-gb22011-6a9734c2d0ba4\"  class=\"panel-layout wp-block-siteorigin-panels-layout-block panel-layout\" ><div id=\"pg-gb22011-6a9734c2d0ba4-0\"  class=\"panel-grid panel-has-style\" ><div style=\"padding: 0px 0; \" data-overlay=\"true\" data-overlay-color=\"#000000\" class=\"panel-row-style panel-row-style-for-gb22011-6a9734c2d0ba4-0\" ><div id=\"pgc-gb22011-6a9734c2d0ba4-0-0\"  class=\"panel-grid-cell\" ><div id=\"panel-gb22011-6a9734c2d0ba4-0-0-0\" class=\"so-panel widget widget_sow-editor panel-first-child panel-last-child\" data-index=\"0\" ><div style=\"text-align: left;\" data-title-color=\"#443f3f\" data-headings-color=\"#443f3f\" class=\"panel-widget-style panel-widget-style-for-gb22011-6a9734c2d0ba4-0-0-0\" ><div\n\t\t\t\n\t\t\tclass=\"so-widget-sow-editor so-widget-sow-editor-base\"\n\t\t\t\n\t\t>\n<div class=\"siteorigin-widget-tinymce textwidget\">\n\t<h4 style=\"text-align: center;\"><span style=\"color: #000080;\">Millie Bobby Brown<\/span><\/h4>\n<h5 style=\"text-align: center;\">Role playing realizado por alumnas de 6\u00ba en el cual se entrevista a Millie Bobby Brown, quien al final de la entrevista nos sorprende con\u2026<\/h5>\n<\/div>\n<\/div><\/div><\/div><\/div><\/div><\/div><div id=\"pg-gb22011-6a9734c2d0ba4-1\"  class=\"panel-grid panel-has-style\" ><div style=\"padding: 0px 0; \" data-overlay=\"true\" data-overlay-color=\"#000000\" class=\"panel-row-style panel-row-style-for-gb22011-6a9734c2d0ba4-1\" ><div id=\"pgc-gb22011-6a9734c2d0ba4-1-0\"  class=\"panel-grid-cell\" ><div id=\"panel-gb22011-6a9734c2d0ba4-1-0-0\" class=\"widget_text so-panel widget widget_custom_html panel-first-child panel-last-child\" data-index=\"1\" ><div style=\"text-align: center;\" data-title-color=\"#443f3f\" data-headings-color=\"#443f3f\" class=\"widget_text panel-widget-style panel-widget-style-for-gb22011-6a9734c2d0ba4-1-0-0\" ><div class=\"textwidget custom-html-widget\"><iframe loading=\"lazy\" src=\"https:\/\/mediateca.educa.madrid.org\/audio\/w6goldtoj5cuycz1\/fs\" width=\"420\" height=\"40\" frameborder=\"0\" scrolling=\"no\" style=\"border:0;overflow:hidden\"><\/iframe><br \/><small><a href=\"https:\/\/mediateca.educa.madrid.org\/audio\/w6goldtoj5cuycz1\">Entrevista a Millie Bobby Brown (English) (Mediateca de EducaMadrid)<\/a><\/small><\/div><\/div><\/div><\/div><\/div><\/div><\/div><\/div>\n<\/div><\/div><\/div>\n\n\n\n<div class=\"wp-block-rttpg-row alignfull rttpg-block-postgrid rttpg-block-3654ee rttpg-block rttpg-row-wrap rttpg-block-frontend\" style=\"--d-gap-x:20px;--t-gap-x:20px;--m-gap-x:20px;--d-gap-y:20px;--t-gap-y:20px;--m-gap-y:20px\"><div class=\"rttpg-container\"><div class=\"rttpg-row\">\n<div class=\"wp-block-rttpg-column rttpg-block-postgrid rttpg-block-f0437e rttpg-block rttpg-column rttpg-block-frontend\"><div id=\"pl-gb22011-6a9734c2d113b\"  class=\"panel-layout wp-block-siteorigin-panels-layout-block panel-layout\" ><div id=\"pg-gb22011-6a9734c2d113b-0\"  class=\"panel-grid panel-has-style\" ><div class=\"siteorigin-panels-stretch panel-row-style panel-row-style-for-gb22011-6a9734c2d113b-0\" style=\"padding: 0px 0; \" data-stretch-type=\"full-width-stretch\" data-overlay=\"true\" data-overlay-color=\"#000000\" ><div id=\"pgc-gb22011-6a9734c2d113b-0-0\"  class=\"panel-grid-cell\" ><div id=\"panel-gb22011-6a9734c2d113b-0-0-0\" class=\"so-panel widget widget_sow-hero panel-first-child panel-last-child\" data-index=\"0\" ><div style=\"text-align: left;\" data-title-color=\"#443f3f\" data-headings-color=\"#443f3f\" class=\"panel-widget-style panel-widget-style-for-gb22011-6a9734c2d113b-0-0-0\" ><div\n\t\t\t\n\t\t\tclass=\"so-widget-sow-hero so-widget-sow-hero-default-645fcb5f9ebf-22011 so-widget-fittext-wrapper\"\n\t\t\t data-fit-text-compressor=\"0.85\"\n\t\t>\t\t\t\t<div class=\"sow-slider-base\" style=\"display: none\" tabindex=\"0\">\n\t\t\t\t\t<ul\n\t\t\t\t\tclass=\"sow-slider-images\"\n\t\t\t\t\tdata-settings=\"{&quot;pagination&quot;:true,&quot;speed&quot;:400,&quot;timeout&quot;:8000,&quot;paused&quot;:true,&quot;pause_on_hover&quot;:false,&quot;swipe&quot;:&quot;&quot;,&quot;nav_always_show_desktop&quot;:&quot;&quot;,&quot;nav_always_show_mobile&quot;:&quot;&quot;,&quot;breakpoint&quot;:&quot;780px&quot;,&quot;unmute&quot;:false,&quot;anchor&quot;:null}\"\n\t\t\t\t\tstyle=\"min-height: 500px\"\t\t\t\t\tdata-anchor-id=\"\"\n\t\t\t\t>\t\t<li class=\"sow-slider-image  sow-slider-image-cover\" style=\"visibility: visible;;background-color: #0bc631\" >\n\t\t\t\t\t<div class=\"sow-slider-image-container\">\n\t\t\t<div class=\"sow-slider-image-wrapper\">\n\t\t\t\t<div class=\"et_pb_column et_pb_column_2_3 et_pb_column_3 et_pb_css_mix_blend_mode_passthrough\">\n<div class=\"et_pb_module none divienhancer-hover-effect et_pb_text et_pb_text_2 et_pb_text_align_left et_pb_bg_layout_light\">\n<div class=\"et_pb_text_inner\">\n<h5><span style=\"color: #ffffff\">\u00bfTIENES SUGERENCIAS?<\/span><\/h5>\n<\/div>\n<\/div>\n<\/div>\n<p>&nbsp;<\/p>\n<p>&nbsp;<\/p>\n<div class=\"et_pb_column et_pb_column_2_3 et_pb_column_3 et_pb_css_mix_blend_mode_passthrough\">\n<div class=\"et_pb_module none divienhancer-hover-effect et_pb_text et_pb_text_2 et_pb_text_align_left et_pb_bg_layout_light\">\n<div class=\"et_pb_text_inner\">\n<h1><span style=\"color: #ffffff\">Encantados de recibirlas<\/span><\/h1>\n<\/div>\n<\/div>\n<div class=\"et_pb_module none divienhancer-hover-effect et_pb_text et_pb_text_3 et_pb_text_align_left et_pb_bg_layout_light\">\n<div class=\"et_pb_text_inner\">\n<h4><span style=\"color: #ffffff\">Si podemos mejorar,<\/span><\/h4>\n<h4><span style=\"color: #ffffff\">sin duda lo haremos.<\/span><\/h4>\n<h4><span style=\"color: #ffffff\">Gracias de antemano por tu colaboraci\u00f3n.<\/span><\/h4>\n<p>&nbsp;<\/p>\n<\/div>\n<\/div>\n<div class=\"et_pb_with_border et_pb_module none divienhancer-hover-effect et_pb_text et_pb_text_4 et_pb_text_align_left et_pb_bg_layout_light\">\n<div class=\"et_pb_text_inner\">\n<h6><span style=\"color: #ffffff\">cp.infantaleonor.sanagustin@educa.madrid.org<\/span><\/h6>\n<\/div>\n<\/div>\n<\/div>\n\t\t\t<\/div>\n\t\t<\/div>\n\t\t<div class=\"sow-slider-image-overlay sow-slider-image-cover\" style=\"opacity: 0.55;background-image: url(https:\/\/site.educa.madrid.org\/cp.infantaleonor.sanagustin\/\/wp-content\/uploads\/cp.infantaleonor.sanagustin\/2025\/05\/Chorma-III.jpg)\"  ><\/div>\t\t<\/li>\n\t\t<\/ul>\t\t\t\t<ol class=\"sow-slider-pagination\">\n\t\t\t\t\t\t\t\t\t\t\t<li><a href=\"#\" data-goto=\"0\" aria-label=\"Display slide 1\"><\/a><\/li>\n\t\t\t\t\t\t\t\t\t<\/ol>\n\n\t\t\t\t<div class=\"sow-slide-nav sow-slide-nav-next\">\n\t\t\t\t\t<a href=\"#\" data-goto=\"next\" aria-label=\"Next slide\" data-action=\"next\">\n\t\t\t\t\t\t<em class=\"sow-sld-icon-thin-right\"><\/em>\n\t\t\t\t\t<\/a>\n\t\t\t\t<\/div>\n\n\t\t\t\t<div class=\"sow-slide-nav sow-slide-nav-prev\">\n\t\t\t\t\t<a href=\"#\" data-goto=\"previous\" aria-label=\"Previous slide\" data-action=\"prev\">\n\t\t\t\t\t\t<em class=\"sow-sld-icon-thin-left\"><\/em>\n\t\t\t\t\t<\/a>\n\t\t\t\t<\/div>\n\t\t\t\t<\/div><\/div><\/div><\/div><\/div><\/div><\/div><\/div><\/div>\n<\/div><\/div><\/div>\n","protected":false},"excerpt":{"rendered":"","protected":false},"author":3,"featured_media":0,"parent":25523,"menu_order":0,"comment_status":"closed","ping_status":"closed","template":"page-templates\/page_front-page.php","meta":{"footnotes":""},"folder":[32],"class_list":["post-22011","page","type-page","status-publish","hentry"],"rttpg_featured_image_url":null,"rttpg_author":{"display_name":"cp.infantaleonor.sanagustin","author_link":"https:\/\/site.educa.madrid.org\/cp.infantaleonor.sanagustin\/index.php\/author\/cuenta_cp-infantaleonor-sanagustin\/"},"rttpg_comment":0,"rttpg_category":" <a href=\"https:\/\/site.educa.madrid.org\/cp.infantaleonor.sanagustin\/?taxonomy=folder&#038;term=nueva-web-il-1741895279-3\" rel=\"tag\">Nueva web IL<\/a>","rttpg_excerpt":null,"post_mailing_queue_ids":[],"_links":{"self":[{"href":"https:\/\/site.educa.madrid.org\/cp.infantaleonor.sanagustin\/index.php\/wp-json\/wp\/v2\/pages\/22011","targetHints":{"allow":["GET"]}}],"collection":[{"href":"https:\/\/site.educa.madrid.org\/cp.infantaleonor.sanagustin\/index.php\/wp-json\/wp\/v2\/pages"}],"about":[{"href":"https:\/\/site.educa.madrid.org\/cp.infantaleonor.sanagustin\/index.php\/wp-json\/wp\/v2\/types\/page"}],"author":[{"embeddable":true,"href":"https:\/\/site.educa.madrid.org\/cp.infantaleonor.sanagustin\/index.php\/wp-json\/wp\/v2\/users\/3"}],"replies":[{"embeddable":true,"href":"https:\/\/site.educa.madrid.org\/cp.infantaleonor.sanagustin\/index.php\/wp-json\/wp\/v2\/comments?post=22011"}],"version-history":[{"count":50,"href":"https:\/\/site.educa.madrid.org\/cp.infantaleonor.sanagustin\/index.php\/wp-json\/wp\/v2\/pages\/22011\/revisions"}],"predecessor-version":[{"id":25746,"href":"https:\/\/site.educa.madrid.org\/cp.infantaleonor.sanagustin\/index.php\/wp-json\/wp\/v2\/pages\/22011\/revisions\/25746"}],"up":[{"embeddable":true,"href":"https:\/\/site.educa.madrid.org\/cp.infantaleonor.sanagustin\/index.php\/wp-json\/wp\/v2\/pages\/25523"}],"wp:attachment":[{"href":"https:\/\/site.educa.madrid.org\/cp.infantaleonor.sanagustin\/index.php\/wp-json\/wp\/v2\/media?parent=22011"}],"wp:term":[{"taxonomy":"folder","embeddable":true,"href":"https:\/\/site.educa.madrid.org\/cp.infantaleonor.sanagustin\/index.php\/wp-json\/wp\/v2\/folder?post=22011"}],"curies":[{"name":"wp","href":"https:\/\/api.w.org\/{rel}","templated":true}]}}