{"id":3362,"date":"2026-08-18T13:59:28","date_gmt":"2026-08-18T11:59:28","guid":{"rendered":"https:\/\/site.educa.madrid.org\/cp.juanfalco.valdemorillo\/?page_id=3362"},"modified":"2026-08-18T14:26:03","modified_gmt":"2026-08-18T12:26:03","slug":"accede-2","status":"publish","type":"page","link":"https:\/\/site.educa.madrid.org\/cp.juanfalco.valdemorillo\/index.php\/accede-2\/","title":{"rendered":"Precios reducidos comedor"},"content":{"rendered":"<div id=\"pl-3362\"  class=\"panel-layout\" ><div id=\"pg-3362-0\"  class=\"panel-grid panel-no-style\" ><div id=\"pgc-3362-0-0\"  class=\"panel-grid-cell\" ><div id=\"panel-3362-0-0-0\" class=\"so-panel widget widget_sow-headline panel-first-child\" data-index=\"0\" ><div\n\t\t\t\n\t\t\tclass=\"so-widget-sow-headline so-widget-sow-headline-default-b07b1629ac7b-3362\"\n\t\t\t\n\t\t><div class=\"sow-headline-container \">\n\t\t\t\t\t\t\t<h1 class=\"sow-headline\">\n\t\t\t\t\t\tBecas de comedor\t\t\t\t\t\t<\/h1>\n\t\t\t\t\t\t\t\t\t\t\t<div class=\"decoration\">\n\t\t\t\t\t\t<div class=\"decoration-inside\"><\/div>\n\t\t\t\t\t<\/div>\n\t\t\t\t\t<\/div>\n<\/div><\/div><div id=\"panel-3362-0-0-1\" class=\"so-panel widget widget_text\" data-index=\"1\" >\t\t\t<div class=\"textwidget\"><div role=\"heading\" aria-level=\"3\" data-animation-nesting=\"\" data-sfc-cp=\"\" data-wiz-attrbind=\"aria-level=BmVgFf_s\/fLk2Md\" data-sfc-root=\"ep\" data-complete=\"true\" data-processed=\"true\" data-sae=\"\" data-copy-service-computed-style=\"font-family: &quot;Google Sans&quot;, Arial, sans-serif; font-size: 20px; font-weight: 600; margin: 24px 0px 12px; text-decoration: none; border-bottom: 0px none rgb(10, 10, 10);\"><\/div>\n<div class=\"otQkpb\" role=\"heading\" aria-level=\"3\" data-animation-nesting=\"\" data-sfc-cp=\"\" data-wiz-attrbind=\"aria-level=BmVgFf_s\/fLk2Md\" data-sfc-root=\"ep\" data-complete=\"true\" data-processed=\"true\" data-sae=\"\" data-copy-service-computed-style=\"font-family: &quot;Google Sans&quot;, Arial, sans-serif; font-size: 20px; font-weight: 600; margin: 24px 0px 12px; text-decoration: none; border-bottom: 0px none rgb(10, 10, 10);\"><strong>\u00bfQui\u00e9n puede solicitar la beca de comedor?<\/strong><!--TgQPHd|||[]--><\/div>\n<div class=\"n6owBd awi2gc\" data-sfc-cp=\"\" data-sfc-root=\"ep\" data-hveid=\"CAAIBxAA\" data-complete=\"true\" data-processed=\"true\" aria-owns=\"action-menu-parent-container\" data-copy-service-computed-style=\"font-family: &quot;Google Sans&quot;, Arial, sans-serif; font-size: 16px; font-weight: 400; margin: 12px 0px 16px; text-decoration: none; border-bottom: 0px none rgb(10, 10, 10);\">\n<div class=\"requisitos\">\n<div class=\"clearfix text-formatted field field--name-field-requisitos field--type-text-long field--label-hidden field__item\">\n<p>Familias que cumplan alguno de los siguientes <strong>requisitos<\/strong>:<\/p>\n<ol>\n<li>Disponer de una <strong>renta familiar por persona inferior a 8.400 euros durante el a\u00f1o econ\u00f3mico 2024<\/strong>. Para este c\u00e1lculo se tienen en cuenta todos los ingresos de la unidad familiar, as\u00ed como el n\u00famero de personas que la conforman.<\/li>\n<li>Alg\u00fan miembro de la unidad familiar recibe la <strong>Renta M\u00ednima de Inserci\u00f3n<\/strong>.<\/li>\n<li>Alg\u00fan miembro de la unidad familiar recibe el <strong>Ingreso M\u00ednimo Vital (IMV) y la renta familiar anual por persona es inferior a 8.400 euros<\/strong>. Para ello, puedes\u00a0acreditar el Ingreso M\u00ednimo Vital del 2024, 2025 o 2026.<\/li>\n<li>Pertenecer a una familia que dej\u00f3 de recibir la Renta M\u00ednima de Inserci\u00f3n por recibir el Ingreso M\u00ednimo Vital.<\/li>\n<li>Disponer del t\u00edtulo de <strong>Familia Numerosa y\u00a0una\u00a0renta familiar por persona\u00a0a partir de\u00a08.400\u00a0e inferior a\u00a010.000<\/strong> euros\u00a0durante el a\u00f1o econ\u00f3mico 2024.<\/li>\n<li>Alg\u00fan miembro de la unidad familiar es<strong> v\u00edctima del terrorismo.<\/strong><\/li>\n<li>Alg\u00fan miembro de la unidad familiar es <strong>v\u00edctima de violencia de g\u00e9nero<\/strong>.<\/li>\n<li>Alguno de los progenitores pertenece a las <strong>Fuerzas y Cuerpos de Seguridad del Estado<\/strong> (Polic\u00eda Nacional o Guardia Civil) o pertenece a las Fuerzas Armadas con destino en la Comunidad de Madrid.<\/li>\n<li>Alumnado en <strong>acogimiento familiar temporal, permanente<\/strong> o guarda con fines de adopci\u00f3n.<\/li>\n<li>Alg\u00fan miembro de la unidad familiar es beneficiario de protecci\u00f3n internacional, en cualquiera de sus modalidades (<strong>asilo<\/strong> o protecci\u00f3n subsidiaria).<\/li>\n<li>Alg\u00fan miembro de la unidad familiar es beneficiario de la protecci\u00f3n temporal afectada por el conflicto de <strong>Ucrania<\/strong>.<\/li>\n<\/ol>\n<p><strong>Consideraciones<\/strong> de la solicitud:<\/p>\n<\/div>\n<\/div>\n<\/div>\n<div data-sfc-cp=\"\" data-sfc-root=\"ep\" data-hveid=\"CAAIBxAA\" data-complete=\"true\" data-processed=\"true\" aria-owns=\"action-menu-parent-container\" data-copy-service-computed-style=\"font-family: &quot;Google Sans&quot;, Arial, sans-serif; font-size: 16px; font-weight: 400; margin: 12px 0px 16px; text-decoration: none; border-bottom: 0px none rgb(10, 10, 10);\">\n<ol>\n<li>Las personas <strong>beneficiarias de la beca en el curso 2025-2026\u00a0pueden solicitar la renovaci\u00f3n de la beca<\/strong>, en vez de hacer de nuevo la solicitud. Esto s\u00f3lo es posible si la unidad familiar no ha cambiado y siguen cumpliendo los requisitos de concesi\u00f3n de la beca.<\/li>\n<li>Todas las personas progenitoras o tutoras y todas las <strong>personas mayores de 18 a\u00f1os incluidas en la solicitud deben firmar<\/strong>.<\/li>\n<li>Puedes <strong>solicitar becas para varios hermanos en una \u00fanica solicitud<\/strong>, as\u00ed solo necesitas presentar la documentaci\u00f3n una vez.<\/li>\n<li>Debes proporcionar un <strong>certificado de fecha probable de parto<\/strong> para que tu hijo compute como miembro de la unidad familiar, si a\u00fan no ha nacido al presentar la solicitud.<\/li>\n<li><strong>Ten en cuenta<\/strong> que:\n<ol class=\"list-style-type lower-alpha\">\n<li>Est\u00e1s declarando el n\u00famero de personas consideradas para calcular la renta por persona, al completar los datos familiares.<\/li>\n<li>Autorizas a la Direcci\u00f3n General a comunicarse contigo sobre el estado de tu solicitud, al proporcionar tu n\u00famero de tel\u00e9fono m\u00f3vil y correo electr\u00f3nico. Puedes cancelar esta autorizaci\u00f3n en cualquier momento.<\/li>\n<\/ol>\n<\/li>\n<\/ol>\n<p>&nbsp;<\/p>\n<\/div>\n<\/div>\n\t\t<\/div><div id=\"panel-3362-0-0-2\" class=\"so-panel widget widget_text\" data-index=\"2\" ><div class=\"panel-widget-style panel-widget-style-for-3362-0-0-2\" ><h3 class=\"widget-title\">SUBSANACI\u00d3N<\/h3>\t\t\t<div class=\"textwidget\"><p>El <strong>plazo<\/strong> de presentaci\u00f3n de la <strong>SUBSANACI\u00d3N<\/strong> comienza el d\u00eda <strong>22 de JUNIO<\/strong> y finaliza el d\u00eda <strong>3 de JULIO<\/strong>\u00a0de 2026.<\/p>\n<p>\u00bf<strong>C\u00d3MO y D\u00d3NDE<\/strong> puedo <strong>presentar la SUBSANACI\u00d3N<\/strong>?<\/p>\n<p><strong>PRESENTACI\u00d3N TELEM\u00c1TICA (ACONSEJABLE)<\/strong><\/p>\n<p>Para poder presentar la SUBSANACI\u00d3N\u200b de manera telem\u00e1tica, se requiere disponer de DNI electr\u00f3nico o de cualquier otro certificado digital reconocido y admitido en la Comunidad de Madrid.<\/p>\n<p>Puedes acceder desde <a href=\"https:\/\/sede.comunidad.madrid\/ayudas-becas-subvenciones\/becas-comedor-escolar-2026-2027\">aqu\u00ed<\/a><\/p>\n<p><strong>PRESENTACI\u00d3N F\u00cdSICA<\/strong><\/p>\n<p>Tambi\u00e9n se podr\u00e1 presentar de forma presencial en cualquiera de las <strong>Oficinas de Registro de la Comunidad de Madrid<\/strong>, incluidos los de las Direcciones de \u00c1rea Territorial, y resto de lugares recogidos en el art. 16.4 de la Ley 39\/2015, de 1 de octubre, del Procedimiento Administrativo Com\u00fan de las Administraciones P\u00fablicas.<\/p>\n<p>Se recomienda solicitar CITA PREVIA para acudir a las OFICINAS DE REGISTRO y\u00a0ATENCI\u00d3N AL CIUDADANO de la COMUNIDAD DE MADRID.<\/p>\n<p>&nbsp;<\/p>\n<\/div>\n\t\t<\/div><\/div><div id=\"panel-3362-0-0-3\" class=\"so-panel widget widget_text panel-last-child\" data-index=\"3\" ><div class=\"panel-widget-style panel-widget-style-for-3362-0-0-3\" ><h3 class=\"widget-title\">Lista provisional de ADMITIDOS y EXCLUIDOS<\/h3>\t\t\t<div class=\"textwidget\"><div role=\"heading\" aria-level=\"3\" data-animation-nesting=\"\" data-sfc-cp=\"\" data-wiz-attrbind=\"aria-level=BmVgFf_s\/fLk2Md\" data-sfc-root=\"ep\" data-complete=\"true\" data-processed=\"true\" data-sae=\"\" data-copy-service-computed-style=\"font-family: &quot;Google Sans&quot;, Arial, sans-serif; font-size: 20px; font-weight: 600; margin: 24px 0px 12px; text-decoration: none; border-bottom: 0px none rgb(10, 10, 10);\">\n<p>Lista provisional de<strong> ADMITIDOS y EXCLUIDOS<\/strong>\u00a0de becas de comedor escolar convocatoria curso 2026-2027.<\/p>\n<h3><strong>El<\/strong> plazo de presentaci\u00f3n de SUBSANACIONES <strong>ser\u00e1 desde el<\/strong> d\u00eda 22\u00a0de junio hasta el d\u00eda 3\u00a0de julio de 2026, inclusive.<\/h3>\n<p>Para la\u00a0<strong>consulta individual<\/strong>, as\u00ed como para la tramitaci\u00f3n de la\u00a0<strong>SUBSANACI\u00d3N<\/strong>, puedes acceder a trav\u00e9s de este <a href=\"https:\/\/sede.comunidad.madrid\/ayudas-becas-subvenciones\/becas-comedor-escolar-2026-2027\">enlace<\/a>:<\/p>\n<\/div>\n<div data-sfc-cp=\"\" data-sfc-root=\"ep\" data-hveid=\"CAAIBxAA\" data-complete=\"true\" data-processed=\"true\" aria-owns=\"action-menu-parent-container\" data-copy-service-computed-style=\"font-family: &quot;Google Sans&quot;, Arial, sans-serif; font-size: 16px; font-weight: 400; margin: 12px 0px 16px; text-decoration: none; border-bottom: 0px none rgb(10, 10, 10);\">\n<p>&nbsp;<\/p>\n<\/div>\n<\/div>\n\t\t<\/div><\/div><\/div><\/div><\/div>","protected":false},"excerpt":{"rendered":"<p>\u00bfQui\u00e9n puede solicitar la beca de comedor? Familias que cumplan alguno de los siguientes requisitos: Disponer de una renta familiar por persona inferior a 8.400 euros durante el a\u00f1o econ\u00f3mico &#8230;<\/p>\n","protected":false},"author":3,"featured_media":0,"parent":0,"menu_order":0,"comment_status":"closed","ping_status":"closed","template":"template-fullwidth.php","meta":{"footnotes":""},"folder":[],"class_list":["post-3362","page","type-page","status-publish","hentry"],"rttpg_featured_image_url":null,"rttpg_author":{"display_name":"cp.juanfalco.valdemorillo","author_link":"https:\/\/site.educa.madrid.org\/cp.juanfalco.valdemorillo\/index.php\/author\/cuenta_cp-juanfalco-valdemorillo\/"},"rttpg_comment":0,"rttpg_category":false,"rttpg_excerpt":"\u00bfQui\u00e9n puede solicitar la beca de comedor? Familias que cumplan alguno de los siguientes requisitos: Disponer de una renta familiar por persona inferior a 8.400 euros durante el a\u00f1o econ\u00f3mico ...","post_mailing_queue_ids":[],"_links":{"self":[{"href":"https:\/\/site.educa.madrid.org\/cp.juanfalco.valdemorillo\/index.php\/wp-json\/wp\/v2\/pages\/3362","targetHints":{"allow":["GET"]}}],"collection":[{"href":"https:\/\/site.educa.madrid.org\/cp.juanfalco.valdemorillo\/index.php\/wp-json\/wp\/v2\/pages"}],"about":[{"href":"https:\/\/site.educa.madrid.org\/cp.juanfalco.valdemorillo\/index.php\/wp-json\/wp\/v2\/types\/page"}],"author":[{"embeddable":true,"href":"https:\/\/site.educa.madrid.org\/cp.juanfalco.valdemorillo\/index.php\/wp-json\/wp\/v2\/users\/3"}],"replies":[{"embeddable":true,"href":"https:\/\/site.educa.madrid.org\/cp.juanfalco.valdemorillo\/index.php\/wp-json\/wp\/v2\/comments?post=3362"}],"version-history":[{"count":5,"href":"https:\/\/site.educa.madrid.org\/cp.juanfalco.valdemorillo\/index.php\/wp-json\/wp\/v2\/pages\/3362\/revisions"}],"predecessor-version":[{"id":3365,"href":"https:\/\/site.educa.madrid.org\/cp.juanfalco.valdemorillo\/index.php\/wp-json\/wp\/v2\/pages\/3362\/revisions\/3365"}],"wp:attachment":[{"href":"https:\/\/site.educa.madrid.org\/cp.juanfalco.valdemorillo\/index.php\/wp-json\/wp\/v2\/media?parent=3362"}],"wp:term":[{"taxonomy":"folder","embeddable":true,"href":"https:\/\/site.educa.madrid.org\/cp.juanfalco.valdemorillo\/index.php\/wp-json\/wp\/v2\/folder?post=3362"}],"curies":[{"name":"wp","href":"https:\/\/api.w.org\/{rel}","templated":true}]}}