{"id":126,"date":"2020-06-16T22:37:56","date_gmt":"2020-06-16T22:37:56","guid":{"rendered":"https:\/\/site.educa.madrid.org\/cp.principeasturias.navacerrada\/?page_id=126"},"modified":"2026-08-27T23:35:48","modified_gmt":"2026-08-27T21:35:48","slug":"calendario-y-horarios","status":"publish","type":"page","link":"https:\/\/site.educa.madrid.org\/cp.principeasturias.navacerrada\/index.php\/calendario-y-horarios\/","title":{"rendered":"Calendario y horarios curso 2026-27"},"content":{"rendered":"\n<div style=\"height:20px\" aria-hidden=\"true\" class=\"wp-block-spacer\"><\/div>\n\n\n\n<p><a href=\"https:\/\/site.educa.madrid.org\/cp.principeasturias.navacerrada\/\/wp-content\/uploads\/cp.principeasturias.navacerrada\/2026\/08\/calendario_escolar_2026-2027.pdf\" target=\"_blank\" rel=\"noreferrer noopener\">Aqu\u00ed puedes consultar y descargar el calendario escolar para el pr\u00f3ximo curso 2026-27.<\/a> Las clases comenzar\u00e1n el lunes 7 de septiembre. El martes 8 de septiembre el colegio permanecer\u00e1 cerrado al ser fiesta local en Navacerrada.<\/p>\n\n\n\n<div style=\"height:30px\" aria-hidden=\"true\" class=\"wp-block-spacer\"><\/div>\n\n\n\n<p>El horario lectivo del curso 2026-27 para Infantil y Primaria ser\u00e1 el siguiente:<\/p>\n\n\n\n<ul class=\"wp-block-list\">\n<li>Septiembre 2026 y junio 2027: de 9.00 a 13.00 horas.<\/li>\n\n\n\n<li>De octubre de 2026 a mayo de 2027: de 9.00 a 14.00 horas.<\/li>\n<\/ul>\n\n\n\n<div style=\"height:30px\" aria-hidden=\"true\" class=\"wp-block-spacer\"><\/div>\n\n\n\n<p>Para los alumnos de 1\u00ba de la E.S.O., el horario ser\u00e1 el siguiente:<\/p>\n\n\n\n<div style=\"height:30px\" aria-hidden=\"true\" class=\"wp-block-spacer\"><\/div>\n\n\n\n<p><\/p>\n\n\n\n<p><a href=\"https:\/\/www.bocm.es\/boletin\/CM_Orden_BOCM\/2026\/06\/04\/BOCM-20260604-13.PDF\">En este otro enlace<\/a> est\u00e1 disponible la Orden publicada en el BOCM que regula el calendario escolar para el curso 2026-27.<\/p>\n\n\n\n<div style=\"height:30px\" aria-hidden=\"true\" class=\"wp-block-spacer\"><\/div>\n\n\n\n<p><\/p>\n","protected":false},"excerpt":{"rendered":"<p>Aqu\u00ed puedes consultar y descargar el calendario escolar para el pr\u00f3ximo curso 2026-27. Las clases comenzar\u00e1n el lunes 7 de septiembre. El martes 8 de septiembre el colegio permanecer\u00e1 cerrado al ser fiesta local en Navacerrada. El horario lectivo del curso 2026-27 para Infantil y Primaria ser\u00e1 el siguiente: Para los alumnos de 1\u00ba de [&hellip;]<\/p>\n","protected":false},"author":3,"featured_media":0,"parent":0,"menu_order":4,"comment_status":"closed","ping_status":"closed","template":"page-template\/sidebar-right.php","meta":{"footnotes":""},"folder":[],"class_list":["post-126","page","type-page","status-publish","hentry"],"rttpg_featured_image_url":null,"rttpg_author":{"display_name":"cp.principeasturias.navacerrada","author_link":"https:\/\/site.educa.madrid.org\/cp.principeasturias.navacerrada\/index.php\/author\/cuenta_cp-principeasturias-navacerrada\/"},"rttpg_comment":0,"rttpg_category":false,"rttpg_excerpt":"Aqu\u00ed puedes consultar y descargar el calendario escolar para el pr\u00f3ximo curso 2026-27. Las clases comenzar\u00e1n el lunes 7 de septiembre. El martes 8 de septiembre el colegio permanecer\u00e1 cerrado al ser fiesta local en Navacerrada. El horario lectivo del curso 2026-27 para Infantil y Primaria ser\u00e1 el siguiente: Para los alumnos de 1\u00ba de&hellip;","post_mailing_queue_ids":[],"_links":{"self":[{"href":"https:\/\/site.educa.madrid.org\/cp.principeasturias.navacerrada\/index.php\/wp-json\/wp\/v2\/pages\/126","targetHints":{"allow":["GET"]}}],"collection":[{"href":"https:\/\/site.educa.madrid.org\/cp.principeasturias.navacerrada\/index.php\/wp-json\/wp\/v2\/pages"}],"about":[{"href":"https:\/\/site.educa.madrid.org\/cp.principeasturias.navacerrada\/index.php\/wp-json\/wp\/v2\/types\/page"}],"author":[{"embeddable":true,"href":"https:\/\/site.educa.madrid.org\/cp.principeasturias.navacerrada\/index.php\/wp-json\/wp\/v2\/users\/3"}],"replies":[{"embeddable":true,"href":"https:\/\/site.educa.madrid.org\/cp.principeasturias.navacerrada\/index.php\/wp-json\/wp\/v2\/comments?post=126"}],"version-history":[{"count":36,"href":"https:\/\/site.educa.madrid.org\/cp.principeasturias.navacerrada\/index.php\/wp-json\/wp\/v2\/pages\/126\/revisions"}],"predecessor-version":[{"id":2511,"href":"https:\/\/site.educa.madrid.org\/cp.principeasturias.navacerrada\/index.php\/wp-json\/wp\/v2\/pages\/126\/revisions\/2511"}],"wp:attachment":[{"href":"https:\/\/site.educa.madrid.org\/cp.principeasturias.navacerrada\/index.php\/wp-json\/wp\/v2\/media?parent=126"}],"wp:term":[{"taxonomy":"folder","embeddable":true,"href":"https:\/\/site.educa.madrid.org\/cp.principeasturias.navacerrada\/index.php\/wp-json\/wp\/v2\/folder?post=126"}],"curies":[{"name":"wp","href":"https:\/\/api.w.org\/{rel}","templated":true}]}}