{"id":1055,"date":"2025-02-10T21:22:23","date_gmt":"2025-02-10T20:22:23","guid":{"rendered":"https:\/\/site.educa.madrid.org\/cp.principesdeasturias.pozuelodealarcon\/?page_id=1055"},"modified":"2025-02-10T21:29:18","modified_gmt":"2025-02-10T20:29:18","slug":"transporte","status":"publish","type":"page","link":"https:\/\/site.educa.madrid.org\/cp.principesdeasturias.pozuelodealarcon\/index.php\/transporte\/","title":{"rendered":"TRANSPORTE"},"content":{"rendered":"<div id=\"pl-gb1055-6a9b440f9b4e7\"  class=\"panel-layout\" ><div id=\"pg-gb1055-6a9b440f9b4e7-0\"  class=\"panel-grid panel-no-style\" ><div id=\"pgc-gb1055-6a9b440f9b4e7-0-0\"  class=\"panel-grid-cell\" ><div id=\"panel-gb1055-6a9b440f9b4e7-0-0-0\" class=\"so-panel widget widget_text panel-first-child panel-last-child\" data-index=\"0\" >\t\t\t<div class=\"textwidget\"><div id=\"1765776008\" class=\"u_1765776008 dmNewParagraph\" data-element-type=\"paragraph\" data-version=\"5\">\n<h2 class=\"m-size-32 m-text-align-left size-40\"><span class=\"m-font-size-32 font-size-40\">Ruta escolar<\/span><\/h2>\n<\/div>\n<div id=\"1268023644\" class=\"u_1268023644 dmNewParagraph\" data-element-type=\"paragraph\" data-version=\"5\">\n<p><strong>Depende de la Comunidad de Madrid y es gestionado por el Centro<\/strong><span class=\"\">. El servicio lo pueden utilizar los alumnos de todas las etapas:\u00a0<\/span><strong>Infantil, Primaria y Secundaria<\/strong>.<\/p>\n<p>EMPRESA ENCARGADA DEL SERVICIO<\/p>\n<p>La empresa es adjudicada por la Comunidad de Madrid para cada curso escolar.<\/p>\n<p><span class=\"\">Para este curso escolar 2024-25 la empresa contratada es\u00a0<\/span><strong>\u201cMart\u00ednez Solera\u201d<\/strong><\/p>\n<p>USUARIOS<\/p>\n<p><strong>El servicio de transporte escolar es gratuito\u00a0<\/strong>y pueden utilizarlo todos los alumnos de Primaria y Secundaria.<\/p>\n<p><span class=\"\">Los alumnos de Infantil podr\u00e1n hacer uso del servicio de transporte escolar\u00a0<\/span><strong>SOLO si tienen hermanos en Primaria<\/strong><\/p>\n<p>PLAZAS<\/p>\n<p>El n\u00famero de plazas que se dispone es de 54.<\/p>\n<p>MONITOR<\/p>\n<p>La empresa contrata<strong>\u00a0un monitor\/a durante el trayecto\u00a0<\/strong>y est\u00e1 en coordinaci\u00f3n con el centro para la organizaci\u00f3n e incidencia que surja.<\/p>\n<p>NORMAS<\/p>\n<p>El servicio tiene unas normas de funcionamiento que han de aceptar y cumplir todos los usuarios, las cuales se resumen en el folleto adjunto.<\/p>\n<p>RUTA<\/p>\n<p>Parada n\u00ba 1.- A\/v de la Carrera esquina C\/ Murillo, 7<\/p>\n<p>Parada n\u00ba 2.- Rotonda final C\/ Tramontana<\/p>\n<p>Parada n\u00ba 3.- A\/v Pablo VI esquina C\/ Bruselas<\/p>\n<p>Parada n\u00ba 4.- Rotonda A\/v Europa, 1<\/p>\n<p>Parada n\u00ba 5.- A\/v Comunidad de Madrid, confluencia con A\/v Europa (junto a la rotonda)<\/p>\n<p>Parada n\u00ba 6.- C\/ Ram\u00f3n y Cajal altura parada bus 658<\/p>\n<p>Parada n\u00ba 7.- C\/ Camino de la Huertas (altura hotel Pozuelo)<\/p>\n<\/div>\n<\/div>\n\t\t<\/div><\/div><div id=\"pgc-gb1055-6a9b440f9b4e7-0-1\"  class=\"panel-grid-cell\" ><div id=\"panel-gb1055-6a9b440f9b4e7-0-1-0\" class=\"so-panel widget widget_media_image panel-first-child panel-last-child\" data-index=\"1\" ><img loading=\"lazy\" decoding=\"async\" width=\"288\" height=\"300\" src=\"https:\/\/site.educa.madrid.org\/cp.principesdeasturias.pozuelodealarcon\/\/wp-content\/uploads\/cp.principesdeasturias.pozuelodealarcon\/2025\/02\/TRANSPORTE-1-e1739219307410-288x300.png\" class=\"image wp-image-1059  attachment-medium size-medium\" alt=\"\" style=\"max-width: 100%; height: auto;\" srcset=\"https:\/\/site.educa.madrid.org\/cp.principesdeasturias.pozuelodealarcon\/\/wp-content\/uploads\/cp.principesdeasturias.pozuelodealarcon\/2025\/02\/TRANSPORTE-1-e1739219307410-288x300.png 288w, https:\/\/site.educa.madrid.org\/cp.principesdeasturias.pozuelodealarcon\/\/wp-content\/uploads\/cp.principesdeasturias.pozuelodealarcon\/2025\/02\/TRANSPORTE-1-e1739219307410.png 503w\" sizes=\"auto, (max-width: 288px) 100vw, 288px\" \/><\/div><\/div><\/div><\/div>","protected":false},"excerpt":{"rendered":"<p>Ruta escolar Depende de la Comunidad de Madrid y es gestionado por el Centro. El servicio lo pueden utilizar los alumnos de todas las etapas:\u00a0Infantil, Primaria y Secundaria. EMPRESA ENCARGADA DEL SERVICIO La empresa es adjudicada por la Comunidad de Madrid para cada curso escolar. Para este curso escolar 2024-25 la empresa contratada es\u00a0\u201cMart\u00ednez Solera\u201d<\/p><\/div>\n<div class=\"blog-btn\"><a href=\"https:\/\/site.educa.madrid.org\/cp.principesdeasturias.pozuelodealarcon\/index.php\/transporte\/\" class=\"home-blog-btn\">Leer m\u00e1s<\/a><\/p>\n","protected":false},"author":2,"featured_media":0,"parent":0,"menu_order":0,"comment_status":"closed","ping_status":"closed","template":"","meta":{"footnotes":""},"folder":[],"class_list":["post-1055","page","type-page","status-publish","hentry"],"rttpg_featured_image_url":null,"rttpg_author":{"display_name":"tic.cp.principesdeasturias.pozuelodealarcon","author_link":"https:\/\/site.educa.madrid.org\/cp.principesdeasturias.pozuelodealarcon\/index.php\/author\/cuenta_tic-cp-principesdeasturias-pozuelodealarcon\/"},"rttpg_comment":0,"rttpg_category":false,"rttpg_excerpt":"Ruta escolar Depende de la Comunidad de Madrid y es gestionado por el Centro. El servicio lo pueden utilizar los alumnos de todas las etapas:\u00a0Infantil, Primaria y Secundaria. EMPRESA ENCARGADA DEL SERVICIO La empresa es adjudicada por la Comunidad de Madrid para cada curso escolar. Para este curso escolar 2024-25 la empresa contratada es\u00a0\u201cMart\u00ednez Solera\u201dLeer&hellip;","post_mailing_queue_ids":[],"_links":{"self":[{"href":"https:\/\/site.educa.madrid.org\/cp.principesdeasturias.pozuelodealarcon\/index.php\/wp-json\/wp\/v2\/pages\/1055","targetHints":{"allow":["GET"]}}],"collection":[{"href":"https:\/\/site.educa.madrid.org\/cp.principesdeasturias.pozuelodealarcon\/index.php\/wp-json\/wp\/v2\/pages"}],"about":[{"href":"https:\/\/site.educa.madrid.org\/cp.principesdeasturias.pozuelodealarcon\/index.php\/wp-json\/wp\/v2\/types\/page"}],"author":[{"embeddable":true,"href":"https:\/\/site.educa.madrid.org\/cp.principesdeasturias.pozuelodealarcon\/index.php\/wp-json\/wp\/v2\/users\/2"}],"replies":[{"embeddable":true,"href":"https:\/\/site.educa.madrid.org\/cp.principesdeasturias.pozuelodealarcon\/index.php\/wp-json\/wp\/v2\/comments?post=1055"}],"version-history":[{"count":4,"href":"https:\/\/site.educa.madrid.org\/cp.principesdeasturias.pozuelodealarcon\/index.php\/wp-json\/wp\/v2\/pages\/1055\/revisions"}],"predecessor-version":[{"id":1061,"href":"https:\/\/site.educa.madrid.org\/cp.principesdeasturias.pozuelodealarcon\/index.php\/wp-json\/wp\/v2\/pages\/1055\/revisions\/1061"}],"wp:attachment":[{"href":"https:\/\/site.educa.madrid.org\/cp.principesdeasturias.pozuelodealarcon\/index.php\/wp-json\/wp\/v2\/media?parent=1055"}],"wp:term":[{"taxonomy":"folder","embeddable":true,"href":"https:\/\/site.educa.madrid.org\/cp.principesdeasturias.pozuelodealarcon\/index.php\/wp-json\/wp\/v2\/folder?post=1055"}],"curies":[{"name":"wp","href":"https:\/\/api.w.org\/{rel}","templated":true}]}}