{"id":1095,"date":"2025-02-10T22:29:32","date_gmt":"2025-02-10T21:29:32","guid":{"rendered":"https:\/\/site.educa.madrid.org\/cp.principesdeasturias.pozuelodealarcon\/?page_id=1095"},"modified":"2025-02-10T22:53:30","modified_gmt":"2025-02-10T21:53:30","slug":"proyecto-educativo","status":"publish","type":"page","link":"https:\/\/site.educa.madrid.org\/cp.principesdeasturias.pozuelodealarcon\/index.php\/proyecto-educativo\/","title":{"rendered":"PROYECTO EDUCATIVO"},"content":{"rendered":"<div id=\"pl-1095\"  class=\"panel-layout\" ><div id=\"pg-1095-0\"  class=\"panel-grid panel-no-style\" ><div id=\"pgc-1095-0-0\"  class=\"panel-grid-cell\" ><div id=\"panel-1095-0-0-0\" class=\"so-panel widget widget_text panel-first-child\" data-index=\"0\" ><h3 class=\"widget-title\">VISI\u00d3N<\/h3>\t\t\t<div class=\"textwidget\"><p>Queremos ser un centro que destaca por:<\/p>\n<ul class=\"defaultList\">\n<li>Su nivel acad\u00e9mico,<\/li>\n<li>Car\u00e1cter innovador<\/li>\n<li>El grado de implicaci\u00f3n de profesores y padres<\/li>\n<li>El ambiente de convivencia pac\u00edfica que se respira<\/li>\n<li>Los valores solidarios e inclusivos que se practican.<\/li>\n<li>Comprometido en la mejora continua de los servicios que ofrece<\/li>\n<\/ul>\n<\/div>\n\t\t<\/div><div id=\"panel-1095-0-0-1\" class=\"so-panel widget widget_text panel-last-child\" data-index=\"1\" ><h3 class=\"widget-title\">MISI\u00d3N<\/h3>\t\t\t<div class=\"textwidget\"><p>El equipo directivo se plantea desarrollar esta visi\u00f3n teniendo presente:<\/p>\n<ul class=\"defaultList\">\n<li>El trabajo en equipo<\/li>\n<li>La colaboraci\u00f3n<\/li>\n<li>El di\u00e1logo<\/li>\n<li>La comunicaci\u00f3n en todas direcciones<\/li>\n<li>La participaci\u00f3n<\/li>\n<li>El consenso<\/li>\n<li>La pedagog\u00eda del respeto hacia los dem\u00e1s, para aprender a convivir.<\/li>\n<\/ul>\n<\/div>\n\t\t<\/div><\/div><div id=\"pgc-1095-0-1\"  class=\"panel-grid-cell\" ><div id=\"panel-1095-0-1-0\" class=\"so-panel widget widget_media_image panel-first-child panel-last-child\" data-index=\"2\" ><img loading=\"lazy\" decoding=\"async\" width=\"300\" height=\"198\" src=\"https:\/\/site.educa.madrid.org\/cp.principesdeasturias.pozuelodealarcon\/\/wp-content\/uploads\/cp.principesdeasturias.pozuelodealarcon\/2025\/02\/PROYECTO-ED-1-1-e1739223736995-300x198.png\" class=\"image wp-image-1104  attachment-medium size-medium\" alt=\"\" style=\"max-width: 100%; height: auto;\" srcset=\"https:\/\/site.educa.madrid.org\/cp.principesdeasturias.pozuelodealarcon\/\/wp-content\/uploads\/cp.principesdeasturias.pozuelodealarcon\/2025\/02\/PROYECTO-ED-1-1-e1739223736995-300x198.png 300w, https:\/\/site.educa.madrid.org\/cp.principesdeasturias.pozuelodealarcon\/\/wp-content\/uploads\/cp.principesdeasturias.pozuelodealarcon\/2025\/02\/PROYECTO-ED-1-1-e1739223736995-391x260.png 391w, https:\/\/site.educa.madrid.org\/cp.principesdeasturias.pozuelodealarcon\/\/wp-content\/uploads\/cp.principesdeasturias.pozuelodealarcon\/2025\/02\/PROYECTO-ED-1-1-e1739223736995.png 593w\" sizes=\"auto, (max-width: 300px) 100vw, 300px\" \/><\/div><\/div><\/div><\/div>","protected":false},"excerpt":{"rendered":"<p>Queremos ser un centro que destaca por: Su nivel acad\u00e9mico, Car\u00e1cter innovador El grado de implicaci\u00f3n de profesores y padres El ambiente de convivencia pac\u00edfica que se respira Los valores solidarios e inclusivos que se practican. Comprometido en la mejora continua de los servicios que ofrece El equipo directivo se plantea desarrollar esta visi\u00f3n teniendo<\/p><\/div>\n<div class=\"blog-btn\"><a href=\"https:\/\/site.educa.madrid.org\/cp.principesdeasturias.pozuelodealarcon\/index.php\/proyecto-educativo\/\" class=\"home-blog-btn\">Leer m\u00e1s<\/a><\/p>\n","protected":false},"author":2,"featured_media":0,"parent":0,"menu_order":0,"comment_status":"closed","ping_status":"closed","template":"","meta":{"footnotes":""},"folder":[],"class_list":["post-1095","page","type-page","status-publish","hentry"],"rttpg_featured_image_url":null,"rttpg_author":{"display_name":"tic.cp.principesdeasturias.pozuelodealarcon","author_link":"https:\/\/site.educa.madrid.org\/cp.principesdeasturias.pozuelodealarcon\/index.php\/author\/cuenta_tic-cp-principesdeasturias-pozuelodealarcon\/"},"rttpg_comment":0,"rttpg_category":false,"rttpg_excerpt":"Queremos ser un centro que destaca por: Su nivel acad\u00e9mico, Car\u00e1cter innovador El grado de implicaci\u00f3n de profesores y padres El ambiente de convivencia pac\u00edfica que se respira Los valores solidarios e inclusivos que se practican. Comprometido en la mejora continua de los servicios que ofrece El equipo directivo se plantea desarrollar esta visi\u00f3n teniendoLeer&hellip;","post_mailing_queue_ids":[],"_links":{"self":[{"href":"https:\/\/site.educa.madrid.org\/cp.principesdeasturias.pozuelodealarcon\/index.php\/wp-json\/wp\/v2\/pages\/1095","targetHints":{"allow":["GET"]}}],"collection":[{"href":"https:\/\/site.educa.madrid.org\/cp.principesdeasturias.pozuelodealarcon\/index.php\/wp-json\/wp\/v2\/pages"}],"about":[{"href":"https:\/\/site.educa.madrid.org\/cp.principesdeasturias.pozuelodealarcon\/index.php\/wp-json\/wp\/v2\/types\/page"}],"author":[{"embeddable":true,"href":"https:\/\/site.educa.madrid.org\/cp.principesdeasturias.pozuelodealarcon\/index.php\/wp-json\/wp\/v2\/users\/2"}],"replies":[{"embeddable":true,"href":"https:\/\/site.educa.madrid.org\/cp.principesdeasturias.pozuelodealarcon\/index.php\/wp-json\/wp\/v2\/comments?post=1095"}],"version-history":[{"count":7,"href":"https:\/\/site.educa.madrid.org\/cp.principesdeasturias.pozuelodealarcon\/index.php\/wp-json\/wp\/v2\/pages\/1095\/revisions"}],"predecessor-version":[{"id":1101,"href":"https:\/\/site.educa.madrid.org\/cp.principesdeasturias.pozuelodealarcon\/index.php\/wp-json\/wp\/v2\/pages\/1095\/revisions\/1101"}],"wp:attachment":[{"href":"https:\/\/site.educa.madrid.org\/cp.principesdeasturias.pozuelodealarcon\/index.php\/wp-json\/wp\/v2\/media?parent=1095"}],"wp:term":[{"taxonomy":"folder","embeddable":true,"href":"https:\/\/site.educa.madrid.org\/cp.principesdeasturias.pozuelodealarcon\/index.php\/wp-json\/wp\/v2\/folder?post=1095"}],"curies":[{"name":"wp","href":"https:\/\/api.w.org\/{rel}","templated":true}]}}