{"id":1106,"date":"2025-02-10T23:10:55","date_gmt":"2025-02-10T22:10:55","guid":{"rendered":"https:\/\/site.educa.madrid.org\/cp.principesdeasturias.pozuelodealarcon\/?page_id=1106"},"modified":"2025-02-10T23:21:09","modified_gmt":"2025-02-10T22:21:09","slug":"1106-2","status":"publish","type":"page","link":"https:\/\/site.educa.madrid.org\/cp.principesdeasturias.pozuelodealarcon\/index.php\/1106-2\/","title":{"rendered":"PROGRAMA BILING\u00dcE"},"content":{"rendered":"<div id=\"pl-gb1106-6a9b37def38ab\"  class=\"panel-layout panel-layout\" ><div id=\"pg-gb1106-6a9b37def38ab-0\"  class=\"panel-grid panel-no-style\" ><div id=\"pgc-gb1106-6a9b37def38ab-0-0\"  class=\"panel-grid-cell\" ><div id=\"panel-gb1106-6a9b37def38ab-0-0-0\" class=\"so-panel widget widget_text panel-first-child panel-last-child\" data-index=\"0\" >\t\t\t<div class=\"textwidget\"><p class=\"text-align-left\">El centro se adhiri\u00f3 a la Red de Centros Biling\u00fces de la Comunidad de Madrid por Orden 687\/2008 de<span class=\"\">\u00a014 de febrero.<\/span><\/p>\n<p class=\"text-align-left\"><span class=\"\">Para el claustro de profesores, el Proyecto Biling\u00fce\u00a0<\/span><span class=\"\">es uno de los proyectos estrella del centro\u00a0<\/span>por la importancia en la formaci\u00f3n integral de nuestros alumnos.<\/p>\n<p class=\"text-align-left\"><a href=\"https:\/\/www.educa2.madrid.org\/web\/bilinguismoycalidad\/novedades\" target=\"_blank\" rel=\"noopener\" type=\"url\">Subdirecci\u00f3n General de Biling\u00fcismo y Calida<\/a>d<\/p>\n<\/div>\n\t\t<\/div><\/div><div id=\"pgc-gb1106-6a9b37def38ab-0-1\"  class=\"panel-grid-cell\" ><div id=\"panel-gb1106-6a9b37def38ab-0-1-0\" class=\"so-panel widget widget_media_image panel-first-child panel-last-child\" data-index=\"1\" ><a href=\"https:\/\/www.comunidad.madrid\/servicios\/educacion\/madrid-comunidad-bilingue\"><img loading=\"lazy\" decoding=\"async\" width=\"300\" height=\"236\" src=\"https:\/\/site.educa.madrid.org\/cp.principesdeasturias.pozuelodealarcon\/\/wp-content\/uploads\/cp.principesdeasturias.pozuelodealarcon\/2025\/02\/Captura-de-pantalla-2025-02-10-23-07-00-e1739225345469-300x236.png\" class=\"image wp-image-1108  attachment-medium size-medium\" alt=\"\" style=\"max-width: 100%; height: auto;\" srcset=\"https:\/\/site.educa.madrid.org\/cp.principesdeasturias.pozuelodealarcon\/\/wp-content\/uploads\/cp.principesdeasturias.pozuelodealarcon\/2025\/02\/Captura-de-pantalla-2025-02-10-23-07-00-e1739225345469-300x236.png 300w, https:\/\/site.educa.madrid.org\/cp.principesdeasturias.pozuelodealarcon\/\/wp-content\/uploads\/cp.principesdeasturias.pozuelodealarcon\/2025\/02\/Captura-de-pantalla-2025-02-10-23-07-00-e1739225345469.png 371w\" sizes=\"auto, (max-width: 300px) 100vw, 300px\" \/><\/a><\/div><\/div><\/div><div id=\"pg-gb1106-6a9b37def38ab-1\"  class=\"panel-grid panel-no-style\" ><div id=\"pgc-gb1106-6a9b37def38ab-1-0\"  class=\"panel-grid-cell\" ><div id=\"panel-gb1106-6a9b37def38ab-1-0-0\" class=\"so-panel widget widget_media_image panel-first-child panel-last-child\" data-index=\"2\" ><a href=\"https:\/\/www.comunidad.madrid\/servicios\/educacion\/madrid-comunidad-bilingue\"><img loading=\"lazy\" decoding=\"async\" width=\"300\" height=\"236\" src=\"https:\/\/site.educa.madrid.org\/cp.principesdeasturias.pozuelodealarcon\/\/wp-content\/uploads\/cp.principesdeasturias.pozuelodealarcon\/2025\/02\/Captura-de-pantalla-2025-02-10-23-07-00-e1739225345469-300x236.png\" class=\"image wp-image-1108  attachment-medium size-medium\" alt=\"\" style=\"max-width: 100%; height: auto;\" srcset=\"https:\/\/site.educa.madrid.org\/cp.principesdeasturias.pozuelodealarcon\/\/wp-content\/uploads\/cp.principesdeasturias.pozuelodealarcon\/2025\/02\/Captura-de-pantalla-2025-02-10-23-07-00-e1739225345469-300x236.png 300w, https:\/\/site.educa.madrid.org\/cp.principesdeasturias.pozuelodealarcon\/\/wp-content\/uploads\/cp.principesdeasturias.pozuelodealarcon\/2025\/02\/Captura-de-pantalla-2025-02-10-23-07-00-e1739225345469.png 371w\" sizes=\"auto, (max-width: 300px) 100vw, 300px\" \/><\/a><\/div><\/div><div id=\"pgc-gb1106-6a9b37def38ab-1-1\"  class=\"panel-grid-cell\" ><div id=\"panel-gb1106-6a9b37def38ab-1-1-0\" class=\"so-panel widget widget_text panel-first-child panel-last-child\" data-index=\"3\" >\t\t\t<div class=\"textwidget\"><div id=\"1340537928\" class=\"u_1340537928 dmNewParagraph\" data-element-type=\"paragraph\" data-version=\"5\">\n<h3>\u00bfQu\u00e9 es un centro biling\u00fce?<\/h3>\n<\/div>\n<div id=\"1493250015\" class=\"u_1493250015 dmNewParagraph\" data-version=\"5\">\n<p class=\"text-align-left\"><span class=\"\">Los\u00a0<\/span>centros educativos biling\u00fces<span class=\"\">\u00a0han de impartir en lengua inglesa, como m\u00ednimo, un 30% del horario lectivo. As\u00ed, adem\u00e1s del \u00e1rea Primera Lengua Extranjera: Ingl\u00e9s, se dan las clases en ingl\u00e9s en, al menos, otras dos \u00e1reas del curr\u00edculo de Educaci\u00f3n Primaria. Una de esas \u00e1reas es, preferentemente, la de Conocimiento del Medio Natural, Social y Cultural, mientras que la otra suele ser bien Educaci\u00f3n Art\u00edstica, bien Educaci\u00f3n F\u00edsica.<\/span><\/p>\n<\/div>\n<\/div>\n\t\t<\/div><\/div><\/div><\/div>","protected":false},"excerpt":{"rendered":"<p>El centro se adhiri\u00f3 a la Red de Centros Biling\u00fces de la Comunidad de Madrid por Orden 687\/2008 de\u00a014 de febrero. Para el claustro de profesores, el Proyecto Biling\u00fce\u00a0es uno de los proyectos estrella del centro\u00a0por la importancia en la formaci\u00f3n integral de nuestros alumnos. Subdirecci\u00f3n General de Biling\u00fcismo y Calidad \u00bfQu\u00e9 es un centro<\/p><\/div>\n<div class=\"blog-btn\"><a href=\"https:\/\/site.educa.madrid.org\/cp.principesdeasturias.pozuelodealarcon\/index.php\/1106-2\/\" class=\"home-blog-btn\">Leer m\u00e1s<\/a><\/p>\n","protected":false},"author":2,"featured_media":0,"parent":0,"menu_order":0,"comment_status":"closed","ping_status":"closed","template":"","meta":{"footnotes":""},"folder":[],"class_list":["post-1106","page","type-page","status-publish","hentry"],"rttpg_featured_image_url":null,"rttpg_author":{"display_name":"tic.cp.principesdeasturias.pozuelodealarcon","author_link":"https:\/\/site.educa.madrid.org\/cp.principesdeasturias.pozuelodealarcon\/index.php\/author\/cuenta_tic-cp-principesdeasturias-pozuelodealarcon\/"},"rttpg_comment":0,"rttpg_category":false,"rttpg_excerpt":"El centro se adhiri\u00f3 a la Red de Centros Biling\u00fces de la Comunidad de Madrid por Orden 687\/2008 de\u00a014 de febrero. Para el claustro de profesores, el Proyecto Biling\u00fce\u00a0es uno de los proyectos estrella del centro\u00a0por la importancia en la formaci\u00f3n integral de nuestros alumnos. Subdirecci\u00f3n General de Biling\u00fcismo y Calidad \u00bfQu\u00e9 es un centroLeer&hellip;","post_mailing_queue_ids":[],"_links":{"self":[{"href":"https:\/\/site.educa.madrid.org\/cp.principesdeasturias.pozuelodealarcon\/index.php\/wp-json\/wp\/v2\/pages\/1106","targetHints":{"allow":["GET"]}}],"collection":[{"href":"https:\/\/site.educa.madrid.org\/cp.principesdeasturias.pozuelodealarcon\/index.php\/wp-json\/wp\/v2\/pages"}],"about":[{"href":"https:\/\/site.educa.madrid.org\/cp.principesdeasturias.pozuelodealarcon\/index.php\/wp-json\/wp\/v2\/types\/page"}],"author":[{"embeddable":true,"href":"https:\/\/site.educa.madrid.org\/cp.principesdeasturias.pozuelodealarcon\/index.php\/wp-json\/wp\/v2\/users\/2"}],"replies":[{"embeddable":true,"href":"https:\/\/site.educa.madrid.org\/cp.principesdeasturias.pozuelodealarcon\/index.php\/wp-json\/wp\/v2\/comments?post=1106"}],"version-history":[{"count":9,"href":"https:\/\/site.educa.madrid.org\/cp.principesdeasturias.pozuelodealarcon\/index.php\/wp-json\/wp\/v2\/pages\/1106\/revisions"}],"predecessor-version":[{"id":1117,"href":"https:\/\/site.educa.madrid.org\/cp.principesdeasturias.pozuelodealarcon\/index.php\/wp-json\/wp\/v2\/pages\/1106\/revisions\/1117"}],"wp:attachment":[{"href":"https:\/\/site.educa.madrid.org\/cp.principesdeasturias.pozuelodealarcon\/index.php\/wp-json\/wp\/v2\/media?parent=1106"}],"wp:term":[{"taxonomy":"folder","embeddable":true,"href":"https:\/\/site.educa.madrid.org\/cp.principesdeasturias.pozuelodealarcon\/index.php\/wp-json\/wp\/v2\/folder?post=1106"}],"curies":[{"name":"wp","href":"https:\/\/api.w.org\/{rel}","templated":true}]}}