{"id":1309,"date":"2025-02-13T23:54:05","date_gmt":"2025-02-13T22:54:05","guid":{"rendered":"https:\/\/site.educa.madrid.org\/cp.principesdeasturias.pozuelodealarcon\/?page_id=1309"},"modified":"2025-02-14T00:35:24","modified_gmt":"2025-02-13T23:35:24","slug":"premios-y-reconocimientos","status":"publish","type":"page","link":"https:\/\/site.educa.madrid.org\/cp.principesdeasturias.pozuelodealarcon\/index.php\/premios-y-reconocimientos\/","title":{"rendered":"PREMIOS Y RECONOCIMIENTOS"},"content":{"rendered":"\n<ul class=\"wp-block-list\"><\/ul>\n\n\n<div id=\"pl-gb1309-6a9b260863862\"  class=\"panel-layout\" ><div id=\"pg-gb1309-6a9b260863862-0\"  class=\"panel-grid panel-no-style\" ><div id=\"pgc-gb1309-6a9b260863862-0-0\"  class=\"panel-grid-cell\" ><div id=\"panel-gb1309-6a9b260863862-0-0-0\" class=\"so-panel widget widget_media_image panel-first-child panel-last-child\" data-index=\"0\" ><img loading=\"lazy\" decoding=\"async\" width=\"430\" height=\"330\" src=\"https:\/\/site.educa.madrid.org\/cp.principesdeasturias.pozuelodealarcon\/\/wp-content\/uploads\/cp.principesdeasturias.pozuelodealarcon\/2025\/02\/WATTER-e1739487853845.png\" class=\"image wp-image-1321  attachment-full size-full\" alt=\"\" style=\"max-width: 100%; height: auto;\" srcset=\"https:\/\/site.educa.madrid.org\/cp.principesdeasturias.pozuelodealarcon\/\/wp-content\/uploads\/cp.principesdeasturias.pozuelodealarcon\/2025\/02\/WATTER-e1739487853845.png 430w, https:\/\/site.educa.madrid.org\/cp.principesdeasturias.pozuelodealarcon\/\/wp-content\/uploads\/cp.principesdeasturias.pozuelodealarcon\/2025\/02\/WATTER-e1739487853845-300x230.png 300w\" sizes=\"auto, (max-width: 430px) 100vw, 430px\" \/><\/div><\/div><div id=\"pgc-gb1309-6a9b260863862-0-1\"  class=\"panel-grid-cell\" ><div id=\"panel-gb1309-6a9b260863862-0-1-0\" class=\"so-panel widget widget_text panel-first-child panel-last-child\" data-index=\"1\" >\t\t\t<div class=\"textwidget\"><div id=\"1775449653\" class=\"dmNewParagraph\" data-element-type=\"paragraph\" data-version=\"5\">\n<p>Este a\u00f1o hemos querido promover la creatividad entre nuestros escolares convocando el I Concurso de Carteles \u00abSemana Cultural 2023\u00bb. Creamos unas bases en las que ten\u00edan que basarse los trabajos a concurso. El tema es el mismo que el del Proyecto Anual, \u00abWater Matters, el agua importa\u00bb. Los ganadoress:<\/p>\n<ul class=\"defaultList\">\n<li>Categor\u00eda 1-Educaci\u00f3n Infantil\/1\u00ba y 2\u00ba de Primaria: Yll\u00e1n L\u00f3pez (1\u00ba B)<\/li>\n<li>Categor\u00eda 2- 3\u00ba y 4\u00ba de Primaria- Mia Ant\u00f3n (3\u00ba B)<\/li>\n<li>Categor\u00eda 3- 5\u00ba y 6\u00ba &#8211; Diego Rell\u00e1n (6\u00baB)<\/li>\n<li>y Categor\u00eda 4- Educaci\u00f3n Secundaria- Iris Banea (2\u00ba ESO)<\/li>\n<\/ul>\n<\/div>\n<\/div>\n\t\t<\/div><\/div><\/div><div id=\"pg-gb1309-6a9b260863862-1\"  class=\"panel-grid panel-no-style\" ><div id=\"pgc-gb1309-6a9b260863862-1-0\"  class=\"panel-grid-cell\" ><div id=\"panel-gb1309-6a9b260863862-1-0-0\" class=\"so-panel widget widget_media_image panel-first-child panel-last-child\" data-index=\"2\" ><img loading=\"lazy\" decoding=\"async\" width=\"464\" height=\"334\" src=\"https:\/\/site.educa.madrid.org\/cp.principesdeasturias.pozuelodealarcon\/\/wp-content\/uploads\/cp.principesdeasturias.pozuelodealarcon\/2025\/02\/PREMISO2-e1739489116907.png\" class=\"image wp-image-1347  attachment-full size-full\" alt=\"\" style=\"max-width: 100%; height: auto;\" srcset=\"https:\/\/site.educa.madrid.org\/cp.principesdeasturias.pozuelodealarcon\/\/wp-content\/uploads\/cp.principesdeasturias.pozuelodealarcon\/2025\/02\/PREMISO2-e1739489116907.png 464w, https:\/\/site.educa.madrid.org\/cp.principesdeasturias.pozuelodealarcon\/\/wp-content\/uploads\/cp.principesdeasturias.pozuelodealarcon\/2025\/02\/PREMISO2-e1739489116907-300x216.png 300w\" sizes=\"auto, (max-width: 464px) 100vw, 464px\" \/><\/div><\/div><div id=\"pgc-gb1309-6a9b260863862-1-1\"  class=\"panel-grid-cell\" ><div id=\"panel-gb1309-6a9b260863862-1-1-0\" class=\"so-panel widget widget_text panel-first-child panel-last-child\" data-index=\"3\" >\t\t\t<div class=\"textwidget\"><div id=\"1775449653\" class=\"dmNewParagraph\" data-element-type=\"paragraph\" data-version=\"5\">\n<h2 class=\"size-30 m-size-24\"><span class=\"font-size-30 m-font-size-24\">DIPLOMA DE SOLIDARIDAD<\/span><\/h2>\n<\/div>\n<div id=\"1179446633\" class=\"dmNewParagraph u_1179446633\" data-element-type=\"paragraph\" data-version=\"5\">\n<p><span class=\"\">Dentro del acuerdo de colaboraci\u00f3n firmado entre la\u00a0<\/span>Universidad Rey Juan Carlos y la Fundaci\u00f3n Esther Koplowitz, nuestros alumnos de 5\u00ba de Educaci\u00f3n Primaria, acompa\u00f1ados de cuatro profesores, realizaron el d\u00eda 20 de diciembre de 2022 una visita a la\u00a0Residencia \u00abNuestra Casa\u00bb en Collado Villalba, coincidiendo con los d\u00edas previos a las vacaciones de Navidad.<\/p>\n<p>\u00a1Gracias por la difusi\u00f3n de la noticia!<\/p>\n<p><a href=\"https:\/\/fundacionestherkoplowitz.org\/2022\/12\/29\/voluntariado-de-los-alumnos-del-ceipso-principes-de-asturias-en-la-fundacion\/\" target=\"_blank\" rel=\"noopener\" type=\"url\">P\u00e1gina web de la Fundaci\u00f3n Esther Koplowitz<\/a><\/p>\n<p><a href=\"https:\/\/www.instagram.com\/p\/Cm9OgpBMppk\/?igshid=MDJmNzVkMjY=\" target=\"_blank\" rel=\"noopener\" type=\"url\">Publicaci\u00f3n en Instagram \u00abFundaci\u00f3n Esther Koplowitz<\/a>\u00bb<\/p>\n<p><span class=\"\">Y a la Universidad Rey Juan Carlos<\/span><\/p>\n<p><a href=\"https:\/\/www.urjc.es\/\" target=\"_blank\" rel=\"noopener\">https:\/\/www.urjc.es\/<\/a><span class=\"\">\u00a0<\/span><\/p>\n<\/div>\n<\/div>\n\t\t<\/div><\/div><\/div><div id=\"pg-gb1309-6a9b260863862-2\"  class=\"panel-grid panel-no-style\" ><div id=\"pgc-gb1309-6a9b260863862-2-0\"  class=\"panel-grid-cell\" ><div id=\"panel-gb1309-6a9b260863862-2-0-0\" class=\"so-panel widget widget_media_image panel-first-child panel-last-child\" data-index=\"4\" ><img loading=\"lazy\" decoding=\"async\" width=\"437\" height=\"332\" src=\"https:\/\/site.educa.madrid.org\/cp.principesdeasturias.pozuelodealarcon\/\/wp-content\/uploads\/cp.principesdeasturias.pozuelodealarcon\/2025\/02\/PREMIOS-3-e1739489488107.png\" class=\"image wp-image-1355  attachment-full size-full\" alt=\"\" style=\"max-width: 100%; height: auto;\" srcset=\"https:\/\/site.educa.madrid.org\/cp.principesdeasturias.pozuelodealarcon\/\/wp-content\/uploads\/cp.principesdeasturias.pozuelodealarcon\/2025\/02\/PREMIOS-3-e1739489488107.png 437w, https:\/\/site.educa.madrid.org\/cp.principesdeasturias.pozuelodealarcon\/\/wp-content\/uploads\/cp.principesdeasturias.pozuelodealarcon\/2025\/02\/PREMIOS-3-e1739489488107-300x228.png 300w\" sizes=\"auto, (max-width: 437px) 100vw, 437px\" \/><\/div><\/div><div id=\"pgc-gb1309-6a9b260863862-2-1\"  class=\"panel-grid-cell\" ><div id=\"panel-gb1309-6a9b260863862-2-1-0\" class=\"so-panel widget widget_text panel-first-child panel-last-child\" data-index=\"5\" >\t\t\t<div class=\"textwidget\"><div id=\"1775449653\" class=\"dmNewParagraph\" data-element-type=\"paragraph\" data-version=\"5\">\n<div id=\"1410754293\" class=\"dmNewParagraph\" data-element-type=\"paragraph\" data-version=\"5\">\n<h2 class=\"size-30 m-size-24\"><span class=\"font-size-30 m-font-size-24\">Reconocimiento a la Excelencia y al M\u00e9rito Acad\u00e9mico<\/span><\/h2>\n<\/div>\n<div id=\"1194476469\" class=\"dmNewParagraph u_1194476469\" data-element-type=\"paragraph\" data-version=\"5\">\n<p>Asistimos al acto de Reconocimiento a la Excelencia y al M\u00e9rito Acad\u00e9mico que entrega, cada a\u00f1o, el Ayuntamiento de Pozuelo de Alarc\u00f3n.<\/p>\n<p>En el mismo se reconoce la \u00abExcelencia\u00bb as\u00ed como el esfuerzo, \u00abM\u00e9rito\u00bb a los mejores alumnos de 6\u00ba de Primaria y 4\u00ba de Secundaria del curso 2021\/22.<\/p>\n<\/div>\n<\/div>\n<\/div>\n\t\t<\/div><\/div><\/div><div id=\"pg-gb1309-6a9b260863862-3\"  class=\"panel-grid panel-no-style\" ><div id=\"pgc-gb1309-6a9b260863862-3-0\"  class=\"panel-grid-cell\" ><div id=\"panel-gb1309-6a9b260863862-3-0-0\" class=\"so-panel widget widget_media_image panel-first-child panel-last-child\" data-index=\"6\" ><img loading=\"lazy\" decoding=\"async\" width=\"446\" height=\"327\" src=\"https:\/\/site.educa.madrid.org\/cp.principesdeasturias.pozuelodealarcon\/\/wp-content\/uploads\/cp.principesdeasturias.pozuelodealarcon\/2025\/02\/ACCESIT-e1739489693538.png\" class=\"image wp-image-1360  attachment-full size-full\" alt=\"\" style=\"max-width: 100%; height: auto;\" srcset=\"https:\/\/site.educa.madrid.org\/cp.principesdeasturias.pozuelodealarcon\/\/wp-content\/uploads\/cp.principesdeasturias.pozuelodealarcon\/2025\/02\/ACCESIT-e1739489693538.png 446w, https:\/\/site.educa.madrid.org\/cp.principesdeasturias.pozuelodealarcon\/\/wp-content\/uploads\/cp.principesdeasturias.pozuelodealarcon\/2025\/02\/ACCESIT-e1739489693538-300x220.png 300w\" sizes=\"auto, (max-width: 446px) 100vw, 446px\" \/><\/div><\/div><div id=\"pgc-gb1309-6a9b260863862-3-1\"  class=\"panel-grid-cell\" ><div id=\"panel-gb1309-6a9b260863862-3-1-0\" class=\"so-panel widget widget_text panel-first-child panel-last-child\" data-index=\"7\" >\t\t\t<div class=\"textwidget\"><div id=\"1775449653\" class=\"dmNewParagraph\" data-element-type=\"paragraph\" data-version=\"5\">\n<div id=\"1410754293\" class=\"dmNewParagraph\" data-element-type=\"paragraph\" data-version=\"5\">\n<div id=\"1348583996\" class=\"dmNewParagraph\" data-element-type=\"paragraph\" data-version=\"5\">\n<div id=\"1282150028\" class=\"dmNewParagraph\" data-element-type=\"paragraph\" data-version=\"5\">\n<h2>Acc\u00e9sit en el Concurso \u00abKit Faraday 2.0\u00bb<\/h2>\n<\/div>\n<div id=\"1118959972\" class=\"dmNewParagraph u_1118959972\" data-element-type=\"paragraph\" data-version=\"5\">\n<p><span class=\"\">A lo largo de los meses de febrero y marzo del curso 2021\/22 los alumnos de 4\u00ba y 6\u00ba de Primaria participaron en el\u00a0<\/span>Concurso Kit Faraday 2.0. Lo promueve la\u00a0<span class=\"\">UNED-FECYT.\u00a0<\/span>Dos alumnos del centro ganaron dos Acc\u00e9sit por su trabajo en este certamen.<\/p>\n<p><a href=\"https:\/\/www.canva.com\/design\/DAFLuiM4InU\/watch\" target=\"_blank\" rel=\"noopener\" type=\"url\">Conoce el trabajo realizado<\/a><span class=\"\"> \u00a0<\/span><\/p>\n<\/div>\n<\/div>\n<\/div>\n<\/div>\n<\/div>\n\t\t<\/div><\/div><\/div><\/div>","protected":false},"excerpt":{"rendered":"","protected":false},"author":2,"featured_media":0,"parent":0,"menu_order":0,"comment_status":"closed","ping_status":"closed","template":"page-template\/right-sidebar-page.php","meta":{"footnotes":""},"folder":[],"class_list":["post-1309","page","type-page","status-publish","hentry"],"rttpg_featured_image_url":null,"rttpg_author":{"display_name":"tic.cp.principesdeasturias.pozuelodealarcon","author_link":"https:\/\/site.educa.madrid.org\/cp.principesdeasturias.pozuelodealarcon\/index.php\/author\/cuenta_tic-cp-principesdeasturias-pozuelodealarcon\/"},"rttpg_comment":0,"rttpg_category":false,"rttpg_excerpt":null,"post_mailing_queue_ids":[],"_links":{"self":[{"href":"https:\/\/site.educa.madrid.org\/cp.principesdeasturias.pozuelodealarcon\/index.php\/wp-json\/wp\/v2\/pages\/1309","targetHints":{"allow":["GET"]}}],"collection":[{"href":"https:\/\/site.educa.madrid.org\/cp.principesdeasturias.pozuelodealarcon\/index.php\/wp-json\/wp\/v2\/pages"}],"about":[{"href":"https:\/\/site.educa.madrid.org\/cp.principesdeasturias.pozuelodealarcon\/index.php\/wp-json\/wp\/v2\/types\/page"}],"author":[{"embeddable":true,"href":"https:\/\/site.educa.madrid.org\/cp.principesdeasturias.pozuelodealarcon\/index.php\/wp-json\/wp\/v2\/users\/2"}],"replies":[{"embeddable":true,"href":"https:\/\/site.educa.madrid.org\/cp.principesdeasturias.pozuelodealarcon\/index.php\/wp-json\/wp\/v2\/comments?post=1309"}],"version-history":[{"count":42,"href":"https:\/\/site.educa.madrid.org\/cp.principesdeasturias.pozuelodealarcon\/index.php\/wp-json\/wp\/v2\/pages\/1309\/revisions"}],"predecessor-version":[{"id":1362,"href":"https:\/\/site.educa.madrid.org\/cp.principesdeasturias.pozuelodealarcon\/index.php\/wp-json\/wp\/v2\/pages\/1309\/revisions\/1362"}],"wp:attachment":[{"href":"https:\/\/site.educa.madrid.org\/cp.principesdeasturias.pozuelodealarcon\/index.php\/wp-json\/wp\/v2\/media?parent=1309"}],"wp:term":[{"taxonomy":"folder","embeddable":true,"href":"https:\/\/site.educa.madrid.org\/cp.principesdeasturias.pozuelodealarcon\/index.php\/wp-json\/wp\/v2\/folder?post=1309"}],"curies":[{"name":"wp","href":"https:\/\/api.w.org\/{rel}","templated":true}]}}