{"id":1363,"date":"2025-02-14T00:44:39","date_gmt":"2025-02-13T23:44:39","guid":{"rendered":"https:\/\/site.educa.madrid.org\/cp.principesdeasturias.pozuelodealarcon\/?page_id=1363"},"modified":"2026-02-27T12:53:47","modified_gmt":"2026-02-27T11:53:47","slug":"proceso-de-admision","status":"publish","type":"page","link":"https:\/\/site.educa.madrid.org\/cp.principesdeasturias.pozuelodealarcon\/index.php\/proceso-de-admision\/","title":{"rendered":"PROCESO DE ADMISI\u00d3N"},"content":{"rendered":"<div id=\"pl-gb1363-6a9b26088cc29\"  class=\"panel-layout panel-layout\" ><div id=\"pg-gb1363-6a9b26088cc29-0\"  class=\"panel-grid panel-no-style\" ><div id=\"pgc-gb1363-6a9b26088cc29-0-0\"  class=\"panel-grid-cell\" ><div id=\"panel-gb1363-6a9b26088cc29-0-0-0\" class=\"so-panel widget widget_media_image panel-first-child panel-last-child\" data-index=\"0\" ><img loading=\"lazy\" decoding=\"async\" width=\"970\" height=\"250\" src=\"https:\/\/site.educa.madrid.org\/cp.principesdeasturias.pozuelodealarcon\/\/wp-content\/uploads\/cp.principesdeasturias.pozuelodealarcon\/2026\/02\/ESCOLARIZACION-Y-ADMISION-Web-Ad.png\" class=\"image wp-image-2507  attachment-full size-full\" alt=\"\" style=\"max-width: 100%; height: auto;\" srcset=\"https:\/\/site.educa.madrid.org\/cp.principesdeasturias.pozuelodealarcon\/\/wp-content\/uploads\/cp.principesdeasturias.pozuelodealarcon\/2026\/02\/ESCOLARIZACION-Y-ADMISION-Web-Ad.png 970w, https:\/\/site.educa.madrid.org\/cp.principesdeasturias.pozuelodealarcon\/\/wp-content\/uploads\/cp.principesdeasturias.pozuelodealarcon\/2026\/02\/ESCOLARIZACION-Y-ADMISION-Web-Ad-300x77.png 300w, https:\/\/site.educa.madrid.org\/cp.principesdeasturias.pozuelodealarcon\/\/wp-content\/uploads\/cp.principesdeasturias.pozuelodealarcon\/2026\/02\/ESCOLARIZACION-Y-ADMISION-Web-Ad-768x198.png 768w\" sizes=\"auto, (max-width: 970px) 100vw, 970px\" \/><\/div><\/div><\/div><\/div>\n\n\n<h3 class=\"wp-block-heading has-text-align-left\"><strong>Consulta la informaci\u00f3n necesaria para el proceso de Admisi\u00f3n del Curso 2026-27<\/strong><\/h3>\n\n\n\n<p class=\"has-text-align-left\"><strong>En este apartado publicaremos toda la informaci\u00f3n necesaria para participar en el proceso<\/strong>.<\/p>\n\n\n\n<figure class=\"wp-block-image is-resized\"><a href=\"https:\/\/www.comunidad.madrid\/servicios\/educacion\/solicita-tu-admision-educacion-infantil-obligatoria-bachillerato\" target=\"_blank\" rel=\"noreferrer noopener\"><img loading=\"lazy\" decoding=\"async\" width=\"318\" height=\"170\" src=\"https:\/\/site.educa.madrid.org\/cp.principesdeasturias.pozuelodealarcon\/\/wp-content\/uploads\/cp.principesdeasturias.pozuelodealarcon\/2025\/02\/admision-2-e1739491146961.png\" alt=\"\" class=\"wp-image-1373\" style=\"width:311px;height:auto\" srcset=\"https:\/\/site.educa.madrid.org\/cp.principesdeasturias.pozuelodealarcon\/\/wp-content\/uploads\/cp.principesdeasturias.pozuelodealarcon\/2025\/02\/admision-2-e1739491146961.png 318w, https:\/\/site.educa.madrid.org\/cp.principesdeasturias.pozuelodealarcon\/\/wp-content\/uploads\/cp.principesdeasturias.pozuelodealarcon\/2025\/02\/admision-2-e1739491146961-300x160.png 300w\" sizes=\"auto, (max-width: 318px) 100vw, 318px\" \/><\/a><\/figure>\n\n\n\n<p><strong><em>DOCUMENTACI\u00d3N DE INTER\u00c9S PARA EL PROCESO DE ADMISI\u00d3N<\/em><\/strong><\/p>\n\n\n\n<ul class=\"wp-block-list\">\n<li><a href=\"https:\/\/site.educa.madrid.org\/cp.principesdeasturias.pozuelodealarcon\/\/wp-content\/uploads\/cp.principesdeasturias.pozuelodealarcon\/2026\/02\/BOCM-20251209-19.pdf\" data-type=\"link\" data-id=\"https:\/\/site.educa.madrid.org\/cp.principesdeasturias.pozuelodealarcon\/\/wp-content\/uploads\/cp.principesdeasturias.pozuelodealarcon\/2026\/02\/BOCM-20251209-19.pdf\">Informaci\u00f3n BOCM sobre el proceso de admisi\u00f3n.<\/a><\/li>\n\n\n\n<li><a href=\"https:\/\/site.educa.madrid.org\/cp.principesdeasturias.pozuelodealarcon\/\/wp-content\/uploads\/cp.principesdeasturias.pozuelodealarcon\/2026\/02\/CALENDARIO-ADMISION-2026-27.pdf\" target=\"_blank\" rel=\"noreferrer noopener\">Calendario de actuaciones<\/a><\/li>\n\n\n\n<li><a href=\"https:\/\/site.educa.madrid.org\/cp.principesdeasturias.pozuelodealarcon\/\/wp-content\/uploads\/cp.principesdeasturias.pozuelodealarcon\/2026\/02\/FIN-DE-ENTREGA-DE-SOLICITUDES-2026-27.pdf\" target=\"_blank\" rel=\"noreferrer noopener\">Fin de entrega de solicitudes<\/a><\/li>\n\n\n\n<li><a href=\"https:\/\/site.educa.madrid.org\/cp.principesdeasturias.pozuelodealarcon\/\/wp-content\/uploads\/cp.principesdeasturias.pozuelodealarcon\/2026\/02\/PLAZO-Y-HORARIO-ENTREGA-2026-27.pdf\" target=\"_blank\" rel=\"noreferrer noopener\">Plazo de horario de entrega<\/a><\/li>\n\n\n\n<li><a href=\"https:\/\/site.educa.madrid.org\/cp.principesdeasturias.pozuelodealarcon\/\/wp-content\/uploads\/cp.principesdeasturias.pozuelodealarcon\/2026\/02\/No-130-IMPRESO-DE-RECLAMACION-PR.-ADM.pdf\" data-type=\"link\" data-id=\"https:\/\/cdn.website-editor.net\/s\/95c9578a2e164de9bf3817b54493c05d\/files\/uploaded\/5_Num_130_IMPRESO_DE_RECLAMACI%C3%93N_PR._ADM..pdf?Expires=1741523337&amp;Signature=QRTc1Zk26nXPuWE50ok7gaG1lTSUwwOFnxOXCYIrhlZ2bC-v1bqlFaKPp6yQICI4jEN7g4YtBTreKWF~dvaTZ7d3VviorbcZTKbRAL5nxUPbhaNHdUAvclyQcvYbIfxkZ8wo5tdGsDzUb6P~QCfKpcYAw0TZruSREY2O0u4Bky0U5rR7r5pxYrNhKhlWCFfxPJTIjeJ7rt4jfFJUN1OL~ofUaK8Nxo0Q3rwN6AVjNiga2aqX4qNCDZ3fMOZSIL201ve-Dac-Ocgn0jLDEJBD27cwbiJQFT63mu659k8jFJZN~5vgr~kZ8vG2krnZsw1cieMrqXVvbdHmgEO9y-Du5A__&amp;Key-Pair-Id=K2NXBXLF010TJW\" target=\"_blank\" rel=\"noreferrer noopener\">Impreso 130 reclamaci\u00f3n<\/a><\/li>\n\n\n\n<li><a href=\"https:\/\/site.educa.madrid.org\/cp.principesdeasturias.pozuelodealarcon\/\/wp-content\/uploads\/cp.principesdeasturias.pozuelodealarcon\/2026\/02\/SEDE-DEL-SAE.pdf\" target=\"_blank\" rel=\"noreferrer noopener\">Sede del servicio de atenci\u00f3n a la escolarizaci\u00f3n<\/a><\/li>\n\n\n\n<li><a href=\"https:\/\/site.educa.madrid.org\/cp.principesdeasturias.pozuelodealarcon\/\/wp-content\/uploads\/cp.principesdeasturias.pozuelodealarcon\/2026\/02\/PLAZO-Y-HORARIO-ENTREGA-2026-27.pdf\" target=\"_blank\" rel=\"noreferrer noopener\">Horario del curso 2026-2027<\/a><\/li>\n\n\n\n<li><a href=\"https:\/\/site.educa.madrid.org\/cp.principesdeasturias.pozuelodealarcon\/\/wp-content\/uploads\/cp.principesdeasturias.pozuelodealarcon\/2026\/02\/SERVICIOS-DEL-CENTRO-2026-27.pdf\" target=\"_blank\" rel=\"noreferrer noopener\">Servicios del centro (2026-2027)<\/a><\/li>\n\n\n\n<li><a href=\"https:\/\/site.educa.madrid.org\/cp.principesdeasturias.pozuelodealarcon\/\/wp-content\/uploads\/cp.principesdeasturias.pozuelodealarcon\/2026\/02\/ACTIVIDADES-EXTRESCOLARES-Y-COMPLEMENTARIAS-26-27.pdf\" target=\"_blank\" rel=\"noreferrer noopener\">Actividades extraescolares (2025-2026)<\/a><\/li>\n\n\n\n<li><a href=\"https:\/\/site.educa.madrid.org\/cp.principesdeasturias.pozuelodealarcon\/\/wp-content\/uploads\/cp.principesdeasturias.pozuelodealarcon\/2026\/02\/SOLICITUDES-PRESENTADAS-ANO-25-26.pdf\" target=\"_blank\" rel=\"noreferrer noopener\">Solicitudes presentadas (2025-2026)<\/a><\/li>\n\n\n\n<li><a href=\"https:\/\/site.educa.madrid.org\/cp.principesdeasturias.pozuelodealarcon\/\/wp-content\/uploads\/cp.principesdeasturias.pozuelodealarcon\/2026\/02\/AMPLIACION-VACANTES-2026-27.pdf\">Ampliaci\u00f3n de vacantes<\/a><\/li>\n\n\n\n<li><a href=\"https:\/\/site.educa.madrid.org\/cp.principesdeasturias.pozuelodealarcon\/\/wp-content\/uploads\/cp.principesdeasturias.pozuelodealarcon\/2026\/02\/PUNTO-DEL-CONSEJO-2026-27.pdf\">Punto del consejo<\/a><\/li>\n\n\n\n<li><a href=\"https:\/\/site.educa.madrid.org\/cp.principesdeasturias.pozuelodealarcon\/\/wp-content\/uploads\/cp.principesdeasturias.pozuelodealarcon\/2026\/02\/UNA-SOLA-SOLICITUD.pdf\">AVISO_ 1 sola solicitud<\/a><\/li>\n<\/ul>\n\n\n\n<p><\/p>\n\n\n\n<div class=\"wp-block-group\"><div class=\"wp-block-group__inner-container is-layout-constrained wp-block-group-is-layout-constrained\">\n<div class=\"wp-block-columns is-layout-flex wp-container-core-columns-is-layout-9d6595d7 wp-block-columns-is-layout-flex\">\n<div class=\"wp-block-column is-layout-flow wp-block-column-is-layout-flow\" style=\"flex-basis:100%\">\n<h3 class=\"wp-block-heading\">Entrega de solicitudes<\/h3>\n\n\n\n<p>Con el fin de facilitar el desarrollo del proceso de admisi\u00f3n, las solicitudes de alumnos para el curso 2026\/2027 se presentar\u00e1n con car\u00e1cter general por v\u00eda telem\u00e1tica, y ser\u00e1n dirigidas al primer centro incluido en la petici\u00f3n. Para ello, las familias utilizar\u00e1n la Secretar\u00eda Virtual, que ser\u00e1 accesible a trav\u00e9s de la p\u00e1gina web de la Comunidad de Madrid.<\/p>\n\n\n\n<p><a href=\"https:\/\/www.comunidad.madrid\/servicios\/educacion\/gestion-telematica-solicitud-admision-alumnos-secretaria-virtual\" target=\"_blank\" rel=\"noreferrer noopener\"><strong>Gesti\u00f3n telem\u00e1tica de solicitud<\/strong><\/a><\/p>\n<\/div>\n<\/div>\n<\/div><\/div>\n","protected":false},"excerpt":{"rendered":"<p>Consulta la informaci\u00f3n necesaria para el proceso de Admisi\u00f3n del Curso 2026-27 En este apartado publicaremos toda la informaci\u00f3n necesaria para participar en el proceso. DOCUMENTACI\u00d3N DE INTER\u00c9S PARA EL PROCESO DE ADMISI\u00d3N Entrega de solicitudes Con el fin de facilitar el desarrollo del proceso de admisi\u00f3n, las solicitudes de alumnos para el curso 2026\/2027<\/p><\/div>\n<div class=\"blog-btn\"><a href=\"https:\/\/site.educa.madrid.org\/cp.principesdeasturias.pozuelodealarcon\/index.php\/proceso-de-admision\/\" class=\"home-blog-btn\">Leer m\u00e1s<\/a><\/p>\n","protected":false},"author":2,"featured_media":0,"parent":0,"menu_order":0,"comment_status":"closed","ping_status":"closed","template":"","meta":{"footnotes":""},"folder":[],"class_list":["post-1363","page","type-page","status-publish","hentry"],"rttpg_featured_image_url":null,"rttpg_author":{"display_name":"tic.cp.principesdeasturias.pozuelodealarcon","author_link":"https:\/\/site.educa.madrid.org\/cp.principesdeasturias.pozuelodealarcon\/index.php\/author\/cuenta_tic-cp-principesdeasturias-pozuelodealarcon\/"},"rttpg_comment":0,"rttpg_category":false,"rttpg_excerpt":"Consulta la informaci\u00f3n necesaria para el proceso de Admisi\u00f3n del Curso 2026-27 En este apartado publicaremos toda la informaci\u00f3n necesaria para participar en el proceso. DOCUMENTACI\u00d3N DE INTER\u00c9S PARA EL PROCESO DE ADMISI\u00d3N Entrega de solicitudes Con el fin de facilitar el desarrollo del proceso de admisi\u00f3n, las solicitudes de alumnos para el curso 2026\/2027Leer&hellip;","post_mailing_queue_ids":[],"_links":{"self":[{"href":"https:\/\/site.educa.madrid.org\/cp.principesdeasturias.pozuelodealarcon\/index.php\/wp-json\/wp\/v2\/pages\/1363","targetHints":{"allow":["GET"]}}],"collection":[{"href":"https:\/\/site.educa.madrid.org\/cp.principesdeasturias.pozuelodealarcon\/index.php\/wp-json\/wp\/v2\/pages"}],"about":[{"href":"https:\/\/site.educa.madrid.org\/cp.principesdeasturias.pozuelodealarcon\/index.php\/wp-json\/wp\/v2\/types\/page"}],"author":[{"embeddable":true,"href":"https:\/\/site.educa.madrid.org\/cp.principesdeasturias.pozuelodealarcon\/index.php\/wp-json\/wp\/v2\/users\/2"}],"replies":[{"embeddable":true,"href":"https:\/\/site.educa.madrid.org\/cp.principesdeasturias.pozuelodealarcon\/index.php\/wp-json\/wp\/v2\/comments?post=1363"}],"version-history":[{"count":30,"href":"https:\/\/site.educa.madrid.org\/cp.principesdeasturias.pozuelodealarcon\/index.php\/wp-json\/wp\/v2\/pages\/1363\/revisions"}],"predecessor-version":[{"id":2671,"href":"https:\/\/site.educa.madrid.org\/cp.principesdeasturias.pozuelodealarcon\/index.php\/wp-json\/wp\/v2\/pages\/1363\/revisions\/2671"}],"wp:attachment":[{"href":"https:\/\/site.educa.madrid.org\/cp.principesdeasturias.pozuelodealarcon\/index.php\/wp-json\/wp\/v2\/media?parent=1363"}],"wp:term":[{"taxonomy":"folder","embeddable":true,"href":"https:\/\/site.educa.madrid.org\/cp.principesdeasturias.pozuelodealarcon\/index.php\/wp-json\/wp\/v2\/folder?post=1363"}],"curies":[{"name":"wp","href":"https:\/\/api.w.org\/{rel}","templated":true}]}}