{"id":722,"date":"2025-01-22T23:03:06","date_gmt":"2025-01-22T22:03:06","guid":{"rendered":"https:\/\/site.educa.madrid.org\/cp.principesdeasturias.pozuelodealarcon\/?page_id=722"},"modified":"2026-09-03T08:22:59","modified_gmt":"2026-09-03T06:22:59","slug":"inicio","status":"publish","type":"page","link":"https:\/\/site.educa.madrid.org\/cp.principesdeasturias.pozuelodealarcon\/","title":{"rendered":"EDUCAR PARA EL FUTURO"},"content":{"rendered":"\n<div class=\"wp-block-columns is-layout-flex wp-container-core-columns-is-layout-9d6595d7 wp-block-columns-is-layout-flex\">\n<div class=\"wp-block-column is-layout-flow wp-block-column-is-layout-flow\" style=\"flex-basis:100%\">\n<div class=\"wp-block-buttons is-content-justification-center is-layout-flex wp-container-core-buttons-is-layout-16018d1d wp-block-buttons-is-layout-flex\">\n<div class=\"wp-block-button\"><a class=\"wp-block-button__link has-text-align-center wp-element-button\" href=\"https:\/\/aulavirtual35.educa.madrid.org\/cp.principesdeasturias.pozuelodealarcon\/\" target=\"_blank\" rel=\"noreferrer noopener\">Aula virtual<\/a><\/div>\n\n\n\n<div class=\"wp-block-button\"><a class=\"wp-block-button__link wp-element-button\" href=\"https:\/\/www.educa2.madrid.org\/educamadrid\/\" target=\"_blank\" rel=\"noreferrer noopener\">Educamadrid<\/a><\/div>\n\n\n\n<div class=\"wp-block-button\"><a class=\"wp-block-button__link wp-element-button\" href=\"https:\/\/www.microsoft.com\/es-es\/microsoft-teams\/log-in\" target=\"_blank\" rel=\"noreferrer noopener\">Teams<\/a><\/div>\n\n\n\n<div class=\"wp-block-button\"><a class=\"wp-block-button__link wp-element-button\" href=\"https:\/\/raices.madrid.org\/raiz_app\/jsp\/portal\/portalraices.html\" target=\"_blank\" rel=\"noreferrer noopener\">Ra\u00edces<\/a><\/div>\n\n\n\n<div class=\"wp-block-button\"><a class=\"wp-block-button__link wp-element-button\" href=\"https:\/\/edu.google.com\/workspace-for-education\/products\/classroom\/\">Google Classroom<\/a><\/div>\n\n\n\n<div class=\"wp-block-button is-style-outline is-style-outline--1\"><a class=\"wp-block-button__link wp-element-button\" href=\"https:\/\/www.instagram.com\/ceipsoppa_\/?hl=en\">Instagram<\/a><\/div>\n\n\n\n<div class=\"wp-block-button is-style-outline is-style-outline--2\"><a class=\"wp-block-button__link wp-element-button\" href=\"https:\/\/x.com\/ceipsoppa?lang=en\">X<\/a><\/div>\n<\/div>\n<\/div>\n<\/div>\n\n\n\n<div class=\"wp-block-group is-content-justification-center is-nowrap is-layout-flex wp-container-core-group-is-layout-94bc23d7 wp-block-group-is-layout-flex\">\n<figure class=\"wp-block-image size-large is-resized\"><img decoding=\"async\" src=\"https:\/\/site.educa.madrid.org\/cp.principesdeasturias.pozuelodealarcon\/\/wp-content\/uploads\/cp.principesdeasturias.pozuelodealarcon\/2025\/06\/cabecera-julio-2024-1.svg\" alt=\"\" class=\"wp-image-1788\" style=\"width:837px;height:auto\"\/><\/figure>\n<\/div>\n\n\n\n<hr class=\"wp-block-separator has-text-color has-cyan-bluish-gray-color has-alpha-channel-opacity has-cyan-bluish-gray-background-color has-background is-style-wide\"\/>\n\n\n\n<hr class=\"wp-block-separator has-text-color has-white-color has-alpha-channel-opacity has-white-background-color has-background is-style-wide\"\/>\n\n\n\n<h2 class=\"wp-block-heading has-vivid-red-color has-text-color has-link-color wp-elements-a3e28b5a5bba246c2f2bc0f7c94c4c0c\">Destacados<\/h2>\n\n\n\n<div style=\"position: relative; width: 100%; height: 0; padding-top: 37.0153%;\n padding-bottom: 0; box-shadow: 0 2px 8px 0 rgba(63,69,81,0.16); margin-top: 1.6em; margin-bottom: 0.9em; overflow: hidden;\n border-radius: 8px; will-change: transform;\">\n  <iframe loading=\"lazy\" style=\"position: absolute; width: 100%; height: 100%; top: 0; left: 0; border: none; padding: 0;margin: 0;\"\n    src=\"https:\/\/www.canva.com\/design\/DAHUD42OFL8\/QCtKBVWdyuQD4I1iaGi6qQ\/view?embed\" allowfullscreen=\"allowfullscreen\" allow=\"fullscreen\">\n  <\/iframe>\n<\/div>\n<a href=\"https:&#x2F;&#x2F;www.canva.com&#x2F;design&#x2F;DAHUD42OFL8&#x2F;QCtKBVWdyuQD4I1iaGi6qQ&#x2F;view?utm_content=DAHUD42OFL8&amp;utm_campaign=designshare&amp;utm_medium=embeds&amp;utm_source=link\" target=\"_blank\" rel=\"noopener\">INICIO CURSO 206-27<\/a> \n\n\n\n<hr class=\"wp-block-separator has-alpha-channel-opacity is-style-dots\"\/>\n\n\n\t\t<div class=\"rttpg-block-postgrid rttpg-block-wrapper rttpg-block-45cf72 section-title-style-style1\">\n\t\t\t<div class=\"rt-container-fluid rt-tpg-container tpg-el-main-wrapper tpg-gutenberg clearfix\">\n\t\t\t\t<div class='tpg-header-wrapper'>\n\t\t\t\t\t\n        <div class=\"tpg-widget-heading-wrapper rt-clear heading-style1 \">\n            <span class=\"tpg-widget-heading-line line-left\"><\/span>\n\t\t\t<h2 class='tpg-widget-heading'>\n\t\t\t            <a href=\"#\"  target=&quot;_self&quot; >\n\t\t\t\t\n\t\t\t\t                    <span>\n\t\t\t\t\t\tInformaci\u00f3n para las familias\t\t\t\t\t<\/span>\n\t\t\t\t\t\n\t\t\t\t            <\/a>\n\n\t\t\t\t\t<\/h2>            <span class=\"tpg-widget-heading-line line-right\"><\/span>\n\n\t\t\t\n        <\/div>\n\n\t\t\n\t\t\t\t\t\t<\/div>\n\t\t\t<\/div>\n\t\t<\/div>\n\t\t\n\n\n<p class=\"has-vivid-red-color has-text-color has-link-color has-medium-font-size wp-elements-059f553ce20434ee1810eaff6b3daa59\"><strong>LIBROS <\/strong><\/p>\n\n\n\n<p class=\"has-cyan-bluish-gray-color has-text-color has-link-color has-medium-font-size wp-elements-d4d95f493cb811a4f95e66378919b474\"><strong><em><a href=\"https:\/\/site.educa.madrid.org\/cp.principesdeasturias.pozuelodealarcon\/\/wp-content\/uploads\/cp.principesdeasturias.pozuelodealarcon\/2026\/07\/Listado-de-Libros_-Infantil_Primaria-y-Secundaria_-curso-2026_27.pdf\" data-type=\"attachment\" data-id=\"3056\">LIBROS- CURSO 2026_27- EDUCACI\u00d3N INFANTIL, PRIMARIA Y SECUNDARIA<\/a><\/em><\/strong><\/p>\n\n\n\n<blockquote class=\"wp-block-quote has-text-align-center is-style-large is-layout-flow wp-block-quote-is-layout-flow\">\n<p><\/p>\n<\/blockquote>\n\n\n\n<p class=\"has-vivid-red-color has-text-color has-link-color wp-elements-a83004bdd0df2e4b9821937c256bd6dd\"><strong>ESCOLARIZACI\u00d3N <\/strong><\/p>\n\n\n\n<p class=\"has-text-align-left has-cyan-bluish-gray-color has-text-color has-link-color wp-elements-876b0c3ddfeab5f65f8df89a8564ac50\"><a href=\"https:\/\/site.educa.madrid.org\/cp.principesdeasturias.pozuelodealarcon\/index.php\/proceso-de-admision\/\" data-type=\"page\" data-id=\"1363\"><strong>Accede a la informaci\u00f3n sobre el PROCESO DE ESCOLARIZACI\u00d3N CURSO 2026-27<\/strong><\/a><\/p>\n\n\n\n<hr class=\"wp-block-separator has-text-color has-cyan-bluish-gray-color has-alpha-channel-opacity has-cyan-bluish-gray-background-color has-background is-style-wide\"\/>\n\n\n\n<div class=\"wp-block-columns is-layout-flex wp-container-core-columns-is-layout-9d6595d7 wp-block-columns-is-layout-flex\">\n<div class=\"wp-block-column is-layout-flow wp-block-column-is-layout-flow\">\t\t<div class=\"rttpg-block-postgrid rttpg-block-wrapper rttpg-block-ab0e50 section-title-style-style1\">\n\t\t\t<div class=\"rt-container-fluid rt-tpg-container tpg-el-main-wrapper tpg-gutenberg clearfix\">\n\t\t\t\t<div class='tpg-header-wrapper'>\n\t\t\t\t\t\n        <div class=\"tpg-widget-heading-wrapper rt-clear heading-style1 \">\n            <span class=\"tpg-widget-heading-line line-left\"><\/span>\n\t\t\t<h2 class='tpg-widget-heading'>\n\t\t\t            <a href=\"#\"  target=&quot;_self&quot; >\n\t\t\t\t\n\t\t\t\t                    <span>\n\t\t\t\t\t\tDocumentos de inter\u00e9s\t\t\t\t\t<\/span>\n\t\t\t\t\t\n\t\t\t\t            <\/a>\n\n\t\t\t\t\t<\/h2>            <span class=\"tpg-widget-heading-line line-right\"><\/span>\n\n\t\t\t\n        <\/div>\n\n\t\t\n\t\t\t\t\t\t<\/div>\n\t\t\t<\/div>\n\t\t<\/div>\n\t\t<\/div>\n<\/div>\n\n\n\n<figure class=\"wp-block-image size-large\"><img loading=\"lazy\" decoding=\"async\" width=\"1024\" height=\"341\" src=\"https:\/\/site.educa.madrid.org\/cp.principesdeasturias.pozuelodealarcon\/\/wp-content\/uploads\/cp.principesdeasturias.pozuelodealarcon\/2026\/02\/ENCABEZADO-INTERIOR_-LIBROS-1-1024x341.png\" alt=\"\" class=\"wp-image-2701\" srcset=\"https:\/\/site.educa.madrid.org\/cp.principesdeasturias.pozuelodealarcon\/\/wp-content\/uploads\/cp.principesdeasturias.pozuelodealarcon\/2026\/02\/ENCABEZADO-INTERIOR_-LIBROS-1-1024x341.png 1024w, https:\/\/site.educa.madrid.org\/cp.principesdeasturias.pozuelodealarcon\/\/wp-content\/uploads\/cp.principesdeasturias.pozuelodealarcon\/2026\/02\/ENCABEZADO-INTERIOR_-LIBROS-1-300x100.png 300w, https:\/\/site.educa.madrid.org\/cp.principesdeasturias.pozuelodealarcon\/\/wp-content\/uploads\/cp.principesdeasturias.pozuelodealarcon\/2026\/02\/ENCABEZADO-INTERIOR_-LIBROS-1-768x256.png 768w, https:\/\/site.educa.madrid.org\/cp.principesdeasturias.pozuelodealarcon\/\/wp-content\/uploads\/cp.principesdeasturias.pozuelodealarcon\/2026\/02\/ENCABEZADO-INTERIOR_-LIBROS-1.png 1500w\" sizes=\"auto, (max-width: 1024px) 100vw, 1024px\" \/><\/figure>\n\n\n\n<div class=\"wp-block-columns is-layout-flex wp-container-core-columns-is-layout-9d6595d7 wp-block-columns-is-layout-flex\">\n<div class=\"wp-block-column is-layout-flow wp-block-column-is-layout-flow\">\n<p><a href=\"https:\/\/site.educa.madrid.org\/cp.principesdeasturias.pozuelodealarcon\/\/wp-content\/uploads\/cp.principesdeasturias.pozuelodealarcon\/2026\/02\/PLAN-DE-CONVIVENCIA-.pdf\">Accede al documento \u00abPlan de Convivencia\u00bb (PDF)<\/a><\/p>\n<\/div>\n\n\n\n<div class=\"wp-block-column is-layout-flow wp-block-column-is-layout-flow\">\n<p class=\"has-text-align-right\"><a href=\"https:\/\/site.educa.madrid.org\/cp.principesdeasturias.pozuelodealarcon\/\/wp-content\/uploads\/cp.principesdeasturias.pozuelodealarcon\/2026\/02\/PROYECTO-EDUCATIVO.pdf\">Accede al documento \u00abProyecto Educativo de Centro\u00bb (PDF)<\/a><\/p>\n<\/div>\n<\/div>\n\n\n\n<hr class=\"wp-block-separator has-text-color has-vivid-red-color has-alpha-channel-opacity has-vivid-red-background-color has-background\"\/>\n\n\n\n<hr class=\"wp-block-separator has-css-opacity is-style-default\"\/>\n\n\n\n\n\n<hr class=\"wp-block-separator has-text-color has-vivid-red-color has-alpha-channel-opacity has-vivid-red-background-color has-background is-style-wide\"\/>\n\n\n        <div class=\"rttpg-block-postgrid rttpg-block-wrapper rttpg-block-c5a56d tpg-wrapper-align-center tpg-filter-type-dropdown section-title-style-style1 img_hover_animation_default title-default title_position_default title_hover_border_default meta_position_default tpg-is-author-icon-default author-image-visibility-icon tpg-category-position-default readmore-btn-default-style grid-hover-overlay-type-always grid-hover-overlay-height-default hover-overlay-height-default tpg-title-border-default filter-nex-prev-btn-visible tpg-cat-style1 slider-scroll-hide act-label-style-inline\">\n            <div class=\"rt-container-fluid rt-tpg-container tpg-el-main-wrapper tpg-gutenberg clearfix grid_hover-layout2-main\"\n                 id=\"rt-tpg-container-1353187548\"\n                 data-layout=\"grid_hover-layout2\"\n                 data-grid-style=\"tpg-even\" data-sc-id=\"elementor\"\n                 data-el-settings=''\n                 data-el-query=''\n                 data-el-path=''>\n\t\t\t\t                <div class='tpg-header-wrapper '>\n\t\t\t\t\t\n        <div class=\"tpg-widget-heading-wrapper rt-clear heading-style1 \">\n            <span class=\"tpg-widget-heading-line line-left\"><\/span>\n\t\t\t<h2 class='tpg-widget-heading'>\n\t\t\t            <a href=\"#\"  >\n\t\t\t\t\n\t\t\t\t                    <span>\n\t\t\t\t\t\tNoticias\t\t\t\t\t<\/span>\n\t\t\t\t\t\n\t\t\t\t            <\/a>\n\n\t\t\t\t\t<\/h2>            <span class=\"tpg-widget-heading-line line-right\"><\/span>\n\n\t\t\t\n        <\/div>\n\n\t\t\n\t\t                <\/div>\n                <div class=\"rt-row rt-content-loader gutenberg-inner grid_hover-layout2 tpg-even grid-behaviour grid_hover_layout_wrapper\">\n\t\t\t\t\t\n<div class=\"rt-col-md-4 rt-col-sm-6 rt-col-xs-12 default rt-grid-hover-item rt-grid-item\" data-id=\"3042\">\n\t<div class=\"rt-holder tpg-post-holder \">\n\t\t<div class=\"rt-detail rt-el-content-wrapper\">\n\t\t\t\t\t\t\t<div class=\"rt-img-holder tpg-el-image-wrap has-thumbnail\">\n\t\t\t\t\t<a data-id=\"3042\" href=\"https:\/\/site.educa.madrid.org\/cp.principesdeasturias.pozuelodealarcon\/index.php\/2026\/06\/28\/concurso-de-talentos\/\" class=\"tpg-post-link\" target=\"_blank\">                        <img loading=\"lazy\" decoding=\"async\" src=\"https:\/\/site.educa.madrid.org\/cp.principesdeasturias.pozuelodealarcon\/\/wp-content\/uploads\/cp.principesdeasturias.pozuelodealarcon\/2026\/06\/talent-show-2-768x432.jpg\"\n                             class=\"rt-img-responsive\"\n                             width=\"696\"\n                             height=\"392\"\n                             alt=\"Concurso de Talentos\">\n\t\t\t\t\t\t\n\t\t\t\t\t\t\t\n\t\t<\/a>\n\t\t        <div class=\"overlay grid-hover-content\"><\/div>\n\t\t\t\t\t\t<\/div>\n\t\t\t\n\t\t\t<div class=\"grid-hover-content\">\n\n\t\t\t\t<div class=\"entry-title-wrapper\"><h3 class=\"entry-title\"><a data-id=\"3042\" href=\"https:\/\/site.educa.madrid.org\/cp.principesdeasturias.pozuelodealarcon\/index.php\/2026\/06\/28\/concurso-de-talentos\/\" class=\"tpg-post-link\" target=\"_blank\">Concurso de Talentos<\/a><\/h3><\/div>\n\n\t\t\t\t\n\t\t\t\t\n\t\t\t\t\t\t\t<\/div>\n\t\t<\/div>\n\t<\/div>\n<\/div>\n\n<div class=\"rt-col-md-4 rt-col-sm-6 rt-col-xs-12 default rt-grid-hover-item rt-grid-item\" data-id=\"3039\">\n\t<div class=\"rt-holder tpg-post-holder \">\n\t\t<div class=\"rt-detail rt-el-content-wrapper\">\n\t\t\t\t\t\t\t<div class=\"rt-img-holder tpg-el-image-wrap has-thumbnail\">\n\t\t\t\t\t<a data-id=\"3039\" href=\"https:\/\/site.educa.madrid.org\/cp.principesdeasturias.pozuelodealarcon\/index.php\/2026\/06\/28\/graduacion-5-anos-y-6o-primaria\/\" class=\"tpg-post-link\" target=\"_blank\">                        <img loading=\"lazy\" decoding=\"async\" src=\"https:\/\/site.educa.madrid.org\/cp.principesdeasturias.pozuelodealarcon\/\/wp-content\/uploads\/cp.principesdeasturias.pozuelodealarcon\/2026\/06\/IMG-20260610-WA0054-768x1024.jpg\"\n                             class=\"rt-img-responsive\"\n                             width=\"696\"\n                             height=\"928\"\n                             alt=\"Graduaci\u00f3n 5 a\u00f1os y 6\u00ba Primaria\">\n\t\t\t\t\t\t\n\t\t\t\t\t\t\t\n\t\t<\/a>\n\t\t        <div class=\"overlay grid-hover-content\"><\/div>\n\t\t\t\t\t\t<\/div>\n\t\t\t\n\t\t\t<div class=\"grid-hover-content\">\n\n\t\t\t\t<div class=\"entry-title-wrapper\"><h3 class=\"entry-title\"><a data-id=\"3039\" href=\"https:\/\/site.educa.madrid.org\/cp.principesdeasturias.pozuelodealarcon\/index.php\/2026\/06\/28\/graduacion-5-anos-y-6o-primaria\/\" class=\"tpg-post-link\" target=\"_blank\">Graduaci\u00f3n 5 a\u00f1os y 6\u00ba Primaria<\/a><\/h3><\/div>\n\n\t\t\t\t\n\t\t\t\t\n\t\t\t\t\t\t\t<\/div>\n\t\t<\/div>\n\t<\/div>\n<\/div>\n\n<div class=\"rt-col-md-4 rt-col-sm-6 rt-col-xs-12 default rt-grid-hover-item rt-grid-item\" data-id=\"3034\">\n\t<div class=\"rt-holder tpg-post-holder \">\n\t\t<div class=\"rt-detail rt-el-content-wrapper\">\n\t\t\t\t\t\t\t<div class=\"rt-img-holder tpg-el-image-wrap has-thumbnail\">\n\t\t\t\t\t<a data-id=\"3034\" href=\"https:\/\/site.educa.madrid.org\/cp.principesdeasturias.pozuelodealarcon\/index.php\/2026\/06\/18\/jornadas-deportivas-2026\/\" class=\"tpg-post-link\" target=\"_blank\">                        <img loading=\"lazy\" decoding=\"async\" src=\"https:\/\/site.educa.madrid.org\/cp.principesdeasturias.pozuelodealarcon\/\/wp-content\/uploads\/cp.principesdeasturias.pozuelodealarcon\/2026\/06\/WhatsApp-Image-2026-06-18-at-15.38.36-1-768x680.jpeg\"\n                             class=\"rt-img-responsive\"\n                             width=\"696\"\n                             height=\"616\"\n                             alt=\"Jornadas deportivas 2026\">\n\t\t\t\t\t\t\n\t\t\t\t\t\t\t\n\t\t<\/a>\n\t\t        <div class=\"overlay grid-hover-content\"><\/div>\n\t\t\t\t\t\t<\/div>\n\t\t\t\n\t\t\t<div class=\"grid-hover-content\">\n\n\t\t\t\t<div class=\"entry-title-wrapper\"><h3 class=\"entry-title\"><a data-id=\"3034\" href=\"https:\/\/site.educa.madrid.org\/cp.principesdeasturias.pozuelodealarcon\/index.php\/2026\/06\/18\/jornadas-deportivas-2026\/\" class=\"tpg-post-link\" target=\"_blank\">Jornadas deportivas 2026<\/a><\/h3><\/div>\n\n\t\t\t\t\n\t\t\t\t\n\t\t\t\t\t\t\t<\/div>\n\t\t<\/div>\n\t<\/div>\n<\/div>\n\n<div class=\"rt-col-md-4 rt-col-sm-6 rt-col-xs-12 default rt-grid-hover-item rt-grid-item\" data-id=\"3028\">\n\t<div class=\"rt-holder tpg-post-holder \">\n\t\t<div class=\"rt-detail rt-el-content-wrapper\">\n\t\t\t\t\t\t\t<div class=\"rt-img-holder tpg-el-image-wrap has-thumbnail\">\n\t\t\t\t\t<a data-id=\"3028\" href=\"https:\/\/site.educa.madrid.org\/cp.principesdeasturias.pozuelodealarcon\/index.php\/2026\/06\/18\/viaje-fin-de-curso-6o-primaria\/\" class=\"tpg-post-link\" target=\"_blank\">                        <img loading=\"lazy\" decoding=\"async\" src=\"https:\/\/site.educa.madrid.org\/cp.principesdeasturias.pozuelodealarcon\/\/wp-content\/uploads\/cp.principesdeasturias.pozuelodealarcon\/2026\/06\/WhatsApp-Image-2026-06-17-at-17.26.30-768x1024.jpeg\"\n                             class=\"rt-img-responsive\"\n                             width=\"696\"\n                             height=\"928\"\n                             alt=\"Viaje fin de curso 6\u00ba Primaria\">\n\t\t\t\t\t\t\n\t\t\t\t\t\t\t\n\t\t<\/a>\n\t\t        <div class=\"overlay grid-hover-content\"><\/div>\n\t\t\t\t\t\t<\/div>\n\t\t\t\n\t\t\t<div class=\"grid-hover-content\">\n\n\t\t\t\t<div class=\"entry-title-wrapper\"><h3 class=\"entry-title\"><a data-id=\"3028\" href=\"https:\/\/site.educa.madrid.org\/cp.principesdeasturias.pozuelodealarcon\/index.php\/2026\/06\/18\/viaje-fin-de-curso-6o-primaria\/\" class=\"tpg-post-link\" target=\"_blank\">Viaje fin de curso 6\u00ba Primaria<\/a><\/h3><\/div>\n\n\t\t\t\t\n\t\t\t\t\n\t\t\t\t\t\t\t<\/div>\n\t\t<\/div>\n\t<\/div>\n<\/div>\n\n<div class=\"rt-col-md-4 rt-col-sm-6 rt-col-xs-12 default rt-grid-hover-item rt-grid-item\" data-id=\"3019\">\n\t<div class=\"rt-holder tpg-post-holder \">\n\t\t<div class=\"rt-detail rt-el-content-wrapper\">\n\t\t\t\t\t\t\t<div class=\"rt-img-holder tpg-el-image-wrap has-thumbnail\">\n\t\t\t\t\t<a data-id=\"3019\" href=\"https:\/\/site.educa.madrid.org\/cp.principesdeasturias.pozuelodealarcon\/index.php\/2026\/06\/18\/4oeso-santillana-del-mar-viaje-fin-de-etapa\/\" class=\"tpg-post-link\" target=\"_blank\">                        <img loading=\"lazy\" decoding=\"async\" src=\"https:\/\/site.educa.madrid.org\/cp.principesdeasturias.pozuelodealarcon\/\/wp-content\/uploads\/cp.principesdeasturias.pozuelodealarcon\/2026\/06\/WhatsApp-Image-2026-06-16-at-14.23.02-1-768x1024.jpeg\"\n                             class=\"rt-img-responsive\"\n                             width=\"696\"\n                             height=\"928\"\n                             alt=\"4\u00baESO, Santillana del Mar, Viaje fin de etapa\">\n\t\t\t\t\t\t\n\t\t\t\t\t\t\t\n\t\t<\/a>\n\t\t        <div class=\"overlay grid-hover-content\"><\/div>\n\t\t\t\t\t\t<\/div>\n\t\t\t\n\t\t\t<div class=\"grid-hover-content\">\n\n\t\t\t\t<div class=\"entry-title-wrapper\"><h3 class=\"entry-title\"><a data-id=\"3019\" href=\"https:\/\/site.educa.madrid.org\/cp.principesdeasturias.pozuelodealarcon\/index.php\/2026\/06\/18\/4oeso-santillana-del-mar-viaje-fin-de-etapa\/\" class=\"tpg-post-link\" target=\"_blank\">4\u00baESO, Santillana del Mar, Viaje fin de etapa<\/a><\/h3><\/div>\n\n\t\t\t\t\n\t\t\t\t\n\t\t\t\t\t\t\t<\/div>\n\t\t<\/div>\n\t<\/div>\n<\/div>\n\n<div class=\"rt-col-md-4 rt-col-sm-6 rt-col-xs-12 default rt-grid-hover-item rt-grid-item\" data-id=\"3014\">\n\t<div class=\"rt-holder tpg-post-holder \">\n\t\t<div class=\"rt-detail rt-el-content-wrapper\">\n\t\t\t\t\t\t\t<div class=\"rt-img-holder tpg-el-image-wrap has-thumbnail\">\n\t\t\t\t\t<a data-id=\"3014\" href=\"https:\/\/site.educa.madrid.org\/cp.principesdeasturias.pozuelodealarcon\/index.php\/2026\/06\/18\/dia-del-medioambiente\/\" class=\"tpg-post-link\" target=\"_blank\">                        <img loading=\"lazy\" decoding=\"async\" src=\"https:\/\/site.educa.madrid.org\/cp.principesdeasturias.pozuelodealarcon\/\/wp-content\/uploads\/cp.principesdeasturias.pozuelodealarcon\/2026\/06\/WhatsApp-Image-2026-06-05-at-15.14.31-768x1024.jpeg\"\n                             class=\"rt-img-responsive\"\n                             width=\"696\"\n                             height=\"928\"\n                             alt=\"D\u00eda del Medioambiente\">\n\t\t\t\t\t\t\n\t\t\t\t\t\t\t\n\t\t<\/a>\n\t\t        <div class=\"overlay grid-hover-content\"><\/div>\n\t\t\t\t\t\t<\/div>\n\t\t\t\n\t\t\t<div class=\"grid-hover-content\">\n\n\t\t\t\t<div class=\"entry-title-wrapper\"><h3 class=\"entry-title\"><a data-id=\"3014\" href=\"https:\/\/site.educa.madrid.org\/cp.principesdeasturias.pozuelodealarcon\/index.php\/2026\/06\/18\/dia-del-medioambiente\/\" class=\"tpg-post-link\" target=\"_blank\">D\u00eda del Medioambiente<\/a><\/h3><\/div>\n\n\t\t\t\t\n\t\t\t\t\n\t\t\t\t\t\t\t<\/div>\n\t\t<\/div>\n\t<\/div>\n<\/div>\n\n<div class=\"rt-col-md-4 rt-col-sm-6 rt-col-xs-12 default rt-grid-hover-item rt-grid-item\" data-id=\"3003\">\n\t<div class=\"rt-holder tpg-post-holder \">\n\t\t<div class=\"rt-detail rt-el-content-wrapper\">\n\t\t\t\t\t\t\t<div class=\"rt-img-holder tpg-el-image-wrap has-thumbnail\">\n\t\t\t\t\t<a data-id=\"3003\" href=\"https:\/\/site.educa.madrid.org\/cp.principesdeasturias.pozuelodealarcon\/index.php\/2026\/06\/18\/3003\/\" class=\"tpg-post-link\" target=\"_blank\">                        <img loading=\"lazy\" decoding=\"async\" src=\"https:\/\/site.educa.madrid.org\/cp.principesdeasturias.pozuelodealarcon\/\/wp-content\/uploads\/cp.principesdeasturias.pozuelodealarcon\/2026\/06\/WhatsApp-Image-2026-06-03-at-22.46.39-768x576.jpeg\"\n                             class=\"rt-img-responsive\"\n                             width=\"696\"\n                             height=\"522\"\n                             alt=\"Premio de poes\u00eda Gerardo Diego\">\n\t\t\t\t\t\t\n\t\t\t\t\t\t\t\n\t\t<\/a>\n\t\t        <div class=\"overlay grid-hover-content\"><\/div>\n\t\t\t\t\t\t<\/div>\n\t\t\t\n\t\t\t<div class=\"grid-hover-content\">\n\n\t\t\t\t<div class=\"entry-title-wrapper\"><h3 class=\"entry-title\"><a data-id=\"3003\" href=\"https:\/\/site.educa.madrid.org\/cp.principesdeasturias.pozuelodealarcon\/index.php\/2026\/06\/18\/3003\/\" class=\"tpg-post-link\" target=\"_blank\">Premio de poes\u00eda Gerardo Diego<\/a><\/h3><\/div>\n\n\t\t\t\t\n\t\t\t\t\n\t\t\t\t\t\t\t<\/div>\n\t\t<\/div>\n\t<\/div>\n<\/div>\n\n<div class=\"rt-col-md-4 rt-col-sm-6 rt-col-xs-12 default rt-grid-hover-item rt-grid-item\" data-id=\"2998\">\n\t<div class=\"rt-holder tpg-post-holder \">\n\t\t<div class=\"rt-detail rt-el-content-wrapper\">\n\t\t\t\t\t\t\t<div class=\"rt-img-holder tpg-el-image-wrap has-thumbnail\">\n\t\t\t\t\t<a data-id=\"2998\" href=\"https:\/\/site.educa.madrid.org\/cp.principesdeasturias.pozuelodealarcon\/index.php\/2026\/06\/18\/wicked-el-musical\/\" class=\"tpg-post-link\" target=\"_blank\">                        <img loading=\"lazy\" decoding=\"async\" src=\"https:\/\/site.educa.madrid.org\/cp.principesdeasturias.pozuelodealarcon\/\/wp-content\/uploads\/cp.principesdeasturias.pozuelodealarcon\/2026\/06\/WhatsApp-Image-2026-05-30-at-12.36.18-1-768x1429.jpeg\"\n                             class=\"rt-img-responsive\"\n                             width=\"696\"\n                             height=\"1295\"\n                             alt=\"Wicked, el Musical\">\n\t\t\t\t\t\t\n\t\t\t\t\t\t\t\n\t\t<\/a>\n\t\t        <div class=\"overlay grid-hover-content\"><\/div>\n\t\t\t\t\t\t<\/div>\n\t\t\t\n\t\t\t<div class=\"grid-hover-content\">\n\n\t\t\t\t<div class=\"entry-title-wrapper\"><h3 class=\"entry-title\"><a data-id=\"2998\" href=\"https:\/\/site.educa.madrid.org\/cp.principesdeasturias.pozuelodealarcon\/index.php\/2026\/06\/18\/wicked-el-musical\/\" class=\"tpg-post-link\" target=\"_blank\">Wicked, el Musical<\/a><\/h3><\/div>\n\n\t\t\t\t\n\t\t\t\t\n\t\t\t\t\t\t\t<\/div>\n\t\t<\/div>\n\t<\/div>\n<\/div>\n\n<div class=\"rt-col-md-4 rt-col-sm-6 rt-col-xs-12 default rt-grid-hover-item rt-grid-item\" data-id=\"2983\">\n\t<div class=\"rt-holder tpg-post-holder \">\n\t\t<div class=\"rt-detail rt-el-content-wrapper\">\n\t\t\t\t\t\t\t<div class=\"rt-img-holder tpg-el-image-wrap has-thumbnail\">\n\t\t\t\t\t<a data-id=\"2983\" href=\"https:\/\/site.educa.madrid.org\/cp.principesdeasturias.pozuelodealarcon\/index.php\/2026\/05\/29\/dictados-en-ingles-en-5-anos\/\" class=\"tpg-post-link\" target=\"_blank\">                        <img loading=\"lazy\" decoding=\"async\" src=\"https:\/\/site.educa.madrid.org\/cp.principesdeasturias.pozuelodealarcon\/\/wp-content\/uploads\/cp.principesdeasturias.pozuelodealarcon\/2026\/05\/WhatsApp-Image-2026-05-28-at-15.20.39-1-768x1024.jpeg\"\n                             class=\"rt-img-responsive\"\n                             width=\"696\"\n                             height=\"928\"\n                             alt=\"DICTADOS EN INGL\u00c9S EN 5 A\u00d1OS\">\n\t\t\t\t\t\t\n\t\t\t\t\t\t\t\n\t\t<\/a>\n\t\t        <div class=\"overlay grid-hover-content\"><\/div>\n\t\t\t\t\t\t<\/div>\n\t\t\t\n\t\t\t<div class=\"grid-hover-content\">\n\n\t\t\t\t<div class=\"entry-title-wrapper\"><h3 class=\"entry-title\"><a data-id=\"2983\" href=\"https:\/\/site.educa.madrid.org\/cp.principesdeasturias.pozuelodealarcon\/index.php\/2026\/05\/29\/dictados-en-ingles-en-5-anos\/\" class=\"tpg-post-link\" target=\"_blank\">DICTADOS EN INGL\u00c9S EN 5 A\u00d1OS<\/a><\/h3><\/div>\n\n\t\t\t\t\n\t\t\t\t\n\t\t\t\t\t\t\t<\/div>\n\t\t<\/div>\n\t<\/div>\n<\/div>\n                <\/div>\n\n\t\t\t\t\n            <\/div>\n        <\/div>\n\t\t\n\n<div class=\"wp-block-image\">\n<figure class=\"aligncenter size-full is-resized\"><a href=\"https:\/\/site.educa.madrid.org\/cp.principesdeasturias.pozuelodealarcon\/index.php\/tablon-de-anuncios\/\" target=\"_blank\" rel=\" noreferrer noopener\"><img loading=\"lazy\" decoding=\"async\" width=\"177\" height=\"100\" src=\"https:\/\/site.educa.madrid.org\/cp.principesdeasturias.pozuelodealarcon\/\/wp-content\/uploads\/cp.principesdeasturias.pozuelodealarcon\/2025\/09\/todas-las-noticias-2-x-2-cm-1.5-x-1.5-cm-edited.png\" alt=\"\" class=\"wp-image-1981\" style=\"width:205px;height:auto\"\/><\/a><\/figure>\n<\/div>\n\n\n<hr class=\"wp-block-separator has-text-color has-vivid-red-color has-alpha-channel-opacity has-vivid-red-background-color has-background is-style-wide\"\/>\n\n\n<div id=\"pl-gb722-6a9b1774ba23a\"  class=\"panel-layout wp-block-siteorigin-panels-layout-block panel-layout\" ><div id=\"pg-gb722-6a9b1774ba23a-0\"  class=\"panel-grid panel-has-style\" ><div class=\"siteorigin-panels-stretch panel-row-style panel-row-style-for-gb722-6a9b1774ba23a-0\" data-stretch-type=\"full\" ><div id=\"pgc-gb722-6a9b1774ba23a-0-0\"  class=\"panel-grid-cell\" ><div id=\"panel-gb722-6a9b1774ba23a-0-0-0\" class=\"so-panel widget widget_sow-headline panel-first-child\" data-index=\"0\" ><div\n\t\t\t\n\t\t\tclass=\"so-widget-sow-headline so-widget-sow-headline-default-85d02bad2d8c-722 so-widget-fittext-wrapper\"\n\t\t\t data-fit-text-compressor=\"0.85\"\n\t\t><div class=\"sow-headline-container \">\n\t\t\t\t\t\t\t<h3 class=\"sow-headline\">\n\t\t\t\t\t\t\u00bfD\u00f3nde estamos?\t\t\t\t\t\t<\/h3>\n\t\t\t\t\t\t\t\t\t\t\t\t<h3 class=\"sow-sub-headline\">\n\t\t\t\t\t\tCalle Atl\u00e1ntico 3, 28224  Pozuelo de Alarc\u00f3n, Madrid\t\t\t\t\t\t<\/h3>\n\t\t\t\t\t\t<\/div>\n<\/div><\/div><div id=\"panel-gb722-6a9b1774ba23a-0-0-1\" class=\"so-panel widget widget_sow-features panel-last-child\" data-index=\"1\" ><div\n\t\t\t\n\t\t\tclass=\"so-widget-sow-features so-widget-sow-features-default-2845561bd5e8-722\"\n\t\t\t\n\t\t><ul\n\tclass=\"sow-features-list\n\tsow-features-responsive\">\n\n\t\t\t<li\n\t\t\tclass=\"sow-features-feature sow-icon-container-position-top\"\n\t\t\tstyle=\"display: flex; flex-direction: column; width: calc(33.333% - 25px);\"\n\t\t>\n\t\t\t\n\t\t\t\t\t\t<div\t\t\t\tclass=\"sow-icon-container sow-container-none\"\n\t\t\t\tstyle=\"color: #404040; \"\n\t\t\t\t\n\t\t\t\t\t\t\t>\n\t\t\t\t<span class=\"sow-icon-fontawesome sow-fas\" data-sow-icon=\"&#xf3fa;\"\n\t\tstyle=\"font-size: 56px; color: #2d2d2d\" \n\t\taria-hidden=\"true\"><\/span>\t\t\t<\/div>\n\n\t\t\t<div class=\"textwidget\">\n\t\t\t\t\n\t\t\t\t\t\t\t\t\t<h5 class=\"sow-features-feature-title\">\n\t\t\t\t\t\tTel\u00e9fonos\t\t\t\t\t<\/h5>\n\t\t\t\t\n\t\t\t\t\t\t\t\t\t<div class=\"sow-features-feature-text\">\n\t\t\t\t\t<h5 class=\"text-align-left m-size-13 size-16\"><span class=\"font-size-16 m-font-size-13\">Tels. 917 140 919<\/span><\/h5>\n<h5 class=\"text-align-left m-size-13 size-16\"><span class=\"font-size-16 m-font-size-13\">Tels. 917 140 919 &#8211; 913 519 974<\/span><\/h5>\n<h5 class=\"m-size-13 text-align-left size-16\"><span class=\"font-size-16 m-font-size-13\">Fax 913 515 144<\/span><\/h5>\n\t\t\t\t\t<\/div>\n\t\t\t\t\t\t\t\t<\/div>\n\t\t\t\t\t\t\t\t<\/li>\n\n\t\t\t<li\n\t\t\tclass=\"sow-features-feature sow-icon-container-position-top\"\n\t\t\tstyle=\"display: flex; flex-direction: column; width: calc(33.333% - 25px);\"\n\t\t>\n\t\t\t\n\t\t\t\t\t\t<div\t\t\t\tclass=\"sow-icon-container sow-container-none\"\n\t\t\t\tstyle=\"color: #2d2d2d; \"\n\t\t\t\t\n\t\t\t\t\t\t\t>\n\t\t\t\t<span class=\"sow-icon-fontawesome sow-fas\" data-sow-icon=\"&#xf3c5;\"\n\t\tstyle=\"font-size: 56px; color: #424242\" \n\t\taria-hidden=\"true\"><\/span>\t\t\t<\/div>\n\n\t\t\t<div class=\"textwidget\">\n\t\t\t\t\n\t\t\t\t\t\t\t\t\t<h5 class=\"sow-features-feature-title\">\n\t\t\t\t\t\tLocalizaci\u00f3n\t\t\t\t\t<\/h5>\n\t\t\t\t\n\t\t\t\t\t\t\t\t\t<div class=\"sow-features-feature-text\">\n\t\t\t\t\t<h5 class=\"text-align-left m-size-13 size-16\"><span class=\"font-size-16 m-font-size-13\">C\/Atl\u00e1ntico 3<\/span><\/h5>\n<h5 class=\"text-align-left m-size-13 size-16\"><span style=\"font-size: 16px\">28224 Pozuelo de Alarc\u00f3n<\/span><\/h5>\n<h5 class=\"text-align-left m-size-13 size-16\"><span class=\"font-size-16 m-font-size-13\">Madrid<\/span><\/h5>\n\t\t\t\t\t<\/div>\n\t\t\t\t\t\t\t\t<\/div>\n\t\t\t\t\t\t\t\t<\/li>\n\n\t\t\t<li\n\t\t\tclass=\"sow-features-feature sow-icon-container-position-top\"\n\t\t\tstyle=\"display: flex; flex-direction: column; width: calc(33.333% - 25px);\"\n\t\t>\n\t\t\t\n\t\t\t\t\t\t<div\t\t\t\tclass=\"sow-icon-container sow-container-none\"\n\t\t\t\tstyle=\"color: #2d2d2d; \"\n\t\t\t\t\n\t\t\t\t\t\t\t>\n\t\t\t\t<span class=\"sow-icon-fontawesome sow-far\" data-sow-icon=\"&#xf0e0;\"\n\t\tstyle=\"font-size: 56px; color: #424242\" \n\t\taria-hidden=\"true\"><\/span>\t\t\t<\/div>\n\n\t\t\t<div class=\"textwidget\">\n\t\t\t\t\n\t\t\t\t\t\t\t\t\t<h5 class=\"sow-features-feature-title\">\n\t\t\t\t\t\tEmail\t\t\t\t\t<\/h5>\n\t\t\t\t\n\t\t\t\t\t\t\t\t\t<div class=\"sow-features-feature-text\">\n\t\t\t\t\t<div id=\"dm\" class=\"dmwr\">\n<div class=\"dm_wrapper standard-var5 widgetStyle-3 standard\">\n<div id=\"1901957768\" class=\"dm-home-page\">\n<div id=\"dm-outer-wrapper\" class=\"standardHeaderLayout dm-bfs dm-layout-home hasAnimations dmPageBody d-page-1716942098 dmFreeHeader runtime-module-container\" data-page-class=\"1716942098\" data-soch=\"true\" data-background-parallax-selector=\".dmHomeSection1, .dmSectionParallex\">\n<div id=\"dmStyle_outerContainer\" class=\"dmOuter\">\n<div id=\"dmStyle_innerContainer\" class=\"dmInner\">\n<div class=\"dmLayoutWrapper standard-var dmStandardDesktop\">\n<div>\n<div id=\"iscrollBody\">\n<div id=\"site_content\">\n<div class=\"dmFooterContainer\">\n<div id=\"fcontainer\" class=\"f_hcontainer dmFooter p_hfcontainer\">\n<div id=\"1943048428\" class=\"dmFooterResp generalFooter\">\n<div id=\"1829204440\" class=\"u_1829204440 dmRespRow\">\n<div id=\"1047312724\" class=\"dmRespColsWrapper\">\n<div id=\"1523693377\" class=\"u_1523693377 dmRespCol small-12 large-6 medium-6\">\n<div id=\"1784927351\" class=\"u_1784927351 dmNewParagraph\" data-element-type=\"paragraph\" data-version=\"5\">\n<h6 class=\"m-size-13 text-align-left size-16\"><a class=\"m-font-size-13 font-size-16\" href=\"mailto:cp.principesdeasturias.pozuelodealarcon@educa.madrid.org\" target=\"_blank\" rel=\"noopener\">cp.principesdeasturias.pozuelodealarcon<\/a><\/h6>\n<h6><a class=\"m-font-size-13 font-size-16\" href=\"mailto:cp.principesdeasturias.pozuelodealarcon@educa.madrid.org\" target=\"_blank\" rel=\"noopener\">@educa.madrid.org<\/a><\/h6>\n<p class=\"text-align-left m-size-10 size-12\">\n<\/p><\/div>\n<\/div>\n<div id=\"1577912803\" class=\"u_1577912803 dmRespCol small-12 large-1 medium-1\">\n<div id=\"1289935525\" class=\"u_1289935525 align-center text-align-center dmSocialHub gapSpacing\" data-element-type=\"social_hub\">\n<div class=\"socialHubWrapper\">\n<div class=\"socialHubInnerDiv \"><\/div>\n<\/div>\n<\/div>\n<\/div>\n<\/div>\n<\/div>\n<\/div>\n<div id=\"1236746004\" data-element-type=\"powered_by\"><\/div>\n<\/div>\n<\/div>\n<\/div>\n<\/div>\n<\/div>\n<\/div>\n<\/div>\n<\/div>\n<\/div>\n<\/div>\n<\/div>\n<\/div>\n<div id=\"fb-root\" data-locale=\"es_ES\"><\/div>\n<div id=\"dmPopup\" class=\"dmPopup\">\n<div class=\"dmPopupCloseWrapper\"><\/div>\n<\/div>\n\t\t\t\t\t<\/div>\n\t\t\t\t\t\t\t\t<\/div>\n\t\t\t\t\t\t\t\t<\/li>\n\n\t<\/ul>\n<\/div><\/div><\/div><\/div><\/div><\/div>\n\n<div id=\"pl-gb722-6a9b1774bc698\"  class=\"panel-layout wp-block-siteorigin-panels-layout-block panel-layout\" ><div id=\"pg-gb722-6a9b1774bc698-0\"  class=\"panel-grid panel-has-style\" ><div class=\"siteorigin-panels-stretch panel-row-style panel-row-style-for-gb722-6a9b1774bc698-0\" data-stretch-type=\"full-width-stretch\" ><div id=\"pgc-gb722-6a9b1774bc698-0-0\"  class=\"panel-grid-cell\" ><div id=\"panel-gb722-6a9b1774bc698-0-0-0\" class=\"so-panel widget panel-first-child panel-last-child\" data-index=\"0\" ><\/div><\/div><\/div><\/div><\/div>\n\n\n<div class=\"wp-block-group\"><div class=\"wp-block-group__inner-container is-layout-constrained wp-block-group-is-layout-constrained\">\n<div class=\"wp-block-columns are-vertically-aligned-center is-layout-flex wp-container-core-columns-is-layout-9d6595d7 wp-block-columns-is-layout-flex\">\n<div class=\"wp-block-column is-vertically-aligned-center is-layout-flow wp-block-column-is-layout-flow\" style=\"flex-basis:100%\"><div id=\"pl-gb722-6a9b1774bd237\"  class=\"panel-layout wp-block-siteorigin-panels-layout-block panel-layout\" ><div id=\"pg-gb722-6a9b1774bd237-0\"  class=\"panel-grid panel-no-style\" ><div id=\"pgc-gb722-6a9b1774bd237-0-0\"  class=\"panel-grid-cell\" ><div id=\"panel-gb722-6a9b1774bd237-0-0-0\" class=\"so-panel widget widget_sow-image panel-first-child panel-last-child\" data-index=\"0\" ><div\n\t\t\t\n\t\t\tclass=\"so-widget-sow-image so-widget-sow-image-default-c67d20f9f743-722\"\n\t\t\t\n\t\t>\n<div class=\"sow-image-container\">\n\t\t\t<a href=\"https:\/\/site.educa.madrid.org\/cp.principesdeasturias.pozuelodealarcon\/\/wp-content\/uploads\/cp.principesdeasturias.pozuelodealarcon\/2025\/02\/Informacion_REACT_UE-1.pdf\"\n\t\t\ttarget=\"_blank\" rel=\"noopener noreferrer\" \t\t>\n\t\t\t<img \n\tsrc=\"https:\/\/site.educa.madrid.org\/cp.principesdeasturias.pozuelodealarcon\/\/wp-content\/uploads\/cp.principesdeasturias.pozuelodealarcon\/2025\/02\/Captura-de-pantalla-2025-02-15-16-02-55-e1739631921516.png\" width=\"955\" height=\"213\" srcset=\"https:\/\/site.educa.madrid.org\/cp.principesdeasturias.pozuelodealarcon\/\/wp-content\/uploads\/cp.principesdeasturias.pozuelodealarcon\/2025\/02\/Captura-de-pantalla-2025-02-15-16-02-55-e1739631921516.png 955w, https:\/\/site.educa.madrid.org\/cp.principesdeasturias.pozuelodealarcon\/\/wp-content\/uploads\/cp.principesdeasturias.pozuelodealarcon\/2025\/02\/Captura-de-pantalla-2025-02-15-16-02-55-e1739631921516-300x67.png 300w, https:\/\/site.educa.madrid.org\/cp.principesdeasturias.pozuelodealarcon\/\/wp-content\/uploads\/cp.principesdeasturias.pozuelodealarcon\/2025\/02\/Captura-de-pantalla-2025-02-15-16-02-55-e1739631921516-768x171.png 768w\" sizes=\"(max-width: 955px) 100vw, 955px\" title=\"Captura-de-pantalla-2025-02-15-16-02-55\" alt=\"\" \t\tclass=\"so-widget-image\"\/>\n\t\t\t<\/a><\/div>\n\n<\/div><\/div><\/div><\/div><\/div><\/div>\n<\/div>\n<\/div><\/div>\n\n\n\n<div class=\"wp-block-columns is-layout-flex wp-container-core-columns-is-layout-9d6595d7 wp-block-columns-is-layout-flex\">\n<div class=\"wp-block-column is-layout-flow wp-block-column-is-layout-flow\" style=\"flex-basis:66.66%\"><\/div>\n<\/div>\n\n\n\n<div class=\"wp-block-columns is-layout-flex wp-container-core-columns-is-layout-9d6595d7 wp-block-columns-is-layout-flex\">\n<div class=\"wp-block-column is-layout-flow wp-block-column-is-layout-flow\"><\/div>\n\n\n\n<div class=\"wp-block-column is-layout-flow wp-block-column-is-layout-flow\"><\/div>\n<\/div>\n\n\n\n<hr class=\"wp-block-separator has-css-opacity is-style-default\"\/>\n","protected":false},"excerpt":{"rendered":"<p>Destacados INICIO CURSO 206-27 LIBROS LIBROS- CURSO 2026_27- EDUCACI\u00d3N INFANTIL, PRIMARIA Y SECUNDARIA ESCOLARIZACI\u00d3N Accede a la informaci\u00f3n sobre el PROCESO DE ESCOLARIZACI\u00d3N CURSO 2026-27 Accede al documento \u00abPlan de Convivencia\u00bb (PDF) Accede al documento \u00abProyecto Educativo de Centro\u00bb (PDF)<\/p>\n","protected":false},"author":2,"featured_media":0,"parent":0,"menu_order":0,"comment_status":"closed","ping_status":"closed","template":"","meta":{"footnotes":""},"folder":[],"class_list":["post-722","page","type-page","status-publish","hentry"],"rttpg_featured_image_url":null,"rttpg_author":{"display_name":"tic.cp.principesdeasturias.pozuelodealarcon","author_link":"https:\/\/site.educa.madrid.org\/cp.principesdeasturias.pozuelodealarcon\/index.php\/author\/cuenta_tic-cp-principesdeasturias-pozuelodealarcon\/"},"rttpg_comment":0,"rttpg_category":false,"rttpg_excerpt":"Destacados INICIO CURSO 206-27 LIBROS LIBROS- CURSO 2026_27- EDUCACI\u00d3N INFANTIL, PRIMARIA Y SECUNDARIA ESCOLARIZACI\u00d3N Accede a la informaci\u00f3n sobre el PROCESO DE ESCOLARIZACI\u00d3N CURSO 2026-27 Accede al documento \u00abPlan de Convivencia\u00bb (PDF) Accede al documento \u00abProyecto Educativo de Centro\u00bb (PDF)","post_mailing_queue_ids":[],"_links":{"self":[{"href":"https:\/\/site.educa.madrid.org\/cp.principesdeasturias.pozuelodealarcon\/index.php\/wp-json\/wp\/v2\/pages\/722","targetHints":{"allow":["GET"]}}],"collection":[{"href":"https:\/\/site.educa.madrid.org\/cp.principesdeasturias.pozuelodealarcon\/index.php\/wp-json\/wp\/v2\/pages"}],"about":[{"href":"https:\/\/site.educa.madrid.org\/cp.principesdeasturias.pozuelodealarcon\/index.php\/wp-json\/wp\/v2\/types\/page"}],"author":[{"embeddable":true,"href":"https:\/\/site.educa.madrid.org\/cp.principesdeasturias.pozuelodealarcon\/index.php\/wp-json\/wp\/v2\/users\/2"}],"replies":[{"embeddable":true,"href":"https:\/\/site.educa.madrid.org\/cp.principesdeasturias.pozuelodealarcon\/index.php\/wp-json\/wp\/v2\/comments?post=722"}],"version-history":[{"count":50,"href":"https:\/\/site.educa.madrid.org\/cp.principesdeasturias.pozuelodealarcon\/index.php\/wp-json\/wp\/v2\/pages\/722\/revisions"}],"predecessor-version":[{"id":3082,"href":"https:\/\/site.educa.madrid.org\/cp.principesdeasturias.pozuelodealarcon\/index.php\/wp-json\/wp\/v2\/pages\/722\/revisions\/3082"}],"wp:attachment":[{"href":"https:\/\/site.educa.madrid.org\/cp.principesdeasturias.pozuelodealarcon\/index.php\/wp-json\/wp\/v2\/media?parent=722"}],"wp:term":[{"taxonomy":"folder","embeddable":true,"href":"https:\/\/site.educa.madrid.org\/cp.principesdeasturias.pozuelodealarcon\/index.php\/wp-json\/wp\/v2\/folder?post=722"}],"curies":[{"name":"wp","href":"https:\/\/api.w.org\/{rel}","templated":true}]}}