{"id":896,"date":"2025-01-27T23:46:29","date_gmt":"2025-01-27T22:46:29","guid":{"rendered":"https:\/\/site.educa.madrid.org\/cp.principesdeasturias.pozuelodealarcon\/?page_id=896"},"modified":"2025-01-28T00:01:23","modified_gmt":"2025-01-27T23:01:23","slug":"primaria-2","status":"publish","type":"page","link":"https:\/\/site.educa.madrid.org\/cp.principesdeasturias.pozuelodealarcon\/index.php\/ensenanzas\/primaria-2\/","title":{"rendered":"PRIMARIA"},"content":{"rendered":"<div id=\"pl-gb896-6a9b268066f51\"  class=\"panel-layout panel-layout\" ><div id=\"pg-gb896-6a9b268066f51-0\"  class=\"panel-grid panel-has-style\" ><div class=\"siteorigin-panels-stretch panel-row-style panel-row-style-for-gb896-6a9b268066f51-0\" data-stretch-type=\"full\" ><div id=\"pgc-gb896-6a9b268066f51-0-0\"  class=\"panel-grid-cell\" ><div id=\"panel-gb896-6a9b268066f51-0-0-0\" class=\"so-panel widget widget_sow-features panel-first-child panel-last-child\" data-index=\"0\" ><div class=\"panel-widget-style panel-widget-style-for-gb896-6a9b268066f51-0-0-0\" ><div\n\t\t\t\n\t\t\tclass=\"so-widget-sow-features so-widget-sow-features-default-935156eda598-896\"\n\t\t\t\n\t\t><ul\n\tclass=\"sow-features-list\n\tsow-features-responsive\">\n\n\t\t\t<li\n\t\t\tclass=\"sow-features-feature sow-icon-container-position-right\"\n\t\t\tstyle=\"display: flex; flex-direction: row; width: calc(33.333% - 25px);\"\n\t\t>\n\t\t\t\n\t\t\t\t\t\t<div\t\t\t\tclass=\"sow-icon-container sow-container-none\"\n\t\t\t\tstyle=\"color: ; \"\n\t\t\t\ttitle=\"PROFESORADO\"\n\t\t\t\t\t\t\t>\n\t\t\t\t<span class=\"sow-icon-elegantline\" data-sow-icon=\"&#xe041;\"\n\t\tstyle=\"font-size: 48px; color: #2d2d2d\" \n\t\taria-hidden=\"true\"><\/span>\t\t\t<\/div>\n\n\t\t\t<div class=\"textwidget\">\n\t\t\t\t\n\t\t\t\t\t\t\t\t\t<h5 class=\"sow-features-feature-title\">\n\t\t\t\t\t\tPROFESORADO\t\t\t\t\t<\/h5>\n\t\t\t\t\n\t\t\t\t\t\t\t\t\t<div class=\"sow-features-feature-text\">\n\t\t\t\t\t<p class=\"text-align-justify\"><span class=\"\">La plantilla del Centro consta de un alto porcentaje de profesores definitivos de distintas especialidades, con una\u00a0<\/span>alta motivaci\u00f3n por la ense\u00f1anza e implicaci\u00f3n en el centro<span class=\"\">. El profesorado realiza cada a\u00f1o, cursos de formaci\u00f3n para la mejora de su labor docente y durante el curso 22-23, se ha centrado en la digitalizaci\u00f3n.<\/span><\/p>\n\t\t\t\t\t<\/div>\n\t\t\t\t\t\t\t\t<\/div>\n\t\t\t\t\t\t\t\t<\/li>\n\n\t\t\t<li\n\t\t\tclass=\"sow-features-feature sow-icon-container-position-right\"\n\t\t\tstyle=\"display: flex; flex-direction: row; width: calc(33.333% - 25px);\"\n\t\t>\n\t\t\t\n\t\t\t\t\t\t<div\t\t\t\tclass=\"sow-icon-container sow-container-none\"\n\t\t\t\tstyle=\"color: ; \"\n\t\t\t\ttitle=\"AULAS DEL CENTRO\"\n\t\t\t\t\t\t\t>\n\t\t\t\t<span class=\"sow-icon-materialicons sowm-regular\" data-sow-icon=\"&#038;#xe80c\"\n\t\tstyle=\"font-size: 48px; color: #2d2d2d\" \n\t\taria-hidden=\"true\"><\/span>\t\t\t<\/div>\n\n\t\t\t<div class=\"textwidget\">\n\t\t\t\t\n\t\t\t\t\t\t\t\t\t<h5 class=\"sow-features-feature-title\">\n\t\t\t\t\t\tAULAS DEL CENTRO\t\t\t\t\t<\/h5>\n\t\t\t\t\n\t\t\t\t\t\t\t\t\t<div class=\"sow-features-feature-text\">\n\t\t\t\t\t<p class=\"text-align-justify\"><span class=\"\">El Centro imparte la\u00a0<\/span>Etapa de Primaria desde 1\u00ba hasta 6\u00ba\u00a0<span class=\"\">disponemos de dos aulas por cada nivel\u00a0<\/span><span class=\"\">sumando un total de 12, distribuidas en dos plantas. Contamos con un\u00a0<\/span>gimnasio y pistas polideportivas<span class=\"\">, as\u00ed como un\u00a0<\/span><span class=\"\">aula de m\u00fasica\u00a0<\/span><span class=\"\">y un aula de inform\u00e1tica en plena ebullici\u00f3n hacia la metodolog\u00eda del\u00a0<\/span>Aula del futuro.<\/p>\n<p class=\"text-align-justify\"><span class=\"\">Durante los cursos, 2021-22 y 22-23, se est\u00e1 llevando a cabo un\u00a0<\/span><span class=\"\">programa en el Huerto Escolar\u00a0<\/span><span class=\"\">con lo que todos los viernes, contamos con un\u00a0<\/span>aula exterior y monitores profesionales, donde se nos ense\u00f1a la importancia de los alimentos y el cuidado de los insectos.<\/p>\n\t\t\t\t\t<\/div>\n\t\t\t\t\t\t\t\t<\/div>\n\t\t\t\t\t\t\t\t<\/li>\n\n\t\t\t<li\n\t\t\tclass=\"sow-features-feature sow-icon-container-position-right\"\n\t\t\tstyle=\"display: flex; flex-direction: row; width: calc(33.333% - 25px);\"\n\t\t>\n\t\t\t\n\t\t\t\t\t\t<div\t\t\t\tclass=\"sow-icon-container sow-container-none\"\n\t\t\t\tstyle=\"color: ; \"\n\t\t\t\ttitle=\"HORARIO DE INGL\u00c9S\"\n\t\t\t\t\t\t\t>\n\t\t\t\t<span class=\"sow-icon-materialicons sowm-regular\" data-sow-icon=\"&#038;#xf8df\"\n\t\tstyle=\"font-size: 48px; color: #2d2d2d\" \n\t\taria-hidden=\"true\"><\/span>\t\t\t<\/div>\n\n\t\t\t<div class=\"textwidget\">\n\t\t\t\t\n\t\t\t\t\t\t\t\t\t<h5 class=\"sow-features-feature-title\">\n\t\t\t\t\t\tHORARIO DE INGL\u00c9S\t\t\t\t\t<\/h5>\n\t\t\t\t\n\t\t\t\t\t\t\t\t\t<div class=\"sow-features-feature-text\">\n\t\t\t\t\t<p class=\"text-align-justify\"><span class=\"\">Se imparten en ingl\u00e9s las \u00e1reas de Ciencias Sociales, Ciencias Naturales, Art\u00edstica, M\u00fasica y Educaci\u00f3n F\u00edsica.\u00a0<\/span>Las \u00e1reas son impartidas por especialistas habilitados para impartirlas en ingl\u00e9s mediante la acreditaci\u00f3n oficial de la Comunidad de Madrid.<\/p>\n<p class=\"text-align-justify\"><span class=\"\">Contamos con\u00a0<\/span>tres AUXILIARES DE CONVERSACI\u00d3N<span class=\"\">\u00a0nativos de pa\u00edses de habla inglesa para practicar el lenguaje oral con los alumnos.<\/span><\/p>\n\t\t\t\t\t<\/div>\n\t\t\t\t\t\t\t\t<\/div>\n\t\t\t\t\t\t\t\t<\/li>\n\n\t\t\t<li\n\t\t\tclass=\"sow-features-feature sow-icon-container-position-right\"\n\t\t\tstyle=\"display: flex; flex-direction: row; width: calc(33.333% - 25px);\"\n\t\t>\n\t\t\t\n\t\t\t\t\t\t<div\t\t\t\tclass=\"sow-icon-container sow-container-none\"\n\t\t\t\tstyle=\"color: ; \"\n\t\t\t\ttitle=\"RESULTADO DE PRUEBAS EXTERNAS\"\n\t\t\t\t\t\t\t>\n\t\t\t\t<span class=\"sow-icon-materialicons sowm-regular\" data-sow-icon=\"&#038;#xea19\"\n\t\tstyle=\"font-size: 48px; color: #2d2d2d\" \n\t\taria-hidden=\"true\"><\/span>\t\t\t<\/div>\n\n\t\t\t<div class=\"textwidget\">\n\t\t\t\t\n\t\t\t\t\t\t\t\t\t<h5 class=\"sow-features-feature-title\">\n\t\t\t\t\t\tRESULTADO DE PRUEBAS EXTERNAS\t\t\t\t\t<\/h5>\n\t\t\t\t\n\t\t\t\t\t\t\t\t\t<div class=\"sow-features-feature-text\">\n\t\t\t\t\t<p class=\"text-align-justify\">El centro realiza tres pruebas externas de la Comunidad de Madrid a lo largo del curso:<\/p>\n<p class=\"text-align-justify\"><a href=\"https:\/\/cdn.website-editor.net\/s\/95c9578a2e164de9bf3817b54493c05d\/files\/uploaded\/Pruebas%2520de%2520Nivel%25206%25C2%25BA%2520Primaria_ZGQifSHSIWFwMV46VmXA.pdf?Expires=1740609108&amp;Signature=VwksbRXpqc0~gANQoUrgPTPNFzqvjDlEWXcyismREIOFKIf4DAZ3Ce8EHY~GQjHXNCAtJGBr78lAtgY96kZkK834mFGMwFf~aG73-kasmLrrqwJ3xfUbgjl4alAgpc87TYO3C~nRowGMKuIO~t6vk7mNmnQKQmRQ3HvxWICnl4Xq1MGEsxkp88DUR0EGno9lboGWq~VTcU55kCLBQMgsoUjxXaUc1NBjcu2Xju22ba6QkJoko18WgujM0BRbW7s-XwQHKDVkenRdi9yU1LZdRViLbI1jEWUDLBzK12Sf6QlLOtVtCLubEr6Y~3s0a9pRqK7F7ji6lsgNy64p-xmF4Q__&amp;Key-Pair-Id=K2NXBXLF010TJW\" target=\"_blank\" rel=\"noopener\">Datos estad\u00edsticos del centro.<\/a><\/p>\n<ul class=\"defaultList bullet\">\n<li class=\"text-align-justify\"><span class=\"\">En 6\u00ba de Primaria:<\/span><\/li>\n<\/ul>\n<ul class=\"defaultList bullet\">\n<li class=\"text-align-justify ql-indent-1\"><span class=\"\">Prueba diagn\u00f3stica, con el objetivo de comprobar el grado de adquisici\u00f3n de las siguientes competencias:\u00a0<\/span>comunicaci\u00f3n ling\u00fc\u00edstica en espa\u00f1ol y en ingl\u00e9s, competencia matem\u00e1tica, y competencias b\u00e1sicas en ciencia y tecnolog\u00eda, as\u00ed como el logro de los objetivos de la etapa.<\/li>\n<\/ul>\n<ul class=\"defaultList bullet\">\n<li class=\"text-align-justify ql-indent-1\"><span class=\"\">Prueba de evaluaci\u00f3n de las cuatro\u00a0<\/span>destrezas en Ingl\u00e9s, de car\u00e1cter obligatorio para aquellos alumnos procedentes de estos centros que deseen continuar sus estudios en la secci\u00f3n biling\u00fce de un instituto biling\u00fce, en esta evaluaci\u00f3n participan instituciones externas de reconocido prestigio internacional.<\/li>\n<\/ul>\n\t\t\t\t\t<\/div>\n\t\t\t\t\t\t\t\t<\/div>\n\t\t\t\t\t\t\t\t<\/li>\n\n\t\t\t<li\n\t\t\tclass=\"sow-features-feature sow-icon-container-position-right\"\n\t\t\tstyle=\"display: flex; flex-direction: row; width: calc(33.333% - 25px);\"\n\t\t>\n\t\t\t\n\t\t\t\t\t\t<div\t\t\t\tclass=\"sow-icon-container sow-container-none\"\n\t\t\t\tstyle=\"color: ; \"\n\t\t\t\ttitle=\"COMPETENCIA DIGITAL Y ROB\u00d3TICA\"\n\t\t\t\t\t\t\t>\n\t\t\t\t<span class=\"sow-icon-materialicons sowm-regular\" data-sow-icon=\"&#038;#xe518\"\n\t\tstyle=\"font-size: 48px; color: #2d2d2d\" \n\t\taria-hidden=\"true\"><\/span>\t\t\t<\/div>\n\n\t\t\t<div class=\"textwidget\">\n\t\t\t\t\n\t\t\t\t\t\t\t\t\t<h5 class=\"sow-features-feature-title\">\n\t\t\t\t\t\tCOMPETENCIA DIGITAL Y ROB\u00d3TICA\t\t\t\t\t<\/h5>\n\t\t\t\t\n\t\t\t\t\t\t\t\t\t<div class=\"sow-features-feature-text\">\n\t\t\t\t\t<p class=\"text-align-justify\"><span class=\"\">Apostamos por la mejora de la ense\u00f1anza y la innovaci\u00f3n. Hemos incluido una asignatura de\u00a0<\/span><span class=\"\">Rob\u00f3tica y Programaci\u00f3n desde los 6 a los 12 a\u00f1os.<\/span><\/p>\n<ul class=\"defaultList bullet\">\n<li class=\"text-align-justify\">Proyecto Digicraft<\/li>\n<li class=\"text-align-justify\">Proyecto Go Stem (Edelvives)<\/li>\n<li class=\"text-align-justify\"><span class=\"\">Proyecto de Digitalizaci\u00f3n (24 ordenadores de sobremesa, 30 port\u00e1tiles, 22 tablets a disposici\u00f3n del profesorado y del alumnado)<\/span><\/li>\n<\/ul>\n<p class=\"text-align-justify\">El Ayuntamiento de Pozuelo de Alarc\u00f3n aporta al centro una profesora de apoyo, especialista en tecnolog\u00eda, que acompa\u00f1a al profesorado en el aula para un mejor uso de los dispositivos.<\/p>\n\t\t\t\t\t<\/div>\n\t\t\t\t\t\t\t\t<\/div>\n\t\t\t\t\t\t\t\t<\/li>\n\n\t\t\t<li\n\t\t\tclass=\"sow-features-feature sow-icon-container-position-right\"\n\t\t\tstyle=\"display: flex; flex-direction: row; width: calc(33.333% - 25px);\"\n\t\t>\n\t\t\t\n\t\t\t\t\t\t<div\t\t\t\tclass=\"sow-icon-container sow-container-none\"\n\t\t\t\tstyle=\"color: ; \"\n\t\t\t\ttitle=\"PROYECTOS\"\n\t\t\t\t\t\t\t>\n\t\t\t\t<span class=\"sow-icon-elegantline\" data-sow-icon=\"&#xe056;\"\n\t\tstyle=\"font-size: 48px; color: #2d2d2d\" \n\t\taria-hidden=\"true\"><\/span>\t\t\t<\/div>\n\n\t\t\t<div class=\"textwidget\">\n\t\t\t\t\n\t\t\t\t\t\t\t\t\t<h5 class=\"sow-features-feature-title\">\n\t\t\t\t\t\tPROYECTOS\t\t\t\t\t<\/h5>\n\t\t\t\t\n\t\t\t\t\t\t\t\t\t<div class=\"sow-features-feature-text\">\n\t\t\t\t\t<ul class=\"defaultList bullet\">\n<li class=\"text-align-justify\">Taller de enriquecimiento curricular para<span class=\"\">\u00a0alumnos de altas capacidades y\/o alto rendimiento escolar<\/span><\/li>\n<\/ul>\n<ul class=\"defaultList bullet\">\n<li class=\"text-align-justify\"><span class=\"\">Global Scholars (Ingl\u00e9s)<\/span><\/li>\n<\/ul>\n<ul class=\"defaultList bullet\">\n<li class=\"text-align-justify\">Erasmus + (Escuela Hermana)<\/li>\n<\/ul>\n\t\t\t\t\t<\/div>\n\t\t\t\t\t\t\t\t<\/div>\n\t\t\t\t\t\t\t\t<\/li>\n\n\t<\/ul>\n<\/div><\/div><\/div><\/div><\/div><\/div><div id=\"pg-gb896-6a9b268066f51-1\"  class=\"panel-grid panel-has-style\" ><div class=\"siteorigin-panels-stretch panel-row-style panel-row-style-for-gb896-6a9b268066f51-1\" data-stretch-type=\"full-width-stretch\" ><div id=\"pgc-gb896-6a9b268066f51-1-0\"  class=\"panel-grid-cell\" ><div id=\"panel-gb896-6a9b268066f51-1-0-0\" class=\"so-panel widget widget_sow-hero panel-first-child panel-last-child\" data-index=\"1\" ><div\n\t\t\t\n\t\t\tclass=\"so-widget-sow-hero so-widget-sow-hero-default-c36093880ee1-896 so-widget-fittext-wrapper\"\n\t\t\t data-fit-text-compressor=\"0.85\"\n\t\t>\t\t\t\t<div class=\"sow-slider-base\" style=\"display: none\" tabindex=\"0\">\n\t\t\t\t\t<ul\n\t\t\t\t\tclass=\"sow-slider-images\"\n\t\t\t\t\tdata-settings=\"{&quot;pagination&quot;:true,&quot;speed&quot;:800,&quot;timeout&quot;:8000,&quot;paused&quot;:false,&quot;pause_on_hover&quot;:false,&quot;swipe&quot;:true,&quot;nav_always_show_desktop&quot;:&quot;&quot;,&quot;nav_always_show_mobile&quot;:&quot;&quot;,&quot;breakpoint&quot;:&quot;780px&quot;,&quot;unmute&quot;:false,&quot;anchor&quot;:null}\"\n\t\t\t\t\tstyle=\"min-height: 860px\"\t\t\t\t\tdata-anchor-id=\"\"\n\t\t\t\t>\t\t<li class=\"sow-slider-image  sow-slider-image-cover\" style=\"visibility: visible;;background-color: #333333\" >\n\t\t\t\t\t<div class=\"sow-slider-image-container\">\n\t\t\t<div class=\"sow-slider-image-wrapper\">\n\t\t\t\t\t\t\t<\/div>\n\t\t<\/div>\n\t\t<div class=\"sow-slider-image-overlay sow-slider-image-cover\" style=\"opacity: 0.4;background-image: url(https:\/\/site.educa.madrid.org\/cp.principesdeasturias.pozuelodealarcon\/\/wp-content\/uploads\/cp.principesdeasturias.pozuelodealarcon\/2025\/01\/Primaria-1-e1738018541117.png)\"  ><\/div>\t\t<\/li>\n\t\t<\/ul>\t\t\t\t<ol class=\"sow-slider-pagination\">\n\t\t\t\t\t\t\t\t\t\t\t<li><a href=\"#\" data-goto=\"0\" aria-label=\"Display slide 1\"><\/a><\/li>\n\t\t\t\t\t\t\t\t\t<\/ol>\n\n\t\t\t\t<div class=\"sow-slide-nav sow-slide-nav-next\">\n\t\t\t\t\t<a href=\"#\" data-goto=\"next\" aria-label=\"Next slide\" data-action=\"next\">\n\t\t\t\t\t\t<em class=\"sow-sld-icon-thin-right\"><\/em>\n\t\t\t\t\t<\/a>\n\t\t\t\t<\/div>\n\n\t\t\t\t<div class=\"sow-slide-nav sow-slide-nav-prev\">\n\t\t\t\t\t<a href=\"#\" data-goto=\"previous\" aria-label=\"Previous slide\" data-action=\"prev\">\n\t\t\t\t\t\t<em class=\"sow-sld-icon-thin-left\"><\/em>\n\t\t\t\t\t<\/a>\n\t\t\t\t<\/div>\n\t\t\t\t<\/div><\/div><\/div><\/div><\/div><\/div><\/div>","protected":false},"excerpt":{"rendered":"","protected":false},"author":2,"featured_media":0,"parent":705,"menu_order":0,"comment_status":"closed","ping_status":"closed","template":"","meta":{"footnotes":""},"folder":[],"class_list":["post-896","page","type-page","status-publish","hentry"],"rttpg_featured_image_url":null,"rttpg_author":{"display_name":"tic.cp.principesdeasturias.pozuelodealarcon","author_link":"https:\/\/site.educa.madrid.org\/cp.principesdeasturias.pozuelodealarcon\/index.php\/author\/cuenta_tic-cp-principesdeasturias-pozuelodealarcon\/"},"rttpg_comment":0,"rttpg_category":false,"rttpg_excerpt":null,"post_mailing_queue_ids":[],"_links":{"self":[{"href":"https:\/\/site.educa.madrid.org\/cp.principesdeasturias.pozuelodealarcon\/index.php\/wp-json\/wp\/v2\/pages\/896","targetHints":{"allow":["GET"]}}],"collection":[{"href":"https:\/\/site.educa.madrid.org\/cp.principesdeasturias.pozuelodealarcon\/index.php\/wp-json\/wp\/v2\/pages"}],"about":[{"href":"https:\/\/site.educa.madrid.org\/cp.principesdeasturias.pozuelodealarcon\/index.php\/wp-json\/wp\/v2\/types\/page"}],"author":[{"embeddable":true,"href":"https:\/\/site.educa.madrid.org\/cp.principesdeasturias.pozuelodealarcon\/index.php\/wp-json\/wp\/v2\/users\/2"}],"replies":[{"embeddable":true,"href":"https:\/\/site.educa.madrid.org\/cp.principesdeasturias.pozuelodealarcon\/index.php\/wp-json\/wp\/v2\/comments?post=896"}],"version-history":[{"count":3,"href":"https:\/\/site.educa.madrid.org\/cp.principesdeasturias.pozuelodealarcon\/index.php\/wp-json\/wp\/v2\/pages\/896\/revisions"}],"predecessor-version":[{"id":901,"href":"https:\/\/site.educa.madrid.org\/cp.principesdeasturias.pozuelodealarcon\/index.php\/wp-json\/wp\/v2\/pages\/896\/revisions\/901"}],"up":[{"embeddable":true,"href":"https:\/\/site.educa.madrid.org\/cp.principesdeasturias.pozuelodealarcon\/index.php\/wp-json\/wp\/v2\/pages\/705"}],"wp:attachment":[{"href":"https:\/\/site.educa.madrid.org\/cp.principesdeasturias.pozuelodealarcon\/index.php\/wp-json\/wp\/v2\/media?parent=896"}],"wp:term":[{"taxonomy":"folder","embeddable":true,"href":"https:\/\/site.educa.madrid.org\/cp.principesdeasturias.pozuelodealarcon\/index.php\/wp-json\/wp\/v2\/folder?post=896"}],"curies":[{"name":"wp","href":"https:\/\/api.w.org\/{rel}","templated":true}]}}