{"id":904,"date":"2025-01-28T00:11:32","date_gmt":"2025-01-27T23:11:32","guid":{"rendered":"https:\/\/site.educa.madrid.org\/cp.principesdeasturias.pozuelodealarcon\/?page_id=904"},"modified":"2025-01-28T00:20:36","modified_gmt":"2025-01-27T23:20:36","slug":"secundaria-2","status":"publish","type":"page","link":"https:\/\/site.educa.madrid.org\/cp.principesdeasturias.pozuelodealarcon\/index.php\/ensenanzas\/secundaria-2\/","title":{"rendered":"SECUNDARIA"},"content":{"rendered":"<div id=\"pl-gb904-6a9b2607695b7\"  class=\"panel-layout panel-layout\" ><div id=\"pg-gb904-6a9b2607695b7-0\"  class=\"panel-grid panel-has-style\" ><div class=\"siteorigin-panels-stretch panel-row-style panel-row-style-for-gb904-6a9b2607695b7-0\" data-stretch-type=\"full\" ><div id=\"pgc-gb904-6a9b2607695b7-0-0\"  class=\"panel-grid-cell\" ><div id=\"panel-gb904-6a9b2607695b7-0-0-0\" class=\"so-panel widget widget_sow-features panel-first-child panel-last-child\" data-index=\"0\" ><div class=\"panel-widget-style panel-widget-style-for-gb904-6a9b2607695b7-0-0-0\" ><div\n\t\t\t\n\t\t\tclass=\"so-widget-sow-features so-widget-sow-features-default-e2605cd4ba30-904\"\n\t\t\t\n\t\t><ul\n\tclass=\"sow-features-list\n\tsow-features-responsive\">\n\n\t\t\t<li\n\t\t\tclass=\"sow-features-feature sow-icon-container-position-right\"\n\t\t\tstyle=\"display: flex; flex-direction: row; width: calc(100% - 25px);\"\n\t\t>\n\t\t\t\n\t\t\t\t\t\t<div\t\t\t\tclass=\"sow-icon-container sow-container-none\"\n\t\t\t\tstyle=\"color: ; \"\n\t\t\t\ttitle=\"TAQUILLAS\"\n\t\t\t\t\t\t\t>\n\t\t\t\t<span class=\"sow-icon-materialicons sowm-regular\" data-sow-icon=\"&#038;#xe518\"\n\t\tstyle=\"font-size: 48px; color: #2d2d2d\" \n\t\taria-hidden=\"true\"><\/span>\t\t\t<\/div>\n\n\t\t\t<div class=\"textwidget\">\n\t\t\t\t\n\t\t\t\t\t\t\t\t\t<h5 class=\"sow-features-feature-title\">\n\t\t\t\t\t\tTAQUILLAS\t\t\t\t\t<\/h5>\n\t\t\t\t\n\t\t\t\t\t\t\t\t\t<div class=\"sow-features-feature-text\">\n\t\t\t\t\t<p>En todas las plantas del edificio, contamos con<span class=\"\">\u00a0taquillas para uso individual<\/span><span class=\"\">\u00a0de los alumnos.<\/span><\/p>\n\t\t\t\t\t<\/div>\n\t\t\t\t\t\t\t\t<\/div>\n\t\t\t\t\t\t\t\t<\/li>\n\n\t\t\t<li\n\t\t\tclass=\"sow-features-feature sow-icon-container-position-right\"\n\t\t\tstyle=\"display: flex; flex-direction: row; width: calc(100% - 25px);\"\n\t\t>\n\t\t\t\n\t\t\t\t\t\t<div\t\t\t\tclass=\"sow-icon-container sow-container-none\"\n\t\t\t\tstyle=\"color: ; \"\n\t\t\t\ttitle=\"SERVICIOS\"\n\t\t\t\t\t\t\t>\n\t\t\t\t<span class=\"sow-icon-materialicons sowm-regular\" data-sow-icon=\"&#038;#xea19\"\n\t\tstyle=\"font-size: 48px; color: #2d2d2d\" \n\t\taria-hidden=\"true\"><\/span>\t\t\t<\/div>\n\n\t\t\t<div class=\"textwidget\">\n\t\t\t\t\n\t\t\t\t\t\t\t\t\t<h5 class=\"sow-features-feature-title\">\n\t\t\t\t\t\tSERVICIOS\t\t\t\t\t<\/h5>\n\t\t\t\t\n\t\t\t\t\t\t\t\t\t<div class=\"sow-features-feature-text\">\n\t\t\t\t\t<p class=\"text-align-justify\"><span class=\"\">Los alumnos tienen a su disposici\u00f3n el\u00a0<\/span>servicio de comedor y ruta de regreso.<\/p>\n\t\t\t\t\t<\/div>\n\t\t\t\t\t\t\t\t<\/div>\n\t\t\t\t\t\t\t\t<\/li>\n\n\t\t\t<li\n\t\t\tclass=\"sow-features-feature sow-icon-container-position-right\"\n\t\t\tstyle=\"display: flex; flex-direction: row; width: calc(100% - 25px);\"\n\t\t>\n\t\t\t\n\t\t\t\t\t\t<div\t\t\t\tclass=\"sow-icon-container sow-container-none\"\n\t\t\t\tstyle=\"color: ; \"\n\t\t\t\ttitle=\"AULAS DEL CENTRO\"\n\t\t\t\t\t\t\t>\n\t\t\t\t<span class=\"sow-icon-materialicons sowm-regular\" data-sow-icon=\"&#038;#xe80c\"\n\t\tstyle=\"font-size: 48px; color: #2d2d2d\" \n\t\taria-hidden=\"true\"><\/span>\t\t\t<\/div>\n\n\t\t\t<div class=\"textwidget\">\n\t\t\t\t\n\t\t\t\t\t\t\t\t\t<h5 class=\"sow-features-feature-title\">\n\t\t\t\t\t\tAULAS DEL CENTRO\t\t\t\t\t<\/h5>\n\t\t\t\t\n\t\t\t\t\t\t\t\t\t<div class=\"sow-features-feature-text\">\n\t\t\t\t\t<p>En el centro se imparte la etapa completa de Educaci\u00f3n Obligatoria Secundaria de 1\u00ba a 4\u00ba ESO, 2 grupos por nivel, en total 8 aulas. Adem\u00e1s, el centro cuenta con laboratorio de ciencias, laboratorio de tecnolog\u00eda, aula de inform\u00e1tica, biblioteca, aula de m\u00fasica y taller de pl\u00e1stica.<\/p>\n\t\t\t\t\t<\/div>\n\t\t\t\t\t\t\t\t<\/div>\n\t\t\t\t\t\t\t\t<\/li>\n\n\t\t\t<li\n\t\t\tclass=\"sow-features-feature sow-icon-container-position-top\"\n\t\t\tstyle=\"display: flex; flex-direction: column; width: calc(100% - 25px);\"\n\t\t>\n\t\t\t\n\t\t\t\t\t\t<div\t\t\t\tclass=\"sow-icon-container sow-container-none\"\n\t\t\t\tstyle=\"color: #404040; \"\n\t\t\t\ttitle=\"RESERVA DE PLAZAS\"\n\t\t\t\t\t\t\t>\n\t\t\t\t\t\t\t<\/div>\n\n\t\t\t<div class=\"textwidget\">\n\t\t\t\t\n\t\t\t\t\t\t\t\t\t<h5 class=\"sow-features-feature-title\">\n\t\t\t\t\t\tRESERVA DE PLAZAS\t\t\t\t\t<\/h5>\n\t\t\t\t\n\t\t\t\t\t\t\t\t\t<div class=\"sow-features-feature-text\">\n\t\t\t\t\t<p><span class=\"\">Nuestros alumnos de 4\u00ba de ESO\u00a0<\/span>tienen reservadas plazas en los Institutos Gerardo Diego y Camilo Jos\u00e9 Cela<span class=\"\">,\u00a0<\/span>para cursar Bachillerato de excelencia o el ordinario.<\/p>\n\t\t\t\t\t<\/div>\n\t\t\t\t\t\t\t\t<\/div>\n\t\t\t\t\t\t\t\t<\/li>\n\n\t\t\t<li\n\t\t\tclass=\"sow-features-feature sow-icon-container-position-right\"\n\t\t\tstyle=\"display: flex; flex-direction: row; width: calc(100% - 25px);\"\n\t\t>\n\t\t\t\n\t\t\t\t\t\t<div\t\t\t\tclass=\"sow-icon-container sow-container-none\"\n\t\t\t\tstyle=\"color: ; \"\n\t\t\t\ttitle=\"PROFESORADO\"\n\t\t\t\t\t\t\t>\n\t\t\t\t<span class=\"sow-icon-elegantline\" data-sow-icon=\"&#xe041;\"\n\t\tstyle=\"font-size: 48px; color: #2d2d2d\" \n\t\taria-hidden=\"true\"><\/span>\t\t\t<\/div>\n\n\t\t\t<div class=\"textwidget\">\n\t\t\t\t\n\t\t\t\t\t\t\t\t\t<h5 class=\"sow-features-feature-title\">\n\t\t\t\t\t\tPROFESORADO\t\t\t\t\t<\/h5>\n\t\t\t\t\n\t\t\t\t\t\t\t\t\t<div class=\"sow-features-feature-text\">\n\t\t\t\t\t<p class=\"text-align-justify\">Contamos con profesores definitivos en lengua, ingl\u00e9s, biolog\u00eda y matem\u00e1ticas as\u00ed como otros profesionales que repiten cada a\u00f1o y est\u00e1n plenamente integrados en la metodolog\u00eda de trabajo del CEIPSO. A diferencia de un Instituto, el CEIPSO cuenta con las ventajas de la<span class=\"\">\u00a0comunicaci\u00f3n directa entre el profesorado de Primaria y Secundaria,<\/span><span class=\"\">\u00a0que acuden a distintas reuniones mensuales de coordinaci\u00f3n y claustro. Del mismo modo, en \u00e1reas como Educaci\u00f3n F\u00edsica, se han realizado varias sesiones conjuntas para beneficiarnos del aprendizaje y\u00a0<\/span>de lo divertido que es jugar con los mayores.<\/p>\n\t\t\t\t\t<\/div>\n\t\t\t\t\t\t\t\t<\/div>\n\t\t\t\t\t\t\t\t<\/li>\n\n\t\t\t<li\n\t\t\tclass=\"sow-features-feature sow-icon-container-position-right\"\n\t\t\tstyle=\"display: flex; flex-direction: row; width: calc(100% - 25px);\"\n\t\t>\n\t\t\t\n\t\t\t\t\t\t<div\t\t\t\tclass=\"sow-icon-container sow-container-none\"\n\t\t\t\tstyle=\"color: ; \"\n\t\t\t\ttitle=\"MODALIDAD DE ENSE\u00d1ANZA: SECCI\u00d3N \/ PROGRAMA\"\n\t\t\t\t\t\t\t>\n\t\t\t\t<span class=\"sow-icon-materialicons sowm-regular\" data-sow-icon=\"&#038;#xf8df\"\n\t\tstyle=\"font-size: 48px; color: #2d2d2d\" \n\t\taria-hidden=\"true\"><\/span>\t\t\t<\/div>\n\n\t\t\t<div class=\"textwidget\">\n\t\t\t\t\n\t\t\t\t\t\t\t\t\t<h5 class=\"sow-features-feature-title\">\n\t\t\t\t\t\tMODALIDAD DE ENSE\u00d1ANZA: SECCI\u00d3N \/ PROGRAMA\t\t\t\t\t<\/h5>\n\t\t\t\t\n\t\t\t\t\t\t\t\t\t<div class=\"sow-features-feature-text\">\n\t\t\t\t\t<p class=\"text-align-justify\"><span class=\"\">Los alumnos cursan la modalidad educativa de\u00a0<\/span>Secci\u00f3n o Programa, en funci\u00f3n del nivel de ingl\u00e9s<span class=\"\">\u00a0que hayan alcanzado en la etapa de Primaria.<\/span><\/p>\n<p class=\"text-align-justify\"><span class=\"\">Contamos con\u00a0<\/span>tres AUXILIARES DE CONVERSACI\u00d3N<span class=\"\">\u00a0nativas de pa\u00edses de habla inglesa para practicar el lenguaje oral con los alumnos.<\/span><\/p>\n\t\t\t\t\t<\/div>\n\t\t\t\t\t\t\t\t<\/div>\n\t\t\t\t\t\t\t\t<\/li>\n\n\t\t\t<li\n\t\t\tclass=\"sow-features-feature sow-icon-container-position-right\"\n\t\t\tstyle=\"display: flex; flex-direction: row; width: calc(100% - 25px);\"\n\t\t>\n\t\t\t\n\t\t\t\t\t\t<div\t\t\t\tclass=\"sow-icon-container sow-container-none\"\n\t\t\t\tstyle=\"color: ; \"\n\t\t\t\ttitle=\"PROGRMAS\"\n\t\t\t\t\t\t\t>\n\t\t\t\t<span class=\"sow-icon-elegantline\" data-sow-icon=\"&#xe056;\"\n\t\tstyle=\"font-size: 48px; color: #2d2d2d\" \n\t\taria-hidden=\"true\"><\/span>\t\t\t<\/div>\n\n\t\t\t<div class=\"textwidget\">\n\t\t\t\t\n\t\t\t\t\t\t\t\t\t<h5 class=\"sow-features-feature-title\">\n\t\t\t\t\t\tPROGRAMAS\t\t\t\t\t<\/h5>\n\t\t\t\t\n\t\t\t\t\t\t\t\t\t<div class=\"sow-features-feature-text\">\n\t\t\t\t\t<p class=\"text-align-justify\">Programa de Inmersi\u00f3n ling\u00fc\u00edstica<\/p>\n<ul class=\"defaultList bullet\">\n<li class=\"text-align-justify\">En 2\u00ba de la ESO organizamos intercambios con otros pa\u00edses de habla inglesas.<\/li>\n<\/ul>\n<ul class=\"defaultList bullet\">\n<li class=\"text-align-justify\"><span class=\"\">Nuestros alumnos\u00a0<\/span>han viajado a Estados Unidos y Londres<span class=\"\">\u00a0en donde asistieron a un centro educativo y estuvieron alojados con familias inglesas.<\/span><\/li>\n<\/ul>\n<p class=\"text-align-justify\"><a href=\"https:\/\/cdn.website-editor.net\/s\/95c9578a2e164de9bf3817b54493c05d\/files\/uploaded\/Resultados%2520pruebas%2520de%2520nivel%2520Secundaria.pdf?Expires=1740585960&amp;Signature=bX61xfe0p27ROWJQ6SlfHa4HJqmizKy9u8JkX2oMTScd9CVUD0WJc5zGl6twUFWR1r7RGYJPJnbJrH3PqRkTh9Z~Evis-~DHA5P-nA68kJV12qHJrvvRCZU5Q1o-nKKRpHzDaQxa9M3WxEMrGA7ghqspyNY1UwrIZ9fM5RUpyPRtAlwvyMeay3Xa0aYcYOnyzeFiocl2YxWMk0wiDZvPGz~dvl6MGNLldqVAEa0Wj2JBrouI9Ikebs3T0Vz0l0-xcoMlnGYMXElbcMRCcWK7gOZwBGjOoRW02L7Dj4xBQOqwu9NhFBKqfN4GSkVmOlQFKJPOZ18jJLg8NynAZ8sF8Q__&amp;Key-Pair-Id=K2NXBXLF010TJW\" target=\"_blank\" rel=\"noopener\">Resultados de las pruebas externas<\/a><\/p>\n<p class=\"text-align-justify\">Programas de preparaci\u00f3n para el futuro laboral<\/p>\n<p class=\"text-align-justify\">Nuestra intenci\u00f3n es seguir ofreciendo esta oportunidad de conocer otras culturas y personas de otros pa\u00edses de habla inglesa para que nuestros alumnos aprendan y se familiaricen con ellas como preparaci\u00f3n a su futuro laboral.<\/p>\n<ul class=\"defaultList bullet\">\n<li class=\"text-align-justify\"><a href=\"https:\/\/www.educa2.madrid.org\/web\/4eso-empresa\" target=\"_blank\" rel=\"noopener\">PROGRAMA 4\u00ba+ Empresa<\/a><\/li>\n<\/ul>\n<ul class=\"defaultList bullet\">\n<li class=\"text-align-justify\"><a href=\"https:\/\/www.ceipsoprincipesdeasturias.es\/global-shcolars\" target=\"_blank\" rel=\"noopener\">PROGRAMA Global Scholars<\/a><\/li>\n<\/ul>\n<ul class=\"defaultList bullet\">\n<li class=\"text-align-justify\"><a href=\"https:\/\/www.elorienta.com\/movil\/?yafxb=58182\" target=\"_blank\" rel=\"noopener\">Programa Orientaline<\/a><\/li>\n<\/ul>\n\t\t\t\t\t<\/div>\n\t\t\t\t\t\t\t\t<\/div>\n\t\t\t\t\t\t\t\t<\/li>\n\n\t<\/ul>\n<\/div><\/div><\/div><\/div><\/div><\/div><div id=\"pg-gb904-6a9b2607695b7-1\"  class=\"panel-grid panel-has-style\" ><div class=\"siteorigin-panels-stretch panel-row-style panel-row-style-for-gb904-6a9b2607695b7-1\" data-stretch-type=\"full-width-stretch\" ><div id=\"pgc-gb904-6a9b2607695b7-1-0\"  class=\"panel-grid-cell\" ><div id=\"panel-gb904-6a9b2607695b7-1-0-0\" class=\"so-panel widget widget_sow-hero panel-first-child panel-last-child\" data-index=\"1\" ><div\n\t\t\t\n\t\t\tclass=\"so-widget-sow-hero so-widget-sow-hero-default-c36093880ee1-904 so-widget-fittext-wrapper\"\n\t\t\t data-fit-text-compressor=\"0.85\"\n\t\t>\t\t\t\t<div class=\"sow-slider-base\" style=\"display: none\" tabindex=\"0\">\n\t\t\t\t\t<ul\n\t\t\t\t\tclass=\"sow-slider-images\"\n\t\t\t\t\tdata-settings=\"{&quot;pagination&quot;:true,&quot;speed&quot;:800,&quot;timeout&quot;:8000,&quot;paused&quot;:false,&quot;pause_on_hover&quot;:false,&quot;swipe&quot;:true,&quot;nav_always_show_desktop&quot;:&quot;&quot;,&quot;nav_always_show_mobile&quot;:&quot;&quot;,&quot;breakpoint&quot;:&quot;780px&quot;,&quot;unmute&quot;:false,&quot;anchor&quot;:null}\"\n\t\t\t\t\tstyle=\"min-height: 860px\"\t\t\t\t\tdata-anchor-id=\"\"\n\t\t\t\t>\t\t<li class=\"sow-slider-image  sow-slider-image-cover\" style=\"visibility: visible;;background-color: #333333\" >\n\t\t\t\t\t<div class=\"sow-slider-image-container\">\n\t\t\t<div class=\"sow-slider-image-wrapper\">\n\t\t\t\t\t\t\t<\/div>\n\t\t<\/div>\n\t\t<div class=\"sow-slider-image-overlay sow-slider-image-cover\" style=\"opacity: 0.4;background-image: url(https:\/\/site.educa.madrid.org\/cp.principesdeasturias.pozuelodealarcon\/\/wp-content\/uploads\/cp.principesdeasturias.pozuelodealarcon\/2025\/01\/SECUNDARIA-1-e1738019782879.png)\"  ><\/div>\t\t<\/li>\n\t\t<\/ul>\t\t\t\t<ol class=\"sow-slider-pagination\">\n\t\t\t\t\t\t\t\t\t\t\t<li><a href=\"#\" data-goto=\"0\" aria-label=\"Display slide 1\"><\/a><\/li>\n\t\t\t\t\t\t\t\t\t<\/ol>\n\n\t\t\t\t<div class=\"sow-slide-nav sow-slide-nav-next\">\n\t\t\t\t\t<a href=\"#\" data-goto=\"next\" aria-label=\"Next slide\" data-action=\"next\">\n\t\t\t\t\t\t<em class=\"sow-sld-icon-thin-right\"><\/em>\n\t\t\t\t\t<\/a>\n\t\t\t\t<\/div>\n\n\t\t\t\t<div class=\"sow-slide-nav sow-slide-nav-prev\">\n\t\t\t\t\t<a href=\"#\" data-goto=\"previous\" aria-label=\"Previous slide\" data-action=\"prev\">\n\t\t\t\t\t\t<em class=\"sow-sld-icon-thin-left\"><\/em>\n\t\t\t\t\t<\/a>\n\t\t\t\t<\/div>\n\t\t\t\t<\/div><\/div><\/div><\/div><\/div><\/div><\/div>","protected":false},"excerpt":{"rendered":"","protected":false},"author":2,"featured_media":0,"parent":705,"menu_order":0,"comment_status":"closed","ping_status":"closed","template":"","meta":{"footnotes":""},"folder":[],"class_list":["post-904","page","type-page","status-publish","hentry"],"rttpg_featured_image_url":null,"rttpg_author":{"display_name":"tic.cp.principesdeasturias.pozuelodealarcon","author_link":"https:\/\/site.educa.madrid.org\/cp.principesdeasturias.pozuelodealarcon\/index.php\/author\/cuenta_tic-cp-principesdeasturias-pozuelodealarcon\/"},"rttpg_comment":0,"rttpg_category":false,"rttpg_excerpt":null,"post_mailing_queue_ids":[],"_links":{"self":[{"href":"https:\/\/site.educa.madrid.org\/cp.principesdeasturias.pozuelodealarcon\/index.php\/wp-json\/wp\/v2\/pages\/904","targetHints":{"allow":["GET"]}}],"collection":[{"href":"https:\/\/site.educa.madrid.org\/cp.principesdeasturias.pozuelodealarcon\/index.php\/wp-json\/wp\/v2\/pages"}],"about":[{"href":"https:\/\/site.educa.madrid.org\/cp.principesdeasturias.pozuelodealarcon\/index.php\/wp-json\/wp\/v2\/types\/page"}],"author":[{"embeddable":true,"href":"https:\/\/site.educa.madrid.org\/cp.principesdeasturias.pozuelodealarcon\/index.php\/wp-json\/wp\/v2\/users\/2"}],"replies":[{"embeddable":true,"href":"https:\/\/site.educa.madrid.org\/cp.principesdeasturias.pozuelodealarcon\/index.php\/wp-json\/wp\/v2\/comments?post=904"}],"version-history":[{"count":5,"href":"https:\/\/site.educa.madrid.org\/cp.principesdeasturias.pozuelodealarcon\/index.php\/wp-json\/wp\/v2\/pages\/904\/revisions"}],"predecessor-version":[{"id":911,"href":"https:\/\/site.educa.madrid.org\/cp.principesdeasturias.pozuelodealarcon\/index.php\/wp-json\/wp\/v2\/pages\/904\/revisions\/911"}],"up":[{"embeddable":true,"href":"https:\/\/site.educa.madrid.org\/cp.principesdeasturias.pozuelodealarcon\/index.php\/wp-json\/wp\/v2\/pages\/705"}],"wp:attachment":[{"href":"https:\/\/site.educa.madrid.org\/cp.principesdeasturias.pozuelodealarcon\/index.php\/wp-json\/wp\/v2\/media?parent=904"}],"wp:term":[{"taxonomy":"folder","embeddable":true,"href":"https:\/\/site.educa.madrid.org\/cp.principesdeasturias.pozuelodealarcon\/index.php\/wp-json\/wp\/v2\/folder?post=904"}],"curies":[{"name":"wp","href":"https:\/\/api.w.org\/{rel}","templated":true}]}}