{"id":913,"date":"2025-01-28T23:41:19","date_gmt":"2025-01-28T22:41:19","guid":{"rendered":"https:\/\/site.educa.madrid.org\/cp.principesdeasturias.pozuelodealarcon\/?page_id=913"},"modified":"2025-02-08T11:56:33","modified_gmt":"2025-02-08T10:56:33","slug":"aulas-tgd-tea","status":"publish","type":"page","link":"https:\/\/site.educa.madrid.org\/cp.principesdeasturias.pozuelodealarcon\/index.php\/aulas-tgd-tea\/","title":{"rendered":"AULAS TGD-TEA"},"content":{"rendered":"<div id=\"pl-gb913-6a9b2607a86b1\"  class=\"panel-layout panel-layout\" ><div id=\"pg-gb913-6a9b2607a86b1-0\"  class=\"panel-grid panel-no-style\" ><div id=\"pgc-gb913-6a9b2607a86b1-0-0\"  class=\"panel-grid-cell\" ><div id=\"panel-gb913-6a9b2607a86b1-0-0-0\" class=\"so-panel widget widget_media_image panel-first-child panel-last-child\" data-index=\"0\" ><img loading=\"lazy\" decoding=\"async\" width=\"300\" height=\"232\" src=\"https:\/\/site.educa.madrid.org\/cp.principesdeasturias.pozuelodealarcon\/\/wp-content\/uploads\/cp.principesdeasturias.pozuelodealarcon\/2025\/01\/simbolo-autismo-300x232.png\" class=\"image wp-image-916  attachment-medium size-medium\" alt=\"\" style=\"max-width: 100%; height: auto;\" srcset=\"https:\/\/site.educa.madrid.org\/cp.principesdeasturias.pozuelodealarcon\/\/wp-content\/uploads\/cp.principesdeasturias.pozuelodealarcon\/2025\/01\/simbolo-autismo-300x232.png 300w, https:\/\/site.educa.madrid.org\/cp.principesdeasturias.pozuelodealarcon\/\/wp-content\/uploads\/cp.principesdeasturias.pozuelodealarcon\/2025\/01\/simbolo-autismo-1024x790.png 1024w, https:\/\/site.educa.madrid.org\/cp.principesdeasturias.pozuelodealarcon\/\/wp-content\/uploads\/cp.principesdeasturias.pozuelodealarcon\/2025\/01\/simbolo-autismo-768x593.png 768w, https:\/\/site.educa.madrid.org\/cp.principesdeasturias.pozuelodealarcon\/\/wp-content\/uploads\/cp.principesdeasturias.pozuelodealarcon\/2025\/01\/simbolo-autismo.png 1280w\" sizes=\"auto, (max-width: 300px) 100vw, 300px\" \/><\/div><\/div><div id=\"pgc-gb913-6a9b2607a86b1-0-1\"  class=\"panel-grid-cell\" ><div id=\"panel-gb913-6a9b2607a86b1-0-1-0\" class=\"so-panel widget widget_text panel-first-child panel-last-child\" data-index=\"1\" >\t\t\t<div class=\"textwidget\"><p class=\"m-size-14 size-16\"><span class=\"font-size-16\">\u00a0<\/span><span class=\"font-size-16 m-font-size-14\">El<\/span><span class=\"font-size-16 m-font-size-14\">\u00a0<\/span><span class=\"font-size-16 m-font-size-14\">CEIPSO Pr\u00edncipes de Asturias se adhiri\u00f3 al Proyecto de Centro Preferente en el curso 2006-07.<\/span><span class=\"font-size-16 m-font-size-14\">\u00a0<\/span><span class=\"font-size-16 m-font-size-14\">El personal del centro trabaja y aprende hacer de la solidaridad, el respeto y la inclusi\u00f3n una forma de vida en el centro para todos. Por ello,<\/span><span class=\"font-size-16 m-font-size-14\">\u00a0<\/span><span class=\"font-size-16 m-font-size-14\">la escolarizaci\u00f3n preferente de alumnado con trastornos del espectro autista es asumida como una se\u00f1a de identidad de nuestro centro<\/span><span class=\"font-size-16 m-font-size-14\">.\u00a0<\/span><\/p>\n<p class=\"m-size-14\"><span class=\"m-font-size-14\">Este Proyecto sirve para dar una oportunidad a los ni\u00f1os con TEA y sus familias en la inclusi\u00f3n en un entorno normalizado a la vez que recibe una atenci\u00f3n educativa intensa y especializada, pero al mismo tiempo este proyecto nos permite desarrollar los objetivos que nos planteamos alcanzar con nuestros alumnos ya que, si bien, nosotros podemos ayudar a estos ni\u00f1os y sus familias, es mucho lo que ellos aportan al resto de la Comunidad Educativa.<\/span><\/p>\n<\/div>\n\t\t<\/div><\/div><\/div><div id=\"pg-gb913-6a9b2607a86b1-1\"  class=\"panel-grid panel-no-style\" ><div id=\"pgc-gb913-6a9b2607a86b1-1-0\"  class=\"panel-grid-cell\" ><div id=\"panel-gb913-6a9b2607a86b1-1-0-0\" class=\"so-panel widget widget_text panel-first-child panel-last-child\" data-index=\"2\" >\t\t\t<div class=\"textwidget\"><p class=\"m-size-14\"><span class=\"m-font-size-14\">La implantaci\u00f3n de la escolarizaci\u00f3n preferente ha supuesto la<\/span><span class=\"m-font-size-14\">\u00a0<\/span><span class=\"m-font-size-14\">organizaci\u00f3n de dos aulas con las caracter\u00edsticas precisas para desarrollar el apoyo intensivo y especializado que este alumnado requiere<\/span><span class=\"m-font-size-14\">. El aula de apoyo permite el uso de estrategias metodol\u00f3gicas adaptadas a las caracter\u00edsticas del alumnado, entre otras la estructuraci\u00f3n del espacio en zonas, la organizaci\u00f3n de la actividad por rutinas y el uso prioritario de claves visuales.<\/span><\/p>\n<p class=\"m-size-14\"><span class=\"m-font-size-14\">Dado que nuestro en nuestro centro se imparten tres etapas educativas,<\/span><span class=\"m-font-size-14\">\u00a0<\/span><span class=\"m-font-size-14\">se ha creado dos espacios diferenciados (aulas de apoyo) una para los alumnos de Infantil y Primaria en el edificio de Infantil y otra para los de Secundaria en este edificio.<\/span><\/p>\n<\/div>\n\t\t<\/div><\/div><div id=\"pgc-gb913-6a9b2607a86b1-1-1\"  class=\"panel-grid-cell\" ><div id=\"panel-gb913-6a9b2607a86b1-1-1-0\" class=\"so-panel widget widget_media_image panel-first-child panel-last-child\" data-index=\"3\" ><img loading=\"lazy\" decoding=\"async\" width=\"298\" height=\"300\" src=\"https:\/\/site.educa.madrid.org\/cp.principesdeasturias.pozuelodealarcon\/\/wp-content\/uploads\/cp.principesdeasturias.pozuelodealarcon\/2025\/02\/TEA-e1738704603677-298x300.png\" class=\"image wp-image-941  attachment-medium size-medium\" alt=\"\" style=\"max-width: 100%; height: auto;\" srcset=\"https:\/\/site.educa.madrid.org\/cp.principesdeasturias.pozuelodealarcon\/\/wp-content\/uploads\/cp.principesdeasturias.pozuelodealarcon\/2025\/02\/TEA-e1738704603677-298x300.png 298w, https:\/\/site.educa.madrid.org\/cp.principesdeasturias.pozuelodealarcon\/\/wp-content\/uploads\/cp.principesdeasturias.pozuelodealarcon\/2025\/02\/TEA-e1738704603677-150x150.png 150w, https:\/\/site.educa.madrid.org\/cp.principesdeasturias.pozuelodealarcon\/\/wp-content\/uploads\/cp.principesdeasturias.pozuelodealarcon\/2025\/02\/TEA-e1738704603677-100x100.png 100w, https:\/\/site.educa.madrid.org\/cp.principesdeasturias.pozuelodealarcon\/\/wp-content\/uploads\/cp.principesdeasturias.pozuelodealarcon\/2025\/02\/TEA-e1738704603677.png 389w\" sizes=\"auto, (max-width: 298px) 100vw, 298px\" \/><\/div><\/div><\/div><div id=\"pg-gb913-6a9b2607a86b1-2\"  class=\"panel-grid panel-no-style\" ><div id=\"pgc-gb913-6a9b2607a86b1-2-0\"  class=\"panel-grid-cell\" ><div id=\"panel-gb913-6a9b2607a86b1-2-0-0\" class=\"so-panel widget widget_media_image panel-first-child panel-last-child\" data-index=\"4\" ><img loading=\"lazy\" decoding=\"async\" width=\"646\" height=\"280\" src=\"https:\/\/site.educa.madrid.org\/cp.principesdeasturias.pozuelodealarcon\/\/wp-content\/uploads\/cp.principesdeasturias.pozuelodealarcon\/2025\/02\/TEA-3-e1738704906625.png\" class=\"image wp-image-943  attachment-full size-full\" alt=\"\" style=\"max-width: 100%; height: auto;\" srcset=\"https:\/\/site.educa.madrid.org\/cp.principesdeasturias.pozuelodealarcon\/\/wp-content\/uploads\/cp.principesdeasturias.pozuelodealarcon\/2025\/02\/TEA-3-e1738704906625.png 646w, https:\/\/site.educa.madrid.org\/cp.principesdeasturias.pozuelodealarcon\/\/wp-content\/uploads\/cp.principesdeasturias.pozuelodealarcon\/2025\/02\/TEA-3-e1738704906625-300x130.png 300w\" sizes=\"auto, (max-width: 646px) 100vw, 646px\" \/><\/div><\/div><div id=\"pgc-gb913-6a9b2607a86b1-2-1\"  class=\"panel-grid-cell\" ><div id=\"panel-gb913-6a9b2607a86b1-2-1-0\" class=\"so-panel widget widget_text panel-first-child panel-last-child\" data-index=\"5\" >\t\t\t<div class=\"textwidget\"><ul class=\"defaultList\">\n<li><span class=\"\">Plan de preparaci\u00f3n para el\u00a0<\/span><span class=\"\">cambio de centro del centro<\/span><\/li>\n<li>Gran compa\u00f1ero<\/li>\n<li>Todos iguales todos diferentes<\/li>\n<li><span class=\"\">Celebraci\u00f3n\u00a0<\/span>D\u00eda mundial de concienciaci\u00f3n del Autismo<\/li>\n<li><span class=\"\">Programas de\u00a0<\/span>ayuda en entornos sociales<\/li>\n<li><span class=\"\">Talleres\u00a0<\/span>para familias<\/li>\n<li class=\"text-align-left\">Formaci\u00f3n<span class=\"\">\u00a0de profesores<\/span><\/li>\n<\/ul>\n<\/div>\n\t\t<\/div><\/div><\/div><div id=\"pg-gb913-6a9b2607a86b1-3\"  class=\"panel-grid panel-no-style\" ><div id=\"pgc-gb913-6a9b2607a86b1-3-0\"  class=\"panel-grid-cell\" ><div id=\"panel-gb913-6a9b2607a86b1-3-0-0\" class=\"so-panel widget widget_text panel-first-child panel-last-child\" data-index=\"6\" ><h3 class=\"widget-title\">D\u00cdA MUNDIAL DE CONCIENCIACI\u00d3N\u00a0 DEL TRANSTORNO DEL ESPECTRO AUTISTA 2 DE ABRIL<\/h3>\t\t\t<div class=\"textwidget\"><div id=\"1260908275\" class=\"dmRespRow\">\n<div id=\"1838909940\" class=\"dmRespColsWrapper\">\n<div id=\"1223792514\" class=\"dmRespCol large-12 medium-12 small-12\">\n<div id=\"1394476661\" class=\"dmNewParagraph\" data-element-type=\"paragraph\" data-version=\"5\">\n<h2 class=\"text-align-center\"><\/h2>\n<\/div>\n<\/div>\n<\/div>\n<\/div>\n<div id=\"1108721308\" class=\"dmRespRow\">\n<div id=\"1329587877\" class=\"dmRespColsWrapper\">\n<div id=\"1673236714\" class=\"dmRespCol large-12 medium-12 small-12\">\n<div id=\"1983914072\" class=\"dmNewParagraph\" data-element-type=\"paragraph\" data-version=\"5\">\n<p class=\"text-align-center\"><span class=\"\">El\u00a0<\/span>2 de Abril , es el D\u00eda Mundial de Concienciaci\u00f3n del Trastorno del Espectro autista (Autismo, S\u00edndrome de Asperger)<\/p>\n<p class=\"text-align-center\">Desde el a\u00f1o 2009 la ONU, implement\u00f3 esta fecha para apoyar a las personas que lo presentan y a sus familias, con el objetivo de conocer esta condici\u00f3n y lo que necesitan dichas personas.<\/p>\n<p class=\"text-align-center\"><span class=\"\">Desde el\u00a0<\/span>CEIPSO \u201cPr\u00edncipes de Asturias, desde entonces y cada a\u00f1o, llevamos a cabo acciones para apoyar e incluir a este alumnado y a sus familias en la vida educativa y social, desde la intervenci\u00f3n y orientaci\u00f3n, adem\u00e1s de ense\u00f1ar al resto de la sociedad escolar y el entorno, que son personas capaces y forman parte de nuestro mundo y NO son un mundo aparte.<\/p>\n<p class=\"text-align-center\"><span class=\"\">Por esta raz\u00f3n, cada mes de abril, emprendemos acciones de ayuda, concienciaci\u00f3n, sensibilizaci\u00f3n, comprensi\u00f3n, respeto e inclusi\u00f3n, con todos los medios y fuerzas que disponemos.<\/span><\/p>\n<p class=\"text-align-center\">El CEIPSO Pr\u00edncipes de Asturias es un centro de integraci\u00f3n preferente para alumnado con TGD (Trastorno Generalizado del desarrollo, ahora TEA), desde el a\u00f1o 2006, cuando nuestra Consejer\u00eda de Educaci\u00f3n de la Comunidad de Madrid implement\u00f3 estos Centros de apoyo al alumnado con TEA y \u00e9ramos muy pocos los que se atrevieron a dar el paso de apoyar a este alumnado y a sus familias. Desde entonces hemos apoyado a m\u00e1s de 20 alumnos con Tea en el Pr\u00edncipes y la Comunidad de Madrid cuenta ya con m\u00e1s de 800 Centros Preferentes.<\/p>\n<\/div>\n<\/div>\n<\/div>\n<\/div>\n<\/div>\n\t\t<\/div><\/div><\/div><div id=\"pg-gb913-6a9b2607a86b1-4\"  class=\"panel-grid panel-no-style\" ><div id=\"pgc-gb913-6a9b2607a86b1-4-0\"  class=\"panel-grid-cell\" ><div id=\"panel-gb913-6a9b2607a86b1-4-0-0\" class=\"so-panel widget widget_sow-slider panel-first-child panel-last-child\" data-index=\"7\" ><div\n\t\t\t\n\t\t\tclass=\"so-widget-sow-slider so-widget-sow-slider-default-a04976eef775-913\"\n\t\t\t\n\t\t>\t\t\t\t<div class=\"sow-slider-base\" style=\"display: none\" tabindex=\"0\">\n\t\t\t\t\t<ul\n\t\t\t\t\tclass=\"sow-slider-images\"\n\t\t\t\t\tdata-settings=\"{&quot;pagination&quot;:true,&quot;speed&quot;:200,&quot;timeout&quot;:3000,&quot;paused&quot;:false,&quot;pause_on_hover&quot;:false,&quot;swipe&quot;:true,&quot;nav_always_show_desktop&quot;:&quot;&quot;,&quot;nav_always_show_mobile&quot;:&quot;&quot;,&quot;breakpoint&quot;:&quot;780px&quot;,&quot;unmute&quot;:false,&quot;anchor&quot;:null}\"\n\t\t\t\t\t\t\t\t\t\tdata-anchor-id=\"\"\n\t\t\t\t>\t\t<li class=\"sow-slider-image\" style=\"visibility: visible;\" >\n\t\t\t\t\t\t<img loading=\"lazy\" decoding=\"async\" width=\"1088\" height=\"767\" src=\"https:\/\/site.educa.madrid.org\/cp.principesdeasturias.pozuelodealarcon\/\/wp-content\/uploads\/cp.principesdeasturias.pozuelodealarcon\/2025\/02\/TEA-5-e1738705432300.png\" class=\"sow-slider-background-image\" alt=\"\" style=\"\" srcset=\"https:\/\/site.educa.madrid.org\/cp.principesdeasturias.pozuelodealarcon\/\/wp-content\/uploads\/cp.principesdeasturias.pozuelodealarcon\/2025\/02\/TEA-5-e1738705432300.png 1088w, https:\/\/site.educa.madrid.org\/cp.principesdeasturias.pozuelodealarcon\/\/wp-content\/uploads\/cp.principesdeasturias.pozuelodealarcon\/2025\/02\/TEA-5-e1738705432300-300x211.png 300w, https:\/\/site.educa.madrid.org\/cp.principesdeasturias.pozuelodealarcon\/\/wp-content\/uploads\/cp.principesdeasturias.pozuelodealarcon\/2025\/02\/TEA-5-e1738705432300-1024x722.png 1024w, https:\/\/site.educa.madrid.org\/cp.principesdeasturias.pozuelodealarcon\/\/wp-content\/uploads\/cp.principesdeasturias.pozuelodealarcon\/2025\/02\/TEA-5-e1738705432300-768x541.png 768w\" sizes=\"auto, (max-width: 1088px) 100vw, 1088px\" \/>\t\t<\/li>\n\t\t\t\t<li class=\"sow-slider-image\" style=\"visibility: hidden;\" >\n\t\t\t\t\t\t<img loading=\"lazy\" decoding=\"async\" width=\"311\" height=\"270\" src=\"https:\/\/site.educa.madrid.org\/cp.principesdeasturias.pozuelodealarcon\/\/wp-content\/uploads\/cp.principesdeasturias.pozuelodealarcon\/2025\/02\/TEA-7-e1738706830498.png\" class=\"sow-slider-background-image\" alt=\"\" style=\"\" srcset=\"https:\/\/site.educa.madrid.org\/cp.principesdeasturias.pozuelodealarcon\/\/wp-content\/uploads\/cp.principesdeasturias.pozuelodealarcon\/2025\/02\/TEA-7-e1738706830498.png 311w, https:\/\/site.educa.madrid.org\/cp.principesdeasturias.pozuelodealarcon\/\/wp-content\/uploads\/cp.principesdeasturias.pozuelodealarcon\/2025\/02\/TEA-7-e1738706830498-300x260.png 300w\" sizes=\"auto, (max-width: 311px) 100vw, 311px\" \/>\t\t<\/li>\n\t\t\t\t<li class=\"sow-slider-image\" style=\"visibility: hidden;\" >\n\t\t\t\t\t\t<img loading=\"lazy\" decoding=\"async\" width=\"739\" height=\"393\" src=\"https:\/\/site.educa.madrid.org\/cp.principesdeasturias.pozuelodealarcon\/\/wp-content\/uploads\/cp.principesdeasturias.pozuelodealarcon\/2025\/02\/TEA-10-e1738706752141.png\" class=\"sow-slider-background-image\" alt=\"\" style=\"\" srcset=\"https:\/\/site.educa.madrid.org\/cp.principesdeasturias.pozuelodealarcon\/\/wp-content\/uploads\/cp.principesdeasturias.pozuelodealarcon\/2025\/02\/TEA-10-e1738706752141.png 739w, https:\/\/site.educa.madrid.org\/cp.principesdeasturias.pozuelodealarcon\/\/wp-content\/uploads\/cp.principesdeasturias.pozuelodealarcon\/2025\/02\/TEA-10-e1738706752141-300x160.png 300w\" sizes=\"auto, (max-width: 739px) 100vw, 739px\" \/>\t\t<\/li>\n\t\t\t\t<li class=\"sow-slider-image\" style=\"visibility: hidden;\" >\n\t\t\t\t\t\t<img loading=\"lazy\" decoding=\"async\" width=\"339\" height=\"503\" src=\"https:\/\/site.educa.madrid.org\/cp.principesdeasturias.pozuelodealarcon\/\/wp-content\/uploads\/cp.principesdeasturias.pozuelodealarcon\/2025\/02\/TEA4-e1738705408187.png\" class=\"sow-slider-background-image\" alt=\"\" style=\"\" srcset=\"https:\/\/site.educa.madrid.org\/cp.principesdeasturias.pozuelodealarcon\/\/wp-content\/uploads\/cp.principesdeasturias.pozuelodealarcon\/2025\/02\/TEA4-e1738705408187.png 339w, https:\/\/site.educa.madrid.org\/cp.principesdeasturias.pozuelodealarcon\/\/wp-content\/uploads\/cp.principesdeasturias.pozuelodealarcon\/2025\/02\/TEA4-e1738705408187-202x300.png 202w\" sizes=\"auto, (max-width: 339px) 100vw, 339px\" \/>\t\t<\/li>\n\t\t\t\t<li class=\"sow-slider-image\" style=\"visibility: hidden;\" >\n\t\t\t\t\t\t<img loading=\"lazy\" decoding=\"async\" width=\"710\" height=\"575\" src=\"https:\/\/site.educa.madrid.org\/cp.principesdeasturias.pozuelodealarcon\/\/wp-content\/uploads\/cp.principesdeasturias.pozuelodealarcon\/2025\/02\/TEA-9-e1739012183896.png\" class=\"sow-slider-background-image\" alt=\"\" style=\"\" srcset=\"https:\/\/site.educa.madrid.org\/cp.principesdeasturias.pozuelodealarcon\/\/wp-content\/uploads\/cp.principesdeasturias.pozuelodealarcon\/2025\/02\/TEA-9-e1739012183896.png 710w, https:\/\/site.educa.madrid.org\/cp.principesdeasturias.pozuelodealarcon\/\/wp-content\/uploads\/cp.principesdeasturias.pozuelodealarcon\/2025\/02\/TEA-9-e1739012183896-300x243.png 300w\" sizes=\"auto, (max-width: 710px) 100vw, 710px\" \/>\t\t<\/li>\n\t\t<\/ul>\t\t\t\t<ol class=\"sow-slider-pagination\">\n\t\t\t\t\t\t\t\t\t\t\t<li><a href=\"#\" data-goto=\"0\" aria-label=\"Display slide 1\"><\/a><\/li>\n\t\t\t\t\t\t\t\t\t\t\t<li><a href=\"#\" data-goto=\"1\" aria-label=\"Display slide 2\"><\/a><\/li>\n\t\t\t\t\t\t\t\t\t\t\t<li><a href=\"#\" data-goto=\"2\" aria-label=\"Display slide 3\"><\/a><\/li>\n\t\t\t\t\t\t\t\t\t\t\t<li><a href=\"#\" data-goto=\"3\" aria-label=\"Display slide 4\"><\/a><\/li>\n\t\t\t\t\t\t\t\t\t\t\t<li><a href=\"#\" data-goto=\"4\" aria-label=\"Display slide 5\"><\/a><\/li>\n\t\t\t\t\t\t\t\t\t<\/ol>\n\n\t\t\t\t<div class=\"sow-slide-nav sow-slide-nav-next\">\n\t\t\t\t\t<a href=\"#\" data-goto=\"next\" aria-label=\"Next slide\" data-action=\"next\">\n\t\t\t\t\t\t<em class=\"sow-sld-icon-thin-right\"><\/em>\n\t\t\t\t\t<\/a>\n\t\t\t\t<\/div>\n\n\t\t\t\t<div class=\"sow-slide-nav sow-slide-nav-prev\">\n\t\t\t\t\t<a href=\"#\" data-goto=\"previous\" aria-label=\"Previous slide\" data-action=\"prev\">\n\t\t\t\t\t\t<em class=\"sow-sld-icon-thin-left\"><\/em>\n\t\t\t\t\t<\/a>\n\t\t\t\t<\/div>\n\t\t\t\t<\/div><\/div><\/div><\/div><\/div><\/div>","protected":false},"excerpt":{"rendered":"<p>\u00a0El\u00a0CEIPSO Pr\u00edncipes de Asturias se adhiri\u00f3 al Proyecto de Centro Preferente en el curso 2006-07.\u00a0El personal del centro trabaja y aprende hacer de la solidaridad, el respeto y la inclusi\u00f3n una forma de vida en el centro para todos. Por ello,\u00a0la escolarizaci\u00f3n preferente de alumnado con trastornos del espectro autista es asumida como una se\u00f1a<\/p><\/div>\n<div class=\"blog-btn\"><a href=\"https:\/\/site.educa.madrid.org\/cp.principesdeasturias.pozuelodealarcon\/index.php\/aulas-tgd-tea\/\" class=\"home-blog-btn\">Leer m\u00e1s<\/a><\/p>\n","protected":false},"author":2,"featured_media":0,"parent":0,"menu_order":0,"comment_status":"closed","ping_status":"closed","template":"","meta":{"footnotes":""},"folder":[],"class_list":["post-913","page","type-page","status-publish","hentry"],"rttpg_featured_image_url":null,"rttpg_author":{"display_name":"tic.cp.principesdeasturias.pozuelodealarcon","author_link":"https:\/\/site.educa.madrid.org\/cp.principesdeasturias.pozuelodealarcon\/index.php\/author\/cuenta_tic-cp-principesdeasturias-pozuelodealarcon\/"},"rttpg_comment":0,"rttpg_category":false,"rttpg_excerpt":"\u00a0El\u00a0CEIPSO Pr\u00edncipes de Asturias se adhiri\u00f3 al Proyecto de Centro Preferente en el curso 2006-07.\u00a0El personal del centro trabaja y aprende hacer de la solidaridad, el respeto y la inclusi\u00f3n una forma de vida en el centro para todos. Por ello,\u00a0la escolarizaci\u00f3n preferente de alumnado con trastornos del espectro autista es asumida como una se\u00f1aLeer&hellip;","post_mailing_queue_ids":[],"_links":{"self":[{"href":"https:\/\/site.educa.madrid.org\/cp.principesdeasturias.pozuelodealarcon\/index.php\/wp-json\/wp\/v2\/pages\/913","targetHints":{"allow":["GET"]}}],"collection":[{"href":"https:\/\/site.educa.madrid.org\/cp.principesdeasturias.pozuelodealarcon\/index.php\/wp-json\/wp\/v2\/pages"}],"about":[{"href":"https:\/\/site.educa.madrid.org\/cp.principesdeasturias.pozuelodealarcon\/index.php\/wp-json\/wp\/v2\/types\/page"}],"author":[{"embeddable":true,"href":"https:\/\/site.educa.madrid.org\/cp.principesdeasturias.pozuelodealarcon\/index.php\/wp-json\/wp\/v2\/users\/2"}],"replies":[{"embeddable":true,"href":"https:\/\/site.educa.madrid.org\/cp.principesdeasturias.pozuelodealarcon\/index.php\/wp-json\/wp\/v2\/comments?post=913"}],"version-history":[{"count":48,"href":"https:\/\/site.educa.madrid.org\/cp.principesdeasturias.pozuelodealarcon\/index.php\/wp-json\/wp\/v2\/pages\/913\/revisions"}],"predecessor-version":[{"id":994,"href":"https:\/\/site.educa.madrid.org\/cp.principesdeasturias.pozuelodealarcon\/index.php\/wp-json\/wp\/v2\/pages\/913\/revisions\/994"}],"wp:attachment":[{"href":"https:\/\/site.educa.madrid.org\/cp.principesdeasturias.pozuelodealarcon\/index.php\/wp-json\/wp\/v2\/media?parent=913"}],"wp:term":[{"taxonomy":"folder","embeddable":true,"href":"https:\/\/site.educa.madrid.org\/cp.principesdeasturias.pozuelodealarcon\/index.php\/wp-json\/wp\/v2\/folder?post=913"}],"curies":[{"name":"wp","href":"https:\/\/api.w.org\/{rel}","templated":true}]}}