{"id":595,"date":"2023-02-09T23:09:29","date_gmt":"2023-02-09T22:09:29","guid":{"rendered":"https:\/\/site.educa.madrid.org\/cp.teresadecalcuta.sansebastian\/?page_id=595"},"modified":"2024-01-22T20:10:31","modified_gmt":"2024-01-22T19:10:31","slug":"equipo-docente-2","status":"publish","type":"page","link":"https:\/\/site.educa.madrid.org\/cp.teresadecalcuta.sansebastian\/index.php\/equipo-docente-2\/","title":{"rendered":"EQUIPO DOCENTE"},"content":{"rendered":"\n<figure class=\"wp-block-image alignfull size-large\"><img loading=\"lazy\" decoding=\"async\" width=\"1024\" height=\"179\" src=\"https:\/\/site.educa.madrid.org\/cp.teresadecalcuta.sansebastian\/\/wp-content\/uploads\/cp.teresadecalcuta.sansebastian\/2024\/01\/docentes-1024x179.png\" alt=\"\" class=\"wp-image-1250\" srcset=\"https:\/\/site.educa.madrid.org\/cp.teresadecalcuta.sansebastian\/\/wp-content\/uploads\/cp.teresadecalcuta.sansebastian\/2024\/01\/docentes-1024x179.png 1024w, https:\/\/site.educa.madrid.org\/cp.teresadecalcuta.sansebastian\/\/wp-content\/uploads\/cp.teresadecalcuta.sansebastian\/2024\/01\/docentes-300x52.png 300w, https:\/\/site.educa.madrid.org\/cp.teresadecalcuta.sansebastian\/\/wp-content\/uploads\/cp.teresadecalcuta.sansebastian\/2024\/01\/docentes-768x134.png 768w, https:\/\/site.educa.madrid.org\/cp.teresadecalcuta.sansebastian\/\/wp-content\/uploads\/cp.teresadecalcuta.sansebastian\/2024\/01\/docentes-1536x268.png 1536w, https:\/\/site.educa.madrid.org\/cp.teresadecalcuta.sansebastian\/\/wp-content\/uploads\/cp.teresadecalcuta.sansebastian\/2024\/01\/docentes-2048x357.png 2048w\" sizes=\"auto, (max-width: 1024px) 100vw, 1024px\" \/><\/figure>\n\n\n\n<p class=\"has-text-align-center\">El centro cuenta con un Equipo Directivo formado por la directora, la jefa de estudios y la secretaria, siete profesores especialistas en educaci\u00f3n infantil, quince profesores de educaci\u00f3n primaria y\/o especialistas en lengua extranjera, dos profesores especialistas en educaci\u00f3n f\u00edsica, dos profesoras especialistas en m\u00fasica, una profesora especialista en religi\u00f3n, una profesora especialistas en audici\u00f3n y lenguaje y dos profesores especialistas en pedagog\u00eda terap\u00e9utica para alumnos con necesidad especifica de apoyo educativo, dos integradoras sociales y dos profesoras especialistas en audici\u00f3n y lenguaje para los alumnos del programa TEA, una orientadora que asiste al centro tres d\u00edas a la semana, un profesor t\u00e9cnico de servicios a la comunidad que acude al centro un d\u00eda a la semana.<\/p>\n\n\n\n<p class=\"has-text-align-center\">El claustro de profesores es un \u00f3rgano de gobierno formado por todo el equipo docente del CEIP Teresa de Calcuta, y presidido por la directora del centro.<\/p>\n\n\n\n<p class=\"has-text-align-center\">Conforme al&nbsp;Real Decreto 82\/1996, de 26 de enero, por el que se aprueba el Reglamento Org\u00e1nico de las Escuelas de Educaci\u00f3n Infantil y de los Colegios de Educaci\u00f3n Primaria.<\/p>\n\n\n\n<figure class=\"wp-block-image alignfull size-full\"><img loading=\"lazy\" decoding=\"async\" width=\"1024\" height=\"409\" src=\"https:\/\/site.educa.madrid.org\/cp.teresadecalcuta.sansebastian\/\/wp-content\/uploads\/cp.teresadecalcuta.sansebastian\/2024\/01\/WhatsApp-Image-2024-01-22-at-20.09.45.jpeg\" alt=\"\" class=\"wp-image-1255\" srcset=\"https:\/\/site.educa.madrid.org\/cp.teresadecalcuta.sansebastian\/\/wp-content\/uploads\/cp.teresadecalcuta.sansebastian\/2024\/01\/WhatsApp-Image-2024-01-22-at-20.09.45.jpeg 1024w, https:\/\/site.educa.madrid.org\/cp.teresadecalcuta.sansebastian\/\/wp-content\/uploads\/cp.teresadecalcuta.sansebastian\/2024\/01\/WhatsApp-Image-2024-01-22-at-20.09.45-300x120.jpeg 300w, https:\/\/site.educa.madrid.org\/cp.teresadecalcuta.sansebastian\/\/wp-content\/uploads\/cp.teresadecalcuta.sansebastian\/2024\/01\/WhatsApp-Image-2024-01-22-at-20.09.45-768x307.jpeg 768w\" sizes=\"auto, (max-width: 1024px) 100vw, 1024px\" \/><\/figure>\n\n\n\n<h2 class=\"wp-block-heading alignwide has-text-align-center\">Son competencias del claustro<\/h2>\n\n\n\n<figure class=\"wp-block-table alignwide\"><table><tbody><tr><td><img loading=\"lazy\" decoding=\"async\" src=\"https:\/\/www.educa2.madrid.org\/web\/educamadrid\/principal\/files\/f8cd9df1-d48b-49a9-8808-4414a5e4590f\/uno.png?t=1673549992359&amp;largeSize=true\" alt=\"\" width=\"21\" height=\"53\"><\/td><td>Formular propuestas dirigidas al equipo directivo para la elaboraci\u00f3n del proyecto educativo y de la programaci\u00f3n general anual.<\/td><\/tr><tr><td><img loading=\"lazy\" decoding=\"async\" src=\"https:\/\/www.educa2.madrid.org\/web\/educamadrid\/principal\/files\/f8cd9df1-d48b-49a9-8808-4414a5e4590f\/dos.png?t=1673550043335&amp;largeSize=true\" alt=\"\" width=\"38\" height=\"52\"><\/td><td>Establecer los criterios para la elaboraci\u00f3n de los proyectos curriculares de etapa, aprobarlos, evaluarlos y decidir las posibles modificaciones posteriores de los mismos conforme al proyecto educativo.<\/td><\/tr><tr><td><img loading=\"lazy\" decoding=\"async\" src=\"https:\/\/www.educa2.madrid.org\/web\/educamadrid\/principal\/files\/f8cd9df1-d48b-49a9-8808-4414a5e4590f\/tres.png?t=1673550428004&amp;largeSize=true\" alt=\"\" width=\"41\" height=\"48\"><\/td><td>Aprobar los aspectos docentes de la programaci\u00f3n general anual, conforme al proyecto educativo e informar aqu\u00e9lla antes de su presentaci\u00f3n al consejo escolar, as\u00ed como la memoria final de curso.<\/td><\/tr><tr><td><img loading=\"lazy\" decoding=\"async\" src=\"https:\/\/www.educa2.madrid.org\/web\/educamadrid\/principal\/files\/f8cd9df1-d48b-49a9-8808-4414a5e4590f\/cuatro.png?t=1673550479857&amp;largeSize=true\" alt=\"\" width=\"40\" height=\"50\"><\/td><td>Promover iniciativas en el \u00e1mbito de la experimentaci\u00f3n y de la investigaci\u00f3n pedag\u00f3gica.<\/td><\/tr><tr><td><img loading=\"lazy\" decoding=\"async\" src=\"https:\/\/www.educa2.madrid.org\/web\/educamadrid\/principal\/files\/f8cd9df1-d48b-49a9-8808-4414a5e4590f\/cinco.png?t=1673550714250&amp;largeSize=true\" alt=\"\" width=\"33\" height=\"51\"><\/td><td>Elegir a sus representantes en el consejo escolar.<\/td><\/tr><tr><td><img loading=\"lazy\" decoding=\"async\" src=\"https:\/\/www.educa2.madrid.org\/web\/educamadrid\/principal\/files\/f8cd9df1-d48b-49a9-8808-4414a5e4590f\/seis.png?t=1673550778686&amp;largeSize=true\" alt=\"\" width=\"32\" height=\"43\"><\/td><td>Conocer las candidaturas a la direcci\u00f3n y los programas presentados por los candidatos.<\/td><\/tr><tr><td><img loading=\"lazy\" decoding=\"async\" src=\"https:\/\/www.educa2.madrid.org\/web\/educamadrid\/principal\/files\/f8cd9df1-d48b-49a9-8808-4414a5e4590f\/siete.png?t=1673550859101&amp;largeSize=true\" alt=\"\" width=\"29\" height=\"42\"><\/td><td>Coordinar las funciones referentes a la orientaci\u00f3n, tutor\u00eda, evaluaci\u00f3n y recuperaci\u00f3n de los alumnos.<\/td><\/tr><tr><td><img loading=\"lazy\" decoding=\"async\" src=\"https:\/\/www.educa2.madrid.org\/web\/educamadrid\/principal\/files\/f8cd9df1-d48b-49a9-8808-4414a5e4590f\/ocho.png?t=1673550957483&amp;largeSize=true\" alt=\"\" width=\"34\" height=\"48\"><\/td><td>Analizar y valorar los resultados de la evaluaci\u00f3n que del centro realice la Administraci\u00f3n Educativa o cualquier informaci\u00f3n referente a la marcha del mismo.<\/td><\/tr><tr><td><img loading=\"lazy\" decoding=\"async\" src=\"https:\/\/www.educa2.madrid.org\/web\/educamadrid\/principal\/files\/f8cd9df1-d48b-49a9-8808-4414a5e4590f\/nueve.png?t=1673551050114&amp;largeSize=true\" alt=\"\" width=\"33\" height=\"44\"><\/td><td>Analizar y evaluar los aspectos docentes del proyecto educativo y la programaci\u00f3n general anual.<\/td><\/tr><tr><td><img loading=\"lazy\" decoding=\"async\" src=\"https:\/\/www.educa2.madrid.org\/web\/educamadrid\/principal\/files\/f8cd9df1-d48b-49a9-8808-4414a5e4590f\/diez.png?t=1673551137452&amp;largeSize=true\" alt=\"\" width=\"56\" height=\"43\"><\/td><td>Participar en la planificaci\u00f3n de la formaci\u00f3n del profesorado del centro y elegir a sus representantes en el centro de profesores y recursos.<\/td><\/tr><tr><td><img loading=\"lazy\" decoding=\"async\" src=\"https:\/\/www.educa2.madrid.org\/web\/educamadrid\/principal\/files\/f8cd9df1-d48b-49a9-8808-4414a5e4590f\/once.png?t=1673551207254&amp;largeSize=true\" alt=\"\" width=\"36\" height=\"40\"><\/td><td>Aprobar los criterios pedag\u00f3gicos para la elaboraci\u00f3n de los horarios de los alumnos.<\/td><\/tr><tr><td><img loading=\"lazy\" decoding=\"async\" src=\"https:\/\/www.educa2.madrid.org\/web\/educamadrid\/principal\/files\/f8cd9df1-d48b-49a9-8808-4414a5e4590f\/doce.png?t=1673551260178&amp;largeSize=true\" alt=\"\" width=\"54\" height=\"44\"><\/td><td>Aprobar la planificaci\u00f3n general de las sesiones de evaluaci\u00f3n.<\/td><\/tr><tr><td><img loading=\"lazy\" decoding=\"async\" src=\"https:\/\/www.educa2.madrid.org\/web\/educamadrid\/principal\/files\/f8cd9df1-d48b-49a9-8808-4414a5e4590f\/trece.png?t=1673551375941&amp;largeSize=true\" alt=\"\" width=\"57\" height=\"46\"><\/td><td>Aprobar los criterios para la elaboraci\u00f3n de los horarios de los profesores.<\/td><\/tr><tr><td><img loading=\"lazy\" decoding=\"async\" src=\"https:\/\/www.educa2.madrid.org\/web\/educamadrid\/principal\/files\/f8cd9df1-d48b-49a9-8808-4414a5e4590f\/catorce.png?t=1673551423212&amp;largeSize=true\" alt=\"\" width=\"51\" height=\"44\"><\/td><td>Analizar y valorar trimestralmente la situaci\u00f3n econ\u00f3mica del centro.<\/td><\/tr><tr><td><img loading=\"lazy\" decoding=\"async\" src=\"https:\/\/www.educa2.madrid.org\/web\/educamadrid\/principal\/files\/f8cd9df1-d48b-49a9-8808-4414a5e4590f\/quince.png?t=1673551475935&amp;largeSize=true\" alt=\"\" width=\"50\" height=\"44\"><\/td><td>Analizar y valorar la evoluci\u00f3n del rendimiento escolar general del centro a trav\u00e9s de los resultados de las evaluaciones y cuantos otros medios se consideren adecuados.<\/td><\/tr><tr><td><img loading=\"lazy\" decoding=\"async\" src=\"https:\/\/www.educa2.madrid.org\/web\/educamadrid\/principal\/files\/f8cd9df1-d48b-49a9-8808-4414a5e4590f\/dieciseis.png?t=1673551552682&amp;largeSize=true\" alt=\"\" width=\"47\" height=\"42\"><\/td><td>Conocer las relaciones del centro con las instituciones de su entorno.<\/td><\/tr><\/tbody><\/table><\/figure>\n","protected":false},"excerpt":{"rendered":"<p>El centro cuenta con un Equipo Directivo formado por la directora, la jefa de estudios y la secretaria, siete profesores especialistas en educaci\u00f3n infantil, quince profesores de educaci\u00f3n primaria y\/o &#8230;<\/p>\n","protected":false},"author":9,"featured_media":0,"parent":0,"menu_order":0,"comment_status":"closed","ping_status":"closed","template":"","meta":{"footnotes":""},"folder":[],"class_list":["post-595","page","type-page","status-publish","hentry"],"rttpg_featured_image_url":null,"rttpg_author":{"display_name":"Juani Ruiz Quesada","author_link":"https:\/\/site.educa.madrid.org\/cp.teresadecalcuta.sansebastian\/index.php\/author\/juana-isabel_ruiz-quesada\/"},"rttpg_comment":0,"rttpg_category":false,"rttpg_excerpt":"El centro cuenta con un Equipo Directivo formado por la directora, la jefa de estudios y la secretaria, siete profesores especialistas en educaci\u00f3n infantil, quince profesores de educaci\u00f3n primaria y\/o ...","post_mailing_queue_ids":[],"_links":{"self":[{"href":"https:\/\/site.educa.madrid.org\/cp.teresadecalcuta.sansebastian\/index.php\/wp-json\/wp\/v2\/pages\/595","targetHints":{"allow":["GET"]}}],"collection":[{"href":"https:\/\/site.educa.madrid.org\/cp.teresadecalcuta.sansebastian\/index.php\/wp-json\/wp\/v2\/pages"}],"about":[{"href":"https:\/\/site.educa.madrid.org\/cp.teresadecalcuta.sansebastian\/index.php\/wp-json\/wp\/v2\/types\/page"}],"author":[{"embeddable":true,"href":"https:\/\/site.educa.madrid.org\/cp.teresadecalcuta.sansebastian\/index.php\/wp-json\/wp\/v2\/users\/9"}],"replies":[{"embeddable":true,"href":"https:\/\/site.educa.madrid.org\/cp.teresadecalcuta.sansebastian\/index.php\/wp-json\/wp\/v2\/comments?post=595"}],"version-history":[{"count":5,"href":"https:\/\/site.educa.madrid.org\/cp.teresadecalcuta.sansebastian\/index.php\/wp-json\/wp\/v2\/pages\/595\/revisions"}],"predecessor-version":[{"id":1256,"href":"https:\/\/site.educa.madrid.org\/cp.teresadecalcuta.sansebastian\/index.php\/wp-json\/wp\/v2\/pages\/595\/revisions\/1256"}],"wp:attachment":[{"href":"https:\/\/site.educa.madrid.org\/cp.teresadecalcuta.sansebastian\/index.php\/wp-json\/wp\/v2\/media?parent=595"}],"wp:term":[{"taxonomy":"folder","embeddable":true,"href":"https:\/\/site.educa.madrid.org\/cp.teresadecalcuta.sansebastian\/index.php\/wp-json\/wp\/v2\/folder?post=595"}],"curies":[{"name":"wp","href":"https:\/\/api.w.org\/{rel}","templated":true}]}}