{"id":598,"date":"2023-02-09T23:09:29","date_gmt":"2023-02-09T22:09:29","guid":{"rendered":"https:\/\/site.educa.madrid.org\/cp.teresadecalcuta.sansebastian\/?page_id=598"},"modified":"2024-01-15T16:33:07","modified_gmt":"2024-01-15T15:33:07","slug":"educacion-primaria-2","status":"publish","type":"page","link":"https:\/\/site.educa.madrid.org\/cp.teresadecalcuta.sansebastian\/index.php\/educacion-primaria-2\/","title":{"rendered":"EDUCACI\u00d3N PRIMARIA"},"content":{"rendered":"\n<figure class=\"wp-block-image alignfull size-large\"><img loading=\"lazy\" decoding=\"async\" width=\"1024\" height=\"171\" src=\"https:\/\/site.educa.madrid.org\/cp.teresadecalcuta.sansebastian\/\/wp-content\/uploads\/cp.teresadecalcuta.sansebastian\/2024\/01\/PRIMARIA-CAB-1024x171.png\" alt=\"\" class=\"wp-image-1151\" srcset=\"https:\/\/site.educa.madrid.org\/cp.teresadecalcuta.sansebastian\/\/wp-content\/uploads\/cp.teresadecalcuta.sansebastian\/2024\/01\/PRIMARIA-CAB-1024x171.png 1024w, https:\/\/site.educa.madrid.org\/cp.teresadecalcuta.sansebastian\/\/wp-content\/uploads\/cp.teresadecalcuta.sansebastian\/2024\/01\/PRIMARIA-CAB-300x50.png 300w, https:\/\/site.educa.madrid.org\/cp.teresadecalcuta.sansebastian\/\/wp-content\/uploads\/cp.teresadecalcuta.sansebastian\/2024\/01\/PRIMARIA-CAB-768x128.png 768w, https:\/\/site.educa.madrid.org\/cp.teresadecalcuta.sansebastian\/\/wp-content\/uploads\/cp.teresadecalcuta.sansebastian\/2024\/01\/PRIMARIA-CAB-1536x256.png 1536w, https:\/\/site.educa.madrid.org\/cp.teresadecalcuta.sansebastian\/\/wp-content\/uploads\/cp.teresadecalcuta.sansebastian\/2024\/01\/PRIMARIA-CAB-2048x341.png 2048w\" sizes=\"auto, (max-width: 1024px) 100vw, 1024px\" \/><\/figure>\n\n\n\n<div class=\"wp-block-media-text alignfull is-stacked-on-mobile\"><figure class=\"wp-block-media-text__media\"><img loading=\"lazy\" decoding=\"async\" width=\"951\" height=\"654\" src=\"https:\/\/site.educa.madrid.org\/cp.teresadecalcuta.sansebastian\/\/wp-content\/uploads\/cp.teresadecalcuta.sansebastian\/2023\/02\/1-3.jpg\" alt=\"\" class=\"wp-image-798 size-full\" srcset=\"https:\/\/site.educa.madrid.org\/cp.teresadecalcuta.sansebastian\/\/wp-content\/uploads\/cp.teresadecalcuta.sansebastian\/2023\/02\/1-3.jpg 951w, https:\/\/site.educa.madrid.org\/cp.teresadecalcuta.sansebastian\/\/wp-content\/uploads\/cp.teresadecalcuta.sansebastian\/2023\/02\/1-3-300x206.jpg 300w, https:\/\/site.educa.madrid.org\/cp.teresadecalcuta.sansebastian\/\/wp-content\/uploads\/cp.teresadecalcuta.sansebastian\/2023\/02\/1-3-768x528.jpg 768w\" sizes=\"auto, (max-width: 951px) 100vw, 951px\" \/><\/figure><div class=\"wp-block-media-text__content\">\n<p>La etapa de&nbsp;<strong>Educaci\u00f3n Primaria<\/strong>&nbsp;consta de seis cursos y se organiza en \u00e1reas que tendr\u00e1n car\u00e1cter global e integrador.<\/p>\n\n\n\n<p>La finalidad de la&nbsp;<strong>Educaci\u00f3n Primaria<\/strong>&nbsp;es proporcionar a todos los alumnos una educaci\u00f3n que permita afianzar su desarrollo personal y su propio bienestar, adquirir las habilidades culturales b\u00e1sicas relativas a la expresi\u00f3n y comprensi\u00f3n oral, a la lectura, a la escritura y al c\u00e1lculo, as\u00ed como desarrollar las habilidades sociales, los h\u00e1bitos de trabajo y estudio, el sentido art\u00edstico, la creatividad y la afectividad.<\/p>\n<\/div><\/div>\n\n\n\n<p><\/p>\n\n\n\n<h2 class=\"wp-block-heading alignwide\"><strong>La Educaci\u00f3n Primaria contribuir\u00e1 a desarrollar en los alumnos las capacidades que les permitan:<\/strong><\/h2>\n\n\n\n<figure class=\"wp-block-table alignfull\"><table><tbody><tr><td><img loading=\"lazy\" decoding=\"async\" src=\"https:\/\/www.educa2.madrid.org\/web\/educamadrid\/principal\/files\/733e6c57-af25-46bc-8608-9f67026ec0f1\/uno.png?t=1673633047941&amp;largeSize=true\" alt=\"\" width=\"24\" height=\"61\"><\/td><td>Conocer y apreciar los valores y las normas de convivencia, aprender a obrar de acuerdo con ellas, prepararse para el ejercicio activo de la ciudadan\u00eda respetando y defendiendo los derechos humanos, as\u00ed como el pluralismo propio de una sociedad democr\u00e1tica.<\/td><\/tr><tr><td><img loading=\"lazy\" decoding=\"async\" src=\"https:\/\/www.educa2.madrid.org\/web\/educamadrid\/principal\/files\/733e6c57-af25-46bc-8608-9f67026ec0f1\/dos.png?t=1673633083736&amp;largeSize=true\" alt=\"\" width=\"43\" height=\"59\"><\/td><td>Desarrollar h\u00e1bitos de trabajo individual y de equipo, de esfuerzo y responsabilidad en el estudio as\u00ed como actitudes de confianza en uno mismo, sentido cr\u00edtico, iniciativa personal, curiosidad, inter\u00e9s y creatividad en el aprendizaje y esp\u00edritu emprendedor.<\/td><\/tr><tr><td><img loading=\"lazy\" decoding=\"async\" src=\"https:\/\/www.educa2.madrid.org\/web\/educamadrid\/principal\/files\/733e6c57-af25-46bc-8608-9f67026ec0f1\/tres.png?t=1673633136005&amp;largeSize=true\" alt=\"\" width=\"43\" height=\"52\"><\/td><td>Adquirir habilidades para la prevenci\u00f3n y para la resoluci\u00f3n pac\u00edfica de conflictos, que les permitan desenvolverse con autonom\u00eda en el \u00e1mbito familiar y dom\u00e9stico, as\u00ed como en los grupos sociales en los que se relacionan.<\/td><\/tr><tr><td><img loading=\"lazy\" decoding=\"async\" src=\"https:\/\/www.educa2.madrid.org\/web\/educamadrid\/principal\/files\/733e6c57-af25-46bc-8608-9f67026ec0f1\/cuatro.png?t=1673633170081&amp;largeSize=true\" alt=\"\" width=\"47\" height=\"59\"><\/td><td>Conocer, comprender y respetar las diferencias culturales y personales, la igualdad de derechos y oportunidades para todas las personas y la no discriminaci\u00f3n de personas con discapacidad.<\/td><\/tr><tr><td><img loading=\"lazy\" decoding=\"async\" src=\"https:\/\/www.educa2.madrid.org\/web\/educamadrid\/principal\/files\/733e6c57-af25-46bc-8608-9f67026ec0f1\/cinco.png?t=1673633223754&amp;largeSize=true\" alt=\"\" width=\"38\" height=\"58\"><\/td><td>Conocer y utilizar de manera apropiada la lengua castellana, valorando sus posibilidades comunicativas y desarrollar h\u00e1bitos de lectura como instrumento esencial para el aprendizaje del resto de las \u00e1reas.<\/td><\/tr><tr><td><img loading=\"lazy\" decoding=\"async\" src=\"https:\/\/www.educa2.madrid.org\/web\/educamadrid\/principal\/files\/733e6c57-af25-46bc-8608-9f67026ec0f1\/seis.png?t=1673633261170&amp;largeSize=true\" alt=\"\" width=\"41\" height=\"56\"><\/td><td>Adquirir en, al menos una lengua extranjera, la competencia comunicativa b\u00e1sica que les permita expresar y comprender mensajes sencillos y desenvolverse en situaciones cotidianas.<\/td><\/tr><tr><td><img loading=\"lazy\" decoding=\"async\" src=\"https:\/\/www.educa2.madrid.org\/web\/educamadrid\/principal\/files\/733e6c57-af25-46bc-8608-9f67026ec0f1\/siete.png?t=1673633302941&amp;largeSize=true\" alt=\"\" width=\"33\" height=\"48\"><\/td><td>Desarrollar las competencias matem\u00e1ticas b\u00e1sicas e iniciarse en la resoluci\u00f3n de problemas que requieran la realizaci\u00f3n de operaciones elementales de c\u00e1lculo, conocimientos geom\u00e9tricos y estimaciones, as\u00ed como ser capaces de aplicarlos a las situaciones de su vida cotidiana.<\/td><\/tr><tr><td><img loading=\"lazy\" decoding=\"async\" src=\"https:\/\/www.educa2.madrid.org\/web\/educamadrid\/principal\/files\/733e6c57-af25-46bc-8608-9f67026ec0f1\/ocho.png?t=1673633350312&amp;largeSize=true\" alt=\"\" width=\"38\" height=\"54\"><\/td><td>Conocer los aspectos fundamentales de las Ciencias de la Naturaleza, las Ciencias Sociales, la Geograf\u00eda, la Historia y la Cultura.<\/td><\/tr><tr><td><img loading=\"lazy\" decoding=\"async\" src=\"https:\/\/www.educa2.madrid.org\/web\/educamadrid\/principal\/files\/733e6c57-af25-46bc-8608-9f67026ec0f1\/nueve.png?t=1673633447102&amp;largeSize=true\" alt=\"\" width=\"38\" height=\"51\"><\/td><td>Iniciarse en la utilizaci\u00f3n de las tecnolog\u00edas de la informaci\u00f3n y la comunicaci\u00f3n, desarrollando un esp\u00edritu cr\u00edtico ante los mensajes que reciben y elaboran.<\/td><\/tr><tr><td><img loading=\"lazy\" decoding=\"async\" src=\"https:\/\/www.educa2.madrid.org\/web\/educamadrid\/principal\/files\/733e6c57-af25-46bc-8608-9f67026ec0f1\/diez.png?t=1673633491944&amp;largeSize=true\" alt=\"\" width=\"53\" height=\"42\"><\/td><td>Utilizar diferentes representaciones y expresiones art\u00edsticas e iniciarse en la construcci\u00f3n de propuestas visuales y audiovisuales.<\/td><\/tr><tr><td><img loading=\"lazy\" decoding=\"async\" src=\"https:\/\/www.educa2.madrid.org\/web\/educamadrid\/principal\/files\/733e6c57-af25-46bc-8608-9f67026ec0f1\/once.png?t=1673633835826&amp;largeSize=true\" alt=\"\" width=\"55\" height=\"61\"><\/td><td>Valorar la higiene y la salud, conocer y respetar el cuerpo humano, y utilizar la educaci\u00f3n f\u00edsica y el deporte como medios para favorecer el desarrollo personal y social.<\/td><\/tr><tr><td><img loading=\"lazy\" decoding=\"async\" src=\"https:\/\/www.educa2.madrid.org\/web\/educamadrid\/principal\/files\/733e6c57-af25-46bc-8608-9f67026ec0f1\/doce.png?t=1673633894503&amp;largeSize=true\" alt=\"\" width=\"64\" height=\"53\"><\/td><td>Conocer y valorar los animales y plantas y adoptar modos de comportamiento que favorezcan su cuidado.<\/td><\/tr><tr><td><img loading=\"lazy\" decoding=\"async\" src=\"https:\/\/www.educa2.madrid.org\/web\/educamadrid\/principal\/files\/733e6c57-af25-46bc-8608-9f67026ec0f1\/trece.png?t=1673633958866&amp;largeSize=true\" alt=\"\" width=\"61\" height=\"49\"><\/td><td>Desarrollar sus capacidades afectivas en todos los \u00e1mbitos de la personalidad y en sus relaciones con los dem\u00e1s, as\u00ed como una actitud contraria a la violencia, a los prejuicios de cualquier tipo y a los estereotipos sexistas.<\/td><\/tr><tr><td><img loading=\"lazy\" decoding=\"async\" src=\"https:\/\/www.educa2.madrid.org\/web\/educamadrid\/principal\/files\/733e6c57-af25-46bc-8608-9f67026ec0f1\/catorce.png?t=1673634030021&amp;largeSize=true\" alt=\"\" width=\"67\" height=\"58\"><\/td><td>Fomentar la educaci\u00f3n vial y el respeto a las normas para evitar accidentes de tr\u00e1fico.<\/td><\/tr><\/tbody><\/table><\/figure>\n\n\n\n<h2 class=\"wp-block-heading alignwide has-text-align-center\"><strong>PRINCIPIOS METODOL\u00d3GICOS<\/strong><\/h2>\n\n\n\n<div class=\"wp-block-columns is-layout-flex wp-container-core-columns-is-layout-9d6595d7 wp-block-columns-is-layout-flex\">\n<div class=\"wp-block-column is-layout-flow wp-block-column-is-layout-flow\">\n<figure class=\"wp-block-image alignfull size-large\"><img loading=\"lazy\" decoding=\"async\" width=\"1024\" height=\"870\" src=\"https:\/\/site.educa.madrid.org\/cp.teresadecalcuta.sansebastian\/\/wp-content\/uploads\/cp.teresadecalcuta.sansebastian\/2023\/02\/PANEL1-1024x870.png\" alt=\"\" class=\"wp-image-800\" srcset=\"https:\/\/site.educa.madrid.org\/cp.teresadecalcuta.sansebastian\/\/wp-content\/uploads\/cp.teresadecalcuta.sansebastian\/2023\/02\/PANEL1-1024x870.png 1024w, https:\/\/site.educa.madrid.org\/cp.teresadecalcuta.sansebastian\/\/wp-content\/uploads\/cp.teresadecalcuta.sansebastian\/2023\/02\/PANEL1-300x255.png 300w, https:\/\/site.educa.madrid.org\/cp.teresadecalcuta.sansebastian\/\/wp-content\/uploads\/cp.teresadecalcuta.sansebastian\/2023\/02\/PANEL1-768x653.png 768w, https:\/\/site.educa.madrid.org\/cp.teresadecalcuta.sansebastian\/\/wp-content\/uploads\/cp.teresadecalcuta.sansebastian\/2023\/02\/PANEL1-1536x1305.png 1536w, https:\/\/site.educa.madrid.org\/cp.teresadecalcuta.sansebastian\/\/wp-content\/uploads\/cp.teresadecalcuta.sansebastian\/2023\/02\/PANEL1-2048x1741.png 2048w\" sizes=\"auto, (max-width: 1024px) 100vw, 1024px\" \/><\/figure>\n<\/div>\n\n\n\n<div class=\"wp-block-column is-layout-flow wp-block-column-is-layout-flow\">\n<figure class=\"wp-block-image alignfull size-large\"><img loading=\"lazy\" decoding=\"async\" width=\"1024\" height=\"870\" src=\"https:\/\/site.educa.madrid.org\/cp.teresadecalcuta.sansebastian\/\/wp-content\/uploads\/cp.teresadecalcuta.sansebastian\/2023\/02\/PANEL2-1024x870.png\" alt=\"\" class=\"wp-image-801\" srcset=\"https:\/\/site.educa.madrid.org\/cp.teresadecalcuta.sansebastian\/\/wp-content\/uploads\/cp.teresadecalcuta.sansebastian\/2023\/02\/PANEL2-1024x870.png 1024w, https:\/\/site.educa.madrid.org\/cp.teresadecalcuta.sansebastian\/\/wp-content\/uploads\/cp.teresadecalcuta.sansebastian\/2023\/02\/PANEL2-300x255.png 300w, https:\/\/site.educa.madrid.org\/cp.teresadecalcuta.sansebastian\/\/wp-content\/uploads\/cp.teresadecalcuta.sansebastian\/2023\/02\/PANEL2-768x653.png 768w, https:\/\/site.educa.madrid.org\/cp.teresadecalcuta.sansebastian\/\/wp-content\/uploads\/cp.teresadecalcuta.sansebastian\/2023\/02\/PANEL2-1536x1305.png 1536w, https:\/\/site.educa.madrid.org\/cp.teresadecalcuta.sansebastian\/\/wp-content\/uploads\/cp.teresadecalcuta.sansebastian\/2023\/02\/PANEL2-2048x1741.png 2048w\" sizes=\"auto, (max-width: 1024px) 100vw, 1024px\" \/><\/figure>\n<\/div>\n\n\n\n<div class=\"wp-block-column is-layout-flow wp-block-column-is-layout-flow\">\n<figure class=\"wp-block-image alignfull size-large\"><img loading=\"lazy\" decoding=\"async\" width=\"1024\" height=\"870\" src=\"https:\/\/site.educa.madrid.org\/cp.teresadecalcuta.sansebastian\/\/wp-content\/uploads\/cp.teresadecalcuta.sansebastian\/2023\/02\/PANEL3-1024x870.png\" alt=\"\" class=\"wp-image-802\" srcset=\"https:\/\/site.educa.madrid.org\/cp.teresadecalcuta.sansebastian\/\/wp-content\/uploads\/cp.teresadecalcuta.sansebastian\/2023\/02\/PANEL3-1024x870.png 1024w, https:\/\/site.educa.madrid.org\/cp.teresadecalcuta.sansebastian\/\/wp-content\/uploads\/cp.teresadecalcuta.sansebastian\/2023\/02\/PANEL3-300x255.png 300w, https:\/\/site.educa.madrid.org\/cp.teresadecalcuta.sansebastian\/\/wp-content\/uploads\/cp.teresadecalcuta.sansebastian\/2023\/02\/PANEL3-768x653.png 768w, https:\/\/site.educa.madrid.org\/cp.teresadecalcuta.sansebastian\/\/wp-content\/uploads\/cp.teresadecalcuta.sansebastian\/2023\/02\/PANEL3-1536x1305.png 1536w, https:\/\/site.educa.madrid.org\/cp.teresadecalcuta.sansebastian\/\/wp-content\/uploads\/cp.teresadecalcuta.sansebastian\/2023\/02\/PANEL3-2048x1741.png 2048w\" sizes=\"auto, (max-width: 1024px) 100vw, 1024px\" \/><\/figure>\n<\/div>\n<\/div>\n\n\n\n<div class=\"wp-block-columns is-layout-flex wp-container-core-columns-is-layout-9d6595d7 wp-block-columns-is-layout-flex\">\n<div class=\"wp-block-column is-layout-flow wp-block-column-is-layout-flow\">\n<figure class=\"wp-block-image alignfull size-large\"><img loading=\"lazy\" decoding=\"async\" width=\"1024\" height=\"870\" src=\"https:\/\/site.educa.madrid.org\/cp.teresadecalcuta.sansebastian\/\/wp-content\/uploads\/cp.teresadecalcuta.sansebastian\/2023\/02\/PANEL4-1024x870.png\" alt=\"\" class=\"wp-image-803\" srcset=\"https:\/\/site.educa.madrid.org\/cp.teresadecalcuta.sansebastian\/\/wp-content\/uploads\/cp.teresadecalcuta.sansebastian\/2023\/02\/PANEL4-1024x870.png 1024w, https:\/\/site.educa.madrid.org\/cp.teresadecalcuta.sansebastian\/\/wp-content\/uploads\/cp.teresadecalcuta.sansebastian\/2023\/02\/PANEL4-300x255.png 300w, https:\/\/site.educa.madrid.org\/cp.teresadecalcuta.sansebastian\/\/wp-content\/uploads\/cp.teresadecalcuta.sansebastian\/2023\/02\/PANEL4-768x653.png 768w, https:\/\/site.educa.madrid.org\/cp.teresadecalcuta.sansebastian\/\/wp-content\/uploads\/cp.teresadecalcuta.sansebastian\/2023\/02\/PANEL4-1536x1305.png 1536w, https:\/\/site.educa.madrid.org\/cp.teresadecalcuta.sansebastian\/\/wp-content\/uploads\/cp.teresadecalcuta.sansebastian\/2023\/02\/PANEL4-2048x1741.png 2048w\" sizes=\"auto, (max-width: 1024px) 100vw, 1024px\" \/><\/figure>\n<\/div>\n\n\n\n<div class=\"wp-block-column is-layout-flow wp-block-column-is-layout-flow\">\n<figure class=\"wp-block-image alignfull size-large\"><img loading=\"lazy\" decoding=\"async\" width=\"1024\" height=\"870\" src=\"https:\/\/site.educa.madrid.org\/cp.teresadecalcuta.sansebastian\/\/wp-content\/uploads\/cp.teresadecalcuta.sansebastian\/2023\/02\/PANEL5-1024x870.png\" alt=\"\" class=\"wp-image-804\" srcset=\"https:\/\/site.educa.madrid.org\/cp.teresadecalcuta.sansebastian\/\/wp-content\/uploads\/cp.teresadecalcuta.sansebastian\/2023\/02\/PANEL5-1024x870.png 1024w, https:\/\/site.educa.madrid.org\/cp.teresadecalcuta.sansebastian\/\/wp-content\/uploads\/cp.teresadecalcuta.sansebastian\/2023\/02\/PANEL5-300x255.png 300w, https:\/\/site.educa.madrid.org\/cp.teresadecalcuta.sansebastian\/\/wp-content\/uploads\/cp.teresadecalcuta.sansebastian\/2023\/02\/PANEL5-768x653.png 768w, https:\/\/site.educa.madrid.org\/cp.teresadecalcuta.sansebastian\/\/wp-content\/uploads\/cp.teresadecalcuta.sansebastian\/2023\/02\/PANEL5-1536x1305.png 1536w, https:\/\/site.educa.madrid.org\/cp.teresadecalcuta.sansebastian\/\/wp-content\/uploads\/cp.teresadecalcuta.sansebastian\/2023\/02\/PANEL5-2048x1741.png 2048w\" sizes=\"auto, (max-width: 1024px) 100vw, 1024px\" \/><\/figure>\n<\/div>\n\n\n\n<div class=\"wp-block-column is-layout-flow wp-block-column-is-layout-flow\">\n<figure class=\"wp-block-image alignfull size-large\"><img loading=\"lazy\" decoding=\"async\" width=\"1024\" height=\"870\" src=\"https:\/\/site.educa.madrid.org\/cp.teresadecalcuta.sansebastian\/\/wp-content\/uploads\/cp.teresadecalcuta.sansebastian\/2023\/02\/PANEL6-1024x870.png\" alt=\"\" class=\"wp-image-805\" srcset=\"https:\/\/site.educa.madrid.org\/cp.teresadecalcuta.sansebastian\/\/wp-content\/uploads\/cp.teresadecalcuta.sansebastian\/2023\/02\/PANEL6-1024x870.png 1024w, https:\/\/site.educa.madrid.org\/cp.teresadecalcuta.sansebastian\/\/wp-content\/uploads\/cp.teresadecalcuta.sansebastian\/2023\/02\/PANEL6-300x255.png 300w, https:\/\/site.educa.madrid.org\/cp.teresadecalcuta.sansebastian\/\/wp-content\/uploads\/cp.teresadecalcuta.sansebastian\/2023\/02\/PANEL6-768x653.png 768w, https:\/\/site.educa.madrid.org\/cp.teresadecalcuta.sansebastian\/\/wp-content\/uploads\/cp.teresadecalcuta.sansebastian\/2023\/02\/PANEL6-1536x1305.png 1536w, https:\/\/site.educa.madrid.org\/cp.teresadecalcuta.sansebastian\/\/wp-content\/uploads\/cp.teresadecalcuta.sansebastian\/2023\/02\/PANEL6-2048x1741.png 2048w\" sizes=\"auto, (max-width: 1024px) 100vw, 1024px\" \/><\/figure>\n<\/div>\n<\/div>\n","protected":false},"excerpt":{"rendered":"<p>La etapa de&nbsp;Educaci\u00f3n Primaria&nbsp;consta de seis cursos y se organiza en \u00e1reas que tendr\u00e1n car\u00e1cter global e integrador. La finalidad de la&nbsp;Educaci\u00f3n Primaria&nbsp;es proporcionar a todos los alumnos una educaci\u00f3n &#8230;<\/p>\n","protected":false},"author":9,"featured_media":0,"parent":0,"menu_order":0,"comment_status":"closed","ping_status":"closed","template":"","meta":{"footnotes":""},"folder":[],"class_list":["post-598","page","type-page","status-publish","hentry"],"rttpg_featured_image_url":null,"rttpg_author":{"display_name":"Juani Ruiz Quesada","author_link":"https:\/\/site.educa.madrid.org\/cp.teresadecalcuta.sansebastian\/index.php\/author\/juana-isabel_ruiz-quesada\/"},"rttpg_comment":0,"rttpg_category":false,"rttpg_excerpt":"La etapa de&nbsp;Educaci\u00f3n Primaria&nbsp;consta de seis cursos y se organiza en \u00e1reas que tendr\u00e1n car\u00e1cter global e integrador. La finalidad de la&nbsp;Educaci\u00f3n Primaria&nbsp;es proporcionar a todos los alumnos una educaci\u00f3n ...","post_mailing_queue_ids":[],"_links":{"self":[{"href":"https:\/\/site.educa.madrid.org\/cp.teresadecalcuta.sansebastian\/index.php\/wp-json\/wp\/v2\/pages\/598","targetHints":{"allow":["GET"]}}],"collection":[{"href":"https:\/\/site.educa.madrid.org\/cp.teresadecalcuta.sansebastian\/index.php\/wp-json\/wp\/v2\/pages"}],"about":[{"href":"https:\/\/site.educa.madrid.org\/cp.teresadecalcuta.sansebastian\/index.php\/wp-json\/wp\/v2\/types\/page"}],"author":[{"embeddable":true,"href":"https:\/\/site.educa.madrid.org\/cp.teresadecalcuta.sansebastian\/index.php\/wp-json\/wp\/v2\/users\/9"}],"replies":[{"embeddable":true,"href":"https:\/\/site.educa.madrid.org\/cp.teresadecalcuta.sansebastian\/index.php\/wp-json\/wp\/v2\/comments?post=598"}],"version-history":[{"count":4,"href":"https:\/\/site.educa.madrid.org\/cp.teresadecalcuta.sansebastian\/index.php\/wp-json\/wp\/v2\/pages\/598\/revisions"}],"predecessor-version":[{"id":1152,"href":"https:\/\/site.educa.madrid.org\/cp.teresadecalcuta.sansebastian\/index.php\/wp-json\/wp\/v2\/pages\/598\/revisions\/1152"}],"wp:attachment":[{"href":"https:\/\/site.educa.madrid.org\/cp.teresadecalcuta.sansebastian\/index.php\/wp-json\/wp\/v2\/media?parent=598"}],"wp:term":[{"taxonomy":"folder","embeddable":true,"href":"https:\/\/site.educa.madrid.org\/cp.teresadecalcuta.sansebastian\/index.php\/wp-json\/wp\/v2\/folder?post=598"}],"curies":[{"name":"wp","href":"https:\/\/api.w.org\/{rel}","templated":true}]}}