{"id":599,"date":"2023-02-09T23:09:29","date_gmt":"2023-02-09T22:09:29","guid":{"rendered":"https:\/\/site.educa.madrid.org\/cp.teresadecalcuta.sansebastian\/?page_id=599"},"modified":"2024-02-09T18:39:43","modified_gmt":"2024-02-09T17:39:43","slug":"proyecto-educativo-del-centro","status":"publish","type":"page","link":"https:\/\/site.educa.madrid.org\/cp.teresadecalcuta.sansebastian\/index.php\/proyecto-educativo-del-centro\/","title":{"rendered":"PROYECTO EDUCATIVO DEL CENTRO"},"content":{"rendered":"\n<figure class=\"wp-block-image alignfull size-large\"><img loading=\"lazy\" decoding=\"async\" width=\"1024\" height=\"174\" src=\"https:\/\/site.educa.madrid.org\/cp.teresadecalcuta.sansebastian\/\/wp-content\/uploads\/cp.teresadecalcuta.sansebastian\/2024\/01\/PROYECTO-EDUCATIVO-1024x174.png\" alt=\"\" class=\"wp-image-1155\" srcset=\"https:\/\/site.educa.madrid.org\/cp.teresadecalcuta.sansebastian\/\/wp-content\/uploads\/cp.teresadecalcuta.sansebastian\/2024\/01\/PROYECTO-EDUCATIVO-1024x174.png 1024w, https:\/\/site.educa.madrid.org\/cp.teresadecalcuta.sansebastian\/\/wp-content\/uploads\/cp.teresadecalcuta.sansebastian\/2024\/01\/PROYECTO-EDUCATIVO-300x51.png 300w, https:\/\/site.educa.madrid.org\/cp.teresadecalcuta.sansebastian\/\/wp-content\/uploads\/cp.teresadecalcuta.sansebastian\/2024\/01\/PROYECTO-EDUCATIVO-768x130.png 768w, https:\/\/site.educa.madrid.org\/cp.teresadecalcuta.sansebastian\/\/wp-content\/uploads\/cp.teresadecalcuta.sansebastian\/2024\/01\/PROYECTO-EDUCATIVO-1536x261.png 1536w, https:\/\/site.educa.madrid.org\/cp.teresadecalcuta.sansebastian\/\/wp-content\/uploads\/cp.teresadecalcuta.sansebastian\/2024\/01\/PROYECTO-EDUCATIVO-2048x348.png 2048w\" sizes=\"auto, (max-width: 1024px) 100vw, 1024px\" \/><\/figure>\n\n\n\n<div class=\"wp-block-media-text is-stacked-on-mobile has-background\" style=\"background-color:#07aee3\"><figure class=\"wp-block-media-text__media\"><img loading=\"lazy\" decoding=\"async\" width=\"1024\" height=\"664\" src=\"https:\/\/site.educa.madrid.org\/cp.teresadecalcuta.sansebastian\/\/wp-content\/uploads\/cp.teresadecalcuta.sansebastian\/2023\/02\/colegio-1024x664.png\" alt=\"\" class=\"wp-image-828 size-full\" srcset=\"https:\/\/site.educa.madrid.org\/cp.teresadecalcuta.sansebastian\/\/wp-content\/uploads\/cp.teresadecalcuta.sansebastian\/2023\/02\/colegio-1024x664.png 1024w, https:\/\/site.educa.madrid.org\/cp.teresadecalcuta.sansebastian\/\/wp-content\/uploads\/cp.teresadecalcuta.sansebastian\/2023\/02\/colegio-300x195.png 300w, https:\/\/site.educa.madrid.org\/cp.teresadecalcuta.sansebastian\/\/wp-content\/uploads\/cp.teresadecalcuta.sansebastian\/2023\/02\/colegio-768x498.png 768w, https:\/\/site.educa.madrid.org\/cp.teresadecalcuta.sansebastian\/\/wp-content\/uploads\/cp.teresadecalcuta.sansebastian\/2023\/02\/colegio-1536x997.png 1536w, https:\/\/site.educa.madrid.org\/cp.teresadecalcuta.sansebastian\/\/wp-content\/uploads\/cp.teresadecalcuta.sansebastian\/2023\/02\/colegio-2048x1329.png 2048w\" sizes=\"auto, (max-width: 1024px) 100vw, 1024px\" \/><\/figure><div class=\"wp-block-media-text__content\">\n<p class=\"has-text-align-center has-white-color has-text-color has-medium-font-size\">Entendemos la educaci\u00f3n como un objetivo en el que participan todos los miembros de la Comunidad Educativa: Profesorado, padres, alumnos y personal no docente, defendiendo las libertades que por la ley nos corresponden e intentando formar personas para la vida.<\/p>\n<\/div><\/div>\n\n\n\n<p><\/p>\n\n\n\n<h2 class=\"wp-block-heading has-text-align-center has-large-font-size\">Nos proponemos los siguientes fines educativos<\/h2>\n\n\n\n<p><\/p>\n\n\n\n<figure class=\"wp-block-table alignwide\"><table><tbody><tr><td><img loading=\"lazy\" decoding=\"async\" src=\"https:\/\/www.educa2.madrid.org\/web\/educamadrid\/principal\/files\/052e1855-2efb-465a-8571-04ee5fc40365\/uno.png?t=1673783302954&amp;largeSize=true\" alt=\"\" width=\"22\" height=\"56\"><\/td><td>Potenciar una educaci\u00f3n integral, desarrollando la personalidad individual, los h\u00e1bitos de estudio, los conocimientos t\u00e9cnicos y fomentando la creatividad y el esp\u00edritu cr\u00edtico.<\/td><\/tr><tr><td><img loading=\"lazy\" decoding=\"async\" src=\"https:\/\/www.educa2.madrid.org\/web\/educamadrid\/principal\/files\/052e1855-2efb-465a-8571-04ee5fc40365\/dos.png?t=1673785353402&amp;largeSize=true\" alt=\"\" width=\"36\" height=\"49\"><\/td><td>Desarrollar las capacidades del alumno como forma de alcanzar sus propios niveles de autonom\u00eda y libertad como miembro de la sociedad en que vive.<\/td><\/tr><tr><td><img loading=\"lazy\" decoding=\"async\" src=\"https:\/\/www.educa2.madrid.org\/web\/educamadrid\/principal\/files\/052e1855-2efb-465a-8571-04ee5fc40365\/tres.png?t=1673785453144&amp;largeSize=true\" alt=\"\" width=\"33\" height=\"40\"><\/td><td>Establecer unas normas de convivencia claras y asumidas por todos.<\/td><\/tr><tr><td><img loading=\"lazy\" decoding=\"async\" src=\"https:\/\/www.educa2.madrid.org\/web\/educamadrid\/principal\/files\/052e1855-2efb-465a-8571-04ee5fc40365\/cuatro.png?t=1673785556996&amp;largeSize=true\" alt=\"\" width=\"40\" height=\"51\"><\/td><td>Respetar el ritmo de aprendizaje de nuestros alumnos, as\u00ed como sus capacidades, cualidades y circunstancias personales, teniendo en cuenta su desarrollo evolutivo y su acci\u00f3n individualizada, adecuando la intervenci\u00f3n del profesorado a tal fin.<\/td><\/tr><tr><td><img loading=\"lazy\" decoding=\"async\" src=\"https:\/\/www.educa2.madrid.org\/web\/educamadrid\/principal\/files\/052e1855-2efb-465a-8571-04ee5fc40365\/cinco.png?t=1673785654978&amp;largeSize=true\" alt=\"\" width=\"29\" height=\"45\"><\/td><td>Poner los medios para que las relaciones entre los distintos estamentos que componen la comunidad educativa se desarrollen en un clima de colaboraci\u00f3n: profesorado, alumnado, familias e instituciones.<\/td><\/tr><tr><td><img loading=\"lazy\" decoding=\"async\" src=\"https:\/\/www.educa2.madrid.org\/web\/educamadrid\/principal\/files\/052e1855-2efb-465a-8571-04ee5fc40365\/seis.png?t=1673785792828&amp;largeSize=true\" alt=\"\" width=\"35\" height=\"47\"><\/td><td>Fomentar entre el alumnado una actitud positiva ante el aprendizaje, el trabajo y el esfuerzo, y de respeto hacia los miembros de la Comunidad Educativa, los materiales propios y ajenos y el entorno.<\/td><\/tr><tr><td><img loading=\"lazy\" decoding=\"async\" src=\"https:\/\/www.educa2.madrid.org\/web\/educamadrid\/principal\/files\/052e1855-2efb-465a-8571-04ee5fc40365\/siete.png?t=1673785954122&amp;largeSize=true\" alt=\"\" width=\"30\" height=\"44\"><\/td><td>Facilitar la construcci\u00f3n de aprendizajes significativos, dise\u00f1ando actividades que permitan a los alumnos establecer relaciones adecuadas entre lo que ya saben y los nuevos aprendizajes que han de adquirir.<\/td><\/tr><tr><td><img loading=\"lazy\" decoding=\"async\" src=\"https:\/\/www.educa2.madrid.org\/web\/educamadrid\/principal\/files\/052e1855-2efb-465a-8571-04ee5fc40365\/ocho.png?t=1673786089042&amp;largeSize=true\" alt=\"\" width=\"34\" height=\"48\"><\/td><td>Plantear la evaluaci\u00f3n como la observaci\u00f3n, valoraci\u00f3n y reflexi\u00f3n del proceso educativo para realizar las rectificaciones necesarias y alcanzar as\u00ed los objetivos propuestos. Ha de tener un car\u00e1cter formativo y continuo, atendiendo al propio proceso en el que se incluyan: la realidad de cada alumno, las actuaciones del profesorado, los materiales, los espacios y la temporalizaci\u00f3n.<\/td><\/tr><tr><td><img loading=\"lazy\" decoding=\"async\" src=\"https:\/\/www.educa2.madrid.org\/web\/educamadrid\/principal\/files\/052e1855-2efb-465a-8571-04ee5fc40365\/nueve.png?t=1673786244385&amp;largeSize=true\" alt=\"\" width=\"36\" height=\"48\"><\/td><td>Concebir el colegio como una comunidad educativa en la que los diversos estamentos que la forman colaboran en la formaci\u00f3n del alumnado, cada cual en su medida, y que interact\u00faan con el entorno y sus instituciones.<\/td><\/tr><tr><td><img loading=\"lazy\" decoding=\"async\" src=\"https:\/\/www.educa2.madrid.org\/web\/educamadrid\/principal\/files\/052e1855-2efb-465a-8571-04ee5fc40365\/diez.png?t=1673786418104&amp;largeSize=true\" alt=\"\" width=\"60\" height=\"46\"><\/td><td>Potenciar el trabajo en equipo creando en el aula un clima de colaboraci\u00f3n grupal, proponiendo metas comunes que pongan de manifiesto la aportaci\u00f3n valiosa y necesaria de cada alumno.<\/td><\/tr><tr><td><img loading=\"lazy\" decoding=\"async\" src=\"https:\/\/www.educa2.madrid.org\/web\/educamadrid\/principal\/files\/052e1855-2efb-465a-8571-04ee5fc40365\/once.png?t=1673786865426&amp;largeSize=true\" alt=\"\" width=\"42\" height=\"47\"><\/td><td>Contribuir a la formaci\u00f3n permanente del profesorado a trav\u00e9s de cursos, seminarios, grupos de trabajo, etc, y el uso progresivo de las nuevas tecnolog\u00edas para que la pr\u00e1ctica docente se desarrolle coordinadamente en equipo y en continua actualizaci\u00f3n.<\/td><\/tr><tr><td><img loading=\"lazy\" decoding=\"async\" src=\"https:\/\/www.educa2.madrid.org\/web\/educamadrid\/principal\/files\/052e1855-2efb-465a-8571-04ee5fc40365\/doce.png?t=1673787703109&amp;largeSize=true\" alt=\"\" width=\"62\" height=\"51\"><\/td><td>Fomentar el conocimiento, el respeto y el cuidado del medio natural que nos rodea para contribuir con sus actitudes al cuidado del Planeta.<\/td><\/tr><tr><td><img loading=\"lazy\" decoding=\"async\" src=\"https:\/\/www.educa2.madrid.org\/web\/educamadrid\/principal\/files\/052e1855-2efb-465a-8571-04ee5fc40365\/trece.png?t=1673787803431&amp;largeSize=true\" alt=\"\" width=\"57\" height=\"46\"><\/td><td>Apreciar y asumir los valores b\u00e1sicos de la vida humana y de convivencia, foment\u00e1ndolos dentro del aula, utiliz\u00e1ndolos para la resoluci\u00f3n de conflictos y para el desarrollo de una actitud cr\u00edtica frente a la influencia de los medios de comunicaci\u00f3n y de la sociedad en general.<\/td><\/tr><tr><td><img loading=\"lazy\" decoding=\"async\" src=\"https:\/\/www.educa2.madrid.org\/web\/educamadrid\/principal\/files\/052e1855-2efb-465a-8571-04ee5fc40365\/catorce.png?t=1673787887318&amp;largeSize=true\" alt=\"\" width=\"60\" height=\"52\"><\/td><td>Crear un clima en el que cada miembro de la comunidad educativa sea valorado como una persona con identidad propia y pueda comunicar libre y espont\u00e1neamente sus ideas y opiniones manteniendo siempre el respeto debido a los dem\u00e1s miembros.<\/td><\/tr><tr><td><img loading=\"lazy\" decoding=\"async\" src=\"https:\/\/www.educa2.madrid.org\/web\/educamadrid\/principal\/files\/052e1855-2efb-465a-8571-04ee5fc40365\/quince.png?t=1673788005997&amp;largeSize=true\" alt=\"\" width=\"53\" height=\"47\"><\/td><td>Favorecer en nuestra pr\u00e1ctica docente la igualdad entre ni\u00f1os y ni\u00f1as y discriminar los papeles tradicionales planteando actividades de inter\u00e9s para ambos sexos que potencien lo que tradicionalmente se ha negado a cada uno de ellos y fomentando su participaci\u00f3n igualitaria.<\/td><\/tr><tr><td><img loading=\"lazy\" decoding=\"async\" src=\"https:\/\/www.educa2.madrid.org\/web\/educamadrid\/principal\/files\/052e1855-2efb-465a-8571-04ee5fc40365\/dieciseis.png?t=1673788147863&amp;largeSize=true\" alt=\"\" width=\"49\" height=\"44\"><\/td><td>Evitar y corregir actitudes en las aulas y en el entorno de la comunidad educativa de discriminaci\u00f3n o desigualdad hacia otros por razones de sexo u origen, excluyendo de la pr\u00e1ctica docente todo tipo de actitudes sexista o xen\u00f3fobas: vocabulario, distribuci\u00f3n de espacios o asignaci\u00f3n de tareas.<\/td><\/tr><\/tbody><\/table><\/figure>\n\n\n\n<div data-wp-interactive=\"core\/file\" class=\"wp-block-file alignfull\"><object data-wp-bind--hidden=\"!state.hasPdfPreview\" hidden class=\"wp-block-file__embed\" data=\"https:\/\/site.educa.madrid.org\/cp.teresadecalcuta.sansebastian\/\/wp-content\/uploads\/cp.teresadecalcuta.sansebastian\/2024\/02\/Plantilla-colegios2.pdf\" type=\"application\/pdf\" style=\"width:100%;height:600px\" aria-label=\"Incrustado de Plantilla-colegios2.\"><\/object><a id=\"wp-block-file--media-9760ed80-9e0f-4017-a250-021a95e818f0\" href=\"https:\/\/site.educa.madrid.org\/cp.teresadecalcuta.sansebastian\/\/wp-content\/uploads\/cp.teresadecalcuta.sansebastian\/2024\/02\/Plantilla-colegios2.pdf\">Plantilla-colegios2<\/a><a href=\"https:\/\/site.educa.madrid.org\/cp.teresadecalcuta.sansebastian\/\/wp-content\/uploads\/cp.teresadecalcuta.sansebastian\/2024\/02\/Plantilla-colegios2.pdf\" class=\"wp-block-file__button wp-element-button\" download aria-describedby=\"wp-block-file--media-9760ed80-9e0f-4017-a250-021a95e818f0\">Descarga<\/a><\/div>\n","protected":false},"excerpt":{"rendered":"<p>Entendemos la educaci\u00f3n como un objetivo en el que participan todos los miembros de la Comunidad Educativa: Profesorado, padres, alumnos y personal no docente, defendiendo las libertades que por la &#8230;<\/p>\n","protected":false},"author":9,"featured_media":0,"parent":0,"menu_order":0,"comment_status":"closed","ping_status":"closed","template":"","meta":{"footnotes":""},"folder":[],"class_list":["post-599","page","type-page","status-publish","hentry"],"rttpg_featured_image_url":null,"rttpg_author":{"display_name":"Juani Ruiz Quesada","author_link":"https:\/\/site.educa.madrid.org\/cp.teresadecalcuta.sansebastian\/index.php\/author\/juana-isabel_ruiz-quesada\/"},"rttpg_comment":0,"rttpg_category":false,"rttpg_excerpt":"Entendemos la educaci\u00f3n como un objetivo en el que participan todos los miembros de la Comunidad Educativa: Profesorado, padres, alumnos y personal no docente, defendiendo las libertades que por la ...","post_mailing_queue_ids":[],"_links":{"self":[{"href":"https:\/\/site.educa.madrid.org\/cp.teresadecalcuta.sansebastian\/index.php\/wp-json\/wp\/v2\/pages\/599","targetHints":{"allow":["GET"]}}],"collection":[{"href":"https:\/\/site.educa.madrid.org\/cp.teresadecalcuta.sansebastian\/index.php\/wp-json\/wp\/v2\/pages"}],"about":[{"href":"https:\/\/site.educa.madrid.org\/cp.teresadecalcuta.sansebastian\/index.php\/wp-json\/wp\/v2\/types\/page"}],"author":[{"embeddable":true,"href":"https:\/\/site.educa.madrid.org\/cp.teresadecalcuta.sansebastian\/index.php\/wp-json\/wp\/v2\/users\/9"}],"replies":[{"embeddable":true,"href":"https:\/\/site.educa.madrid.org\/cp.teresadecalcuta.sansebastian\/index.php\/wp-json\/wp\/v2\/comments?post=599"}],"version-history":[{"count":7,"href":"https:\/\/site.educa.madrid.org\/cp.teresadecalcuta.sansebastian\/index.php\/wp-json\/wp\/v2\/pages\/599\/revisions"}],"predecessor-version":[{"id":1374,"href":"https:\/\/site.educa.madrid.org\/cp.teresadecalcuta.sansebastian\/index.php\/wp-json\/wp\/v2\/pages\/599\/revisions\/1374"}],"wp:attachment":[{"href":"https:\/\/site.educa.madrid.org\/cp.teresadecalcuta.sansebastian\/index.php\/wp-json\/wp\/v2\/media?parent=599"}],"wp:term":[{"taxonomy":"folder","embeddable":true,"href":"https:\/\/site.educa.madrid.org\/cp.teresadecalcuta.sansebastian\/index.php\/wp-json\/wp\/v2\/folder?post=599"}],"curies":[{"name":"wp","href":"https:\/\/api.w.org\/{rel}","templated":true}]}}