{"id":601,"date":"2023-02-09T23:09:29","date_gmt":"2023-02-09T22:09:29","guid":{"rendered":"https:\/\/site.educa.madrid.org\/cp.teresadecalcuta.sansebastian\/?page_id=601"},"modified":"2024-02-09T19:11:28","modified_gmt":"2024-02-09T18:11:28","slug":"proyecto-bilingue","status":"publish","type":"page","link":"https:\/\/site.educa.madrid.org\/cp.teresadecalcuta.sansebastian\/index.php\/proyecto-bilingue\/","title":{"rendered":"PROYECTO BILING\u00dcE"},"content":{"rendered":"\n<figure class=\"wp-block-image alignfull size-large\"><img loading=\"lazy\" decoding=\"async\" width=\"1024\" height=\"186\" src=\"https:\/\/site.educa.madrid.org\/cp.teresadecalcuta.sansebastian\/\/wp-content\/uploads\/cp.teresadecalcuta.sansebastian\/2024\/01\/PROYECTO-BILINGUE-1024x186.png\" alt=\"\" class=\"wp-image-1153\" srcset=\"https:\/\/site.educa.madrid.org\/cp.teresadecalcuta.sansebastian\/\/wp-content\/uploads\/cp.teresadecalcuta.sansebastian\/2024\/01\/PROYECTO-BILINGUE-1024x186.png 1024w, https:\/\/site.educa.madrid.org\/cp.teresadecalcuta.sansebastian\/\/wp-content\/uploads\/cp.teresadecalcuta.sansebastian\/2024\/01\/PROYECTO-BILINGUE-300x55.png 300w, https:\/\/site.educa.madrid.org\/cp.teresadecalcuta.sansebastian\/\/wp-content\/uploads\/cp.teresadecalcuta.sansebastian\/2024\/01\/PROYECTO-BILINGUE-768x140.png 768w, https:\/\/site.educa.madrid.org\/cp.teresadecalcuta.sansebastian\/\/wp-content\/uploads\/cp.teresadecalcuta.sansebastian\/2024\/01\/PROYECTO-BILINGUE-1536x279.png 1536w, https:\/\/site.educa.madrid.org\/cp.teresadecalcuta.sansebastian\/\/wp-content\/uploads\/cp.teresadecalcuta.sansebastian\/2024\/01\/PROYECTO-BILINGUE-2048x372.png 2048w\" sizes=\"auto, (max-width: 1024px) 100vw, 1024px\" \/><\/figure>\n\n\n\n<figure class=\"wp-block-video alignwide\"><video height=\"1080\" style=\"aspect-ratio: 1920 \/ 1080;\" width=\"1920\" controls src=\"https:\/\/site.educa.madrid.org\/cp.teresadecalcuta.sansebastian\/\/wp-content\/uploads\/cp.teresadecalcuta.sansebastian\/2023\/02\/20220606_122959-1-1.mp4\"><\/video><figcaption class=\"wp-element-caption\">El&nbsp;<strong>CEIP Teresa de Calcuta<\/strong>&nbsp;se encuentra en San Sebasti\u00e1n de los Reyes, Madrid. Despu\u00e9s de haber participado en la convocatoria para convertirse en un centro biling\u00fce, el biling\u00fcismo se implanta definitivamente en nuestro centro en el curso 2014-2015.<br>Las ventajas que consider\u00e1bamos importantes para la implantaci\u00f3n de dicho proyecto en nuestro centro eran las siguientes:<br>&#8211; Comunicativa ya que aumenta sus posibilidades de relaci\u00f3n con personas de otros pa\u00edses, con capacidad para hablar y escribir en un idioma com\u00fan al de ellos.<br>&#8211; Cultural pues se va a conocer la literatura, tradiciones y la historia de dos culturas, enriqueciendo su educaci\u00f3n.<br>&#8211; Intelectual, puesto que hay estudios realizados en la Universidad de Granada por profesores como M\u00aa Teresa Bajo y Pedro Macizo que han demostrado que las personas biling\u00fces son capaces de activar dos idiomas al mismo tiempo, incluso cuando solo necesiten uno solo y mejoran notablemente su atenci\u00f3n y su memoria. Por todo ello pueden ser m\u00e1s creativos, m\u00e1s flexibles y adquirir una mente m\u00e1s abierta al mundo y a los dem\u00e1s.<br>&#8211; Plural ya que ofrece m\u00e1s oportunidades y diversificaci\u00f3n en sus estudios y en el trabajo a desempe\u00f1ar en un futuro.<br>Pensamos, adem\u00e1s, que la escuela p\u00fablica debe dar respuesta a las necesidades que se les van a plantear a nuestros alumnos en un futuro de una forma equitativa. El Plan Bolonia exige el domino de dos idiomas para poder titular a cualquier universitario. Los alumnos de colegios biling\u00fces ir\u00e1n suficientemente preparados para ser capaces de dar respuesta a este condicionante.<br>Por todas estas razones y con la finalidad de ofertar una ense\u00f1anza p\u00fablica de calidad a nuestro alumnado, creemos importante la implantaci\u00f3n de dicho proyecto de una manera eficaz, coordinada y atendiendo a las necesidades de nuestro alumnado en su contexto.<\/figcaption><\/figure>\n\n\n\n<div class=\"wp-block-columns is-layout-flex wp-container-core-columns-is-layout-9d6595d7 wp-block-columns-is-layout-flex\">\n<div class=\"wp-block-column is-layout-flow wp-block-column-is-layout-flow\">\n<div class=\"wp-block-group alignwide\"><div class=\"wp-block-group__inner-container is-layout-flow wp-block-group-is-layout-flow\">\n<figure class=\"wp-block-image alignwide size-large\"><img loading=\"lazy\" decoding=\"async\" width=\"1024\" height=\"768\" src=\"https:\/\/site.educa.madrid.org\/cp.teresadecalcuta.sansebastian\/\/wp-content\/uploads\/cp.teresadecalcuta.sansebastian\/2023\/02\/CLASE-11-1024x768.jpg\" alt=\"\" class=\"wp-image-821\" srcset=\"https:\/\/site.educa.madrid.org\/cp.teresadecalcuta.sansebastian\/\/wp-content\/uploads\/cp.teresadecalcuta.sansebastian\/2023\/02\/CLASE-11-1024x768.jpg 1024w, https:\/\/site.educa.madrid.org\/cp.teresadecalcuta.sansebastian\/\/wp-content\/uploads\/cp.teresadecalcuta.sansebastian\/2023\/02\/CLASE-11-300x225.jpg 300w, https:\/\/site.educa.madrid.org\/cp.teresadecalcuta.sansebastian\/\/wp-content\/uploads\/cp.teresadecalcuta.sansebastian\/2023\/02\/CLASE-11-768x576.jpg 768w, https:\/\/site.educa.madrid.org\/cp.teresadecalcuta.sansebastian\/\/wp-content\/uploads\/cp.teresadecalcuta.sansebastian\/2023\/02\/CLASE-11-1536x1152.jpg 1536w, https:\/\/site.educa.madrid.org\/cp.teresadecalcuta.sansebastian\/\/wp-content\/uploads\/cp.teresadecalcuta.sansebastian\/2023\/02\/CLASE-11-2048x1536.jpg 2048w\" sizes=\"auto, (max-width: 1024px) 100vw, 1024px\" \/><\/figure>\n<\/div><\/div>\n\n\n\n<p class=\"has-text-align-center\"><strong>EN EDUCACI\u00d3N PRIMARIA<\/strong><\/p>\n\n\n\n<p>DECRETO 61\/2022, de 13 de julio, del Consejo de Gobierno, por el que se establece para la Comunidad de Madrid la ordenaci\u00f3n y el curr\u00edculo de la etapa de Educaci\u00f3n Primaria, y atendiendo a los recursos humanos con los que cuenta el centro, la organizaci\u00f3n de las asignaturas impartidas en ingl\u00e9s ser\u00e1 la siguiente:<\/p>\n\n\n\n<p>Lengua Extranjera &#8211; ingl\u00e9s, se impartir\u00e1 en ingl\u00e9s durante un total de 5 sesiones semanales.<\/p>\n\n\n\n<p>Ciencias de la Naturaleza \u2013 Natural Science, se impartir\u00e1 en ingl\u00e9s durante un total de 2 sesiones semanales.<\/p>\n\n\n\n<p>Ciencias Sociales, se impartir\u00e1 en ingl\u00e9s durante un total de 2 sesiones semanales.<\/p>\n\n\n\n<p>Educaci\u00f3n Art\u00edstica \u2013 Pl\u00e1stica \u2013 Art and Crafts, se impartir\u00e1 en ingl\u00e9s durante una sesi\u00f3n a la semana.<\/p>\n<\/div>\n\n\n\n<div class=\"wp-block-column is-layout-flow wp-block-column-is-layout-flow\">\n<div class=\"wp-block-group alignwide\"><div class=\"wp-block-group__inner-container is-layout-flow wp-block-group-is-layout-flow\">\n<figure class=\"wp-block-image alignwide size-large\"><img loading=\"lazy\" decoding=\"async\" width=\"1024\" height=\"768\" src=\"https:\/\/site.educa.madrid.org\/cp.teresadecalcuta.sansebastian\/\/wp-content\/uploads\/cp.teresadecalcuta.sansebastian\/2023\/02\/20220606_115334-1-1024x768.jpg\" alt=\"\" class=\"wp-image-825\" srcset=\"https:\/\/site.educa.madrid.org\/cp.teresadecalcuta.sansebastian\/\/wp-content\/uploads\/cp.teresadecalcuta.sansebastian\/2023\/02\/20220606_115334-1-1024x768.jpg 1024w, https:\/\/site.educa.madrid.org\/cp.teresadecalcuta.sansebastian\/\/wp-content\/uploads\/cp.teresadecalcuta.sansebastian\/2023\/02\/20220606_115334-1-300x225.jpg 300w, https:\/\/site.educa.madrid.org\/cp.teresadecalcuta.sansebastian\/\/wp-content\/uploads\/cp.teresadecalcuta.sansebastian\/2023\/02\/20220606_115334-1-768x576.jpg 768w, https:\/\/site.educa.madrid.org\/cp.teresadecalcuta.sansebastian\/\/wp-content\/uploads\/cp.teresadecalcuta.sansebastian\/2023\/02\/20220606_115334-1-1536x1152.jpg 1536w, https:\/\/site.educa.madrid.org\/cp.teresadecalcuta.sansebastian\/\/wp-content\/uploads\/cp.teresadecalcuta.sansebastian\/2023\/02\/20220606_115334-1-2048x1536.jpg 2048w\" sizes=\"auto, (max-width: 1024px) 100vw, 1024px\" \/><\/figure>\n<\/div><\/div>\n\n\n\n<p class=\"has-text-align-center\"><strong>EN EDUCACI\u00d3N INFANTIL<\/strong><\/p>\n\n\n\n<p>DECRETO 36\/2022 ,de 8 de junio, del Consejo de Gobierno, por el que se establece para la Comunidad de Madrid la ordenaci\u00f3n y el curr\u00edculo de la etapa de Educaci\u00f3n Infantil, determina que deber\u00e1 contribuir a desarrollar en los ni\u00f1os el iniciarse experimentalmente en el conocimiento oral de una lengua extranjera.<\/p>\n\n\n\n<p>Actualmente el proyecto biling\u00fce est\u00e1 implantado en la etapa de Educaci\u00f3n Infantil.<\/p>\n\n\n\n<p>El n\u00famero de horas impartidas en lengua extranjera\/ingl\u00e9s, en cada uno de los niveles educativos son:<\/p>\n\n\n\n<p>1\u00ba Ed. Infantil: 3 horas semanales.<\/p>\n\n\n\n<p>2\u00ba Ed. Infantil: 4 horas semanales.<\/p>\n\n\n\n<p>3\u00ba Ed. Infantil: 5 horas semanales.<\/p>\n<\/div>\n<\/div>\n\n\n\n<p class=\"has-text-align-center\"><strong>RESULTADOS DE LAS PRUEBAS BILING\u00dcES DE LA COMUNIDAD DE MADRID<\/strong><\/p>\n\n\n<div class=\"wp-block-image\">\n<figure class=\"aligncenter size-full\"><img loading=\"lazy\" decoding=\"async\" width=\"839\" height=\"511\" src=\"https:\/\/site.educa.madrid.org\/cp.teresadecalcuta.sansebastian\/\/wp-content\/uploads\/cp.teresadecalcuta.sansebastian\/2024\/02\/WhatsApp-Image-2024-01-24-at-19.35.56.jpeg\" alt=\"\" class=\"wp-image-1380\" srcset=\"https:\/\/site.educa.madrid.org\/cp.teresadecalcuta.sansebastian\/\/wp-content\/uploads\/cp.teresadecalcuta.sansebastian\/2024\/02\/WhatsApp-Image-2024-01-24-at-19.35.56.jpeg 839w, https:\/\/site.educa.madrid.org\/cp.teresadecalcuta.sansebastian\/\/wp-content\/uploads\/cp.teresadecalcuta.sansebastian\/2024\/02\/WhatsApp-Image-2024-01-24-at-19.35.56-300x183.jpeg 300w, https:\/\/site.educa.madrid.org\/cp.teresadecalcuta.sansebastian\/\/wp-content\/uploads\/cp.teresadecalcuta.sansebastian\/2024\/02\/WhatsApp-Image-2024-01-24-at-19.35.56-768x468.jpeg 768w\" sizes=\"auto, (max-width: 839px) 100vw, 839px\" \/><\/figure>\n<\/div>","protected":false},"excerpt":{"rendered":"<p>EN EDUCACI\u00d3N PRIMARIA DECRETO 61\/2022, de 13 de julio, del Consejo de Gobierno, por el que se establece para la Comunidad de Madrid la ordenaci\u00f3n y el curr\u00edculo de la &#8230;<\/p>\n","protected":false},"author":9,"featured_media":0,"parent":0,"menu_order":0,"comment_status":"closed","ping_status":"closed","template":"","meta":{"footnotes":""},"folder":[],"class_list":["post-601","page","type-page","status-publish","hentry"],"rttpg_featured_image_url":null,"rttpg_author":{"display_name":"Juani Ruiz Quesada","author_link":"https:\/\/site.educa.madrid.org\/cp.teresadecalcuta.sansebastian\/index.php\/author\/juana-isabel_ruiz-quesada\/"},"rttpg_comment":0,"rttpg_category":false,"rttpg_excerpt":"EN EDUCACI\u00d3N PRIMARIA DECRETO 61\/2022, de 13 de julio, del Consejo de Gobierno, por el que se establece para la Comunidad de Madrid la ordenaci\u00f3n y el curr\u00edculo de la ...","post_mailing_queue_ids":[],"_links":{"self":[{"href":"https:\/\/site.educa.madrid.org\/cp.teresadecalcuta.sansebastian\/index.php\/wp-json\/wp\/v2\/pages\/601","targetHints":{"allow":["GET"]}}],"collection":[{"href":"https:\/\/site.educa.madrid.org\/cp.teresadecalcuta.sansebastian\/index.php\/wp-json\/wp\/v2\/pages"}],"about":[{"href":"https:\/\/site.educa.madrid.org\/cp.teresadecalcuta.sansebastian\/index.php\/wp-json\/wp\/v2\/types\/page"}],"author":[{"embeddable":true,"href":"https:\/\/site.educa.madrid.org\/cp.teresadecalcuta.sansebastian\/index.php\/wp-json\/wp\/v2\/users\/9"}],"replies":[{"embeddable":true,"href":"https:\/\/site.educa.madrid.org\/cp.teresadecalcuta.sansebastian\/index.php\/wp-json\/wp\/v2\/comments?post=601"}],"version-history":[{"count":7,"href":"https:\/\/site.educa.madrid.org\/cp.teresadecalcuta.sansebastian\/index.php\/wp-json\/wp\/v2\/pages\/601\/revisions"}],"predecessor-version":[{"id":1381,"href":"https:\/\/site.educa.madrid.org\/cp.teresadecalcuta.sansebastian\/index.php\/wp-json\/wp\/v2\/pages\/601\/revisions\/1381"}],"wp:attachment":[{"href":"https:\/\/site.educa.madrid.org\/cp.teresadecalcuta.sansebastian\/index.php\/wp-json\/wp\/v2\/media?parent=601"}],"wp:term":[{"taxonomy":"folder","embeddable":true,"href":"https:\/\/site.educa.madrid.org\/cp.teresadecalcuta.sansebastian\/index.php\/wp-json\/wp\/v2\/folder?post=601"}],"curies":[{"name":"wp","href":"https:\/\/api.w.org\/{rel}","templated":true}]}}