{"id":628,"date":"2023-02-09T23:20:42","date_gmt":"2023-02-09T22:20:42","guid":{"rendered":"https:\/\/site.educa.madrid.org\/cp.teresadecalcuta.sansebastian\/?page_id=628"},"modified":"2024-01-22T16:11:51","modified_gmt":"2024-01-22T15:11:51","slug":"comedor-escolar","status":"publish","type":"page","link":"https:\/\/site.educa.madrid.org\/cp.teresadecalcuta.sansebastian\/index.php\/comedor-escolar\/","title":{"rendered":"COMEDOR ESCOLAR"},"content":{"rendered":"\n<figure class=\"wp-block-image alignfull size-large\"><img loading=\"lazy\" decoding=\"async\" width=\"1024\" height=\"215\" src=\"https:\/\/site.educa.madrid.org\/cp.teresadecalcuta.sansebastian\/\/wp-content\/uploads\/cp.teresadecalcuta.sansebastian\/2024\/01\/COMEDOR-1024x215.png\" alt=\"\" class=\"wp-image-1168\" srcset=\"https:\/\/site.educa.madrid.org\/cp.teresadecalcuta.sansebastian\/\/wp-content\/uploads\/cp.teresadecalcuta.sansebastian\/2024\/01\/COMEDOR-1024x215.png 1024w, https:\/\/site.educa.madrid.org\/cp.teresadecalcuta.sansebastian\/\/wp-content\/uploads\/cp.teresadecalcuta.sansebastian\/2024\/01\/COMEDOR-300x63.png 300w, https:\/\/site.educa.madrid.org\/cp.teresadecalcuta.sansebastian\/\/wp-content\/uploads\/cp.teresadecalcuta.sansebastian\/2024\/01\/COMEDOR-768x161.png 768w, https:\/\/site.educa.madrid.org\/cp.teresadecalcuta.sansebastian\/\/wp-content\/uploads\/cp.teresadecalcuta.sansebastian\/2024\/01\/COMEDOR-1536x322.png 1536w, https:\/\/site.educa.madrid.org\/cp.teresadecalcuta.sansebastian\/\/wp-content\/uploads\/cp.teresadecalcuta.sansebastian\/2024\/01\/COMEDOR-2048x429.png 2048w\" sizes=\"auto, (max-width: 1024px) 100vw, 1024px\" \/><\/figure>\n\n\n\n<div class=\"wp-block-columns alignfull has-white-color has-text-color has-background is-layout-flex wp-container-core-columns-is-layout-9d6595d7 wp-block-columns-is-layout-flex\" style=\"background-color:#a5d872\">\n<div class=\"wp-block-column has-white-color has-text-color is-layout-flow wp-block-column-is-layout-flow\">\n<div class=\"wp-block-columns is-layout-flex wp-container-core-columns-is-layout-9d6595d7 wp-block-columns-is-layout-flex\">\n<div class=\"wp-block-column is-layout-flow wp-block-column-is-layout-flow\">\n<h2 class=\"wp-block-heading has-text-align-center has-white-color has-text-color\">INFORMACI\u00d3N SOBRE EL COMEDOR ESCOLAR<\/h2>\n\n\n\n<figure class=\"wp-block-image alignfull size-large is-style-default\"><img loading=\"lazy\" decoding=\"async\" width=\"1024\" height=\"730\" src=\"https:\/\/site.educa.madrid.org\/cp.teresadecalcuta.sansebastian\/\/wp-content\/uploads\/cp.teresadecalcuta.sansebastian\/2023\/02\/COMEDOR-22-1-1024x730.jpg\" alt=\"\" class=\"wp-image-810\" srcset=\"https:\/\/site.educa.madrid.org\/cp.teresadecalcuta.sansebastian\/\/wp-content\/uploads\/cp.teresadecalcuta.sansebastian\/2023\/02\/COMEDOR-22-1-1024x730.jpg 1024w, https:\/\/site.educa.madrid.org\/cp.teresadecalcuta.sansebastian\/\/wp-content\/uploads\/cp.teresadecalcuta.sansebastian\/2023\/02\/COMEDOR-22-1-300x214.jpg 300w, https:\/\/site.educa.madrid.org\/cp.teresadecalcuta.sansebastian\/\/wp-content\/uploads\/cp.teresadecalcuta.sansebastian\/2023\/02\/COMEDOR-22-1-768x548.jpg 768w, https:\/\/site.educa.madrid.org\/cp.teresadecalcuta.sansebastian\/\/wp-content\/uploads\/cp.teresadecalcuta.sansebastian\/2023\/02\/COMEDOR-22-1-1536x1095.jpg 1536w, https:\/\/site.educa.madrid.org\/cp.teresadecalcuta.sansebastian\/\/wp-content\/uploads\/cp.teresadecalcuta.sansebastian\/2023\/02\/COMEDOR-22-1-2048x1460.jpg 2048w\" sizes=\"auto, (max-width: 1024px) 100vw, 1024px\" \/><\/figure>\n\n\n\n<div class=\"wp-block-columns is-layout-flex wp-container-core-columns-is-layout-9d6595d7 wp-block-columns-is-layout-flex\">\n<div class=\"wp-block-column is-layout-flow wp-block-column-is-layout-flow\">\n<figure class=\"wp-block-image size-large\"><img loading=\"lazy\" decoding=\"async\" width=\"1024\" height=\"1024\" src=\"https:\/\/site.educa.madrid.org\/cp.teresadecalcuta.sansebastian\/\/wp-content\/uploads\/cp.teresadecalcuta.sansebastian\/2024\/01\/vecteezy_vegetal-sopa-y-ingredientes-iconos_22983454-1-1024x1024.png\" alt=\"\" class=\"wp-image-1237\" srcset=\"https:\/\/site.educa.madrid.org\/cp.teresadecalcuta.sansebastian\/\/wp-content\/uploads\/cp.teresadecalcuta.sansebastian\/2024\/01\/vecteezy_vegetal-sopa-y-ingredientes-iconos_22983454-1-1024x1024.png 1024w, https:\/\/site.educa.madrid.org\/cp.teresadecalcuta.sansebastian\/\/wp-content\/uploads\/cp.teresadecalcuta.sansebastian\/2024\/01\/vecteezy_vegetal-sopa-y-ingredientes-iconos_22983454-1-300x300.png 300w, https:\/\/site.educa.madrid.org\/cp.teresadecalcuta.sansebastian\/\/wp-content\/uploads\/cp.teresadecalcuta.sansebastian\/2024\/01\/vecteezy_vegetal-sopa-y-ingredientes-iconos_22983454-1-150x150.png 150w, https:\/\/site.educa.madrid.org\/cp.teresadecalcuta.sansebastian\/\/wp-content\/uploads\/cp.teresadecalcuta.sansebastian\/2024\/01\/vecteezy_vegetal-sopa-y-ingredientes-iconos_22983454-1-768x768.png 768w, https:\/\/site.educa.madrid.org\/cp.teresadecalcuta.sansebastian\/\/wp-content\/uploads\/cp.teresadecalcuta.sansebastian\/2024\/01\/vecteezy_vegetal-sopa-y-ingredientes-iconos_22983454-1-1536x1536.png 1536w, https:\/\/site.educa.madrid.org\/cp.teresadecalcuta.sansebastian\/\/wp-content\/uploads\/cp.teresadecalcuta.sansebastian\/2024\/01\/vecteezy_vegetal-sopa-y-ingredientes-iconos_22983454-1-2048x2048.png 2048w\" sizes=\"auto, (max-width: 1024px) 100vw, 1024px\" \/><\/figure>\n<\/div>\n\n\n\n<div class=\"wp-block-column is-layout-flow wp-block-column-is-layout-flow\">\n<figure class=\"wp-block-image size-large\"><img loading=\"lazy\" decoding=\"async\" width=\"1024\" height=\"1024\" src=\"https:\/\/site.educa.madrid.org\/cp.teresadecalcuta.sansebastian\/\/wp-content\/uploads\/cp.teresadecalcuta.sansebastian\/2024\/01\/vecteezy_sopa-pollo-plato-con-cebolla-cuenco_22984727-1024x1024.png\" alt=\"\" class=\"wp-image-1233\" srcset=\"https:\/\/site.educa.madrid.org\/cp.teresadecalcuta.sansebastian\/\/wp-content\/uploads\/cp.teresadecalcuta.sansebastian\/2024\/01\/vecteezy_sopa-pollo-plato-con-cebolla-cuenco_22984727-1024x1024.png 1024w, https:\/\/site.educa.madrid.org\/cp.teresadecalcuta.sansebastian\/\/wp-content\/uploads\/cp.teresadecalcuta.sansebastian\/2024\/01\/vecteezy_sopa-pollo-plato-con-cebolla-cuenco_22984727-300x300.png 300w, https:\/\/site.educa.madrid.org\/cp.teresadecalcuta.sansebastian\/\/wp-content\/uploads\/cp.teresadecalcuta.sansebastian\/2024\/01\/vecteezy_sopa-pollo-plato-con-cebolla-cuenco_22984727-150x150.png 150w, https:\/\/site.educa.madrid.org\/cp.teresadecalcuta.sansebastian\/\/wp-content\/uploads\/cp.teresadecalcuta.sansebastian\/2024\/01\/vecteezy_sopa-pollo-plato-con-cebolla-cuenco_22984727-768x768.png 768w, https:\/\/site.educa.madrid.org\/cp.teresadecalcuta.sansebastian\/\/wp-content\/uploads\/cp.teresadecalcuta.sansebastian\/2024\/01\/vecteezy_sopa-pollo-plato-con-cebolla-cuenco_22984727-1536x1536.png 1536w, https:\/\/site.educa.madrid.org\/cp.teresadecalcuta.sansebastian\/\/wp-content\/uploads\/cp.teresadecalcuta.sansebastian\/2024\/01\/vecteezy_sopa-pollo-plato-con-cebolla-cuenco_22984727-2048x2048.png 2048w\" sizes=\"auto, (max-width: 1024px) 100vw, 1024px\" \/><\/figure>\n<\/div>\n<\/div>\n\n\n\n<p class=\"has-text-align-center\">La fecha de comienzo del servicio de comedor&nbsp;ser\u00e1&nbsp;el primer d\u00eda lectivo del mes de septiembre, y finalizar\u00e1 el \u00faltimo d\u00eda lectivo del mes de junio del presente curso.<\/p>\n\n\n\n<p class=\"has-text-align-center\">Para los alumnos que hacen&nbsp;uso diario&nbsp;del comedor, el cobro de los recibos se har\u00e1 a trav\u00e9s de&nbsp;domiciliaci\u00f3n bancaria.<\/p>\n\n\n\n<p class=\"has-text-align-center\">Para los alumnos que necesiten hacer uso del comedor&nbsp;de forma ocasional&nbsp;el precio por d\u00eda se notificar\u00e1 en la primera circular a los padres, en el mes de septiembre.<\/p>\n\n\n\n<p class=\"has-text-align-center\">El servicio lo presta&nbsp;la empresa COCINAS CENTRALES&nbsp;que cuenta con el personal y con todos los permisos y garant\u00edas que establece&nbsp;la Administraci\u00f3n.<\/p>\n<\/div>\n\n\n\n<div class=\"wp-block-column has-white-color has-text-color is-layout-flow wp-block-column-is-layout-flow\">\n<figure class=\"wp-block-image alignfull size-large\"><img loading=\"lazy\" decoding=\"async\" width=\"731\" height=\"1024\" src=\"https:\/\/site.educa.madrid.org\/cp.teresadecalcuta.sansebastian\/\/wp-content\/uploads\/cp.teresadecalcuta.sansebastian\/2023\/02\/NORMAS-CPMEDOR-731x1024.png\" alt=\"\" class=\"wp-image-811\" srcset=\"https:\/\/site.educa.madrid.org\/cp.teresadecalcuta.sansebastian\/\/wp-content\/uploads\/cp.teresadecalcuta.sansebastian\/2023\/02\/NORMAS-CPMEDOR-731x1024.png 731w, https:\/\/site.educa.madrid.org\/cp.teresadecalcuta.sansebastian\/\/wp-content\/uploads\/cp.teresadecalcuta.sansebastian\/2023\/02\/NORMAS-CPMEDOR-214x300.png 214w, https:\/\/site.educa.madrid.org\/cp.teresadecalcuta.sansebastian\/\/wp-content\/uploads\/cp.teresadecalcuta.sansebastian\/2023\/02\/NORMAS-CPMEDOR-768x1075.png 768w, https:\/\/site.educa.madrid.org\/cp.teresadecalcuta.sansebastian\/\/wp-content\/uploads\/cp.teresadecalcuta.sansebastian\/2023\/02\/NORMAS-CPMEDOR-1097x1536.png 1097w, https:\/\/site.educa.madrid.org\/cp.teresadecalcuta.sansebastian\/\/wp-content\/uploads\/cp.teresadecalcuta.sansebastian\/2023\/02\/NORMAS-CPMEDOR-1463x2048.png 1463w, https:\/\/site.educa.madrid.org\/cp.teresadecalcuta.sansebastian\/\/wp-content\/uploads\/cp.teresadecalcuta.sansebastian\/2023\/02\/NORMAS-CPMEDOR.png 1965w\" sizes=\"auto, (max-width: 731px) 100vw, 731px\" \/><\/figure>\n\n\n\n<p class=\"has-text-align-center has-white-color has-text-color\"><a href=\"https:\/\/menuak.ausolan.com\/\">ACCESO AL MENU DEL COMEDOR&nbsp;&nbsp;<\/a><br><a href=\"https:\/\/www.educa2.madrid.org\/web\/educamadrid\/principal\/files\/fc9126a5-6453-457c-818e-3131d885b237\/informe%20valoracion%20menu%5D.pdf?t=1416410359583\">* Informe trimestral de valoraci\u00f3n del men\u00fa escolar por la Delegaci\u00f3n de Salud del&nbsp;Ayuntamiento de San Sebasti\u00e1n de los Reyes.<\/a><\/p>\n\n\n\n<p class=\"has-text-align-center\">Nuestro&nbsp;comedor&nbsp;dispone de cocina propia donde se elabora diariamente&nbsp;el men\u00fa.<\/p>\n\n\n<div class=\"wp-block-image\">\n<figure class=\"aligncenter size-large is-resized\"><img decoding=\"async\" src=\"https:\/\/site.educa.madrid.org\/cp.teresadecalcuta.sansebastian\/\/wp-content\/uploads\/cp.teresadecalcuta.sansebastian\/2024\/01\/bol1-1024x720.png\" alt=\"\" class=\"wp-image-1089\" width=\"-18\" height=\"-12\" srcset=\"https:\/\/site.educa.madrid.org\/cp.teresadecalcuta.sansebastian\/\/wp-content\/uploads\/cp.teresadecalcuta.sansebastian\/2024\/01\/bol1-1024x720.png 1024w, https:\/\/site.educa.madrid.org\/cp.teresadecalcuta.sansebastian\/\/wp-content\/uploads\/cp.teresadecalcuta.sansebastian\/2024\/01\/bol1-300x211.png 300w, https:\/\/site.educa.madrid.org\/cp.teresadecalcuta.sansebastian\/\/wp-content\/uploads\/cp.teresadecalcuta.sansebastian\/2024\/01\/bol1-768x540.png 768w, https:\/\/site.educa.madrid.org\/cp.teresadecalcuta.sansebastian\/\/wp-content\/uploads\/cp.teresadecalcuta.sansebastian\/2024\/01\/bol1-1536x1080.png 1536w, https:\/\/site.educa.madrid.org\/cp.teresadecalcuta.sansebastian\/\/wp-content\/uploads\/cp.teresadecalcuta.sansebastian\/2024\/01\/bol1-2048x1440.png 2048w\" sizes=\"(max-width: 1024px) 100vw, 1024px\" \/><\/figure>\n<\/div><\/div>\n<\/div>\n<\/div>\n<\/div>\n","protected":false},"excerpt":{"rendered":"<p>INFORMACI\u00d3N SOBRE EL COMEDOR ESCOLAR La fecha de comienzo del servicio de comedor&nbsp;ser\u00e1&nbsp;el primer d\u00eda lectivo del mes de septiembre, y finalizar\u00e1 el \u00faltimo d\u00eda lectivo del mes de junio &#8230;<\/p>\n","protected":false},"author":9,"featured_media":0,"parent":0,"menu_order":0,"comment_status":"closed","ping_status":"closed","template":"","meta":{"footnotes":""},"folder":[],"class_list":["post-628","page","type-page","status-publish","hentry"],"rttpg_featured_image_url":null,"rttpg_author":{"display_name":"Juani Ruiz Quesada","author_link":"https:\/\/site.educa.madrid.org\/cp.teresadecalcuta.sansebastian\/index.php\/author\/juana-isabel_ruiz-quesada\/"},"rttpg_comment":0,"rttpg_category":false,"rttpg_excerpt":"INFORMACI\u00d3N SOBRE EL COMEDOR ESCOLAR La fecha de comienzo del servicio de comedor&nbsp;ser\u00e1&nbsp;el primer d\u00eda lectivo del mes de septiembre, y finalizar\u00e1 el \u00faltimo d\u00eda lectivo del mes de junio ...","post_mailing_queue_ids":[],"_links":{"self":[{"href":"https:\/\/site.educa.madrid.org\/cp.teresadecalcuta.sansebastian\/index.php\/wp-json\/wp\/v2\/pages\/628","targetHints":{"allow":["GET"]}}],"collection":[{"href":"https:\/\/site.educa.madrid.org\/cp.teresadecalcuta.sansebastian\/index.php\/wp-json\/wp\/v2\/pages"}],"about":[{"href":"https:\/\/site.educa.madrid.org\/cp.teresadecalcuta.sansebastian\/index.php\/wp-json\/wp\/v2\/types\/page"}],"author":[{"embeddable":true,"href":"https:\/\/site.educa.madrid.org\/cp.teresadecalcuta.sansebastian\/index.php\/wp-json\/wp\/v2\/users\/9"}],"replies":[{"embeddable":true,"href":"https:\/\/site.educa.madrid.org\/cp.teresadecalcuta.sansebastian\/index.php\/wp-json\/wp\/v2\/comments?post=628"}],"version-history":[{"count":7,"href":"https:\/\/site.educa.madrid.org\/cp.teresadecalcuta.sansebastian\/index.php\/wp-json\/wp\/v2\/pages\/628\/revisions"}],"predecessor-version":[{"id":1238,"href":"https:\/\/site.educa.madrid.org\/cp.teresadecalcuta.sansebastian\/index.php\/wp-json\/wp\/v2\/pages\/628\/revisions\/1238"}],"wp:attachment":[{"href":"https:\/\/site.educa.madrid.org\/cp.teresadecalcuta.sansebastian\/index.php\/wp-json\/wp\/v2\/media?parent=628"}],"wp:term":[{"taxonomy":"folder","embeddable":true,"href":"https:\/\/site.educa.madrid.org\/cp.teresadecalcuta.sansebastian\/index.php\/wp-json\/wp\/v2\/folder?post=628"}],"curies":[{"name":"wp","href":"https:\/\/api.w.org\/{rel}","templated":true}]}}