{"id":664,"date":"2023-02-13T11:59:28","date_gmt":"2023-02-13T10:59:28","guid":{"rendered":"https:\/\/site.educa.madrid.org\/cp.teresadecalcuta.sansebastian\/?page_id=664"},"modified":"2026-06-15T19:22:42","modified_gmt":"2026-06-15T17:22:42","slug":"admision-y-matricula","status":"publish","type":"page","link":"https:\/\/site.educa.madrid.org\/cp.teresadecalcuta.sansebastian\/index.php\/admision-y-matricula\/","title":{"rendered":"ADMISI\u00d3N Y MATR\u00cdCULA"},"content":{"rendered":"\n<h2 class=\"wp-block-heading has-text-align-center\">INFORMACI\u00d3N PARA LA ADMISI\u00d3N<\/h2>\n\n\n\n<p>Como cada a\u00f1o, ya est\u00e1n indicadas las fechas para realizar la escolarizaci\u00f3n en la Comunidad de Madrid para el curso 2026\/27<\/p>\n\n\n\n<p>Las solicitudes de plaza para la admisi\u00f3n de alumnas\/os del curso escolar 2025\/26 se abrir\u00e1n el pr\u00f3ximo 11 de marzo para los centros de:<\/p>\n\n\n\n<p>Educaci\u00f3n Infantil,<br>Primaria, Especial,<br>Educaci\u00f3n Secundaria Obligatoria<br>Bachillerato<br>Al realizar la solicitud de escolarizaci\u00f3n es posible elegir entre diferentes centros. Dicha solicitud se puede hacer de manera presencial o telem\u00e1ticamente hasta el 25 de marzo:<\/p>\n\n\n\n<p>Presencialmente: las solicitud se podr\u00e1 presentar en persona directamente en el centro educativo que se hayamos indicado como primera opci\u00f3n.<br>Telem\u00e1tica: a trav\u00e9s de la web institucional (<a href=\"https:\/\/www.comunidad.madrid\/servicios\/educacion\/solicita-tu-admision-educacion-infantil-obligatoria-bachillerato\" target=\"_blank\" rel=\"noreferrer noopener\"> https:\/\/www.comunidad.madrid\/servicios\/educacion\/solicita-tu-admision-educacion-infantil-obligatoria-bachillerato<\/a> ) en la que pueden ver los listados de todos los centros p\u00fablicos , normativa y listas de admitidos.<\/p>\n\n\n\n<p>Listas de admitidos y plazos de matriculaci\u00f3n<br>En el caso del alumnado de segundo ciclo de Educaci\u00f3n Infantil, Educaci\u00f3n Primaria y ESO y Bachillerato, las listas de personas admitidas se publicar\u00e1n el 27 de mayo.<\/p>\n\n\n\n<p>Los plazos de matriculaci\u00f3n ser\u00e1n del 11 al 25 de junio para:<\/p>\n\n\n\n<p>Segundo ciclo de Infantil,<br>Primaria y Especial<\/p>\n\n\n\n<p><br>Plazos de matriculaci\u00f3n del 11 de junio al 3 de julio para:<\/p>\n\n\n\n<p>Secundaria<\/p>\n\n\n\n<p>Sistema de valoraci\u00f3n<br>El proceso de selecci\u00f3n sigue un sistema de puntos, y este a\u00f1o se continuar\u00e1n aplicando las mismos criterios de puntuaci\u00f3n que fueron adaptadas para cumplir con lo indicado en la \u00faltima ley educativa.<\/p>\n\n\n\n<p>Esta Ley de Educaci\u00f3n prioriza la proximidad al centro del domicilio de los padres como criterio principal de admisi\u00f3n, pero tambi\u00e9n se van a valorar otras circunstancias que pretenden favorecer la libertad de elecci\u00f3n, como tener hermanas\/os en el mismo colegio o facilitar el agrupamiento familiar.<\/p>\n\n\n\n<p>Se mantienen adem\u00e1s otros criterios de valoraci\u00f3n: haber nacido en parto m\u00faltiple, pertenecientes a familia monoparental o solicitantes en situaci\u00f3n de acogimiento familiar, en cuyo caso podr\u00e1n obtener 3 puntos.<\/p>\n\n\n\n<p>Tambi\u00e9n se tendr\u00e1 en cuenta el que se tenga la condici\u00f3n de v\u00edctima de violencia de g\u00e9nero o de terrorismo. En ese caso sumar\u00e1n 2 puntos.<\/p>\n\n\n\n<p>Adem\u00e1s, para la consideraci\u00f3n de familia numerosa se tendr\u00e1n en cuenta los bebes no nacidos.<\/p>\n\n\n\n<p><strong>El punto extra concedido por el Consejo Escolar es por pedir nuestro centro en primera opci\u00f3n<\/strong>.<\/p>\n\n\n\n<p>Consulte toda la informaci\u00f3n en la Resoluci\u00f3n del 9 de diciembre de 2025 <a href=\"https:\/\/www.bocm.es\/boletin\/CM_Orden_BOCM\/2025\/12\/09\/BOCM-20251209-19.PDF\">chrome-extension:\/\/efaidnbmnnnibpcajpcglclefindmkaj\/https:\/\/www.bocm.es\/boletin\/CM_Orden_BOCM\/2025\/12\/09\/BOCM-20251209-19.PDF<\/a><\/p>\n\n\n\n<div class=\"wp-block-columns is-layout-flex wp-container-core-columns-is-layout-9d6595d7 wp-block-columns-is-layout-flex\">\n<div class=\"wp-block-column is-layout-flow wp-block-column-is-layout-flow\">\n<h2 class=\"wp-block-heading\">FICHA RECOGIDA DE DATOS EDUCACI\u00d3N PRIMARIA E INFANTIL<\/h2>\n\n\n\n<div data-wp-interactive=\"core\/file\" class=\"wp-block-file\"><object data-wp-bind--hidden=\"!state.hasPdfPreview\" hidden class=\"wp-block-file__embed\" data=\"https:\/\/site.educa.madrid.org\/cp.teresadecalcuta.sansebastian\/\/wp-content\/uploads\/cp.teresadecalcuta.sansebastian\/2026\/06\/FICHA-RECOGIDA-DE-DATOSACTUALIZADA.pdf\" type=\"application\/pdf\" style=\"width:100%;height:240px\" aria-label=\"Incrustado de FICHA RECOGIDA DE DATOSACTUALIZADA.\"><\/object><a id=\"wp-block-file--media-e517b7ec-13a7-4cde-a60e-3486229216d8\" href=\"https:\/\/site.educa.madrid.org\/cp.teresadecalcuta.sansebastian\/\/wp-content\/uploads\/cp.teresadecalcuta.sansebastian\/2026\/06\/FICHA-RECOGIDA-DE-DATOSACTUALIZADA.pdf\">FICHA RECOGIDA DE DATOSACTUALIZADA<\/a><a href=\"https:\/\/site.educa.madrid.org\/cp.teresadecalcuta.sansebastian\/\/wp-content\/uploads\/cp.teresadecalcuta.sansebastian\/2026\/06\/FICHA-RECOGIDA-DE-DATOSACTUALIZADA.pdf\" class=\"wp-block-file__button wp-element-button\" download aria-describedby=\"wp-block-file--media-e517b7ec-13a7-4cde-a60e-3486229216d8\">Descarga<\/a><\/div>\n\n\n\n<div class=\"wp-block-columns is-layout-flex wp-container-core-columns-is-layout-9d6595d7 wp-block-columns-is-layout-flex\">\n<div class=\"wp-block-column is-layout-flow wp-block-column-is-layout-flow\">\n<h2 class=\"wp-block-heading\">FICHA RECOGIDA DE DATOS EDUCACI\u00d3N SECUNDARIA 1\u00ba<\/h2>\n\n\n\n<div data-wp-interactive=\"core\/file\" class=\"wp-block-file\"><object data-wp-bind--hidden=\"!state.hasPdfPreview\" hidden class=\"wp-block-file__embed\" data=\"https:\/\/site.educa.madrid.org\/cp.teresadecalcuta.sansebastian\/\/wp-content\/uploads\/cp.teresadecalcuta.sansebastian\/2026\/06\/FICHA-RECOGIDA-DE-DATOS-1o-ESO-1-1.pdf\" type=\"application\/pdf\" style=\"width:100%;height:250px\" aria-label=\"Incrustado de FICHA RECOGIDA DE DATOS 1\u00ba ESO.\"><\/object><a id=\"wp-block-file--media-8e0d98a0-4f1b-44e5-be51-697f1503c6d4\" href=\"https:\/\/site.educa.madrid.org\/cp.teresadecalcuta.sansebastian\/\/wp-content\/uploads\/cp.teresadecalcuta.sansebastian\/2026\/06\/FICHA-RECOGIDA-DE-DATOS-1o-ESO-1-1.pdf\">FICHA RECOGIDA DE DATOS 1\u00ba ESO<\/a><a href=\"https:\/\/site.educa.madrid.org\/cp.teresadecalcuta.sansebastian\/\/wp-content\/uploads\/cp.teresadecalcuta.sansebastian\/2026\/06\/FICHA-RECOGIDA-DE-DATOS-1o-ESO-1-1.pdf\" class=\"wp-block-file__button wp-element-button\" download aria-describedby=\"wp-block-file--media-8e0d98a0-4f1b-44e5-be51-697f1503c6d4\">Descarga<\/a><\/div>\n\n\n\n<p><\/p>\n<\/div>\n\n\n\n<div class=\"wp-block-column is-layout-flow wp-block-column-is-layout-flow\">\n<h2 class=\"wp-block-heading\">FICHA RECOGIDA DE DATOS EDUCACI\u00d3N SECUNDARIA 2\u00ba<\/h2>\n\n\n\n<div data-wp-interactive=\"core\/file\" class=\"wp-block-file\"><object data-wp-bind--hidden=\"!state.hasPdfPreview\" hidden class=\"wp-block-file__embed\" data=\"https:\/\/site.educa.madrid.org\/cp.teresadecalcuta.sansebastian\/\/wp-content\/uploads\/cp.teresadecalcuta.sansebastian\/2026\/06\/FICHA-RECOGIDA-DE-DATOS-2o-ESO-.pdf\" type=\"application\/pdf\" style=\"width:100%;height:250px\" aria-label=\"Incrustado de FICHA RECOGIDA DE DATOS 2\u00ba ESO.\"><\/object><a id=\"wp-block-file--media-f243b490-16ce-463f-bf25-901b04cd4790\" href=\"https:\/\/site.educa.madrid.org\/cp.teresadecalcuta.sansebastian\/\/wp-content\/uploads\/cp.teresadecalcuta.sansebastian\/2026\/06\/FICHA-RECOGIDA-DE-DATOS-2o-ESO-.pdf\">FICHA RECOGIDA DE DATOS 2\u00ba ESO<\/a><a href=\"https:\/\/site.educa.madrid.org\/cp.teresadecalcuta.sansebastian\/\/wp-content\/uploads\/cp.teresadecalcuta.sansebastian\/2026\/06\/FICHA-RECOGIDA-DE-DATOS-2o-ESO-.pdf\" class=\"wp-block-file__button wp-element-button\" download aria-describedby=\"wp-block-file--media-f243b490-16ce-463f-bf25-901b04cd4790\">Descarga<\/a><\/div>\n<\/div>\n<\/div>\n<\/div>\n<\/div>\n\n\n\n<h2 class=\"wp-block-heading has-text-align-center\">DOCUMENTOS PARA LA MATR\u00cdCULA DE EDUCACI\u00d3N INFANTIL, PRIMARIA Y SECUNDARIA<\/h2>\n\n\n\n<p>ES NECESARIO RELLENAR TODOS LOS DOCUMENTOS SIGUIENTES TANTO PARA LA MATRICULA DE EDUCACI\u00d3N INFANTIL, COMO DE PRIMARIA Y SECUNDARIA.<\/p>\n\n\n\n<div class=\"wp-block-columns is-layout-flex wp-container-core-columns-is-layout-9d6595d7 wp-block-columns-is-layout-flex\">\n<div class=\"wp-block-column is-layout-flow wp-block-column-is-layout-flow\">\n<div data-wp-interactive=\"core\/file\" class=\"wp-block-file alignfull\"><object data-wp-bind--hidden=\"!state.hasPdfPreview\" hidden class=\"wp-block-file__embed\" data=\"https:\/\/site.educa.madrid.org\/cp.teresadecalcuta.sansebastian\/\/wp-content\/uploads\/cp.teresadecalcuta.sansebastian\/2026\/06\/actividadescomplementarias.pdf\" type=\"application\/pdf\" style=\"width:100%;height:310px\" aria-label=\"Incrustado de actividadescomplementarias.\"><\/object><a id=\"wp-block-file--media-ffb38847-fabf-4bc6-bea2-556f32f021eb\" href=\"https:\/\/site.educa.madrid.org\/cp.teresadecalcuta.sansebastian\/\/wp-content\/uploads\/cp.teresadecalcuta.sansebastian\/2026\/06\/actividadescomplementarias.pdf\">actividadescomplementarias<\/a><a href=\"https:\/\/site.educa.madrid.org\/cp.teresadecalcuta.sansebastian\/\/wp-content\/uploads\/cp.teresadecalcuta.sansebastian\/2026\/06\/actividadescomplementarias.pdf\" class=\"wp-block-file__button wp-element-button\" download aria-describedby=\"wp-block-file--media-ffb38847-fabf-4bc6-bea2-556f32f021eb\">Descarga<\/a><\/div>\n<\/div>\n\n\n\n<div class=\"wp-block-column is-layout-flow wp-block-column-is-layout-flow\">\n<div data-wp-interactive=\"core\/file\" class=\"wp-block-file alignfull\"><object data-wp-bind--hidden=\"!state.hasPdfPreview\" hidden class=\"wp-block-file__embed\" data=\"https:\/\/site.educa.madrid.org\/cp.teresadecalcuta.sansebastian\/\/wp-content\/uploads\/cp.teresadecalcuta.sansebastian\/2026\/06\/DATOSBANCARIOSCOMEDOR2526.pdf\" type=\"application\/pdf\" style=\"width:100%;height:310px\" aria-label=\"Incrustado de DATOSBANCARIOSCOMEDOR2526.\"><\/object><a id=\"wp-block-file--media-ffa7e59d-f4db-480f-aa20-4318cc4a8469\" href=\"https:\/\/site.educa.madrid.org\/cp.teresadecalcuta.sansebastian\/\/wp-content\/uploads\/cp.teresadecalcuta.sansebastian\/2026\/06\/DATOSBANCARIOSCOMEDOR2526.pdf\">DATOSBANCARIOSCOMEDOR2526<\/a><a href=\"https:\/\/site.educa.madrid.org\/cp.teresadecalcuta.sansebastian\/\/wp-content\/uploads\/cp.teresadecalcuta.sansebastian\/2026\/06\/DATOSBANCARIOSCOMEDOR2526.pdf\" class=\"wp-block-file__button wp-element-button\" download aria-describedby=\"wp-block-file--media-ffa7e59d-f4db-480f-aa20-4318cc4a8469\">Descarga<\/a><\/div>\n<\/div>\n\n\n\n<div class=\"wp-block-column is-layout-flow wp-block-column-is-layout-flow\">\n<div data-wp-interactive=\"core\/file\" class=\"wp-block-file alignfull\"><object data-wp-bind--hidden=\"!state.hasPdfPreview\" hidden class=\"wp-block-file__embed\" data=\"https:\/\/site.educa.madrid.org\/cp.teresadecalcuta.sansebastian\/\/wp-content\/uploads\/cp.teresadecalcuta.sansebastian\/2026\/06\/autorizacionrecogida.pdf\" type=\"application\/pdf\" style=\"width:100%;height:310px\" aria-label=\"Incrustado de autorizacionrecogida.\"><\/object><a id=\"wp-block-file--media-e5a9a307-f944-476f-be3d-e17b4ccdc586\" href=\"https:\/\/site.educa.madrid.org\/cp.teresadecalcuta.sansebastian\/\/wp-content\/uploads\/cp.teresadecalcuta.sansebastian\/2026\/06\/autorizacionrecogida.pdf\">autorizacionrecogida<\/a><a href=\"https:\/\/site.educa.madrid.org\/cp.teresadecalcuta.sansebastian\/\/wp-content\/uploads\/cp.teresadecalcuta.sansebastian\/2026\/06\/autorizacionrecogida.pdf\" class=\"wp-block-file__button wp-element-button\" download aria-describedby=\"wp-block-file--media-e5a9a307-f944-476f-be3d-e17b4ccdc586\">Descarga<\/a><\/div>\n<\/div>\n<\/div>\n\n\n\n<div class=\"wp-block-columns is-layout-flex wp-container-core-columns-is-layout-9d6595d7 wp-block-columns-is-layout-flex\">\n<div class=\"wp-block-column is-layout-flow wp-block-column-is-layout-flow\">\n<div data-wp-interactive=\"core\/file\" class=\"wp-block-file alignfull\"><object data-wp-bind--hidden=\"!state.hasPdfPreview\" hidden class=\"wp-block-file__embed\" data=\"https:\/\/site.educa.madrid.org\/cp.teresadecalcuta.sansebastian\/\/wp-content\/uploads\/cp.teresadecalcuta.sansebastian\/2026\/06\/autorizacimedicamentos.pdf\" type=\"application\/pdf\" style=\"width:100%;height:300px\" aria-label=\"Incrustado de autorizacimedicamentos.\"><\/object><a id=\"wp-block-file--media-c3cf94e1-8d1f-4465-a5ca-87001fd31bba\" href=\"https:\/\/site.educa.madrid.org\/cp.teresadecalcuta.sansebastian\/\/wp-content\/uploads\/cp.teresadecalcuta.sansebastian\/2026\/06\/autorizacimedicamentos.pdf\">autorizacimedicamentos<\/a><a href=\"https:\/\/site.educa.madrid.org\/cp.teresadecalcuta.sansebastian\/\/wp-content\/uploads\/cp.teresadecalcuta.sansebastian\/2026\/06\/autorizacimedicamentos.pdf\" class=\"wp-block-file__button wp-element-button\" download aria-describedby=\"wp-block-file--media-c3cf94e1-8d1f-4465-a5ca-87001fd31bba\">Descarga<\/a><\/div>\n<\/div>\n\n\n\n<div class=\"wp-block-column is-layout-flow wp-block-column-is-layout-flow\">\n<div data-wp-interactive=\"core\/file\" class=\"wp-block-file alignfull\"><object data-wp-bind--hidden=\"!state.hasPdfPreview\" hidden class=\"wp-block-file__embed\" data=\"https:\/\/site.educa.madrid.org\/cp.teresadecalcuta.sansebastian\/\/wp-content\/uploads\/cp.teresadecalcuta.sansebastian\/2026\/06\/consentimifirmas.pdf\" type=\"application\/pdf\" style=\"width:100%;height:300px\" aria-label=\"Incrustado de consentimifirmas.\"><\/object><a id=\"wp-block-file--media-04992e3c-ba51-4f2f-9efb-e1200708fa5f\" href=\"https:\/\/site.educa.madrid.org\/cp.teresadecalcuta.sansebastian\/\/wp-content\/uploads\/cp.teresadecalcuta.sansebastian\/2026\/06\/consentimifirmas.pdf\">consentimifirmas<\/a><a href=\"https:\/\/site.educa.madrid.org\/cp.teresadecalcuta.sansebastian\/\/wp-content\/uploads\/cp.teresadecalcuta.sansebastian\/2026\/06\/consentimifirmas.pdf\" class=\"wp-block-file__button wp-element-button\" download aria-describedby=\"wp-block-file--media-04992e3c-ba51-4f2f-9efb-e1200708fa5f\">Descarga<\/a><\/div>\n<\/div>\n\n\n\n<div class=\"wp-block-column is-layout-flow wp-block-column-is-layout-flow\">\n<div data-wp-interactive=\"core\/file\" class=\"wp-block-file\"><object data-wp-bind--hidden=\"!state.hasPdfPreview\" hidden class=\"wp-block-file__embed\" data=\"https:\/\/site.educa.madrid.org\/cp.teresadecalcuta.sansebastian\/\/wp-content\/uploads\/cp.teresadecalcuta.sansebastian\/2026\/06\/DECLARACIONRESPONSABLE.pdf\" type=\"application\/pdf\" style=\"width:100%;height:300px\" aria-label=\"Incrustado de DECLARACIONRESPONSABLE.\"><\/object><a id=\"wp-block-file--media-cb37a633-6608-4a3d-8c5c-756dfcb9438f\" href=\"https:\/\/site.educa.madrid.org\/cp.teresadecalcuta.sansebastian\/\/wp-content\/uploads\/cp.teresadecalcuta.sansebastian\/2026\/06\/DECLARACIONRESPONSABLE.pdf\">DECLARACIONRESPONSABLE<\/a><a href=\"https:\/\/site.educa.madrid.org\/cp.teresadecalcuta.sansebastian\/\/wp-content\/uploads\/cp.teresadecalcuta.sansebastian\/2026\/06\/DECLARACIONRESPONSABLE.pdf\" class=\"wp-block-file__button wp-element-button\" download aria-describedby=\"wp-block-file--media-cb37a633-6608-4a3d-8c5c-756dfcb9438f\">Descarga<\/a><\/div>\n<\/div>\n<\/div>\n\n\n\n<div class=\"wp-block-columns is-layout-flex wp-container-core-columns-is-layout-9d6595d7 wp-block-columns-is-layout-flex\">\n<div class=\"wp-block-column is-layout-flow wp-block-column-is-layout-flow\">\n<div data-wp-interactive=\"core\/file\" class=\"wp-block-file alignfull\"><object data-wp-bind--hidden=\"!state.hasPdfPreview\" hidden class=\"wp-block-file__embed\" data=\"https:\/\/site.educa.madrid.org\/cp.teresadecalcuta.sansebastian\/\/wp-content\/uploads\/cp.teresadecalcuta.sansebastian\/2026\/06\/documentacionapresentar.pdf\" type=\"application\/pdf\" style=\"width:100%;height:290px\" aria-label=\"Incrustado de documentacionapresentar.\"><\/object><a id=\"wp-block-file--media-88a94803-7fb4-470d-b188-1c5b927eb0be\" href=\"https:\/\/site.educa.madrid.org\/cp.teresadecalcuta.sansebastian\/\/wp-content\/uploads\/cp.teresadecalcuta.sansebastian\/2026\/06\/documentacionapresentar.pdf\">documentacionapresentar<\/a><a href=\"https:\/\/site.educa.madrid.org\/cp.teresadecalcuta.sansebastian\/\/wp-content\/uploads\/cp.teresadecalcuta.sansebastian\/2026\/06\/documentacionapresentar.pdf\" class=\"wp-block-file__button wp-element-button\" download aria-describedby=\"wp-block-file--media-88a94803-7fb4-470d-b188-1c5b927eb0be\">Descarga<\/a><\/div>\n<\/div>\n\n\n\n<div class=\"wp-block-column is-layout-flow wp-block-column-is-layout-flow\">\n<div data-wp-interactive=\"core\/file\" class=\"wp-block-file alignfull\"><object data-wp-bind--hidden=\"!state.hasPdfPreview\" hidden class=\"wp-block-file__embed\" data=\"https:\/\/site.educa.madrid.org\/cp.teresadecalcuta.sansebastian\/\/wp-content\/uploads\/cp.teresadecalcuta.sansebastian\/2024\/01\/Educamadrid-Editable-1.pdf\" type=\"application\/pdf\" style=\"width:100%;height:290px\" aria-label=\"Incrustado de Educamadrid-Editable-1.\"><\/object><a id=\"wp-block-file--media-514a3656-5f33-489d-8105-a6ccf9dbf870\" href=\"https:\/\/site.educa.madrid.org\/cp.teresadecalcuta.sansebastian\/\/wp-content\/uploads\/cp.teresadecalcuta.sansebastian\/2024\/01\/Educamadrid-Editable-1.pdf\">Educamadrid-Editable-1<\/a><a href=\"https:\/\/site.educa.madrid.org\/cp.teresadecalcuta.sansebastian\/\/wp-content\/uploads\/cp.teresadecalcuta.sansebastian\/2024\/01\/Educamadrid-Editable-1.pdf\" class=\"wp-block-file__button wp-element-button\" download aria-describedby=\"wp-block-file--media-514a3656-5f33-489d-8105-a6ccf9dbf870\">Descarga<\/a><\/div>\n<\/div>\n\n\n\n<div class=\"wp-block-column is-layout-flow wp-block-column-is-layout-flow\"><\/div>\n<\/div>\n\n\n\n<div class=\"wp-block-columns is-layout-flex wp-container-core-columns-is-layout-9d6595d7 wp-block-columns-is-layout-flex\">\n<div class=\"wp-block-column is-layout-flow wp-block-column-is-layout-flow\">\n<div data-wp-interactive=\"core\/file\" class=\"wp-block-file alignfull\"><object data-wp-bind--hidden=\"!state.hasPdfPreview\" hidden class=\"wp-block-file__embed\" data=\"https:\/\/site.educa.madrid.org\/cp.teresadecalcuta.sansebastian\/\/wp-content\/uploads\/cp.teresadecalcuta.sansebastian\/2026\/06\/INFORME_DE_ALERGIASENFERMEDADES.pdf\" type=\"application\/pdf\" style=\"width:100%;height:270px\" aria-label=\"Incrustado de INFORME_DE_ALERGIASENFERMEDADES.\"><\/object><a id=\"wp-block-file--media-b8a5b5ed-4b1e-4060-af3f-46ecd2e79727\" href=\"https:\/\/site.educa.madrid.org\/cp.teresadecalcuta.sansebastian\/\/wp-content\/uploads\/cp.teresadecalcuta.sansebastian\/2026\/06\/INFORME_DE_ALERGIASENFERMEDADES.pdf\">INFORME_DE_ALERGIASENFERMEDADES<\/a><a href=\"https:\/\/site.educa.madrid.org\/cp.teresadecalcuta.sansebastian\/\/wp-content\/uploads\/cp.teresadecalcuta.sansebastian\/2026\/06\/INFORME_DE_ALERGIASENFERMEDADES.pdf\" class=\"wp-block-file__button wp-element-button\" download aria-describedby=\"wp-block-file--media-b8a5b5ed-4b1e-4060-af3f-46ecd2e79727\">Descarga<\/a><\/div>\n<\/div>\n\n\n\n<div class=\"wp-block-column is-layout-flow wp-block-column-is-layout-flow\">\n<div data-wp-interactive=\"core\/file\" class=\"wp-block-file alignfull\"><object data-wp-bind--hidden=\"!state.hasPdfPreview\" hidden class=\"wp-block-file__embed\" data=\"https:\/\/site.educa.madrid.org\/cp.teresadecalcuta.sansebastian\/\/wp-content\/uploads\/cp.teresadecalcuta.sansebastian\/2026\/06\/OPCIONRELIGIONATENCION.pdf\" type=\"application\/pdf\" style=\"width:100%;height:270px\" aria-label=\"Incrustado de OPCIONRELIGIONATENCION.\"><\/object><a id=\"wp-block-file--media-9e233bfc-0907-42f7-a683-938963d7cb66\" href=\"https:\/\/site.educa.madrid.org\/cp.teresadecalcuta.sansebastian\/\/wp-content\/uploads\/cp.teresadecalcuta.sansebastian\/2026\/06\/OPCIONRELIGIONATENCION.pdf\">OPCIONRELIGIONATENCION<\/a><a href=\"https:\/\/site.educa.madrid.org\/cp.teresadecalcuta.sansebastian\/\/wp-content\/uploads\/cp.teresadecalcuta.sansebastian\/2026\/06\/OPCIONRELIGIONATENCION.pdf\" class=\"wp-block-file__button wp-element-button\" download aria-describedby=\"wp-block-file--media-9e233bfc-0907-42f7-a683-938963d7cb66\">Descarga<\/a><\/div>\n<\/div>\n\n\n\n<div class=\"wp-block-column is-layout-flow wp-block-column-is-layout-flow\">\n<div data-wp-interactive=\"core\/file\" class=\"wp-block-file alignfull\"><object data-wp-bind--hidden=\"!state.hasPdfPreview\" hidden class=\"wp-block-file__embed\" data=\"https:\/\/site.educa.madrid.org\/cp.teresadecalcuta.sansebastian\/\/wp-content\/uploads\/cp.teresadecalcuta.sansebastian\/2026\/06\/hojaconstaciaprivacidad.pdf\" type=\"application\/pdf\" style=\"width:100%;height:270px\" aria-label=\"Incrustado de hojaconstaciaprivacidad.\"><\/object><a id=\"wp-block-file--media-f5f1b652-fd15-46b3-992e-69129a70844d\" href=\"https:\/\/site.educa.madrid.org\/cp.teresadecalcuta.sansebastian\/\/wp-content\/uploads\/cp.teresadecalcuta.sansebastian\/2026\/06\/hojaconstaciaprivacidad.pdf\">hojaconstaciaprivacidad<\/a><a href=\"https:\/\/site.educa.madrid.org\/cp.teresadecalcuta.sansebastian\/\/wp-content\/uploads\/cp.teresadecalcuta.sansebastian\/2026\/06\/hojaconstaciaprivacidad.pdf\" class=\"wp-block-file__button wp-element-button\" download aria-describedby=\"wp-block-file--media-f5f1b652-fd15-46b3-992e-69129a70844d\">Descarga<\/a><\/div>\n<\/div>\n<\/div>\n\n\n\n<div class=\"wp-block-columns is-layout-flex wp-container-core-columns-is-layout-9d6595d7 wp-block-columns-is-layout-flex\">\n<div class=\"wp-block-column is-layout-flow wp-block-column-is-layout-flow\">\n<div data-wp-interactive=\"core\/file\" class=\"wp-block-file alignfull\"><object data-wp-bind--hidden=\"!state.hasPdfPreview\" hidden class=\"wp-block-file__embed\" data=\"https:\/\/site.educa.madrid.org\/cp.teresadecalcuta.sansebastian\/\/wp-content\/uploads\/cp.teresadecalcuta.sansebastian\/2026\/06\/SOLICITUD-E-MAIL.pdf\" type=\"application\/pdf\" style=\"width:100%;height:300px\" aria-label=\"Incrustado de SOLICITUD E-MAIL.\"><\/object><a id=\"wp-block-file--media-494882bf-d668-4e35-8d88-e7af1a49e5c3\" href=\"https:\/\/site.educa.madrid.org\/cp.teresadecalcuta.sansebastian\/\/wp-content\/uploads\/cp.teresadecalcuta.sansebastian\/2026\/06\/SOLICITUD-E-MAIL.pdf\">SOLICITUD E-MAIL<\/a><a href=\"https:\/\/site.educa.madrid.org\/cp.teresadecalcuta.sansebastian\/\/wp-content\/uploads\/cp.teresadecalcuta.sansebastian\/2026\/06\/SOLICITUD-E-MAIL.pdf\" class=\"wp-block-file__button wp-element-button\" download aria-describedby=\"wp-block-file--media-494882bf-d668-4e35-8d88-e7af1a49e5c3\">Descarga<\/a><\/div>\n<\/div>\n\n\n\n<div class=\"wp-block-column is-layout-flow wp-block-column-is-layout-flow\">\n<div data-wp-interactive=\"core\/file\" class=\"wp-block-file alignfull\"><object data-wp-bind--hidden=\"!state.hasPdfPreview\" hidden class=\"wp-block-file__embed\" data=\"https:\/\/site.educa.madrid.org\/cp.teresadecalcuta.sansebastian\/\/wp-content\/uploads\/cp.teresadecalcuta.sansebastian\/2024\/01\/SOLICITUDBAJAactual-1.pdf\" type=\"application\/pdf\" style=\"width:100%;height:300px\" aria-label=\"Incrustado de SOLICITUDBAJAactual-1.\"><\/object><a id=\"wp-block-file--media-78502ced-efc8-4c43-808f-04e5cd30bd8a\" href=\"https:\/\/site.educa.madrid.org\/cp.teresadecalcuta.sansebastian\/\/wp-content\/uploads\/cp.teresadecalcuta.sansebastian\/2024\/01\/SOLICITUDBAJAactual-1.pdf\">SOLICITUDBAJAactual-1<\/a><a href=\"https:\/\/site.educa.madrid.org\/cp.teresadecalcuta.sansebastian\/\/wp-content\/uploads\/cp.teresadecalcuta.sansebastian\/2024\/01\/SOLICITUDBAJAactual-1.pdf\" class=\"wp-block-file__button wp-element-button\" download aria-describedby=\"wp-block-file--media-78502ced-efc8-4c43-808f-04e5cd30bd8a\">Descarga<\/a><\/div>\n<\/div>\n\n\n\n<div class=\"wp-block-column is-layout-flow wp-block-column-is-layout-flow\"><\/div>\n<\/div>\n\n\n\n<p><\/p>\n","protected":false},"excerpt":{"rendered":"<p>INFORMACI\u00d3N PARA LA ADMISI\u00d3N Como cada a\u00f1o, ya est\u00e1n indicadas las fechas para realizar la escolarizaci\u00f3n en la Comunidad de Madrid para el curso 2026\/27 Las solicitudes de plaza para &#8230;<\/p>\n","protected":false},"author":9,"featured_media":0,"parent":0,"menu_order":0,"comment_status":"closed","ping_status":"closed","template":"template-fullwidth.php","meta":{"footnotes":""},"folder":[],"class_list":["post-664","page","type-page","status-publish","hentry"],"rttpg_featured_image_url":null,"rttpg_author":{"display_name":"Juani Ruiz Quesada","author_link":"https:\/\/site.educa.madrid.org\/cp.teresadecalcuta.sansebastian\/index.php\/author\/juana-isabel_ruiz-quesada\/"},"rttpg_comment":0,"rttpg_category":false,"rttpg_excerpt":"INFORMACI\u00d3N PARA LA ADMISI\u00d3N Como cada a\u00f1o, ya est\u00e1n indicadas las fechas para realizar la escolarizaci\u00f3n en la Comunidad de Madrid para el curso 2026\/27 Las solicitudes de plaza para ...","post_mailing_queue_ids":[],"_links":{"self":[{"href":"https:\/\/site.educa.madrid.org\/cp.teresadecalcuta.sansebastian\/index.php\/wp-json\/wp\/v2\/pages\/664","targetHints":{"allow":["GET"]}}],"collection":[{"href":"https:\/\/site.educa.madrid.org\/cp.teresadecalcuta.sansebastian\/index.php\/wp-json\/wp\/v2\/pages"}],"about":[{"href":"https:\/\/site.educa.madrid.org\/cp.teresadecalcuta.sansebastian\/index.php\/wp-json\/wp\/v2\/types\/page"}],"author":[{"embeddable":true,"href":"https:\/\/site.educa.madrid.org\/cp.teresadecalcuta.sansebastian\/index.php\/wp-json\/wp\/v2\/users\/9"}],"replies":[{"embeddable":true,"href":"https:\/\/site.educa.madrid.org\/cp.teresadecalcuta.sansebastian\/index.php\/wp-json\/wp\/v2\/comments?post=664"}],"version-history":[{"count":19,"href":"https:\/\/site.educa.madrid.org\/cp.teresadecalcuta.sansebastian\/index.php\/wp-json\/wp\/v2\/pages\/664\/revisions"}],"predecessor-version":[{"id":1637,"href":"https:\/\/site.educa.madrid.org\/cp.teresadecalcuta.sansebastian\/index.php\/wp-json\/wp\/v2\/pages\/664\/revisions\/1637"}],"wp:attachment":[{"href":"https:\/\/site.educa.madrid.org\/cp.teresadecalcuta.sansebastian\/index.php\/wp-json\/wp\/v2\/media?parent=664"}],"wp:term":[{"taxonomy":"folder","embeddable":true,"href":"https:\/\/site.educa.madrid.org\/cp.teresadecalcuta.sansebastian\/index.php\/wp-json\/wp\/v2\/folder?post=664"}],"curies":[{"name":"wp","href":"https:\/\/api.w.org\/{rel}","templated":true}]}}