{"id":1053,"date":"2023-10-16T18:25:58","date_gmt":"2023-10-16T16:25:58","guid":{"rendered":"https:\/\/site.educa.madrid.org\/cp.tirsodemolina.colmenarviejo\/?page_id=1053"},"modified":"2026-05-05T12:43:53","modified_gmt":"2026-05-05T10:43:53","slug":"menu-mensual","status":"publish","type":"page","link":"https:\/\/site.educa.madrid.org\/cp.tirsodemolina.colmenarviejo\/index.php\/menu-mensual\/","title":{"rendered":"CONSULTA DEL MEN\u00da MENSUAL"},"content":{"rendered":"\n<figure class=\"wp-block-image size-large\"><img loading=\"lazy\" decoding=\"async\" width=\"1024\" height=\"576\" src=\"https:\/\/site.educa.madrid.org\/cp.tirsodemolina.colmenarviejo\/\/wp-content\/uploads\/cp.tirsodemolina.colmenarviejo\/2024\/07\/COMEDOR-TIRSO-DE-MOLINA-1024x576.png\" alt=\"\" class=\"wp-image-1123\" srcset=\"https:\/\/site.educa.madrid.org\/cp.tirsodemolina.colmenarviejo\/\/wp-content\/uploads\/cp.tirsodemolina.colmenarviejo\/2024\/07\/COMEDOR-TIRSO-DE-MOLINA-1024x576.png 1024w, https:\/\/site.educa.madrid.org\/cp.tirsodemolina.colmenarviejo\/\/wp-content\/uploads\/cp.tirsodemolina.colmenarviejo\/2024\/07\/COMEDOR-TIRSO-DE-MOLINA-300x169.png 300w, https:\/\/site.educa.madrid.org\/cp.tirsodemolina.colmenarviejo\/\/wp-content\/uploads\/cp.tirsodemolina.colmenarviejo\/2024\/07\/COMEDOR-TIRSO-DE-MOLINA-768x432.png 768w, https:\/\/site.educa.madrid.org\/cp.tirsodemolina.colmenarviejo\/\/wp-content\/uploads\/cp.tirsodemolina.colmenarviejo\/2024\/07\/COMEDOR-TIRSO-DE-MOLINA-1536x864.png 1536w, https:\/\/site.educa.madrid.org\/cp.tirsodemolina.colmenarviejo\/\/wp-content\/uploads\/cp.tirsodemolina.colmenarviejo\/2024\/07\/COMEDOR-TIRSO-DE-MOLINA.png 1920w\" sizes=\"auto, (max-width: 1024px) 100vw, 1024px\" \/><\/figure>\n\n\n<div class=\"wp-block-image\">\n<figure class=\"aligncenter size-full\"><img loading=\"lazy\" decoding=\"async\" width=\"572\" height=\"213\" src=\"https:\/\/site.educa.madrid.org\/cp.tirsodemolina.colmenarviejo\/\/wp-content\/uploads\/cp.tirsodemolina.colmenarviejo\/2025\/07\/logo-enasui-1.png\" alt=\"\" class=\"wp-image-1383\" srcset=\"https:\/\/site.educa.madrid.org\/cp.tirsodemolina.colmenarviejo\/\/wp-content\/uploads\/cp.tirsodemolina.colmenarviejo\/2025\/07\/logo-enasui-1.png 572w, https:\/\/site.educa.madrid.org\/cp.tirsodemolina.colmenarviejo\/\/wp-content\/uploads\/cp.tirsodemolina.colmenarviejo\/2025\/07\/logo-enasui-1-300x112.png 300w\" sizes=\"auto, (max-width: 572px) 100vw, 572px\" \/><\/figure>\n<\/div>\n\n<p>Desde el 16 de octubre de 2023\u00a0 la empresa Enasui es la encargada de\u00a0 ofrecer el servicio de comedor escolar.<\/p>\n<p>Cada mes se subir\u00e1 a la web el men\u00fa del mes actual as\u00ed como una sugerencias de cenas facilitada por la empresa de comedor.<\/p>\n\n\n<div style=\"height:85px\" aria-hidden=\"true\" class=\"wp-block-spacer\"><\/div>\n\n\n\n<h3 class=\"wp-block-heading\">MEN\u00daS CURSO  2025 -2026<\/h3>\n\n\n\n<div data-wp-interactive=\"core\/file\" class=\"wp-block-file\"><object data-wp-bind--hidden=\"!state.hasPdfPreview\" hidden class=\"wp-block-file__embed\" data=\"https:\/\/site.educa.madrid.org\/cp.tirsodemolina.colmenarviejo\/\/wp-content\/uploads\/cp.tirsodemolina.colmenarviejo\/2026\/05\/MENUS-TIRSO-DE-MOLINA.pdf\" type=\"application\/pdf\" style=\"width:100%;height:600px\" aria-label=\"Incrustado de MEN\u00daS  MAYO 2026&lt;br&gt;.\"><\/object><a id=\"wp-block-file--media-7fd52e7d-1220-402d-813f-74219aab143f\" href=\"https:\/\/site.educa.madrid.org\/cp.tirsodemolina.colmenarviejo\/\/wp-content\/uploads\/cp.tirsodemolina.colmenarviejo\/2026\/05\/MENUS-TIRSO-DE-MOLINA.pdf\">MEN\u00daS  MAYO 2026<br><\/a><a href=\"https:\/\/site.educa.madrid.org\/cp.tirsodemolina.colmenarviejo\/\/wp-content\/uploads\/cp.tirsodemolina.colmenarviejo\/2026\/05\/MENUS-TIRSO-DE-MOLINA.pdf\" class=\"wp-block-file__button wp-element-button\" download aria-describedby=\"wp-block-file--media-7fd52e7d-1220-402d-813f-74219aab143f\">Descarga<\/a><\/div>\n","protected":false},"excerpt":{"rendered":"<p>Desde el 16 de octubre de 2023\u00a0 la empresa Enasui es la encargada de\u00a0 ofrecer el servicio de comedor escolar. Cada mes se subir\u00e1 a la web el men\u00fa del mes actual as\u00ed como una sugerencias de cenas facilitada por la empresa de comedor. MEN\u00daS CURSO 2025 -2026<\/p>\n","protected":false},"author":3,"featured_media":0,"parent":0,"menu_order":0,"comment_status":"closed","ping_status":"closed","template":"","meta":{"footnotes":""},"folder":[],"class_list":["post-1053","page","type-page","status-publish","hentry"],"rttpg_featured_image_url":null,"rttpg_author":{"display_name":"cp.tirsodemolina.colmenarviejo","author_link":"https:\/\/site.educa.madrid.org\/cp.tirsodemolina.colmenarviejo\/index.php\/author\/cuenta_cp-tirsodemolina-colmenarviejo\/"},"rttpg_comment":0,"rttpg_category":false,"rttpg_excerpt":"Desde el 16 de octubre de 2023\u00a0 la empresa Enasui es la encargada de\u00a0 ofrecer el servicio de comedor escolar. Cada mes se subir\u00e1 a la web el men\u00fa del mes actual as\u00ed como una sugerencias de cenas facilitada por la empresa de comedor. MEN\u00daS CURSO 2025 -2026","post_mailing_queue_ids":[],"_links":{"self":[{"href":"https:\/\/site.educa.madrid.org\/cp.tirsodemolina.colmenarviejo\/index.php\/wp-json\/wp\/v2\/pages\/1053","targetHints":{"allow":["GET"]}}],"collection":[{"href":"https:\/\/site.educa.madrid.org\/cp.tirsodemolina.colmenarviejo\/index.php\/wp-json\/wp\/v2\/pages"}],"about":[{"href":"https:\/\/site.educa.madrid.org\/cp.tirsodemolina.colmenarviejo\/index.php\/wp-json\/wp\/v2\/types\/page"}],"author":[{"embeddable":true,"href":"https:\/\/site.educa.madrid.org\/cp.tirsodemolina.colmenarviejo\/index.php\/wp-json\/wp\/v2\/users\/3"}],"replies":[{"embeddable":true,"href":"https:\/\/site.educa.madrid.org\/cp.tirsodemolina.colmenarviejo\/index.php\/wp-json\/wp\/v2\/comments?post=1053"}],"version-history":[{"count":17,"href":"https:\/\/site.educa.madrid.org\/cp.tirsodemolina.colmenarviejo\/index.php\/wp-json\/wp\/v2\/pages\/1053\/revisions"}],"predecessor-version":[{"id":1598,"href":"https:\/\/site.educa.madrid.org\/cp.tirsodemolina.colmenarviejo\/index.php\/wp-json\/wp\/v2\/pages\/1053\/revisions\/1598"}],"wp:attachment":[{"href":"https:\/\/site.educa.madrid.org\/cp.tirsodemolina.colmenarviejo\/index.php\/wp-json\/wp\/v2\/media?parent=1053"}],"wp:term":[{"taxonomy":"folder","embeddable":true,"href":"https:\/\/site.educa.madrid.org\/cp.tirsodemolina.colmenarviejo\/index.php\/wp-json\/wp\/v2\/folder?post=1053"}],"curies":[{"name":"wp","href":"https:\/\/api.w.org\/{rel}","templated":true}]}}