{"id":1372,"date":"2025-07-01T10:50:41","date_gmt":"2025-07-01T08:50:41","guid":{"rendered":"https:\/\/site.educa.madrid.org\/cp.tirsodemolina.colmenarviejo\/?page_id=1372"},"modified":"2025-07-01T10:50:41","modified_gmt":"2025-07-01T08:50:41","slug":"programa-accede-2","status":"publish","type":"page","link":"https:\/\/site.educa.madrid.org\/cp.tirsodemolina.colmenarviejo\/index.php\/programa-accede-2\/","title":{"rendered":"PROGRAMA ACCEDE (PRIMARIA)"},"content":{"rendered":"\n<h2 class=\"wp-block-heading\">Curso 2025-2026<\/h2>\n\n\n\n<p><strong>Resoluci\u00f3n del Director General de Educaci\u00f3n Concertada, Becas y Ayudas al Estudio por la que se dictan Instrucciones para la aplicaci\u00f3n en el curso 2025\/2026&nbsp;del procedimiento de gesti\u00f3n del Programa Accede.<\/strong><\/p>\n\n\n\n<div class=\"wp-block-file\"><a id=\"wp-block-file--media-41577f55-a92e-46ba-99cd-47b35e5789cc\" href=\"https:\/\/site.educa.madrid.org\/cp.tirsodemolina.colmenarviejo\/\/wp-content\/uploads\/cp.tirsodemolina.colmenarviejo\/2025\/07\/instrucciones_programa_accede_curso_25-26.pdf\">instrucciones_programa_accede_curso_25-26<\/a><a href=\"https:\/\/site.educa.madrid.org\/cp.tirsodemolina.colmenarviejo\/\/wp-content\/uploads\/cp.tirsodemolina.colmenarviejo\/2025\/07\/instrucciones_programa_accede_curso_25-26.pdf\" class=\"wp-block-file__button wp-element-button\" download aria-describedby=\"wp-block-file--media-41577f55-a92e-46ba-99cd-47b35e5789cc\">Descarga<\/a><\/div>\n\n\n\n<div style=\"height:100px\" aria-hidden=\"true\" class=\"wp-block-spacer\"><\/div>\n","protected":false},"excerpt":{"rendered":"<p>Curso 2025-2026 Resoluci\u00f3n del Director General de Educaci\u00f3n Concertada, Becas y Ayudas al Estudio por la que se dictan Instrucciones para la aplicaci\u00f3n en el curso 2025\/2026&nbsp;del procedimiento de gesti\u00f3n del Programa Accede.<\/p>\n","protected":false},"author":3,"featured_media":0,"parent":0,"menu_order":0,"comment_status":"closed","ping_status":"closed","template":"","meta":{"footnotes":""},"folder":[],"class_list":["post-1372","page","type-page","status-publish","hentry"],"rttpg_featured_image_url":null,"rttpg_author":{"display_name":"cp.tirsodemolina.colmenarviejo","author_link":"https:\/\/site.educa.madrid.org\/cp.tirsodemolina.colmenarviejo\/index.php\/author\/cuenta_cp-tirsodemolina-colmenarviejo\/"},"rttpg_comment":0,"rttpg_category":false,"rttpg_excerpt":"Curso 2025-2026 Resoluci\u00f3n del Director General de Educaci\u00f3n Concertada, Becas y Ayudas al Estudio por la que se dictan Instrucciones para la aplicaci\u00f3n en el curso 2025\/2026&nbsp;del procedimiento de gesti\u00f3n del Programa Accede.","post_mailing_queue_ids":[],"_links":{"self":[{"href":"https:\/\/site.educa.madrid.org\/cp.tirsodemolina.colmenarviejo\/index.php\/wp-json\/wp\/v2\/pages\/1372","targetHints":{"allow":["GET"]}}],"collection":[{"href":"https:\/\/site.educa.madrid.org\/cp.tirsodemolina.colmenarviejo\/index.php\/wp-json\/wp\/v2\/pages"}],"about":[{"href":"https:\/\/site.educa.madrid.org\/cp.tirsodemolina.colmenarviejo\/index.php\/wp-json\/wp\/v2\/types\/page"}],"author":[{"embeddable":true,"href":"https:\/\/site.educa.madrid.org\/cp.tirsodemolina.colmenarviejo\/index.php\/wp-json\/wp\/v2\/users\/3"}],"replies":[{"embeddable":true,"href":"https:\/\/site.educa.madrid.org\/cp.tirsodemolina.colmenarviejo\/index.php\/wp-json\/wp\/v2\/comments?post=1372"}],"version-history":[{"count":1,"href":"https:\/\/site.educa.madrid.org\/cp.tirsodemolina.colmenarviejo\/index.php\/wp-json\/wp\/v2\/pages\/1372\/revisions"}],"predecessor-version":[{"id":1375,"href":"https:\/\/site.educa.madrid.org\/cp.tirsodemolina.colmenarviejo\/index.php\/wp-json\/wp\/v2\/pages\/1372\/revisions\/1375"}],"wp:attachment":[{"href":"https:\/\/site.educa.madrid.org\/cp.tirsodemolina.colmenarviejo\/index.php\/wp-json\/wp\/v2\/media?parent=1372"}],"wp:term":[{"taxonomy":"folder","embeddable":true,"href":"https:\/\/site.educa.madrid.org\/cp.tirsodemolina.colmenarviejo\/index.php\/wp-json\/wp\/v2\/folder?post=1372"}],"curies":[{"name":"wp","href":"https:\/\/api.w.org\/{rel}","templated":true}]}}