{"id":354,"date":"2022-02-06T17:38:11","date_gmt":"2022-02-06T16:38:11","guid":{"rendered":"https:\/\/site.educa.madrid.org\/cp.tirsodemolina.colmenarviejo\/?page_id=354"},"modified":"2026-04-28T14:23:52","modified_gmt":"2026-04-28T12:23:52","slug":"portada","status":"publish","type":"page","link":"https:\/\/site.educa.madrid.org\/cp.tirsodemolina.colmenarviejo\/","title":{"rendered":"PORTADA"},"content":{"rendered":"\n<h2 class=\"wp-block-heading\">BUZ\u00d3N DE DENUNCIAS <\/h2>\n\n\n\n<div class=\"wp-block-media-text is-stacked-on-mobile\"><figure class=\"wp-block-media-text__media\"><img loading=\"lazy\" decoding=\"async\" width=\"680\" height=\"857\" src=\"https:\/\/site.educa.madrid.org\/cp.tirsodemolina.colmenarviejo\/\/wp-content\/uploads\/cp.tirsodemolina.colmenarviejo\/2025\/03\/QR_Buzon.jpg\" alt=\"\" class=\"wp-image-1339 size-full\" srcset=\"https:\/\/site.educa.madrid.org\/cp.tirsodemolina.colmenarviejo\/\/wp-content\/uploads\/cp.tirsodemolina.colmenarviejo\/2025\/03\/QR_Buzon.jpg 680w, https:\/\/site.educa.madrid.org\/cp.tirsodemolina.colmenarviejo\/\/wp-content\/uploads\/cp.tirsodemolina.colmenarviejo\/2025\/03\/QR_Buzon-238x300.jpg 238w\" sizes=\"auto, (max-width: 680px) 100vw, 680px\" \/><\/figure><div class=\"wp-block-media-text__content\">\n<p>La Comunidad de Madrid dentro del <strong>Plan Regional contra las drogas de la Comunidad de Madrid<\/strong> . <\/p>\n\n\n\n<p>Una de las medidas dentro del \u00e1mbito escolar ha sido la puesta en marcha de un nuevo buz\u00f3n an\u00f3nimo en soporte virtual y f\u00edsico como medio mediante el cual cualquier miembro de la comunidad educativa pueda alertar de la presencia de drogas en su centro.<\/p>\n\n\n\n<p><em>\u00abEl buz\u00f3n es an\u00f3nimo y garantiza la confidencialidad de tus datos. <\/em><\/p>\n\n\n\n<ul class=\"wp-block-list\">\n<li>Un desplegable con el listado de centros educativos.<\/li>\n\n\n\n<li>Un cuadro de texto en el que el alumno podr\u00e1 escribir.<\/li>\n<\/ul>\n\n\n\n<p>Finalmente tendr\u00e1 un bot\u00f3n \u00abEnviar\u00bb y el mensaje se recibir\u00e1 en la cuenta: <a href=\"mailto:buzonfueradrogas@educa.madrid.org\">buzonfueradrogas@educa.madrid.org<\/a>.<\/p>\n<\/div><\/div>\n\n\n\n<p><\/p>\n\n\n\n<div class=\"wp-block-media-text is-stacked-on-mobile\"><figure class=\"wp-block-media-text__media\"><img loading=\"lazy\" decoding=\"async\" width=\"1024\" height=\"272\" src=\"https:\/\/site.educa.madrid.org\/cp.tirsodemolina.colmenarviejo\/\/wp-content\/uploads\/cp.tirsodemolina.colmenarviejo\/2025\/03\/drogas_logo-1024x272.png\" alt=\"\" class=\"wp-image-1342 size-full\" srcset=\"https:\/\/site.educa.madrid.org\/cp.tirsodemolina.colmenarviejo\/\/wp-content\/uploads\/cp.tirsodemolina.colmenarviejo\/2025\/03\/drogas_logo-1024x272.png 1024w, https:\/\/site.educa.madrid.org\/cp.tirsodemolina.colmenarviejo\/\/wp-content\/uploads\/cp.tirsodemolina.colmenarviejo\/2025\/03\/drogas_logo-300x80.png 300w, https:\/\/site.educa.madrid.org\/cp.tirsodemolina.colmenarviejo\/\/wp-content\/uploads\/cp.tirsodemolina.colmenarviejo\/2025\/03\/drogas_logo-768x204.png 768w, https:\/\/site.educa.madrid.org\/cp.tirsodemolina.colmenarviejo\/\/wp-content\/uploads\/cp.tirsodemolina.colmenarviejo\/2025\/03\/drogas_logo-1536x407.png 1536w, https:\/\/site.educa.madrid.org\/cp.tirsodemolina.colmenarviejo\/\/wp-content\/uploads\/cp.tirsodemolina.colmenarviejo\/2025\/03\/drogas_logo.png 1750w\" sizes=\"auto, (max-width: 1024px) 100vw, 1024px\" \/><\/figure><div class=\"wp-block-media-text__content\">\n<p><strong>Buz\u00f3n de denuncias por correo electr\u00f3nico:<\/strong> <\/p>\n\n\n\n<p>Cualquier miembro de la comunidad educativa pueda alertar de la presencia de drogas en el centro. Podr\u00e1 hacerlo mandando un email  a <a href=\"mailto:buzonfueradrogas@educa.madrid.org\">buzonfueradrogas@educa.madrid.org<\/a>. <\/p>\n\n\n\n<p>El responsable de este buz\u00f3n de denuncias es la Unidad de Convivencia y contra el acoso escolar de la Comunidad de Madrid que proceder\u00e1 de manera inmediata y seg\u00fan corresponda.<\/p>\n\n\n\n<div style=\"height:100px\" aria-hidden=\"true\" class=\"wp-block-spacer\"><\/div>\n<\/div><\/div>\n\n\n\n<h2 class=\"wp-block-heading\">COFINANCIACI\u00d3N DEL FONDO SOCIAL EUROPEO<\/h2>\n\n\n\n<h2 class=\"wp-block-heading\">CONTRATACI\u00d3N DE PERSONAL DOCENTE Y NO DOCENTE EN EDUCACI\u00d3N <\/h2>\n\n\n\n<figure class=\"wp-block-image size-large\"><img loading=\"lazy\" decoding=\"async\" width=\"1024\" height=\"125\" src=\"https:\/\/site.educa.madrid.org\/cp.tirsodemolina.colmenarviejo\/\/wp-content\/uploads\/cp.tirsodemolina.colmenarviejo\/2022\/05\/logo-REACT-1024x125.jpg\" alt=\"\" class=\"wp-image-891\" srcset=\"https:\/\/site.educa.madrid.org\/cp.tirsodemolina.colmenarviejo\/\/wp-content\/uploads\/cp.tirsodemolina.colmenarviejo\/2022\/05\/logo-REACT-1024x125.jpg 1024w, https:\/\/site.educa.madrid.org\/cp.tirsodemolina.colmenarviejo\/\/wp-content\/uploads\/cp.tirsodemolina.colmenarviejo\/2022\/05\/logo-REACT-300x37.jpg 300w, https:\/\/site.educa.madrid.org\/cp.tirsodemolina.colmenarviejo\/\/wp-content\/uploads\/cp.tirsodemolina.colmenarviejo\/2022\/05\/logo-REACT-768x94.jpg 768w, https:\/\/site.educa.madrid.org\/cp.tirsodemolina.colmenarviejo\/\/wp-content\/uploads\/cp.tirsodemolina.colmenarviejo\/2022\/05\/logo-REACT.jpg 1221w\" sizes=\"auto, (max-width: 1024px) 100vw, 1024px\" \/><\/figure>\n\n\n\n<p><br>Este centro educativo ha sido beneficiado para la cofinanciaci\u00f3n de los gastos de profesorado<br>y\/o personal no docente durante el periodo lectivo del curso escolar 2020\/2021 como<br>consecuencia de la situaci\u00f3n de la pandemia de la COVID-19.<br>La Comunidad de Madrid en el marco del Eje Prioritario (REACT-UE) del Programa Operativo<br>del Fondo Social Europeo (FSE) 2014-2020, establecido para \u00abfavorecer la reparaci\u00f3n de la crisis<br>en el contexto de la pandemia COVID-19 y sus consecuencias sociales y preparar una<br>recuperaci\u00f3n verde, digital y resiliente de la econom\u00eda\u00bb, ha presentado para su cofinanciaci\u00f3n<br>las actuaciones dirigidas al refuerzo del profesorado en las diferentes etapas educativas, de las<br>que se ha beneficiado este centro.<\/p>\n\n\n\n<div style=\"height:100px\" aria-hidden=\"true\" class=\"wp-block-spacer\"><\/div>\n\n\n\n<h2 class=\"wp-block-heading\">PARTICIPACI\u00d3N DEL CENTRO EN EL PROGRAMA DE COOPERACI\u00d3N TERRITORIAL PROA + FSE+<\/h2>\n\n\n\n<figure class=\"wp-block-image size-large\"><img loading=\"lazy\" decoding=\"async\" width=\"1024\" height=\"81\" src=\"https:\/\/site.educa.madrid.org\/cp.tirsodemolina.colmenarviejo\/\/wp-content\/uploads\/cp.tirsodemolina.colmenarviejo\/2025\/07\/1.-Cofinanciado-UE_logo-1-1024x81.png\" alt=\"\" class=\"wp-image-1360\" srcset=\"https:\/\/site.educa.madrid.org\/cp.tirsodemolina.colmenarviejo\/\/wp-content\/uploads\/cp.tirsodemolina.colmenarviejo\/2025\/07\/1.-Cofinanciado-UE_logo-1-1024x81.png 1024w, https:\/\/site.educa.madrid.org\/cp.tirsodemolina.colmenarviejo\/\/wp-content\/uploads\/cp.tirsodemolina.colmenarviejo\/2025\/07\/1.-Cofinanciado-UE_logo-1-300x24.png 300w, https:\/\/site.educa.madrid.org\/cp.tirsodemolina.colmenarviejo\/\/wp-content\/uploads\/cp.tirsodemolina.colmenarviejo\/2025\/07\/1.-Cofinanciado-UE_logo-1-768x61.png 768w, https:\/\/site.educa.madrid.org\/cp.tirsodemolina.colmenarviejo\/\/wp-content\/uploads\/cp.tirsodemolina.colmenarviejo\/2025\/07\/1.-Cofinanciado-UE_logo-1.png 1347w\" sizes=\"auto, (max-width: 1024px) 100vw, 1024px\" \/><\/figure>\n\n\n\n<div style=\"height:23px\" aria-hidden=\"true\" class=\"wp-block-spacer\"><\/div>\n\n\n\n<figure class=\"wp-block-image size-large\"><img loading=\"lazy\" decoding=\"async\" width=\"1024\" height=\"310\" src=\"https:\/\/site.educa.madrid.org\/cp.tirsodemolina.colmenarviejo\/\/wp-content\/uploads\/cp.tirsodemolina.colmenarviejo\/2022\/09\/Proa-1024x310.png\" alt=\"\" class=\"wp-image-896\" srcset=\"https:\/\/site.educa.madrid.org\/cp.tirsodemolina.colmenarviejo\/\/wp-content\/uploads\/cp.tirsodemolina.colmenarviejo\/2022\/09\/Proa-1024x310.png 1024w, https:\/\/site.educa.madrid.org\/cp.tirsodemolina.colmenarviejo\/\/wp-content\/uploads\/cp.tirsodemolina.colmenarviejo\/2022\/09\/Proa-300x91.png 300w, https:\/\/site.educa.madrid.org\/cp.tirsodemolina.colmenarviejo\/\/wp-content\/uploads\/cp.tirsodemolina.colmenarviejo\/2022\/09\/Proa-768x233.png 768w, https:\/\/site.educa.madrid.org\/cp.tirsodemolina.colmenarviejo\/\/wp-content\/uploads\/cp.tirsodemolina.colmenarviejo\/2022\/09\/Proa-1536x465.png 1536w, https:\/\/site.educa.madrid.org\/cp.tirsodemolina.colmenarviejo\/\/wp-content\/uploads\/cp.tirsodemolina.colmenarviejo\/2022\/09\/Proa.png 1678w\" sizes=\"auto, (max-width: 1024px) 100vw, 1024px\" \/><\/figure>\n\n\n\n<p>El Ministerio de Educaci\u00f3n y Formaci\u00f3n Profesional, con participaci\u00f3n de las Comunidades Aut\u00f3nomas, ha renovado la formulaci\u00f3n del programa PROA+ con apoyo econ\u00f3mico procedente del Mecanismo de Recuperaci\u00f3n y Resiliencia de la Uni\u00f3n Europea. El nuevo Programa para la Orientaci\u00f3n, Avance y Enriquecimiento Educativo en centros de especial complejidad educativa PROA+ 21-23 tiene como finalidad apoyar el \u00e9xito educativo del alumnado, especialmente del vulnerable, mediante la aportaci\u00f3n de recursos y formaci\u00f3n a los centros con mayores dificultades.<\/p>\n\n\n\n<p>Nuestro centro fue seleccionado para participar en el programa en el curso 2021 -2022, este curso lo iniciamos con nuevas propuestas tanto para el alumnado, familias y profesorado.<\/p>\n\n\n\n<div style=\"height:100px\" aria-hidden=\"true\" class=\"wp-block-spacer\"><\/div>\n\n\n\n<figure class=\"wp-block-image size-large\"><img loading=\"lazy\" decoding=\"async\" width=\"1024\" height=\"768\" src=\"https:\/\/site.educa.madrid.org\/cp.tirsodemolina.colmenarviejo\/\/wp-content\/uploads\/cp.tirsodemolina.colmenarviejo\/2022\/03\/FOTO-COLE-1-1024x768.jpg\" alt=\"\" class=\"wp-image-530\" srcset=\"https:\/\/site.educa.madrid.org\/cp.tirsodemolina.colmenarviejo\/\/wp-content\/uploads\/cp.tirsodemolina.colmenarviejo\/2022\/03\/FOTO-COLE-1-1024x768.jpg 1024w, https:\/\/site.educa.madrid.org\/cp.tirsodemolina.colmenarviejo\/\/wp-content\/uploads\/cp.tirsodemolina.colmenarviejo\/2022\/03\/FOTO-COLE-1-300x225.jpg 300w, https:\/\/site.educa.madrid.org\/cp.tirsodemolina.colmenarviejo\/\/wp-content\/uploads\/cp.tirsodemolina.colmenarviejo\/2022\/03\/FOTO-COLE-1-768x576.jpg 768w, https:\/\/site.educa.madrid.org\/cp.tirsodemolina.colmenarviejo\/\/wp-content\/uploads\/cp.tirsodemolina.colmenarviejo\/2022\/03\/FOTO-COLE-1-1536x1152.jpg 1536w, https:\/\/site.educa.madrid.org\/cp.tirsodemolina.colmenarviejo\/\/wp-content\/uploads\/cp.tirsodemolina.colmenarviejo\/2022\/03\/FOTO-COLE-1-2048x1536.jpg 2048w\" sizes=\"auto, (max-width: 1024px) 100vw, 1024px\" \/><\/figure>\n\n\n\n<p class=\"has-text-align-center\">Puede contactar con nosotros en el <strong>tel\u00e9fono 91 845 20 90<\/strong> , a trav\u00e9s del <strong>correo electr\u00f3nico cp.tirsodemolina.colmenarviejo@educa.madrid.org<\/strong> o a trav\u00e9s de <strong>nuestras redes sociales <\/strong>en<strong> Instagram<\/strong> o <strong>Facebook.<\/strong><\/p>\n\n\n\n<div style=\"height:107px\" aria-hidden=\"true\" class=\"wp-block-spacer\"><\/div>\n\n\n\n<div class=\"wp-block-columns is-layout-flex wp-container-core-columns-is-layout-9d6595d7 wp-block-columns-is-layout-flex\">\n<div class=\"wp-block-column is-layout-flow wp-block-column-is-layout-flow\">\n<figure class=\"wp-block-image size-large is-resized\"><img loading=\"lazy\" decoding=\"async\" width=\"1024\" height=\"845\" src=\"https:\/\/site.educa.madrid.org\/cp.tirsodemolina.colmenarviejo\/\/wp-content\/uploads\/cp.tirsodemolina.colmenarviejo\/2022\/02\/logo_programa_bilingue-2-1024x845.png\" alt=\"\" class=\"wp-image-475\" style=\"width:232px;height:191px\" srcset=\"https:\/\/site.educa.madrid.org\/cp.tirsodemolina.colmenarviejo\/\/wp-content\/uploads\/cp.tirsodemolina.colmenarviejo\/2022\/02\/logo_programa_bilingue-2-1024x845.png 1024w, https:\/\/site.educa.madrid.org\/cp.tirsodemolina.colmenarviejo\/\/wp-content\/uploads\/cp.tirsodemolina.colmenarviejo\/2022\/02\/logo_programa_bilingue-2-300x248.png 300w, https:\/\/site.educa.madrid.org\/cp.tirsodemolina.colmenarviejo\/\/wp-content\/uploads\/cp.tirsodemolina.colmenarviejo\/2022\/02\/logo_programa_bilingue-2-768x634.png 768w, https:\/\/site.educa.madrid.org\/cp.tirsodemolina.colmenarviejo\/\/wp-content\/uploads\/cp.tirsodemolina.colmenarviejo\/2022\/02\/logo_programa_bilingue-2-1536x1267.png 1536w, https:\/\/site.educa.madrid.org\/cp.tirsodemolina.colmenarviejo\/\/wp-content\/uploads\/cp.tirsodemolina.colmenarviejo\/2022\/02\/logo_programa_bilingue-2.png 2000w\" sizes=\"auto, (max-width: 1024px) 100vw, 1024px\" \/><\/figure>\n\n\n\n<p style=\"text-align: left;\">El centro pertenece al programa biling\u00fce desde el curso 2011 &#8211; 2012<\/p>\n<p>Actualmente contamos con dos Language assistants nativos: MIchelle y Madison.<\/p>\n<p style=\"text-align: left;\">Se imparte en ingl\u00e9s las asignaturas de Natural science,\u00a0 Arts &amp; crafts , Physical education y m\u00fasica (esta asignatura \u00fanicamente en 1\u00ba y 2\u00ba de Primaria).<\/p>\n<p>Desde el curso 2022 -2023 <strong>la asignatura de sociales se imparte en castellano<\/strong> ya que\u00a0 ofrece grandes dificultades para el alumnado y no adquieren todos los contenidos.<\/p>\n<\/div>\n\n\n\n<div class=\"wp-block-column is-layout-flow wp-block-column-is-layout-flow\">\n<figure class=\"wp-block-image size-large is-resized\"><img loading=\"lazy\" decoding=\"async\" width=\"600\" height=\"600\" src=\"https:\/\/site.educa.madrid.org\/cp.tirsodemolina.colmenarviejo\/\/wp-content\/uploads\/cp.tirsodemolina.colmenarviejo\/2022\/02\/perfil_er-2-1.png\" alt=\"\" class=\"wp-image-473\" style=\"width:186px;height:186px\" srcset=\"https:\/\/site.educa.madrid.org\/cp.tirsodemolina.colmenarviejo\/\/wp-content\/uploads\/cp.tirsodemolina.colmenarviejo\/2022\/02\/perfil_er-2-1.png 600w, https:\/\/site.educa.madrid.org\/cp.tirsodemolina.colmenarviejo\/\/wp-content\/uploads\/cp.tirsodemolina.colmenarviejo\/2022\/02\/perfil_er-2-1-300x300.png 300w, https:\/\/site.educa.madrid.org\/cp.tirsodemolina.colmenarviejo\/\/wp-content\/uploads\/cp.tirsodemolina.colmenarviejo\/2022\/02\/perfil_er-2-1-150x150.png 150w\" sizes=\"auto, (max-width: 600px) 100vw, 600px\" \/><figcaption class=\"wp-element-caption\"><strong>FUNDACI\u00d3N BOT\u00cdN<\/strong><\/figcaption><\/figure>\n\n\n\n<p>El centro participa en el Programa Educaci\u00f3n responsable de la fundaci\u00f3n Bot\u00edn. Ya somo centro graduado en el programa.<br \/>Educaci\u00f3n Responsable ayuda a los ni\u00f1os y j\u00f3venes a: reconocer y<br \/>expresar emociones; comprender a los dem\u00e1s; conocerse y confiar en s\u00ed mismos; desarrollar el autocontrol; aprender a tomar decisiones responsablemente; valorar y cuidar su salud; mejorar sus habilidades sociales; resolver problemas de<br \/>forma asertiva y desarrollar su capacidad creativa.<\/p>\n<\/div>\n\n\n\n<div class=\"wp-block-column is-layout-flow wp-block-column-is-layout-flow\">\n<figure class=\"wp-block-image size-large is-resized\"><img loading=\"lazy\" decoding=\"async\" width=\"800\" height=\"533\" src=\"https:\/\/site.educa.madrid.org\/cp.tirsodemolina.colmenarviejo\/\/wp-content\/uploads\/cp.tirsodemolina.colmenarviejo\/2022\/03\/JORNADACONTINUA.gif\" alt=\"\" class=\"wp-image-759\" style=\"width:283px;height:188px\"\/><\/figure>\n\n\n\n<p>El centro tiene <strong>JORNADA ESCOLAR CONTINUADA<\/strong> siendo el <strong>horario lectivo de 9 a&nbsp; 14h.<\/strong><\/p>\n<p>Servicio de <strong>comedor<\/strong> de <strong>14 a 16h<\/strong>.<\/p>\n<p><strong>Extraescolares<\/strong> de <strong>16 a 17h en funci\u00f3n de la demanda. <\/strong>Actualmente el AMPA oferta patinaje lunes y mi\u00e9rcoles, Ingl\u00e9s martes y jueves, y acaba de empezar un grupo de batucada los viernes. Pr\u00f3ximamente empezar\u00e1 un taller de radio los martes para alumnos de 6\u00ba Primaria.<\/p>\n<\/div>\n<\/div>\n\n\n\n<div style=\"height:68px\" aria-hidden=\"true\" class=\"wp-block-spacer\"><\/div>\n\n\n\n<div class=\"wp-block-columns is-layout-flex wp-container-core-columns-is-layout-9d6595d7 wp-block-columns-is-layout-flex\">\n<div class=\"wp-block-column is-layout-flow wp-block-column-is-layout-flow\" style=\"flex-basis:100%\">\n<figure class=\"wp-block-pullquote\"><blockquote><p>\u201cLa&nbsp;<strong>educaci\u00f3n<\/strong>&nbsp;es el arma m\u00e1s poderosa que puedes usar para cambiar el mundo\u201d.&nbsp;<\/p><cite>Nelson Mandela<\/cite><\/blockquote><\/figure>\n<\/div>\n<\/div>\n\n\n\n<div style=\"height:27px\" aria-hidden=\"true\" class=\"wp-block-spacer\"><\/div>\n\n\n\n<h1 class=\"wp-block-heading has-text-align-center\"><mark style=\"background-color:rgba(0, 0, 0, 0);color:#0018a3\" class=\"has-inline-color\">\u00daLTIMAS NOTICIAS<\/mark><\/h1>\n\n\n\n<div class=\"wp-block-columns is-layout-flex wp-container-core-columns-is-layout-9d6595d7 wp-block-columns-is-layout-flex\">\n<div class=\"wp-block-column is-layout-flow wp-block-column-is-layout-flow\" style=\"flex-basis:100%\">\n<div class=\"wp-block-columns is-layout-flex wp-container-core-columns-is-layout-9d6595d7 wp-block-columns-is-layout-flex\">\n<div class=\"wp-block-column is-layout-flow wp-block-column-is-layout-flow\" style=\"flex-basis:100%\">\n<div class=\"wp-block-group\"><div class=\"wp-block-group__inner-container is-layout-flow wp-block-group-is-layout-flow\">\n<div class=\"wp-block-columns are-vertically-aligned-center is-layout-flex wp-container-core-columns-is-layout-9d6595d7 wp-block-columns-is-layout-flex\">\n<div class=\"wp-block-column is-vertically-aligned-center is-layout-flow wp-block-column-is-layout-flow\" style=\"flex-basis:100%\">\n<div class=\"wp-block-columns is-layout-flex wp-container-core-columns-is-layout-9d6595d7 wp-block-columns-is-layout-flex\">\n<div class=\"wp-block-column is-layout-flow wp-block-column-is-layout-flow\" style=\"flex-basis:100%\">\t\t<div class=\"rttpg-block-postgrid rttpg-block-wrapper rttpg-block-53ab47 tpg-filter-type-dropdown meta-visibility-show section-title-style-style1 img_hover_animation_default title-default title_position_default title_hover_border_default meta_position_default tpg-is-author-icon-default author-image-visibility-icon tpg-category-position-default readmore-btn-default-style grid-hover-overlay-type-always grid-hover-overlay-height-default hover-overlay-height-default tpg-title-border-default filter-nex-prev-btn-visible tpg-cat-style1 slider-scroll-hide act-label-style-inline\">\n\t\t\t<div class=\"rt-container-fluid rt-tpg-container tpg-el-main-wrapper tpg-gutenberg clearfix list-layout1-main\"\n\t\t\t\t id=\"rt-tpg-container-3411163890\"\n\t\t\t\t data-layout=\"list-layout1\"\n\t\t\t\t data-grid-style=\"tpg-even\" data-sc-id=\"elementor\"\n\t\t\t\t data-el-settings=''\n\t\t\t\t data-el-query=''\n\t\t\t\t data-el-path=''>\n\t\t\t\t\t\t\t\t<div class='tpg-header-wrapper '>\n\t\t\t\t\t\n        <div class=\"tpg-widget-heading-wrapper rt-clear heading-style1 \">\n            <span class=\"tpg-widget-heading-line line-left\"><\/span>\n\t\t\t<h2 class='tpg-widget-heading'>\n\t\t\t            <a href=\"#\"  >\n\t\t\t\t\n\t\t\t\t                    <span>\n\t\t\t\t\t\tSection Title\t\t\t\t\t<\/span>\n\t\t\t\t\t\n\t\t\t\t            <\/a>\n\n\t\t\t\t\t<\/h2>            <span class=\"tpg-widget-heading-line line-right\"><\/span>\n\n\t\t\t\n        <\/div>\n\n\t\t\n\t\t\t\t\t\t<\/div>\n\t\t\t\t<div class=\"rt-row rt-content-loader gutenberg-inner list-layout1 tpg-even list-behaviour list-layout-wrapper\">\n\t\t\t\t\t\n<div class=\"rt-col-md-12 rt-col-sm-12 rt-col-xs-12 default rt-list-item rt-grid-item\" data-id=\"1105\">\n\t<div class=\"rt-holder tpg-post-holder \">\n\t\t<div class=\"rt-detail rt-el-content-wrapper\">\n\t\t\t\t\t\t\t<div class=\"rt-img-holder tpg-el-image-wrap has-thumbnail\">\n\t\t\t\t\t<a data-id=\"1105\" href=\"https:\/\/site.educa.madrid.org\/cp.tirsodemolina.colmenarviejo\/index.php\/2024\/07\/18\/curso-escolar-2024-2025\/\" class=\"tpg-post-link\" target=\"_self\">                        <img loading=\"lazy\" decoding=\"async\" src=\"https:\/\/site.educa.madrid.org\/cp.tirsodemolina.colmenarviejo\/\/wp-content\/uploads\/cp.tirsodemolina.colmenarviejo\/2024\/07\/Post-Instagram-vuelta-al-cole-ilustrativo-divertido-colorido-768x768.png\"\n                             class=\"rt-img-responsive\"\n                             width=\"696\"\n                             height=\"696\"\n                             alt=\"CURSO ESCOLAR 2025 -2026\">\n\t\t\t\t\t\t\n\t\t\t\t\t\t\t\n\t\t<\/a>\n\t\t        <div class=\"overlay grid-hover-content\"><\/div>\n\t\t\t\t\t\t<\/div>\n\t\t\t\n\t\t\t<div class=\"post-right-content\">\n\n\t\t\t\t<div class=\"entry-title-wrapper\"><h3 class=\"entry-title\"><a data-id=\"1105\" href=\"https:\/\/site.educa.madrid.org\/cp.tirsodemolina.colmenarviejo\/index.php\/2024\/07\/18\/curso-escolar-2024-2025\/\" class=\"tpg-post-link\" target=\"_self\">CURSO ESCOLAR 2025 -2026<\/a><\/h3><\/div>\n\t\t\t\t\t\t\t\t\t<div class=\"post-meta-tags rt-el-post-meta\">\n\t\t\t\t\t\t            <span class='author '>\n\n\t\t\t\t<i class='fa fa-user '><\/i><span class='author-prefix'>By<\/span><a href=\"https:\/\/site.educa.madrid.org\/cp.tirsodemolina.colmenarviejo\/index.php\/author\/cuenta_cp-tirsodemolina-colmenarviejo\/\">cp.tirsodemolina.colmenarviejo<\/a>\t\t\t<\/span>\n\t\t\t            <span class='categories-links'>\n\t\t\t\t<i class='fas fa-folder-open '><\/i><a class=\"sin-categoria\" href=\"https:\/\/site.educa.madrid.org\/cp.tirsodemolina.colmenarviejo\/index.php\/category\/sin-categoria\/\">Sin categor\u00eda<\/a>\t\t\t<\/span>\n\t\t\t            <span class='date'>\n\t\t\t\t<i class='far fa-calendar-alt '><\/i>\t\t\t\t                    <a href=\"https:\/\/site.educa.madrid.org\/cp.tirsodemolina.colmenarviejo\/index.php\/2024\/07\/18\/\">\n\t\t\t\t\t18 julio, 2024\t\t\t\t<\/a>\n\t\t\t\t\t\t\t<\/span>\n\t\t\t\t\t\t\t\t<\/div>\n\t\t\t\t\n\t\t\t\t\t\t\t\t\t<div class=\"tpg-excerpt tpg-el-excerpt\">\n\t\t\t\t\t\t\t\t\t\t\t\t\t<div class=\"tpg-excerpt-inner\">\n\t\t\t\t\t\t\t\tEstimadas familias, os recordamos que volvemos al cole el 8 de septiembre. Las familias de Educaci\u00f3n&#8230;\t\t\t\t\t\t\t<\/div>\n\t\t\t\t\t\t\t\t\t\t\t\t\t\t\t\t\t<\/div>\n\t\t\t\t\n\t\t\t\t        <div class=\"post-footer\">\n            <div class=\"post-footer\">\n                <div class=\"read-more\">\n\t\t\t\t\t<a data-id=\"1105\" href=\"https:\/\/site.educa.madrid.org\/cp.tirsodemolina.colmenarviejo\/index.php\/2024\/07\/18\/curso-escolar-2024-2025\/\" class=\"tpg-post-link\" target=\"_self\">Read More<\/a>                <\/div>\n            <\/div>\n        <\/div>\n\t\t\t\t\t<\/div>\n\n\t\t<\/div>\n\t<\/div>\n<\/div>\t\t\t\t<\/div>\n\n\t\t\t\t\n\t\t\t<\/div>\n\t\t<\/div>\n\t\t<\/div>\n<\/div>\n<\/div>\n<\/div>\n<\/div><\/div>\n<\/div>\n<\/div>\n<\/div>\n<\/div>\n\n\n\n<ul class=\"wp-block-social-links aligncenter has-huge-icon-size is-layout-flex wp-block-social-links-is-layout-flex\"><li class=\"wp-social-link wp-social-link-instagram  wp-block-social-link\"><a href=\"https:\/\/www.instagram.com\/cpbtirsodemolina\/\" class=\"wp-block-social-link-anchor\"><svg width=\"24\" height=\"24\" viewBox=\"0 0 24 24\" version=\"1.1\" xmlns=\"http:\/\/www.w3.org\/2000\/svg\" aria-hidden=\"true\" focusable=\"false\"><path d=\"M12,4.622c2.403,0,2.688,0.009,3.637,0.052c0.877,0.04,1.354,0.187,1.671,0.31c0.42,0.163,0.72,0.358,1.035,0.673 c0.315,0.315,0.51,0.615,0.673,1.035c0.123,0.317,0.27,0.794,0.31,1.671c0.043,0.949,0.052,1.234,0.052,3.637 s-0.009,2.688-0.052,3.637c-0.04,0.877-0.187,1.354-0.31,1.671c-0.163,0.42-0.358,0.72-0.673,1.035 c-0.315,0.315-0.615,0.51-1.035,0.673c-0.317,0.123-0.794,0.27-1.671,0.31c-0.949,0.043-1.233,0.052-3.637,0.052 s-2.688-0.009-3.637-0.052c-0.877-0.04-1.354-0.187-1.671-0.31c-0.42-0.163-0.72-0.358-1.035-0.673 c-0.315-0.315-0.51-0.615-0.673-1.035c-0.123-0.317-0.27-0.794-0.31-1.671C4.631,14.688,4.622,14.403,4.622,12 s0.009-2.688,0.052-3.637c0.04-0.877,0.187-1.354,0.31-1.671c0.163-0.42,0.358-0.72,0.673-1.035 c0.315-0.315,0.615-0.51,1.035-0.673c0.317-0.123,0.794-0.27,1.671-0.31C9.312,4.631,9.597,4.622,12,4.622 M12,3 C9.556,3,9.249,3.01,8.289,3.054C7.331,3.098,6.677,3.25,6.105,3.472C5.513,3.702,5.011,4.01,4.511,4.511 c-0.5,0.5-0.808,1.002-1.038,1.594C3.25,6.677,3.098,7.331,3.054,8.289C3.01,9.249,3,9.556,3,12c0,2.444,0.01,2.751,0.054,3.711 c0.044,0.958,0.196,1.612,0.418,2.185c0.23,0.592,0.538,1.094,1.038,1.594c0.5,0.5,1.002,0.808,1.594,1.038 c0.572,0.222,1.227,0.375,2.185,0.418C9.249,20.99,9.556,21,12,21s2.751-0.01,3.711-0.054c0.958-0.044,1.612-0.196,2.185-0.418 c0.592-0.23,1.094-0.538,1.594-1.038c0.5-0.5,0.808-1.002,1.038-1.594c0.222-0.572,0.375-1.227,0.418-2.185 C20.99,14.751,21,14.444,21,12s-0.01-2.751-0.054-3.711c-0.044-0.958-0.196-1.612-0.418-2.185c-0.23-0.592-0.538-1.094-1.038-1.594 c-0.5-0.5-1.002-0.808-1.594-1.038c-0.572-0.222-1.227-0.375-2.185-0.418C14.751,3.01,14.444,3,12,3L12,3z M12,7.378 c-2.552,0-4.622,2.069-4.622,4.622S9.448,16.622,12,16.622s4.622-2.069,4.622-4.622S14.552,7.378,12,7.378z M12,15 c-1.657,0-3-1.343-3-3s1.343-3,3-3s3,1.343,3,3S13.657,15,12,15z M16.804,6.116c-0.596,0-1.08,0.484-1.08,1.08 s0.484,1.08,1.08,1.08c0.596,0,1.08-0.484,1.08-1.08S17.401,6.116,16.804,6.116z\"><\/path><\/svg><span class=\"wp-block-social-link-label screen-reader-text\">Instagram<\/span><\/a><\/li><\/ul>\n\n\n\n<p><\/p>\n","protected":false},"excerpt":{"rendered":"<p>BUZ\u00d3N DE DENUNCIAS COFINANCIACI\u00d3N DEL FONDO SOCIAL EUROPEO CONTRATACI\u00d3N DE PERSONAL DOCENTE Y NO DOCENTE EN EDUCACI\u00d3N Este centro educativo ha sido beneficiado para la cofinanciaci\u00f3n de los gastos de profesoradoy\/o personal no docente durante el periodo lectivo del curso escolar 2020\/2021 comoconsecuencia de la situaci\u00f3n de la pandemia de la COVID-19.La Comunidad de Madrid<\/p><\/div>\n<div class=\"blog-btn\"><a href=\"https:\/\/site.educa.madrid.org\/cp.tirsodemolina.colmenarviejo\/\" class=\"home-blog-btn\">Leer m\u00e1s<\/a><\/p>\n","protected":false},"author":3,"featured_media":0,"parent":0,"menu_order":0,"comment_status":"closed","ping_status":"closed","template":"","meta":{"footnotes":""},"folder":[],"class_list":["post-354","page","type-page","status-publish","hentry"],"rttpg_featured_image_url":null,"rttpg_author":{"display_name":"cp.tirsodemolina.colmenarviejo","author_link":"https:\/\/site.educa.madrid.org\/cp.tirsodemolina.colmenarviejo\/index.php\/author\/cuenta_cp-tirsodemolina-colmenarviejo\/"},"rttpg_comment":0,"rttpg_category":false,"rttpg_excerpt":"BUZ\u00d3N DE DENUNCIAS COFINANCIACI\u00d3N DEL FONDO SOCIAL EUROPEO CONTRATACI\u00d3N DE PERSONAL DOCENTE Y NO DOCENTE EN EDUCACI\u00d3N Este centro educativo ha sido beneficiado para la cofinanciaci\u00f3n de los gastos de profesoradoy\/o personal no docente durante el periodo lectivo del curso escolar 2020\/2021 comoconsecuencia de la situaci\u00f3n de la pandemia de la COVID-19.La Comunidad de MadridLeer&hellip;","post_mailing_queue_ids":[],"_links":{"self":[{"href":"https:\/\/site.educa.madrid.org\/cp.tirsodemolina.colmenarviejo\/index.php\/wp-json\/wp\/v2\/pages\/354","targetHints":{"allow":["GET"]}}],"collection":[{"href":"https:\/\/site.educa.madrid.org\/cp.tirsodemolina.colmenarviejo\/index.php\/wp-json\/wp\/v2\/pages"}],"about":[{"href":"https:\/\/site.educa.madrid.org\/cp.tirsodemolina.colmenarviejo\/index.php\/wp-json\/wp\/v2\/types\/page"}],"author":[{"embeddable":true,"href":"https:\/\/site.educa.madrid.org\/cp.tirsodemolina.colmenarviejo\/index.php\/wp-json\/wp\/v2\/users\/3"}],"replies":[{"embeddable":true,"href":"https:\/\/site.educa.madrid.org\/cp.tirsodemolina.colmenarviejo\/index.php\/wp-json\/wp\/v2\/comments?post=354"}],"version-history":[{"count":50,"href":"https:\/\/site.educa.madrid.org\/cp.tirsodemolina.colmenarviejo\/index.php\/wp-json\/wp\/v2\/pages\/354\/revisions"}],"predecessor-version":[{"id":1595,"href":"https:\/\/site.educa.madrid.org\/cp.tirsodemolina.colmenarviejo\/index.php\/wp-json\/wp\/v2\/pages\/354\/revisions\/1595"}],"wp:attachment":[{"href":"https:\/\/site.educa.madrid.org\/cp.tirsodemolina.colmenarviejo\/index.php\/wp-json\/wp\/v2\/media?parent=354"}],"wp:term":[{"taxonomy":"folder","embeddable":true,"href":"https:\/\/site.educa.madrid.org\/cp.tirsodemolina.colmenarviejo\/index.php\/wp-json\/wp\/v2\/folder?post=354"}],"curies":[{"name":"wp","href":"https:\/\/api.w.org\/{rel}","templated":true}]}}