{"id":327,"date":"2022-03-08T11:39:14","date_gmt":"2022-03-08T10:39:14","guid":{"rendered":"https:\/\/desarrollo.conservatoriomajadahonda.com\/?page_id=327"},"modified":"2025-09-26T17:02:03","modified_gmt":"2025-09-26T15:02:03","slug":"organigrama","status":"publish","type":"page","link":"https:\/\/site.educa.madrid.org\/cpm.majadahonda\/index.php\/organigrama\/","title":{"rendered":"ORGANIGRAMA"},"content":{"rendered":"\n<div class=\"wp-block-columns is-layout-flex wp-container-core-columns-is-layout-9d6595d7 wp-block-columns-is-layout-flex\">\n<div class=\"wp-block-column is-layout-flow wp-block-column-is-layout-flow\"><\/div>\n\n\n\n<div class=\"wp-block-column is-layout-flow wp-block-column-is-layout-flow\"><\/div>\n<\/div>\n\n\n\n<div class=\"wp-block-cover alignwide is-position-center-center\" style=\"min-height:137px;aspect-ratio:unset;\"><span aria-hidden=\"true\" class=\"wp-block-cover__background has-background-dim-20 has-background-dim\"><\/span><img loading=\"lazy\" decoding=\"async\" width=\"640\" height=\"426\" class=\"wp-block-cover__image-background wp-image-206\" alt=\"\" src=\"https:\/\/site.educa.madrid.org\/cpm.majadahonda\/\/wp-content\/uploads\/cpm.majadahonda\/2022\/03\/guitars-gf8d692458_640.jpg\" style=\"object-position:42% 48%\" data-object-fit=\"cover\" data-object-position=\"42% 48%\" srcset=\"https:\/\/site.educa.madrid.org\/cpm.majadahonda\/\/wp-content\/uploads\/cpm.majadahonda\/2022\/03\/guitars-gf8d692458_640.jpg 640w, https:\/\/site.educa.madrid.org\/cpm.majadahonda\/\/wp-content\/uploads\/cpm.majadahonda\/2022\/03\/guitars-gf8d692458_640-300x200.jpg 300w, https:\/\/site.educa.madrid.org\/cpm.majadahonda\/\/wp-content\/uploads\/cpm.majadahonda\/2022\/03\/guitars-gf8d692458_640-391x260.jpg 391w, https:\/\/site.educa.madrid.org\/cpm.majadahonda\/\/wp-content\/uploads\/cpm.majadahonda\/2022\/03\/guitars-gf8d692458_640-272x182.jpg 272w\" sizes=\"auto, (max-width: 640px) 100vw, 640px\" \/><div class=\"wp-block-cover__inner-container is-layout-flow wp-block-cover-is-layout-flow\">\n<p class=\"has-text-align-center has-text-color\" id=\"\u00f3rganogobierno\" style=\"color:#fffffa;font-size:24px;line-height:1.1\"><strong>ORGANOS DE GOBIERNO<\/strong>,<strong> COORDINACI\u00d3N DOCENTE Y REPRESENTACI\u00d3N<\/strong><\/p>\n<\/div><\/div>\n\n\n\n<div style=\"height:57px\" aria-hidden=\"true\" class=\"wp-block-spacer\"><\/div>\n\n\n\n<div class=\"wp-block-buttons is-horizontal is-content-justification-center is-layout-flex wp-container-core-buttons-is-layout-499968f5 wp-block-buttons-is-layout-flex\">\n<div class=\"wp-block-button is-style-outline is-style-outline--1\"><a class=\"wp-block-button__link has-white-color has-text-color has-background wp-element-button\" href=\"#\u00f3rganogobierno\" style=\"border-radius:2px;background-color:#c87e06\">\u00d3RGANOS DE GOBIERNO<\/a><\/div>\n\n\n\n<div class=\"wp-block-button is-style-outline is-style-outline--2\"><a class=\"wp-block-button__link has-white-background-color has-text-color has-background wp-element-button\" href=\"#\u00f3rganodocente\" style=\"border-radius:2px;color:#c87e06\">\u00d3RGANOS DE COORDINACI\u00d3N DOCENTE<\/a><\/div>\n\n\n\n<div class=\"wp-block-button is-style-outline is-style-outline--3\"><a class=\"wp-block-button__link has-white-color has-text-color has-background wp-element-button\" href=\"#\u00f3rganorepresentaci\u00f3n\" style=\"border-radius:2px;background-color:#c87e06\">\u00d3RGANOS DE REPRESENTACI\u00d3N<\/a><\/div>\n<\/div>\n\n\n\n<div style=\"height:136px\" aria-hidden=\"true\" class=\"wp-block-spacer\"><\/div>\n\n\n\n<div class=\"wp-block-cover alignwide is-light is-position-center-center\" style=\"min-height:137px;aspect-ratio:unset;\" id=\"\u00f3rganogobierno\"><span aria-hidden=\"true\" class=\"wp-block-cover__background has-background-dim-20 has-background-dim\"><\/span><img loading=\"lazy\" decoding=\"async\" width=\"1280\" height=\"853\" class=\"wp-block-cover__image-background wp-image-209\" alt=\"\" src=\"https:\/\/site.educa.madrid.org\/cpm.majadahonda\/\/wp-content\/uploads\/cpm.majadahonda\/2022\/03\/drum-g8baa81cb5_1280.jpg\" style=\"object-position:61% 9%\" data-object-fit=\"cover\" data-object-position=\"61% 9%\" srcset=\"https:\/\/site.educa.madrid.org\/cpm.majadahonda\/\/wp-content\/uploads\/cpm.majadahonda\/2022\/03\/drum-g8baa81cb5_1280.jpg 1280w, https:\/\/site.educa.madrid.org\/cpm.majadahonda\/\/wp-content\/uploads\/cpm.majadahonda\/2022\/03\/drum-g8baa81cb5_1280-300x200.jpg 300w, https:\/\/site.educa.madrid.org\/cpm.majadahonda\/\/wp-content\/uploads\/cpm.majadahonda\/2022\/03\/drum-g8baa81cb5_1280-1024x682.jpg 1024w, https:\/\/site.educa.madrid.org\/cpm.majadahonda\/\/wp-content\/uploads\/cpm.majadahonda\/2022\/03\/drum-g8baa81cb5_1280-768x512.jpg 768w, https:\/\/site.educa.madrid.org\/cpm.majadahonda\/\/wp-content\/uploads\/cpm.majadahonda\/2022\/03\/drum-g8baa81cb5_1280-391x260.jpg 391w, https:\/\/site.educa.madrid.org\/cpm.majadahonda\/\/wp-content\/uploads\/cpm.majadahonda\/2022\/03\/drum-g8baa81cb5_1280-272x182.jpg 272w\" sizes=\"auto, (max-width: 706px) 89vw, (max-width: 767px) 82vw, 740px\" \/><div class=\"wp-block-cover__inner-container is-layout-flow wp-block-cover-is-layout-flow\">\n<p class=\"has-text-align-center has-white-color has-text-color\" id=\"\u00f3rganogobierno\" style=\"font-size:24px;line-height:1.1\"><strong>\u00d3RGANOS DE GOBIERNO<\/strong><\/p>\n<\/div><\/div>\n\n\n\n<div style=\"height:57px\" aria-hidden=\"true\" class=\"wp-block-spacer\"><\/div>\n\n\n\n<div class=\"wp-block-buttons is-horizontal is-content-justification-center is-layout-flex wp-container-core-buttons-is-layout-499968f5 wp-block-buttons-is-layout-flex\">\n<div class=\"wp-block-button is-style-outline is-style-outline--4\"><a class=\"wp-block-button__link has-white-color has-text-color has-background wp-element-button\" href=\"#equipodirectivo\" style=\"border-radius:2px;background-color:#06774d\">EQUIPO DIRECTIVO <\/a><\/div>\n\n\n\n<div class=\"wp-block-button is-style-outline is-style-outline--5\"><a class=\"wp-block-button__link has-white-background-color has-text-color has-background wp-element-button\" href=\"#claustro\" style=\"border-radius:2px;color:#06774d\">CLAUSTRO DE PROFESORES<\/a><\/div>\n\n\n\n<div class=\"wp-block-button is-style-outline is-style-outline--6\"><a class=\"wp-block-button__link has-white-color has-text-color has-background wp-element-button\" href=\"#consejoescolar\" style=\"border-radius:2px;background-color:#06774d\">CONSEJO ESCOLAR<\/a><\/div>\n<\/div>\n\n\n\n<div style=\"height:77px\" aria-hidden=\"true\" class=\"wp-block-spacer\"><\/div>\n\n\n\n<p class=\"has-text-align-center has-white-color has-text-color has-background has-medium-font-size\" id=\"equipodirectivo\" style=\"background-color:#c87e06\"><strong>EQUIPO DIRECTIVO<\/strong><\/p>\n\n\n\n<div class=\"wp-block-columns is-layout-flex wp-container-core-columns-is-layout-9d6595d7 wp-block-columns-is-layout-flex\">\n<div class=\"wp-block-column is-layout-flow wp-block-column-is-layout-flow\">\n<div class=\"wp-block-group\"><div class=\"wp-block-group__inner-container is-layout-flow wp-block-group-is-layout-flow\">\n<div class=\"wp-block-columns is-layout-flex wp-container-core-columns-is-layout-9d6595d7 wp-block-columns-is-layout-flex\">\n<div class=\"wp-block-column is-layout-flow wp-block-column-is-layout-flow\">\n<p class=\"has-text-align-center has-white-color has-text-color has-background\" style=\"background-color:#55857b\"><strong>DIRECTOR: Javier Jacinto Rial<\/strong><\/p>\n\n\n\n<p class=\"has-text-align-center\"><strong>cpm.majadahonda@educa.madrid.org<\/strong><\/p>\n\n\n\n<p class=\"has-text-align-center has-white-color has-text-color has-background\" style=\"background-color:#55857b\"><strong>JEFE DE ESTUDIOS: Juan Luis Gallego Mart\u00ednez<\/strong><\/p>\n\n\n\n<p class=\"has-text-align-center\"><strong>jestudios.cpm.majadahonda@educa.madrid.org<\/strong><\/p>\n<\/div>\n<\/div>\n<\/div><\/div>\n<\/div>\n\n\n\n<div class=\"wp-block-column is-layout-flow wp-block-column-is-layout-flow\">\n<div class=\"wp-block-columns is-layout-flex wp-container-core-columns-is-layout-9d6595d7 wp-block-columns-is-layout-flex\">\n<div class=\"wp-block-column is-layout-flow wp-block-column-is-layout-flow\">\n<p class=\"has-text-align-center has-white-color has-text-color has-background\" style=\"background-color:#55857b\"><strong>VICEDIRECTOR: Isabel Vila Villar<\/strong><\/p>\n\n\n\n<p class=\"has-text-align-center\"><strong>ivila@educa.madrid.org<\/strong><\/p>\n\n\n\n<p class=\"has-text-align-center has-white-color has-text-color has-background\" id=\"block-158e60c7-e60c-4d4f-a42d-8cbb21db98bf\" style=\"background-color:#55857b\"><strong>SECRETARIA: Pilar Mu\u00f1oz de Bustos<\/strong><br><\/p>\n\n\n\n<p class=\"has-text-align-center\"><strong>pmunozdebustos@educa.madrid.org<\/strong><\/p>\n<\/div>\n<\/div>\n<\/div>\n<\/div>\n\n\n\n<div style=\"height:101px\" aria-hidden=\"true\" class=\"wp-block-spacer\"><\/div>\n\n\n\n<p class=\"has-text-align-center has-white-color has-text-color has-background has-medium-font-size\" id=\"claustro\" style=\"background-color:#c87e06\"><strong>CLAUSTRO DE PROFESORES<\/strong><\/p>\n\n\n\n<div style=\"height:37px\" aria-hidden=\"true\" class=\"wp-block-spacer\"><\/div>\n\n\n\n<ul class=\"wp-block-list\">\n<li><strong>AGUILAR CALVO, MARINA<\/strong><\/li>\n\n\n\n<li><strong>CERVANTES CARMONA, M\u00aa ANGUSTIAS<\/strong><\/li>\n\n\n\n<li><strong>C<strong>OLINO CRUZ, JUAN MANUEL<\/strong><\/strong> <\/li>\n\n\n\n<li><strong><strong><strong><strong>FLORES SANZ, DANIEL<\/strong><\/strong><\/strong><\/strong> <\/li>\n\n\n\n<li><strong><strong><strong><strong>GAGO BADENAS, ANGEL<\/strong><\/strong><\/strong><\/strong> <\/li>\n\n\n\n<li><strong><strong><strong><strong><strong>GALLEGO MARTINEZ, JUAN LUIS<\/strong><\/strong><\/strong><\/strong><\/strong><\/li>\n\n\n\n<li><strong><strong><strong>G\u00c1ZQUEZ CODINA, LOURDES<\/strong><\/strong><\/strong><\/li>\n\n\n\n<li><strong><strong><strong><strong>GONZALEZ IGLESIAS, F. J<\/strong>AVIER<\/strong><\/strong><\/strong> <\/li>\n\n\n\n<li><strong><strong><strong><strong><strong><strong>GUTIERREZ SERRADILLA, VANESSA<\/strong><\/strong><\/strong><\/strong><\/strong><\/strong><\/li>\n\n\n\n<li><strong><strong><strong><strong><strong><strong><strong><strong><strong>JACINTO RIAL, JAVIER<\/strong><\/strong><\/strong><\/strong><\/strong><\/strong><\/strong><\/strong><\/strong><\/li>\n\n\n\n<li><strong><strong><strong>LOZANO CHIU, FERNANDO<\/strong><\/strong><\/strong><\/li>\n\n\n\n<li><strong>LUENGO ROMERO, BLANCA<\/strong><\/li>\n\n\n\n<li><strong>M\u00cdNGU<strong><strong>EZ CAMARILLO, PABLO<\/strong><\/strong><\/strong><\/li>\n\n\n\n<li><strong>MU\u00d1OZ DE BUSTOS, PILAR<\/strong><\/li>\n\n\n\n<li><strong>NAVARRO BARCIA, M.\u00aa ANGELES<\/strong><\/li>\n\n\n\n<li><strong>OLIVARES MORALEDA, MIGUEL<\/strong><\/li>\n\n\n\n<li><strong>OVEJAS C\u00c1DIZ, RAQUEL<\/strong><\/li>\n\n\n\n<li><strong>P\u00c9REZ LARGACHA, JAVIER<\/strong><\/li>\n\n\n\n<li><strong><strong>PE\u00d1ALOSA LOPEZ, GONZALO<\/strong><\/strong><\/li>\n\n\n\n<li><strong><strong>POSADAS GAGO, ALBERTO<\/strong><\/strong><\/li>\n\n\n\n<li><strong><strong>POZAS TARAPIELLA, JORGE<\/strong><\/strong><\/li>\n\n\n\n<li><strong>RAM\u00cdREZ ARREGUI, J. ANTONIO<\/strong><\/li>\n\n\n\n<li><strong>REDO<strong>NDO CONTRERAS, RUB\u00c9N<\/strong><\/strong><\/li>\n\n\n\n<li><strong><strong><strong><strong><strong>RODRIGUEZ RODRIGUEZ, EMILIO<\/strong><\/strong><\/strong><\/strong><\/strong><\/li>\n\n\n\n<li><strong>ROMERO ARANDA, JAVIER<\/strong><\/li>\n\n\n\n<li><strong><strong><strong><strong>ROMERO JUNQUERA, GEMMA<\/strong><\/strong><\/strong><\/strong><\/li>\n\n\n\n<li><strong><strong><strong>ROYO SUAREZ, ESPERANZA<\/strong><\/strong><\/strong><\/li>\n\n\n\n<li><strong>SERRANO PEREZ DE MADRID, RAQUEL<\/strong><\/li>\n\n\n\n<li><strong>SEVILL\u00c1 GONELL, FRANCISCO<\/strong><\/li>\n\n\n\n<li><strong>SU\u00c1REZ CALVO, ALESANDRA<\/strong><\/li>\n\n\n\n<li><strong>SU\u00c1REZ GARC\u00cdA, PABLO<\/strong><\/li>\n\n\n\n<li><strong><strong>TARRES REGUANT, MAR\u00cdA<\/strong><\/strong><\/li>\n\n\n\n<li><strong>TETIS, B\u00c1RBARA<\/strong> <\/li>\n\n\n\n<li><strong><strong><strong><strong><strong><strong>TIRADO VILLAESCUSA, SAMUEL<\/strong><\/strong><\/strong><\/strong><\/strong><\/strong><\/li>\n\n\n\n<li><strong><strong><strong><strong><strong><strong><strong>TORRENT LOPEZ, FRANCISCO<\/strong><\/strong><\/strong><\/strong><\/strong><\/strong><\/strong><\/li>\n\n\n\n<li><strong><strong><strong><strong><strong><strong><strong>TURULLOLS ALC\u00c1NTARA, MAIA<\/strong><\/strong><\/strong><\/strong><\/strong><\/strong><\/strong><\/li>\n\n\n\n<li><strong><strong><strong>URIBARRI BERROJALBIZ, ANA<\/strong><\/strong><\/strong><\/li>\n\n\n\n<li><strong>VALVERDE FLORES, TAMARA<\/strong><\/li>\n\n\n\n<li><strong>VILA VILLAR, ISABEL<\/strong><\/li>\n\n\n\n<li><strong>VILLAMOR MART\u00cdNEZ, SILVIA<\/strong><\/li>\n<\/ul>\n\n\n\n<div style=\"height:101px\" aria-hidden=\"true\" class=\"wp-block-spacer\"><\/div>\n\n\n\n<p class=\"has-text-align-center has-white-color has-text-color has-background has-medium-font-size\" id=\"consejoescolar\" style=\"background-color:#c87e06\"><strong>CONSEJO ESCOLAR<\/strong><\/p>\n\n\n\n<p><\/p>\n\n\n\n<div style=\"height:37px\" aria-hidden=\"true\" class=\"wp-block-spacer\"><\/div>\n\n\n\n<div style=\"height:107px\" aria-hidden=\"true\" class=\"wp-block-spacer\"><\/div>\n\n\n\n<div class=\"wp-block-cover alignwide is-position-center-center\" style=\"min-height:137px;aspect-ratio:unset;\" id=\"\u00f3rganodocente\"><span aria-hidden=\"true\" class=\"wp-block-cover__background has-background-dim-20 has-background-dim\"><\/span><img loading=\"lazy\" decoding=\"async\" width=\"1280\" height=\"852\" class=\"wp-block-cover__image-background wp-image-514\" alt=\"\" src=\"https:\/\/site.educa.madrid.org\/cpm.majadahonda\/\/wp-content\/uploads\/cpm.majadahonda\/2022\/03\/wood-gc8c9c7c35_1280.jpg\" style=\"object-position:61% 46%\" data-object-fit=\"cover\" data-object-position=\"61% 46%\" srcset=\"https:\/\/site.educa.madrid.org\/cpm.majadahonda\/\/wp-content\/uploads\/cpm.majadahonda\/2022\/03\/wood-gc8c9c7c35_1280.jpg 1280w, https:\/\/site.educa.madrid.org\/cpm.majadahonda\/\/wp-content\/uploads\/cpm.majadahonda\/2022\/03\/wood-gc8c9c7c35_1280-300x200.jpg 300w, https:\/\/site.educa.madrid.org\/cpm.majadahonda\/\/wp-content\/uploads\/cpm.majadahonda\/2022\/03\/wood-gc8c9c7c35_1280-1024x682.jpg 1024w, https:\/\/site.educa.madrid.org\/cpm.majadahonda\/\/wp-content\/uploads\/cpm.majadahonda\/2022\/03\/wood-gc8c9c7c35_1280-768x511.jpg 768w, https:\/\/site.educa.madrid.org\/cpm.majadahonda\/\/wp-content\/uploads\/cpm.majadahonda\/2022\/03\/wood-gc8c9c7c35_1280-391x260.jpg 391w, https:\/\/site.educa.madrid.org\/cpm.majadahonda\/\/wp-content\/uploads\/cpm.majadahonda\/2022\/03\/wood-gc8c9c7c35_1280-700x466.jpg 700w, https:\/\/site.educa.madrid.org\/cpm.majadahonda\/\/wp-content\/uploads\/cpm.majadahonda\/2022\/03\/wood-gc8c9c7c35_1280-520x346.jpg 520w, https:\/\/site.educa.madrid.org\/cpm.majadahonda\/\/wp-content\/uploads\/cpm.majadahonda\/2022\/03\/wood-gc8c9c7c35_1280-360x240.jpg 360w, https:\/\/site.educa.madrid.org\/cpm.majadahonda\/\/wp-content\/uploads\/cpm.majadahonda\/2022\/03\/wood-gc8c9c7c35_1280-250x166.jpg 250w, https:\/\/site.educa.madrid.org\/cpm.majadahonda\/\/wp-content\/uploads\/cpm.majadahonda\/2022\/03\/wood-gc8c9c7c35_1280-100x67.jpg 100w, https:\/\/site.educa.madrid.org\/cpm.majadahonda\/\/wp-content\/uploads\/cpm.majadahonda\/2022\/03\/wood-gc8c9c7c35_1280-272x182.jpg 272w\" sizes=\"auto, (max-width: 706px) 89vw, (max-width: 767px) 82vw, 740px\" \/><div class=\"wp-block-cover__inner-container is-layout-flow wp-block-cover-is-layout-flow\">\n<p class=\"has-text-align-center has-white-color has-text-color\" id=\"\u00f3rganogobierno\" style=\"font-size:24px;line-height:1.1\"><strong>\u00d3RGANOS DE COORDINACI\u00d3N DOCENTE<\/strong><\/p>\n<\/div><\/div>\n\n\n\n<div style=\"height:37px\" aria-hidden=\"true\" class=\"wp-block-spacer\"><\/div>\n\n\n\n<div class=\"wp-block-buttons is-horizontal is-content-justification-center is-layout-flex wp-container-core-buttons-is-layout-499968f5 wp-block-buttons-is-layout-flex\">\n<div class=\"wp-block-button is-style-fill\"><a class=\"wp-block-button__link has-white-color has-text-color has-background wp-element-button\" href=\"#departamentos\" style=\"border-radius:2px;background-color:#55857b\"><strong>DEPARTAMENTOS<\/strong><\/a><\/div>\n\n\n\n<div class=\"wp-block-button is-style-outline is-style-outline--7\"><a class=\"wp-block-button__link has-text-color wp-element-button\" href=\"#ccp\" style=\"border-radius:2px;color:#55857b\"><strong>COMISI\u00d3N COORDINACI\u00d3N PEDAG\u00d3GICA<\/strong><\/a><\/div>\n\n\n\n<div class=\"wp-block-button is-style-fill\"><a class=\"wp-block-button__link has-white-color has-text-color has-background wp-element-button\" href=\"#tutores\" style=\"border-radius:2px;background-color:#55857b\"><strong>TUTORES<\/strong><\/a><\/div>\n<\/div>\n\n\n\n<div style=\"height:117px\" aria-hidden=\"true\" class=\"wp-block-spacer\"><\/div>\n\n\n\n<p class=\"has-text-align-center has-white-color has-text-color has-background has-medium-font-size\" id=\"departamentos\" style=\"background-color:#55857b\"><strong>DEPARTAMENTO DE AGRUPACIONES<\/strong><\/p>\n\n\n\n<figure class=\"wp-block-table\"><table><tbody><tr><td class=\"has-text-align-center\" data-align=\"center\"><strong>Jefe de dep. y M. de C\u00e1mara<\/strong> <br><strong>Raquel Serrano P\u00e9rez de Madrid<\/strong><\/td><td class=\"has-text-align-center\" data-align=\"center\"><strong>M\u00fasica de C\u00e1mara<\/strong><br><strong>F. J. Gonz\u00e1lez Iglesias<\/strong><\/td><td class=\"has-text-align-center\" data-align=\"center\"><strong>M\u00fasica de C\u00e1mara<\/strong><br><strong>Lourdes G\u00e1zquez Codina<\/strong><\/td><\/tr><tr><td class=\"has-text-align-center\" data-align=\"center\"><strong>M\u00fasica de C\u00e1mara<\/strong><br><strong>Miguel Olivares<\/strong> <strong>Moraleda<\/strong><\/td><td class=\"has-text-align-center\" data-align=\"center\"><strong>M\u00fasica de C\u00e1mara<\/strong><br><strong>Javier Romero Aranda<\/strong><\/td><td class=\"has-text-align-center\" data-align=\"center\"><strong>M\u00fasica de C\u00e1mara<\/strong><br><strong>Emilio Rodr\u00edguez Rodr\u00edguez<\/strong><\/td><\/tr><tr><td class=\"has-text-align-center\" data-align=\"center\"><strong>M\u00fasica de C\u00e1mara<br>Ana Uribarri Berrojalbiz<\/strong><\/td><td class=\"has-text-align-center\" data-align=\"center\"><strong><strong>M\u00fasica de C\u00e1mara<\/strong><\/strong><br><strong>Alesandra Su\u00e1rez Calvo<\/strong><\/td><td class=\"has-text-align-center\" data-align=\"center\"><strong><strong>Coro<br>Gonzalo Pe\u00f1alosa L\u00f3pez<\/strong><\/strong><\/td><\/tr><tr><td class=\"has-text-align-center\" data-align=\"center\"><strong>Orquesta Sinf\u00f3nica <br>Javier Jacinto Rial<\/strong><\/td><td class=\"has-text-align-center\" data-align=\"center\"><strong>Banda<br>Juan Manuel Colino<\/strong><\/td><td class=\"has-text-align-center\" data-align=\"center\"><strong>Orquesta y combos Jazz<\/strong><br><strong>Juan Luis Gallego<\/strong> <strong>Mart\u00ednez<\/strong><\/td><\/tr><\/tbody><\/table><\/figure>\n\n\n\n<div style=\"height:37px\" aria-hidden=\"true\" class=\"wp-block-spacer\"><\/div>\n\n\n\n<p class=\"has-text-align-center has-white-color has-text-color has-background has-medium-font-size\" style=\"background-color:#55857b\"><strong>DEPARTAMENTO DE CUERDA GRAVE<\/strong><\/p>\n\n\n\n<figure class=\"wp-block-table\"><table><tbody><tr><td class=\"has-text-align-center\" data-align=\"center\"><strong>Jefe de dep. y Violonchelo<br>Jorge Pozas Tarapiella<\/strong><\/td><td class=\"has-text-align-center\" data-align=\"center\"><strong>Guitarra<\/strong><br><strong>Emilio Rodr\u00edguez Rodr\u00edguez<\/strong><\/td><td class=\"has-text-align-center\" data-align=\"center\"><strong>Guitarra<br>B\u00e1rbara Teti<\/strong><\/td><\/tr><tr><td class=\"has-text-align-center\" data-align=\"center\"><strong>Contrabajo<br>Pablo M\u00ednguez Camarillo<\/strong><\/td><td class=\"has-text-align-center\" data-align=\"center\"><strong>Viola<br>Esperanza Royo Su\u00e1rez<\/strong><\/td><td class=\"has-text-align-center\" data-align=\"center\"><strong>Viola<br>Villamor Mart\u00ednez, Silvia<\/strong><\/td><\/tr><tr><td class=\"has-text-align-center\" data-align=\"center\"><strong>Violonchelo<br>Javier Romero Aranda<\/strong><\/td><td class=\"has-text-align-center\" data-align=\"center\"><strong>Repertorio<\/strong><br><strong>\u00c1ngel Gago Badenas<\/strong><\/td><td class=\"has-text-align-center\" data-align=\"center\"><strong>Repertorio<\/strong><br><strong>Gemma Romero<\/strong> <strong>Junquera<\/strong><\/td><\/tr><tr><td class=\"has-text-align-center\" data-align=\"center\"><strong><strong>Repertorio<br>J.A. Ram\u00edrez<\/strong><\/strong> <strong>Arregui<\/strong><\/td><td class=\"has-text-align-center\" data-align=\"center\"><\/td><td class=\"has-text-align-center\" data-align=\"center\"><\/td><\/tr><\/tbody><\/table><\/figure>\n\n\n\n<div style=\"height:37px\" aria-hidden=\"true\" class=\"wp-block-spacer\"><\/div>\n\n\n\n<p class=\"has-text-align-center has-white-color has-text-color has-background has-medium-font-size\" style=\"background-color:#55857b\"><strong>DEPARTAMENTO DE COMPOSICI\u00d3N<\/strong><\/p>\n\n\n\n<figure class=\"wp-block-table\"><table><tbody><tr><td class=\"has-text-align-center\" data-align=\"center\"><strong>Jefe de dep.<\/strong> <strong>y<\/strong> <strong>Composici\u00f3n<\/strong><br><strong>Pablo Su\u00e1rez Garc\u00eda<\/strong><\/td><td class=\"has-text-align-center\" data-align=\"center\"><strong>Composici\u00f3n<\/strong><br><strong>Alberto Posadas Gago<\/strong><\/td><td class=\"has-text-align-center\" data-align=\"center\"><strong>Historia de la M\u00fasica<\/strong><br><strong>Tamara Valverde Flores<\/strong><\/td><\/tr><tr><td class=\"has-text-align-center\" data-align=\"center\"><strong>Lenguaje Musical<br>Blanca Luengo Romero<\/strong><\/td><td class=\"has-text-align-center\" data-align=\"center\"><strong>Lenguaje Musical<br>Vanessa Guti\u00e9rrez Serradilla<\/strong><\/td><td class=\"has-text-align-center\" data-align=\"center\"><strong>Lenguaje Musical<br>Gonzalo Pe\u00f1alosa L\u00f3pez<\/strong><\/td><\/tr><\/tbody><\/table><\/figure>\n\n\n\n<div style=\"height:37px\" aria-hidden=\"true\" class=\"wp-block-spacer\"><\/div>\n\n\n\n<p class=\"has-text-align-center has-white-color has-text-color has-background has-medium-font-size\" style=\"background-color:#55857b\"><strong>DEPARTAMENTO DE PIANO<\/strong><\/p>\n\n\n\n<figure class=\"wp-block-table\"><table><tbody><tr><td class=\"has-text-align-center\" data-align=\"center\"><strong>Jefe de dep.<\/strong> <strong>y piano<\/strong><br><strong>Fernando Lozano Chiu<\/strong><\/td><td class=\"has-text-align-center\" data-align=\"center\"><strong>Piano<\/strong> <br><strong>\u00c1ngel Gago Badenas<\/strong><\/td><td class=\"has-text-align-center\" data-align=\"center\"><strong>Piano<\/strong><br><strong>Gemma Romero Junquera<\/strong><\/td><\/tr><tr><td class=\"has-text-align-center\" data-align=\"center\"><strong>Piano<\/strong><br><strong>Pilar Mu\u00f1oz de Bustos<\/strong><\/td><td class=\"has-text-align-center\" data-align=\"center\"><strong>Piano<\/strong><br><strong>J. A. Ram\u00edrez Arregui<\/strong><\/td><td class=\"has-text-align-center\" data-align=\"center\"><strong>Piano<\/strong><br><strong>Mar\u00eda Tarres Reguant<\/strong><\/td><\/tr><tr><td class=\"has-text-align-center\" data-align=\"center\"><strong><strong><strong>Piano<\/strong> <br><\/strong>Samuel Tirado Villaescusa<\/strong><\/td><td class=\"has-text-align-center\" data-align=\"center\"><strong>Piano<br>Isabel Vila Villar<\/strong><\/td><td class=\"has-text-align-center\" data-align=\"center\"><strong>Piano<br>Maia Turullols Alc\u00e1ntara<\/strong><\/td><\/tr><\/tbody><\/table><\/figure>\n\n\n\n<div style=\"height:37px\" aria-hidden=\"true\" class=\"wp-block-spacer\"><\/div>\n\n\n\n<p class=\"has-text-align-center has-white-color has-text-color has-background has-medium-font-size\" style=\"background-color:#55857b\"><strong>DEPARTAMENTO DE VIENTO MADERA<\/strong><\/p>\n\n\n\n<figure class=\"wp-block-table\"><table><tbody><tr><td class=\"has-text-align-center\" data-align=\"center\"><strong><strong>Jefe de dep<\/strong>. y<\/strong> <strong>oboe<br><strong>Francisco Torrent L\u00f3pez<\/strong><\/strong><\/td><td class=\"has-text-align-center\" data-align=\"center\"><strong>Fagot<\/strong><br><strong><strong>Lourdes G\u00e1zquez Codina<\/strong><\/strong><\/td><td class=\"has-text-align-center\" data-align=\"center\"><strong>Flauta<br>Juan Manuel Colino Cruz<\/strong><\/td><\/tr><tr><td class=\"has-text-align-center\" data-align=\"center\"><strong><strong>Clarinete<\/strong><\/strong><br><strong>M\u00aa Angustias Cervantes Carmona<strong><br><\/strong><\/strong><\/td><td class=\"has-text-align-center\" data-align=\"center\"><strong>Repertorio<\/strong><br><strong>Daniel Flores Sanz<\/strong><\/td><td class=\"has-text-align-center\" data-align=\"center\"><\/td><\/tr><\/tbody><\/table><\/figure>\n\n\n\n<div style=\"height:37px\" aria-hidden=\"true\" class=\"wp-block-spacer\"><\/div>\n\n\n\n<p class=\"has-text-align-center has-white-color has-text-color has-background has-medium-font-size\" style=\"background-color:#55857b\"><strong>DEPARTAMENTO DE<\/strong> <strong>VIENTO METAL Y PERCUSI\u00d3N<\/strong><\/p>\n\n\n\n<figure class=\"wp-block-table\"><table><tbody><tr><td class=\"has-text-align-center\" data-align=\"center\"><strong><strong>Jefe de dep<\/strong>. y trompa<\/strong><br><strong>Miguel Olivares<\/strong> <strong>Moraleda<\/strong><\/td><td class=\"has-text-align-center\" data-align=\"center\"><strong>Tromb\u00f3n<br><strong>Francisco<\/strong><\/strong> <strong>Sevill\u00e1 Gonell<\/strong><\/td><td class=\"has-text-align-center\" data-align=\"center\"><strong>Trompeta<br>F. J. Gonz\u00e1lez Iglesias<\/strong><\/td><\/tr><tr><td class=\"has-text-align-center\" data-align=\"center\"><strong>Percusi\u00f3n<\/strong><br><strong>Alesandra Su\u00e1rez Calvo<\/strong><\/td><td class=\"has-text-align-center\" data-align=\"center\"><strong>Repertorio<br>Maia Turullols Alc\u00e1ntara<\/strong><\/td><td class=\"has-text-align-center\" data-align=\"center\"><strong>Repertorio<br><strong>Samuel Tirado Villaescusa<\/strong><\/strong><\/td><\/tr><\/tbody><\/table><\/figure>\n\n\n\n<div style=\"height:37px\" aria-hidden=\"true\" class=\"wp-block-spacer\"><\/div>\n\n\n\n<p class=\"has-text-align-center has-white-color has-text-color has-background has-medium-font-size\" style=\"background-color:#55857b\"><strong>DEPARTAMENTO DE VIOL\u00cdN<\/strong><\/p>\n\n\n\n<figure class=\"wp-block-table\"><table><tbody><tr><td class=\"has-text-align-center\" data-align=\"center\"><strong><strong>Jefe de dep<\/strong><\/strong>. <strong>y<\/strong> <strong><strong><strong><strong><strong>Viol\u00edn<\/strong><br><\/strong><\/strong><\/strong>Ana Uribarri Berrojalbiz<\/strong><\/td><td class=\"has-text-align-center\" data-align=\"center\"><strong><strong><strong><strong>V<\/strong>iol\u00edn<\/strong><br><strong>Rub\u00e9n Redondo Contreras<\/strong><\/strong><\/strong><\/td><td class=\"has-text-align-center\" data-align=\"center\"><strong><strong><strong><strong><strong>V<\/strong>iol\u00edn<\/strong> <br><\/strong><\/strong>Raquel Ovejas C\u00e1diz<\/strong><\/td><\/tr><tr><td class=\"has-text-align-center\" data-align=\"center\"><strong><strong><strong><strong>V<\/strong>iol\u00edn<\/strong><br><\/strong>M\u00aa \u00c1ngeles Navarro Barc\u00eda<\/strong><\/td><td class=\"has-text-align-center\" data-align=\"center\"><strong><strong><strong><strong>V<\/strong>iol\u00edn<\/strong><br><strong>Javier P\u00e9rez Largacha<\/strong><\/strong><\/strong><\/td><td class=\"has-text-align-center\" data-align=\"center\"><strong><strong>Repertorio<\/strong><\/strong><br><strong>Gemma Romero<\/strong> <strong>Junquera<\/strong><\/td><\/tr><tr><td class=\"has-text-align-center\" data-align=\"center\"><strong>Repertorio<br>Gemma Romero Junquera<\/strong><\/td><td class=\"has-text-align-center\" data-align=\"center\"><\/td><td class=\"has-text-align-center\" data-align=\"center\"><\/td><\/tr><\/tbody><\/table><\/figure>\n\n\n\n<div style=\"height:37px\" aria-hidden=\"true\" class=\"wp-block-spacer\"><\/div>\n\n\n\n<p class=\"has-text-align-center has-white-color has-text-color has-background has-medium-font-size\" id=\"ccp\" style=\"background-color:#55857b\"><strong>DEPARTAMENTO DE ORIENTACI\u00d3N<\/strong><\/p>\n\n\n\n<div style=\"height:37px\" aria-hidden=\"true\" class=\"wp-block-spacer\"><\/div>\n\n\n\n<figure class=\"wp-block-table\"><table class=\"has-fixed-layout\"><tbody><tr><td class=\"has-text-align-center\" data-align=\"center\"> <strong>  Jefe de departamento y orientadora<br>    Marina Aguilar Calvo<\/strong><\/td><td class=\"has-text-align-center\" data-align=\"center\"><strong>Fernando Lozano Chiu<\/strong><\/td><\/tr><tr><td class=\"has-text-align-center\" data-align=\"center\"><strong>Juan Luis Gallego Mart\u00ednez<\/strong><\/td><td class=\"has-text-align-center\" data-align=\"center\"><strong>Isabel Vila Villar<\/strong><\/td><\/tr><\/tbody><\/table><\/figure>\n\n\n\n<p class=\"has-text-align-center has-white-color has-text-color has-background has-medium-font-size\" id=\"ccp\" style=\"background-color:#55857b\"><strong>COMISI\u00d3N DE COORDINACI\u00d3N PEDAG\u00d3GICA<\/strong><\/p>\n\n\n\n<div style=\"height:37px\" aria-hidden=\"true\" class=\"wp-block-spacer\"><\/div>\n\n\n\n<figure class=\"wp-block-table\"><table><tbody><tr><td class=\"has-text-align-center\" data-align=\"center\"><strong>Director <\/strong><br><strong>Javier Jacinto Rial<\/strong><\/td><td class=\"has-text-align-center\" data-align=\"center\"><strong><strong><strong><strong>Vicedirector<br><\/strong><\/strong><\/strong>Isabel Vila Villar<\/strong><\/td><td class=\"has-text-align-center\" data-align=\"center\"><strong><strong><strong>Jefe de Estudios<\/strong><br><strong>Juan Luis Gallego Mart\u00ednez<\/strong><\/strong><\/strong><\/td><\/tr><tr><td class=\"has-text-align-center\" data-align=\"center\"><strong><strong>Secretar\u00eda<\/strong><br>Pilar Mu\u00f1oz de Bustos<\/strong><\/td><td class=\"has-text-align-center\" data-align=\"center\"><strong>Agrupaciones<br>Raquel Serrano P\u00e9rez de Madrid<\/strong><\/td><td class=\"has-text-align-center\" data-align=\"center\"><strong>Composici\u00f3n<\/strong><br><strong>Pablo Su\u00e1rez Garc\u00eda<\/strong><\/td><\/tr><tr><td class=\"has-text-align-center\" data-align=\"center\"><strong>Cuerda Grave<\/strong><br><strong><strong>Jorge Pozas Tarapiella<\/strong><\/strong><\/td><td class=\"has-text-align-center\" data-align=\"center\"><strong>Piano<\/strong><br><strong>Fernando Lozano Chiu<\/strong><\/td><td class=\"has-text-align-center\" data-align=\"center\"><strong>Viento Madera<br>Francisco Torrent L\u00f3pez<\/strong><\/td><\/tr><tr><td class=\"has-text-align-center\" data-align=\"center\"><strong>Viento Metal y percusi\u00f3n<\/strong><br><strong>Miguel Olivares<\/strong> <strong>Moraleda<\/strong><\/td><td class=\"has-text-align-center\" data-align=\"center\"><strong>Viol\u00edn<\/strong><br><strong><strong>Ana Uribarri Berrojalbiz<\/strong><\/strong><\/td><td class=\"has-text-align-center\" data-align=\"center\"><strong>Orientadora<\/strong><br><strong>Marina Aguilar Calvo<\/strong><\/td><\/tr><\/tbody><\/table><\/figure>\n\n\n\n<div style=\"height:37px\" aria-hidden=\"true\" class=\"wp-block-spacer\"><\/div>\n\n\n\n<p class=\"has-text-align-center has-white-color has-text-color has-background has-medium-font-size\" id=\"tutores\" style=\"background-color:#55857b\"><strong>TUTORES<\/strong><\/p>\n\n\n\n<div style=\"height:37px\" aria-hidden=\"true\" class=\"wp-block-spacer\"><\/div>\n\n\n\n<p><strong>La funci\u00f3n de tutor es ejercida por el docente que imparte las clases individuales de instrumento.<\/strong><\/p>\n\n\n\n<div style=\"height:100px\" aria-hidden=\"true\" class=\"wp-block-spacer\"><\/div>\n\n\n\n<div class=\"wp-block-cover alignwide is-position-center-center\" style=\"min-height:137px;aspect-ratio:unset;\" id=\"\u00f3rganorepresentaci\u00f3n\"><span aria-hidden=\"true\" class=\"wp-block-cover__background has-background-dim-20 has-background-dim\"><\/span><img loading=\"lazy\" decoding=\"async\" width=\"640\" height=\"427\" class=\"wp-block-cover__image-background wp-image-1030\" alt=\"\" src=\"https:\/\/site.educa.madrid.org\/cpm.majadahonda\/\/wp-content\/uploads\/cpm.majadahonda\/2022\/04\/neil-godding-NMbZ7QM3XWM-unsplash.jpg\" style=\"object-position:58% 55%\" data-object-fit=\"cover\" data-object-position=\"58% 55%\" srcset=\"https:\/\/site.educa.madrid.org\/cpm.majadahonda\/\/wp-content\/uploads\/cpm.majadahonda\/2022\/04\/neil-godding-NMbZ7QM3XWM-unsplash.jpg 640w, https:\/\/site.educa.madrid.org\/cpm.majadahonda\/\/wp-content\/uploads\/cpm.majadahonda\/2022\/04\/neil-godding-NMbZ7QM3XWM-unsplash-300x200.jpg 300w, https:\/\/site.educa.madrid.org\/cpm.majadahonda\/\/wp-content\/uploads\/cpm.majadahonda\/2022\/04\/neil-godding-NMbZ7QM3XWM-unsplash-391x260.jpg 391w, https:\/\/site.educa.madrid.org\/cpm.majadahonda\/\/wp-content\/uploads\/cpm.majadahonda\/2022\/04\/neil-godding-NMbZ7QM3XWM-unsplash-520x347.jpg 520w, https:\/\/site.educa.madrid.org\/cpm.majadahonda\/\/wp-content\/uploads\/cpm.majadahonda\/2022\/04\/neil-godding-NMbZ7QM3XWM-unsplash-360x240.jpg 360w, https:\/\/site.educa.madrid.org\/cpm.majadahonda\/\/wp-content\/uploads\/cpm.majadahonda\/2022\/04\/neil-godding-NMbZ7QM3XWM-unsplash-250x167.jpg 250w, https:\/\/site.educa.madrid.org\/cpm.majadahonda\/\/wp-content\/uploads\/cpm.majadahonda\/2022\/04\/neil-godding-NMbZ7QM3XWM-unsplash-100x67.jpg 100w, https:\/\/site.educa.madrid.org\/cpm.majadahonda\/\/wp-content\/uploads\/cpm.majadahonda\/2022\/04\/neil-godding-NMbZ7QM3XWM-unsplash-272x182.jpg 272w\" sizes=\"auto, (max-width: 640px) 100vw, 640px\" \/><div class=\"wp-block-cover__inner-container is-layout-flow wp-block-cover-is-layout-flow\">\n<p class=\"has-text-align-center has-white-color has-text-color\" id=\"\u00f3rganogobierno\" style=\"font-size:24px;line-height:1.1\"><strong>\u00d3RGANOS DE REPRESENTACI\u00d3N<\/strong><\/p>\n<\/div><\/div>\n\n\n\n<div style=\"height:57px\" aria-hidden=\"true\" class=\"wp-block-spacer\"><\/div>\n\n\n\n<p class=\"has-text-align-center has-white-color has-text-color has-background has-medium-font-size\" id=\"ampa\" style=\"background-color:#06774d\"><strong>AMPA<\/strong><\/p>\n\n\n\n<p><strong>El AMPA est\u00e1 en proceso de renovaci\u00f3n, por lo que aquellas personas interesadas en colaborar, os rogamos que os pong\u00e1is en contacto con el Director del centro:<\/strong><\/p>\n\n\n\n<p><strong>cpm.majadahonda@educa.madrid.org<\/strong><\/p>\n","protected":false},"excerpt":{"rendered":"<p>EQUIPO DIRECTIVO DIRECTOR: Javier Jacinto Rial cpm.majadahonda@educa.madrid.org JEFE DE ESTUDIOS: Juan Luis Gallego Mart\u00ednez jestudios.cpm.majadahonda@educa.madrid.org VICEDIRECTOR: Isabel Vila Villar ivila@educa.madrid.org SECRETARIA: Pilar Mu\u00f1oz de Bustos pmunozdebustos@educa.madrid.org CLAUSTRO DE PROFESORES CONSEJO ESCOLAR DEPARTAMENTO DE AGRUPACIONES Jefe de dep. y M. de C\u00e1mara Raquel Serrano P\u00e9rez de Madrid M\u00fasica de C\u00e1maraF. J. Gonz\u00e1lez Iglesias M\u00fasica de C\u00e1maraLourdes &hellip; <\/p>\n<p class=\"link-more\"><a href=\"https:\/\/site.educa.madrid.org\/cpm.majadahonda\/index.php\/organigrama\/\" class=\"more-link\">Continuar leyendo<span class=\"screen-reader-text\"> \u00abORGANIGRAMA\u00bb<\/span><\/a><\/p>\n","protected":false},"author":2,"featured_media":0,"parent":0,"menu_order":0,"comment_status":"closed","ping_status":"closed","template":"page-templates\/page_fullwidth.php","meta":{"footnotes":""},"folder":[],"class_list":["post-327","page","type-page","status-publish","hentry"],"rttpg_featured_image_url":null,"rttpg_author":{"display_name":"tic.cpm.majadahonda","author_link":"https:\/\/site.educa.madrid.org\/cpm.majadahonda\/index.php\/author\/cuenta_tic-cpm-majadahonda\/"},"rttpg_comment":0,"rttpg_category":false,"rttpg_excerpt":"EQUIPO DIRECTIVO DIRECTOR: Javier Jacinto Rial cpm.majadahonda@educa.madrid.org JEFE DE ESTUDIOS: Juan Luis Gallego Mart\u00ednez jestudios.cpm.majadahonda@educa.madrid.org VICEDIRECTOR: Isabel Vila Villar ivila@educa.madrid.org SECRETARIA: Pilar Mu\u00f1oz de Bustos pmunozdebustos@educa.madrid.org CLAUSTRO DE PROFESORES CONSEJO ESCOLAR DEPARTAMENTO DE AGRUPACIONES Jefe de dep. y M. de C\u00e1mara Raquel Serrano P\u00e9rez de Madrid M\u00fasica de C\u00e1maraF. J. Gonz\u00e1lez Iglesias M\u00fasica de C\u00e1maraLourdes&hellip;","post_mailing_queue_ids":[],"_links":{"self":[{"href":"https:\/\/site.educa.madrid.org\/cpm.majadahonda\/index.php\/wp-json\/wp\/v2\/pages\/327","targetHints":{"allow":["GET"]}}],"collection":[{"href":"https:\/\/site.educa.madrid.org\/cpm.majadahonda\/index.php\/wp-json\/wp\/v2\/pages"}],"about":[{"href":"https:\/\/site.educa.madrid.org\/cpm.majadahonda\/index.php\/wp-json\/wp\/v2\/types\/page"}],"author":[{"embeddable":true,"href":"https:\/\/site.educa.madrid.org\/cpm.majadahonda\/index.php\/wp-json\/wp\/v2\/users\/2"}],"replies":[{"embeddable":true,"href":"https:\/\/site.educa.madrid.org\/cpm.majadahonda\/index.php\/wp-json\/wp\/v2\/comments?post=327"}],"version-history":[{"count":50,"href":"https:\/\/site.educa.madrid.org\/cpm.majadahonda\/index.php\/wp-json\/wp\/v2\/pages\/327\/revisions"}],"predecessor-version":[{"id":3686,"href":"https:\/\/site.educa.madrid.org\/cpm.majadahonda\/index.php\/wp-json\/wp\/v2\/pages\/327\/revisions\/3686"}],"wp:attachment":[{"href":"https:\/\/site.educa.madrid.org\/cpm.majadahonda\/index.php\/wp-json\/wp\/v2\/media?parent=327"}],"wp:term":[{"taxonomy":"folder","embeddable":true,"href":"https:\/\/site.educa.madrid.org\/cpm.majadahonda\/index.php\/wp-json\/wp\/v2\/folder?post=327"}],"curies":[{"name":"wp","href":"https:\/\/api.w.org\/{rel}","templated":true}]}}