{"id":1416,"date":"2024-07-17T17:26:03","date_gmt":"2024-07-17T15:26:03","guid":{"rendered":"https:\/\/site.educa.madrid.org\/cra.vegadetajuna.orusco\/?page_id=1416"},"modified":"2026-03-19T12:03:07","modified_gmt":"2026-03-19T11:03:07","slug":"admision","status":"publish","type":"page","link":"https:\/\/site.educa.madrid.org\/cra.vegadetajuna.orusco\/index.php\/admision\/","title":{"rendered":"ADMISI\u00d3N"},"content":{"rendered":"\n<figure class=\"wp-block-image size-large\"><img loading=\"lazy\" decoding=\"async\" width=\"1024\" height=\"256\" src=\"https:\/\/site.educa.madrid.org\/cra.vegadetajuna.orusco\/\/wp-content\/uploads\/cra.vegadetajuna.orusco\/2023\/03\/Impresos-1024x256.png\" alt=\"\" class=\"wp-image-1048\" srcset=\"https:\/\/site.educa.madrid.org\/cra.vegadetajuna.orusco\/\/wp-content\/uploads\/cra.vegadetajuna.orusco\/2023\/03\/Impresos-1024x256.png 1024w, https:\/\/site.educa.madrid.org\/cra.vegadetajuna.orusco\/\/wp-content\/uploads\/cra.vegadetajuna.orusco\/2023\/03\/Impresos-300x75.png 300w, https:\/\/site.educa.madrid.org\/cra.vegadetajuna.orusco\/\/wp-content\/uploads\/cra.vegadetajuna.orusco\/2023\/03\/Impresos-768x192.png 768w, https:\/\/site.educa.madrid.org\/cra.vegadetajuna.orusco\/\/wp-content\/uploads\/cra.vegadetajuna.orusco\/2023\/03\/Impresos-1536x384.png 1536w, https:\/\/site.educa.madrid.org\/cra.vegadetajuna.orusco\/\/wp-content\/uploads\/cra.vegadetajuna.orusco\/2023\/03\/Impresos-700x175.png 700w, https:\/\/site.educa.madrid.org\/cra.vegadetajuna.orusco\/\/wp-content\/uploads\/cra.vegadetajuna.orusco\/2023\/03\/Impresos-520x130.png 520w, https:\/\/site.educa.madrid.org\/cra.vegadetajuna.orusco\/\/wp-content\/uploads\/cra.vegadetajuna.orusco\/2023\/03\/Impresos-360x90.png 360w, https:\/\/site.educa.madrid.org\/cra.vegadetajuna.orusco\/\/wp-content\/uploads\/cra.vegadetajuna.orusco\/2023\/03\/Impresos-250x63.png 250w, https:\/\/site.educa.madrid.org\/cra.vegadetajuna.orusco\/\/wp-content\/uploads\/cra.vegadetajuna.orusco\/2023\/03\/Impresos-100x25.png 100w, https:\/\/site.educa.madrid.org\/cra.vegadetajuna.orusco\/\/wp-content\/uploads\/cra.vegadetajuna.orusco\/2023\/03\/Impresos.png 1920w\" sizes=\"auto, (max-width: 767px) 89vw, (max-width: 1000px) 54vw, (max-width: 1071px) 543px, 580px\" \/><\/figure>\n\n\n\n<figure class=\"wp-block-image size-large\"><img loading=\"lazy\" decoding=\"async\" width=\"1024\" height=\"423\" src=\"https:\/\/site.educa.madrid.org\/cra.vegadetajuna.orusco\/\/wp-content\/uploads\/cra.vegadetajuna.orusco\/2026\/03\/Calendario-admision-1024x423.jpg\" alt=\"\" class=\"wp-image-2091\" srcset=\"https:\/\/site.educa.madrid.org\/cra.vegadetajuna.orusco\/\/wp-content\/uploads\/cra.vegadetajuna.orusco\/2026\/03\/Calendario-admision-1024x423.jpg 1024w, https:\/\/site.educa.madrid.org\/cra.vegadetajuna.orusco\/\/wp-content\/uploads\/cra.vegadetajuna.orusco\/2026\/03\/Calendario-admision-300x124.jpg 300w, https:\/\/site.educa.madrid.org\/cra.vegadetajuna.orusco\/\/wp-content\/uploads\/cra.vegadetajuna.orusco\/2026\/03\/Calendario-admision-768x318.jpg 768w, https:\/\/site.educa.madrid.org\/cra.vegadetajuna.orusco\/\/wp-content\/uploads\/cra.vegadetajuna.orusco\/2026\/03\/Calendario-admision-1536x635.jpg 1536w, https:\/\/site.educa.madrid.org\/cra.vegadetajuna.orusco\/\/wp-content\/uploads\/cra.vegadetajuna.orusco\/2026\/03\/Calendario-admision-2048x847.jpg 2048w\" sizes=\"auto, (max-width: 767px) 89vw, (max-width: 1000px) 54vw, (max-width: 1071px) 543px, 580px\" \/><\/figure>\n\n\n<div\n\t\t\t\n\t\t\tclass=\"so-widget-sow-headline so-widget-sow-headline-default-77226cbf8294\"\n\t\t\t\n\t\t><div class=\"sow-headline-container \">\n\t\t\t\t\t\t\t<h2 class=\"sow-headline\">\n\t\t\t\t\t\t\t\t\t\t\t\t\t<a href=\"https:\/\/www.comunidad.madrid\/servicios\/educacion\/ambito-general-comienzo-curso-admision-alumnos-consejos-escolares#panel-84209\" >\n\t\t\t\t\t\t\t\tNORMATIVA B\u00c1SICA<\/a>\t\t\t\t\t\t<\/h2>\n\t\t\t\t\t\t\t\t\t\t\t<div class=\"decoration\">\n\t\t\t\t\t\t<div class=\"decoration-inside\"><\/div>\n\t\t\t\t\t<\/div>\n\t\t\t\t\t<\/div>\n<\/div>\n\n<div\n\t\t\t\n\t\t\tclass=\"so-widget-sow-headline so-widget-sow-headline-default-77226cbf8294\"\n\t\t\t\n\t\t><div class=\"sow-headline-container \">\n\t\t\t\t\t\t\t<h2 class=\"sow-headline\">\n\t\t\t\t\t\t\t\t\t\t\t\t\t<a href=\"https:\/\/site.educa.madrid.org\/cra.vegadetajuna.orusco\/\/wp-content\/uploads\/cra.vegadetajuna.orusco\/2026\/03\/Anexo-I.pdf\" target=\"_blank\" rel=\"noopener noreferrer\">\n\t\t\t\t\t\t\t\tPLAZAS VACANTES OFERTADAS POR EL CENTRO<\/a>\t\t\t\t\t\t<\/h2>\n\t\t\t\t\t\t\t\t\t\t\t<div class=\"decoration\">\n\t\t\t\t\t\t<div class=\"decoration-inside\"><\/div>\n\t\t\t\t\t<\/div>\n\t\t\t\t\t<\/div>\n<\/div>\n\n<div\n\t\t\t\n\t\t\tclass=\"so-widget-sow-headline so-widget-sow-headline-default-77226cbf8294\"\n\t\t\t\n\t\t><div class=\"sow-headline-container \">\n\t\t\t\t\t\t\t<h2 class=\"sow-headline\">\n\t\t\t\t\t\t\t\t\t\t\t\t\t<a href=\"https:\/\/site.educa.madrid.org\/cra.vegadetajuna.orusco\/\/wp-content\/uploads\/cra.vegadetajuna.orusco\/2026\/03\/Informacio-basica.pdf\" >\n\t\t\t\t\t\t\t\tINFORMACI\u00d3N B\u00c1SICA<\/a>\t\t\t\t\t\t<\/h2>\n\t\t\t\t\t\t\t\t\t\t\t<div class=\"decoration\">\n\t\t\t\t\t\t<div class=\"decoration-inside\"><\/div>\n\t\t\t\t\t<\/div>\n\t\t\t\t\t<\/div>\n<\/div>\n\n<div\n\t\t\t\n\t\t\tclass=\"so-widget-sow-headline so-widget-sow-headline-default-ba391da4c9aa\"\n\t\t\t\n\t\t><div class=\"sow-headline-container \">\n\t\t\t\t\t\t\t<h2 class=\"sow-headline\">\n\t\t\t\t\t\t\t\t\t\t\t\t\t<a href=\"https:\/\/site.educa.madrid.org\/cra.vegadetajuna.orusco\/\/wp-content\/uploads\/cra.vegadetajuna.orusco\/2026\/03\/Centros-adscritos-a-nivel-inferior.pdf\" target=\"_blank\" rel=\"noopener noreferrer\">\n\t\t\t\t\t\t\t\tCENTROS ADSCRITOS CASITAS DE NI\u00d1OS<\/a>\t\t\t\t\t\t<\/h2>\n\t\t\t\t\t\t\t\t\t\t\t<div class=\"decoration\">\n\t\t\t\t\t\t<div class=\"decoration-inside\"><\/div>\n\t\t\t\t\t<\/div>\n\t\t\t\t\t<\/div>\n<\/div>\n\n<div\n\t\t\t\n\t\t\tclass=\"so-widget-sow-headline so-widget-sow-headline-default-77226cbf8294\"\n\t\t\t\n\t\t><div class=\"sow-headline-container \">\n\t\t\t\t\t\t\t<h2 class=\"sow-headline\">\n\t\t\t\t\t\t\t\t\t\t\t\t\t<a href=\"https:\/\/site.educa.madrid.org\/cra.vegadetajuna.orusco\/\/wp-content\/uploads\/cra.vegadetajuna.orusco\/2026\/03\/Centros-adscritos-a-nivel-superior.pdf\" target=\"_blank\" rel=\"noopener noreferrer\">\n\t\t\t\t\t\t\t\tCENTROS ADSCRITOS IES<\/a>\t\t\t\t\t\t<\/h2>\n\t\t\t\t\t\t\t\t\t\t\t<div class=\"decoration\">\n\t\t\t\t\t\t<div class=\"decoration-inside\"><\/div>\n\t\t\t\t\t<\/div>\n\t\t\t\t\t<\/div>\n<\/div>\n\n<div\n\t\t\t\n\t\t\tclass=\"so-widget-sow-headline so-widget-sow-headline-default-77226cbf8294\"\n\t\t\t\n\t\t><div class=\"sow-headline-container \">\n\t\t\t\t\t\t\t<h2 class=\"sow-headline\">\n\t\t\t\t\t\t\t\t\t\t\t\t\t<a href=\"https:\/\/www.educa2.madrid.org\/web\/direcciones-de-area\/escolarizacion1\" target=\"_blank\" rel=\"noopener noreferrer\">\n\t\t\t\t\t\t\t\tServicio de Apoyo a la Escolarizaci\u00f3n<\/a>\t\t\t\t\t\t<\/h2>\n\t\t\t\t\t\t\t\t\t\t\t<div class=\"decoration\">\n\t\t\t\t\t\t<div class=\"decoration-inside\"><\/div>\n\t\t\t\t\t<\/div>\n\t\t\t\t\t<\/div>\n<\/div>\n\n\n<h2 class=\"wp-block-heading\"><strong>INFORMACI\u00d3N  SOBRE EL PROCESO DE ADMISI\u00d3N<\/strong><\/h2>\n\n\n\n<h2 class=\"wp-block-heading\"><mark style=\"background-color:rgba(0, 0, 0, 0)\" class=\"has-inline-color has-vivid-red-color\">El PERIODO DE ADMISI\u00d3N es del 11 al 25 de marzo<\/mark><\/h2>\n\n\n\n<h2 class=\"wp-block-heading\">El<strong> C\u00d3DIGO DE CENTRO<\/strong> del CRA Vega de Taju\u00f1a es <strong>28044422<\/strong>. Para admisiones, matriculaciones, becas o cualquier documentaci\u00f3n administrativa hay que poner <strong>CRA VEGA DE TAJU\u00d1A, Orusco<\/strong>, independientemente de que el alumno sea o vaya a ir a Villar, Ambite o Pozuelo<\/h2>\n\n\n\n<h2 class=\"wp-block-heading\"><strong>Tienen que participar en el proceso de admisi\u00f3n y presentar solicitud para el curso 2026\/2027 los siguientes alumnos<\/strong>:<\/h2>\n\n\n\n<ul class=\"wp-block-list\">\n<li>Los que deseen acceder por primera vez a centros que imparten Educaci\u00f3n<br>Infantil (3-6 a\u00f1os) o Educaci\u00f3n Primaria o a centros de Educaci\u00f3n Especial<br>sostenidos con fondos p\u00fablicos en el curso 2026\/2027.<\/li>\n\n\n\n<li>Los alumnos que deseen solicitar un centro de Educaci\u00f3n Primaria o de<br>Educaci\u00f3n Secundaria diferente a aquel que les corresponda por adscripci\u00f3n<br>\u00fanica.<\/li>\n\n\n\n<li>Los alumnos escolarizados en centros con adscripci\u00f3n m\u00faltiple a otros centros<br>educativos y que tengan que cambiar de centro para el curso 2026\/2027.<\/li>\n\n\n\n<li>Los alumnos que deseen cambiar de centro en cualquiera de los niveles y<br>ense\u00f1anzas del \u00e1mbito de aplicaci\u00f3n de la presente Resoluci\u00f3n.<\/li>\n\n\n\n<li>Los alumnos que deseen cambiar de centro en cualquiera de los niveles y<br>ense\u00f1anzas del \u00e1mbito de aplicaci\u00f3n de la presente Resoluci\u00f3n.<\/li>\n<\/ul>\n\n\n\n<h2 class=\"wp-block-heading\"><strong>No tienen que presentar solicitud de admisi\u00f3n para el curso 2026\/2027 los siguientes alumnos<\/strong>:<\/h2>\n\n\n\n<ul class=\"wp-block-list\">\n<li>Los que cambien de etapa educativa dentro de un mismo centro o recinto<br>escolar, estando sostenidas ambas etapas por fondos p\u00fablicos en el curso<br>2026\/2027.<\/li>\n\n\n\n<li>Los alumnos de las<strong>&nbsp;Casas de Ni\u00f1os<\/strong>, Escuelas Infantiles, centros sostenidos<br>con fondos p\u00fablicos en los dos ciclos de Educaci\u00f3n Infantil, de los centros de<br>Educaci\u00f3n Primaria, as\u00ed como de los CEIPSO que tengan adscripci\u00f3n \u00fanica a<br>otro centro y quieran hacer uso de dicha prioridad.<\/li>\n<\/ul>\n\n\n\n<h2 class=\"wp-block-heading has-text-align-center\"><strong><mark style=\"background-color:rgba(0, 0, 0, 0)\" class=\"has-inline-color has-vivid-red-color\">INSTRUCCIONES PRESENTACI\u00d3N SOLICITUDES ADMISI\u00d3N CURSO 2026\/2027<\/mark><\/strong><\/h2>\n\n\n\n<p><strong>PRESENTACI\u00d3N DE SOLICITUDES<\/strong><\/p>\n\n\n\n<p><mark style=\"background-color:rgba(0, 0, 0, 0)\" class=\"has-inline-color has-vivid-green-cyan-color\"><strong>Presentaci\u00f3n telem\u00e1tica<\/strong><\/mark><strong><mark>:<\/mark><\/strong>&nbsp;opci\u00f3n que facilita y agiliza el proceso de admisi\u00f3n, as\u00ed como el acceso al seguimiento e informaci\u00f3n sobre su desarrollo, la solicitud ser\u00e1 dirigida al primer centro incluido en la solicitud. Para la presentaci\u00f3n de solicitudes por v\u00eda telem\u00e1tica las familias utilizar\u00e1n la Secretar\u00eda Virtual del sistema de gesti\u00f3n RA\u00cdCES, que ser\u00e1 accesible a trav\u00e9s de internet,&nbsp;<a href=\"https:\/\/raices.madrid.org\/secretariavirtual\/\">https:\/\/raices.madrid.org\/secretariavirtual\/<\/a>&nbsp;o p\u00e1gina web de la Comunidad de Madrid, comunidad.madrid\/url\/admision-educacion.<\/p>\n\n\n\n<p>&nbsp;Se pondr\u00e1 a su disposici\u00f3n diversas opciones y posibilidades de acceso a la Secretar\u00eda Virtual, que podr\u00e1 realizarse mediante la utilizaci\u00f3n, por cada uno de los padres o tutores legales, de alguna de ellas:&nbsp;<\/p>\n\n\n\n<p>\u2013 Mediante la utilizaci\u00f3n del certificado digital.<\/p>\n\n\n\n<p>&nbsp;\u2013 A trav\u00e9s del sistema de identificaci\u00f3n electr\u00f3nica para las Administraciones P\u00fablicas Cl@ve. Se puede acceder a trav\u00e9s de DNIe\/Certificado electr\u00f3nico, acceso PIN 24h o Cl@ve permanente.&nbsp;<\/p>\n\n\n\n<p>\u2013 Acceso sin certificado digital a trav\u00e9s de un registro en el sistema inform\u00e1tico @SCV en el que se recoger\u00e1n los siguientes campos: Tipo de documento, NIF\/NIE\/Pasaporte, nombre y apellidos, correo electr\u00f3nico, tel\u00e9fono m\u00f3vil, contrase\u00f1a, pregunta de seguridad y respuesta de seguridad. El registro se activar\u00e1 mediante un mensaje al tel\u00e9fono m\u00f3vil, lo que permitir\u00e1 acceder con su DNI y clave. Esta opci\u00f3n facilita el acceso para todas las nuevas familias que se incorporan al sistema educativo. \u2013 Acceso a trav\u00e9s de la validaci\u00f3n de credenciales de la aplicaci\u00f3n Roble\/Ra\u00edces. Las familias que ya tienen credenciales de acceso a Roble\/Ra\u00edces podr\u00e1n acceder a Secretaria Virtual con dichas credenciales. Con el fin de facilitar la utilizaci\u00f3n de esta opci\u00f3n, los centros podr\u00e1n generar las credenciales de acceso a los progenitores o tutores legales que a\u00fan no dispongan de las mismas y tengan a sus hijos matriculados en centros sostenidos con fondos p\u00fablicos durante el curso 2024\/2025.<\/p>\n\n\n\n<p><mark style=\"background-color:rgba(0, 0, 0, 0)\" class=\"has-inline-color has-vivid-green-cyan-color\"><strong>Presentaci\u00f3n presencial<\/strong>: <\/mark>En aquellos casos en los que la solicitud de admisi\u00f3n no sea presentada por v\u00eda telem\u00e1tica, podr\u00e1 ser entregada presencialmente en el centro educativo solicitado en primer lugar.<\/p>\n","protected":false},"excerpt":{"rendered":"<p>INFORMACI\u00d3N SOBRE EL PROCESO DE ADMISI\u00d3N El PERIODO DE ADMISI\u00d3N es del 11 al 25 de marzo El C\u00d3DIGO DE CENTRO del CRA Vega de Taju\u00f1a es 28044422. Para admisiones, matriculaciones, becas o cualquier documentaci\u00f3n administrativa hay que poner CRA VEGA DE TAJU\u00d1A, Orusco, independientemente de que el alumno sea o vaya a ir a &hellip; <\/p>\n<p class=\"link-more\"><a href=\"https:\/\/site.educa.madrid.org\/cra.vegadetajuna.orusco\/index.php\/admision\/\" class=\"more-link\">Continuar leyendo<span class=\"screen-reader-text\"> \u00abADMISI\u00d3N\u00bb<\/span><\/a><\/p>\n","protected":false},"author":3,"featured_media":0,"parent":0,"menu_order":0,"comment_status":"closed","ping_status":"closed","template":"","meta":{"footnotes":""},"folder":[],"class_list":["post-1416","page","type-page","status-publish","hentry"],"rttpg_featured_image_url":null,"rttpg_author":{"display_name":"cra.vegadetajuna.orusco","author_link":"https:\/\/site.educa.madrid.org\/cra.vegadetajuna.orusco\/index.php\/author\/cuenta_cra-vegadetajuna-orusco\/"},"rttpg_comment":0,"rttpg_category":false,"rttpg_excerpt":"INFORMACI\u00d3N SOBRE EL PROCESO DE ADMISI\u00d3N El PERIODO DE ADMISI\u00d3N es del 11 al 25 de marzo El C\u00d3DIGO DE CENTRO del CRA Vega de Taju\u00f1a es 28044422. Para admisiones, matriculaciones, becas o cualquier documentaci\u00f3n administrativa hay que poner CRA VEGA DE TAJU\u00d1A, Orusco, independientemente de que el alumno sea o vaya a ir a&hellip;","post_mailing_queue_ids":[],"_links":{"self":[{"href":"https:\/\/site.educa.madrid.org\/cra.vegadetajuna.orusco\/index.php\/wp-json\/wp\/v2\/pages\/1416","targetHints":{"allow":["GET"]}}],"collection":[{"href":"https:\/\/site.educa.madrid.org\/cra.vegadetajuna.orusco\/index.php\/wp-json\/wp\/v2\/pages"}],"about":[{"href":"https:\/\/site.educa.madrid.org\/cra.vegadetajuna.orusco\/index.php\/wp-json\/wp\/v2\/types\/page"}],"author":[{"embeddable":true,"href":"https:\/\/site.educa.madrid.org\/cra.vegadetajuna.orusco\/index.php\/wp-json\/wp\/v2\/users\/3"}],"replies":[{"embeddable":true,"href":"https:\/\/site.educa.madrid.org\/cra.vegadetajuna.orusco\/index.php\/wp-json\/wp\/v2\/comments?post=1416"}],"version-history":[{"count":26,"href":"https:\/\/site.educa.madrid.org\/cra.vegadetajuna.orusco\/index.php\/wp-json\/wp\/v2\/pages\/1416\/revisions"}],"predecessor-version":[{"id":2094,"href":"https:\/\/site.educa.madrid.org\/cra.vegadetajuna.orusco\/index.php\/wp-json\/wp\/v2\/pages\/1416\/revisions\/2094"}],"wp:attachment":[{"href":"https:\/\/site.educa.madrid.org\/cra.vegadetajuna.orusco\/index.php\/wp-json\/wp\/v2\/media?parent=1416"}],"wp:term":[{"taxonomy":"folder","embeddable":true,"href":"https:\/\/site.educa.madrid.org\/cra.vegadetajuna.orusco\/index.php\/wp-json\/wp\/v2\/folder?post=1416"}],"curies":[{"name":"wp","href":"https:\/\/api.w.org\/{rel}","templated":true}]}}