{"id":1452,"date":"2024-07-18T16:00:44","date_gmt":"2024-07-18T14:00:44","guid":{"rendered":"https:\/\/site.educa.madrid.org\/cra.vegadetajuna.orusco\/?page_id=1452"},"modified":"2026-05-21T11:18:41","modified_gmt":"2026-05-21T09:18:41","slug":"becas-acneae","status":"publish","type":"page","link":"https:\/\/site.educa.madrid.org\/cra.vegadetajuna.orusco\/index.php\/becas-acneae\/","title":{"rendered":"BECAS NEAE"},"content":{"rendered":"\n<h1 class=\"wp-block-heading\"><strong><mark style=\"background-color:rgba(0, 0, 0, 0)\" class=\"has-inline-color has-vivid-cyan-blue-color\">BECAS NEAE 2026-2027<\/mark><\/strong><\/h1>\n\n\n\n<p>El MEFP ha convocado las\u00a0<strong>ayudas para alumnos con necesidad espec\u00edfica de apoyo educativo\u00a0<\/strong>del curso acad\u00e9mico 2026-2027, estableciendo el plazo de presentaci\u00f3n de solicitudes\u00a0<strong>desde el 19 de mayo de 2026 hasta el 10 de septiembre<\/strong>\u00a0de 2026.<\/p>\n\n\n\n<h2 class=\"wp-block-heading\"><strong>En el siguiente enlace encontrar\u00e1s la informaci\u00f3n<\/strong> <\/h2>\n\n\n\n<p><strong><a href=\"https:\/\/www.becaseducacion.gob.es\/becas-y-ayudas\/ayudas-apoyo-educativo\/como-solicitarla.html)\" target=\"_blank\" rel=\"noreferrer noopener\"><mark style=\"background-color:#0693e3\" class=\"has-inline-color has-white-color\">INFORMACI\u00d3N BECAS ACNEAE<\/mark><\/a><\/strong><\/p>\n\n\n\n<p><\/p>\n","protected":false},"excerpt":{"rendered":"<p>BECAS NEAE 2026-2027 El MEFP ha convocado las\u00a0ayudas para alumnos con necesidad espec\u00edfica de apoyo educativo\u00a0del curso acad\u00e9mico 2026-2027, estableciendo el plazo de presentaci\u00f3n de solicitudes\u00a0desde el 19 de mayo de 2026 hasta el 10 de septiembre\u00a0de 2026. En el siguiente enlace encontrar\u00e1s la informaci\u00f3n INFORMACI\u00d3N BECAS ACNEAE<\/p>\n","protected":false},"author":3,"featured_media":0,"parent":0,"menu_order":0,"comment_status":"closed","ping_status":"closed","template":"","meta":{"footnotes":""},"folder":[],"class_list":["post-1452","page","type-page","status-publish","hentry"],"rttpg_featured_image_url":null,"rttpg_author":{"display_name":"cra.vegadetajuna.orusco","author_link":"https:\/\/site.educa.madrid.org\/cra.vegadetajuna.orusco\/index.php\/author\/cuenta_cra-vegadetajuna-orusco\/"},"rttpg_comment":0,"rttpg_category":false,"rttpg_excerpt":"BECAS NEAE 2026-2027 El MEFP ha convocado las\u00a0ayudas para alumnos con necesidad espec\u00edfica de apoyo educativo\u00a0del curso acad\u00e9mico 2026-2027, estableciendo el plazo de presentaci\u00f3n de solicitudes\u00a0desde el 19 de mayo de 2026 hasta el 10 de septiembre\u00a0de 2026. En el siguiente enlace encontrar\u00e1s la informaci\u00f3n INFORMACI\u00d3N BECAS ACNEAE","post_mailing_queue_ids":[],"_links":{"self":[{"href":"https:\/\/site.educa.madrid.org\/cra.vegadetajuna.orusco\/index.php\/wp-json\/wp\/v2\/pages\/1452","targetHints":{"allow":["GET"]}}],"collection":[{"href":"https:\/\/site.educa.madrid.org\/cra.vegadetajuna.orusco\/index.php\/wp-json\/wp\/v2\/pages"}],"about":[{"href":"https:\/\/site.educa.madrid.org\/cra.vegadetajuna.orusco\/index.php\/wp-json\/wp\/v2\/types\/page"}],"author":[{"embeddable":true,"href":"https:\/\/site.educa.madrid.org\/cra.vegadetajuna.orusco\/index.php\/wp-json\/wp\/v2\/users\/3"}],"replies":[{"embeddable":true,"href":"https:\/\/site.educa.madrid.org\/cra.vegadetajuna.orusco\/index.php\/wp-json\/wp\/v2\/comments?post=1452"}],"version-history":[{"count":6,"href":"https:\/\/site.educa.madrid.org\/cra.vegadetajuna.orusco\/index.php\/wp-json\/wp\/v2\/pages\/1452\/revisions"}],"predecessor-version":[{"id":2123,"href":"https:\/\/site.educa.madrid.org\/cra.vegadetajuna.orusco\/index.php\/wp-json\/wp\/v2\/pages\/1452\/revisions\/2123"}],"wp:attachment":[{"href":"https:\/\/site.educa.madrid.org\/cra.vegadetajuna.orusco\/index.php\/wp-json\/wp\/v2\/media?parent=1452"}],"wp:term":[{"taxonomy":"folder","embeddable":true,"href":"https:\/\/site.educa.madrid.org\/cra.vegadetajuna.orusco\/index.php\/wp-json\/wp\/v2\/folder?post=1452"}],"curies":[{"name":"wp","href":"https:\/\/api.w.org\/{rel}","templated":true}]}}