{"id":332,"date":"2022-02-23T00:21:36","date_gmt":"2022-02-22T23:21:36","guid":{"rendered":"https:\/\/site.educa.madrid.org\/cra.vegadetajuna.orusco\/?page_id=332"},"modified":"2026-01-09T12:35:10","modified_gmt":"2026-01-09T11:35:10","slug":"salidas","status":"publish","type":"page","link":"https:\/\/site.educa.madrid.org\/cra.vegadetajuna.orusco\/index.php\/servicios-y-actividades\/salidas\/","title":{"rendered":"ACTIVIDADES COMPLEMENTARIAS"},"content":{"rendered":"\n<h2 class=\"wp-block-heading\"> <h2 class=\"wp-block-heading\"><\/h2><\/h2>\n\n\n<div\n\t\t\t\n\t\t\tclass=\"so-widget-sow-headline so-widget-sow-headline-default-77226cbf8294\"\n\t\t\t\n\t\t><div class=\"sow-headline-container \">\n\t\t\t\t\t\t\t<h2 class=\"sow-headline\">\n\t\t\t\t\t\t\t\t\t\t\t\t\t<a href=\"https:\/\/site.educa.madrid.org\/cra.vegadetajuna.orusco\/\/wp-content\/uploads\/cra.vegadetajuna.orusco\/2025\/11\/PROGRAMA-DE-ACTIVIDADES-COMPLEMENTARIAS.docx.pdf\" target=\"_blank\" rel=\"noopener noreferrer\">\n\t\t\t\t\t\t\t\tLISTADO ACTIVIDADES COMPLEMENTARIAS PREVISTAS 2025-26<\/a>\t\t\t\t\t\t<\/h2>\n\t\t\t\t\t\t\t\t\t\t\t<div class=\"decoration\">\n\t\t\t\t\t\t<div class=\"decoration-inside\"><\/div>\n\t\t\t\t\t<\/div>\n\t\t\t\t\t<\/div>\n<\/div>\n\n\n<p><strong>28 de febrero de 2024: <em>Visita la Museo Nacional Reina Sof\u00eda (Madrid)<\/em><\/strong><\/p>\n\n\n\n<p>Los alumnos m\u00e1s menudos del colegio visitar\u00e1n el pr\u00f3ximo 28 de febrero el Museo Reina Sof\u00eda, donde completar\u00e1n el trabajo realizado en aula con el desarrollo de un taller espec\u00edfico en el propio Museo.<\/p>\n\n\n\n<figure class=\"wp-block-gallery has-nested-images columns-default is-cropped wp-block-gallery-1 is-layout-flex wp-block-gallery-is-layout-flex\">\n<figure class=\"wp-block-image size-large\"><img loading=\"lazy\" decoding=\"async\" width=\"1024\" height=\"735\" data-id=\"1244\" src=\"https:\/\/site.educa.madrid.org\/cra.vegadetajuna.orusco\/\/wp-content\/uploads\/cra.vegadetajuna.orusco\/2024\/01\/snippet_museo_sede_principal_6-1-1024x735.jpg\" alt=\"\" class=\"wp-image-1244\" srcset=\"https:\/\/site.educa.madrid.org\/cra.vegadetajuna.orusco\/\/wp-content\/uploads\/cra.vegadetajuna.orusco\/2024\/01\/snippet_museo_sede_principal_6-1-1024x735.jpg 1024w, https:\/\/site.educa.madrid.org\/cra.vegadetajuna.orusco\/\/wp-content\/uploads\/cra.vegadetajuna.orusco\/2024\/01\/snippet_museo_sede_principal_6-1-300x215.jpg 300w, https:\/\/site.educa.madrid.org\/cra.vegadetajuna.orusco\/\/wp-content\/uploads\/cra.vegadetajuna.orusco\/2024\/01\/snippet_museo_sede_principal_6-1-768x551.jpg 768w, https:\/\/site.educa.madrid.org\/cra.vegadetajuna.orusco\/\/wp-content\/uploads\/cra.vegadetajuna.orusco\/2024\/01\/snippet_museo_sede_principal_6-1.jpg 1132w\" sizes=\"auto, (max-width: 767px) 89vw, (max-width: 1000px) 54vw, (max-width: 1071px) 543px, 580px\" \/><\/figure>\n<\/figure>\n\n\n<h1><strong>13 febrero 2024: Teatro en Ingl\u00e9s auditorio Paco de Luc\u00eda (Alcal\u00e1 de Henares)<\/strong><\/h1>\n<p>El alumnado de E. Primaria de nuestras cuatro localidades asistir\u00e1 a la representaci\u00f3n en lengua inglesa de la obra <em>The Wardorbe Monster<\/em>, en el auditorio Paco de Luc\u00eda de Alcal\u00e1 de Henares.<\/p>\n\n\n<figure class=\"wp-block-image size-full\"><img loading=\"lazy\" decoding=\"async\" width=\"960\" height=\"633\" src=\"https:\/\/site.educa.madrid.org\/cra.vegadetajuna.orusco\/\/wp-content\/uploads\/cra.vegadetajuna.orusco\/2024\/01\/auditorio7-01_opt.jpg\" alt=\"\" class=\"wp-image-1240\" srcset=\"https:\/\/site.educa.madrid.org\/cra.vegadetajuna.orusco\/\/wp-content\/uploads\/cra.vegadetajuna.orusco\/2024\/01\/auditorio7-01_opt.jpg 960w, https:\/\/site.educa.madrid.org\/cra.vegadetajuna.orusco\/\/wp-content\/uploads\/cra.vegadetajuna.orusco\/2024\/01\/auditorio7-01_opt-300x198.jpg 300w, https:\/\/site.educa.madrid.org\/cra.vegadetajuna.orusco\/\/wp-content\/uploads\/cra.vegadetajuna.orusco\/2024\/01\/auditorio7-01_opt-768x506.jpg 768w\" sizes=\"auto, (max-width: 767px) 89vw, (max-width: 1000px) 54vw, (max-width: 1071px) 543px, 580px\" \/><\/figure>\n\n\n\n<h1 class=\"wp-block-heading\"><strong>17 de enero y 1 de febrero: <em>Plan Director Guardia Civil<\/em><\/strong><\/h1>\n\n\n\n<p>Un a\u00f1o m\u00e1s, nuestro centro es visitado por la Unidad de la comandancia de la Guardia Civil de Mejorada del Campo para llevar a cabo unas charlas informativas con el alumnado de \u00faltimos cursos acerca de las Redes Sociales y del Ciberacoso.<\/p>\n\n\n\n<figure class=\"wp-block-image size-full\"><img loading=\"lazy\" decoding=\"async\" width=\"312\" height=\"434\" src=\"https:\/\/site.educa.madrid.org\/cra.vegadetajuna.orusco\/\/wp-content\/uploads\/cra.vegadetajuna.orusco\/2024\/01\/ImagenPlanDirector.png\" alt=\"\" class=\"wp-image-1245\" srcset=\"https:\/\/site.educa.madrid.org\/cra.vegadetajuna.orusco\/\/wp-content\/uploads\/cra.vegadetajuna.orusco\/2024\/01\/ImagenPlanDirector.png 312w, https:\/\/site.educa.madrid.org\/cra.vegadetajuna.orusco\/\/wp-content\/uploads\/cra.vegadetajuna.orusco\/2024\/01\/ImagenPlanDirector-216x300.png 216w\" sizes=\"auto, (max-width: 312px) 100vw, 312px\" \/><\/figure>\n\n\n\n<p class=\"has-large-font-size\">20<strong> de enero: <em>Salto de Trampol\u00edn<\/em><\/strong><\/p>\n\n\n\n<p>Los alumnos de 3\u00ba y 4\u00ba de nuestro centro participaron de una jornada de toma de contacto y aprendizaje de la disciplina gimn\u00e1stica de salto de trampol\u00edn en las instalaciones de la federaci\u00f3n ubicadas en Coslada. La actividad se encuadra en el programa MCO de la Comunidad de Madrid, en le que se pretende acercar y dar a conocer las distintas disciplinas deportivas al alumnado de la Comunidad.<\/p>\n\n\n\n<figure class=\"wp-block-image size-large is-resized\"><img loading=\"lazy\" decoding=\"async\" width=\"1024\" height=\"768\" src=\"https:\/\/site.educa.madrid.org\/cra.vegadetajuna.orusco\/\/wp-content\/uploads\/cra.vegadetajuna.orusco\/2023\/02\/IMG-20230120-WA0019-1024x768.jpg\" alt=\"\" class=\"wp-image-993\" style=\"width:321px;height:241px\" srcset=\"https:\/\/site.educa.madrid.org\/cra.vegadetajuna.orusco\/\/wp-content\/uploads\/cra.vegadetajuna.orusco\/2023\/02\/IMG-20230120-WA0019-1024x768.jpg 1024w, https:\/\/site.educa.madrid.org\/cra.vegadetajuna.orusco\/\/wp-content\/uploads\/cra.vegadetajuna.orusco\/2023\/02\/IMG-20230120-WA0019-300x225.jpg 300w, https:\/\/site.educa.madrid.org\/cra.vegadetajuna.orusco\/\/wp-content\/uploads\/cra.vegadetajuna.orusco\/2023\/02\/IMG-20230120-WA0019-768x576.jpg 768w, https:\/\/site.educa.madrid.org\/cra.vegadetajuna.orusco\/\/wp-content\/uploads\/cra.vegadetajuna.orusco\/2023\/02\/IMG-20230120-WA0019-1536x1152.jpg 1536w, https:\/\/site.educa.madrid.org\/cra.vegadetajuna.orusco\/\/wp-content\/uploads\/cra.vegadetajuna.orusco\/2023\/02\/IMG-20230120-WA0019-700x525.jpg 700w, https:\/\/site.educa.madrid.org\/cra.vegadetajuna.orusco\/\/wp-content\/uploads\/cra.vegadetajuna.orusco\/2023\/02\/IMG-20230120-WA0019-520x390.jpg 520w, https:\/\/site.educa.madrid.org\/cra.vegadetajuna.orusco\/\/wp-content\/uploads\/cra.vegadetajuna.orusco\/2023\/02\/IMG-20230120-WA0019-360x270.jpg 360w, https:\/\/site.educa.madrid.org\/cra.vegadetajuna.orusco\/\/wp-content\/uploads\/cra.vegadetajuna.orusco\/2023\/02\/IMG-20230120-WA0019-250x188.jpg 250w, https:\/\/site.educa.madrid.org\/cra.vegadetajuna.orusco\/\/wp-content\/uploads\/cra.vegadetajuna.orusco\/2023\/02\/IMG-20230120-WA0019-100x75.jpg 100w, https:\/\/site.educa.madrid.org\/cra.vegadetajuna.orusco\/\/wp-content\/uploads\/cra.vegadetajuna.orusco\/2023\/02\/IMG-20230120-WA0019.jpg 2000w\" sizes=\"auto, (max-width: 767px) 89vw, (max-width: 1000px) 54vw, (max-width: 1071px) 543px, 580px\" \/><\/figure>\n\n\n\n<figure class=\"wp-block-image size-large is-resized\"><img loading=\"lazy\" decoding=\"async\" width=\"768\" height=\"1024\" src=\"https:\/\/site.educa.madrid.org\/cra.vegadetajuna.orusco\/\/wp-content\/uploads\/cra.vegadetajuna.orusco\/2023\/02\/IMG-20230120-WA0011-768x1024.jpg\" alt=\"\" class=\"wp-image-994\" style=\"width:273px;height:364px\" srcset=\"https:\/\/site.educa.madrid.org\/cra.vegadetajuna.orusco\/\/wp-content\/uploads\/cra.vegadetajuna.orusco\/2023\/02\/IMG-20230120-WA0011-768x1024.jpg 768w, https:\/\/site.educa.madrid.org\/cra.vegadetajuna.orusco\/\/wp-content\/uploads\/cra.vegadetajuna.orusco\/2023\/02\/IMG-20230120-WA0011-225x300.jpg 225w, https:\/\/site.educa.madrid.org\/cra.vegadetajuna.orusco\/\/wp-content\/uploads\/cra.vegadetajuna.orusco\/2023\/02\/IMG-20230120-WA0011-300x400.jpg 300w, https:\/\/site.educa.madrid.org\/cra.vegadetajuna.orusco\/\/wp-content\/uploads\/cra.vegadetajuna.orusco\/2023\/02\/IMG-20230120-WA0011-1152x1536.jpg 1152w, https:\/\/site.educa.madrid.org\/cra.vegadetajuna.orusco\/\/wp-content\/uploads\/cra.vegadetajuna.orusco\/2023\/02\/IMG-20230120-WA0011-700x933.jpg 700w, https:\/\/site.educa.madrid.org\/cra.vegadetajuna.orusco\/\/wp-content\/uploads\/cra.vegadetajuna.orusco\/2023\/02\/IMG-20230120-WA0011-520x693.jpg 520w, https:\/\/site.educa.madrid.org\/cra.vegadetajuna.orusco\/\/wp-content\/uploads\/cra.vegadetajuna.orusco\/2023\/02\/IMG-20230120-WA0011-360x480.jpg 360w, https:\/\/site.educa.madrid.org\/cra.vegadetajuna.orusco\/\/wp-content\/uploads\/cra.vegadetajuna.orusco\/2023\/02\/IMG-20230120-WA0011-250x333.jpg 250w, https:\/\/site.educa.madrid.org\/cra.vegadetajuna.orusco\/\/wp-content\/uploads\/cra.vegadetajuna.orusco\/2023\/02\/IMG-20230120-WA0011-100x133.jpg 100w, https:\/\/site.educa.madrid.org\/cra.vegadetajuna.orusco\/\/wp-content\/uploads\/cra.vegadetajuna.orusco\/2023\/02\/IMG-20230120-WA0011.jpg 1200w\" sizes=\"auto, (max-width: 767px) 89vw, (max-width: 1000px) 54vw, (max-width: 1071px) 543px, 580px\" \/><\/figure>\n\n\n\n<p class=\"has-large-font-size\"><strong>19 de enero:<em> Asamblea de Madrid<\/em><\/strong><\/p>\n\n\n\n<p>El pasado 19 de enero, nuestros alumnos de 5\u00ba y 6\u00ba participaron en la visita a la Asamblea de Madrid, donde se convirtieron en \u00abDiputad@s por un d\u00eda\u00bb, organizado por la ONG Aldeas Infantiles y d\u00f3nde se puso en valor las propuestas elaboradas por nuestros chic@s&nbsp; fundamentadas en los ODS (Objetivos de Desarrollo Sostenible) para una mejora de las actitudes y h\u00e1bitos sociales que beneficien el cuidado y conservaci\u00f3n de nuestro entorno m\u00e1s cercano y sus recursos naturales.<\/p>\n\n\n\n<p>Pinchando en la palabra <a href=\"https:\/\/urldefense.com\/v3\/__https:\/\/www.dropbox.com\/sh\/k7ic70z6qvnz4cw\/AAAgHOZdqlOiW148BFXLLpuJa?dl=0__;!!D9dNQwwGXtA!VFnvSfMrSMhWuSaa9JAOpPFmTmZMmFv7u3oTleedegAb7G_aoABKlachD27Hmmw5PXYbNOgccIfEhYGezYjB2Vzvq2X3zDoCPnu9cLkSujxL-jCU8609eS4$\">fotos<\/a>, acceder\u00e9is a las im\u00e1genes de aquel d\u00eda.<\/p>\n\n\n\n<p><\/p>\n\n\n\n<p class=\"has-large-font-size\"><strong>1 de diciembre: <em>Concierto de Rock<\/em><\/strong><\/p>\n\n\n\n<p>Alumnos de cursos comprendidos entre 3\u00ba y 6\u00ba de nuestro centro, disfrutaron de una obra teatral musical  del estilo m\u00e1s universal: el Rock. Cantaron, bailaron y conocieron algunos de los grandes temas de siempre de este g\u00e9nero eterno y atemporal. La actividad se desarroll\u00f3 en las magn\u00edficas instalaciones de San Mart\u00edn de la Vega<\/p>\n\n\n\n<figure class=\"wp-block-gallery has-nested-images columns-default is-cropped wp-block-gallery-2 is-layout-flex wp-block-gallery-is-layout-flex\">\n<figure class=\"wp-block-image size-large\"><img loading=\"lazy\" decoding=\"async\" width=\"768\" height=\"1024\" data-id=\"992\" src=\"https:\/\/site.educa.madrid.org\/cra.vegadetajuna.orusco\/\/wp-content\/uploads\/cra.vegadetajuna.orusco\/2023\/02\/Rock-cartel-768x1024-1.png\" alt=\"\" class=\"wp-image-992\" srcset=\"https:\/\/site.educa.madrid.org\/cra.vegadetajuna.orusco\/\/wp-content\/uploads\/cra.vegadetajuna.orusco\/2023\/02\/Rock-cartel-768x1024-1.png 768w, https:\/\/site.educa.madrid.org\/cra.vegadetajuna.orusco\/\/wp-content\/uploads\/cra.vegadetajuna.orusco\/2023\/02\/Rock-cartel-768x1024-1-225x300.png 225w, https:\/\/site.educa.madrid.org\/cra.vegadetajuna.orusco\/\/wp-content\/uploads\/cra.vegadetajuna.orusco\/2023\/02\/Rock-cartel-768x1024-1-300x400.png 300w, https:\/\/site.educa.madrid.org\/cra.vegadetajuna.orusco\/\/wp-content\/uploads\/cra.vegadetajuna.orusco\/2023\/02\/Rock-cartel-768x1024-1-700x933.png 700w, https:\/\/site.educa.madrid.org\/cra.vegadetajuna.orusco\/\/wp-content\/uploads\/cra.vegadetajuna.orusco\/2023\/02\/Rock-cartel-768x1024-1-520x693.png 520w, https:\/\/site.educa.madrid.org\/cra.vegadetajuna.orusco\/\/wp-content\/uploads\/cra.vegadetajuna.orusco\/2023\/02\/Rock-cartel-768x1024-1-360x480.png 360w, https:\/\/site.educa.madrid.org\/cra.vegadetajuna.orusco\/\/wp-content\/uploads\/cra.vegadetajuna.orusco\/2023\/02\/Rock-cartel-768x1024-1-250x333.png 250w, https:\/\/site.educa.madrid.org\/cra.vegadetajuna.orusco\/\/wp-content\/uploads\/cra.vegadetajuna.orusco\/2023\/02\/Rock-cartel-768x1024-1-100x133.png 100w\" sizes=\"auto, (max-width: 767px) 89vw, (max-width: 1000px) 54vw, (max-width: 1071px) 543px, 580px\" \/><\/figure>\n<\/figure>\n\n\n\n<p><\/p>\n\n\n\n<p><\/p>\n\n\n\n<h2 class=\"wp-block-heading has-black-color has-text-color\">17 de noviembre: <em>Teatro en Ingl\u00e9s<\/em><\/h2>\n\n\n\n<div class=\"wp-block-columns is-layout-flex wp-container-core-columns-is-layout-9d6595d7 wp-block-columns-is-layout-flex\">\n<div class=\"wp-block-column is-layout-flow wp-block-column-is-layout-flow\">\n<p>Los alumn@s de E.Primaria de las localidades de Orusco (2\u00ba EP), Pozuelo del Rey (1\u00ba-2\u00ba E.P.) y Villar del Olmo (1\u00baa 6\u00ba E.P.) visitar\u00e1n el Centro cultural G\u00aa Lorca de San Fernando de Henares para presenciar una divertida representaci\u00f3n teatralizada de la obra \u00abAbra Cadabra\u00bb.<\/p>\n<\/div>\n\n\n\n<div class=\"wp-block-column is-layout-flow wp-block-column-is-layout-flow\">\n<figure class=\"wp-block-image size-full\"><img loading=\"lazy\" decoding=\"async\" width=\"400\" height=\"300\" src=\"https:\/\/site.educa.madrid.org\/cra.vegadetajuna.orusco\/\/wp-content\/uploads\/cra.vegadetajuna.orusco\/2022\/11\/teatro_Cultura.jpg\" alt=\"\" class=\"wp-image-960\" srcset=\"https:\/\/site.educa.madrid.org\/cra.vegadetajuna.orusco\/\/wp-content\/uploads\/cra.vegadetajuna.orusco\/2022\/11\/teatro_Cultura.jpg 400w, https:\/\/site.educa.madrid.org\/cra.vegadetajuna.orusco\/\/wp-content\/uploads\/cra.vegadetajuna.orusco\/2022\/11\/teatro_Cultura-300x225.jpg 300w, https:\/\/site.educa.madrid.org\/cra.vegadetajuna.orusco\/\/wp-content\/uploads\/cra.vegadetajuna.orusco\/2022\/11\/teatro_Cultura-360x270.jpg 360w, https:\/\/site.educa.madrid.org\/cra.vegadetajuna.orusco\/\/wp-content\/uploads\/cra.vegadetajuna.orusco\/2022\/11\/teatro_Cultura-250x188.jpg 250w, https:\/\/site.educa.madrid.org\/cra.vegadetajuna.orusco\/\/wp-content\/uploads\/cra.vegadetajuna.orusco\/2022\/11\/teatro_Cultura-100x75.jpg 100w\" sizes=\"auto, (max-width: 400px) 100vw, 400px\" \/><\/figure>\n<\/div>\n<\/div>\n\n\n\n<h2 class=\"wp-block-heading\"><strong><span class=\"has-inline-color has-black-color\"><em>4 de abril:<\/em><\/span><span class=\"has-inline-color has-vivid-purple-color\"> <em>La Maga del Pandero <\/em><\/span><\/strong><\/h2>\n\n\n\n<p>El pr\u00f3ximo lunes 4 de abril, los alumnos de los cursos de <strong>Educaci\u00f3n Infantil<\/strong> de nuestro centro asistir\u00e1n a una actividad en la localidad de Villar del Olmo donde de manera teatralizada y en un entorno natural (bosque cercano), <em>La Maga del Pandero<\/em> les recibir\u00e1 y ambientar\u00e1 su cuento haci\u00e9ndoles protagonistas del mismo.<\/p>\n\n\n\n<p>.<img loading=\"lazy\" decoding=\"async\" width=\"235\" height=\"211\" class=\"wp-image-594\" style=\"width: 235px;\" src=\"https:\/\/site.educa.madrid.org\/cra.vegadetajuna.orusco\/\/wp-content\/uploads\/cra.vegadetajuna.orusco\/2022\/03\/IMG_20220324_100934.jpg\" alt=\"\" srcset=\"https:\/\/site.educa.madrid.org\/cra.vegadetajuna.orusco\/\/wp-content\/uploads\/cra.vegadetajuna.orusco\/2022\/03\/IMG_20220324_100934.jpg 720w, https:\/\/site.educa.madrid.org\/cra.vegadetajuna.orusco\/\/wp-content\/uploads\/cra.vegadetajuna.orusco\/2022\/03\/IMG_20220324_100934-300x270.jpg 300w, https:\/\/site.educa.madrid.org\/cra.vegadetajuna.orusco\/\/wp-content\/uploads\/cra.vegadetajuna.orusco\/2022\/03\/IMG_20220324_100934-700x629.jpg 700w, https:\/\/site.educa.madrid.org\/cra.vegadetajuna.orusco\/\/wp-content\/uploads\/cra.vegadetajuna.orusco\/2022\/03\/IMG_20220324_100934-520x467.jpg 520w, https:\/\/site.educa.madrid.org\/cra.vegadetajuna.orusco\/\/wp-content\/uploads\/cra.vegadetajuna.orusco\/2022\/03\/IMG_20220324_100934-360x324.jpg 360w, https:\/\/site.educa.madrid.org\/cra.vegadetajuna.orusco\/\/wp-content\/uploads\/cra.vegadetajuna.orusco\/2022\/03\/IMG_20220324_100934-250x225.jpg 250w, https:\/\/site.educa.madrid.org\/cra.vegadetajuna.orusco\/\/wp-content\/uploads\/cra.vegadetajuna.orusco\/2022\/03\/IMG_20220324_100934-100x90.jpg 100w\" sizes=\"auto, (max-width: 235px) 100vw, 235px\" \/><\/p>\n\n\n\n<p><\/p>\n\n\n\n<h2 class=\"wp-block-heading\">27 de abril: <em>Visita Museo Reina Sof\u00eda (Madrid)<\/em><\/h2>\n\n\n\n<p>El alumnado de 4\u00ba, 5\u00ba y 6\u00ba visitar\u00e1 el museo Nacional Reina Sof\u00eda como parte de un proyecto que pretende acercar el arte a las zonas rurales. Ver\u00e1n in situ lo trabajado en las sesiones de aula dedicadas a las obras seleccionadas.<\/p>\n\n\n\n<p><\/p>\n\n\n\n<p><\/p>\n","protected":false},"excerpt":{"rendered":"<p>28 de febrero de 2024: Visita la Museo Nacional Reina Sof\u00eda (Madrid) Los alumnos m\u00e1s menudos del colegio visitar\u00e1n el pr\u00f3ximo 28 de febrero el Museo Reina Sof\u00eda, donde completar\u00e1n el trabajo realizado en aula con el desarrollo de un taller espec\u00edfico en el propio Museo. 13 febrero 2024: Teatro en Ingl\u00e9s auditorio Paco de &hellip; <\/p>\n<p class=\"link-more\"><a href=\"https:\/\/site.educa.madrid.org\/cra.vegadetajuna.orusco\/index.php\/servicios-y-actividades\/salidas\/\" class=\"more-link\">Continuar leyendo<span class=\"screen-reader-text\"> \u00abACTIVIDADES COMPLEMENTARIAS\u00bb<\/span><\/a><\/p>\n","protected":false},"author":2,"featured_media":269,"parent":127,"menu_order":0,"comment_status":"closed","ping_status":"closed","template":"","meta":{"footnotes":""},"folder":[],"class_list":["post-332","page","type-page","status-publish","has-post-thumbnail","hentry"],"rttpg_featured_image_url":{"full":["https:\/\/site.educa.madrid.org\/cra.vegadetajuna.orusco\/\/wp-content\/uploads\/cra.vegadetajuna.orusco\/2022\/02\/5.jpg",1920,480,false],"landscape":["https:\/\/site.educa.madrid.org\/cra.vegadetajuna.orusco\/\/wp-content\/uploads\/cra.vegadetajuna.orusco\/2022\/02\/5.jpg",1920,480,false],"portraits":["https:\/\/site.educa.madrid.org\/cra.vegadetajuna.orusco\/\/wp-content\/uploads\/cra.vegadetajuna.orusco\/2022\/02\/5.jpg",1920,480,false],"thumbnail":["https:\/\/site.educa.madrid.org\/cra.vegadetajuna.orusco\/\/wp-content\/uploads\/cra.vegadetajuna.orusco\/2022\/02\/5-150x150.jpg",150,150,true],"medium":["https:\/\/site.educa.madrid.org\/cra.vegadetajuna.orusco\/\/wp-content\/uploads\/cra.vegadetajuna.orusco\/2022\/02\/5-300x75.jpg",300,75,true],"large":["https:\/\/site.educa.madrid.org\/cra.vegadetajuna.orusco\/\/wp-content\/uploads\/cra.vegadetajuna.orusco\/2022\/02\/5-1024x256.jpg",525,131,true],"thumblist":["https:\/\/site.educa.madrid.org\/cra.vegadetajuna.orusco\/\/wp-content\/uploads\/cra.vegadetajuna.orusco\/2022\/02\/5-300x300.jpg",300,300,true],"thumbrelated":["https:\/\/site.educa.madrid.org\/cra.vegadetajuna.orusco\/\/wp-content\/uploads\/cra.vegadetajuna.orusco\/2022\/02\/5.jpg",500,125,false],"meccarouselthumb":["https:\/\/site.educa.madrid.org\/cra.vegadetajuna.orusco\/\/wp-content\/uploads\/cra.vegadetajuna.orusco\/2022\/02\/5-474x324.jpg",474,324,true],"gridsquare":["https:\/\/site.educa.madrid.org\/cra.vegadetajuna.orusco\/\/wp-content\/uploads\/cra.vegadetajuna.orusco\/2022\/02\/5-391x260.jpg",391,260,true],"tileview":["https:\/\/site.educa.madrid.org\/cra.vegadetajuna.orusco\/\/wp-content\/uploads\/cra.vegadetajuna.orusco\/2022\/02\/5-300x400.jpg",300,400,true],"1536x1536":["https:\/\/site.educa.madrid.org\/cra.vegadetajuna.orusco\/\/wp-content\/uploads\/cra.vegadetajuna.orusco\/2022\/02\/5-1536x384.jpg",1536,384,true],"2048x2048":["https:\/\/site.educa.madrid.org\/cra.vegadetajuna.orusco\/\/wp-content\/uploads\/cra.vegadetajuna.orusco\/2022\/02\/5.jpg",1920,480,false],"twentyseventeen-featured-image":["https:\/\/site.educa.madrid.org\/cra.vegadetajuna.orusco\/\/wp-content\/uploads\/cra.vegadetajuna.orusco\/2022\/02\/5.jpg",1920,480,false],"twentyseventeen-thumbnail-avatar":["https:\/\/site.educa.madrid.org\/cra.vegadetajuna.orusco\/\/wp-content\/uploads\/cra.vegadetajuna.orusco\/2022\/02\/5.jpg",100,25,false],"sow-carousel-default":["https:\/\/site.educa.madrid.org\/cra.vegadetajuna.orusco\/\/wp-content\/uploads\/cra.vegadetajuna.orusco\/2022\/02\/5-272x182.jpg",272,182,true],"sow-post-carousel-overlay-theme":["https:\/\/site.educa.madrid.org\/cra.vegadetajuna.orusco\/\/wp-content\/uploads\/cra.vegadetajuna.orusco\/2022\/02\/5.jpg",360,90,false],"sow-post-carousel-cards-theme":["https:\/\/site.educa.madrid.org\/cra.vegadetajuna.orusco\/\/wp-content\/uploads\/cra.vegadetajuna.orusco\/2022\/02\/5.jpg",360,90,false],"rt_custom":["https:\/\/site.educa.madrid.org\/cra.vegadetajuna.orusco\/\/wp-content\/uploads\/cra.vegadetajuna.orusco\/2022\/02\/5.jpg",1920,480,false]},"rttpg_author":{"display_name":"tic.cra.vegadetajuna.orusco","author_link":"https:\/\/site.educa.madrid.org\/cra.vegadetajuna.orusco\/index.php\/author\/cuenta_tic-cra-vegadetajuna-orusco\/"},"rttpg_comment":0,"rttpg_category":false,"rttpg_excerpt":"28 de febrero de 2024: Visita la Museo Nacional Reina Sof\u00eda (Madrid) Los alumnos m\u00e1s menudos del colegio visitar\u00e1n el pr\u00f3ximo 28 de febrero el Museo Reina Sof\u00eda, donde completar\u00e1n el trabajo realizado en aula con el desarrollo de un taller espec\u00edfico en el propio Museo. 13 febrero 2024: Teatro en Ingl\u00e9s auditorio Paco de&hellip;","post_mailing_queue_ids":[],"_links":{"self":[{"href":"https:\/\/site.educa.madrid.org\/cra.vegadetajuna.orusco\/index.php\/wp-json\/wp\/v2\/pages\/332","targetHints":{"allow":["GET"]}}],"collection":[{"href":"https:\/\/site.educa.madrid.org\/cra.vegadetajuna.orusco\/index.php\/wp-json\/wp\/v2\/pages"}],"about":[{"href":"https:\/\/site.educa.madrid.org\/cra.vegadetajuna.orusco\/index.php\/wp-json\/wp\/v2\/types\/page"}],"author":[{"embeddable":true,"href":"https:\/\/site.educa.madrid.org\/cra.vegadetajuna.orusco\/index.php\/wp-json\/wp\/v2\/users\/2"}],"replies":[{"embeddable":true,"href":"https:\/\/site.educa.madrid.org\/cra.vegadetajuna.orusco\/index.php\/wp-json\/wp\/v2\/comments?post=332"}],"version-history":[{"count":18,"href":"https:\/\/site.educa.madrid.org\/cra.vegadetajuna.orusco\/index.php\/wp-json\/wp\/v2\/pages\/332\/revisions"}],"predecessor-version":[{"id":2026,"href":"https:\/\/site.educa.madrid.org\/cra.vegadetajuna.orusco\/index.php\/wp-json\/wp\/v2\/pages\/332\/revisions\/2026"}],"up":[{"embeddable":true,"href":"https:\/\/site.educa.madrid.org\/cra.vegadetajuna.orusco\/index.php\/wp-json\/wp\/v2\/pages\/127"}],"wp:featuredmedia":[{"embeddable":true,"href":"https:\/\/site.educa.madrid.org\/cra.vegadetajuna.orusco\/index.php\/wp-json\/wp\/v2\/media\/269"}],"wp:attachment":[{"href":"https:\/\/site.educa.madrid.org\/cra.vegadetajuna.orusco\/index.php\/wp-json\/wp\/v2\/media?parent=332"}],"wp:term":[{"taxonomy":"folder","embeddable":true,"href":"https:\/\/site.educa.madrid.org\/cra.vegadetajuna.orusco\/index.php\/wp-json\/wp\/v2\/folder?post=332"}],"curies":[{"name":"wp","href":"https:\/\/api.w.org\/{rel}","templated":true}]}}