{"id":132,"date":"2019-11-26T18:08:20","date_gmt":"2019-11-26T17:08:20","guid":{"rendered":"https:\/\/site.educa.madrid.org\/eoi.sansebastian\/?page_id=132"},"modified":"2026-09-02T17:01:08","modified_gmt":"2026-09-02T15:01:08","slug":"departamento-de-frances","status":"publish","type":"page","link":"https:\/\/site.educa.madrid.org\/eoi.sansebastian\/index.php\/departamento-de-frances\/","title":{"rendered":"Franc\u00e9s"},"content":{"rendered":"\n<div class=\"wp-block-columns is-layout-flex wp-container-core-columns-is-layout-9d6595d7 wp-block-columns-is-layout-flex\">\n<div class=\"wp-block-column is-layout-flow wp-block-column-is-layout-flow\" style=\"flex-basis:20%\">\n<figure class=\"wp-block-image size-full is-resized\"><img loading=\"lazy\" decoding=\"async\" width=\"198\" height=\"200\" src=\"https:\/\/site.educa.madrid.org\/eoi.sansebastian\/\/wp-content\/uploads\/eoi.sansebastian\/2022\/03\/b-france.png\" alt=\"\" class=\"wp-image-1388\" style=\"width:99px;height:100px\" srcset=\"https:\/\/site.educa.madrid.org\/eoi.sansebastian\/\/wp-content\/uploads\/eoi.sansebastian\/2022\/03\/b-france.png 198w, https:\/\/site.educa.madrid.org\/eoi.sansebastian\/\/wp-content\/uploads\/eoi.sansebastian\/2022\/03\/b-france-100x101.png 100w\" sizes=\"auto, (max-width: 198px) 100vw, 198px\" \/><\/figure>\n<\/div>\n\n\n\n<div class=\"wp-block-column is-layout-flow wp-block-column-is-layout-flow\" style=\"flex-basis:80%\"><\/div>\n<\/div>\n\n\n<div\n\t\t\t\n\t\t\tclass=\"so-widget-sow-tabs so-widget-sow-tabs-default-4476811c03b8\"\n\t\t\t\n\t\t><div class=\"sow-tabs\">\n\t<div class=\"sow-tabs-tab-container\" role=\"tablist\">\n\t\t\t<div\n\t\t\tclass=\"sow-tabs-tab\n\t\t\t sow-tabs-tab-selected\t\t\t\"\n\t\t\trole=\"tab\"\n\t\t\tdata-anchor-id=\"informacion-general\"\n\t\t\taria-selected=\"true\"\n\t\t\ttabindex=\"0\"\n\t\t>\n\t\t\t<div class=\"sow-tabs-title sow-tabs-title-icon-left\">\n\t\t\t\t\t\t\t\tINFORMACI\u00d3N GENERAL\t\t\t\t\t\t\t<\/div>\n\t\t<\/div>\n\t\t\t<div\n\t\t\tclass=\"sow-tabs-tab\n\t\t\t\t\t\t\"\n\t\t\trole=\"tab\"\n\t\t\tdata-anchor-id=\"cursos-y-horarios\"\n\t\t\taria-selected=\"false\"\n\t\t\ttabindex=\"0\"\n\t\t>\n\t\t\t<div class=\"sow-tabs-title sow-tabs-title-icon-left\">\n\t\t\t\t\t\t\t\tCURSOS Y HORARIOS\t\t\t\t\t\t\t<\/div>\n\t\t<\/div>\n\t\t\t<div\n\t\t\tclass=\"sow-tabs-tab\n\t\t\t\t\t\t\"\n\t\t\trole=\"tab\"\n\t\t\tdata-anchor-id=\"libros-de-texto\"\n\t\t\taria-selected=\"false\"\n\t\t\ttabindex=\"0\"\n\t\t>\n\t\t\t<div class=\"sow-tabs-title sow-tabs-title-icon-left\">\n\t\t\t\t\t\t\t\tLIBROS DE TEXTO\t\t\t\t\t\t\t<\/div>\n\t\t<\/div>\n\t\t\t<div\n\t\t\tclass=\"sow-tabs-tab\n\t\t\t\t\t\t\"\n\t\t\trole=\"tab\"\n\t\t\tdata-anchor-id=\"evaluacion\"\n\t\t\taria-selected=\"false\"\n\t\t\ttabindex=\"0\"\n\t\t>\n\t\t\t<div class=\"sow-tabs-title sow-tabs-title-icon-left\">\n\t\t\t\t\t\t\t\tEVALUACI\u00d3N\t\t\t\t\t\t\t<\/div>\n\t\t<\/div>\n\t\t\t<div\n\t\t\tclass=\"sow-tabs-tab\n\t\t\t\t\t\t\"\n\t\t\trole=\"tab\"\n\t\t\tdata-anchor-id=\"contacto\"\n\t\t\taria-selected=\"false\"\n\t\t\ttabindex=\"0\"\n\t\t>\n\t\t\t<div class=\"sow-tabs-title sow-tabs-title-icon-left\">\n\t\t\t\t\t\t\t\tCONTACTO\t\t\t\t\t\t\t<\/div>\n\t\t<\/div>\n\t\t<\/div>\n\n\t<div class=\"sow-tabs-panel-container\">\n\t\t\t<div class=\"sow-tabs-panel\">\n\t\t\t<div\n\t\t\t\tclass=\"sow-tabs-panel-content\"\n\t\t\t\trole=\"tabpanel\"\n\t\t\t\taria-hidden=\"false\"\n\t\t\t>\n\t\t\t\t<p><a href=\"https:\/\/eoisansebastiandelosreyes.com\/wp-content\/uploads\/2025\/09\/CIRCULAR-INFORMATIVA-2025-26.pdf\" target=\"_blank\" rel=\"noopener\">Informaci\u00f3n general<\/a><\/p>\n\t\t\t<\/div>\n\t\t<\/div>\n\t\t\t<div class=\"sow-tabs-panel\">\n\t\t\t<div\n\t\t\t\tclass=\"sow-tabs-panel-content\"\n\t\t\t\trole=\"tabpanel\"\n\t\t\t\taria-hidden=\"true\"\n\t\t\t>\n\t\t\t\t<p><a href=\"https:\/\/eoisansebastiandelosreyes.com\/wp-content\/uploads\/2025\/09\/OFERTA-EDUCATIVA-oferta-definitiva-web.pdf\">Cursos y horarios 2025-2026<\/a><\/p>\n\t\t\t<\/div>\n\t\t<\/div>\n\t\t\t<div class=\"sow-tabs-panel\">\n\t\t\t<div\n\t\t\t\tclass=\"sow-tabs-panel-content\"\n\t\t\t\trole=\"tabpanel\"\n\t\t\t\taria-hidden=\"true\"\n\t\t\t>\n\t\t\t\t<p><a href=\"https:\/\/site.educa.madrid.org\/eoi.sansebastian\/\/wp-content\/uploads\/eoi.sansebastian\/2026\/09\/Frances-libros-de-texto-2026-27.pdf\" target=\"_blank\" rel=\"noopener\">Listado de libros de texto curso 2026-2027<\/a><\/p>\n\t\t\t<\/div>\n\t\t<\/div>\n\t\t\t<div class=\"sow-tabs-panel\">\n\t\t\t<div\n\t\t\t\tclass=\"sow-tabs-panel-content\"\n\t\t\t\trole=\"tabpanel\"\n\t\t\t\taria-hidden=\"true\"\n\t\t\t>\n\t\t\t\t<p>ESPECIFICACIONES Y CRITERIOS DE EVALUACI\u00d3N EXTRAORDINARIA 23-24:<\/p>\n<ul>\n<li><strong><a href=\"https:\/\/site.educa.madrid.org\/eoi.sansebastian\/\/wp-content\/uploads\/eoi.sansebastian\/2022\/05\/Francs_A1.pdf\" target=\"_blank\" rel=\"noopener\">A1<\/a><\/strong><\/li>\n<li><a href=\"https:\/\/site.educa.madrid.org\/eoi.sansebastian\/\/wp-content\/uploads\/eoi.sansebastian\/2022\/05\/A2.pdf\" target=\"_blank\" rel=\"noopener\"><strong>A2<\/strong><\/a><\/li>\n<li><a href=\"https:\/\/site.educa.madrid.org\/eoi.sansebastian\/\/wp-content\/uploads\/eoi.sansebastian\/2022\/05\/B1.pdf\" target=\"_blank\" rel=\"noopener\"><strong>B1<\/strong><\/a><\/li>\n<li><a href=\"https:\/\/site.educa.madrid.org\/eoi.sansebastian\/\/wp-content\/uploads\/eoi.sansebastian\/2022\/05\/Francs_B21.pdf\" target=\"_blank\" rel=\"noopener\"><strong>B2.1<\/strong><\/a><\/li>\n<li><a href=\"https:\/\/site.educa.madrid.org\/eoi.sansebastian\/\/wp-content\/uploads\/eoi.sansebastian\/2022\/05\/B2.pdf\" target=\"_blank\" rel=\"noopener\"><strong>B2.2<\/strong><\/a><\/li>\n<li><a href=\"https:\/\/site.educa.madrid.org\/eoi.sansebastian\/\/wp-content\/uploads\/eoi.sansebastian\/2022\/05\/C1.pdf\" target=\"_blank\" rel=\"noopener\"><strong>C1<\/strong><\/a><\/li>\n<\/ul>\n\t\t\t<\/div>\n\t\t<\/div>\n\t\t\t<div class=\"sow-tabs-panel\">\n\t\t\t<div\n\t\t\t\tclass=\"sow-tabs-panel-content\"\n\t\t\t\trole=\"tabpanel\"\n\t\t\t\taria-hidden=\"true\"\n\t\t\t>\n\t\t\t\t<div><strong>Escuela Oficial de Idiomas de San Sebasti\u00e1n de los Reyes<\/strong><\/div>\n<div><strong>Departamento de Franc\u00e9s<\/strong><br \/><a class=\"rcmContactAddress\" href=\"mailto:mathilde.jamin@educa.madrid.org\">mathilde.jamin@educa.madrid.org<\/a><\/div>\n\t\t\t<\/div>\n\t\t<\/div>\n\t\t<\/div>\n<\/div>\n<\/div>\n\n<div\n\t\t\t\n\t\t\tclass=\"so-widget-sow-accordion so-widget-sow-accordion-default-008dfe220595\"\n\t\t\t data-max-open-panels=\"0\" data-initial-scroll-panel=\"0\"\n\t\t><div>\n\t<div class=\"sow-accordion\">\n\t\t\t<div class=\"sow-accordion-panel\n\t\t\t\t\t\"\n\t\t\t\tdata-anchor-id=\"enlaces-de-interes\">\n\t\t\t\t\t<div class=\"sow-accordion-panel-header-container\" role=\"heading\" aria-level=\"2\">\n\t\t\t\t\t<div class=\"sow-accordion-panel-header\" tabindex=\"0\" role=\"button\" id=\"accordion-label-enlaces-de-inter%c3%a9s\" aria-controls=\"accordion-content-enlaces-de-inter%c3%a9s\" aria-expanded=\"false\">\n\t\t\t\t\t\t<div class=\"sow-accordion-title sow-accordion-title-icon-left\">\n\t\t\t\t\t\t\t\t\t\t\t\t\t\tENLACES DE INTER\u00c9S\t\t\t\t\t\t\t\t\t\t\t\t\t<\/div>\n\t\t\t\t\t\t<div class=\"sow-accordion-open-close-button\">\n\t\t\t\t\t\t\t<div class=\"sow-accordion-open-button\">\n\t\t\t\t\t\t\t\t<span class=\"sow-icon-fontawesome sow-fas\" data-sow-icon=\"&#x2b;\"\n\t\t \n\t\taria-hidden=\"true\"><\/span>\t\t\t\t\t\t\t<\/div>\n\t\t\t\t\t\t\t<div class=\"sow-accordion-close-button\">\n\t\t\t\t\t\t\t\t<span class=\"sow-icon-fontawesome sow-fas\" data-sow-icon=\"&#xf068;\"\n\t\t \n\t\taria-hidden=\"true\"><\/span>\t\t\t\t\t\t\t<\/div>\n\t\t\t\t\t\t<\/div>\n\t\t\t\t\t<\/div>\n\t\t\t\t<\/div>\n\n\t\t\t<div\n\t\t\t\tclass=\"sow-accordion-panel-content\"\n\t\t\t\trole=\"region\"\n\t\t\t\taria-labelledby=\"accordion-label-enlaces-de-inter%c3%a9s\"\n\t\t\t\tid=\"accordion-content-enlaces-de-inter%c3%a9s\"\n\t\t\t\tstyle=\"display: none;\"\t\t\t>\n\t\t\t\t<div class=\"sow-accordion-panel-border\">\n\t\t\t\t\t<p><strong>Euro cordiale<\/strong>:<\/p>\n<p><a href=\"http:\/\/www.euro-cordiale.lu\/nos-outils-gratuits-en-ligne\/100-metiers\" target=\"_blank\" rel=\"noopener\">http:\/\/www.euro-cordiale.lu\/nos-outils-gratuits-en-ligne\/100-metiers<\/a><\/p>\n<p><strong>Moteur de recherche d\u2019euro cordiale: <\/strong><a href=\"http:\/\/www.rivagepro.com\/CTU2011\/MODULES\/RESSOURCES\/RECH_CTU.php?sessionId=37dbac2a5ff4820bc5819a47bbb942af&amp;LANGUE\" target=\"_blank\" rel=\"noopener\">http:\/\/www.rivagepro.com\/CTU2011\/MODULES\/RESSOURCES\/RECH_CTU.php?sessionId=37dbac2a5ff4820bc5819a47bbb942af&amp;LANGUE<\/a><\/p>\n<p><strong>LA DICT\u00c9E EN FRAN\u00c7AIS<\/strong>:<\/p>\n<p><a href=\"http:\/\/www.ladictee.fr\/\" target=\"_blank\" rel=\"noopener\">http:\/\/www.ladictee.fr\/<\/a><\/p>\n<p><a href=\"http:\/\/www.xtec.cat\/~sgirona\/fle\/fle_exerc.htm\" target=\"_blank\" rel=\"noopener\">http:\/\/www.xtec.cat\/~sgirona\/fle\/fle_exerc.htm<\/a><\/p>\n<p><a href=\"http:\/\/www.xtec.cat\/~sgirona\/fle\/fle_exerc.htm\" target=\"_blank\" rel=\"noopener\">http:\/\/www.xtec.cat\/~sgirona\/fle\/fle_exerc.htm<\/a><\/p>\n<p><strong>Les pronoms possessifs:<\/strong> <a href=\"http:\/\/www.francaisfacile.com\/exercices\/exercice-francais-2\/exercice-francais-48527.php\" target=\"_blank\" rel=\"noopener\">http:\/\/www.francaisfacile.com\/exercices\/exercice-francais-2\/exercice-francais-48527.php<\/a><\/p>\n<p><strong>Les pronoms d\u00e9monstratifs<\/strong>:<\/p>\n<p>simples: <a href=\"http:\/\/www.francaisfacile.com\/exercices\/exercice-francais-2\/exercice-francais-47709.php\" target=\"_blank\" rel=\"noopener\">http:\/\/www.francaisfacile.com\/exercices\/exercice-francais-2\/exercice-francais-47709.php<\/a><\/p>\n<p>compos\u00e9s: <a href=\"http:\/\/eoidehellin2.canalblog.com\/archives\/2007\/03\/17\/4339488.html\" target=\"_blank\" rel=\"noopener\">http:\/\/eoidehellin2.canalblog.com\/archives\/2007\/03\/17\/4339488.html<\/a><\/p>\n<p>JEUX DIVERS EN LIGNE:<\/p>\n<p><a href=\"http:\/\/www.adavila.es\/trivial\/\" target=\"_blank\" rel=\"noopener\">www.adavila.es\/trivial\/<\/a><\/p>\n<p><a href=\"http:\/\/www.cerebra-jeux.com\/jeu-dictionnaire.php\" target=\"_blank\" rel=\"noopener\">www.cerebra-jeux.com\/jeu-dictionnaire.php<\/a><\/p>\n<p><a href=\"http:\/\/www.quizz.biz\/quizz-23921.html\" target=\"_blank\" rel=\"noopener\">http:\/\/www.quizz.biz\/quizz-23921.html<\/a><\/p>\n<p><strong>LES PAGES DU FLE<\/strong>: <a href=\"http:\/\/www.xtec.cat\/~sgirona\/fle\/fle_exerc.htm\" target=\"_blank\" rel=\"noopener\">http:\/\/www.xtec.cat\/~sgirona\/fle\/fle_exerc.htm<\/a><\/p>\n<p><strong>LA FRANCE ET LA FRANCOPHONIE<\/strong>: <a href=\"http:\/\/www.france.learningtogether.net\/\" target=\"_blank\" rel=\"noopener\">http:\/\/www.france.learningtogether.net\/<\/a><\/p>\n<p><strong>SITIOS DE INTER\u00c9S EN MADRID<\/strong><\/p>\n<p>INSTITUT FRAN\u00c7AIS DE MADRID<\/p>\n<p>Marqu\u00e9s de la Ensenada, 12, 28004<\/p>\n<p><a href=\"http:\/\/www.ifmadrid.com\/frontend\/ifmadrid\/base.php\">http:\/\/www.ifmadrid.com\/frontend\/ifmadrid\/base.php<\/a><\/p>\n<p>(Conviene destacar su agenda cultural trimestral y su mediateca)<\/p>\n<p>CONSULAT DE FRANCE<\/p>\n<p>Marqu\u00e9s de la Ensenada,10, 28004<\/p>\n<p>(De sumo inter\u00e9s el espacio que dedica al estudiante)<\/p>\n<p><a href=\"http:\/\/www.diplomatie.gouv.fr\/fr\/service-formulaires_831\/espace-etudiants_12793\/index.html\">http:\/\/www.diplomatie.gouv.fr\/fr\/service-formulaires_831\/espace-etudiants_12793\/index.html<\/a><\/p>\n<p>LA MAISON DU TOURISME<\/p>\n<p>Plaza de Espa\u00f1a, 18, Torre de Madrid, 8\u00ba planta, Of 5, 28008<\/p>\n<p><span id=\"cloak4d306e780f2a984503e92f0440255117\"><a href=\"mailto:info.es@franceguide.com\">info.es@franceguide.com<\/a><\/span>\u00a0(para recibir informaci\u00f3n)<\/p>\n<p>CINES EN VO<\/p>\n<p><em>Golem<\/em>. Mart\u00edn de los Heros, 14 (Plaza de Espa\u00f1a). 915 59 38 36<\/p>\n<p><em>Ideal Yelmo Cines<\/em>. Doctor Cortezo, 6 (Sol). 902 22 09 22<\/p>\n<p><em>Peque\u00f1o Cine Estudio<\/em>. Magallanes, 1 (Quevedo). 914 47 29 20<\/p>\n<p><em>Princesa<\/em>. Princesa, 3 (Plaza de Espa\u00f1a). 915 41 41 00<\/p>\n<p><em>Renoir Cuatro Caminos<\/em>. R. Fern\u00e1ndez Villaverde, 10. (Cuatro Caminos) 915 41 41 00<\/p>\n<p><em>Renoir Plaza de Espa\u00f1a<\/em>. Mart\u00edn de los Heros, 12. (Plaza de Espa\u00f1a) 915 41 41 00<\/p>\n<p><em>Renoir Princesa<\/em>. Princesa, 5. (Plaza de Espa\u00f1a) 915 41 41 00<\/p>\n<p><em>Renoir Retiro<\/em>. Narvaez, 42. (Ibiza) 915 41 41 00<\/p>\n<p><em>Verdi.<\/em>\u00a0Bravo Murillo, 28. (Quevedo) 914 47 39<\/p>\n<p><em>Filmoteca Espa\u00f1ola<\/em>. Santa Isabel, 3 (Ant\u00f3n Mart\u00edn) 913 69 11 25 ( Se proyectan de vez en cuando ciclos de pel\u00edculas franc\u00f3fonas).<\/p>\n<p>RESTAURANTES FRANCESES<\/p>\n<p><em>Carip\u00e9n Bistro<\/em>. Plaza Marina Espa\u00f1ola, 4.\u00a0\u00a0 915 41 11 77<\/p>\n<p><a href=\"http:\/\/www.esp.cityvox.es\/restaurants_madrid\/caripen-bistro_1781\/ProfilLieu\">http:\/\/www.esp.cityvox.es\/restaurants_madrid\/caripen-bistro_1781\/ProfilLieu<\/a><\/p>\n<p><em>El Comit\u00e9<\/em>. Pza. San Amaro, 8. 915 71 87 11<\/p>\n<p><a href=\"http:\/\/madrid.lanetro.com\/restaurantes-franceses\/el-comite-274734\">http:\/\/madrid.lanetro.com\/restaurantes-franceses\/el-comite-274734<\/a><\/p>\n<p><em>L\u2019entrec\u00f4te<\/em>. Claudio Coello, 70.\u00a0 914 35 35 17<\/p>\n<p><a href=\"http:\/\/www.esp.cityvox.es\/restaurants_madrid\/l-entrecote_7697\/ProfilLieu\">http:\/\/www.esp.cityvox.es\/restaurants_madrid\/l-entrecote_7697\/ProfilLieu<\/a><\/p>\n<p><em>Le petit bistrot.<\/em>\u00a0Calle de Ponzano, 60. (Chamber\u00ed) 913 99 04 51<\/p>\n<p><a href=\"http:\/\/www.mesalibre.com\/ficha\/restaurantelepetitbistrot155894\">http:\/\/www.mesalibre.com\/ficha\/restaurantelepetitbistrot155894<\/a><\/p>\n<p><em>El viejo le\u00f3n.<\/em>\u00a0Calle Alfonso X, 6. (Chamber\u00ed) 913 10 06 83<\/p>\n<p><a href=\"http:\/\/madrid.lanetro.com\/restaurantes-franceses\/el-viejo-leon-9701\">http:\/\/madrid.lanetro.com\/restaurantes-franceses\/el-viejo-leon-9701<\/a><\/p>\n<p><strong>\u00a0<\/strong><\/p>\n<h3>Prensa y Televisi\u00f3n<\/h3>\n<p><em>LEER LA PRENSA (Nivel de dificultad: * A partir del nivel b\u00e1sico, ** Nivel intermedio, *** Nivel avanzado)<\/em><em>\u00a0<\/em><\/p>\n<p><em>(Quotidiens)<\/em><\/p>\n<p>M\u00e9tro**: <a href=\"http:\/\/www.metrofrance.com\/paris.xml\">http:\/\/www.metrofrance.com\/paris.xml<\/a><\/p>\n<p>Le Parisien**\u00a0:\u00a0<a href=\"http:\/\/www.leparisien.fr\/\">www.leparisien.fr<\/a><\/p>\n<p>France-Soir**:\u00a0<a href=\"http:\/\/www.francesoir.fr\/\">http:\/\/www.francesoir.fr\/<\/a><\/p>\n<p>Le Monde**\u00a0:\u00a0<a href=\"http:\/\/www.lemonde.fr\/\">www.lemonde.fr<\/a><\/p>\n<p>Lib\u00e9ration***\u00a0:\u00a0<a href=\"http:\/\/www.liberation.fr\/\">www.liberation.fr<\/a><\/p>\n<p>Le Figaro***\u00a0:\u00a0<a href=\"http:\/\/www.lefigaro.fr\/\">www.lefigaro.fr<\/a><\/p>\n<p>L\u2019Humanit\u00e9***:\u00a0<a href=\"http:\/\/www.humanite.fr\/\">http:\/\/www.humanite.fr\/<\/a><\/p>\n<p>La Tribune*** (Journal boursier, \u00e9conomique et financier):<\/p>\n<p><a href=\"http:\/\/www.latribune.fr\/accueil\/a-la-une.html\">http:\/\/www.latribune.fr\/accueil\/a-la-une.html<\/a><\/p>\n<p><em>(P\u00e9riodiques)<\/em><\/p>\n<p>Elle*:\u00a0<a href=\"http:\/\/www.elle.fr\/elle\">http:\/\/www.elle.fr\/elle<\/a><\/p>\n<p>Phosphore*:\u00a0<a href=\"http:\/\/www.phosphore.bayardweb.com\/dossiers\/tous-les-dossiers.html\">http:\/\/www.phosphore.bayardweb.com\/dossiers\/tous-les-dossiers.html<\/a><\/p>\n<p>Le Point**:\u00a0<a href=\"http:\/\/www.lepoint.fr\/\">http:\/\/www.lepoint.fr\/<\/a><\/p>\n<p>L\u2019Express***\u00a0:\u00a0<a href=\"http:\/\/www.lexpress.fr\/\">www.lexpress.fr<\/a><\/p>\n<p>Le Nouvel Observateur***\u00a0:\u00a0<a href=\"http:\/\/www.nouvelobs.com\/\">www.nouvelobs.com<\/a><\/p>\n<p>Marianne***:\u00a0<a href=\"http:\/\/www.marianne2.fr\/\">http:\/\/www.marianne2.fr\/<\/a><\/p>\n<p>T\u00e9l\u00e9rama***:\u00a0<a href=\"http:\/\/www.telerama.fr\/\">http:\/\/www.telerama.fr\/<\/a><\/p>\n<p><em>(Quotidiens r\u00e9gionaux)<\/em><\/p>\n<p>Ouest-France**:\u00a0<a href=\"http:\/\/www.ouest-france.fr\/\">http:\/\/www.ouest-france.fr\/<\/a><\/p>\n<p>(Quotidiens sportifs)<\/p>\n<p>L\u2019\u00c9quipe*:\u00a0<a href=\"http:\/\/www.lequipe.fr\/\">http:\/\/www.lequipe.fr\/<\/a><\/p>\n<p><em>VER LA TELEVISI\u00d3N<\/em><\/p>\n<p><em>\u00a0<\/em>(Informativos, documentales, juventud, magacines, juegos y concursos)<\/p>\n<p>TV5 :\u00a0<a href=\"http:\/\/www.tv5.org\/\">www.tv5.org<\/a><\/p>\n<p>TF1.\u00a0<a href=\"http:\/\/www.tf11.fr\/\">www.tf11.fr<\/a><\/p>\n<p>France 2\u00a0:\u00a0<a href=\"http:\/\/www.france2.fr\/\">www.france2.fr<\/a><\/p>\n<p>LCI:\u00a0<a href=\"http:\/\/tf1.lci.fr\/infos\">http:\/\/tf1.lci.fr\/infos<\/a><\/p>\n<p>BFM T\u00c9L\u00c9:\u00a0<a href=\"http:\/\/www.bfmtv.fr\/\">http:\/\/www.bfmtv.fr\/#<\/a><\/p>\n<p>T\u00c9L\u00c9M\u00c9LODIE (chansons cultes et vari\u00e9t\u00e9s mythiques)\u00a0<a href=\"http:\/\/www.melody.tv\/programme_zoom_variete.asp?id=2\">http:\/\/www.melody.tv\/programme_zoom_variete.asp?id=2<\/a><\/p>\n<p><em>ESCUCHAR LA RADIO<\/em><\/p>\n<p>(Informativos, cr\u00f3nicas diversas, debates, entrevistas,\u2026)<\/p>\n<p>Radio France Internationale\u00a0:\u00a0<a href=\"http:\/\/www.rfi.fr\/\">www.rfi.fr<\/a>\u00a0(con ejercicios orales y escritos)<\/p>\n<p>(Fran\u00e7ais facile)<a href=\"http:\/\/www.rfi.fr\/lffr\/statiques\/accueil_apprendre.asp\">http:\/\/www.rfi.fr\/lffr\/statiques\/accueil_apprendre.asp<\/a><\/p>\n<p>Radio France (France Inter, France Infos, France Culture, France Bleu(r\u00e9gions):\u00a0<a href=\"http:\/\/www.radiofrance.fr\/\">http:\/\/www.radiofrance.fr<\/a><\/p>\n<p>Nrj Radio (la radio des jeunes).\u00a0<a href=\"http:\/\/www.nrj.fr\/radio\">http:\/\/www.nrj.fr\/radio<\/a><\/p>\n<p>Le mouv\u2019 (idem)\u00a0<a href=\"http:\/\/players.tv-radio.com\/radiofrance\/playerlemouv.php\">http:\/\/players.tv-radio.com\/radiofrance\/playerlemouv.php<\/a><\/p>\n\t\t\t\t<\/div>\n\t\t\t<\/div>\n\t\t<\/div>\n\t\t\t<div class=\"sow-accordion-panel\n\t\t\t\t\t\"\n\t\t\t\tdata-anchor-id=\"manuales-recomendados\">\n\t\t\t\t\t<div class=\"sow-accordion-panel-header-container\" role=\"heading\" aria-level=\"2\">\n\t\t\t\t\t<div class=\"sow-accordion-panel-header\" tabindex=\"0\" role=\"button\" id=\"accordion-label-manuales-recomendados\" aria-controls=\"accordion-content-manuales-recomendados\" aria-expanded=\"false\">\n\t\t\t\t\t\t<div class=\"sow-accordion-title sow-accordion-title-icon-left\">\n\t\t\t\t\t\t\t\t\t\t\t\t\t\tMANUALES RECOMENDADOS\t\t\t\t\t\t\t\t\t\t\t\t\t<\/div>\n\t\t\t\t\t\t<div class=\"sow-accordion-open-close-button\">\n\t\t\t\t\t\t\t<div class=\"sow-accordion-open-button\">\n\t\t\t\t\t\t\t\t<span class=\"sow-icon-fontawesome sow-fas\" data-sow-icon=\"&#x2b;\"\n\t\t \n\t\taria-hidden=\"true\"><\/span>\t\t\t\t\t\t\t<\/div>\n\t\t\t\t\t\t\t<div class=\"sow-accordion-close-button\">\n\t\t\t\t\t\t\t\t<span class=\"sow-icon-fontawesome sow-fas\" data-sow-icon=\"&#xf068;\"\n\t\t \n\t\taria-hidden=\"true\"><\/span>\t\t\t\t\t\t\t<\/div>\n\t\t\t\t\t\t<\/div>\n\t\t\t\t\t<\/div>\n\t\t\t\t<\/div>\n\n\t\t\t<div\n\t\t\t\tclass=\"sow-accordion-panel-content\"\n\t\t\t\trole=\"region\"\n\t\t\t\taria-labelledby=\"accordion-label-manuales-recomendados\"\n\t\t\t\tid=\"accordion-content-manuales-recomendados\"\n\t\t\t\tstyle=\"display: none;\"\t\t\t>\n\t\t\t\t<div class=\"sow-accordion-panel-border\">\n\t\t\t\t\t<p><strong>Examens:<\/strong><\/p>\n<p><strong><a href=\"https:\/\/drive.google.com\/drive\/folders\/1MeslCz6chrvwMIS5fpps50Ibcss5TveV?usp=sharing\">A2.1<\/a><\/strong><\/p>\n<p><strong><a href=\"https:\/\/drive.google.com\/drive\/folders\/1am_VCh-X9C0UqP1tryht7duzC8sxwWgp?usp=sharing\">A2.2<\/a><\/strong><\/p>\n<p><strong><a href=\"https:\/\/drive.google.com\/drive\/folders\/1qwxkDq-jjIaMkhPWYlJ_4s9tMIMpu_7L?usp=sharing\">B2.1<\/a><\/strong><\/p>\n<p><strong><a href=\"https:\/\/drive.google.com\/drive\/folders\/1xp8gwAIrMyt0CkkPYRllHJuggpFgDuhC?usp=sharing\">C1<\/a><\/strong><\/p>\n<p>\u00a0<\/p>\n<p><strong>Sites internet:<\/strong><\/p>\n<p><a href=\"https:\/\/site.educa.madrid.org\/eoi.sansebastian\/\/wp-content\/uploads\/eoi.sansebastian\/2022\/05\/SITOGRAPHIE_A2_B2_PILAR_Plan_estrat_19_20.pdf\" target=\"_blank\" rel=\"noopener\"><strong>Un<\/strong><\/a><\/p>\n<p><strong><a href=\"https:\/\/www.naturellementfrancais.com\/fr\/blog\/ressources-pour-l-auto-apprentissage-de-la-langue-francaise.html\" target=\"_blank\" rel=\"noopener\">Deux<\/a><\/strong><\/p>\n<p><strong><a href=\"http:\/\/parlera.fr\/wp\/wp-content\/uploads\/2017\/08\/Sitographie-auto-apprentissage-FLE.pdf\">Trois<\/a><\/strong><\/p>\n\t\t\t\t<\/div>\n\t\t\t<\/div>\n\t\t<\/div>\n\t\t\t<div class=\"sow-accordion-panel\n\t\t\t\t\t\"\n\t\t\t\tdata-anchor-id=\"actividades-culturales\">\n\t\t\t\t\t<div class=\"sow-accordion-panel-header-container\" role=\"heading\" aria-level=\"2\">\n\t\t\t\t\t<div class=\"sow-accordion-panel-header\" tabindex=\"0\" role=\"button\" id=\"accordion-label-actividades-culturales\" aria-controls=\"accordion-content-actividades-culturales\" aria-expanded=\"false\">\n\t\t\t\t\t\t<div class=\"sow-accordion-title sow-accordion-title-icon-left\">\n\t\t\t\t\t\t\t\t\t\t\t\t\t\tACTIVIDADES CULTURALES\t\t\t\t\t\t\t\t\t\t\t\t\t<\/div>\n\t\t\t\t\t\t<div class=\"sow-accordion-open-close-button\">\n\t\t\t\t\t\t\t<div class=\"sow-accordion-open-button\">\n\t\t\t\t\t\t\t\t<span class=\"sow-icon-fontawesome sow-fas\" data-sow-icon=\"&#x2b;\"\n\t\t \n\t\taria-hidden=\"true\"><\/span>\t\t\t\t\t\t\t<\/div>\n\t\t\t\t\t\t\t<div class=\"sow-accordion-close-button\">\n\t\t\t\t\t\t\t\t<span class=\"sow-icon-fontawesome sow-fas\" data-sow-icon=\"&#xf068;\"\n\t\t \n\t\taria-hidden=\"true\"><\/span>\t\t\t\t\t\t\t<\/div>\n\t\t\t\t\t\t<\/div>\n\t\t\t\t\t<\/div>\n\t\t\t\t<\/div>\n\n\t\t\t<div\n\t\t\t\tclass=\"sow-accordion-panel-content\"\n\t\t\t\trole=\"region\"\n\t\t\t\taria-labelledby=\"accordion-label-actividades-culturales\"\n\t\t\t\tid=\"accordion-content-actividades-culturales\"\n\t\t\t\tstyle=\"display: none;\"\t\t\t>\n\t\t\t\t<div class=\"sow-accordion-panel-border\">\n\t\t\t\t\t<div class=\"is-root-container is-layout-flow wp-block-post-content block-editor-block-list__layout\" data-is-drop-zone=\"true\">\n<p class=\"western\" align=\"justify\"><b><span lang=\"fr-FR\">ACTIVIT\u00c9S 2025-2026 \/ ACTIVIDADES 2025-2026<\/span><\/b><\/p>\n<p><strong>F\u00e9vrier 2026<\/strong><\/p>\n<p>Une ann\u00e9e de plus, et comme le veut la tradition, les \u00e9l\u00e8ves de fran\u00e7ais des niveaux A1 et A2 ont eu l\u2019occasion de s\u2019initier aux joies des cr\u00eapes pour la Chandeleur. Ce moment convivial leur a permis de (re)d\u00e9couvrir un aspect gourmand de la culture fran\u00e7aise tout en partageant un temps d\u2019\u00e9change et de bonne humeur<\/p>\n<p><strong>Febrero de 2026<\/strong><\/p>\n<p>Un a\u00f1o m\u00e1s, y como manda la tradici\u00f3n, los alumnos de franc\u00e9s de los niveles A1 y A2 han tenido la oportunidad de iniciarse en los placeres de las cr\u00eapes con motivo de la <span class=\"v1hover:entity-accent v1entity-underline v1inline v1cursor-pointer v1align-baseline\"><span class=\"v1whitespace-normal\">Chandeleur<\/span><\/span>. Este momento tan agradable les ha permitido (re)descubrir un aspecto delicioso de la cultura francesa, al tiempo que compart\u00edan un espacio de intercambio y buen humor.<\/p>\n<p><a href=\"https:\/\/www.disercom.com\/eoisanse\/wp-content\/uploads\/2026\/02\/crepes1.jpeg\" target=\"_blank\" rel=\"noopener\"><img loading=\"lazy\" decoding=\"async\" class=\"alignnone wp-image-4614 size-thumbnail\" src=\"https:\/\/www.disercom.com\/eoisanse\/wp-content\/uploads\/2026\/02\/crepes1-150x150.jpeg\" alt=\"\" width=\"150\" height=\"150\" \/><\/a> \u00a0<a href=\"https:\/\/www.disercom.com\/eoisanse\/wp-content\/uploads\/2026\/02\/Crepes2.jpeg\" target=\"_blank\" rel=\"noopener\"><img loading=\"lazy\" decoding=\"async\" class=\"alignnone wp-image-4615 size-thumbnail\" src=\"https:\/\/www.disercom.com\/eoisanse\/wp-content\/uploads\/2026\/02\/Crepes2-150x150.jpeg\" alt=\"\" width=\"150\" height=\"150\" \/><\/a> \u00a0<a href=\"https:\/\/www.disercom.com\/eoisanse\/wp-content\/uploads\/2026\/02\/Crepes3.jpg\" target=\"_blank\" rel=\"noopener\"><img loading=\"lazy\" decoding=\"async\" class=\"alignnone wp-image-4616 size-thumbnail\" src=\"https:\/\/www.disercom.com\/eoisanse\/wp-content\/uploads\/2026\/02\/Crepes3-150x150.jpg\" alt=\"\" width=\"150\" height=\"150\" \/><\/a><\/p>\n<p><a href=\"https:\/\/www.disercom.com\/eoisanse\/wp-content\/uploads\/2026\/02\/Crepes4.jpg\" target=\"_blank\" rel=\"noopener\"><img loading=\"lazy\" decoding=\"async\" class=\"alignnone wp-image-4617 size-thumbnail\" src=\"https:\/\/www.disercom.com\/eoisanse\/wp-content\/uploads\/2026\/02\/Crepes4-150x150.jpg\" alt=\"\" width=\"150\" height=\"150\" \/><\/a> \u00a0<a href=\"https:\/\/www.disercom.com\/eoisanse\/wp-content\/uploads\/2026\/02\/Crepes5.jpg\" target=\"_blank\" rel=\"noopener\"><img loading=\"lazy\" decoding=\"async\" class=\"alignnone wp-image-4618 size-thumbnail\" src=\"https:\/\/www.disercom.com\/eoisanse\/wp-content\/uploads\/2026\/02\/Crepes5-150x150.jpg\" alt=\"\" width=\"150\" height=\"150\" \/><\/a> \u00a0<a href=\"https:\/\/www.disercom.com\/eoisanse\/wp-content\/uploads\/2026\/02\/Crepes6.jpg\" target=\"_blank\" rel=\"noopener\"><img loading=\"lazy\" decoding=\"async\" class=\"alignnone wp-image-4619 size-thumbnail\" src=\"https:\/\/www.disercom.com\/eoisanse\/wp-content\/uploads\/2026\/02\/Crepes6-150x150.jpg\" alt=\"\" width=\"150\" height=\"150\" \/><\/a><\/p>\n<p align=\"justify\"><b><span lang=\"fr-FR\">Visite guid\u00e9e de l\u2019exposition Chez Matisse au Caixa Forum<\/span><\/b><\/p>\n<p align=\"justify\"><span lang=\"fr-FR\">Les 12 et 13 novembre<\/span>, les \u00e9l\u00e8ves de fran\u00e7ais de tous les niveaux ont eu l\u2019opportunit\u00e9 de participer \u00e0 une visite guid\u00e9e en fran\u00e7ais de l\u2019exposition\u00a0<i>Chez Matisse<\/i>\u00a0au CaixaForum de Madrid. Tout au long de la visite, ils ont d\u00e9couvert non seulement les \u0153uvres du c\u00e9l\u00e8bre peintre fran\u00e7ais, repr\u00e9sentant du fauvisme, mais aussi celles d\u2019autres artistes qu\u2019il a influenc\u00e9s.<\/p>\n<p align=\"justify\">Cette sortie a permis de lier la d\u00e9couverte artistique \u00e0 la pratique linguistique et <span lang=\"fr-FR\">a <\/span>constitu\u00e9 le point de d\u00e9part de diff\u00e9rentes activit\u00e9s de prolongement men\u00e9es en classe.<\/p>\n<p align=\"justify\"><strong><b>Visita guiada de la exposici\u00f3n <\/b><\/strong><em><b>Chez Matisse<\/b><\/em><strong><b> en <\/b><\/strong><strong><span lang=\"es-ES\"><b>el <\/b><\/span><\/strong><strong><b>CaixaForum<\/b><\/strong><\/p>\n<p align=\"justify\">Los d\u00edas 12 y 13 de noviembre, los alumnos de franc\u00e9s de todos los niveles tuvieron la oportunidad de participar en una visita guiada en franc\u00e9s de la exposici\u00f3n <em>Chez Matisse<\/em> en el CaixaForum de Madrid. A lo largo de la visita, descubrieron no solo las obras del <span lang=\"es-ES\">famoso<\/span> pintor franc\u00e9s, representante del fauvismo, sino tambi\u00e9n las de otros artistas a los que influy\u00f3.<\/p>\n<p align=\"justify\">Esta salida permiti\u00f3 vincular el descubrimiento art\u00edstico con la pr\u00e1ctica ling\u00fc\u00edstica y constituy\u00f3 el punto de partida de diferentes actividades de ampliaci\u00f3n <span lang=\"es-ES\">llevadas<\/span> a cabo en clase.<\/p>\n<p align=\"justify\"><a href=\"https:\/\/www.disercom.com\/eoisanse\/wp-content\/uploads\/2026\/02\/IMG_2116-scaled-e1771415938801.jpg\" target=\"_blank\" rel=\"noopener\"><img loading=\"lazy\" decoding=\"async\" class=\"alignnone wp-image-4506 size-medium\" src=\"https:\/\/www.disercom.com\/eoisanse\/wp-content\/uploads\/2026\/02\/IMG_2116-scaled-e1771415938801-157x300.jpg\" alt=\"\" width=\"157\" height=\"300\" \/><\/a><\/p>\n<p align=\"justify\"><a href=\"https:\/\/www.disercom.com\/eoisanse\/wp-content\/uploads\/2026\/02\/IMG_2092-scaled.jpg\" target=\"_blank\" rel=\"noopener\"><img loading=\"lazy\" decoding=\"async\" class=\"alignnone wp-image-4501 size-thumbnail\" src=\"https:\/\/www.disercom.com\/eoisanse\/wp-content\/uploads\/2026\/02\/IMG_2092-150x150.jpg\" alt=\"\" width=\"150\" height=\"150\" \/><\/a> <a href=\"https:\/\/www.disercom.com\/eoisanse\/wp-content\/uploads\/2026\/02\/IMG_2100-scaled.jpg\" target=\"_blank\" rel=\"noopener\"><img loading=\"lazy\" decoding=\"async\" class=\"alignnone wp-image-4503 size-thumbnail\" src=\"https:\/\/www.disercom.com\/eoisanse\/wp-content\/uploads\/2026\/02\/IMG_2100-150x150.jpg\" alt=\"\" width=\"150\" height=\"150\" \/><\/a> <a href=\"https:\/\/www.disercom.com\/eoisanse\/wp-content\/uploads\/2026\/02\/IMG_2112-scaled.jpg\" target=\"_blank\" rel=\"noopener\"><img loading=\"lazy\" decoding=\"async\" class=\"alignnone wp-image-4504 size-thumbnail\" src=\"https:\/\/www.disercom.com\/eoisanse\/wp-content\/uploads\/2026\/02\/IMG_2112-150x150.jpg\" alt=\"\" width=\"150\" height=\"150\" \/><\/a><\/p>\n<p class=\"western\"><b><span lang=\"fr-FR\">Contes africains<\/span><\/b><\/p>\n<p class=\"western\" align=\"justify\">Le 11 d\u00e9cembre, nous avons eu le grand honneur d\u2019accueillir <span lang=\"fr-FR\">parmi nous <\/span>le conteur Boni Ofogo pour une apr\u00e8s-midi riche en enseignements. Les \u00e9l\u00e8ves de B1 et B2 ont eu l\u2019opportunit\u00e9 de r\u00e9fl\u00e9chir et de m\u00e9diter sur des valeurs profondes \u00e0 travers <span lang=\"fr-FR\">l<\/span>es r\u00e9cits empreints de sagesse<span lang=\"fr-FR\"> racont\u00e9s par<\/span> Boni<span lang=\"fr-FR\">. Ce fut \u00e9galement l\u2019occasion<\/span> d<span lang=\"fr-FR\">e<\/span> d\u00e9couvrir un peu plus son pays d\u2019origine, le Cameroun, et de plonger dans <span lang=\"fr-FR\">s<\/span>a culture et <span lang=\"fr-FR\">s<\/span>es traditions.<\/p>\n<p class=\"western\"><b><span lang=\"es-ES\">Cuentos africanos<\/span><\/b><\/p>\n<p class=\"western\">El 11 de diciembre tuvimos el gran honor de acoger entre nosotros al <span lang=\"es-ES\">cuentacuentos<\/span> Boni Ofogo para una tarde rica en ense\u00f1anzas. Los alumnos de B1 y B2 tuvieron la oportunidad de reflexionar y meditar sobre valores profundos a trav\u00e9s de los relatos llenos de sabidur\u00eda narrados por Boni. Tambi\u00e9n fue una ocasi\u00f3n para descubrir un poco m\u00e1s su pa\u00eds de origen, Camer\u00fan, y sumergirse en su cultura y tradiciones.<\/p>\n<p><a href=\"https:\/\/www.disercom.com\/eoisanse\/wp-content\/uploads\/2026\/02\/thumbnail.jpeg\" target=\"_blank\" rel=\"noopener\"><img loading=\"lazy\" decoding=\"async\" class=\"alignnone wp-image-4528 size-thumbnail\" src=\"https:\/\/www.disercom.com\/eoisanse\/wp-content\/uploads\/2026\/02\/thumbnail-150x150.jpeg\" alt=\"\" width=\"150\" height=\"150\" \/><\/a> <a href=\"https:\/\/www.disercom.com\/eoisanse\/wp-content\/uploads\/2026\/02\/thumbnail-copie.jpeg\" target=\"_blank\" rel=\"noopener\"><img loading=\"lazy\" decoding=\"async\" class=\"alignnone wp-image-4529 size-thumbnail\" src=\"https:\/\/www.disercom.com\/eoisanse\/wp-content\/uploads\/2026\/02\/thumbnail-copie-150x150.jpeg\" alt=\"\" width=\"150\" height=\"150\" \/><\/a><\/p>\n<p align=\"justify\"><b><span lang=\"fr-FR\">ACTIVIT\u00c9S 2024-2025 \/ ACTIVIDADES 2024-2025<\/span><\/b><\/p>\n<p class=\"western\" align=\"justify\"><span lang=\"fr-FR\"><b>C\u00e9l\u00e9bration de la Chandeleur (f\u00e9vrier 2025)<\/b><\/span><\/p>\n<p align=\"justify\">\u00c0<span lang=\"fr-FR\"> l\u2019occasion de la Chandeleur, nous <\/span>\u00e9l\u00e8ves des groupes de A1 et A2 de fran\u00e7ais ont mis la main \u00e0 la p\u00e2te afin de f\u00eater la Chandeleur comme il se doit. Un moment convivial et gourmand qui leur a permis de s\u2019initier aux joies de la gastronomie fran\u00e7aise. Une exp\u00e9rience \u00e0 la fois culturelle, ludique et savoureuse, tr\u00e8s appr\u00e9ci\u00e9e par tous les participants.<\/p>\n<p align=\"justify\"><strong>Celebraci\u00f3n de la Candelaria (febrero de 2025)<\/strong><\/p>\n<p align=\"justify\">Con motivo de la Candelaria, los alumnos de los grupos A1 y A2 de franc\u00e9s se pusieron manos a la obra para celebrar esta tradici\u00f3n como se merece. Este momento convivencial y gastron\u00f3mico les permiti\u00f3 descubrir una costumbre emblem\u00e1tica de la cultura francesa al<span lang=\"es-ES\"> mismo<\/span> tiempo que se iniciaban en los placeres de la gastronom\u00eda. Una experiencia a la vez cultural, l\u00fadica y sabrosa, muy apreciada por todos los participantes.<\/p>\n<p align=\"justify\"><a href=\"https:\/\/www.disercom.com\/eoisanse\/wp-content\/uploads\/2026\/02\/PHOTO-2025-02-13-18-00-42.jpg\" target=\"_blank\" rel=\"noopener\"><img loading=\"lazy\" decoding=\"async\" class=\"alignnone wp-image-4533 size-thumbnail\" src=\"https:\/\/www.disercom.com\/eoisanse\/wp-content\/uploads\/2026\/02\/PHOTO-2025-02-13-18-00-42-150x150.jpg\" alt=\"\" width=\"150\" height=\"150\" \/><\/a> <a href=\"https:\/\/www.disercom.com\/eoisanse\/wp-content\/uploads\/2026\/02\/PHOTO-2025-02-13-18-00-42-2.jpg\" target=\"_blank\" rel=\"noopener\"><img loading=\"lazy\" decoding=\"async\" class=\"alignnone wp-image-4534 size-thumbnail\" src=\"https:\/\/www.disercom.com\/eoisanse\/wp-content\/uploads\/2026\/02\/PHOTO-2025-02-13-18-00-42-2-150x150.jpg\" alt=\"\" width=\"150\" height=\"150\" \/> <\/a><a href=\"https:\/\/www.disercom.com\/eoisanse\/wp-content\/uploads\/2026\/02\/PHOTO-2025-02-13-18-00-43.jpg\" target=\"_blank\" rel=\"noopener\"><img loading=\"lazy\" decoding=\"async\" class=\"alignnone wp-image-4535 size-thumbnail\" src=\"https:\/\/www.disercom.com\/eoisanse\/wp-content\/uploads\/2026\/02\/PHOTO-2025-02-13-18-00-43-150x150.jpg\" alt=\"\" width=\"150\" height=\"150\" \/> <\/a><a href=\"https:\/\/www.disercom.com\/eoisanse\/wp-content\/uploads\/2026\/02\/PHOTO-2025-02-13-18-00-43-2.jpg\" target=\"_blank\" rel=\"noopener\"><img loading=\"lazy\" decoding=\"async\" class=\"alignnone wp-image-4536 size-thumbnail\" src=\"https:\/\/www.disercom.com\/eoisanse\/wp-content\/uploads\/2026\/02\/PHOTO-2025-02-13-18-00-43-2-150x150.jpg\" alt=\"\" width=\"150\" height=\"150\" \/> <\/a><\/p>\n<p align=\"justify\"><a href=\"https:\/\/www.disercom.com\/eoisanse\/wp-content\/uploads\/2026\/02\/PHOTO-2025-02-13-18-02-39.jpg\" target=\"_blank\" rel=\"noopener\"><img loading=\"lazy\" decoding=\"async\" class=\"alignnone wp-image-4537 size-thumbnail\" src=\"https:\/\/www.disercom.com\/eoisanse\/wp-content\/uploads\/2026\/02\/PHOTO-2025-02-13-18-02-39-150x150.jpg\" alt=\"\" width=\"150\" height=\"150\" \/><\/a><\/p>\n<p class=\"western\" align=\"justify\"><b><span lang=\"fr-FR\">Avant-premi\u00e8re de \u201cLa vie devant moi\u00a0\u00bb \u00e0 l\u2019Institut Fran\u00e7ais de Madrid<\/span><\/b><\/p>\n<p align=\"justify\"><span lang=\"fr-FR\">Le 17 f\u00e9vrier 2025<\/span>, les \u00e9l\u00e8ves de fran\u00e7ais ont assist\u00e9 \u00e0 l\u2019avant-premi\u00e8re du film de Nils Tavernier \u00abLa vie devant moi\u00bb \u00e0 l\u2019Institut Fran\u00e7ais. Une occasion de d\u00e9couvrir l\u2019Histoire de France et la Seconde Guerre mondiale autrement.<\/p>\n<p align=\"justify\"><strong>Preestreno de <\/strong><em><b>\u201cLa vida ante m\u00ed\u201d<\/b><\/em><strong> en el Instituto Franc\u00e9s de Madrid<\/strong><\/p>\n<p align=\"justify\">El 17 de febrero de 2025, los alumnos de franc\u00e9s asistieron al preestreno de la pel\u00edcula de Nils Tavernier <em>\u201cLa vida ante m\u00ed\u201d<\/em> en el Instituto Franc\u00e9s. Fue una oportunidad para descubrir la Historia de Francia y la Segunda Guerra Mundial desde una perspectiva diferente.<\/p>\n<p align=\"justify\"><a href=\"https:\/\/www.disercom.com\/eoisanse\/wp-content\/uploads\/2026\/02\/20250224_195615-scaled.jpg\"><img loading=\"lazy\" decoding=\"async\" class=\"alignnone wp-image-4500 size-thumbnail\" src=\"https:\/\/www.disercom.com\/eoisanse\/wp-content\/uploads\/2026\/02\/20250224_195615-150x150.jpg\" alt=\"\" width=\"150\" height=\"150\" \/><\/a><\/p>\n<\/div>\n\t\t\t\t<\/div>\n\t\t\t<\/div>\n\t\t<\/div>\n\t\t<\/div>\n<\/div>\n<\/div>\n\n\n<p><\/p>\n\n\n\n<p><\/p>\n","protected":false},"excerpt":{"rendered":"","protected":false},"author":3,"featured_media":0,"parent":0,"menu_order":0,"comment_status":"closed","ping_status":"closed","template":"","meta":{"footnotes":""},"folder":[],"class_list":["post-132","page","type-page","status-publish","hentry"],"rttpg_featured_image_url":null,"rttpg_author":{"display_name":"eoi.sansebastian","author_link":"https:\/\/site.educa.madrid.org\/eoi.sansebastian\/index.php\/author\/cuenta_eoi-sansebastian\/"},"rttpg_comment":0,"rttpg_category":false,"rttpg_excerpt":null,"post_mailing_queue_ids":[],"_links":{"self":[{"href":"https:\/\/site.educa.madrid.org\/eoi.sansebastian\/index.php\/wp-json\/wp\/v2\/pages\/132","targetHints":{"allow":["GET"]}}],"collection":[{"href":"https:\/\/site.educa.madrid.org\/eoi.sansebastian\/index.php\/wp-json\/wp\/v2\/pages"}],"about":[{"href":"https:\/\/site.educa.madrid.org\/eoi.sansebastian\/index.php\/wp-json\/wp\/v2\/types\/page"}],"author":[{"embeddable":true,"href":"https:\/\/site.educa.madrid.org\/eoi.sansebastian\/index.php\/wp-json\/wp\/v2\/users\/3"}],"replies":[{"embeddable":true,"href":"https:\/\/site.educa.madrid.org\/eoi.sansebastian\/index.php\/wp-json\/wp\/v2\/comments?post=132"}],"version-history":[{"count":29,"href":"https:\/\/site.educa.madrid.org\/eoi.sansebastian\/index.php\/wp-json\/wp\/v2\/pages\/132\/revisions"}],"predecessor-version":[{"id":4128,"href":"https:\/\/site.educa.madrid.org\/eoi.sansebastian\/index.php\/wp-json\/wp\/v2\/pages\/132\/revisions\/4128"}],"wp:attachment":[{"href":"https:\/\/site.educa.madrid.org\/eoi.sansebastian\/index.php\/wp-json\/wp\/v2\/media?parent=132"}],"wp:term":[{"taxonomy":"folder","embeddable":true,"href":"https:\/\/site.educa.madrid.org\/eoi.sansebastian\/index.php\/wp-json\/wp\/v2\/folder?post=132"}],"curies":[{"name":"wp","href":"https:\/\/api.w.org\/{rel}","templated":true}]}}