{"id":2164,"date":"2022-04-19T18:58:39","date_gmt":"2022-04-19T16:58:39","guid":{"rendered":"https:\/\/site.educa.madrid.org\/eoi.sansebastian\/?page_id=2164"},"modified":"2026-09-02T12:12:14","modified_gmt":"2026-09-02T10:12:14","slug":"departamento-aleman","status":"publish","type":"page","link":"https:\/\/site.educa.madrid.org\/eoi.sansebastian\/index.php\/departamento-aleman\/","title":{"rendered":"Alem\u00e1n"},"content":{"rendered":"\n<div class=\"wp-block-columns is-layout-flex wp-container-core-columns-is-layout-9d6595d7 wp-block-columns-is-layout-flex\">\n<div class=\"wp-block-column is-layout-flow wp-block-column-is-layout-flow\" style=\"flex-basis:20%\">\n<figure class=\"wp-block-image size-full is-resized\"><img loading=\"lazy\" decoding=\"async\" width=\"203\" height=\"200\" src=\"https:\/\/site.educa.madrid.org\/eoi.sansebastian\/\/wp-content\/uploads\/eoi.sansebastian\/2022\/03\/b-germany.png\" alt=\"\" class=\"wp-image-1389\" style=\"width:102px;height:100px\" srcset=\"https:\/\/site.educa.madrid.org\/eoi.sansebastian\/\/wp-content\/uploads\/eoi.sansebastian\/2022\/03\/b-germany.png 203w, https:\/\/site.educa.madrid.org\/eoi.sansebastian\/\/wp-content\/uploads\/eoi.sansebastian\/2022\/03\/b-germany-100x99.png 100w\" sizes=\"auto, (max-width: 203px) 100vw, 203px\" \/><\/figure>\n<\/div>\n\n\n\n<div class=\"wp-block-column is-layout-flow wp-block-column-is-layout-flow\" style=\"flex-basis:80%\">\n<h2 class=\"wp-block-heading\">Departamento Alem\u00e1n<\/h2>\n<\/div>\n<\/div>\n\n\n<div\n\t\t\t\n\t\t\tclass=\"so-widget-sow-tabs so-widget-sow-tabs-default-4476811c03b8\"\n\t\t\t\n\t\t><div class=\"sow-tabs\">\n\t<div class=\"sow-tabs-tab-container\" role=\"tablist\">\n\t\t\t<div\n\t\t\tclass=\"sow-tabs-tab\n\t\t\t sow-tabs-tab-selected\t\t\t\"\n\t\t\trole=\"tab\"\n\t\t\tdata-anchor-id=\"informacion-general\"\n\t\t\taria-selected=\"true\"\n\t\t\ttabindex=\"0\"\n\t\t>\n\t\t\t<div class=\"sow-tabs-title sow-tabs-title-icon-left\">\n\t\t\t\t\t\t\t\tINFORMACI\u00d3N GENERAL\t\t\t\t\t\t\t<\/div>\n\t\t<\/div>\n\t\t\t<div\n\t\t\tclass=\"sow-tabs-tab\n\t\t\t\t\t\t\"\n\t\t\trole=\"tab\"\n\t\t\tdata-anchor-id=\"cursos-y-horarios\"\n\t\t\taria-selected=\"false\"\n\t\t\ttabindex=\"0\"\n\t\t>\n\t\t\t<div class=\"sow-tabs-title sow-tabs-title-icon-left\">\n\t\t\t\t\t\t\t\tCURSOS Y HORARIOS\t\t\t\t\t\t\t<\/div>\n\t\t<\/div>\n\t\t\t<div\n\t\t\tclass=\"sow-tabs-tab\n\t\t\t\t\t\t\"\n\t\t\trole=\"tab\"\n\t\t\tdata-anchor-id=\"libros-de-texto\"\n\t\t\taria-selected=\"false\"\n\t\t\ttabindex=\"0\"\n\t\t>\n\t\t\t<div class=\"sow-tabs-title sow-tabs-title-icon-left\">\n\t\t\t\t\t\t\t\tLIBROS DE TEXTO\t\t\t\t\t\t\t<\/div>\n\t\t<\/div>\n\t\t\t<div\n\t\t\tclass=\"sow-tabs-tab\n\t\t\t\t\t\t\"\n\t\t\trole=\"tab\"\n\t\t\tdata-anchor-id=\"evaluacion\"\n\t\t\taria-selected=\"false\"\n\t\t\ttabindex=\"0\"\n\t\t>\n\t\t\t<div class=\"sow-tabs-title sow-tabs-title-icon-left\">\n\t\t\t\t\t\t\t\tEVALUACI\u00d3N\t\t\t\t\t\t\t<\/div>\n\t\t<\/div>\n\t\t\t<div\n\t\t\tclass=\"sow-tabs-tab\n\t\t\t\t\t\t\"\n\t\t\trole=\"tab\"\n\t\t\tdata-anchor-id=\"contacto\"\n\t\t\taria-selected=\"false\"\n\t\t\ttabindex=\"0\"\n\t\t>\n\t\t\t<div class=\"sow-tabs-title sow-tabs-title-icon-left\">\n\t\t\t\t\t\t\t\tCONTACTO\t\t\t\t\t\t\t<\/div>\n\t\t<\/div>\n\t\t<\/div>\n\n\t<div class=\"sow-tabs-panel-container\">\n\t\t\t<div class=\"sow-tabs-panel\">\n\t\t\t<div\n\t\t\t\tclass=\"sow-tabs-panel-content\"\n\t\t\t\trole=\"tabpanel\"\n\t\t\t\taria-hidden=\"false\"\n\t\t\t>\n\t\t\t\t<p>\u00a0<\/p>\n<p><a href=\"https:\/\/eoisansebastiandelosreyes.com\/wp-content\/uploads\/2025\/09\/CIRCULAR-INFORMATIVA-2025-26.pdf\" target=\"_blank\" rel=\"noopener\">Informaci\u00f3n general<\/a><\/p>\n\t\t\t<\/div>\n\t\t<\/div>\n\t\t\t<div class=\"sow-tabs-panel\">\n\t\t\t<div\n\t\t\t\tclass=\"sow-tabs-panel-content\"\n\t\t\t\trole=\"tabpanel\"\n\t\t\t\taria-hidden=\"true\"\n\t\t\t>\n\t\t\t\t<p>\u00a0<\/p>\n<p><a href=\"https:\/\/eoisansebastiandelosreyes.com\/wp-content\/uploads\/2025\/09\/OFERTA-EDUCATIVA-oferta-definitiva-web.pdf\" target=\"_blank\" rel=\"noopener\">Cursos y horarios 2025-2026<\/a><\/p>\n<p>\u00a0<\/p>\n\t\t\t<\/div>\n\t\t<\/div>\n\t\t\t<div class=\"sow-tabs-panel\">\n\t\t\t<div\n\t\t\t\tclass=\"sow-tabs-panel-content\"\n\t\t\t\trole=\"tabpanel\"\n\t\t\t\taria-hidden=\"true\"\n\t\t\t>\n\t\t\t\t<p><a href=\"https:\/\/site.educa.madrid.org\/eoi.sansebastian\/\/wp-content\/uploads\/eoi.sansebastian\/2026\/09\/Aleman-libros-de-texto-2026-27.pdf\" target=\"_blank\" rel=\"noopener\">Listado de libros de texto curso 2026-2027<\/a><\/p>\n\t\t\t<\/div>\n\t\t<\/div>\n\t\t\t<div class=\"sow-tabs-panel\">\n\t\t\t<div\n\t\t\t\tclass=\"sow-tabs-panel-content\"\n\t\t\t\trole=\"tabpanel\"\n\t\t\t\taria-hidden=\"true\"\n\t\t\t>\n\t\t\t\t<p>ESPECIFICACIONES Y CRITERIOS DE EVALUACI\u00d3N EXTRAORDINARIA 23-24:<\/p>\n<ul>\n<li><a href=\"https:\/\/site.educa.madrid.org\/eoi.sansebastian\/\/wp-content\/uploads\/eoi.sansebastian\/2022\/04\/Alemn_A1.pdf\" target=\"_blank\" rel=\"noopener\"><strong>A1<\/strong><\/a><\/li>\n<li><a href=\"https:\/\/site.educa.madrid.org\/eoi.sansebastian\/\/wp-content\/uploads\/eoi.sansebastian\/2022\/04\/A2.pdf\" target=\"_blank\" rel=\"noopener\"><strong>A2<\/strong><\/a><\/li>\n<li><a href=\"https:\/\/site.educa.madrid.org\/eoi.sansebastian\/\/wp-content\/uploads\/eoi.sansebastian\/2022\/04\/B1.pdf\" target=\"_blank\" rel=\"noopener\"><strong>B1<\/strong><\/a><\/li>\n<li><a href=\"https:\/\/site.educa.madrid.org\/eoi.sansebastian\/\/wp-content\/uploads\/eoi.sansebastian\/2022\/04\/Alemn_B21.pdf\" target=\"_blank\" rel=\"noopener\"><strong>B2.1<\/strong><\/a><\/li>\n<li><a href=\"https:\/\/site.educa.madrid.org\/eoi.sansebastian\/\/wp-content\/uploads\/eoi.sansebastian\/2022\/04\/B2.pdf\" target=\"_blank\" rel=\"noopener\"><strong>B2.2<\/strong><\/a><\/li>\n<li><a href=\"https:\/\/site.educa.madrid.org\/eoi.sansebastian\/\/wp-content\/uploads\/eoi.sansebastian\/2022\/04\/C1.pdf\" target=\"_blank\" rel=\"noopener\"><strong>C1<\/strong><\/a><\/li>\n<\/ul>\n\t\t\t<\/div>\n\t\t<\/div>\n\t\t\t<div class=\"sow-tabs-panel\">\n\t\t\t<div\n\t\t\t\tclass=\"sow-tabs-panel-content\"\n\t\t\t\trole=\"tabpanel\"\n\t\t\t\taria-hidden=\"true\"\n\t\t\t>\n\t\t\t\t<div><strong>Escuela Oficial de Idiomas de San Sebasti\u00e1n de los Reyes<\/strong><\/div>\n<div><strong>Departamento de Alem\u00e1n<\/strong><\/div>\n<div><span class=\"gI\"><span data-hovercard-id=\"christopher.hoogenboom@educa.madrid.org\" data-hovercard-owner-id=\"9\">christopher.hoogenboom@educa.madrid.org<\/span><\/span><\/div>\n\t\t\t<\/div>\n\t\t<\/div>\n\t\t<\/div>\n<\/div>\n<\/div>\n\n<div\n\t\t\t\n\t\t\tclass=\"so-widget-sow-accordion so-widget-sow-accordion-default-8eb0613c7730\"\n\t\t\t data-max-open-panels=\"0\" data-initial-scroll-panel=\"0\"\n\t\t><div>\n\t<div class=\"sow-accordion\">\n\t\t\t<div class=\"sow-accordion-panel\n\t\t\t\t\t\"\n\t\t\t\tdata-anchor-id=\"manuales-recomendados\">\n\t\t\t\t\t<div class=\"sow-accordion-panel-header-container\" role=\"heading\" aria-level=\"2\">\n\t\t\t\t\t<div class=\"sow-accordion-panel-header\" tabindex=\"0\" role=\"button\" id=\"accordion-label-manuales-recomendados\" aria-controls=\"accordion-content-manuales-recomendados\" aria-expanded=\"false\">\n\t\t\t\t\t\t<div class=\"sow-accordion-title sow-accordion-title-icon-left\">\n\t\t\t\t\t\t\t\t\t\t\t\t\t\tMANUALES RECOMENDADOS\t\t\t\t\t\t\t\t\t\t\t\t\t<\/div>\n\t\t\t\t\t\t<div class=\"sow-accordion-open-close-button\">\n\t\t\t\t\t\t\t<div class=\"sow-accordion-open-button\">\n\t\t\t\t\t\t\t\t<span class=\"sow-icon-ionicons\" data-sow-icon=\"&#xf218;\"\n\t\t \n\t\taria-hidden=\"true\"><\/span>\t\t\t\t\t\t\t<\/div>\n\t\t\t\t\t\t\t<div class=\"sow-accordion-close-button\">\n\t\t\t\t\t\t\t\t<span class=\"sow-icon-ionicons\" data-sow-icon=\"&#xf209;\"\n\t\t \n\t\taria-hidden=\"true\"><\/span>\t\t\t\t\t\t\t<\/div>\n\t\t\t\t\t\t<\/div>\n\t\t\t\t\t<\/div>\n\t\t\t\t<\/div>\n\n\t\t\t<div\n\t\t\t\tclass=\"sow-accordion-panel-content\"\n\t\t\t\trole=\"region\"\n\t\t\t\taria-labelledby=\"accordion-label-manuales-recomendados\"\n\t\t\t\tid=\"accordion-content-manuales-recomendados\"\n\t\t\t\tstyle=\"display: none;\"\t\t\t>\n\t\t\t\t<div class=\"sow-accordion-panel-border\">\n\t\t\t\t\t<p><strong>B\u00e1sico<\/strong><\/p>\n<p><strong>DICCIONARIOS<\/strong><\/p>\n<ul>\n<li>Langenscheidt (biling\u00fce)<\/li>\n<li>Klett (biling\u00fce)<\/li>\n<li>Collins (biling\u00fce)<\/li>\n<\/ul>\n<p><strong>GRAM\u00c1TICAS<\/strong><\/p>\n<ul>\n<li>Grundstufen-Grammatik. Monika Reimann. Editorial Hueber.<\/li>\n<li>Gram\u00e1tica esencial del alem\u00e1n. Monika Reimann. Editorial Hueber.<\/li>\n<li>Gram\u00e1tica PROGRAMM. Brigitte y Roberto Corcoll. Editorial Herder.<\/li>\n<li>Gram\u00e1tica de la lengua alemana. Andreu Castell. Editorial Idiomas.<\/li>\n<li>\u00dcbungsgrammatik DaF f\u00fcr Anf\u00e4nger. Renate Luscher. Editorial Verlag f\u00fcr Deutsch.<\/li>\n<\/ul>\n<hr \/>\n<p><strong>Intermedio<\/strong><\/p>\n<p><strong>DICCIONARIOS<\/strong><\/p>\n<ul>\n<li>Langenscheidt (biling\u00fce)<\/li>\n<li>Klett (biling\u00fce)<\/li>\n<li>Langenscheidt Taschenw\u00f6rterbuch Deutsch als Fremdsprache (monoling\u00fce)<\/li>\n<li>Hueber W\u00f6rterbuch Deutsch als Fremdsprache; Alem\u00e1n-espa\u00f1ol \/ Espa\u00f1ol-alem\u00e1n. (100.000 lemas).<\/li>\n<\/ul>\n<p><strong>GRAM\u00c1TICAS<\/strong><\/p>\n<ul>\n<li>Gram\u00e1tica PROGRAMM. Brigitte y Roberto Corcoll. Editorial Herder.<\/li>\n<li>Gram\u00e1tica de la lengua alemana. Andreu Castell. Editorial Idiomas.<\/li>\n<li>\u00dcbungsgrammatik DaF f\u00fcr Anf\u00e4nger. Renate Luscher. Editorial Verlag f\u00fcr Deutsch.<\/li>\n<li>Lehr- und \u00dcbungsbuch der deutschen Grammatik (Die neue Gelbe). Dreyer \/ Schmitt. Editorial Hueber.<\/li>\n<li>Der kleine Duden &#8211; Gram\u00e1tica del alem\u00e1n. Rudolf y Ursula Hoberg. Editoriales Hueber+Idiomas.<\/li>\n<\/ul>\n<hr \/>\n<p><strong>Avanzado<\/strong><\/p>\n<p><strong>DICCIONARIOS<\/strong><\/p>\n<ul>\n<li>Langenscheidt (biling\u00fce)<\/li>\n<li>Klett (biling\u00fce)<\/li>\n<li>Duden-Hueber &#8211; W\u00f6rterbuch Deutsch als Fremdsprache (monoling\u00fce)<\/li>\n<li>Langenscheidt Taschenw\u00f6rterbuch Deutsch als Fremdsprache (monoling\u00fce)<\/li>\n<\/ul>\n<p><strong>GRAM\u00c1TICAS<\/strong><strong> RECOMENDADAS<\/strong><\/p>\n<ul>\n<li>Lehr- und \u00dcbungsbuch der deutschen Grammatik. Dreyer-Schmitt. Verlag f\u00fcr Deutsch.<\/li>\n<li>Grundstufen-Grammatik. Monika Reimann. Editorial Hueber.<\/li>\n<li>Gram\u00e1tica esencial del alem\u00e1n. Monika Reimann. Editorial Hueber.<\/li>\n<li>Gram\u00e1tica PROGRAMM. Brigitte y Roberto Corcoll. Editorial Herder.<\/li>\n<li>Gram\u00e1tica de la lengua alemana. Andreu Castell. Editorial Idiomas.<\/li>\n<li>\u00dcbungsgrammatik DaF f\u00fcr Anf\u00e4nger. Renate Luscher. Editorial Verlag f\u00fcr Deutsch.<\/li>\n<li>Lehr- und \u00dcbungsbuch der deutschen Grammatik. Die neue Gelbe. Pr\u00e1cticas de gram\u00e1tica alemana von <a href=\"http:\/\/www.bol.de\/shop\/bde_bu_hg_startseite\/mehr-von\/buch\/fqba\/hilke_dreyer.html;jsessionid=fdc-wzw600tlpe2.fdc51\">Hilke Dreyer<\/a>, <a href=\"http:\/\/www.bol.de\/shop\/bde_bu_hg_startseite\/mehr-von\/buch\/fqba\/richard_schmitt.html;jsessionid=fdc-wzw600tlpe2.fdc51\">Richard Schmitt<\/a> .Verlag f\u00fcr Deutsch.<\/li>\n<li>Em \u00dcbungsgrammatik. Deutsch als Fremdsprache f\u00fcr die Mittelstufe von <a href=\"http:\/\/www.amazon.de\/exec\/obidos\/search-handle-url\/028-6423207-8350108?_encoding=UTF8&amp;search-type=ss&amp;index=books-de&amp;field-author=Axel%20Hering\">Axel Hering<\/a>, <a href=\"http:\/\/www.amazon.de\/exec\/obidos\/search-handle-url\/028-6423207-8350108?_encoding=UTF8&amp;search-type=ss&amp;index=books-de&amp;field-author=Magdalena%20Matussek\">Magdalena Matussek<\/a>, <a href=\"http:\/\/www.amazon.de\/exec\/obidos\/search-handle-url\/028-6423207-8350108?_encoding=UTF8&amp;search-type=ss&amp;index=books-de&amp;field-author=Michaela%20Perlmann-Balme\">Michaela Perlmann-Balme<\/a>, <a href=\"http:\/\/www.amazon.de\/exec\/obidos\/search-handle-url\/028-6423207-8350108?_encoding=UTF8&amp;search-type=ss&amp;index=books-de&amp;field-author=Michaela%20Perlmann-%20Balme\">Michaela Perlmann- Balme<\/a>. Hueber Verlag<\/li>\n<\/ul>\n\t\t\t\t<\/div>\n\t\t\t<\/div>\n\t\t<\/div>\n\t\t\t<div class=\"sow-accordion-panel\n\t\t\t\t\t\"\n\t\t\t\tdata-anchor-id=\"material-online\">\n\t\t\t\t\t<div class=\"sow-accordion-panel-header-container\" role=\"heading\" aria-level=\"2\">\n\t\t\t\t\t<div class=\"sow-accordion-panel-header\" tabindex=\"0\" role=\"button\" id=\"accordion-label-material-online\" aria-controls=\"accordion-content-material-online\" aria-expanded=\"false\">\n\t\t\t\t\t\t<div class=\"sow-accordion-title sow-accordion-title-icon-left\">\n\t\t\t\t\t\t\t\t\t\t\t\t\t\tMATERIAL ONLINE\t\t\t\t\t\t\t\t\t\t\t\t\t<\/div>\n\t\t\t\t\t\t<div class=\"sow-accordion-open-close-button\">\n\t\t\t\t\t\t\t<div class=\"sow-accordion-open-button\">\n\t\t\t\t\t\t\t\t<span class=\"sow-icon-ionicons\" data-sow-icon=\"&#xf218;\"\n\t\t \n\t\taria-hidden=\"true\"><\/span>\t\t\t\t\t\t\t<\/div>\n\t\t\t\t\t\t\t<div class=\"sow-accordion-close-button\">\n\t\t\t\t\t\t\t\t<span class=\"sow-icon-ionicons\" data-sow-icon=\"&#xf209;\"\n\t\t \n\t\taria-hidden=\"true\"><\/span>\t\t\t\t\t\t\t<\/div>\n\t\t\t\t\t\t<\/div>\n\t\t\t\t\t<\/div>\n\t\t\t\t<\/div>\n\n\t\t\t<div\n\t\t\t\tclass=\"sow-accordion-panel-content\"\n\t\t\t\trole=\"region\"\n\t\t\t\taria-labelledby=\"accordion-label-material-online\"\n\t\t\t\tid=\"accordion-content-material-online\"\n\t\t\t\tstyle=\"display: none;\"\t\t\t>\n\t\t\t\t<div class=\"sow-accordion-panel-border\">\n\t\t\t\t\t<h3>GENERALES<\/h3>\n<ul>\n<li><a href=\"http:\/\/www.lancs.ac.uk\/researchenterprise\/dialang\/about\" target=\"_blank\" rel=\"noopener\">Dialang: Herramienta de autoevaluaci\u00f3n ling\u00fc\u00edstica que se descarga gratuitamente de Internet.<\/a><\/li>\n<li><a title=\"Deutsch online\" href=\"http:\/\/www.deutsch-online.com\/\" target=\"_blank\" rel=\"noopener\">Deutsch online<\/a><\/li>\n<li><a title=\"Internetportal f\u00fcr Deutsch als Fremdsprache\" href=\"http:\/\/www.daf-portal.de\/\" target=\"_blank\" rel=\"noopener\">Internetportal f\u00fcr Deutsch als Fremdsprache<\/a><\/li>\n<li><a title=\"Hueber Online\" href=\"http:\/\/www.hueber.de\/shared\/elearning\/probelektionen.html\" target=\"_blank\" rel=\"noopener\">Hueber Online<\/a><\/li>\n<li><a title=\"Langenscheidt Online\" href=\"http:\/\/www.langenscheidt.de\/deutsch\/lehrwerke\/daf\/index.html\" target=\"_blank\" rel=\"noopener\">Langenscheidt Online<\/a><\/li>\n<li><a title=\"Klett Edition Deutsch\" href=\"http:\/\/www.edition-deutsch.de\/lernwerkstatt\" target=\"_blank\" rel=\"noopener\">Klett Edition Deutsch<\/a><\/li>\n<li><a title=\"Deutschlern.net\" href=\"http:\/\/www.edition-deutsch.de\/\" target=\"_blank\" rel=\"noopener\">Deutschlern.net<\/a><\/li>\n<li>\u00a0<\/li>\n<\/ul>\n<p><strong>Direcciones de diccionarios online<\/strong><\/p>\n<ul>\n<li><a title=\"LEO\" href=\"http:\/\/www.leo.org\/\" target=\"_blank\" rel=\"noopener\">LEO<\/a><\/li>\n<li><a title=\"Uni Leipzig\" href=\"http:\/\/www.wortschatz.uni-leipzig.de\/abfrage\/\" target=\"_blank\" rel=\"noopener\">Uni Leipzig<\/a><\/li>\n<\/ul>\n<hr \/>\n<h3>ENLACES RECOMENDADOS POR NIVELES<\/h3>\n<p><strong>B\u00e1sico<\/strong><\/p>\n<ul>\n<li><a title=\"PONS\" href=\"http:\/\/www.ponsline.de\/\" target=\"_blank\" rel=\"noopener\">PONS<\/a><\/li>\n<li><a title=\"IIK\" href=\"http:\/\/www.iik.de\/uebungen\/uebungsseite\/menue.html\" target=\"_blank\" rel=\"noopener\">IIK<\/a><\/li>\n<\/ul>\n<p><strong>Intermedio<\/strong><\/p>\n<ul>\n<li><a title=\"PONSLINE\" href=\"http:\/\/www.ponsline.de\/cgi-bin\/wb\/w.pl\" target=\"_blank\" rel=\"noopener\">PONSLINE<\/a><\/li>\n<li><a title=\"Ralf-Kinas\" href=\"http:\/\/www.ralf-kinas.de\/\" target=\"_blank\" rel=\"noopener\">Ralf-Kinas<\/a> Colecci\u00f3n de ejercicios online por categor\u00edas: vocabulario, gram\u00e1tica, Landeskunde, etc.<\/li>\n<li><a title=\"\u00dcBUNGEN\" href=\"http:\/\/www.saunalahti.fi\/\" target=\"_blank\" rel=\"noopener\">\u00dcBUNGEN<\/a><\/li>\n<li><a title=\"Info Radio\" href=\"http:\/\/www.inforadio.de\/static\" target=\"_blank\" rel=\"noopener\">Info Radio<\/a> Noticias de actualidad en alem\u00e1n.<\/li>\n<li><a title=\"dw-world\" href=\"http:\/\/www.dw-world.de\/\" target=\"_blank\" rel=\"noopener\">dw-world<\/a> Deutsche Welle ofrece noticias, cultura, deporte, etc. Tienes 2 posibilidades: DW-TV y DW Radio. Si se hace clic en la opci\u00f3n <em>live<\/em> podr\u00e1s ver u o\u00edr la programaci\u00f3n en curso. Si se hace clic <em>on demand<\/em> podr\u00e1s ver y o\u00edr programas que ya se han emitido.<\/li>\n<li><a title=\"Tagesschau\" href=\"http:\/\/www.tagesschau.de\/\" target=\"_blank\" rel=\"noopener\">Tagesschau<\/a> El cl\u00e1sico de los noticieros. Tienes tambi\u00e9n un archivo con emisiones anteriores de radio y tv.<\/li>\n<\/ul>\n<p><strong>Avanzado<\/strong><\/p>\n<ul>\n<li><a title=\"PONSLINE\" href=\"http:\/\/www.ponsline.de\/cgi-bin\/wb\/w.pl\" target=\"_blank\" rel=\"noopener\">PONSLINE<\/a> Diccionario biling\u00fce<\/li>\n<li><a title=\"Ralf-Kinas\" href=\"http:\/\/www.ralf-kinas.de\/\" target=\"_blank\" rel=\"noopener\">Ralf-Kinas<\/a> Ejercicios de gram\u00e1tica, multiple choice, comprensi\u00f3n lectora, crucigramas, etc.<\/li>\n<li><a title=\"\u00dcBUNGEN\" href=\"http:\/\/www.saunalahti.fi\/\" target=\"_blank\" rel=\"noopener\">\u00dcBUNGEN<\/a> Colecci\u00f3n de ejerecicios online por categor\u00edas: vocabulario, gram\u00e1tica, Landeskunde, etc.<\/li>\n<li><a title=\"Info Radio\" href=\"http:\/\/www.inforadio.de\/static\" target=\"_blank\" rel=\"noopener\">Info Radio<\/a> Noticias de actualidad en alem\u00e1n.<\/li>\n<li><a title=\"dw-world\" href=\"http:\/\/www.dw-world.de\/\" target=\"_blank\" rel=\"noopener\">dw-world<\/a>Deutsche Welle ofrece noticias, cultura, deporte, etc. Tienes 2 posibilidades: DW-TV y DW Radio. Si se clika en la opci\u00f3n <em>live<\/em> podr\u00e1s ver u oir la programaci\u00f3n en curso. Si se clika <em>on demand<\/em> podr\u00e1s ver y oir programas que ya se han emitido.<\/li>\n<li><a title=\"Tagesschau\" href=\"http:\/\/www.tagesschau.de\/\" target=\"_blank\" rel=\"noopener\">Tagesschau<\/a> El cl\u00e1sico de los noticieros. Tienes tambi\u00e9n un archivo con emisiones anteriores de radio y tv.<\/li>\n<\/ul>\n\t\t\t\t<\/div>\n\t\t\t<\/div>\n\t\t<\/div>\n\t\t\t<div class=\"sow-accordion-panel\n\t\t\t\t\t\"\n\t\t\t\tdata-anchor-id=\"enlaces-de-interes\">\n\t\t\t\t\t<div class=\"sow-accordion-panel-header-container\" role=\"heading\" aria-level=\"2\">\n\t\t\t\t\t<div class=\"sow-accordion-panel-header\" tabindex=\"0\" role=\"button\" id=\"accordion-label-enlaces-de-inter%c3%a9s\" aria-controls=\"accordion-content-enlaces-de-inter%c3%a9s\" aria-expanded=\"false\">\n\t\t\t\t\t\t<div class=\"sow-accordion-title sow-accordion-title-icon-left\">\n\t\t\t\t\t\t\t\t\t\t\t\t\t\tENLACES DE INTER\u00c9S\t\t\t\t\t\t\t\t\t\t\t\t\t<\/div>\n\t\t\t\t\t\t<div class=\"sow-accordion-open-close-button\">\n\t\t\t\t\t\t\t<div class=\"sow-accordion-open-button\">\n\t\t\t\t\t\t\t\t<span class=\"sow-icon-ionicons\" data-sow-icon=\"&#xf218;\"\n\t\t \n\t\taria-hidden=\"true\"><\/span>\t\t\t\t\t\t\t<\/div>\n\t\t\t\t\t\t\t<div class=\"sow-accordion-close-button\">\n\t\t\t\t\t\t\t\t<span class=\"sow-icon-ionicons\" data-sow-icon=\"&#xf209;\"\n\t\t \n\t\taria-hidden=\"true\"><\/span>\t\t\t\t\t\t\t<\/div>\n\t\t\t\t\t\t<\/div>\n\t\t\t\t\t<\/div>\n\t\t\t\t<\/div>\n\n\t\t\t<div\n\t\t\t\tclass=\"sow-accordion-panel-content\"\n\t\t\t\trole=\"region\"\n\t\t\t\taria-labelledby=\"accordion-label-enlaces-de-inter%c3%a9s\"\n\t\t\t\tid=\"accordion-content-enlaces-de-inter%c3%a9s\"\n\t\t\t\tstyle=\"display: none;\"\t\t\t>\n\t\t\t\t<div class=\"sow-accordion-panel-border\">\n\t\t\t\t\t<h3>Instituciones relevantes para la cultura alemana<\/h3>\n<ul>\n \t<li><a title=\"Embajada\" href=\"http:\/\/www.goethe.de\/INS\/es\/mad\/esindex.htm\" target=\"_blank\" rel=\"noopener\">Embajada Alemana<\/a><\/li>\n \t<li><a title=\"Oficina\" href=\"http:\/\/www.alemania-turismo.com\/ESN\/nosotros\/nosotros.htm?cc_lang\" target=\"_blank\" rel=\"noopener\">Oficina de Turismo Alemana<\/a><\/li>\n \t<li><a title=\"DAAD\" href=\"http:\/\/ic.daad.de\/barcelona\/\" target=\"_blank\" rel=\"noopener\">DAAD<\/a><\/li>\n<\/ul>\n<h3>Prensa<\/h3>\n<ul>\n \t<li><a title=\"S\u00fcddeutsche\" href=\"http:\/\/www.sueddeutsche.de\" target=\"_blank\" rel=\"noopener\">S\u00fcddeutsche Zeitung<\/a><\/li>\n \t<li><a title=\"Frankfurter\" href=\"http:\/\/www.faz.de\" target=\"_blank\" rel=\"noopener\">Frankfurter Allgemeine<\/a><\/li>\n \t<li><a title=\"Franfurter\" href=\"http:\/\/www.frankfurterrundschau.de\" target=\"_blank\" rel=\"noopener\">Frankfurter Rundschau<\/a><\/li>\n \t<li><a title=\"Die\" href=\"http:\/\/www.welt.de\" target=\"_blank\" rel=\"noopener\">Die Welt<\/a><\/li>\n \t<li><a title=\"Die\" href=\"http:\/\/www.taz.de\" target=\"_blank\" rel=\"noopener\">Die Tageszeitung<\/a><\/li>\n \t<li><a title=\"Der\" href=\"http:\/\/www.tagesspiegel.de\" target=\"_blank\" rel=\"noopener\">Der Tagesspiegel<\/a><\/li>\n \t<li><a title=\"Neus\" href=\"http:\/\/www.nzz.ch\" target=\"_blank\" rel=\"noopener\">Neus Z\u00fcrcher Zeitung<\/a><\/li>\n \t<li><a title=\"Berner\" href=\"http:\/\/www.bernerzeitung.ch\" target=\"_blank\" rel=\"noopener\">Berner Zeitung<\/a><\/li>\n \t<li><a title=\"Bild\" href=\"http:\/\/www.bild.t-online.de\" target=\"_blank\" rel=\"noopener\">Bild Zeitung<\/a><\/li>\n \t<li><a title=\"Der\" href=\"http:\/\/www.spiegel.de\" target=\"_blank\" rel=\"noopener\">Der Spiegel<\/a><\/li>\n \t<li><a title=\"Focus\" href=\"http:\/\/msn.focus.de\" target=\"_blank\" rel=\"noopener\">Focus<\/a><\/li>\n \t<li><a title=\"Stern\" href=\"http:\/\/www.stern.de\" target=\"_blank\" rel=\"noopener\">Stern<\/a><\/li>\n<\/ul>\n<strong> <\/strong>\n<h3>Radio y televisi\u00f3n<\/h3>\n<ul>\n \t<li><a title=\"ARD\" href=\"http:\/\/www.ard.de\" target=\"_blank\" rel=\"noopener\">ARD<\/a><\/li>\n \t<li><a title=\"ZDF\" href=\"http:\/\/www.zdf.de\" target=\"_blank\" rel=\"noopener\">ZDF<\/a><\/li>\n \t<li><a title=\"ARTE\" href=\"http:\/\/www.arte.de\" target=\"_blank\" rel=\"noopener\">ARTE<\/a><\/li>\n \t<li><a title=\"RTL\" href=\"http:\/\/www.rtl.de\" target=\"_blank\" rel=\"noopener\">RTL<\/a><\/li>\n \t<li><a title=\"3SAT\" href=\"http:\/\/www.3sat.de\" target=\"_blank\" rel=\"noopener\">3SAT<\/a><\/li>\n \t<li><a title=\"SF\" href=\"http:\/\/www.sfdrs.ch\" target=\"_blank\" rel=\"noopener\">SF DRS Schweizer Fernsehen<\/a><\/li>\n \t<li><a title=\"ORF\" href=\"http:\/\/www.orf.at\" target=\"_blank\" rel=\"noopener\">ORF \u00d6sterreichischer Rundfunk<\/a><\/li>\n \t<li><a title=\"Deutsche\" href=\"http:\/\/www.dw-world.com\" target=\"_blank\" rel=\"noopener\">Deutsche Welle<\/a><\/li>\n<\/ul>\t\t\t\t<\/div>\n\t\t\t<\/div>\n\t\t<\/div>\n\t\t\t<div class=\"sow-accordion-panel\n\t\t\t\t\t\"\n\t\t\t\tdata-anchor-id=\"actividades-culturales\">\n\t\t\t\t\t<div class=\"sow-accordion-panel-header-container\" role=\"heading\" aria-level=\"2\">\n\t\t\t\t\t<div class=\"sow-accordion-panel-header\" tabindex=\"0\" role=\"button\" id=\"accordion-label-actividades-culturales\" aria-controls=\"accordion-content-actividades-culturales\" aria-expanded=\"false\">\n\t\t\t\t\t\t<div class=\"sow-accordion-title sow-accordion-title-icon-left\">\n\t\t\t\t\t\t\t\t\t\t\t\t\t\tACTIVIDADES CULTURALES\t\t\t\t\t\t\t\t\t\t\t\t\t<\/div>\n\t\t\t\t\t\t<div class=\"sow-accordion-open-close-button\">\n\t\t\t\t\t\t\t<div class=\"sow-accordion-open-button\">\n\t\t\t\t\t\t\t\t<span class=\"sow-icon-ionicons\" data-sow-icon=\"&#xf218;\"\n\t\t \n\t\taria-hidden=\"true\"><\/span>\t\t\t\t\t\t\t<\/div>\n\t\t\t\t\t\t\t<div class=\"sow-accordion-close-button\">\n\t\t\t\t\t\t\t\t<span class=\"sow-icon-ionicons\" data-sow-icon=\"&#xf209;\"\n\t\t \n\t\taria-hidden=\"true\"><\/span>\t\t\t\t\t\t\t<\/div>\n\t\t\t\t\t\t<\/div>\n\t\t\t\t\t<\/div>\n\t\t\t\t<\/div>\n\n\t\t\t<div\n\t\t\t\tclass=\"sow-accordion-panel-content\"\n\t\t\t\trole=\"region\"\n\t\t\t\taria-labelledby=\"accordion-label-actividades-culturales\"\n\t\t\t\tid=\"accordion-content-actividades-culturales\"\n\t\t\t\tstyle=\"display: none;\"\t\t\t>\n\t\t\t\t<div class=\"sow-accordion-panel-border\">\n\t\t\t\t\t<div class=\"wp-block-query is-layout-flow\">\n<ul class=\"wp-block-post-template is-layout-flow\">\n<li class=\"wp-block-post post-2184 post type-post status-publish format-standard has-post-thumbnail hentry category-depart-aleman-enlaces\">\n<div class=\"wp-block-columns are-vertically-aligned-center is-layout-flex wp-container-6\">\n<div class=\"wp-block-column is-vertically-aligned-center is-layout-flow\">\n<figure class=\"wp-block-post-featured-image\"><a href=\"https:\/\/site.educa.madrid.org\/eoi.sansebastian\/index.php\/2022\/01\/01\/tandem-2020\/\" target=\"_self\"><img loading=\"lazy\" decoding=\"async\" class=\"attachment-post-thumbnail size-post-thumbnail wp-post-image\" src=\"https:\/\/site.educa.madrid.org\/eoi.sansebastian\/\/wp-content\/uploads\/eoi.sansebastian\/2022\/03\/aniversario-2.png\" alt=\"M\u00fasica en Alem\u00e1n\" width=\"489\" height=\"513\" \/><\/a><\/figure>\n<\/div>\n<div class=\"wp-block-column is-vertically-aligned-center is-layout-flow\">\n<h2 class=\"wp-block-post-title\"><a href=\"https:\/\/site.educa.madrid.org\/eoi.sansebastian\/index.php\/2022\/01\/01\/tandem-2020\/\" target=\"_self\">M\u00fasica en Alem\u00e1n<\/a><\/h2>\n<\/div>\n<\/div>\n<\/li>\n<li class=\"wp-block-post post-2195 post type-post status-publish format-standard has-post-thumbnail hentry category-depart-aleman-enlaces\">\n<div class=\"wp-block-columns are-vertically-aligned-center is-layout-flex wp-container-9\">\n<div class=\"wp-block-column is-vertically-aligned-center is-layout-flow\">\n<figure class=\"wp-block-post-featured-image\"><a href=\"https:\/\/site.educa.madrid.org\/eoi.sansebastian\/index.php\/2021\/01\/19\/tandem-2020-2\/\" target=\"_self\"><img loading=\"lazy\" decoding=\"async\" class=\"attachment-post-thumbnail size-post-thumbnail wp-post-image\" src=\"https:\/\/site.educa.madrid.org\/eoi.sansebastian\/\/wp-content\/uploads\/eoi.sansebastian\/2022\/03\/aniversario-portada-4-1.png\" alt=\"Tandem 2020\" width=\"600\" height=\"393\" \/><\/a><\/figure>\n<\/div>\n<div class=\"wp-block-column is-vertically-aligned-center is-layout-flow\">\n<h2 class=\"wp-block-post-title\"><a href=\"https:\/\/site.educa.madrid.org\/eoi.sansebastian\/index.php\/2021\/01\/19\/tandem-2020-2\/\" target=\"_self\">Tandem 2020<\/a><\/h2>\n<\/div>\n<\/div>\n<\/li>\n<\/ul>\n<\/div>\n\t\t\t\t<\/div>\n\t\t\t<\/div>\n\t\t<\/div>\n\t\t<\/div>\n<\/div>\n<\/div>\n\n\n<div style=\"height:100px\" aria-hidden=\"true\" class=\"wp-block-spacer\"><\/div>\n\n\n\n<p><\/p>\n","protected":false},"excerpt":{"rendered":"<p>Departamento Alem\u00e1n<\/p>\n","protected":false},"author":3,"featured_media":0,"parent":0,"menu_order":0,"comment_status":"closed","ping_status":"closed","template":"","meta":{"footnotes":""},"folder":[],"class_list":["post-2164","page","type-page","status-publish","hentry"],"rttpg_featured_image_url":null,"rttpg_author":{"display_name":"eoi.sansebastian","author_link":"https:\/\/site.educa.madrid.org\/eoi.sansebastian\/index.php\/author\/cuenta_eoi-sansebastian\/"},"rttpg_comment":0,"rttpg_category":false,"rttpg_excerpt":"Departamento Alem\u00e1n","post_mailing_queue_ids":[],"_links":{"self":[{"href":"https:\/\/site.educa.madrid.org\/eoi.sansebastian\/index.php\/wp-json\/wp\/v2\/pages\/2164","targetHints":{"allow":["GET"]}}],"collection":[{"href":"https:\/\/site.educa.madrid.org\/eoi.sansebastian\/index.php\/wp-json\/wp\/v2\/pages"}],"about":[{"href":"https:\/\/site.educa.madrid.org\/eoi.sansebastian\/index.php\/wp-json\/wp\/v2\/types\/page"}],"author":[{"embeddable":true,"href":"https:\/\/site.educa.madrid.org\/eoi.sansebastian\/index.php\/wp-json\/wp\/v2\/users\/3"}],"replies":[{"embeddable":true,"href":"https:\/\/site.educa.madrid.org\/eoi.sansebastian\/index.php\/wp-json\/wp\/v2\/comments?post=2164"}],"version-history":[{"count":40,"href":"https:\/\/site.educa.madrid.org\/eoi.sansebastian\/index.php\/wp-json\/wp\/v2\/pages\/2164\/revisions"}],"predecessor-version":[{"id":4126,"href":"https:\/\/site.educa.madrid.org\/eoi.sansebastian\/index.php\/wp-json\/wp\/v2\/pages\/2164\/revisions\/4126"}],"wp:attachment":[{"href":"https:\/\/site.educa.madrid.org\/eoi.sansebastian\/index.php\/wp-json\/wp\/v2\/media?parent=2164"}],"wp:term":[{"taxonomy":"folder","embeddable":true,"href":"https:\/\/site.educa.madrid.org\/eoi.sansebastian\/index.php\/wp-json\/wp\/v2\/folder?post=2164"}],"curies":[{"name":"wp","href":"https:\/\/api.w.org\/{rel}","templated":true}]}}