{"id":2204,"date":"2022-04-19T19:56:28","date_gmt":"2022-04-19T17:56:28","guid":{"rendered":"https:\/\/site.educa.madrid.org\/eoi.sansebastian\/?page_id=2204"},"modified":"2026-05-12T15:28:39","modified_gmt":"2026-05-12T13:28:39","slug":"departamento-espanol","status":"publish","type":"page","link":"https:\/\/site.educa.madrid.org\/eoi.sansebastian\/index.php\/departamento-espanol\/","title":{"rendered":"Espa\u00f1ol"},"content":{"rendered":"\n<div class=\"wp-block-columns is-layout-flex wp-container-core-columns-is-layout-9d6595d7 wp-block-columns-is-layout-flex\">\n<div class=\"wp-block-column is-layout-flow wp-block-column-is-layout-flow\" style=\"flex-basis:20%\">\n<figure class=\"wp-block-image size-full is-resized\"><img loading=\"lazy\" decoding=\"async\" width=\"200\" height=\"200\" src=\"https:\/\/site.educa.madrid.org\/eoi.sansebastian\/\/wp-content\/uploads\/eoi.sansebastian\/2022\/03\/b-spain.png\" alt=\"Departamento Espa\u00f1ol\" class=\"wp-image-1386\" style=\"width:100px;height:100px\" srcset=\"https:\/\/site.educa.madrid.org\/eoi.sansebastian\/\/wp-content\/uploads\/eoi.sansebastian\/2022\/03\/b-spain.png 200w, https:\/\/site.educa.madrid.org\/eoi.sansebastian\/\/wp-content\/uploads\/eoi.sansebastian\/2022\/03\/b-spain-150x150.png 150w, https:\/\/site.educa.madrid.org\/eoi.sansebastian\/\/wp-content\/uploads\/eoi.sansebastian\/2022\/03\/b-spain-100x100.png 100w\" sizes=\"auto, (max-width: 200px) 100vw, 200px\" \/><\/figure>\n<\/div>\n\n\n\n<div class=\"wp-block-column is-layout-flow wp-block-column-is-layout-flow\" style=\"flex-basis:80%\"><\/div>\n<\/div>\n\n\n<div\n\t\t\t\n\t\t\tclass=\"so-widget-sow-tabs so-widget-sow-tabs-default-4476811c03b8\"\n\t\t\t\n\t\t><div class=\"sow-tabs\">\n\t<div class=\"sow-tabs-tab-container\" role=\"tablist\">\n\t\t\t<div\n\t\t\tclass=\"sow-tabs-tab\n\t\t\t sow-tabs-tab-selected\t\t\t\"\n\t\t\trole=\"tab\"\n\t\t\tdata-anchor-id=\"informacion-general\"\n\t\t\taria-selected=\"true\"\n\t\t\ttabindex=\"0\"\n\t\t>\n\t\t\t<div class=\"sow-tabs-title sow-tabs-title-icon-left\">\n\t\t\t\t\t\t\t\tINFORMACI\u00d3N GENERAL\t\t\t\t\t\t\t<\/div>\n\t\t<\/div>\n\t\t\t<div\n\t\t\tclass=\"sow-tabs-tab\n\t\t\t\t\t\t\"\n\t\t\trole=\"tab\"\n\t\t\tdata-anchor-id=\"cursos-y-horarios\"\n\t\t\taria-selected=\"false\"\n\t\t\ttabindex=\"0\"\n\t\t>\n\t\t\t<div class=\"sow-tabs-title sow-tabs-title-icon-left\">\n\t\t\t\t\t\t\t\tCURSOS Y HORARIOS\t\t\t\t\t\t\t<\/div>\n\t\t<\/div>\n\t\t\t<div\n\t\t\tclass=\"sow-tabs-tab\n\t\t\t\t\t\t\"\n\t\t\trole=\"tab\"\n\t\t\tdata-anchor-id=\"libros-de-texto\"\n\t\t\taria-selected=\"false\"\n\t\t\ttabindex=\"0\"\n\t\t>\n\t\t\t<div class=\"sow-tabs-title sow-tabs-title-icon-left\">\n\t\t\t\t\t\t\t\tLIBROS DE TEXTO\t\t\t\t\t\t\t<\/div>\n\t\t<\/div>\n\t\t\t<div\n\t\t\tclass=\"sow-tabs-tab\n\t\t\t\t\t\t\"\n\t\t\trole=\"tab\"\n\t\t\tdata-anchor-id=\"evaluacion\"\n\t\t\taria-selected=\"false\"\n\t\t\ttabindex=\"0\"\n\t\t>\n\t\t\t<div class=\"sow-tabs-title sow-tabs-title-icon-left\">\n\t\t\t\t\t\t\t\tEVALUACI\u00d3N\t\t\t\t\t\t\t<\/div>\n\t\t<\/div>\n\t\t\t<div\n\t\t\tclass=\"sow-tabs-tab\n\t\t\t\t\t\t\"\n\t\t\trole=\"tab\"\n\t\t\tdata-anchor-id=\"contacto\"\n\t\t\taria-selected=\"false\"\n\t\t\ttabindex=\"0\"\n\t\t>\n\t\t\t<div class=\"sow-tabs-title sow-tabs-title-icon-left\">\n\t\t\t\t\t\t\t\tCONTACTO\t\t\t\t\t\t\t<\/div>\n\t\t<\/div>\n\t\t<\/div>\n\n\t<div class=\"sow-tabs-panel-container\">\n\t\t\t<div class=\"sow-tabs-panel\">\n\t\t\t<div\n\t\t\t\tclass=\"sow-tabs-panel-content\"\n\t\t\t\trole=\"tabpanel\"\n\t\t\t\taria-hidden=\"false\"\n\t\t\t>\n\t\t\t\t<p><a href=\"https:\/\/eoisansebastiandelosreyes.com\/informacion-general-espanol\/\">Informaci\u00f3n general<\/a><\/p>\n\t\t\t<\/div>\n\t\t<\/div>\n\t\t\t<div class=\"sow-tabs-panel\">\n\t\t\t<div\n\t\t\t\tclass=\"sow-tabs-panel-content\"\n\t\t\t\trole=\"tabpanel\"\n\t\t\t\taria-hidden=\"true\"\n\t\t\t>\n\t\t\t\t<p><a href=\"https:\/\/eoisansebastiandelosreyes.com\/cursos-y-horarios\/\">Cursos y horarios enero-junio 2026<\/a><\/p>\n\t\t\t<\/div>\n\t\t<\/div>\n\t\t\t<div class=\"sow-tabs-panel\">\n\t\t\t<div\n\t\t\t\tclass=\"sow-tabs-panel-content\"\n\t\t\t\trole=\"tabpanel\"\n\t\t\t\taria-hidden=\"true\"\n\t\t\t>\n\t\t\t\t<p><a href=\"https:\/\/site.educa.madrid.org\/eoi.sansebastian\/\/wp-content\/uploads\/eoi.sansebastian\/2025\/09\/LibrosESPANOL25_26.pdf\" target=\"_blank\" rel=\"noopener\">Listado de libros de texto curso 2025-2026<\/a><\/p>\n\t\t\t<\/div>\n\t\t<\/div>\n\t\t\t<div class=\"sow-tabs-panel\">\n\t\t\t<div\n\t\t\t\tclass=\"sow-tabs-panel-content\"\n\t\t\t\trole=\"tabpanel\"\n\t\t\t\taria-hidden=\"true\"\n\t\t\t>\n\t\t\t\t<div class=\"sow-tabs-panel\">\n<div class=\"sow-tabs-panel-content\" role=\"tabpanel\">\n<p>ESPECIFICACIONES Y CRITERIOS DE EVALUACI\u00d3N EXTRAORDINARIA 23-24:<\/p>\n<ul>\n<li><a href=\"https:\/\/site.educa.madrid.org\/eoi.sansebastian\/\/wp-content\/uploads\/eoi.sansebastian\/2022\/04\/Espaol_A1.pdf\" target=\"_blank\" rel=\"noopener\"><strong>A1<\/strong><\/a><\/li>\n<li><a href=\"https:\/\/site.educa.madrid.org\/eoi.sansebastian\/\/wp-content\/uploads\/eoi.sansebastian\/2022\/04\/A2-1.pdf\" target=\"_blank\" rel=\"noopener\"><strong>A2<\/strong><\/a><\/li>\n<li><a href=\"https:\/\/site.educa.madrid.org\/eoi.sansebastian\/\/wp-content\/uploads\/eoi.sansebastian\/2022\/04\/B1-1.pdf\" target=\"_blank\" rel=\"noopener\"><strong>B1<\/strong><\/a><\/li>\n<li><strong>B2.1<\/strong><\/li>\n<li><a href=\"https:\/\/site.educa.madrid.org\/eoi.sansebastian\/\/wp-content\/uploads\/eoi.sansebastian\/2022\/04\/B2-1.pdf\" target=\"_blank\" rel=\"noopener\"><strong>B2.2<\/strong><\/a><\/li>\n<li><a href=\"https:\/\/site.educa.madrid.org\/eoi.sansebastian\/\/wp-content\/uploads\/eoi.sansebastian\/2022\/04\/C1-1.pdf\" target=\"_blank\" rel=\"noopener\"><strong>C1<\/strong><\/a><\/li>\n<\/ul>\n<\/div>\n<\/div>\n\t\t\t<\/div>\n\t\t<\/div>\n\t\t\t<div class=\"sow-tabs-panel\">\n\t\t\t<div\n\t\t\t\tclass=\"sow-tabs-panel-content\"\n\t\t\t\trole=\"tabpanel\"\n\t\t\t\taria-hidden=\"true\"\n\t\t\t>\n\t\t\t\t<div>\n<div><strong>Escuela Oficial de Idiomas de San Sebasti\u00e1n de los Reyes<\/strong><\/div>\n<\/div>\n<div><strong>Departamento de Espa\u00f1ol<\/strong><br \/><a href=\"mailto:marta.cristobal@educa.madrid.org\" target=\"_blank\" rel=\"noopener\">marta.cristobal@educa.madrid.<wbr \/>org<\/a><\/div>\n\t\t\t<\/div>\n\t\t<\/div>\n\t\t<\/div>\n<\/div>\n<\/div>\n\n<div\n\t\t\t\n\t\t\tclass=\"so-widget-sow-accordion so-widget-sow-accordion-default-008dfe220595\"\n\t\t\t data-max-open-panels=\"0\" data-initial-scroll-panel=\"0\"\n\t\t><div>\n\t<div class=\"sow-accordion\">\n\t\t\t<div class=\"sow-accordion-panel\n\t\t\t\t\t\"\n\t\t\t\tdata-anchor-id=\"manuales-recomendados\">\n\t\t\t\t\t<div class=\"sow-accordion-panel-header-container\" role=\"heading\" aria-level=\"2\">\n\t\t\t\t\t<div class=\"sow-accordion-panel-header\" tabindex=\"0\" role=\"button\" id=\"accordion-label-manuales-recomendados\" aria-controls=\"accordion-content-manuales-recomendados\" aria-expanded=\"false\">\n\t\t\t\t\t\t<div class=\"sow-accordion-title sow-accordion-title-icon-left\">\n\t\t\t\t\t\t\t\t\t\t\t\t\t\tMANUALES RECOMENDADOS\t\t\t\t\t\t\t\t\t\t\t\t\t<\/div>\n\t\t\t\t\t\t<div class=\"sow-accordion-open-close-button\">\n\t\t\t\t\t\t\t<div class=\"sow-accordion-open-button\">\n\t\t\t\t\t\t\t\t<span class=\"sow-icon-fontawesome sow-fas\" data-sow-icon=\"&#x2b;\"\n\t\t \n\t\taria-hidden=\"true\"><\/span>\t\t\t\t\t\t\t<\/div>\n\t\t\t\t\t\t\t<div class=\"sow-accordion-close-button\">\n\t\t\t\t\t\t\t\t<span class=\"sow-icon-fontawesome sow-fas\" data-sow-icon=\"&#xf068;\"\n\t\t \n\t\taria-hidden=\"true\"><\/span>\t\t\t\t\t\t\t<\/div>\n\t\t\t\t\t\t<\/div>\n\t\t\t\t\t<\/div>\n\t\t\t\t<\/div>\n\n\t\t\t<div\n\t\t\t\tclass=\"sow-accordion-panel-content\"\n\t\t\t\trole=\"region\"\n\t\t\t\taria-labelledby=\"accordion-label-manuales-recomendados\"\n\t\t\t\tid=\"accordion-content-manuales-recomendados\"\n\t\t\t\tstyle=\"display: none;\"\t\t\t>\n\t\t\t\t<div class=\"sow-accordion-panel-border\">\n\t\t\t\t\t<pre class=\"tool-text\"><strong>B\u00c1SICO<\/strong><\/pre>\n<p class=\"tool-text\"><strong>Gram\u00e1tica<\/strong><\/p>\n<ul>\n<li class=\"tool-text\">Gram\u00e1tica B\u00e1sica del estudiante de espa\u00f1ol (nivel A1- A2- B1), ed. Difusi\u00f3n<\/li>\n<li class=\"tool-text\">Cuadernos de gram\u00e1tica espa\u00f1ola A1 ed. Difusi\u00f3n<\/li>\n<li class=\"tool-text\">Gram\u00e1tica Espa\u00f1ola B\u00e1sica: aprender y utilizar (nivel A1 \u2013 A2 \u2013 B1), ed. Edinumen<\/li>\n<li class=\"tool-text\">Gram\u00e1tica Elemental A1 \u2013 A2, ed. Anaya<\/li>\n<li class=\"tool-text\">Ejercicios de gram\u00e1tica. Nivel Inicial ed. Anaya<\/li>\n<li class=\"tool-text\">Competencia gramatical en Uso A1 \/ A2: ejercicios de gram\u00e1tica, forma y uso, ed. Edelsa<\/li>\n<li class=\"tool-text\">Uso de la gram\u00e1tica espa\u00f1ola Junior elemental, ed. Edelsa<\/li>\n<\/ul>\n<p class=\"tool-text\"><strong>Diccionarios<\/strong>:<\/p>\n<ul>\n<li class=\"tool-text\">Diccionario b\u00e1sico de uso de la lengua espa\u00f1ola, Aquilino S\u00e1nchez (dir), ed. SGEL<\/li>\n<\/ul>\n<p class=\"tool-text\"><strong>Otros materiales:<\/strong><\/p>\n<ul>\n<li class=\"tool-text\">El espa\u00f1ol en crucigramas 1,2 y 3 ed. ELI<\/li>\n<li class=\"tool-text\">Vocabulario. Nivel elemental A1-A2, ed. Anaya<\/li>\n<li class=\"tool-text\">Vocabulario en di\u00e1logo (nivel A1 \u2013 A2), ed. EnClave ELE<\/li>\n<li class=\"tool-text\">Vocabulario activo e ilustrado, ed. SGEL<\/li>\n<li class=\"tool-text\">Colecci\u00f3n Pr\u00e1ctica por destrezas: Expresi\u00f3n oral 1 \/ Comprensi\u00f3n oral 1 \/ Expresi\u00f3n escrita 1 \/ Comprensi\u00f3n escrita 1, ed. EnClave ELE<\/li>\n<\/ul>\n<hr \/>\n<pre class=\"tool-text\"><strong>INTERMEDIO<\/strong><\/pre>\n<p class=\"tool-text\"><strong>Gram\u00e1tica<\/strong><\/p>\n<ul>\n<li class=\"tool-text\">Uso de la gram\u00e1tica espa\u00f1ola Junior Avanzado, ed. Edelsa<\/li>\n<li class=\"tool-text\">Gram\u00e1tica. Nivel medio B1, ed. Anaya<\/li>\n<li class=\"tool-text\">Ejercicios de gram\u00e1tica. Nivel medio, ed. Anaya<\/li>\n<li class=\"tool-text\">Practica tu espa\u00f1ol: Los tiempos de pasado \/ Ser y estar \/ El subjuntivo ed. SGEL<\/li>\n<li class=\"tool-text\">Competencia gramatical en Uso B1: ejercicios de gram\u00e1tica, forma y uso, ed. Edelsa<\/li>\n<li class=\"tool-text\">Gram\u00e1tica B\u00e1sica del estudiante de espa\u00f1ol (nivel A1- A2- B1), ed. Difusi\u00f3n<\/li>\n<li class=\"tool-text\">Cuadernos de Gram\u00e1tica espa\u00f1ola A1-B1, ed. Difusi\u00f3n<\/li>\n<li class=\"tool-text\">Tu pasaporte en gram\u00e1tica. Nivel A2, ed. Edelsa<\/li>\n<li class=\"tool-text\">Gram\u00e1tica pr\u00e1ctica del espa\u00f1ol A2 \u2013 B1, ed. EnClave ELE<\/li>\n<li class=\"tool-text\">Gram\u00e1tica en di\u00e1logo A2 \u2013 B1, ed. EnClave ELE<\/li>\n<\/ul>\n<p class=\"tool-text\"><strong>Diccionarios<\/strong><\/p>\n<ul>\n<li class=\"tool-text\">Clave. Diccionario de uso del espa\u00f1ol actual, ed. SM.<\/li>\n<li class=\"tool-text\">Diccionario de espa\u00f1ol para extranjeros, ed. SM.<\/li>\n<li class=\"tool-text\">Gran diccionario de uso del espa\u00f1ol actual con CD ROM, ed. SGEL<\/li>\n<li class=\"tool-text\">Diccionario del estudiante, ed. Santillana<\/li>\n<\/ul>\n<p class=\"tool-text\"><strong>Otros materiales<\/strong><\/p>\n<ul>\n<li class=\"tool-text\">Uso interactivo del vocabulario. Nivel A1 \u2013 B1, ed. Edelsa<\/li>\n<li class=\"tool-text\">\u00a1Viva el vocabulario! A1 \u2013 B1, ed. EnClave ELE<\/li>\n<li class=\"tool-text\">Colecci\u00f3n pr\u00e1ctica por destrezas: Expresi\u00f3n oral 2 \/ Comprensi\u00f3n oral 2\/ Expresi\u00f3n escrita 2 \/ Comprensi\u00f3n escrita 2, ed. EnClave ELE<\/li>\n<li class=\"tool-text\">Ejercicios de pronunciaci\u00f3n. Practica tu espa\u00f1ol, ed. SGEL<\/li>\n<li class=\"tool-text\">Ortograf\u00eda. Practica tu espa\u00f1ol, ed. SGEL<\/li>\n<\/ul>\n<hr \/>\n<pre class=\"tool-text\"> <strong>AVANZADO<\/strong><\/pre>\n<p class=\"tool-text\"><strong>Gram\u00e1tica<\/strong><\/p>\n<ul>\n<li class=\"tool-text\">Gram\u00e1tica. Nivel medio B2, ed. Anaya<\/li>\n<li class=\"tool-text\">Problemas frecuentes del espa\u00f1ol. Practica tu espa\u00f1ol, ed. SGEL<\/li>\n<li class=\"tool-text\">Verbos espa\u00f1oles (A1-A2-B1-B2), ed. Difusi\u00f3n<\/li>\n<li class=\"tool-text\">Colecci\u00f3n Paso a paso (autoaprendizaje del espa\u00f1ol): Los pronombres personales \/ Las formas verbales \/ El estilo indirecto, ed. Edinumen<\/li>\n<li class=\"tool-text\">Colecci\u00f3n Practica tu espa\u00f1ol: Ser y estar \/ Los tiempos de pasado \/ Las preposiciones \/ Marcadores del discurso \/ El subjuntivo, ed. SGEL<\/li>\n<li class=\"tool-text\">Gram\u00e1tica. Nivel B2 ed. Anaya<\/li>\n<li class=\"tool-text\">Ejercicios de gram\u00e1tica. Nivel avanzado, ed. Anaya<\/li>\n<li class=\"tool-text\">Competencia gramatical en Uso B2: ejercicios de gram\u00e1tica, forma y uso, ed. Edelsa<\/li>\n<li class=\"tool-text\">Uso de la gram\u00e1tica espa\u00f1ola Junior avanzado, ed. Edelsa<\/li>\n<\/ul>\n<p class=\"tool-text\"><strong>Diccionarios<\/strong><\/p>\n<ul>\n<li class=\"tool-text\">Clave. Diccionario de uso del espa\u00f1ol actual, ed. SM.<\/li>\n<li class=\"tool-text\">Diccionario de espa\u00f1ol para extranjeros, ed. SM.<\/li>\n<li class=\"tool-text\">Gran diccionario de uso del espa\u00f1ol actual con CD ROM, ed. SGEL<\/li>\n<li class=\"tool-text\">Diccionario del estudiante, ed. Santillana<\/li>\n<\/ul>\n<p class=\"tool-text\"><strong>Otros materiales<\/strong><\/p>\n<ul>\n<li class=\"tool-text\">Actividades para el Marco Com\u00fan Europeo B1 \/ B2 (con claves), ed. EnClave ELE<\/li>\n<li class=\"tool-text\">Espa\u00f1ol coloquial: rasgos, formas y fraseolog\u00eda de la lengua diaria, ed. Edinumen<\/li>\n<li class=\"tool-text\">Ejercicios de l\u00e9xico. Nivel avanzado, ed. Anaya<\/li>\n<li class=\"tool-text\">Practica tu espa\u00f1ol. Expresiones coloquiales, ed. Anaya<\/li>\n<li class=\"tool-text\">Fon\u00e9tica, entonaci\u00f3n y ortograf\u00eda, ed. Edelsa<\/li>\n<li class=\"tool-text\">Ortograf\u00eda espa\u00f1ola II: signos de puntuaci\u00f3n, ed. Anaya<\/li>\n<li class=\"tool-text\">El espa\u00f1ol por destrezas: Escucha y aprende \/ Leer en espa\u00f1ol \/ Escribe en espa\u00f1ol, ed. SGEL<\/li>\n<li class=\"tool-text\">Escribir cartas. Espa\u00f1ol, Pons Idiomas, ed. Difusi\u00f3n<\/li>\n<\/ul>\n\t\t\t\t<\/div>\n\t\t\t<\/div>\n\t\t<\/div>\n\t\t\t<div class=\"sow-accordion-panel\n\t\t\t\t\t\"\n\t\t\t\tdata-anchor-id=\"actividades-culturales\">\n\t\t\t\t\t<div class=\"sow-accordion-panel-header-container\" role=\"heading\" aria-level=\"2\">\n\t\t\t\t\t<div class=\"sow-accordion-panel-header\" tabindex=\"0\" role=\"button\" id=\"accordion-label-actividades-culturales\" aria-controls=\"accordion-content-actividades-culturales\" aria-expanded=\"false\">\n\t\t\t\t\t\t<div class=\"sow-accordion-title sow-accordion-title-icon-left\">\n\t\t\t\t\t\t\t\t\t\t\t\t\t\tACTIVIDADES CULTURALES\t\t\t\t\t\t\t\t\t\t\t\t\t<\/div>\n\t\t\t\t\t\t<div class=\"sow-accordion-open-close-button\">\n\t\t\t\t\t\t\t<div class=\"sow-accordion-open-button\">\n\t\t\t\t\t\t\t\t<span class=\"sow-icon-fontawesome sow-fas\" data-sow-icon=\"&#x2b;\"\n\t\t \n\t\taria-hidden=\"true\"><\/span>\t\t\t\t\t\t\t<\/div>\n\t\t\t\t\t\t\t<div class=\"sow-accordion-close-button\">\n\t\t\t\t\t\t\t\t<span class=\"sow-icon-fontawesome sow-fas\" data-sow-icon=\"&#xf068;\"\n\t\t \n\t\taria-hidden=\"true\"><\/span>\t\t\t\t\t\t\t<\/div>\n\t\t\t\t\t\t<\/div>\n\t\t\t\t\t<\/div>\n\t\t\t\t<\/div>\n\n\t\t\t<div\n\t\t\t\tclass=\"sow-accordion-panel-content\"\n\t\t\t\trole=\"region\"\n\t\t\t\taria-labelledby=\"accordion-label-actividades-culturales\"\n\t\t\t\tid=\"accordion-content-actividades-culturales\"\n\t\t\t\tstyle=\"display: none;\"\t\t\t>\n\t\t\t\t<div class=\"sow-accordion-panel-border\">\n\t\t\t\t\t<p>\u00a0<\/p>\n<p style=\"text-align: center\">ESTAMOS TRABAJANDO EN ELLO. DISCULPEN LAS MOLESTIAS.<\/p>\n<p>\u00a0<\/p>\n<p>\u00a0<\/p>\n\t\t\t\t<\/div>\n\t\t\t<\/div>\n\t\t<\/div>\n\t\t<\/div>\n<\/div>\n<\/div>\n\n\n<p><\/p>\n","protected":false},"excerpt":{"rendered":"","protected":false},"author":3,"featured_media":0,"parent":0,"menu_order":0,"comment_status":"closed","ping_status":"closed","template":"","meta":{"footnotes":""},"folder":[],"class_list":["post-2204","page","type-page","status-publish","hentry"],"rttpg_featured_image_url":null,"rttpg_author":{"display_name":"eoi.sansebastian","author_link":"https:\/\/site.educa.madrid.org\/eoi.sansebastian\/index.php\/author\/cuenta_eoi-sansebastian\/"},"rttpg_comment":0,"rttpg_category":false,"rttpg_excerpt":null,"post_mailing_queue_ids":[],"_links":{"self":[{"href":"https:\/\/site.educa.madrid.org\/eoi.sansebastian\/index.php\/wp-json\/wp\/v2\/pages\/2204","targetHints":{"allow":["GET"]}}],"collection":[{"href":"https:\/\/site.educa.madrid.org\/eoi.sansebastian\/index.php\/wp-json\/wp\/v2\/pages"}],"about":[{"href":"https:\/\/site.educa.madrid.org\/eoi.sansebastian\/index.php\/wp-json\/wp\/v2\/types\/page"}],"author":[{"embeddable":true,"href":"https:\/\/site.educa.madrid.org\/eoi.sansebastian\/index.php\/wp-json\/wp\/v2\/users\/3"}],"replies":[{"embeddable":true,"href":"https:\/\/site.educa.madrid.org\/eoi.sansebastian\/index.php\/wp-json\/wp\/v2\/comments?post=2204"}],"version-history":[{"count":24,"href":"https:\/\/site.educa.madrid.org\/eoi.sansebastian\/index.php\/wp-json\/wp\/v2\/pages\/2204\/revisions"}],"predecessor-version":[{"id":4034,"href":"https:\/\/site.educa.madrid.org\/eoi.sansebastian\/index.php\/wp-json\/wp\/v2\/pages\/2204\/revisions\/4034"}],"wp:attachment":[{"href":"https:\/\/site.educa.madrid.org\/eoi.sansebastian\/index.php\/wp-json\/wp\/v2\/media?parent=2204"}],"wp:term":[{"taxonomy":"folder","embeddable":true,"href":"https:\/\/site.educa.madrid.org\/eoi.sansebastian\/index.php\/wp-json\/wp\/v2\/folder?post=2204"}],"curies":[{"name":"wp","href":"https:\/\/api.w.org\/{rel}","templated":true}]}}