{"id":3933,"date":"2026-03-14T11:26:00","date_gmt":"2026-03-14T10:26:00","guid":{"rendered":"https:\/\/site.educa.madrid.org\/eoi.sansebastian\/?page_id=3933"},"modified":"2026-03-27T11:31:44","modified_gmt":"2026-03-27T10:31:44","slug":"actividades-anteriores","status":"publish","type":"page","link":"https:\/\/site.educa.madrid.org\/eoi.sansebastian\/index.php\/actividades-anteriores\/","title":{"rendered":"Actividades anteriores"},"content":{"rendered":"\n<div style=\"height:50px\" aria-hidden=\"true\" class=\"wp-block-spacer\"><\/div>\n\n\n\n<h2 class=\"wp-block-heading\" id=\"proyectos-interdepartamentales\"><strong>Curso 2021-2022<\/strong><\/h2>\n\n\n\n<p><strong>Feliz Navidad 2021<\/strong><\/p>\n\n\n\n<p>La Comunidad Escolar de la EOI de San Sebasti\u00e1n de los Reyes os desea FELIZ NAVIDAD 2021.<\/p>\n\n\n\n<figure class=\"wp-block-embed is-type-video is-provider-youtube wp-block-embed-youtube wp-embed-aspect-16-9 wp-has-aspect-ratio\"><div class=\"wp-block-embed__wrapper\">\n<iframe loading=\"lazy\" title=\"Feliz Navidad EOI San Sebasti\u00e1n de los Reyes\" width=\"800\" height=\"450\" src=\"https:\/\/www.youtube.com\/embed\/1M11orTi6xo?feature=oembed\" frameborder=\"0\" allow=\"accelerometer; autoplay; clipboard-write; encrypted-media; gyroscope; picture-in-picture; web-share\" referrerpolicy=\"strict-origin-when-cross-origin\" allowfullscreen><\/iframe>\n<\/div><\/figure>\n\n\n\n<p><strong>Concurso: \u00abRiendo, sonriendo y aprendiendo\u00bb<\/strong><\/p>\n\n\n\n<p>Puedes participar grabando un v\u00eddeo o un audio de duraci\u00f3n m\u00e1xima de 90 segundos contando un chiste o un sketch en alem\u00e1n, espa\u00f1ol, franc\u00e9s, ingl\u00e9s o italiano. Puede ser individual o colectivo. En la publicaci\u00f3n hay que escribir: nombre y apellidos (si es individual) e idioma y curso. El chiste o sketch que m\u00e1s comentarios tenga ser\u00e1 el ganador. El premio ser\u00e1 una cesta de Navidad. IMPORTANTE: No se aceptar\u00e1n chistes o sketch que puedan mostrar una situaci\u00f3n inapropiada o indecente. El \u00faltimo d\u00eda de publicaci\u00f3n y comentarios ser\u00e1 el 17 de diciembre. La semana del 20 de diciembre se publicar\u00e1 el chiste o sketch ganador.<\/p>\n\n\n\n<p><a href=\"https:\/\/es.padlet.com\/sanseidiomas\/c7hfblihjufrvypn\"><strong>Un chiste o un sketch<\/strong><\/a><\/p>\n\n\n\n<hr class=\"wp-block-separator has-alpha-channel-opacity\"\/>\n\n\n\n<h2 class=\"wp-block-heading\"><strong>Curso 2018-2019<\/strong><\/h2>\n\n\n\n<p><strong>Saboreando tradici\u00f3n y mediaci\u00f3n<\/strong><\/p>\n\n\n\n<p>Actividad interdepartamental, realizada en la Escuela Oficial de Idiomas de San Sebasti\u00e1n de los Reyes el d\u00eda 20 de diciembre 2018. Los alumnos-chefs realizan las recetas en directo y los alumnos-mediadores ayudan a comprenderlas en otros idiomas. \u00a1Aprender haciendo!<\/p>\n\n\n\n<figure class=\"wp-block-embed is-type-video is-provider-youtube wp-block-embed-youtube wp-embed-aspect-16-9 wp-has-aspect-ratio\"><div class=\"wp-block-embed__wrapper\">\n<iframe loading=\"lazy\" title=\"Saboreando tradici\u00f3n y mediaci\u00f3n\" width=\"800\" height=\"450\" src=\"https:\/\/www.youtube.com\/embed\/V0nQaYB3REw?feature=oembed\" frameborder=\"0\" allow=\"accelerometer; autoplay; clipboard-write; encrypted-media; gyroscope; picture-in-picture; web-share\" referrerpolicy=\"strict-origin-when-cross-origin\" allowfullscreen><\/iframe>\n<\/div><\/figure>\n\n\n\n<p><strong>C\u00edtame<\/strong><\/p>\n\n\n\n<p>Proyecto interdepartamental, realizado el 23 abril 2019 en la EOI de San Sebasti\u00e1n de los Reyes, con motivo del D\u00eda del libro. \u00abLas sentencias cortas se derivan de una gran experiencia\u00bb Cervantes.<\/p>\n\n\n\n<figure class=\"wp-block-embed is-type-video is-provider-youtube wp-block-embed-youtube wp-embed-aspect-16-9 wp-has-aspect-ratio\"><div class=\"wp-block-embed__wrapper\">\n<iframe loading=\"lazy\" title=\"&quot;C\u00edtame&quot;\" width=\"800\" height=\"450\" src=\"https:\/\/www.youtube.com\/embed\/Vb_lTjDnSTo?feature=oembed\" frameborder=\"0\" allow=\"accelerometer; autoplay; clipboard-write; encrypted-media; gyroscope; picture-in-picture; web-share\" referrerpolicy=\"strict-origin-when-cross-origin\" allowfullscreen><\/iframe>\n<\/div><\/figure>\n\n\n\n<hr class=\"wp-block-separator has-alpha-channel-opacity\"\/>\n\n\n\n<h2 class=\"wp-block-heading\"><strong>Curso 2017-18<\/strong><\/h2>\n\n\n\n<p><strong>Proyecto \u00abInstagram\u00bb<\/strong><\/p>\n\n\n\n<p>Proyecto de experimentaci\u00f3n de la EOI de San Sebasti\u00e1n de los Reyes \u00abUso did\u00e1ctico de instagram\u00bb.<\/p>\n\n\n\n<figure class=\"wp-block-embed is-type-video is-provider-youtube wp-block-embed-youtube wp-embed-aspect-16-9 wp-has-aspect-ratio\"><div class=\"wp-block-embed__wrapper\">\n<iframe loading=\"lazy\" title=\"USO DID\u00c1CTICO DE INSTAGRAM EOI SANSE\" width=\"800\" height=\"450\" src=\"https:\/\/www.youtube.com\/embed\/1OBOMDz_Oik?feature=oembed\" frameborder=\"0\" allow=\"accelerometer; autoplay; clipboard-write; encrypted-media; gyroscope; picture-in-picture; web-share\" referrerpolicy=\"strict-origin-when-cross-origin\" allowfullscreen><\/iframe>\n<\/div><\/figure>\n\n\n\n<p><strong><a href=\"https:\/\/www.eoisansebastiandelosreyes.com\/la-escuela\/ventana-a-europa?id=329\">Erasmus+ Helsinki 2017<\/a><\/strong><\/p>\n\n\n\n<p>En Helsinki, la primera quincena de Octubre de 2017, la escuela de Sanse ha realizado su tercera movilidad dentro del proyecto Erasmus + KA1.<\/p>\n\n\n\n<figure class=\"wp-block-image\"><a href=\"https:\/\/site.educa.madrid.org\/eoi.sansebastian\/index.php\/3a-movilidad-viaje-estructurado-helsinki-2017\/\"><img loading=\"lazy\" decoding=\"async\" width=\"668\" height=\"373\" src=\"https:\/\/site.educa.madrid.org\/eoi.sansebastian\/\/wp-content\/uploads\/eoi.sansebastian\/2022\/06\/helsinki.png\" alt=\"helsinky\" class=\"wp-image-2709\" srcset=\"https:\/\/site.educa.madrid.org\/eoi.sansebastian\/\/wp-content\/uploads\/eoi.sansebastian\/2022\/06\/helsinki.png 668w, https:\/\/site.educa.madrid.org\/eoi.sansebastian\/\/wp-content\/uploads\/eoi.sansebastian\/2022\/06\/helsinki-300x168.png 300w, https:\/\/site.educa.madrid.org\/eoi.sansebastian\/\/wp-content\/uploads\/eoi.sansebastian\/2022\/06\/helsinki-520x290.png 520w, https:\/\/site.educa.madrid.org\/eoi.sansebastian\/\/wp-content\/uploads\/eoi.sansebastian\/2022\/06\/helsinki-360x201.png 360w, https:\/\/site.educa.madrid.org\/eoi.sansebastian\/\/wp-content\/uploads\/eoi.sansebastian\/2022\/06\/helsinki-250x140.png 250w, https:\/\/site.educa.madrid.org\/eoi.sansebastian\/\/wp-content\/uploads\/eoi.sansebastian\/2022\/06\/helsinki-100x56.png 100w\" sizes=\"auto, (max-width: 668px) 100vw, 668px\" \/><\/a><\/figure>\n\n\n\n<p><strong>Del libro al Film<\/strong><\/p>\n\n\n\n<p>Proyecto colaboraci\u00f3n de la Asociaci\u00f3n Alumnos EOI Sanse y la Escuela Oficial de Idiomas de San Sebasti\u00e1n de los Reyes, en el curso 2017-2018. Lectura del libro durante el primer trimestre, proyecci\u00f3n de la pel\u00edcula en el segundo trimestre, y las correspondientes actividades: debate.<\/p>\n\n\n\n<figure class=\"wp-block-embed is-type-video is-provider-youtube wp-block-embed-youtube wp-embed-aspect-16-9 wp-has-aspect-ratio\"><div class=\"wp-block-embed__wrapper\">\n<iframe loading=\"lazy\" title=\"Del libro al film\" width=\"800\" height=\"450\" src=\"https:\/\/www.youtube.com\/embed\/kE789WzmggQ?feature=oembed\" frameborder=\"0\" allow=\"accelerometer; autoplay; clipboard-write; encrypted-media; gyroscope; picture-in-picture; web-share\" referrerpolicy=\"strict-origin-when-cross-origin\" allowfullscreen><\/iframe>\n<\/div><\/figure>\n\n\n\n<p><strong>Cambios a trav\u00e9s de la palabra<\/strong>. <strong>D\u00eda de la mujer.<\/strong><\/p>\n\n\n\n<p>Proyecto interdepartamental de la Escuela Oficial de Idiomas de San Sebasti\u00e1n de los Reyes, 8 marzo 2018: GENERANDO CAMBIOS A TRAV\u00c9S DE LAS PALABRAS. Reinventando refranes, superando estereotipos.<\/p>\n\n\n\n<figure class=\"wp-block-embed is-type-video is-provider-youtube wp-block-embed-youtube wp-embed-aspect-16-9 wp-has-aspect-ratio\"><div class=\"wp-block-embed__wrapper\">\n<iframe loading=\"lazy\" title=\"8 marzo 2018: Generando cambios a trav\u00e9s de las palabras\" width=\"800\" height=\"450\" src=\"https:\/\/www.youtube.com\/embed\/_9jQkkBu6ag?feature=oembed\" frameborder=\"0\" allow=\"accelerometer; autoplay; clipboard-write; encrypted-media; gyroscope; picture-in-picture; web-share\" referrerpolicy=\"strict-origin-when-cross-origin\" allowfullscreen><\/iframe>\n<\/div><\/figure>\n\n\n\n<p><\/p>\n","protected":false},"excerpt":{"rendered":"<p>Curso 2021-2022 Feliz Navidad 2021 La Comunidad Escolar de la EOI de San Sebasti\u00e1n de los Reyes os desea FELIZ NAVIDAD 2021. Concurso: \u00abRiendo, sonriendo y aprendiendo\u00bb Puedes participar grabando &#8230;<\/p>\n","protected":false},"author":2,"featured_media":3937,"parent":0,"menu_order":0,"comment_status":"closed","ping_status":"closed","template":"","meta":{"footnotes":""},"folder":[64],"class_list":["post-3933","page","type-page","status-publish","has-post-thumbnail","hentry"],"rttpg_featured_image_url":{"full":["https:\/\/site.educa.madrid.org\/eoi.sansebastian\/\/wp-content\/uploads\/eoi.sansebastian\/2026\/03\/Dia-de-la-mujer_5.jpg",900,2000,false],"landscape":["https:\/\/site.educa.madrid.org\/eoi.sansebastian\/\/wp-content\/uploads\/eoi.sansebastian\/2026\/03\/Dia-de-la-mujer_5.jpg",900,2000,false],"portraits":["https:\/\/site.educa.madrid.org\/eoi.sansebastian\/\/wp-content\/uploads\/eoi.sansebastian\/2026\/03\/Dia-de-la-mujer_5.jpg",900,2000,false],"thumbnail":["https:\/\/site.educa.madrid.org\/eoi.sansebastian\/\/wp-content\/uploads\/eoi.sansebastian\/2026\/03\/Dia-de-la-mujer_5-150x150.jpg",150,150,true],"medium":["https:\/\/site.educa.madrid.org\/eoi.sansebastian\/\/wp-content\/uploads\/eoi.sansebastian\/2026\/03\/Dia-de-la-mujer_5-135x300.jpg",135,300,true],"large":["https:\/\/site.educa.madrid.org\/eoi.sansebastian\/\/wp-content\/uploads\/eoi.sansebastian\/2026\/03\/Dia-de-la-mujer_5-461x1024.jpg",461,1024,true],"thumblist":["https:\/\/site.educa.madrid.org\/eoi.sansebastian\/\/wp-content\/uploads\/eoi.sansebastian\/2026\/03\/Dia-de-la-mujer_5-300x300.jpg",300,300,true],"thumbrelated":["https:\/\/site.educa.madrid.org\/eoi.sansebastian\/\/wp-content\/uploads\/eoi.sansebastian\/2026\/03\/Dia-de-la-mujer_5-500x500.jpg",500,500,true],"meccarouselthumb":["https:\/\/site.educa.madrid.org\/eoi.sansebastian\/\/wp-content\/uploads\/eoi.sansebastian\/2026\/03\/Dia-de-la-mujer_5-474x324.jpg",474,324,true],"gridsquare":["https:\/\/site.educa.madrid.org\/eoi.sansebastian\/\/wp-content\/uploads\/eoi.sansebastian\/2026\/03\/Dia-de-la-mujer_5-391x260.jpg",391,260,true],"tileview":["https:\/\/site.educa.madrid.org\/eoi.sansebastian\/\/wp-content\/uploads\/eoi.sansebastian\/2026\/03\/Dia-de-la-mujer_5-300x400.jpg",300,400,true],"1536x1536":["https:\/\/site.educa.madrid.org\/eoi.sansebastian\/\/wp-content\/uploads\/eoi.sansebastian\/2026\/03\/Dia-de-la-mujer_5-691x1536.jpg",691,1536,true],"2048x2048":["https:\/\/site.educa.madrid.org\/eoi.sansebastian\/\/wp-content\/uploads\/eoi.sansebastian\/2026\/03\/Dia-de-la-mujer_5.jpg",900,2000,false],"onepress-blog-small":["https:\/\/site.educa.madrid.org\/eoi.sansebastian\/\/wp-content\/uploads\/eoi.sansebastian\/2026\/03\/Dia-de-la-mujer_5-300x150.jpg",300,150,true],"onepress-small":["https:\/\/site.educa.madrid.org\/eoi.sansebastian\/\/wp-content\/uploads\/eoi.sansebastian\/2026\/03\/Dia-de-la-mujer_5-480x300.jpg",480,300,true],"onepress-medium":["https:\/\/site.educa.madrid.org\/eoi.sansebastian\/\/wp-content\/uploads\/eoi.sansebastian\/2026\/03\/Dia-de-la-mujer_5-640x400.jpg",640,400,true],"sow-carousel-default":["https:\/\/site.educa.madrid.org\/eoi.sansebastian\/\/wp-content\/uploads\/eoi.sansebastian\/2026\/03\/Dia-de-la-mujer_5-272x182.jpg",272,182,true],"sow-post-carousel-overlay-theme":["https:\/\/site.educa.madrid.org\/eoi.sansebastian\/\/wp-content\/uploads\/eoi.sansebastian\/2026\/03\/Dia-de-la-mujer_5-360x476.jpg",360,476,true],"sow-post-carousel-cards-theme":["https:\/\/site.educa.madrid.org\/eoi.sansebastian\/\/wp-content\/uploads\/eoi.sansebastian\/2026\/03\/Dia-de-la-mujer_5-360x240.jpg",360,240,true],"rt_custom":["https:\/\/site.educa.madrid.org\/eoi.sansebastian\/\/wp-content\/uploads\/eoi.sansebastian\/2026\/03\/Dia-de-la-mujer_5.jpg",900,2000,false]},"rttpg_author":{"display_name":"tic.eoi.sansebastian","author_link":"https:\/\/site.educa.madrid.org\/eoi.sansebastian\/index.php\/author\/cuenta_tic-eoi-sansebastian\/"},"rttpg_comment":0,"rttpg_category":" <a href=\"https:\/\/site.educa.madrid.org\/eoi.sansebastian\/?taxonomy=folder&#038;term=actividades\" rel=\"tag\">Actividades<\/a>","rttpg_excerpt":"Curso 2021-2022 Feliz Navidad 2021 La Comunidad Escolar de la EOI de San Sebasti\u00e1n de los Reyes os desea FELIZ NAVIDAD 2021. Concurso: \u00abRiendo, sonriendo y aprendiendo\u00bb Puedes participar grabando ...","post_mailing_queue_ids":[],"_links":{"self":[{"href":"https:\/\/site.educa.madrid.org\/eoi.sansebastian\/index.php\/wp-json\/wp\/v2\/pages\/3933","targetHints":{"allow":["GET"]}}],"collection":[{"href":"https:\/\/site.educa.madrid.org\/eoi.sansebastian\/index.php\/wp-json\/wp\/v2\/pages"}],"about":[{"href":"https:\/\/site.educa.madrid.org\/eoi.sansebastian\/index.php\/wp-json\/wp\/v2\/types\/page"}],"author":[{"embeddable":true,"href":"https:\/\/site.educa.madrid.org\/eoi.sansebastian\/index.php\/wp-json\/wp\/v2\/users\/2"}],"replies":[{"embeddable":true,"href":"https:\/\/site.educa.madrid.org\/eoi.sansebastian\/index.php\/wp-json\/wp\/v2\/comments?post=3933"}],"version-history":[{"count":2,"href":"https:\/\/site.educa.madrid.org\/eoi.sansebastian\/index.php\/wp-json\/wp\/v2\/pages\/3933\/revisions"}],"predecessor-version":[{"id":3936,"href":"https:\/\/site.educa.madrid.org\/eoi.sansebastian\/index.php\/wp-json\/wp\/v2\/pages\/3933\/revisions\/3936"}],"wp:featuredmedia":[{"embeddable":true,"href":"https:\/\/site.educa.madrid.org\/eoi.sansebastian\/index.php\/wp-json\/wp\/v2\/media\/3937"}],"wp:attachment":[{"href":"https:\/\/site.educa.madrid.org\/eoi.sansebastian\/index.php\/wp-json\/wp\/v2\/media?parent=3933"}],"wp:term":[{"taxonomy":"folder","embeddable":true,"href":"https:\/\/site.educa.madrid.org\/eoi.sansebastian\/index.php\/wp-json\/wp\/v2\/folder?post=3933"}],"curies":[{"name":"wp","href":"https:\/\/api.w.org\/{rel}","templated":true}]}}