{"id":5251,"date":"2026-08-31T18:50:18","date_gmt":"2026-08-31T16:50:18","guid":{"rendered":"https:\/\/site.educa.madrid.org\/ies.agora.alcobendas\/?page_id=5251"},"modified":"2026-08-31T18:50:18","modified_gmt":"2026-08-31T16:50:18","slug":"solicitudes-cambio-de-grupo-optativa-principio-de-curso","status":"publish","type":"page","link":"https:\/\/site.educa.madrid.org\/ies.agora.alcobendas\/index.php\/solicitudes-cambio-de-grupo-optativa-principio-de-curso\/","title":{"rendered":"Solicitudes cambio de grupo\/optativa -PRINCIPIO DE CURSO"},"content":{"rendered":"<p><strong><a href=\"https:\/\/site.educa.madrid.org\/ies.agora.alcobendas\/\/wp-content\/uploads\/ies.agora.alcobendas\/2026\/08\/expone-solicita-cambio-de-grupo.pdf\"><span style=\"color: #3366ff;\">Expone-solicita cambio de grupo<\/span><\/a><\/strong><\/p>\n<p><strong>INFORMACI\u00d3N SOBRE EL <span style=\"color: #993300;\">CAMBIO DE GRUPO<\/span><\/strong><\/p>\n<p>1\u00ba Para la organizaci\u00f3n de los grupos se ha tenido en cuenta los siguientes criterios:<\/p>\n<ol>\n<li>Las orientaciones de los equipos docentes del curso anterior que quedaron recogidas en las actas de las evaluaciones finales.<\/li>\n<li>Atenci\u00f3n a la diversidad de los grupos intentando generar un equilibrio entre todos los grupos intentando favorecer el bienestar del alumnado, pero sin menoscabo de la organizaci\u00f3n del biling\u00fcismo del centro.<\/li>\n<li>Necesidades organizativas y de funcionamiento del centro.<\/li>\n<\/ol>\n<p>2\u00ba Se valorar\u00e1 las necesidades que expongan los alumnos solicitantes, pero no se atender\u00e1 cambios de grupo \u00fanica y exclusivamente por las preferencias de tener uno compa\u00f1eros u otros y en especial, si van en contra de las orientaciones recogidas por los equipos docentes o el departamento de orientaci\u00f3n.<\/p>\n<p>3\u00ba La organizaci\u00f3n del centro y el inter\u00e9s general estar\u00e1 siempre por encima del inter\u00e9s particular salvo que las necesidades del alumno solicitante tengan el peso suficiente y garanticen el bienestar del alumno.<\/p>\n<ol>\n<li><strong>SOLICITUD DE CAMBIO DE GRUPO<\/strong><\/li>\n<\/ol>\n<p>1\u00ba Solicitar en secretaria el documento de \u201cExpone y solicita\u201d para el cambio de optativa.<\/p>\n<p>2\u00ba Cumplimentar el documento, justificando la necesidad de cambio de forma correcta en la exposici\u00f3n y especificando en la solicitud la preferencia de grupo de cambio.<\/p>\n<p>3\u00ba Se entrega la documentaci\u00f3n en secretaria, firmada por los tutores legales y deber\u00e1 esperar a recibir. <strong>Un alumno no cambia de grupo hasta que no recibe la resoluci\u00f3n a favor del cambio firmada por la directora del centro.<\/strong><\/p>\n<p><strong>4\u00ba El plazo para la solicitud de cambio se inicia el martes 8 de septiembre y finaliza el 11 de septiembre.<\/strong><\/p>\n<ul>\n<li><strong>RESOLUCI\u00d3N DEL CAMBIO DE GRUPO<\/strong><\/li>\n<\/ul>\n<p>1\u00ba En el plazo de una semana o quince d\u00edas el alumno recibir\u00e1 la resoluci\u00f3n de cambio a favor o en contra firmada por la directora del centro.<\/p>\n<p>2\u00ba El equipo directivo ser\u00e1 el \u00f3rgano competente para valorar la idoneidad del grupo elegido para el cambio por parte del alumno. Adem\u00e1s, a\u00fan valorando positivo el cambio de grupo es el equipo directivo el que finalmente decide a qu\u00e9 grupo se deber\u00e1 realizar el cambio.<\/p>\n<p>3\u00ba Si el alumno recibe la resoluci\u00f3n a favor del cambio, se incorporar\u00e1 al nuevo grupo, el lunes siguiente a recibir dicha confirmaci\u00f3n.<\/p>\n<p>4\u00ba Si el alumno recibiera la resoluci\u00f3n en contra del cambio, continuar\u00e1 el curso en el grupo asignado. A comienzo de curso.<\/p>\n<hr \/>\n<p><strong>INFORMACI\u00d3N SOBRE EL CAMBIO DE OPTATIVA<\/strong><\/p>\n<p>A Todo el alumnado se le ha dado una optativa incluida en una de las tres opciones que marc\u00f3 en su matr\u00edcula, con lo cual no se considera viable el cambio cuando ha sido opci\u00f3n del alumno o alumna.<\/p>\n<p>En todos los casos se intent\u00f3 dar la primera opci\u00f3n, pero no siempre fue posible, principalmente por haberse llenado los grupos, por que la opci\u00f3n elegida no era viable con otras opciones (por ejemplo opci\u00f3n de 4\u00ba ESO o itinerario de bachillerato), o por decisiones de centro.<\/p>\n<p>Se atender\u00e1n solicitudes de alumnos que no est\u00e1n en ninguna de las optativas que eligieron. Para reclamar deber\u00e1n rellenar el documento Expone y solicita que tienen al comienzo de esta p\u00e1gina indicando los motivos para el cambio. Los plazos y la resoluci\u00f3n ser\u00e1n exactamente iguales que en caso de reclamar cambio de grupo.<\/p>\n<p>&nbsp;<\/p>\n","protected":false},"excerpt":{"rendered":"<p>Expone-solicita cambio de grupo INFORMACI\u00d3N SOBRE EL CAMBIO DE GRUPO 1\u00ba Para la organizaci\u00f3n de los grupos se ha [&hellip;]<\/p>\n","protected":false},"author":3,"featured_media":0,"parent":0,"menu_order":0,"comment_status":"closed","ping_status":"closed","template":"","meta":{"footnotes":""},"folder":[],"class_list":["post-5251","page","type-page","status-publish","hentry"],"rttpg_featured_image_url":null,"rttpg_author":{"display_name":"ies.agora.alcobendas","author_link":"https:\/\/site.educa.madrid.org\/ies.agora.alcobendas\/index.php\/author\/cuenta_ies-agora-alcobendas\/"},"rttpg_comment":0,"rttpg_category":false,"rttpg_excerpt":"Expone-solicita cambio de grupo INFORMACI\u00d3N SOBRE EL CAMBIO DE GRUPO 1\u00ba Para la organizaci\u00f3n de los grupos se ha [&hellip;]","post_mailing_queue_ids":[],"_links":{"self":[{"href":"https:\/\/site.educa.madrid.org\/ies.agora.alcobendas\/index.php\/wp-json\/wp\/v2\/pages\/5251","targetHints":{"allow":["GET"]}}],"collection":[{"href":"https:\/\/site.educa.madrid.org\/ies.agora.alcobendas\/index.php\/wp-json\/wp\/v2\/pages"}],"about":[{"href":"https:\/\/site.educa.madrid.org\/ies.agora.alcobendas\/index.php\/wp-json\/wp\/v2\/types\/page"}],"author":[{"embeddable":true,"href":"https:\/\/site.educa.madrid.org\/ies.agora.alcobendas\/index.php\/wp-json\/wp\/v2\/users\/3"}],"replies":[{"embeddable":true,"href":"https:\/\/site.educa.madrid.org\/ies.agora.alcobendas\/index.php\/wp-json\/wp\/v2\/comments?post=5251"}],"version-history":[{"count":1,"href":"https:\/\/site.educa.madrid.org\/ies.agora.alcobendas\/index.php\/wp-json\/wp\/v2\/pages\/5251\/revisions"}],"predecessor-version":[{"id":5253,"href":"https:\/\/site.educa.madrid.org\/ies.agora.alcobendas\/index.php\/wp-json\/wp\/v2\/pages\/5251\/revisions\/5253"}],"wp:attachment":[{"href":"https:\/\/site.educa.madrid.org\/ies.agora.alcobendas\/index.php\/wp-json\/wp\/v2\/media?parent=5251"}],"wp:term":[{"taxonomy":"folder","embeddable":true,"href":"https:\/\/site.educa.madrid.org\/ies.agora.alcobendas\/index.php\/wp-json\/wp\/v2\/folder?post=5251"}],"curies":[{"name":"wp","href":"https:\/\/api.w.org\/{rel}","templated":true}]}}