{"id":10112,"date":"2026-06-07T13:46:23","date_gmt":"2026-06-07T11:46:23","guid":{"rendered":"https:\/\/site.educa.madrid.org\/ies.anafrank.madrid\/?page_id=10112"},"modified":"2026-09-03T16:04:31","modified_gmt":"2026-09-03T14:04:31","slug":"curso-2023-24-2","status":"publish","type":"page","link":"https:\/\/site.educa.madrid.org\/ies.anafrank.madrid\/index.php\/curso-2023-24-2\/","title":{"rendered":"Curso 2026-27"},"content":{"rendered":"\n<style>\n  .anafrank-horario {\n    max-width: 1150px;\n    margin: 0 auto;\n    padding: 2rem 1rem;\n    font-family: Arial, sans-serif;\n    color: #1f2937;\n    line-height: 1.6;\n  }\n\n  .anafrank-horario * {\n    box-sizing: border-box;\n  }\n\n  .anafrank-horario-card,\n  .anafrank-horario-section {\n    background: #ffffff;\n    border: 1px solid #e5e7eb;\n    border-radius: 18px;\n    padding: 1.5rem;\n    margin-bottom: 1.5rem;\n    box-shadow: 0 4px 14px rgba(0,0,0,0.07);\n  }\n\n  .anafrank-horario h2 {\n    margin: 0 0 0.8rem 0;\n    color: #1d4ed8;\n    font-size: 2rem;\n  }\n\n  .anafrank-horario h3 {\n    margin: 0 0 0.8rem 0;\n    color: #1d4ed8;\n    font-size: 1.4rem;\n  }\n\n  .anafrank-horario p {\n    margin: 0.5rem 0;\n    font-size: 1.05rem;\n  }\n\n  .anafrank-horario-note {\n    background: #f0f7ff;\n    border-left: 5px solid #1d4ed8;\n    border-radius: 12px;\n    padding: 1rem 1.2rem;\n    margin-top: 1.2rem;\n  }\n\n  .anafrank-horario-note p {\n    margin: 0;\n    font-weight: bold;\n    color: #1d4ed8;\n  }\n\n  .anafrank-horario-alert {\n    background: #fff7ed;\n    border-left: 5px solid #f97316;\n    border-radius: 12px;\n    padding: 1rem 1.2rem;\n    margin-top: 1rem;\n    color: #7c2d12;\n  }\n\n  .anafrank-horario-alert p {\n    margin: 0;\n    font-weight: bold;\n  }\n\n  \/* INICIO DE CURSO *\/\n\n  .anafrank-inicio-intro {\n    background: #eff6ff;\n    border-left: 5px solid #2563eb;\n    border-radius: 12px;\n    padding: 1rem 1.2rem;\n    margin: 1rem 0 1.4rem;\n  }\n\n  .anafrank-inicio-intro p {\n    margin: 0;\n  }\n\n  .anafrank-inicio-grid {\n    display: grid;\n    grid-template-columns: repeat(2, minmax(0, 1fr));\n    gap: 1rem;\n    margin-top: 1rem;\n  }\n\n  .anafrank-inicio-dia {\n    background: #f8fafc;\n    border: 1px solid #e2e8f0;\n    border-radius: 16px;\n    padding: 1.2rem;\n  }\n\n  .anafrank-inicio-dia.destacado {\n    background: #fff7ed;\n    border-color: #fed7aa;\n  }\n\n  .anafrank-inicio-dia.clases {\n    background: #f0fdf4;\n    border-color: #bbf7d0;\n  }\n\n  .anafrank-inicio-fecha {\n    display: inline-block;\n    background: #1d4ed8;\n    color: #ffffff;\n    border-radius: 999px;\n    padding: 0.35rem 0.8rem;\n    margin-bottom: 0.7rem;\n    font-size: 0.95rem;\n    font-weight: bold;\n  }\n\n  .anafrank-inicio-dia.destacado .anafrank-inicio-fecha {\n    background: #ea580c;\n  }\n\n  .anafrank-inicio-dia.clases .anafrank-inicio-fecha {\n    background: #15803d;\n  }\n\n  .anafrank-inicio-dia h3 {\n    margin: 0 0 0.7rem;\n    color: #1e3a8a;\n    font-size: 1.2rem;\n  }\n\n  .anafrank-inicio-dia.clases h3 {\n    color: #166534;\n  }\n\n  .anafrank-inicio-lista {\n    margin: 0;\n    padding: 0;\n    list-style: none;\n  }\n\n  .anafrank-inicio-lista li {\n    padding: 0.35rem 0;\n    border-bottom: 1px solid #e5e7eb;\n  }\n\n  .anafrank-inicio-lista li:last-child {\n    border-bottom: none;\n  }\n\n  .anafrank-inicio-lista strong {\n    color: #1d4ed8;\n  }\n\n  .anafrank-inicio-dia.destacado .anafrank-inicio-lista strong {\n    color: #c2410c;\n  }\n\n  .anafrank-inicio-dia.clases .anafrank-inicio-lista strong {\n    color: #15803d;\n  }\n\n  .anafrank-inicio-separador {\n    margin: 0.8rem 0 0.5rem;\n    font-weight: bold;\n    color: #475569;\n    font-size: 0.95rem;\n  }\n\n  \/* HORARIO *\/\n\n  .anafrank-horario-table-wrap {\n    width: 100%;\n    overflow-x: auto;\n    margin-top: 1.3rem;\n  }\n\n  .anafrank-horario-table {\n    width: 70%;\n    min-width: 520px;\n    margin: 0 auto;\n    background: #ffffff;\n    border-collapse: collapse;\n    border: none;\n    border-radius: 16px;\n    overflow: hidden;\n    box-shadow: 0 4px 14px rgba(0,0,0,0.08);\n    font-size: 1rem;\n  }\n\n  .anafrank-horario-table th,\n  .anafrank-horario-table td {\n    padding: 0.95rem 1rem;\n    text-align: center;\n    border: none;\n  }\n\n  .anafrank-horario-table thead tr:first-child th {\n    background: #1d4ed8;\n    color: #ffffff;\n    font-size: 1.15rem;\n  }\n\n  .anafrank-horario-table thead tr:nth-child(2) th {\n    background: #dbeafe;\n    color: #1e40af;\n    font-weight: bold;\n  }\n\n  .anafrank-horario-table tbody tr:nth-child(odd) {\n    background: #ffffff;\n  }\n\n  .anafrank-horario-table tbody tr:nth-child(even) {\n    background: #f7f7f7;\n  }\n\n  .anafrank-horario-table tbody tr.recreo {\n    background: #dbeafe;\n    color: #1e40af;\n    font-weight: bold;\n  }\n\n  .anafrank-horario-table tbody tr {\n    transition: background 0.2s ease;\n  }\n\n  .anafrank-horario-table tbody tr:hover {\n    background: #e0f2fe;\n  }\n\n  \/* PDF Y BOTONES *\/\n\n  .anafrank-horario-pdf {\n    width: 100%;\n    height: 1050px;\n    border: 1px solid #e5e7eb;\n    border-radius: 16px;\n    margin-top: 1rem;\n  }\n\n  .anafrank-horario-button-row {\n    display: flex;\n    flex-wrap: wrap;\n    gap: 0.8rem;\n    margin-top: 1.2rem;\n  }\n\n  .anafrank-horario-button {\n    display: inline-flex;\n    align-items: center;\n    justify-content: center;\n    background: #1d4ed8;\n    color: #ffffff !important;\n    text-decoration: none;\n    border-radius: 999px;\n    padding: 0.75rem 1.15rem;\n    font-weight: bold;\n    transition: transform 0.15s ease, box-shadow 0.15s ease, background 0.15s ease;\n  }\n\n  .anafrank-horario-button:hover {\n    background: #1e40af;\n    transform: translateY(-2px);\n    box-shadow: 0 6px 16px rgba(29,78,216,0.25);\n    text-decoration: none;\n  }\n\n  @media (max-width: 800px) {\n    .anafrank-inicio-grid {\n      grid-template-columns: 1fr;\n    }\n\n    .anafrank-horario-table {\n      width: 100%;\n    }\n\n    .anafrank-horario-pdf {\n      height: 800px;\n    }\n  }\n\n  @media (max-width: 650px) {\n    .anafrank-horario {\n      padding: 1.5rem 0.8rem;\n    }\n\n    .anafrank-horario-card,\n    .anafrank-horario-section {\n      padding: 1.3rem;\n    }\n\n    .anafrank-horario h2 {\n      font-size: 1.55rem;\n    }\n\n    .anafrank-horario h3 {\n      font-size: 1.2rem;\n    }\n\n    .anafrank-horario-button-row {\n      flex-direction: column;\n    }\n\n    .anafrank-horario-button {\n      width: 100%;\n      text-align: center;\n    }\n\n    .anafrank-horario-pdf {\n      height: 650px;\n    }\n  }\n<\/style>\n\n<div class=\"anafrank-horario\">\n\n  <!-- INICIO DE CURSO -->\n\n  <section class=\"anafrank-horario-card\">\n\n    <h2>Inicio de curso 2026-2027<\/h2>\n\n    <div class=\"anafrank-inicio-intro\">\n      <p>\n        Las actividades lectivas comienzan el <strong>8 de septiembre<\/strong>.\n        Durante los primeros d\u00edas se realizar\u00e1n las jornadas de acogida y las pruebas iniciales antes del comienzo del horario ordinario.\n      <\/p>\n    <\/div>\n\n    <div class=\"anafrank-inicio-grid\">\n\n      <!-- 8 SEPTIEMBRE -->\n\n      <div class=\"anafrank-inicio-dia\">\n        <span class=\"anafrank-inicio-fecha\">Martes 8 de septiembre<\/span>\n        <h3>4\u00ba ESO y Bachillerato<\/h3>\n\n        <div class=\"anafrank-inicio-separador\">Recepci\u00f3n por el Equipo Directivo<\/div>\n\n        <ul class=\"anafrank-inicio-lista\">\n          <li><strong>09:30<\/strong> \u00b7 4\u00ba ESO<\/li>\n          <li><strong>10:00<\/strong> \u00b7 1\u00ba Bachillerato<\/li>\n          <li><strong>10:30<\/strong> \u00b7 2\u00ba Bachillerato<\/li>\n        <\/ul>\n\n        <div class=\"anafrank-inicio-separador\">Reuni\u00f3n con tutores y visita al centro<\/div>\n\n        <ul class=\"anafrank-inicio-lista\">\n          <li><strong>10:00<\/strong> \u00b7 4\u00ba ESO<\/li>\n          <li><strong>10:30<\/strong> \u00b7 1\u00ba Bachillerato<\/li>\n          <li><strong>11:00<\/strong> \u00b7 2\u00ba Bachillerato<\/li>\n        <\/ul>\n      <\/div>\n\n\n      <!-- 9 SEPTIEMBRE -->\n\n      <div class=\"anafrank-inicio-dia\">\n        <span class=\"anafrank-inicio-fecha\">Mi\u00e9rcoles 9 de septiembre<\/span>\n        <h3>1\u00ba, 2\u00ba y 3\u00ba ESO<\/h3>\n\n        <div class=\"anafrank-inicio-separador\">Recepci\u00f3n por el Equipo Directivo<\/div>\n\n        <ul class=\"anafrank-inicio-lista\">\n          <li><strong>09:30<\/strong> \u00b7 1\u00ba ESO<\/li>\n          <li><strong>10:00<\/strong> \u00b7 2\u00ba ESO<\/li>\n          <li><strong>10:30<\/strong> \u00b7 3\u00ba ESO<\/li>\n        <\/ul>\n\n        <div class=\"anafrank-inicio-separador\">Reuni\u00f3n con tutores y visita al centro<\/div>\n\n        <ul class=\"anafrank-inicio-lista\">\n          <li><strong>10:00<\/strong> \u00b7 1\u00ba ESO<\/li>\n          <li><strong>10:30<\/strong> \u00b7 2\u00ba ESO<\/li>\n          <li><strong>11:00<\/strong> \u00b7 3\u00ba ESO<\/li>\n        <\/ul>\n      <\/div>\n\n\n      <!-- 10 SEPTIEMBRE -->\n\n      <div class=\"anafrank-inicio-dia destacado\">\n        <span class=\"anafrank-inicio-fecha\">Jueves 10 de septiembre<\/span>\n        <h3>Pruebas iniciales de ESO<\/h3>\n\n        <p>\n          Cada grupo realizar\u00e1 las pruebas en su aula.\n        <\/p>\n\n        <ul class=\"anafrank-inicio-lista\">\n          <li><strong>10:00<\/strong> \u00b7 Matem\u00e1ticas<\/li>\n          <li><strong>11:10<\/strong> \u00b7 Lengua<\/li>\n          <li><strong>12:20<\/strong> \u00b7 Ingl\u00e9s<\/li>\n        <\/ul>\n      <\/div>\n\n\n      <!-- 11 SEPTIEMBRE -->\n\n      <div class=\"anafrank-inicio-dia clases\">\n        <span class=\"anafrank-inicio-fecha\">Viernes 11 de septiembre<\/span>\n        <h3>Comienzo de las clases<\/h3>\n\n        <ul class=\"anafrank-inicio-lista\">\n          <li>\n            <strong>08:15<\/strong> \u00b7 Comienzo de las clases con el horario ordinario del centro.\n          <\/li>\n        <\/ul>\n      <\/div>\n\n    <\/div>\n\n  <\/section>\n\n  <section class=\"anafrank-horario-card\">\n    <h2>Horario escolar para el curso 2026-2027<\/h2>\n\n    <p>\n      Horario del instituto en el nuevo edificio de Aravaca.\n    <\/p>\n\n    <div class=\"anafrank-horario-note\">\n      <p>\n        Horario aprobado por el Consejo Escolar el 30 de junio de 2026.\n      <\/p>\n    <\/div>\n\n    <div class=\"anafrank-horario-table-wrap\">\n      <table class=\"anafrank-horario-table\">\n        <thead>\n          <tr>\n            <th colspan=\"2\">HORARIO ESCOLAR<\/th>\n          <\/tr>\n          <tr>\n            <th>Franja<\/th>\n            <th>Hora<\/th>\n          <\/tr>\n        <\/thead>\n        <tbody>\n          <tr>\n            <td>Primera clase<\/td>\n            <td>08:15 \u2013 09:10<\/td>\n          <\/tr>\n          <tr>\n            <td>Segunda clase<\/td>\n            <td>09:10 \u2013 10:05<\/td>\n          <\/tr>\n          <tr>\n            <td>Tercera clase<\/td>\n            <td>10:05 \u2013 11:00<\/td>\n          <\/tr>\n          <tr class=\"recreo\">\n            <td>Recreo<\/td>\n            <td>11:00 \u2013 11:25<\/td>\n          <\/tr>\n          <tr>\n            <td>Cuarta clase<\/td>\n            <td>11:25 \u2013 12:20<\/td>\n          <\/tr>\n          <tr>\n            <td>Quinta clase<\/td>\n            <td>12:20 \u2013 13:15<\/td>\n          <\/tr>\n          <tr>\n            <td>Sexta clase<\/td>\n            <td>13:15 \u2013 14:10<\/td>\n          <\/tr>\n          <tr>\n            <td>S\u00e9ptima clase<\/td>\n            <td>14:10 \u2013 15:05<\/td>\n          <\/tr>\n        <\/tbody>\n      <\/table>\n    <\/div>\n  <\/section>\n\n  <section class=\"anafrank-horario-section\">\n    <h2>Calendario escolar 2026-2027<\/h2>\n\n    <p>\n      A continuaci\u00f3n se puede consultar el calendario escolar oficial para el curso 2026-2027.\n    <\/p>\n\n    <object\n      class=\"anafrank-horario-pdf\"\n      data=\"https:\/\/www.comunidad.madrid\/docs\/2026-06\/calendario_escolar_2026-2027.pdf?VersionId=bbWUB4wslyIZl_eioAGxjzPywbjKvEI4\"\n      type=\"application\/pdf\"\n      aria-label=\"Calendario escolar 2026-2027\">\n    <\/object>\n\n    <div class=\"anafrank-horario-button-row\">\n      <a\n        class=\"anafrank-horario-button\"\n        href=\"https:\/\/www.comunidad.madrid\/docs\/2026-06\/calendario_escolar_2026-2027.pdf?VersionId=bbWUB4wslyIZl_eioAGxjzPywbjKvEI4\"\n        target=\"_blank\"\n        rel=\"noreferrer noopener\">\n        Abrir calendario escolar 2026-2027\n      <\/a>\n    <\/div>\n  <\/section>\n\n  <section class=\"anafrank-horario-section\" id=\"ipafd\">\n    <h2>Programa IPAFD curso 2026-2027<\/h2>\n\n    <p>\n      El Programa IPAFD re\u00fane las actividades deportivas del centro para este curso. La informaci\u00f3n sobre modalidades, horarios e inscripci\u00f3n se publicar\u00e1 en la secci\u00f3n correspondiente de nuestra p\u00e1gina web.\n    <\/p>\n\n    <div class=\"anafrank-horario-button-row\">\n      <a\n        class=\"anafrank-horario-button\"\n        href=\"https:\/\/site.educa.madrid.org\/ies.anafrank.madrid\/index.php\/ipadf\/\"\n        target=\"_blank\"\n        rel=\"noreferrer noopener\">\n        Ver Programa IPAFD\n      <\/a>\n    <\/div>\n  <\/section>\n\n<section class=\"anafrank-horario-section\" id=\"libros-texto\"> <h2>Libros de texto curso 2026-2027<\/h2>\n\n<p>\n  Ya est\u00e1 disponible la informaci\u00f3n sobre los libros de texto y materiales did\u00e1cticos correspondientes al curso 2026-2027.\n<\/p>\n\n<p>\n  Consulta los libros establecidos para cada nivel y materia en la secci\u00f3n espec\u00edfica de nuestra p\u00e1gina web.\n<\/p>\n\n<div class=\"anafrank-horario-button-row\">\n  <a\n    class=\"anafrank-horario-button\"\n    href=\"https:\/\/site.educa.madrid.org\/ies.anafrank.madrid\/index.php\/libros-de-texto\/\"\n    target=\"_blank\"\n    rel=\"noreferrer noopener\">\n    Consultar libros de texto\n  <\/a>\n<\/div>\n\n<\/section>\n\n <section class=\"anafrank-horario-section\">\n  <h2>Programa Refuerza curso 2026-2027<\/h2>\n\n  <p>\n    El Programa Refuerza est\u00e1 dirigido al apoyo y acompa\u00f1amiento educativo del alumnado.\n  <\/p>\n\n  <div class=\"anafrank-horario-alert\">\n    <p>\n      El Programa Refuerza comenzar\u00e1 despu\u00e9s de las vacaciones de Navidad. Se informar\u00e1 m\u00e1s adelante sobre horarios, organizaci\u00f3n e inscripci\u00f3n.\n    <\/p>\n  <\/div>\n\n  <div class=\"anafrank-horario-button-row\">\n    <a\n      class=\"anafrank-horario-button\"\n      href=\"https:\/\/site.educa.madrid.org\/ies.anafrank.madrid\/index.php\/plan-refuerza\/\"\n      target=\"_blank\"\n      rel=\"noreferrer noopener\">\n      Ver Programa Refuerza\n    <\/a>\n  <\/div>\n<\/section>\n\n<\/div>\n","protected":false},"excerpt":{"rendered":"<p>Inicio de curso 2026-2027 Las actividades lectivas comienzan el 8 de septiembre. Durante los primeros d\u00edas se realizar\u00e1n las jornadas de acogida [&hellip;]<\/p>\n","protected":false},"author":2,"featured_media":0,"parent":0,"menu_order":0,"comment_status":"closed","ping_status":"closed","template":"","meta":{"footnotes":""},"folder":[],"class_list":["post-10112","page","type-page","status-publish","hentry"],"rttpg_featured_image_url":null,"rttpg_author":{"display_name":"tic.ies.anafrank.madrid","author_link":"https:\/\/site.educa.madrid.org\/ies.anafrank.madrid\/index.php\/author\/cuenta_tic-ies-anafrank-madrid\/"},"rttpg_comment":0,"rttpg_category":false,"rttpg_excerpt":"Inicio de curso 2026-2027 Las actividades lectivas comienzan el 8 de septiembre. Durante los primeros d\u00edas se realizar\u00e1n las jornadas de acogida [&hellip;]","post_mailing_queue_ids":[],"_links":{"self":[{"href":"https:\/\/site.educa.madrid.org\/ies.anafrank.madrid\/index.php\/wp-json\/wp\/v2\/pages\/10112","targetHints":{"allow":["GET"]}}],"collection":[{"href":"https:\/\/site.educa.madrid.org\/ies.anafrank.madrid\/index.php\/wp-json\/wp\/v2\/pages"}],"about":[{"href":"https:\/\/site.educa.madrid.org\/ies.anafrank.madrid\/index.php\/wp-json\/wp\/v2\/types\/page"}],"author":[{"embeddable":true,"href":"https:\/\/site.educa.madrid.org\/ies.anafrank.madrid\/index.php\/wp-json\/wp\/v2\/users\/2"}],"replies":[{"embeddable":true,"href":"https:\/\/site.educa.madrid.org\/ies.anafrank.madrid\/index.php\/wp-json\/wp\/v2\/comments?post=10112"}],"version-history":[{"count":4,"href":"https:\/\/site.educa.madrid.org\/ies.anafrank.madrid\/index.php\/wp-json\/wp\/v2\/pages\/10112\/revisions"}],"predecessor-version":[{"id":10253,"href":"https:\/\/site.educa.madrid.org\/ies.anafrank.madrid\/index.php\/wp-json\/wp\/v2\/pages\/10112\/revisions\/10253"}],"wp:attachment":[{"href":"https:\/\/site.educa.madrid.org\/ies.anafrank.madrid\/index.php\/wp-json\/wp\/v2\/media?parent=10112"}],"wp:term":[{"taxonomy":"folder","embeddable":true,"href":"https:\/\/site.educa.madrid.org\/ies.anafrank.madrid\/index.php\/wp-json\/wp\/v2\/folder?post=10112"}],"curies":[{"name":"wp","href":"https:\/\/api.w.org\/{rel}","templated":true}]}}