{"id":5461,"date":"2024-01-11T23:35:28","date_gmt":"2024-01-11T22:35:28","guid":{"rendered":"https:\/\/site.educa.madrid.org\/ies.lacabrera\/?page_id=5461"},"modified":"2026-09-01T20:36:57","modified_gmt":"2026-09-01T18:36:57","slug":"inicio-2-2","status":"publish","type":"page","link":"https:\/\/site.educa.madrid.org\/ies.lacabrera\/","title":{"rendered":"INICIO"},"content":{"rendered":"<div id=\"pl-5461\"  class=\"panel-layout\" ><div id=\"pg-5461-0\"  class=\"panel-grid panel-has-style\" ><div class=\"siteorigin-panels-stretch panel-row-style panel-row-style-for-5461-0\" data-stretch-type=\"full\" ><div id=\"pgc-5461-0-0\"  class=\"panel-grid-cell\" ><div id=\"panel-5461-0-0-0\" class=\"so-panel widget widget_sow-image-grid panel-first-child panel-last-child\" data-index=\"0\" ><div class=\"panel-widget-style panel-widget-style-for-5461-0-0-0\" ><div\n\t\t\t\n\t\t\tclass=\"so-widget-sow-image-grid so-widget-sow-image-grid-default-623a5649d952-5461\"\n\t\t\t\n\t\t>\t<div\n\t\tclass=\"sow-image-grid-wrapper\"\n\t\tdata-max-width=\"40\"\t\tdata-max-height=\"40\"\t>\n\t\t\t\t\t<div class=\"sow-image-grid-image\">\n\t\t\t\t\t\t\t\t\t\t\t\t\t<a href=\"https:\/\/aulavirtual33.educa.madrid.org\/ies.lacabrera\/\"\n\t\t\t\t\t\t\t\t\t\t\t\t\t\t\t\t\t\ttarget=\"_blank\" \t\t\t\t\t\t\t\t\t\t\t\t\t\t\t\t\t\t\t\t\t\t\t\trel=\"noopener noreferrer\" \t\t\t\t\t\t\t\t\t\t\t>\n\t\t\t\t\t\t\t\t<img loading=\"lazy\" decoding=\"async\" width=\"40\" height=\"40\" src=\"https:\/\/site.educa.madrid.org\/ies.lacabrera\/\/wp-content\/uploads\/ies.lacabrera\/2025\/12\/Logo-AV-en-blanco-1-100x100.png\" class=\"sow-image-grid-image_html\" alt=\"\" title=\"AULA VIRTUAL\" srcset=\"https:\/\/site.educa.madrid.org\/ies.lacabrera\/\/wp-content\/uploads\/ies.lacabrera\/2025\/12\/Logo-AV-en-blanco-1-100x100.png 100w, https:\/\/site.educa.madrid.org\/ies.lacabrera\/\/wp-content\/uploads\/ies.lacabrera\/2025\/12\/Logo-AV-en-blanco-1-300x300.png 300w, https:\/\/site.educa.madrid.org\/ies.lacabrera\/\/wp-content\/uploads\/ies.lacabrera\/2025\/12\/Logo-AV-en-blanco-1-150x150.png 150w, https:\/\/site.educa.madrid.org\/ies.lacabrera\/\/wp-content\/uploads\/ies.lacabrera\/2025\/12\/Logo-AV-en-blanco-1-500x500.png 500w, https:\/\/site.educa.madrid.org\/ies.lacabrera\/\/wp-content\/uploads\/ies.lacabrera\/2025\/12\/Logo-AV-en-blanco-1-400x400.png 400w, https:\/\/site.educa.madrid.org\/ies.lacabrera\/\/wp-content\/uploads\/ies.lacabrera\/2025\/12\/Logo-AV-en-blanco-1.png 512w\" sizes=\"auto, (max-width: 40px) 100vw, 40px\" \/>\t\t\t\t\t\t\t\t\t<\/a>\n\t\t\t\t\t\t\t\t\t\t\t\t\t<div class=\"image-title\">\n\t\t\t\t\t\tAULA VIRTUAL\t\t\t\t\t<\/div>\n\t\t\t\t\t\t\t<\/div>\n\t\t\t\t\t<div class=\"sow-image-grid-image\">\n\t\t\t\t\t\t\t\t\t\t\t\t\t<a href=\"https:\/\/piedrapapeltijera.ieslacabrera.org\/\"\n\t\t\t\t\t\t\t\t\t\t\t\t\t\t\t\t\t\ttarget=\"_blank\" \t\t\t\t\t\t\t\t\t\t\t\t\t\t\t\t\t\t\t\t\t\t\t\trel=\"noopener noreferrer\" \t\t\t\t\t\t\t\t\t\t\t>\n\t\t\t\t\t\t\t\t<img loading=\"lazy\" decoding=\"async\" width=\"40\" height=\"40\" src=\"https:\/\/site.educa.madrid.org\/ies.lacabrera\/\/wp-content\/uploads\/ies.lacabrera\/2025\/12\/Diseno-sin-titulo-6-100x100.png\" class=\"sow-image-grid-image_html\" alt=\"\" title=\"PERI\u00d3DICO\" srcset=\"https:\/\/site.educa.madrid.org\/ies.lacabrera\/\/wp-content\/uploads\/ies.lacabrera\/2025\/12\/Diseno-sin-titulo-6-100x100.png 100w, https:\/\/site.educa.madrid.org\/ies.lacabrera\/\/wp-content\/uploads\/ies.lacabrera\/2025\/12\/Diseno-sin-titulo-6-150x150.png 150w, https:\/\/site.educa.madrid.org\/ies.lacabrera\/\/wp-content\/uploads\/ies.lacabrera\/2025\/12\/Diseno-sin-titulo-6-300x300.png 300w, https:\/\/site.educa.madrid.org\/ies.lacabrera\/\/wp-content\/uploads\/ies.lacabrera\/2025\/12\/Diseno-sin-titulo-6-400x400.png 400w\" sizes=\"auto, (max-width: 40px) 100vw, 40px\" \/>\t\t\t\t\t\t\t\t\t<\/a>\n\t\t\t\t\t\t\t\t\t\t\t\t\t<div class=\"image-title\">\n\t\t\t\t\t\tPERI\u00d3DICO\t\t\t\t\t<\/div>\n\t\t\t\t\t\t\t<\/div>\n\t\t\t\t\t<div class=\"sow-image-grid-image\">\n\t\t\t\t\t\t\t\t\t\t\t\t\t<a href=\"https:\/\/site.educa.madrid.org\/ies.lacabrera\/index.php\/radio-escolar-ies-de-la-cabrera-pares-y-nones\/\"\n\t\t\t\t\t\t\t\t\t\t\t\t\t\t\t\t\t\ttarget=\"_blank\" \t\t\t\t\t\t\t\t\t\t\t\t\t\t\t\t\t\t\t\t\t\t\t\trel=\"noopener noreferrer\" \t\t\t\t\t\t\t\t\t\t\t>\n\t\t\t\t\t\t\t\t<img loading=\"lazy\" decoding=\"async\" width=\"40\" height=\"40\" src=\"https:\/\/site.educa.madrid.org\/ies.lacabrera\/\/wp-content\/uploads\/ies.lacabrera\/2025\/12\/Logo-RADIO-pares-nones-100x100.png\" class=\"sow-image-grid-image_html\" alt=\"\" title=\"RADIO\" srcset=\"https:\/\/site.educa.madrid.org\/ies.lacabrera\/\/wp-content\/uploads\/ies.lacabrera\/2025\/12\/Logo-RADIO-pares-nones-100x100.png 100w, https:\/\/site.educa.madrid.org\/ies.lacabrera\/\/wp-content\/uploads\/ies.lacabrera\/2025\/12\/Logo-RADIO-pares-nones-150x150.png 150w, https:\/\/site.educa.madrid.org\/ies.lacabrera\/\/wp-content\/uploads\/ies.lacabrera\/2025\/12\/Logo-RADIO-pares-nones-300x300.png 300w, https:\/\/site.educa.madrid.org\/ies.lacabrera\/\/wp-content\/uploads\/ies.lacabrera\/2025\/12\/Logo-RADIO-pares-nones-400x400.png 400w\" sizes=\"auto, (max-width: 40px) 100vw, 40px\" \/>\t\t\t\t\t\t\t\t\t<\/a>\n\t\t\t\t\t\t\t\t\t\t\t\t\t<div class=\"image-title\">\n\t\t\t\t\t\tRADIO\t\t\t\t\t<\/div>\n\t\t\t\t\t\t\t<\/div>\n\t\t\t\t\t<div class=\"sow-image-grid-image\">\n\t\t\t\t\t\t\t\t\t\t\t\t\t<a href=\"https:\/\/raices.madrid.org\/raiz_app\/jsp\/portal\/portalraices.html\"\n\t\t\t\t\t\t\t\t\t\t\t\t\t\t\t\t\t\ttarget=\"_blank\" \t\t\t\t\t\t\t\t\t\t\t\t\t\t\t\t\t\t\t\t\t\t\t\trel=\"noopener noreferrer\" \t\t\t\t\t\t\t\t\t\t\t>\n\t\t\t\t\t\t\t\t<img loading=\"lazy\" decoding=\"async\" width=\"40\" height=\"40\" src=\"https:\/\/site.educa.madrid.org\/ies.lacabrera\/\/wp-content\/uploads\/ies.lacabrera\/2025\/12\/Logo-Raices-100x100.png\" class=\"sow-image-grid-image_html\" alt=\"\" title=\"RAICES\" srcset=\"https:\/\/site.educa.madrid.org\/ies.lacabrera\/\/wp-content\/uploads\/ies.lacabrera\/2025\/12\/Logo-Raices-100x100.png 100w, https:\/\/site.educa.madrid.org\/ies.lacabrera\/\/wp-content\/uploads\/ies.lacabrera\/2025\/12\/Logo-Raices-150x150.png 150w, https:\/\/site.educa.madrid.org\/ies.lacabrera\/\/wp-content\/uploads\/ies.lacabrera\/2025\/12\/Logo-Raices-300x300.png 300w, https:\/\/site.educa.madrid.org\/ies.lacabrera\/\/wp-content\/uploads\/ies.lacabrera\/2025\/12\/Logo-Raices-400x400.png 400w\" sizes=\"auto, (max-width: 40px) 100vw, 40px\" \/>\t\t\t\t\t\t\t\t\t<\/a>\n\t\t\t\t\t\t\t\t\t\t\t\t\t<div class=\"image-title\">\n\t\t\t\t\t\tRAICES\t\t\t\t\t<\/div>\n\t\t\t\t\t\t\t<\/div>\n\t\t\t\t\t<div class=\"sow-image-grid-image\">\n\t\t\t\t\t\t\t\t\t\t\t\t\t<a href=\"https:\/\/gestion.ieslacabrera.org\/\"\n\t\t\t\t\t\t\t\t\t\t\t\t\t\t\t\t\t\ttarget=\"_blank\" \t\t\t\t\t\t\t\t\t\t\t\t\t\t\t\t\t\t\t\t\t\t\t\trel=\"noopener noreferrer\" \t\t\t\t\t\t\t\t\t\t\t>\n\t\t\t\t\t\t\t\t<img loading=\"lazy\" decoding=\"async\" width=\"40\" height=\"40\" src=\"https:\/\/site.educa.madrid.org\/ies.lacabrera\/\/wp-content\/uploads\/ies.lacabrera\/2026\/09\/gestion-1-100x100.png\" class=\"sow-image-grid-image_html\" alt=\"\" title=\"GESTI\u00d3N\" srcset=\"https:\/\/site.educa.madrid.org\/ies.lacabrera\/\/wp-content\/uploads\/ies.lacabrera\/2026\/09\/gestion-1-100x100.png 100w, https:\/\/site.educa.madrid.org\/ies.lacabrera\/\/wp-content\/uploads\/ies.lacabrera\/2026\/09\/gestion-1-300x300.png 300w, https:\/\/site.educa.madrid.org\/ies.lacabrera\/\/wp-content\/uploads\/ies.lacabrera\/2026\/09\/gestion-1-1024x1024.png 1024w, https:\/\/site.educa.madrid.org\/ies.lacabrera\/\/wp-content\/uploads\/ies.lacabrera\/2026\/09\/gestion-1-150x150.png 150w, https:\/\/site.educa.madrid.org\/ies.lacabrera\/\/wp-content\/uploads\/ies.lacabrera\/2026\/09\/gestion-1-768x768.png 768w, https:\/\/site.educa.madrid.org\/ies.lacabrera\/\/wp-content\/uploads\/ies.lacabrera\/2026\/09\/gestion-1-500x500.png 500w, https:\/\/site.educa.madrid.org\/ies.lacabrera\/\/wp-content\/uploads\/ies.lacabrera\/2026\/09\/gestion-1-1536x1536.png 1536w, https:\/\/site.educa.madrid.org\/ies.lacabrera\/\/wp-content\/uploads\/ies.lacabrera\/2026\/09\/gestion-1-400x400.png 400w, https:\/\/site.educa.madrid.org\/ies.lacabrera\/\/wp-content\/uploads\/ies.lacabrera\/2026\/09\/gestion-1.png 2000w\" sizes=\"auto, (max-width: 40px) 100vw, 40px\" \/>\t\t\t\t\t\t\t\t\t<\/a>\n\t\t\t\t\t\t\t\t\t\t\t\t\t<div class=\"image-title\">\n\t\t\t\t\t\tGESTI\u00d3N\t\t\t\t\t<\/div>\n\t\t\t\t\t\t\t<\/div>\n\t\t\t<\/div>\n<\/div><\/div><\/div><\/div><\/div><\/div><div id=\"pg-5461-1\"  class=\"panel-grid panel-has-style\" ><div class=\"siteorigin-panels-stretch panel-row-style panel-row-style-for-5461-1\" data-stretch-type=\"full\" ><div id=\"pgc-5461-1-0\"  class=\"panel-grid-cell\" ><div id=\"panel-5461-1-0-0\" class=\"so-panel widget widget_sow-headline panel-first-child\" data-index=\"1\" ><div\n\t\t\t\n\t\t\tclass=\"so-widget-sow-headline so-widget-sow-headline-default-59832db9a988-5461\"\n\t\t\t\n\t\t><div class=\"sow-headline-container \">\n\t\t\t\t\t\t\t<h2 class=\"sow-headline\">\n\t\t\t\t\t\t\t\t\t\t\t\t\t<a href=\"https:\/\/site.educa.madrid.org\/ies.lacabrera\/index.php\/calendario\/\" target=\"_blank\" rel=\"noopener noreferrer\">\n\t\t\t\t\t\t\t\tCalendario<\/a>\t\t\t\t\t\t<\/h2>\n\t\t\t\t\t\t\t\t\t\t\t<div class=\"decoration\">\n\t\t\t\t\t\t<div class=\"decoration-inside\"><\/div>\n\t\t\t\t\t<\/div>\n\t\t\t\t\t\t\t\t\t\t\t<h5 class=\"sow-sub-headline\">\n\t\t\t\t\t\t\t\t\t\t\t\t\t<a href=\"https:\/\/site.educa.madrid.org\/ies.lacabrera\/index.php\/calendario\/\" target=\"_blank\" rel=\"noopener noreferrer\">\n\t\t\t\t\t\t\t\tAcceso calendario 2026-2027<\/a>\t\t\t\t\t\t<\/h5>\n\t\t\t\t\t\t<\/div>\n<\/div><\/div><div id=\"panel-5461-1-0-1\" class=\"so-panel widget widget_block panel-last-child\" data-index=\"2\" ><div class=\"panel-widget-style panel-widget-style-for-5461-1-0-1\" ><div class=\"mec-wrap mec-skin-list-container  \" id=\"mec_skin_7852\">\r\n\r\n    \r\n            <div class=\"mec-skin-list-events-container\" id=\"mec_skin_events_7852\">\r\n        <div class=\"mec-wrap \">\r\n\t<div class=\"mec-event-list-accordion\">\r\n\t\t\r\n            \r\n                        <article class=\"mec-event-article  mec-clear  mec-divider-toggle mec-toggle-202609-7852\" itemscope>\r\n                                    <!-- toggles wrap start -->\r\n                    <div class=\"mec-events-toggle\">\r\n                        <!-- toggle item start -->\r\n                        <div class=\"mec-toggle-item\">\r\n                            <div class=\"mec-toggle-item-inner\" tabindex=\"0\">\r\n                                                                <div class=\"mec-toggle-item-col\">\r\n                                                                            <div class=\"mec-event-month\"><span class=\"mec-start-date-label\">08 - 14 septiembre<\/span><\/div>\r\n                                                                        <div class=\"mec-time-details\"><span class=\"mec-start-time\">10:30<\/span> - <span class=\"mec-end-time\">13:30<\/span><\/div>                                <\/div>\r\n                                <h3 class=\"mec-toggle-title\">\r\n                                    Inicio de curso 2026-2027<\/h3>\r\n                                                                <i class=\"mec-sl-arrow-down\"><\/i>\r\n                            <\/div>\r\n                            <div class=\"mec-content-toggle\" aria-hidden=\"true\" style=\"display: none;\">\r\n                                <div class=\"mec-toggle-content\">\r\n                                    <div class=\"mec-wrap  clearfix  mec-modal-wrap\" id=\"mec_skin_6170\" data-unique-id=\"6170\">\r\n    <article class=\"mec-single-event mec-single-modern mec-single-modal\">\r\n        <div class=\"mec-events-event-image\">\r\n                    <\/div>\r\n        \r\n        <div class=\"col-md-4\">\r\n\r\n            <div class=\"mec-event-meta mec-color-before mec-frontbox mec-util-hidden\">\r\n                \r\n                <!-- Sponsors Module -->\r\n                \r\n                <!-- Register Booking Button -->\r\n                            <\/div>\r\n\r\n            <!-- Weather Module -->\r\n            \r\n            <!-- QRCode Module -->\r\n            <div class=\"mec-qrcode-details mec-frontbox\">\r\n    <img loading=\"lazy\" decoding=\"async\" src=\"https:\/\/site.educa.madrid.org\/ies.lacabrera\/\/wp-content\/uploads\/ies.lacabrera\/mec\/qr_07dc43b11f4e36f277e6842ddde66dc0.png\" width=\"120\" height=\"120\" alt=\"C\u00f3digo QR\" \/>\r\n<\/div>\r\n            <!-- Public Download Module -->\r\n            \r\n            <!-- Local Time Module -->\r\n            \r\n            <div class=\"mec-event-meta mec-color-before mec-frontbox\">\r\n\r\n                                                \r\n                \r\n                                    <div class=\"mec-single-event-category\">\r\n                        <i class=\"mec-sl-folder\"><\/i>                        <h3 class=\"mec-events-single-section-title mec-category\">Categor\u00eda<\/h3>\r\n                        <dl>\r\n                        <dd class=\"mec-events-event-categories\"><a href=\"https:\/\/site.educa.madrid.org\/ies.lacabrera\/index.php\/mec-category\/jefatura-de-estudios\/\" class=\"mec-color-hover\" rel=\"tag\"><i class=\"mec-fa-angle-right\"><\/i>Jefatura de Estudios<\/a><\/dd>                        <\/dl>\r\n                    <\/div>\r\n                    \r\n                \r\n            <\/div>\r\n\r\n            <!-- Speaker List Module -->\r\n            \r\n            <!-- Attendees List Module -->\r\n            \r\n            <!-- Next Previous Module -->\r\n                    <\/div>\r\n\r\n        <div class=\"col-md-8\">\r\n\r\n            <div class=\"mec-event-content\">\r\n                <div class=\"mec-single-event-description mec-events-content\">\r\n                    <h4>Reuni\u00f3n bienvenida para nuevas familias: 3 de septiembre<\/h4>\n<p data-path-to-node=\"1\">Convocamos a todas las familias que se incorporan por primera vez al IES de La Cabrera a una reuni\u00f3n informativa el pr\u00f3ximo jueves <b data-path-to-node=\"1\" data-index-in-node=\"124\">3 de septiembre a las 17:00 h en el Sal\u00f3n de Actos<\/b>.<\/p>\n<p data-path-to-node=\"2\">En este encuentro presentaremos las l\u00edneas generales del curso, la organizaci\u00f3n del centro y los aspectos clave para facilitar la adaptaci\u00f3n de sus hijos e hijas.<\/p>\n<h4>Jornadas de acogida del alumnado: semana del 8 al 11 de septiembre<\/h4>\n<p class=\"isSelectedEnd\">Como todos los a\u00f1os, el <strong>inicio del curso 2026-2027 se realizar\u00e1 de manera escalonada<\/strong>, con el objetivo de facilitar la incorporaci\u00f3n y acogida de todo nuestro alumnado.<\/p>\n<p class=\"isSelectedEnd\">Durante la <strong>primera semana lectiva<\/strong>, el horario ser\u00e1 reducido, de <strong>10:30 a 13:30 horas<\/strong>. Este horario nos permitir\u00e1 dedicar un tiempo especial a la acogida del alumnado y a facilitar su adaptaci\u00f3n al centro.\u00a0A lo largo de estos primeros d\u00edas se realizar\u00e1n diferentes actividades orientadas a:<\/p>\n<ul data-spread=\"false\">\n<li>Favorecer la <strong>cohesi\u00f3n y el conocimiento del grupo<\/strong>.<\/li>\n<li>Facilitar el <strong>reconocimiento de los espacios y el funcionamiento del centro<\/strong>.<\/li>\n<li>Familiarizar al alumnado con las <strong>herramientas y recursos digitales<\/strong> que utilizar\u00e1 durante el curso.<\/li>\n<li>Trabajar aspectos relacionados con la <strong>gesti\u00f3n emocional<\/strong> y la adaptaci\u00f3n a la nueva etapa.<\/li>\n<li>Resolver dudas y facilitar que el alumnado se sienta <strong>seguro, acompa\u00f1ado y parte de la comunidad educativa<\/strong>.<\/li>\n<\/ul>\n<p class=\"isSelectedEnd\">Entendemos que el comienzo de un nuevo curso, y especialmente el paso a una nueva etapa educativa, puede generar nerviosismo e inseguridad. Por ello, queremos que esta incorporaci\u00f3n sea <strong>gradual y tranquila<\/strong>, ofreciendo al alumnado el tiempo necesario para familiarizarse con su nuevo entorno.<\/p>\n<h4>Incorporaci\u00f3n escalonada<\/h4>\n<ul>\n<li><strong>1.\u00ba ESO:<\/strong> martes <strong>8 de septiembre<\/strong> (y asistir\u00e1 tambi\u00e9n el 9, 10 y 11).<\/li>\n<li><strong>2.\u00ba ESO:<\/strong> mi\u00e9rcoles <strong>9 de septiembre<\/strong> (y asistir\u00e1 tambi\u00e9n el 10 y 11 junto a 1.\u00ba de ESO).<\/li>\n<li><strong>3.\u00ba ESO:<\/strong> jueves <strong>10 de septiembre\u00a0<\/strong>(y asistir\u00e1 tambi\u00e9n el 11 junto a 1.\u00ba y 2.\u00ba de ESO).<\/li>\n<li><strong>4.\u00ba ESO, CFGB y Bachillerato:<\/strong> viernes <strong>11 de septiembre<\/strong> (asistiendo ya todo el alumnado del centro).<\/li>\n<\/ul>\n<p>A partir del lunes <strong>14 de septiembre<\/strong> iniciaremos las clases en horario completo y regular, de 8:25 h a 14:30 h<\/p>\n<h4>Transporte escolar<\/h4>\n<p class=\"isSelectedEnd\">Durante la primera semana, el servicio de transporte escolar adaptar\u00e1 sus horarios al horario reducido del centro. <strong>Las rutas recoger\u00e1n al alumnado dos horas m\u00e1s tarde de lo habitual y el regreso se realizar\u00e1 a las 13:30 horas. <\/strong>Consulta aqu\u00ed los<span style=\"color: #ff6600;\"> <a style=\"color: #ff6600;\" href=\"https:\/\/site.educa.madrid.org\/ies.lacabrera\/index.php\/horarios\/\"><strong>horarios de las rutas<\/strong><\/a><\/span> establecidos para el curso 2026-2027<\/p>\n<p class=\"isSelectedEnd\">A partir del <strong>lunes 14 de septiembre<\/strong>, se recuperar\u00e1 el <strong>horario lectivo completo, de 8:25 a 14:30 horas<\/strong>, y el servicio de transporte volver\u00e1 a funcionar en su horario habitual.<\/p>\n<p class=\"isSelectedEnd\">Deseamos que este nuevo curso sea una etapa de aprendizaje, crecimiento y convivencia, y agradecemos a las familias su colaboraci\u00f3n en estos primeros d\u00edas.<\/p>\n<p><strong>Equipo Directivo<\/strong><br \/>\n<strong>IES La Cabrera<\/strong><\/p>\n                                                                            <\/div>\r\n            <\/div>\r\n\r\n            \r\n            <!-- Custom Data Fields -->\r\n            \r\n            <!-- FAQ -->\r\n            \r\n            <!-- Links Module -->\r\n            <div class=\"mec-event-social mec-frontbox\">\r\n     <h3 class=\"mec-social-single mec-frontbox-title\">Compartir este evento<\/h3>\r\n     <div class=\"mec-event-sharing\">\r\n        <div class=\"mec-links-details\">\r\n            <ul>\r\n                <li class=\"mec-event-social-icon\"><a class=\"facebook\" href=\"https:\/\/www.facebook.com\/sharer\/sharer.php?u=https%3A%2F%2Fsite.educa.madrid.org%2Fies.lacabrera%2Findex.php%2Fevents%2Finicio-de-curso%2F\" onclick=\"javascript:window.open(this.href, '', 'menubar=no,toolbar=no,resizable=yes,scrollbars=yes,height=500,width=600'); return false;\" target=\"_blank\" title=\"Compartir en Facebook\"><i class=\"mec-fa-facebook\"><\/i><span class=\"mec-social-title\"><\/span><\/a><\/li><li class=\"mec-event-social-icon\"><a class=\"twitter\" href=\"https:\/\/x.com\/intent\/tweet?url=https%3A%2F%2Fsite.educa.madrid.org%2Fies.lacabrera%2Findex.php%2Fevents%2Finicio-de-curso%2F\" onclick=\"javascript:window.open(this.href, '', 'menubar=no,toolbar=no,resizable=yes,scrollbars=yes,height=600,width=500'); return false;\" target=\"_blank\" title=\"X Social Network\"><svg xmlns=\"http:\/\/www.w3.org\/2000\/svg\" shape-rendering=\"geometricPrecision\" text-rendering=\"geometricPrecision\" image-rendering=\"optimizeQuality\" fill-rule=\"evenodd\" clip-rule=\"evenodd\" viewBox=\"0 0 512 462.799\"><path fill-rule=\"nonzero\" d=\"M403.229 0h78.506L310.219 196.04 512 462.799H354.002L230.261 301.007 88.669 462.799h-78.56l183.455-209.683L0 0h161.999l111.856 147.88L403.229 0zm-27.556 415.805h43.505L138.363 44.527h-46.68l283.99 371.278z\"\/><\/svg><span class=\"mec-social-title\"><\/span><\/a><\/li><li class=\"mec-event-social-icon\"><a class=\"linkedin\" href=\"https:\/\/www.linkedin.com\/shareArticle?mini=true&url=https%3A%2F%2Fsite.educa.madrid.org%2Fies.lacabrera%2Findex.php%2Fevents%2Finicio-de-curso%2F\" onclick=\"javascript:window.open(this.href, '', 'menubar=no,toolbar=no,resizable=yes,scrollbars=yes,height=600,width=500'); return false;\" target=\"_blank\" title=\"LinkedIn\"><i class=\"mec-fa-linkedin\"><\/i><span class=\"mec-social-title\"><\/span><\/a><\/li><li class=\"mec-event-social-icon\"><a class=\"email\" href=\"mailto:?subject=Inicio%20de%20curso%202026-2027&body=https%3A%2F%2Fsite.educa.madrid.org%2Fies.lacabrera%2Findex.php%2Fevents%2Finicio-de-curso%2F\" title=\"Correo electr\u00f3nico\"><i class=\"mec-fa-envelope\"><\/i><span class=\"mec-social-title\"><\/span><\/a><\/li>            <\/ul>\r\n        <\/div>\r\n    <\/div>\r\n<\/div>\r\n            <!-- Google Maps Module -->\r\n            <div class=\"mec-events-meta-group mec-events-meta-group-gmap\">\r\n                            <\/div>\r\n\r\n            <!-- Export Module -->\r\n            <div class=\"mec-event-export-module mec-frontbox\">\r\n     <div class=\"mec-event-exporting\">\r\n        <div class=\"mec-export-details\">\r\n            <ul>\r\n                <li><a class=\"mec-events-gcal mec-events-button mec-color mec-bg-color-hover mec-border-color\" href=\"https:\/\/calendar.google.com\/calendar\/render?action=TEMPLATE&text=Inicio+de+curso+2026-2027&dates=20260908T083000Z\/20260914T113000Z&details=Reuni%C3%B3n+bienvenida+para+nuevas+familias%3A+3+de+septiembre%0D%0AConvocamos+a+todas+las+familias+que+se+incorporan+por+primera+vez+al+IES+de+La+Cabrera+a+una+reuni%C3%B3n+informativa+el+pr%C3%B3ximo+jueves+3+de+septiembre+a+las+17%3A00+h+en+el+Sal%C3%B3n+de+Actos.%0D%0AEn+este+encuentro+presentaremos+las+l%C3%ADneas+generales+del+curso%2C+la+organizaci%C3%B3n+del+centro+y+los+aspectos+clave+para+facilitar+la+adaptaci%C3%B3n+de+sus+hijos+e+hijas.%0D%0A%0D%0AJornadas+de+acogida+del+alumnado%3A+semana+del+8+al+11+de+septiembre%0D%0AComo+todos+los+a%C3%B1os%2C+el+inicio+del+curso+2026-2027+se+realizar%C3%A1+de+manera+escalonada%2C+con+el+objetivo+de+facilitar+la+incorporaci%C3%B3n+y+acogida+de+todo+nuestro+alumnado.%0D%0ADurante+la+primera+semana+lectiva%2C+el+horario+ser%C3%A1+reducido%2C+de+10%3A30+a+13%3A30+horas.+Este+horario+nos+permitir%C3%A1+dedicar+un+tiempo+especial+a+la+acogida+del+alumnado+y+a+facilitar+su+adaptaci%C3%B3n+al+centro.%C2%A0A+lo+largo+de+estos+primeros+d%C3%ADas+se+realizar%C3%A1n+diferentes+actividades+orientadas+a%3A%0D%0A%0D%0A%0D%0A+%09Favorecer+la+cohesi%C3%B3n+y+el+conocimiento+del+grupo.%0D%0A+%09Facilitar+el+reconocimiento+de+los+espacios+y+el+funcionamiento+del+centro.%0D%0A+%09Familiarizar+al+alumnado+con+las+herramientas+y+recursos+digitales+que+utilizar%C3%A1+durante+el+curso.%0D%0A+%09Trabajar+aspectos+relacionados+con+la+gesti%C3%B3n+emocional+y+la+adaptaci%C3%B3n+a+la+nueva+etapa.%0D%0A+%09Resolver+dudas+y+facilitar+que+el+alumnado+se+sienta+seguro%2C+acompa%C3%B1ado+y+parte+de+la+comunidad+educativa.%0D%0A%0D%0AEntendemos+que+el+comienzo+de+un+nuevo+curso%2C+y+especialmente+el+paso+a+una+nueva+etapa+educativa%2C+puede+generar+nerviosismo+e+inseguridad.+Por+ello%2C+queremos+que+esta+incorporaci%C3%B3n+sea+gradual+y+tranquila%2C+ofreciendo+al+alumnado+el+tiempo+necesario+para+familiarizarse+con+su+nuevo+entorno.%0D%0A%0D%0AIncorporaci%C3%B3n+escalonada%0D%0A%0D%0A+%091.%C2%BA+ESO%3A+martes+8+de+septiembre+%28y+asistir%C3%A1+tambi%C3%A9n+el+9%2C+10+y+11%29.%0D%0A+%092.%C2%BA+ESO%3A+mi%C3%A9rcoles+9+de+septiembre+%28y+asistir%C3%A1+tambi%C3%A9n+el+10+y+11+junto+a+1.%C2%BA+de+ESO%29.%0D%0A+%093.%C2%BA+ESO%3A+jueves+10+de+septiembre%C2%A0%28y+asistir%C3%A1+tambi%C3%A9n+el+11+junto+a+1.%C2%BA+y+2.%C2%BA+de+ESO%29.%0D%0A+%094.%C2%BA+ESO%2C+CFGB+y+Bachillerato%3A+viernes+11+de+septiembre+%28asistiendo+ya+todo+el+alumnado+del+centro%29.%0D%0A%0D%0AA+partir+del+lunes+14+de+septiembre+iniciaremos+las+clases+en+horario+completo+y+regular%2C+de+8%3A25+h+a+14%3A30+h%0D%0ATransporte+escolar%0D%0ADurante+la+primera+semana%2C+el+servicio+de+transporte+escolar+adaptar%C3%A1+sus+horarios+al+horario+reducido+del+centro.+Las+rutas+recoger%C3%A1n+al+alumnado+dos+horas+m%C3%A1s+tarde+de+lo+habitual+y+el+regreso+se+realizar%C3%A1+a+las+13%3A30+horas.+Consulta+aqu%C3%AD+los+horarios+de+las+rutas+establecidos+para+el+curso+2026-2027%0D%0AA+partir+del+lunes+14+de+septiembre%2C+se+recuperar%C3%A1+el+horario+lectivo+completo%2C+de+8%3A25+a+14%3A30+horas%2C+y+el+servicio+de+transporte+volver%C3%A1+a+funcionar+en+su+horario+habitual.%0D%0ADeseamos+que+este+nuevo+curso+sea+una+etapa+de+aprendizaje%2C+crecimiento+y+convivencia%2C+y+agradecemos+a+las+familias+su+colaboraci%C3%B3n+en+estos+primeros+d%C3%ADas.%0D%0AEquipo+Directivo%0D%0AIES+La+Cabrera\" target=\"_blank\">+ A\u00f1adir Google Calendar<\/a><\/li>                <li><a class=\"mec-events-gcal mec-events-button mec-color mec-bg-color-hover mec-border-color\" href=\"https:\/\/site.educa.madrid.org\/ies.lacabrera\/?method=ical&#038;id=8752\">Exportaci\u00f3n + iCal \/ Outlook<\/a><\/li>            <\/ul>\r\n        <\/div>\r\n    <\/div>\r\n<\/div>\r\n            <!-- Hourly Schedule -->\r\n            \r\n            \t\t\t<!-- Booking Module -->\r\n            \r\n            <!-- Tags -->\r\n            <div class=\"mec-events-meta-group mec-events-meta-group-tags\">\r\n                            <\/div>\r\n\r\n        <\/div>\r\n    <\/article>\r\n<\/div>\r\n<script>\r\n\/\/ Fix modal speaker in some themes\r\njQuery(\"#mec_skin_6170 .mec-speaker-avatar-dialog a\").on('click', function(e)\r\n{\r\n    e.preventDefault();\r\n\r\n    var id = jQuery(this).attr('href');\r\n    lity(id);\r\n\r\n    return false;\r\n});\r\n<\/script>\r\n                                <\/div>\r\n                            <\/div>\r\n                        <\/div><!-- toggle item end -->\r\n                    <\/div><!-- toggles wrap end -->\r\n                            <\/article>\r\n            \t\t\t<\/div>\r\n<\/div>\r\n\r\n    <\/div>\r\n    <div class=\"mec-skin-list-no-events-container mec-util-hidden\" id=\"mec_skin_no_events_7852\">\r\n        \u00a1No hay eventos!    <\/div>\r\n    \r\n    \r\n<\/div>\r\n<\/div><\/div><\/div><div id=\"pgc-5461-1-1\"  class=\"panel-grid-cell panel-grid-cell-empty\" ><\/div><div id=\"pgc-5461-1-2\"  class=\"panel-grid-cell\" ><div id=\"panel-5461-1-2-0\" class=\"so-panel widget widget_sow-headline panel-first-child\" data-index=\"3\" ><div\n\t\t\t\n\t\t\tclass=\"so-widget-sow-headline so-widget-sow-headline-default-23217022c65e-8752\"\n\t\t\t\n\t\t><div class=\"sow-headline-container \">\n\t\t\t\t\t\t\t<h2 class=\"sow-headline\">\n\t\t\t\t\t\t\t\t\t\t\t\t\t<a href=\"https:\/\/site.educa.madrid.org\/ies.lacabrera\/index.php\/noticias-destacadas\/\" target=\"_blank\" rel=\"noopener noreferrer\">\n\t\t\t\t\t\t\t\tNOTICIAS<\/a>\t\t\t\t\t\t<\/h2>\n\t\t\t\t\t\t\t\t\t\t\t<div class=\"decoration\">\n\t\t\t\t\t\t<div class=\"decoration-inside\"><\/div>\n\t\t\t\t\t<\/div>\n\t\t\t\t\t<\/div>\n<\/div><\/div><div id=\"panel-5461-1-2-1\" class=\"so-panel widget widget_sow-post-carousel panel-last-child\" data-index=\"4\" ><div class=\"panel-widget-style panel-widget-style-for-5461-1-2-1\" ><div\n\t\t\t\n\t\t\tclass=\"so-widget-sow-post-carousel so-widget-sow-post-carousel-overlay-91891e831f01-8752\"\n\t\t\t\n\t\t>\t<div\n\t\tclass=\"sow-post-carousel-wrapper sow-post-carousel-theme-overlay\"\n\t\tstyle=\"overflow: hidden; max-width: 100%; 260px\"\n\t>\n\t\t<div class=\"sow-carousel-title\">\n\t<\/div>\n\n<div class=\"sow-carousel-container \">\n\t\t<div class=\"sow-carousel-wrapper\"\n\t\tdata-dir=\"ltr\"\n\t\tstyle=\"opacity: 0;\"\n\t\tdata-widget=\"post\" data-fetching=\"false\" data-page=\"1\" data-ajax-url=\"https:\/\/site.educa.madrid.org\/ies.lacabrera\/wp-admin\/admin-ajax.php?_widgets_nonce=1e03720545\" data-item_count=\"317\" data-carousel_settings=\"{&quot;loop&quot;:false,&quot;dots&quot;:true,&quot;animation&quot;:&quot;ease&quot;,&quot;animation_speed&quot;:10,&quot;autoplay&quot;:&quot;off&quot;,&quot;pauseOnHover&quot;:true,&quot;autoplaySpeed&quot;:8000,&quot;item_overflow&quot;:true,&quot;autoplay_continuous_scroll&quot;:false,&quot;theme&quot;:&quot;overlay&quot;,&quot;appendDots&quot;:&quot;true&quot;}\" data-responsive=\"{&quot;desktop_slides_to_scroll&quot;:3,&quot;tablet_landscape_breakpoint&quot;:1366,&quot;tablet_landscape_slides_to_scroll&quot;:2,&quot;tablet_portrait_breakpoint&quot;:1025,&quot;tablet_portrait_slides_to_scroll&quot;:2,&quot;mobile_breakpoint&quot;:50,&quot;mobile_slides_to_scroll&quot;:1,&quot;desktop_slides_to_show&quot;:3,&quot;tablet_landscape_slides_to_show&quot;:3,&quot;tablet_portrait_slides_to_show&quot;:2,&quot;mobile_slides_to_show&quot;:1}\" \t>\n\t\t<div\n\t\t\tclass=\"sow-carousel-items\"\n\t\t\t\t\t>\n\t\t\t\t<div\n\t\tclass=\"sow-carousel-item \n\t\tsow-carousel-default-thumbnail\t\t\"\n\t\tstyle=\"\n\t\t\tbackground-image: url(https:\/\/site.educa.madrid.org\/ies.lacabrera\/\/wp-content\/uploads\/ies.lacabrera\/2026\/02\/izquierda_ES_oscuro-391x260.png);\t\t\t\t\t\topacity: 0;\n\t\t\"\n\t>\n\t\t<a\n\t\t\thref=\"https:\/\/site.educa.madrid.org\/ies.lacabrera\/index.php\/2026\/09\/04\/ampliacion-extraordinaria-de-plazo-y-reapertura-de-convocatoria-movilidad-de-corta-duracion-una-semana\/\"\n\t\t\ttarget=\"_blank\" rel=\"noopener noreferrer\"\t\t\ttabindex=\"-1\"\n\t\t\taria-labelledby=\"sow-carousel-id-11265\"\n\t\t\tclass=\"sow-carousel-overlay\"\n\t\t\ttitle=\"AMPLIACI\u00d3N EXTRAORDINARIA DE PLAZO Y REAPERTURA DE CONVOCATORIA (MOVILIDAD DE CORTA DURACI\u00d3N, UNA SEMANA)\"\n\t\t>\n\t\t\t&nbsp;\n\t\t<\/a>\n\n\t\t\t\t\t<span class=\"sow-entry-categories\">\n\t\t\t\t<a href=\"https:\/\/site.educa.madrid.org\/ies.lacabrera\/index.php\/category\/noticias\/sin-categoria\/\" rel=\"category tag\">biblioteca tutorizada<\/a>\t\t\t<\/span>\n\t\t\n\t\t<h2\t\t\tclass=\"sow-carousel-item-title\"\n\t\t\tid=\"sow-carousel-id-11265\"\n\t\t>\n\t\t\tAMPLIACI\u00d3N EXTRAORDINARIA DE PLAZO Y REAPERTURA DE CONVOCATORIA (MOVILIDAD DE CORTA DURACI\u00d3N, UNA SEMANA)\t\t<\/h2>\n\t<\/div>\n\t\t<div\n\t\tclass=\"sow-carousel-item \n\t\tsow-carousel-default-thumbnail\t\t\"\n\t\tstyle=\"\n\t\t\tbackground-image: url(https:\/\/site.educa.madrid.org\/ies.lacabrera\/\/wp-content\/uploads\/ies.lacabrera\/2026\/07\/imagen_2024-10-14_104513341-391x260.png);\t\t\t\t\t\topacity: 0;\n\t\t\"\n\t>\n\t\t<a\n\t\t\thref=\"https:\/\/site.educa.madrid.org\/ies.lacabrera\/index.php\/2026\/09\/04\/convocatoria-de-participacion-en-programa-de-intercambio-escolar-ies-la-cabrera-liceo-statale-rinaldo-corso-correggio-italia\/\"\n\t\t\ttarget=\"_blank\" rel=\"noopener noreferrer\"\t\t\ttabindex=\"-1\"\n\t\t\taria-labelledby=\"sow-carousel-id-11263\"\n\t\t\tclass=\"sow-carousel-overlay\"\n\t\t\ttitle=\"CONVOCATORIA DE PARTICIPACI\u00d3N EN PROGRAMA DE INTERCAMBIO ESCOLAR\u00a0IES LA CABRERA \u2013 LICEO STATALE RINALDO CORSO (CORREGGIO, ITALIA)\"\n\t\t>\n\t\t\t&nbsp;\n\t\t<\/a>\n\n\t\t\t\t\t<span class=\"sow-entry-categories\">\n\t\t\t\t<a href=\"https:\/\/site.educa.madrid.org\/ies.lacabrera\/index.php\/category\/noticias\/sin-categoria\/\" rel=\"category tag\">biblioteca tutorizada<\/a>\t\t\t<\/span>\n\t\t\n\t\t<h2\t\t\tclass=\"sow-carousel-item-title\"\n\t\t\tid=\"sow-carousel-id-11263\"\n\t\t>\n\t\t\tCONVOCATORIA DE PARTICIPACI\u00d3N EN PROGRAMA DE INTERCAMBIO ESCOLAR\u00a0IES LA CABRERA \u2013 LICEO STATALE RINALDO CORSO (CORREGGIO, ITALIA)\t\t<\/h2>\n\t<\/div>\n\t\t<div\n\t\tclass=\"sow-carousel-item \n\t\tsow-carousel-default-thumbnail\t\t\"\n\t\tstyle=\"\n\t\t\tbackground-image: url(https:\/\/site.educa.madrid.org\/ies.lacabrera\/\/wp-content\/uploads\/ies.lacabrera\/2026\/07\/CARTEL-IES-LA-CABRERA-391x260.png);\t\t\t\t\t\topacity: 0;\n\t\t\"\n\t>\n\t\t<a\n\t\t\thref=\"https:\/\/site.educa.madrid.org\/ies.lacabrera\/index.php\/2026\/07\/21\/el-eclipse-desde-arcones\/\"\n\t\t\ttarget=\"_blank\" rel=\"noopener noreferrer\"\t\t\ttabindex=\"-1\"\n\t\t\taria-labelledby=\"sow-carousel-id-11162\"\n\t\t\tclass=\"sow-carousel-overlay\"\n\t\t\ttitle=\"El ECLIPSE desde ARCONES\"\n\t\t>\n\t\t\t&nbsp;\n\t\t<\/a>\n\n\t\t\t\t\t<span class=\"sow-entry-categories\">\n\t\t\t\t<a href=\"https:\/\/site.educa.madrid.org\/ies.lacabrera\/index.php\/category\/noticias\/\" rel=\"category tag\">Noticias<\/a> <a href=\"https:\/\/site.educa.madrid.org\/ies.lacabrera\/index.php\/category\/proyectos\/\" rel=\"category tag\">Proyectos<\/a>\t\t\t<\/span>\n\t\t\n\t\t<h2\t\t\tclass=\"sow-carousel-item-title\"\n\t\t\tid=\"sow-carousel-id-11162\"\n\t\t>\n\t\t\tEl ECLIPSE desde ARCONES\t\t<\/h2>\n\t<\/div>\n\t\t<div\n\t\tclass=\"sow-carousel-item \n\t\tsow-carousel-default-thumbnail\t\t\"\n\t\tstyle=\"\n\t\t\tbackground-image: url(https:\/\/site.educa.madrid.org\/ies.lacabrera\/\/wp-content\/uploads\/ies.lacabrera\/2026\/07\/imagen_2024-10-14_104513341-391x260.png);\t\t\t\t\t\topacity: 0;\n\t\t\"\n\t>\n\t\t<a\n\t\t\thref=\"https:\/\/site.educa.madrid.org\/ies.lacabrera\/index.php\/2026\/07\/07\/convocatoria-erasmus-movilidad-a-italia-corraggio\/\"\n\t\t\ttarget=\"_blank\" rel=\"noopener noreferrer\"\t\t\ttabindex=\"-1\"\n\t\t\taria-labelledby=\"sow-carousel-id-11154\"\n\t\t\tclass=\"sow-carousel-overlay\"\n\t\t\ttitle=\"ERASMUS a ITALIA (Corraggio)\"\n\t\t>\n\t\t\t&nbsp;\n\t\t<\/a>\n\n\t\t\t\t\t<span class=\"sow-entry-categories\">\n\t\t\t\t<a href=\"https:\/\/site.educa.madrid.org\/ies.lacabrera\/index.php\/category\/erasmus\/\" rel=\"category tag\">ERASMUS<\/a>\t\t\t<\/span>\n\t\t\n\t\t<h2\t\t\tclass=\"sow-carousel-item-title\"\n\t\t\tid=\"sow-carousel-id-11154\"\n\t\t>\n\t\t\tERASMUS a ITALIA (Corraggio)\t\t<\/h2>\n\t<\/div>\n\t\t<div\n\t\tclass=\"sow-carousel-item \n\t\tsow-carousel-default-thumbnail\t\t\"\n\t\tstyle=\"\n\t\t\tbackground-image: url(https:\/\/site.educa.madrid.org\/ies.lacabrera\/\/wp-content\/uploads\/ies.lacabrera\/2026\/05\/IMG_4396-391x260.jpg);\t\t\t\t\t\topacity: 0;\n\t\t\"\n\t>\n\t\t<a\n\t\t\thref=\"https:\/\/site.educa.madrid.org\/ies.lacabrera\/index.php\/2026\/06\/29\/taller-acuarelas-creativas-abril-2026\/\"\n\t\t\ttarget=\"_blank\" rel=\"noopener noreferrer\"\t\t\ttabindex=\"-1\"\n\t\t\taria-labelledby=\"sow-carousel-id-10810\"\n\t\t\tclass=\"sow-carousel-overlay\"\n\t\t\ttitle=\"Taller acuarelas creativas Abril 2026\"\n\t\t>\n\t\t\t&nbsp;\n\t\t<\/a>\n\n\t\t\t\t\t<span class=\"sow-entry-categories\">\n\t\t\t\t<a href=\"https:\/\/site.educa.madrid.org\/ies.lacabrera\/index.php\/category\/noticias\/sin-categoria\/\" rel=\"category tag\">biblioteca tutorizada<\/a>\t\t\t<\/span>\n\t\t\n\t\t<h2\t\t\tclass=\"sow-carousel-item-title\"\n\t\t\tid=\"sow-carousel-id-10810\"\n\t\t>\n\t\t\tTaller acuarelas creativas Abril 2026\t\t<\/h2>\n\t<\/div>\n\t\t<div\n\t\tclass=\"sow-carousel-item \n\t\tsow-carousel-default-thumbnail\t\t\"\n\t\tstyle=\"\n\t\t\tbackground-image: url(https:\/\/site.educa.madrid.org\/ies.lacabrera\/\/wp-content\/uploads\/ies.lacabrera\/2026\/05\/IMG_20260617_152849-391x260.jpg);\t\t\t\t\t\topacity: 0;\n\t\t\"\n\t>\n\t\t<a\n\t\t\thref=\"https:\/\/site.educa.madrid.org\/ies.lacabrera\/index.php\/2026\/06\/29\/cierre-talleres-acuarelas-creativas\/\"\n\t\t\ttarget=\"_blank\" rel=\"noopener noreferrer\"\t\t\ttabindex=\"-1\"\n\t\t\taria-labelledby=\"sow-carousel-id-11110\"\n\t\t\tclass=\"sow-carousel-overlay\"\n\t\t\ttitle=\"Cierre talleres acuarelas creativas\"\n\t\t>\n\t\t\t&nbsp;\n\t\t<\/a>\n\n\t\t\t\t\t<span class=\"sow-entry-categories\">\n\t\t\t\t<a href=\"https:\/\/site.educa.madrid.org\/ies.lacabrera\/index.php\/category\/noticias\/sin-categoria\/\" rel=\"category tag\">biblioteca tutorizada<\/a>\t\t\t<\/span>\n\t\t\n\t\t<h2\t\t\tclass=\"sow-carousel-item-title\"\n\t\t\tid=\"sow-carousel-id-11110\"\n\t\t>\n\t\t\tCierre talleres acuarelas creativas\t\t<\/h2>\n\t<\/div>\n\t\t<div\n\t\tclass=\"sow-carousel-item \n\t\tsow-carousel-default-thumbnail\t\t\"\n\t\tstyle=\"\n\t\t\tbackground-image: url(https:\/\/site.educa.madrid.org\/ies.lacabrera\/\/wp-content\/uploads\/ies.lacabrera\/2026\/06\/REXLOGO-391x260.jpg);\t\t\t\t\t\topacity: 0;\n\t\t\"\n\t>\n\t\t<a\n\t\t\thref=\"https:\/\/site.educa.madrid.org\/ies.lacabrera\/index.php\/2026\/06\/18\/nuestro-alumnado-protagonista-en-la-ruta-al-exilio-2026-una-aventura-de-memoria-y-aprendizaje\/\"\n\t\t\ttarget=\"_blank\" rel=\"noopener noreferrer\"\t\t\ttabindex=\"-1\"\n\t\t\taria-labelledby=\"sow-carousel-id-11072\"\n\t\t\tclass=\"sow-carousel-overlay\"\n\t\t\ttitle=\"Nuestro alumnado, Protagonista en la \u00abRuta al Exilio 2026\u00bb: Una Aventura de Memoria y Aprendizaje\"\n\t\t>\n\t\t\t&nbsp;\n\t\t<\/a>\n\n\t\t\t\t\t<span class=\"sow-entry-categories\">\n\t\t\t\t<a href=\"https:\/\/site.educa.madrid.org\/ies.lacabrera\/index.php\/category\/noticias\/geografia-e-historia\/\" rel=\"category tag\">Geograf\u00eda e Historia<\/a>\t\t\t<\/span>\n\t\t\n\t\t<h2\t\t\tclass=\"sow-carousel-item-title\"\n\t\t\tid=\"sow-carousel-id-11072\"\n\t\t>\n\t\t\tNuestro alumnado, Protagonista en la \u00abRuta al Exilio 2026\u00bb: Una Aventura de Memoria y Aprendizaje\t\t<\/h2>\n\t<\/div>\n\t\t<div\n\t\tclass=\"sow-carousel-item \n\t\tsow-carousel-default-thumbnail\t\t\"\n\t\tstyle=\"\n\t\t\tbackground-image: url(https:\/\/site.educa.madrid.org\/ies.lacabrera\/\/wp-content\/uploads\/ies.lacabrera\/2026\/06\/images-391x260.jpg);\t\t\t\t\t\topacity: 0;\n\t\t\"\n\t>\n\t\t<a\n\t\t\thref=\"https:\/\/site.educa.madrid.org\/ies.lacabrera\/index.php\/2026\/06\/15\/colaboracion-del-ies-la-cabrera-en-el-proyecto-tarragona-refugia\/\"\n\t\t\ttarget=\"_blank\" rel=\"noopener noreferrer\"\t\t\ttabindex=\"-1\"\n\t\t\taria-labelledby=\"sow-carousel-id-11064\"\n\t\t\tclass=\"sow-carousel-overlay\"\n\t\t\ttitle=\"Colaboraci\u00f3n del IES La Cabrera en el proyecto Tarragona Refugia\"\n\t\t>\n\t\t\t&nbsp;\n\t\t<\/a>\n\n\t\t\t\t\t<span class=\"sow-entry-categories\">\n\t\t\t\t<a href=\"https:\/\/site.educa.madrid.org\/ies.lacabrera\/index.php\/category\/noticias\/geografia-e-historia\/\" rel=\"category tag\">Geograf\u00eda e Historia<\/a>\t\t\t<\/span>\n\t\t\n\t\t<h2\t\t\tclass=\"sow-carousel-item-title\"\n\t\t\tid=\"sow-carousel-id-11064\"\n\t\t>\n\t\t\tColaboraci\u00f3n del IES La Cabrera en el proyecto Tarragona Refugia\t\t<\/h2>\n\t<\/div>\n\t\t<div\n\t\tclass=\"sow-carousel-item \n\t\tsow-carousel-default-thumbnail\t\t\"\n\t\tstyle=\"\n\t\t\tbackground-image: url(https:\/\/site.educa.madrid.org\/ies.lacabrera\/\/wp-content\/uploads\/ies.lacabrera\/2026\/06\/images-2.jpg);\t\t\t\t\t\topacity: 0;\n\t\t\"\n\t>\n\t\t<a\n\t\t\thref=\"https:\/\/site.educa.madrid.org\/ies.lacabrera\/index.php\/2026\/06\/10\/videos-reunion-orientacion-academica\/\"\n\t\t\ttarget=\"_blank\" rel=\"noopener noreferrer\"\t\t\ttabindex=\"-1\"\n\t\t\taria-labelledby=\"sow-carousel-id-11054\"\n\t\t\tclass=\"sow-carousel-overlay\"\n\t\t\ttitle=\"V\u00cdDEOS reuni\u00f3n ORIENTACI\u00d3N ACAD\u00c9MICA y MATR\u00cdCULA\"\n\t\t>\n\t\t\t&nbsp;\n\t\t<\/a>\n\n\t\t\t\t\t<span class=\"sow-entry-categories\">\n\t\t\t\t<a href=\"https:\/\/site.educa.madrid.org\/ies.lacabrera\/index.php\/category\/noticias\/sin-categoria\/\" rel=\"category tag\">biblioteca tutorizada<\/a>\t\t\t<\/span>\n\t\t\n\t\t<h2\t\t\tclass=\"sow-carousel-item-title\"\n\t\t\tid=\"sow-carousel-id-11054\"\n\t\t>\n\t\t\tV\u00cdDEOS reuni\u00f3n ORIENTACI\u00d3N ACAD\u00c9MICA y MATR\u00cdCULA\t\t<\/h2>\n\t<\/div>\n\t\t<div\n\t\tclass=\"sow-carousel-item \n\t\tsow-carousel-default-thumbnail\t\t\"\n\t\tstyle=\"\n\t\t\tbackground-image: url(https:\/\/site.educa.madrid.org\/ies.lacabrera\/\/wp-content\/uploads\/ies.lacabrera\/2026\/06\/IMG_3629-391x260.jpeg);\t\t\t\t\t\topacity: 0;\n\t\t\"\n\t>\n\t\t<a\n\t\t\thref=\"https:\/\/site.educa.madrid.org\/ies.lacabrera\/index.php\/2026\/06\/04\/participacion-del-alumnado-del-ies-la-cabrera-en-el-acto-destacamentos-penales-memoria-de-hierro-y-sangre\/\"\n\t\t\ttarget=\"_blank\" rel=\"noopener noreferrer\"\t\t\ttabindex=\"-1\"\n\t\t\taria-labelledby=\"sow-carousel-id-11023\"\n\t\t\tclass=\"sow-carousel-overlay\"\n\t\t\ttitle=\"Participaci\u00f3n del alumnado del IES La Cabrera en el acto \u00abDestacamentos Penales: Memoria de Hierro y Sangre\u00bb\"\n\t\t>\n\t\t\t&nbsp;\n\t\t<\/a>\n\n\t\t\t\t\t<span class=\"sow-entry-categories\">\n\t\t\t\t<a href=\"https:\/\/site.educa.madrid.org\/ies.lacabrera\/index.php\/category\/noticias\/geografia-e-historia\/\" rel=\"category tag\">Geograf\u00eda e Historia<\/a>\t\t\t<\/span>\n\t\t\n\t\t<h2\t\t\tclass=\"sow-carousel-item-title\"\n\t\t\tid=\"sow-carousel-id-11023\"\n\t\t>\n\t\t\tParticipaci\u00f3n del alumnado del IES La Cabrera en el acto \u00abDestacamentos Penales: Memoria de Hierro y Sangre\u00bb\t\t<\/h2>\n\t<\/div>\n\t\t\t<\/div>\n\t\t\t\t\t<div class=\"sow-carousel-nav\" >\n\t\t\t\t\t\t\t\t\t<div class=\"sow-carousel-nav-arrows\" >\n\t\t\t\t\t\t\t\t\t<a href=\"#\" class=\"sow-carousel-next\" title=\"Siguiente\" aria-label=\"Entradas siguientes\" role=\"button\"><\/a>\n\t\t\t\t\t\t<a href=\"#\" class=\"sow-carousel-previous\" title=\"Anterior\" aria-label=\"Entradas anteriores\" role=\"button\"><\/a>\n\t\t\t\t\t\t\t\t<\/div>\n\t\t\t\t\t\t\t<\/div>\n\t\t\t<\/div>\n\n\t<\/div>\n\t\t<input type=\"hidden\" name=\"instance_hash\" value=\"5d9c30d0\"\/>\n\t<\/div>\n<\/div><\/div><\/div><\/div><\/div><\/div><div id=\"pg-5461-2\"  class=\"panel-grid panel-has-style\" ><div class=\"siteorigin-panels-stretch panel-row-style panel-row-style-for-5461-2\" data-stretch-type=\"full\" ><div id=\"pgc-5461-2-0\"  class=\"panel-grid-cell\" ><div id=\"panel-5461-2-0-0\" class=\"so-panel widget widget_sow-headline panel-first-child\" data-index=\"5\" ><div\n\t\t\t\n\t\t\tclass=\"so-widget-sow-headline so-widget-sow-headline-default-bd6d2eb9d86a-11023\"\n\t\t\t\n\t\t><div class=\"sow-headline-container \">\n\t\t\t\t\t\t\t<h2 class=\"sow-headline\">\n\t\t\t\t\t\tTe puede interesar\t\t\t\t\t\t<\/h2>\n\t\t\t\t\t\t\t\t\t\t\t<div class=\"decoration\">\n\t\t\t\t\t\t<div class=\"decoration-inside\"><\/div>\n\t\t\t\t\t<\/div>\n\t\t\t\t\t<\/div>\n<\/div><\/div><div id=\"panel-5461-2-0-1\" class=\"so-panel widget widget_sow-hero panel-last-child\" data-index=\"6\" ><div\n\t\t\t\n\t\t\tclass=\"so-widget-sow-hero so-widget-sow-hero-default-0a5625c3194d-11023 so-widget-fittext-wrapper\"\n\t\t\t data-fit-text-compressor=\"0.85\"\n\t\t>\t\t\t\t<div class=\"sow-slider-base\" style=\"display: none\" tabindex=\"0\">\n\t\t\t\t\t<ul\n\t\t\t\t\tclass=\"sow-slider-images\"\n\t\t\t\t\tdata-settings=\"{&quot;pagination&quot;:true,&quot;speed&quot;:500,&quot;timeout&quot;:3500,&quot;paused&quot;:false,&quot;pause_on_hover&quot;:false,&quot;swipe&quot;:true,&quot;nav_always_show_desktop&quot;:true,&quot;nav_always_show_mobile&quot;:true,&quot;breakpoint&quot;:&quot;780px&quot;,&quot;unmute&quot;:false,&quot;anchor&quot;:null}\"\n\t\t\t\t\tstyle=\"min-height: 450px\"\t\t\t\t\tdata-anchor-id=\"\"\n\t\t\t\t>\t\t<li class=\"sow-slider-image  sow-slider-image-cover\" style=\"visibility: visible;;background-color: #333333\" >\n\t\t\t\t\t<div class=\"sow-slider-image-container\">\n\t\t\t<div class=\"sow-slider-image-wrapper\">\n\t\t\t\t<div class=\"sow-hero-buttons\" style=\"text-align: center\"><div\n\t\t\t\n\t\t\tclass=\"so-widget-sow-button so-widget-sow-button-wire-264392af86fb\"\n\t\t\t\n\t\t><div class=\"ow-button-base ow-button-align-center\"\n>\n\t\t\t<a\n\t\t\t\t\thref=\"https:\/\/compartimosmemoria.es\/\"\n\t\t\t\t\tclass=\"sowb-button ow-icon-placement-left ow-button-hover\" target=\"_blank\" rel=\"noopener noreferrer\" \t>\n\t\t<span>\n\t\t\t\n\t\t\tCompartimos Memoria\t\t<\/span>\n\t\t\t<\/a>\n\t<\/div>\n<\/div><\/div>\n\t\t\t<\/div>\n\t\t<\/div>\n\t\t<div class=\"sow-slider-image-overlay sow-slider-image-cover\" style=\"opacity: 0.5;background-image: url(https:\/\/site.educa.madrid.org\/ies.lacabrera\/\/wp-content\/uploads\/ies.lacabrera\/2025\/04\/554b3bee-f949-4903-b421-ad8c9691932a.jpg)\"  ><\/div>\t\t<\/li>\n\t\t\t\t<li class=\"sow-slider-image  sow-slider-image-cover\" style=\"visibility: hidden;;background-color: #333333;cursor: pointer;\" data-url=\"{&quot;url&quot;:&quot;https:\\\/\\\/site.educa.madrid.org\\\/ies.lacabrera\\\/index.php\\\/blog-fp-basica\\\/&quot;,&quot;new_window&quot;:true}\" >\n\t\t\t\t\t<div class=\"sow-slider-image-container\">\n\t\t\t<div class=\"sow-slider-image-wrapper\">\n\t\t\t\t<div class=\"sow-hero-buttons\" style=\"text-align: center\"><div\n\t\t\t\n\t\t\tclass=\"so-widget-sow-button so-widget-sow-button-wire-264392af86fb\"\n\t\t\t\n\t\t><div class=\"ow-button-base ow-button-align-center\"\n>\n\t\t\t<a\n\t\t\t\t\thref=\"https:\/\/site.educa.madrid.org\/ies.lacabrera\/index.php\/blog-fp-basica\/\"\n\t\t\t\t\tclass=\"sowb-button ow-icon-placement-left ow-button-hover\" target=\"_blank\" rel=\"noopener noreferrer\" \t>\n\t\t<span>\n\t\t\t\n\t\t\tCiclo Formativo de Grado B\u00e1sico\t\t<\/span>\n\t\t\t<\/a>\n\t<\/div>\n<\/div><\/div>\n\t\t\t<\/div>\n\t\t<\/div>\n\t\t<div class=\"sow-slider-image-overlay sow-slider-image-cover\" style=\"opacity: 0.5\" data-background=\"url(https:\/\/site.educa.madrid.org\/ies.lacabrera\/\/wp-content\/uploads\/ies.lacabrera\/2025\/04\/IMG20250327132611-scaled.jpg)\"  ><\/div>\t\t<\/li>\n\t\t\t\t<li class=\"sow-slider-image  sow-slider-image-cover\" style=\"visibility: hidden;;background-color: #333333\" >\n\t\t\t\t\t<div class=\"sow-slider-image-container\">\n\t\t\t<div class=\"sow-slider-image-wrapper\">\n\t\t\t\t<div class=\"sow-hero-buttons\" style=\"text-align: center\"><div\n\t\t\t\n\t\t\tclass=\"so-widget-sow-button so-widget-sow-button-wire-264392af86fb\"\n\t\t\t\n\t\t><div class=\"ow-button-base ow-button-align-center\"\n>\n\t\t\t<a\n\t\t\t\t\thref=\"https:\/\/site.educa.madrid.org\/ies.lacabrera\/index.php\/departamento-de-fisica-y-quimica\/\"\n\t\t\t\t\tclass=\"sowb-button ow-icon-placement-left ow-button-hover\" target=\"_blank\" rel=\"noopener noreferrer\" \t>\n\t\t<span>\n\t\t\t\n\t\t\tVuelo Estratosf\u00e9rico\t\t<\/span>\n\t\t\t<\/a>\n\t<\/div>\n<\/div><\/div>\n<p>&nbsp;<\/p>\n\t\t\t<\/div>\n\t\t<\/div>\n\t\t<div class=\"sow-slider-image-overlay sow-slider-image-cover\" style=\"opacity: 0.5\" data-background=\"url(https:\/\/site.educa.madrid.org\/ies.lacabrera\/\/wp-content\/uploads\/ies.lacabrera\/2025\/06\/DSC00992-scaled.jpg)\"  ><\/div>\t\t<\/li>\n\t\t\t\t<li class=\"sow-slider-image  sow-slider-image-cover\" style=\"visibility: hidden;;background-color: #333333\" >\n\t\t\t\t\t<div class=\"sow-slider-image-container\">\n\t\t\t<div class=\"sow-slider-image-wrapper\">\n\t\t\t\t<div class=\"sow-hero-buttons\" style=\"text-align: center\"><div\n\t\t\t\n\t\t\tclass=\"so-widget-sow-button so-widget-sow-button-wire-264392af86fb\"\n\t\t\t\n\t\t><div class=\"ow-button-base ow-button-align-center\"\n>\n\t\t\t<a\n\t\t\t\t\thref=\"https:\/\/cloud.educa.madrid.org\/s\/erBAmLjYctCMxgX\"\n\t\t\t\t\tclass=\"sowb-button ow-icon-placement-left ow-button-hover\" target=\"_blank\" rel=\"noopener noreferrer\" \t>\n\t\t<span>\n\t\t\t\n\t\t\tProyecto Pigmali\u00f3n\t\t<\/span>\n\t\t\t<\/a>\n\t<\/div>\n<\/div><\/div>\n\t\t\t<\/div>\n\t\t<\/div>\n\t\t<div class=\"sow-slider-image-overlay sow-slider-image-cover\" style=\"opacity: 0.5\" data-background=\"url(https:\/\/site.educa.madrid.org\/ies.lacabrera\/\/wp-content\/uploads\/ies.lacabrera\/2025\/03\/IMG20250221125320-scaled.jpg)\"  ><\/div>\t\t<\/li>\n\t\t<\/ul>\t\t\t\t<ol class=\"sow-slider-pagination\">\n\t\t\t\t\t\t\t\t\t\t\t<li><a href=\"#\" data-goto=\"0\" aria-label=\"Display slide 1\"><\/a><\/li>\n\t\t\t\t\t\t\t\t\t\t\t<li><a href=\"#\" data-goto=\"1\" aria-label=\"Display slide 2\"><\/a><\/li>\n\t\t\t\t\t\t\t\t\t\t\t<li><a href=\"#\" data-goto=\"2\" aria-label=\"Display slide 3\"><\/a><\/li>\n\t\t\t\t\t\t\t\t\t\t\t<li><a href=\"#\" data-goto=\"3\" aria-label=\"Display slide 4\"><\/a><\/li>\n\t\t\t\t\t\t\t\t\t<\/ol>\n\n\t\t\t\t<div class=\"sow-slide-nav sow-slide-nav-next\">\n\t\t\t\t\t<a href=\"#\" data-goto=\"next\" aria-label=\"Next slide\" data-action=\"next\">\n\t\t\t\t\t\t<em class=\"sow-sld-icon-thin-right\"><\/em>\n\t\t\t\t\t<\/a>\n\t\t\t\t<\/div>\n\n\t\t\t\t<div class=\"sow-slide-nav sow-slide-nav-prev\">\n\t\t\t\t\t<a href=\"#\" data-goto=\"previous\" aria-label=\"Previous slide\" data-action=\"prev\">\n\t\t\t\t\t\t<em class=\"sow-sld-icon-thin-left\"><\/em>\n\t\t\t\t\t<\/a>\n\t\t\t\t<\/div>\n\t\t\t\t<\/div><\/div><\/div><\/div><\/div><\/div><div id=\"pg-5461-3\"  class=\"panel-grid panel-has-style\" ><div class=\"siteorigin-panels-stretch panel-row-style panel-row-style-for-5461-3\" data-stretch-type=\"full-width-stretch\" ><div id=\"pgc-5461-3-0\"  class=\"panel-grid-cell\" ><div id=\"panel-5461-3-0-0\" class=\"so-panel widget widget_sow-image panel-first-child panel-last-child\" data-index=\"7\" ><div\n\t\t\t\n\t\t\tclass=\"so-widget-sow-image so-widget-sow-image-default-4e6925654b7a-11023\"\n\t\t\t\n\t\t>\n<div class=\"sow-image-container\">\n\t\t\t<a href=\"https:\/\/site.educa.madrid.org\/ies.lacabrera\/\/wp-content\/uploads\/ies.lacabrera\/2024\/09\/Informacion-REACT_UE.pdf\"\n\t\t\t\t\t>\n\t\t\t<img \n\tsrc=\"https:\/\/site.educa.madrid.org\/ies.lacabrera\/\/wp-content\/uploads\/ies.lacabrera\/2024\/09\/logo_UE-transformed-scaled.jpeg\" width=\"2560\" height=\"312\" srcset=\"https:\/\/site.educa.madrid.org\/ies.lacabrera\/\/wp-content\/uploads\/ies.lacabrera\/2024\/09\/logo_UE-transformed-scaled.jpeg 2560w, https:\/\/site.educa.madrid.org\/ies.lacabrera\/\/wp-content\/uploads\/ies.lacabrera\/2024\/09\/logo_UE-transformed-300x37.jpeg 300w, https:\/\/site.educa.madrid.org\/ies.lacabrera\/\/wp-content\/uploads\/ies.lacabrera\/2024\/09\/logo_UE-transformed-1024x125.jpeg 1024w, https:\/\/site.educa.madrid.org\/ies.lacabrera\/\/wp-content\/uploads\/ies.lacabrera\/2024\/09\/logo_UE-transformed-768x94.jpeg 768w, https:\/\/site.educa.madrid.org\/ies.lacabrera\/\/wp-content\/uploads\/ies.lacabrera\/2024\/09\/logo_UE-transformed-1536x187.jpeg 1536w, https:\/\/site.educa.madrid.org\/ies.lacabrera\/\/wp-content\/uploads\/ies.lacabrera\/2024\/09\/logo_UE-transformed-2048x250.jpeg 2048w\" sizes=\"(max-width: 2560px) 100vw, 2560px\" title=\"logo_UE-transformed\" alt=\"\" \t\tclass=\"so-widget-image\"\/>\n\t\t\t<\/a><\/div>\n\n<\/div><\/div><\/div><div id=\"pgc-5461-3-1\"  class=\"panel-grid-cell\" ><div id=\"panel-5461-3-1-0\" class=\"so-panel widget widget_sow-image panel-first-child panel-last-child\" data-index=\"8\" ><div\n\t\t\t\n\t\t\tclass=\"so-widget-sow-image so-widget-sow-image-default-8b5b6f678277-11023\"\n\t\t\t\n\t\t>\n<div class=\"sow-image-container\">\n\t\t<img \n\tsrc=\"https:\/\/site.educa.madrid.org\/ies.lacabrera\/\/wp-content\/uploads\/ies.lacabrera\/2025\/10\/Modelo-cartel-PROAFSE_2.jpg\" width=\"1169\" height=\"826\" srcset=\"https:\/\/site.educa.madrid.org\/ies.lacabrera\/\/wp-content\/uploads\/ies.lacabrera\/2025\/10\/Modelo-cartel-PROAFSE_2.jpg 1169w, https:\/\/site.educa.madrid.org\/ies.lacabrera\/\/wp-content\/uploads\/ies.lacabrera\/2025\/10\/Modelo-cartel-PROAFSE_2-300x212.jpg 300w, https:\/\/site.educa.madrid.org\/ies.lacabrera\/\/wp-content\/uploads\/ies.lacabrera\/2025\/10\/Modelo-cartel-PROAFSE_2-1024x724.jpg 1024w, https:\/\/site.educa.madrid.org\/ies.lacabrera\/\/wp-content\/uploads\/ies.lacabrera\/2025\/10\/Modelo-cartel-PROAFSE_2-768x543.jpg 768w\" sizes=\"(max-width: 1169px) 100vw, 1169px\" title=\"Modelo cartel PROA+FSE+_2\" alt=\"\" \t\tclass=\"so-widget-image\"\/>\n\t<\/div>\n\n<\/div><\/div><\/div><div id=\"pgc-5461-3-2\"  class=\"panel-grid-cell\" ><div id=\"panel-5461-3-2-0\" class=\"so-panel widget widget_sow-image panel-first-child panel-last-child\" data-index=\"9\" ><div\n\t\t\t\n\t\t\tclass=\"so-widget-sow-image so-widget-sow-image-default-8b5b6f678277-11023\"\n\t\t\t\n\t\t>\n<div class=\"sow-image-container\">\n\t\t\t<a href=\"https:\/\/site.educa.madrid.org\/ies.lacabrera\/index.php\/erasmus-ies-la-cabrera-construyendo-una-ciudadania-europea\/\"\n\t\t\t\t\t>\n\t\t\t<img \n\tsrc=\"https:\/\/site.educa.madrid.org\/ies.lacabrera\/\/wp-content\/uploads\/ies.lacabrera\/2025\/10\/ERASMUS-.png\" width=\"512\" height=\"288\" srcset=\"https:\/\/site.educa.madrid.org\/ies.lacabrera\/\/wp-content\/uploads\/ies.lacabrera\/2025\/10\/ERASMUS-.png 512w, https:\/\/site.educa.madrid.org\/ies.lacabrera\/\/wp-content\/uploads\/ies.lacabrera\/2025\/10\/ERASMUS--300x169.png 300w\" sizes=\"(max-width: 512px) 100vw, 512px\" title=\"ERASMIS +\" alt=\"\" \t\tclass=\"so-widget-image\"\/>\n\t\t\t<\/a><\/div>\n\n<\/div><\/div><\/div><div id=\"pgc-5461-3-3\"  class=\"panel-grid-cell\" ><div id=\"panel-5461-3-3-0\" class=\"so-panel widget widget_sow-image panel-first-child panel-last-child\" data-index=\"10\" ><div\n\t\t\t\n\t\t\tclass=\"so-widget-sow-image so-widget-sow-image-default-8b5b6f678277-11023\"\n\t\t\t\n\t\t>\n<div class=\"sow-image-container\">\n\t\t\t<a href=\"https:\/\/site.educa.madrid.org\/ies.lacabrera\/index.php\/iso-14001\/\"\n\t\t\t\t\t>\n\t\t\t<img \n\tsrc=\"https:\/\/site.educa.madrid.org\/ies.lacabrera\/\/wp-content\/uploads\/ies.lacabrera\/2025\/01\/ISO-1400.png\" width=\"500\" height=\"500\" srcset=\"https:\/\/site.educa.madrid.org\/ies.lacabrera\/\/wp-content\/uploads\/ies.lacabrera\/2025\/01\/ISO-1400.png 500w, https:\/\/site.educa.madrid.org\/ies.lacabrera\/\/wp-content\/uploads\/ies.lacabrera\/2025\/01\/ISO-1400-300x300.png 300w, https:\/\/site.educa.madrid.org\/ies.lacabrera\/\/wp-content\/uploads\/ies.lacabrera\/2025\/01\/ISO-1400-150x150.png 150w, https:\/\/site.educa.madrid.org\/ies.lacabrera\/\/wp-content\/uploads\/ies.lacabrera\/2025\/01\/ISO-1400-400x400.png 400w, https:\/\/site.educa.madrid.org\/ies.lacabrera\/\/wp-content\/uploads\/ies.lacabrera\/2025\/01\/ISO-1400-100x100.png 100w\" sizes=\"(max-width: 500px) 100vw, 500px\" title=\"ISO 14001\" alt=\"\" \t\tclass=\"so-widget-image\"\/>\n\t\t\t<\/a><\/div>\n\n<\/div><\/div><\/div><\/div><\/div><div id=\"pg-5461-4\"  class=\"panel-grid panel-has-style\" ><div class=\"so-rounded siteorigin-panels-stretch panel-row-style panel-row-style-for-5461-4\" data-stretch-type=\"full\" ><div id=\"pgc-5461-4-0\"  class=\"panel-grid-cell panel-grid-cell-empty\" ><\/div><\/div><\/div><\/div>","protected":false},"excerpt":{"rendered":"<p>AULA VIRTUAL PERI\u00d3DICO RADIO RAICES GESTI\u00d3N Calendario Acceso calendario 2026-2027 08 &#8211; 14 septiembre 10:30 &#8211; 13:30 Inicio de curso 2026-2027 Categor\u00eda Jefatura de Estudios Reuni\u00f3n bienvenida para nuevas familias: 3 de septiembre Convocamos a todas las familias que se incorporan por primera vez al IES de La Cabrera a una reuni\u00f3n informativa el pr\u00f3ximo [&hellip;]<\/p>\n","protected":false},"author":72,"featured_media":0,"parent":0,"menu_order":0,"comment_status":"closed","ping_status":"closed","template":"templates\/page-builder-template.php","meta":{"footnotes":""},"folder":[],"class_list":["post-5461","page","type-page","status-publish","hentry"],"rttpg_featured_image_url":null,"rttpg_author":{"display_name":"CompDigEdu","author_link":"https:\/\/site.educa.madrid.org\/ies.lacabrera\/index.php\/author\/cuenta_compdigedu-ies-lacabrera\/"},"rttpg_comment":0,"rttpg_category":false,"rttpg_excerpt":"AULA VIRTUAL PERI\u00d3DICO RADIO RAICES GESTI\u00d3N Calendario Acceso calendario 2026-2027 08 - 14 septiembre 10:30 - 13:30 Inicio de curso 2026-2027 Categor\u00eda Jefatura de Estudios Reuni\u00f3n bienvenida para nuevas familias: 3 de septiembre Convocamos a todas las familias que se incorporan por primera vez al IES de La Cabrera a una reuni\u00f3n informativa el pr\u00f3ximo&hellip;","post_mailing_queue_ids":[],"_links":{"self":[{"href":"https:\/\/site.educa.madrid.org\/ies.lacabrera\/index.php\/wp-json\/wp\/v2\/pages\/5461","targetHints":{"allow":["GET"]}}],"collection":[{"href":"https:\/\/site.educa.madrid.org\/ies.lacabrera\/index.php\/wp-json\/wp\/v2\/pages"}],"about":[{"href":"https:\/\/site.educa.madrid.org\/ies.lacabrera\/index.php\/wp-json\/wp\/v2\/types\/page"}],"author":[{"embeddable":true,"href":"https:\/\/site.educa.madrid.org\/ies.lacabrera\/index.php\/wp-json\/wp\/v2\/users\/72"}],"replies":[{"embeddable":true,"href":"https:\/\/site.educa.madrid.org\/ies.lacabrera\/index.php\/wp-json\/wp\/v2\/comments?post=5461"}],"version-history":[{"count":52,"href":"https:\/\/site.educa.madrid.org\/ies.lacabrera\/index.php\/wp-json\/wp\/v2\/pages\/5461\/revisions"}],"predecessor-version":[{"id":11259,"href":"https:\/\/site.educa.madrid.org\/ies.lacabrera\/index.php\/wp-json\/wp\/v2\/pages\/5461\/revisions\/11259"}],"wp:attachment":[{"href":"https:\/\/site.educa.madrid.org\/ies.lacabrera\/index.php\/wp-json\/wp\/v2\/media?parent=5461"}],"wp:term":[{"taxonomy":"folder","embeddable":true,"href":"https:\/\/site.educa.madrid.org\/ies.lacabrera\/index.php\/wp-json\/wp\/v2\/folder?post=5461"}],"curies":[{"name":"wp","href":"https:\/\/api.w.org\/{rel}","templated":true}]}}