{"id":7909,"date":"2026-09-02T13:21:36","date_gmt":"2026-09-02T11:21:36","guid":{"rendered":"https:\/\/site.educa.madrid.org\/ies.lazarocardenas.colladovillalba\/?page_id=7909"},"modified":"2026-09-03T12:33:18","modified_gmt":"2026-09-03T10:33:18","slug":"ensenanza-a-distancia-2","status":"publish","type":"page","link":"https:\/\/site.educa.madrid.org\/ies.lazarocardenas.colladovillalba\/index.php\/ensenanza-a-distancia-2\/","title":{"rendered":"Ense\u00f1anza Virtual &#8211; Grado Medio Gesti\u00f3n Administrativa"},"content":{"rendered":"<div id=\"pl-7909\"  class=\"panel-layout\" ><div id=\"pg-7909-0\"  class=\"panel-grid panel-has-style\" ><div class=\"so-parallax siteorigin-panels-stretch panel-row-style panel-row-style-for-7909-0\" data-stretch-type=\"full-width-stretch\" ><img fetchpriority=\"high\" decoding=\"async\" width=\"1440\" height=\"493\" src=\"https:\/\/site.educa.madrid.org\/ies.lazarocardenas.colladovillalba\/\/wp-content\/uploads\/ies.lazarocardenas.colladovillalba\/2022\/07\/Conoce-nuestro-programa.png\" class=\"attachment-full size-full\" alt=\"\" data-siteorigin-parallax=\"true\" loading=\"eager\" srcset=\"https:\/\/site.educa.madrid.org\/ies.lazarocardenas.colladovillalba\/\/wp-content\/uploads\/ies.lazarocardenas.colladovillalba\/2022\/07\/Conoce-nuestro-programa.png 1440w, https:\/\/site.educa.madrid.org\/ies.lazarocardenas.colladovillalba\/\/wp-content\/uploads\/ies.lazarocardenas.colladovillalba\/2022\/07\/Conoce-nuestro-programa-300x103.png 300w, https:\/\/site.educa.madrid.org\/ies.lazarocardenas.colladovillalba\/\/wp-content\/uploads\/ies.lazarocardenas.colladovillalba\/2022\/07\/Conoce-nuestro-programa-1024x351.png 1024w, https:\/\/site.educa.madrid.org\/ies.lazarocardenas.colladovillalba\/\/wp-content\/uploads\/ies.lazarocardenas.colladovillalba\/2022\/07\/Conoce-nuestro-programa-768x263.png 768w\" sizes=\"100vw\" \/><div id=\"pgc-7909-0-0\"  class=\"panel-grid-cell panel-grid-cell-empty\" ><\/div><\/div><\/div><div id=\"pg-7909-1\"  class=\"panel-grid panel-has-style\" ><div class=\"siteorigin-panels-stretch panel-row-style panel-row-style-for-7909-1\" data-stretch-type=\"full-width-stretch\" ><div id=\"pgc-7909-1-0\"  class=\"panel-grid-cell\" ><div id=\"panel-7909-1-0-0\" class=\"so-panel widget widget_text panel-first-child\" data-index=\"0\" ><h3 class=\"widget-title\">CICLO GRADO MEDIO GESTI\u00d3N ADMINISTRATIVA &#8211; MODALIDAD VIRTUAL<\/h3>\t\t\t<div class=\"textwidget\"><p style=\"font-size: 20px;\"><strong>MODALIDAD VIRTUAL<\/strong><\/p>\n<p>Puedes cursar FP a distancia por m\u00f3dulos profesionales, seg\u00fan tu disponibilidad cada curso.<\/p>\n<p>Tendr\u00e1s acceso a una plataforma virtual (AULAS VIRTUALES) a trav\u00e9s de Internet, que te permitir\u00e1n seguir con comodidad la formaci\u00f3n y comunicarte eficazmente con tu tutor o tutora y tus compa\u00f1eros\/as.<\/p>\n<p>Dispondr\u00e1s de tutor\u00edas colectivas (clases presenciales y retransmitidas por videoconferencia desde las aulas virtuales) y tutor\u00edas individuales, previa cita con el tutor para resolver dudas.<\/p>\n<p>Para acceder a las aulas virtuales necesitas las credenciales de Educamadrid. Si no las tienes, debes ped\u00edrselas al coordinador, por correo electr\u00f3nico:<\/p>\n<ul>\n<li>Dar\u00edo Garc\u00eda de Leaniz:\u00a0 dario.garcia4@educa.madrid.org<\/li>\n<\/ul>\n<p>Una vez tengas las credenciales, debes matricularte en las aulas virtuales:<\/p>\n<p><a href=\"https:\/\/site.educa.madrid.org\/ies.lazarocardenas.colladovillalba\/\/wp-content\/uploads\/ies.lazarocardenas.colladovillalba\/2025\/10\/Tutorial-automatriculacion-aulas-virtuales-Gestion-administratica-a-distancia-II.mp4\">V\u00eddeo explicativo para la automatriculaci\u00f3n en las aulas virtuales<\/a><\/p>\n<\/div>\n\t\t<\/div><div id=\"panel-7909-1-0-1\" class=\"so-panel widget widget_text\" data-index=\"1\" ><div class=\"panel-widget-style panel-widget-style-for-7909-1-0-1\" ><h3 class=\"widget-title\">PROCESO DE ADMISI\u00d3N &#8211; CURSO 2026\/2027<\/h3>\t\t\t<div class=\"textwidget\"><p><a href=\"https:\/\/site.educa.madrid.org\/ies.lazarocardenas.colladovillalba\/\/wp-content\/uploads\/ies.lazarocardenas.colladovillalba\/2026\/07\/calendario_recitifcado.pdf\">Pincha para descargar el CALENDARIO DEL PROCESO DE ADMISI\u00d3N 2026\/2027<\/a><\/p>\n<ul>\n<li style=\"list-style-type: none;\">\n<ul>\n<li style=\"list-style-type: none;\">\n<ul>\n<li style=\"font-size: 20px;\">Plazo de\u00a0<u>solicitud de admisi\u00f3n:\u00a0<\/u><strong>del 1 al 7 de septiembre de 2026 ambos incluidos. <\/strong>Con car\u00e1cter general, salvo imposibilidad t\u00e9cnica para poder hacerlo,\u00a0la solicitud de admisi\u00f3n deber\u00e1 ser cumplimentada y entregada de FORMA TELEM\u00c1TICA\u00a0a trav\u00e9s de la\u00a0<a href=\"https:\/\/raices.madrid.org\/secretariavirtual\/\" target=\"_blank\" rel=\"noopener\">Secretar\u00eda virtual.<\/a>En aquellos casos en los que el solicitante no pueda presentar la solicitud de admisi\u00f3n por v\u00eda telem\u00e1tica, podr\u00e1 hacerlo en el centro educativo incluido en primer lugar en la misma. Los d\u00edas habilitados para presentar la solicitud en el centro son los d\u00edas 4 y 7 de septiembre en horario de 9:00 13:00 horas.<\/li>\n<li style=\"font-size: 20px;\">Publicaci\u00f3n\u00a0<u>lista provisional baremada y listado de excluidos<\/u>: 10<strong>\u00a0de septiembre.<\/strong><\/li>\n<li><span style=\"font-size: 20px;\">Plazo de\u00a0<\/span><u style=\"font-size: 20px;\">reclamaci\u00f3n a la lista provisional y listado de excluidos<\/u><span style=\"font-size: 20px;\">: <strong>11 y 15 de<\/strong><\/span><b style=\"font-size: 20px;\">\u00a0septiembre.\u00a0<\/b><\/li>\n<li style=\"font-size: 20px;\">Publicaci\u00f3n\u00a0<u>lista definitiva de admitidos y no admitidos<\/u>: <strong>17\u00a0de septiembre. <\/strong><\/li>\n<li style=\"font-size: 20px;\"><strong><em><u>Sesi\u00f3n informativa: Jueves 17 de septiembre &#8211; 19:30 horas <\/u><\/em><\/strong>en la Biblioteca del centro donde se informar\u00e1 sobre los aspectos did\u00e1cticos y metodol\u00f3gicos de la modalidad virtual, as\u00ed como orientaciones sobre la matriculaci\u00f3n.<\/li>\n<li style=\"font-size: 20px;\">Plazo de\u00a0<u>matr\u00edcula: <\/u><strong>\u00a018, 21 y 22 de septiembre. <\/strong><\/li>\n<li style=\"font-size: 20px;\">Si una vez concluido el proceso de matriculaci\u00f3n hubiese vacantes y existiese lista de espera, se podr\u00e1 matricular, hasta el 30 de septiembre, respetando el orden de prioridad, a los solicitantes incluidos en ella, hasta completar todas las vacantes.<\/li>\n<li style=\"font-size: 20px;\">Para obtener las credenciales para<strong style=\"font-size: 1rem;\"> para acceder a las aulas virtuales, enviad un correo al coordinador, indicando el nombre y apellidos completo: <\/strong>dario.garcia4@educa.madrid.org<\/li>\n<li style=\"font-size: 20px;\"><b>Sesi\u00f3n informativa para explicar el funcionamiento de las <strong>aulas virtuales: <\/strong><\/b>en la biblioteca del centro el <strong>martes 22 de septiembre\u00a0<\/strong> a las <strong>19:30<\/strong><\/li>\n<li style=\"font-size: 20px;\"><strong><u>Inicio de las actividades lectivas<\/u>: martes, 28 de septiembre.<\/strong><\/li>\n<\/ul>\n<\/li>\n<\/ul>\n<\/li>\n<\/ul>\n<ul>\n<li style=\"list-style-type: none;\">\n<ul>\n<li style=\"list-style-type: none;\">\n<ul>\n<li style=\"font-size: 20px;\">Todas las publicaciones se mostrar\u00e1n en el tabl\u00f3n de anuncios del Departamento de Administraci\u00f3n y en esta p\u00e1gina web.<\/li>\n<\/ul>\n<\/li>\n<\/ul>\n<\/li>\n<\/ul>\n<p><a href=\"https:\/\/site.educa.madrid.org\/ies.lazarocardenas.colladovillalba\/\/wp-content\/uploads\/ies.lazarocardenas.colladovillalba\/2026\/07\/virtual_instrucciones_admision_26-27_sello.pdf\">Pincha para descargar las INSTRUCCIONES DEL PROCESO DE ADMISI\u00d3N CURSO 2026\/2027<\/a><\/p>\n<ul>\n<li style=\"list-style-type: none;\">\n<ul>\n<li style=\"list-style-type: none;\">\n<ul style=\"font-size: 20px;\">\n<li><a href=\"https:\/\/www.comunidad.madrid\/educacion\/admision-formacion-profesional\">P\u00e1gina Comunidad de Madrid: Admisi\u00f3n CFGS y CFGM Virtual<\/a><\/li>\n<li>Accede a la solicitud pinchando aqu\u00ed (pendiente de publicaci\u00f3n)<\/li>\n<li>La solicitud de admisi\u00f3n se presentar\u00e1 a trav\u00e9s del sistema integral de gesti\u00f3n educativa\u202fRAICES: Secretar\u00eda Virtual.\u00a0<a href=\"https:\/\/raices.madrid.org\/secretariavirtual\/\" target=\"_blank\" rel=\"noreferrer noopener\">https:\/\/raices.madrid.org\/secretariavirtual\/.<\/a> Disponible desde el\u202fd\u00eda 1 al 07 de septiembre de 2026,\u202fambas\u202ffechas incluidas.<\/li>\n<li>Con car\u00e1cter excepcional, podr\u00e1 presentarse de forma presencial en la secretar\u00eda del centro el d\u00eda 7 de septiembre en horario de 09:00 a 13:00 horas<\/li>\n<li><strong>Informaci\u00f3n importante: Clave del ciclo<\/strong>: ADGM01; <strong>C\u00f3digo de centro<\/strong>: 28045050.<\/li>\n<li>Cada solicitante presentar\u00e1 una \u00fanica solicitud de admisi\u00f3n.<\/li>\n<\/ul>\n<\/li>\n<\/ul>\n<\/li>\n<\/ul>\n<p>Picha aqu\u00ed para descargar las VACANTES DEL CICLO DE GRADO MEDIO DE GESTI\u00d3N ADMINISTRATIVA MODALIDAD VIRTUAL CURSO 26\/27 (pendiente de publicar)<\/p>\n<\/div>\n\t\t<\/div><\/div><div id=\"panel-7909-1-0-2\" class=\"so-panel widget widget_sow-button\" data-index=\"2\" ><div\n\t\t\t\n\t\t\tclass=\"so-widget-sow-button so-widget-sow-button-flat-4eddee637b7e-7909\"\n\t\t\t\n\t\t><div class=\"ow-button-base ow-button-align-center\"\n>\n\t\t\t<a\n\t\t\t\t\thref=\"https:\/\/site.educa.madrid.org\/ies.lazarocardenas.colladovillalba\/\/wp-content\/uploads\/ies.lazarocardenas.colladovillalba\/2026\/07\/Instrucciones-matricula_informacion_itinerarios-VIRTUAL_Alumnos-Nuevos.pdf\"\n\t\t\t\t\tclass=\"sowb-button ow-icon-placement-left ow-button-hover\" target=\"_blank\" rel=\"noopener noreferrer\" \t>\n\t\t<span>\n\t\t\t<span class=\"sow-icon-elegantline\" data-sow-icon=\"&#xe04d;\"\n\t\tstyle=\"color: #dd3333\" \n\t\taria-hidden=\"true\"><\/span>\n\t\t\t MATRICULACI\u00d3N: Instrucciones, informaci\u00f3n de inter\u00e9s y propuesta de itinerarios - CURSO 26\/27\t\t<\/span>\n\t\t\t<\/a>\n\t<\/div>\n<\/div><\/div><div id=\"panel-7909-1-0-3\" class=\"so-panel widget widget_sow-button\" data-index=\"3\" ><div\n\t\t\t\n\t\t\tclass=\"so-widget-sow-button so-widget-sow-button-flat-4eddee637b7e-7909\"\n\t\t\t\n\t\t><div class=\"ow-button-base ow-button-align-center\"\n>\n\t\t\t<a\n\t\t\t\tclass=\"sowb-button ow-icon-placement-left ow-button-hover\" target=\"_blank\" rel=\"noopener noreferrer\" \t>\n\t\t<span>\n\t\t\t<span class=\"sow-icon-elegantline\" data-sow-icon=\"&#xe04d;\"\n\t\tstyle=\"color: #dd3333\" \n\t\taria-hidden=\"true\"><\/span>\n\t\t\tReuni\u00f3n informativa para alumnos admitidos:  jueves 17 de septiembre de 2026 a las 19:30 horas en la biblioteca - CURSO 26\/27\t\t<\/span>\n\t\t\t<\/a>\n\t<\/div>\n<\/div><\/div><div id=\"panel-7909-1-0-4\" class=\"so-panel widget widget_sow-button\" data-index=\"4\" ><div\n\t\t\t\n\t\t\tclass=\"so-widget-sow-button so-widget-sow-button-flat-4eddee637b7e-7909\"\n\t\t\t\n\t\t><div class=\"ow-button-base ow-button-align-center\"\n>\n\t\t\t<a\n\t\t\t\tclass=\"sowb-button ow-icon-placement-left ow-button-hover\" target=\"_blank\" rel=\"noopener noreferrer\" \t>\n\t\t<span>\n\t\t\t<span class=\"sow-icon-elegantline\" data-sow-icon=\"&#xe04d;\"\n\t\tstyle=\"color: #dd3333\" \n\t\taria-hidden=\"true\"><\/span>\n\t\t\tCALENDARIO EXAMENES CONVOCATORIAS ORDINARIA Y EXTRAORDINARIA - CURSO 26\/27 (pendiente de publicar)\t\t<\/span>\n\t\t\t<\/a>\n\t<\/div>\n<\/div><\/div><div id=\"panel-7909-1-0-5\" class=\"so-panel widget widget_sow-button\" data-index=\"5\" ><div\n\t\t\t\n\t\t\tclass=\"so-widget-sow-button so-widget-sow-button-flat-4eddee637b7e-7909\"\n\t\t\t\n\t\t><div class=\"ow-button-base ow-button-align-center\"\n>\n\t\t\t<a\n\t\t\t\tclass=\"sowb-button ow-icon-placement-left ow-button-hover\" target=\"_blank\" rel=\"noopener noreferrer\" \t>\n\t\t<span>\n\t\t\t<span class=\"sow-icon-elegantline\" data-sow-icon=\"&#xe04d;\"\n\t\tstyle=\"color: #dd3333\" \n\t\taria-hidden=\"true\"><\/span>\n\t\t\tHorario tutor\u00edas colectivas (Videoconferencias y\/o clases presenciales) - CURSO 26\/27 (pendiente de publicar)\t\t<\/span>\n\t\t\t<\/a>\n\t<\/div>\n<\/div><\/div><div id=\"panel-7909-1-0-6\" class=\"so-panel widget widget_sow-button panel-last-child\" data-index=\"6\" ><div\n\t\t\t\n\t\t\tclass=\"so-widget-sow-button so-widget-sow-button-flat-4eddee637b7e-7909\"\n\t\t\t\n\t\t><div class=\"ow-button-base ow-button-align-center\"\n>\n\t\t\t<a\n\t\t\t\t\thref=\"https:\/\/site.educa.madrid.org\/ies.lazarocardenas.colladovillalba\/\/wp-content\/uploads\/ies.lazarocardenas.colladovillalba\/2025\/10\/Horario-de-tutorias-individuales-2.pdf\"\n\t\t\t\t\tclass=\"sowb-button ow-icon-placement-left ow-button-hover\" target=\"_blank\" rel=\"noopener noreferrer\" \t>\n\t\t<span>\n\t\t\t<span class=\"sow-icon-elegantline\" data-sow-icon=\"&#xe04d;\"\n\t\tstyle=\"color: #dd3333\" \n\t\taria-hidden=\"true\"><\/span>\n\t\t\tHorario tutor\u00edas individuales - CURSO 26\/27 (pendiente de publicar)\t\t<\/span>\n\t\t\t<\/a>\n\t<\/div>\n<\/div><\/div><\/div><\/div><\/div><div id=\"pg-7909-2\"  class=\"panel-grid panel-has-style\" ><div class=\"siteorigin-panels-stretch panel-row-style panel-row-style-for-7909-2\" data-stretch-type=\"full-width-stretch\" ><div id=\"pgc-7909-2-0\"  class=\"panel-grid-cell\" ><div id=\"panel-7909-2-0-0\" class=\"so-panel widget widget_text panel-first-child panel-last-child\" data-index=\"7\" >\t\t\t<div class=\"textwidget\"><ul style=\"font-size: 20px;\">\n<li style=\"list-style-type: none;\">Para cualquier duda, pod\u00e9is contactar con el coordinador:\n<p>Dar\u00edo Juan Garc\u00eda de Leaniz Sempere<\/p>\n<p><a href=\"mailto:dario.garcia4@educa.madrid.org\">dario.garcia4@educa.madrid.org<\/a><\/p>\n<p>Tel\u00e9fono: 918514581<\/p>\n<p>&nbsp;<\/li>\n<\/ul>\n<\/div>\n\t\t<\/div><\/div><\/div><\/div><div id=\"pg-7909-3\"  class=\"panel-grid panel-has-style\" ><div class=\"siteorigin-panels-stretch panel-row-style panel-row-style-for-7909-3\" data-stretch-type=\"full-width-stretch\" ><div id=\"pgc-7909-3-0\"  class=\"panel-grid-cell panel-grid-cell-empty\" ><\/div><\/div><\/div><\/div>","protected":false},"excerpt":{"rendered":"<p>MODALIDAD VIRTUAL Puedes cursar FP a distancia por m\u00f3dulos profesionales, seg\u00fan tu disponibilidad cada curso. Tendr\u00e1s acceso a una plataforma virtual (AULAS VIRTUALES) a trav\u00e9s de Internet, que te permitir\u00e1n seguir con comodidad la formaci\u00f3n y comunicarte eficazmente con tu tutor o tutora y tus compa\u00f1eros\/as. Dispondr\u00e1s de tutor\u00edas colectivas (clases presenciales y retransmitidas por &hellip; <\/p>\n<p class=\"link-more\"><a href=\"https:\/\/site.educa.madrid.org\/ies.lazarocardenas.colladovillalba\/index.php\/ensenanza-a-distancia-2\/\" class=\"more-link\">Continuar leyendo<span class=\"screen-reader-text\"> \u00abEnse\u00f1anza Virtual &#8211; Grado Medio Gesti\u00f3n Administrativa\u00bb<\/span><\/a><\/p>\n","protected":false},"author":3,"featured_media":0,"parent":0,"menu_order":0,"comment_status":"closed","ping_status":"closed","template":"","meta":{"footnotes":""},"folder":[],"class_list":["post-7909","page","type-page","status-publish","hentry"],"rttpg_featured_image_url":null,"rttpg_author":{"display_name":"ies.lazarocardenas.colladovillalba","author_link":"https:\/\/site.educa.madrid.org\/ies.lazarocardenas.colladovillalba\/index.php\/author\/cuenta_ies-lazarocardenas-colladovillalba\/"},"rttpg_comment":0,"rttpg_category":false,"rttpg_excerpt":"MODALIDAD VIRTUAL Puedes cursar FP a distancia por m\u00f3dulos profesionales, seg\u00fan tu disponibilidad cada curso. Tendr\u00e1s acceso a una plataforma virtual (AULAS VIRTUALES) a trav\u00e9s de Internet, que te permitir\u00e1n seguir con comodidad la formaci\u00f3n y comunicarte eficazmente con tu tutor o tutora y tus compa\u00f1eros\/as. Dispondr\u00e1s de tutor\u00edas colectivas (clases presenciales y retransmitidas por&hellip;","post_mailing_queue_ids":[],"_links":{"self":[{"href":"https:\/\/site.educa.madrid.org\/ies.lazarocardenas.colladovillalba\/index.php\/wp-json\/wp\/v2\/pages\/7909","targetHints":{"allow":["GET"]}}],"collection":[{"href":"https:\/\/site.educa.madrid.org\/ies.lazarocardenas.colladovillalba\/index.php\/wp-json\/wp\/v2\/pages"}],"about":[{"href":"https:\/\/site.educa.madrid.org\/ies.lazarocardenas.colladovillalba\/index.php\/wp-json\/wp\/v2\/types\/page"}],"author":[{"embeddable":true,"href":"https:\/\/site.educa.madrid.org\/ies.lazarocardenas.colladovillalba\/index.php\/wp-json\/wp\/v2\/users\/3"}],"replies":[{"embeddable":true,"href":"https:\/\/site.educa.madrid.org\/ies.lazarocardenas.colladovillalba\/index.php\/wp-json\/wp\/v2\/comments?post=7909"}],"version-history":[{"count":3,"href":"https:\/\/site.educa.madrid.org\/ies.lazarocardenas.colladovillalba\/index.php\/wp-json\/wp\/v2\/pages\/7909\/revisions"}],"predecessor-version":[{"id":7951,"href":"https:\/\/site.educa.madrid.org\/ies.lazarocardenas.colladovillalba\/index.php\/wp-json\/wp\/v2\/pages\/7909\/revisions\/7951"}],"wp:attachment":[{"href":"https:\/\/site.educa.madrid.org\/ies.lazarocardenas.colladovillalba\/index.php\/wp-json\/wp\/v2\/media?parent=7909"}],"wp:term":[{"taxonomy":"folder","embeddable":true,"href":"https:\/\/site.educa.madrid.org\/ies.lazarocardenas.colladovillalba\/index.php\/wp-json\/wp\/v2\/folder?post=7909"}],"curies":[{"name":"wp","href":"https:\/\/api.w.org\/{rel}","templated":true}]}}