{"id":1460,"date":"2026-06-20T09:36:29","date_gmt":"2026-06-20T07:36:29","guid":{"rendered":"https:\/\/site.educa.madrid.org\/ies.salvadordali.leganes\/?page_id=1460"},"modified":"2026-06-21T13:52:36","modified_gmt":"2026-06-21T11:52:36","slug":"departamentos","status":"publish","type":"page","link":"https:\/\/site.educa.madrid.org\/ies.salvadordali.leganes\/index.php\/departamentos\/","title":{"rendered":"Departamentos"},"content":{"rendered":"\n<style>\n.separador-fp {\n  margin: 40px 0 20px;\n  text-align: center;\n  position: relative;\n}\n\n.separador-fp::before {\n  content: \"\";\n  position: absolute;\n  top: 50%;\n  left: 0;\n  width: 100%;\n  height: 1px;\n  background: #d9c3cb;\n  z-index: 1;\n}\n\n.separador-fp span {\n  position: relative;\n  z-index: 2;\n  background: #fff;\n  padding: 0 20px;\n  color: #83072d;\n  font-size: 1.1rem;\n  font-weight: 800;\n  text-transform: uppercase;\n  letter-spacing: 1px;\n}\n.departamentos-page {\n  --color-principal: #83072d;\n  --color-suave: #f7eef2;\n  --texto: #222;\n  --borde: #e5d6dc;\n  font-family: inherit;\n}\n\n.titulo-pagina {\n  text-align: center;\n  margin: 20px 0 35px;\n}\n\n.titulo-pagina h1 {\n  color: #83072d;\n  font-size: 2.3rem;\n  font-weight: 800;\n  margin-bottom: 10px;\n}\n\n.titulo-pagina .linea {\n  width: 90px;\n  height: 4px;\n  background: #83072d;\n  margin: 0 auto;\n  border-radius: 10px;\n}\n\n.nota {\n  background: #fafafa;\n  border-left: 5px solid var(--color-principal);\n  padding: 16px 18px;\n  border-radius: 10px;\n  margin-bottom: 24px;\n}\n\n.departamento {\n  margin-bottom: 18px;\n  border: 1px solid var(--borde);\n  border-radius: 16px;\n  overflow: hidden;\n  background: white;\n}\n\n.departamento summary {\n  cursor: pointer;\n  padding: 18px 60px;\n  background: var(--color-suave);\n  color: var(--color-principal);\n  font-size: 1.2rem;\n  font-weight: 800;\n  list-style: none;\n  text-align: center;\n  position: relative;\n}\n\n.departamento summary::-webkit-details-marker {\n  display: none;\n}\n\n.departamento summary::after {\n  content: \"+\";\n  position: absolute;\n  right: 22px;\n  top: 50%;\n  transform: translateY(-50%);\n  font-size: 1.4rem;\n  font-weight: bold;\n}\n\n.departamento[open] summary::after {\n  content: \"\u2212\";\n}\n\n.departamento-contenido {\n  padding: 20px 22px 24px;\n}\n\n.programaciones {\n  display: flex;\n  flex-wrap: wrap;\n  justify-content: center;\n  gap: 12px;\n}\n\n.programacion {\n  display: flex;\n  align-items: center;\n  justify-content: center;\n  width: 230px;\n  min-height: 48px;\n  padding: 13px 15px;\n  border-radius: 12px;\n  background: #fafafa;\n  border: 1px solid #eee;\n  color: var(--texto);\n  text-decoration: none;\n  font-weight: 600;\n  text-align: center;\n}\n\n.programacion:hover {\n  border-color: var(--color-principal);\n  color: var(--color-principal);\n}\n<\/style>\n\n<div class=\"departamentos-page\">\n\n  <section class=\"titulo-pagina\">\n    <h1>Departamentos<\/h1>\n    <div class=\"linea\"><\/div>\n  <\/section>\n\n  <div class=\"nota\">\n    En esta secci\u00f3n se publican las programaciones did\u00e1cticas de las distintas asignaturas y ense\u00f1anzas del centro.\n  <\/div>\n\n  <details class=\"departamento\">\n    <summary>Biolog\u00eda y Geolog\u00eda<\/summary>\n    <div class=\"departamento-contenido\">\n      <div class=\"programaciones\">\n        <a class=\"programacion\" href=\"https:\/\/site.educa.madrid.org\/ies.salvadordali.leganes\/\/wp-content\/uploads\/ies.salvadordali.leganes\/2026\/06\/1ESO-Biologia.pdf\" target=\"_blank\" rel=\"noopener noreferrer\">1\u00ba ESO<\/a>\n        <a class=\"programacion\" href=\"https:\/\/site.educa.madrid.org\/ies.salvadordali.leganes\/\/wp-content\/uploads\/ies.salvadordali.leganes\/2026\/06\/2ESO-Biopracticas.pdf\" target=\"_blank\" rel=\"noopener noreferrer\">2\u00ba ESO \u2013 Biopr\u00e1cticas<\/a>\n        <a class=\"programacion\" href=\"https:\/\/site.educa.madrid.org\/ies.salvadordali.leganes\/\/wp-content\/uploads\/ies.salvadordali.leganes\/2026\/06\/3ESO-Biologia.pdf\" target=\"_blank\" rel=\"noopener noreferrer\">3\u00ba ESO<\/a>\n        <a class=\"programacion\" href=\"https:\/\/site.educa.madrid.org\/ies.salvadordali.leganes\/\/wp-content\/uploads\/ies.salvadordali.leganes\/2026\/06\/4ESO-Biologia.pdf\" target=\"_blank\" rel=\"noopener noreferrer\">4\u00ba ESO<\/a>\n        <a class=\"programacion\" href=\"https:\/\/site.educa.madrid.org\/ies.salvadordali.leganes\/\/wp-content\/uploads\/ies.salvadordali.leganes\/2026\/06\/4ESO-Laboratorio.pdf\" target=\"_blank\" rel=\"noopener noreferrer\">Proyecto de Laboratorio 4\u00ba ESO<\/a>\n        <a class=\"programacion\" href=\"https:\/\/site.educa.madrid.org\/ies.salvadordali.leganes\/\/wp-content\/uploads\/ies.salvadordali.leganes\/2026\/06\/1BACH-Biologia.pdf\" target=\"_blank\" rel=\"noopener noreferrer\">1\u00ba Bachillerato<\/a>\n        <a class=\"programacion\" href=\"https:\/\/site.educa.madrid.org\/ies.salvadordali.leganes\/\/wp-content\/uploads\/ies.salvadordali.leganes\/2026\/06\/1BACH-Anatomia.pdf\" target=\"_blank\" rel=\"noopener noreferrer\">Anatom\u00eda 1\u00ba Bachillerato<\/a>\n        <a class=\"programacion\" href=\"https:\/\/site.educa.madrid.org\/ies.salvadordali.leganes\/\/wp-content\/uploads\/ies.salvadordali.leganes\/2026\/06\/2BACH-C-Biologia.pdf\" target=\"_blank\" rel=\"noopener noreferrer\">Biolog\u00eda 2\u00ba Bachillerato<\/a>\n        <a class=\"programacion\" href=\"https:\/\/site.educa.madrid.org\/ies.salvadordali.leganes\/\/wp-content\/uploads\/ies.salvadordali.leganes\/2026\/06\/2BACH-G-Biologia.pdf\" target=\"_blank\" rel=\"noopener noreferrer\">Ciencias Generales 2\u00ba Bachillerato<\/a>\n        <a class=\"programacion\" href=\"https:\/\/site.educa.madrid.org\/ies.salvadordali.leganes\/\/wp-content\/uploads\/ies.salvadordali.leganes\/2026\/06\/NORMAS-DE-COMPORTAMIENTO_LABORATORIO.pdf\" target=\"_blank\" rel=\"noopener noreferrer\">Normas de laboratorio<\/a>\n      <\/div>\n    <\/div>\n  <\/details>\n\n <details class=\"departamento\">\n    <summary>Dibujo<\/summary>\n    <div class=\"departamento-contenido\">\n      <div class=\"programaciones\">\n        <a class=\"programacion\" href=\"https:\/\/site.educa.madrid.org\/ies.salvadordali.leganes\/\/wp-content\/uploads\/ies.salvadordali.leganes\/2026\/06\/1ESO-EPVA.pdf\" target=\"_blank\" rel=\"noopener noreferrer\">1\u00ba Educaci\u00f3n Pl\u00e1stica, Visual y Audiovisual<\/a>\n        <a class=\"programacion\" href=\"https:\/\/site.educa.madrid.org\/ies.salvadordali.leganes\/\/wp-content\/uploads\/ies.salvadordali.leganes\/2026\/06\/2ESO-EPVA.pdf\" target=\"_blank\" rel=\"noopener noreferrer\">2\u00ba Educaci\u00f3n Pl\u00e1stica, Visual y Audiovisual<\/a>\n        <a class=\"programacion\" href=\"https:\/\/site.educa.madrid.org\/ies.salvadordali.leganes\/\/wp-content\/uploads\/ies.salvadordali.leganes\/2026\/06\/3ESO-PCAP.pdf\" target=\"_blank\" rel=\"noopener noreferrer\">3\u00ba Proyectos Art\u00edsticos<\/a>\n        <a class=\"programacion\" href=\"https:\/\/site.educa.madrid.org\/ies.salvadordali.leganes\/\/wp-content\/uploads\/ies.salvadordali.leganes\/2026\/06\/4ESO-PCREA.pdf\" target=\"_blank\" rel=\"noopener noreferrer\">4\u00ba Proyectos Art\u00edsticos<\/a>\n        <a class=\"programacion\" href=\"https:\/\/site.educa.madrid.org\/ies.salvadordali.leganes\/\/wp-content\/uploads\/ies.salvadordali.leganes\/2026\/06\/1BACH-DT1.pdf\" target=\"_blank\" rel=\"noopener noreferrer\">1\u00ba Dibujo T\u00e9cnico<\/a>\n        <a class=\"programacion\" href=\"https:\/\/site.educa.madrid.org\/ies.salvadordali.leganes\/\/wp-content\/uploads\/ies.salvadordali.leganes\/2026\/06\/2BACH-DT2.pdf\" target=\"_blank\" rel=\"noopener noreferrer\">2\u00ba Dibujo T\u00e9cnico<\/a>\n\n      <\/div>\n    <\/div>\n  <\/details>\n\n <details class=\"departamento\">\n    <summary>Econom\u00eda<\/summary>\n    <div class=\"departamento-contenido\">\n      <div class=\"programaciones\">\n        <a class=\"programacion\" href=\"https:\/\/site.educa.madrid.org\/ies.salvadordali.leganes\/\/wp-content\/uploads\/ies.salvadordali.leganes\/2026\/06\/4ESO-ECEM.pdf\" target=\"_blank\" rel=\"noopener noreferrer\">Econom\u00eda y Emprendimiento<\/a>\n        <a class=\"programacion\" href=\"https:\/\/site.educa.madrid.org\/ies.salvadordali.leganes\/\/wp-content\/uploads\/ies.salvadordali.leganes\/2026\/06\/1BACH-ECO.pdf\" target=\"_blank\" rel=\"noopener noreferrer\">Empresa y Dise\u00f1o de Modelos de Negocio<\/a>\n        <a class=\"programacion\" href=\"https:\/\/site.educa.madrid.org\/ies.salvadordali.leganes\/\/wp-content\/uploads\/ies.salvadordali.leganes\/2026\/06\/2BACH-EDMN.pdf\" target=\"_blank\" rel=\"noopener noreferrer\">Fundamentos de Administraci\u00f3n y Gesti\u00f3n<\/a>\n      <\/div>\n    <\/div>\n  <\/details>\n\n <details class=\"departamento\">\n    <summary>Educaci\u00f3n F\u00edsica<\/summary>\n    <div class=\"departamento-contenido\">\n      <div class=\"programaciones\">\n        <a class=\"programacion\" href=\"#\" target=\"_blank\" rel=\"noopener noreferrer\">Educaci\u00f3n F\u00edsica<\/a>\n        <a class=\"programacion\" href=\"#\" target=\"_blank\" rel=\"noopener noreferrer\">Deporte<\/a>\n      <\/div>\n    <\/div>\n  <\/details>\n\n<details class=\"departamento\">\n    <summary>Filosof\u00eda<\/summary>\n    <div class=\"departamento-contenido\">\n      <div class=\"programaciones\">\n        <a class=\"programacion\" href=\"https:\/\/site.educa.madrid.org\/ies.salvadordali.leganes\/\/wp-content\/uploads\/ies.salvadordali.leganes\/2026\/06\/2o-ESO-EV.pdf\" target=\"_blank\" rel=\"noopener noreferrer\">Educaci\u00f3n en Valores<\/a>\n        <a class=\"programacion\" href=\"https:\/\/site.educa.madrid.org\/ies.salvadordali.leganes\/\/wp-content\/uploads\/ies.salvadordali.leganes\/2026\/06\/1o-Bach-F.pdf\" target=\"_blank\" rel=\"noopener noreferrer\">Filosof\u00eda 1\u00ba Bachillerato<\/a>\n        <a class=\"programacion\" href=\"https:\/\/site.educa.madrid.org\/ies.salvadordali.leganes\/\/wp-content\/uploads\/ies.salvadordali.leganes\/2026\/06\/2o-Bach-F.pdf\" target=\"_blank\" rel=\"noopener noreferrer\">Historia de la Filosof\u00eda 2\u00ba Bachillerato<\/a>\n        <a class=\"programacion\" href=\"https:\/\/site.educa.madrid.org\/ies.salvadordali.leganes\/\/wp-content\/uploads\/ies.salvadordali.leganes\/2026\/06\/2o-Bach-Psicologia.pdf\" target=\"_blank\" rel=\"noopener noreferrer\">Psicolog\u00eda<\/a>\n      <\/div>\n    <\/div>\n  <\/details>\n\n <details class=\"departamento\">\n    <summary>F\u00edsica y Qu\u00edmica<\/summary>\n    <div class=\"departamento-contenido\">\n      <div class=\"programaciones\">\n        <a class=\"programacion\" href=\"https:\/\/site.educa.madrid.org\/ies.salvadordali.leganes\/\/wp-content\/uploads\/ies.salvadordali.leganes\/2026\/06\/2ESO-FQ.pdf\" target=\"_blank\" rel=\"noopener noreferrer\">2\u00ba ESO<\/a>\n        <a class=\"programacion\" href=\"https:\/\/site.educa.madrid.org\/ies.salvadordali.leganes\/\/wp-content\/uploads\/ies.salvadordali.leganes\/2026\/06\/3ESO-FQ.pdf\" target=\"_blank\" rel=\"noopener noreferrer\">3\u00ba ESO<\/a>\n        <a class=\"programacion\" href=\"https:\/\/site.educa.madrid.org\/ies.salvadordali.leganes\/\/wp-content\/uploads\/ies.salvadordali.leganes\/2026\/06\/4ESO-FQ.pdf\" target=\"_blank\" rel=\"noopener noreferrer\">4\u00ba ESO<\/a>\n        <a class=\"programacion\" href=\"https:\/\/site.educa.madrid.org\/ies.salvadordali.leganes\/\/wp-content\/uploads\/ies.salvadordali.leganes\/2026\/06\/1BACH-FQ.pdf\" target=\"_blank\" rel=\"noopener noreferrer\">1\u00ba Bachillerato<\/a>\n        <a class=\"programacion\" href=\"https:\/\/site.educa.madrid.org\/ies.salvadordali.leganes\/\/wp-content\/uploads\/ies.salvadordali.leganes\/2026\/06\/2BACH-Fisica.pdf\" target=\"_blank\" rel=\"noopener noreferrer\">F\u00edsica 2\u00ba Bachillerato<\/a>\n        <a class=\"programacion\" href=\"https:\/\/site.educa.madrid.org\/ies.salvadordali.leganes\/\/wp-content\/uploads\/ies.salvadordali.leganes\/2026\/06\/2BACH-Q.pdf\" target=\"_blank\" rel=\"noopener noreferrer\">Qu\u00edmica 2\u00ba Bachillerato<\/a>\n      <\/div>\n    <\/div>\n  <\/details>\n\n  <details class=\"departamento\">\n    <summary>Franc\u00e9s<\/summary>\n    <div class=\"departamento-contenido\">\n      <div class=\"programaciones\">\n        <a class=\"programacion\" href=\"https:\/\/site.educa.madrid.org\/ies.salvadordali.leganes\/\/wp-content\/uploads\/ies.salvadordali.leganes\/2026\/06\/Frances.pdf\" target=\"_blank\" rel=\"noopener noreferrer\">1\u00ba y 2\u00ba ESO<\/a>\n      <\/div>\n    <\/div>\n  <\/details>\n\n<details class=\"departamento\">\n    <summary>Geograf\u00eda e Historia<\/summary>\n    <div class=\"departamento-contenido\">\n      <div class=\"programaciones\">\n        <a class=\"programacion\" href=\"https:\/\/site.educa.madrid.org\/ies.salvadordali.leganes\/\/wp-content\/uploads\/ies.salvadordali.leganes\/2026\/06\/1ESO-GH.pdf\" target=\"_blank\" rel=\"noopener noreferrer\">1\u00ba ESO<\/a>\n        <a class=\"programacion\" href=\"https:\/\/site.educa.madrid.org\/ies.salvadordali.leganes\/\/wp-content\/uploads\/ies.salvadordali.leganes\/2026\/06\/2ESO-GH.pdf\" target=\"_blank\" rel=\"noopener noreferrer\">2\u00ba ESO<\/a>\n        <a class=\"programacion\" href=\"https:\/\/site.educa.madrid.org\/ies.salvadordali.leganes\/\/wp-content\/uploads\/ies.salvadordali.leganes\/2026\/06\/3ESO-GH.pdf\" target=\"_blank\" rel=\"noopener noreferrer\">3\u00ba ESO<\/a>\n        <a class=\"programacion\" href=\"https:\/\/site.educa.madrid.org\/ies.salvadordali.leganes\/\/wp-content\/uploads\/ies.salvadordali.leganes\/2026\/06\/4ESO-GH.pdf\" target=\"_blank\" rel=\"noopener noreferrer\">4\u00ba ESO<\/a>\n        <a class=\"programacion\" href=\"https:\/\/site.educa.madrid.org\/ies.salvadordali.leganes\/\/wp-content\/uploads\/ies.salvadordali.leganes\/2026\/06\/2BACH-HE.pdf\" target=\"_blank\" rel=\"noopener noreferrer\">Historia de Espa\u00f1a 2\u00ba Bachillerato<\/a>\n        <a class=\"programacion\" href=\"https:\/\/site.educa.madrid.org\/ies.salvadordali.leganes\/\/wp-content\/uploads\/ies.salvadordali.leganes\/2026\/06\/2BACH-HA.pdf\" target=\"_blank\" rel=\"noopener noreferrer\">Historia del Arte 2\u00ba Bachillerato<\/a>\n        <a class=\"programacion\" href=\"https:\/\/site.educa.madrid.org\/ies.salvadordali.leganes\/\/wp-content\/uploads\/ies.salvadordali.leganes\/2026\/06\/2BACH-G.pdf\" target=\"_blank\" rel=\"noopener noreferrer\">Geograf\u00eda 2\u00ba Bachillerato<\/a>\n      <\/div>\n    <\/div>\n  <\/details>\n\n<details class=\"departamento\">\n    <summary>Griego y Lat\u00edn<\/summary>\n    <div class=\"departamento-contenido\">\n      <div class=\"programaciones\">\n        <a class=\"programacion\" href=\"https:\/\/site.educa.madrid.org\/ies.salvadordali.leganes\/\/wp-content\/uploads\/ies.salvadordali.leganes\/2026\/06\/4ESO-L.pdf\" target=\"_blank\" rel=\"noopener noreferrer\">Lat\u00edn 4\u00ba ESO<\/a>\n        <a class=\"programacion\" href=\"https:\/\/site.educa.madrid.org\/ies.salvadordali.leganes\/\/wp-content\/uploads\/ies.salvadordali.leganes\/2026\/06\/2BACH-G-1.pdf\" target=\"_blank\" rel=\"noopener noreferrer\">Griego 2\u00ba Bachillerato<\/a>\n        <a class=\"programacion\" href=\"https:\/\/site.educa.madrid.org\/ies.salvadordali.leganes\/\/wp-content\/uploads\/ies.salvadordali.leganes\/2026\/06\/2BACH-L.pdf\" target=\"_blank\" rel=\"noopener noreferrer\">Lat\u00edn 2\u00ba Bachillerato<\/a>\n      <\/div>\n    <\/div>\n  <\/details>\n\n<details class=\"departamento\">\n    <summary>Ingl\u00e9s<\/summary>\n    <div class=\"departamento-contenido\">\n      <div class=\"programaciones\">\n        <a class=\"programacion\" href=\"https:\/\/site.educa.madrid.org\/ies.salvadordali.leganes\/\/wp-content\/uploads\/ies.salvadordali.leganes\/2026\/06\/1ESO-Ingles.pdf\" target=\"_blank\" rel=\"noopener noreferrer\">1\u00ba ESO<\/a>\n        <a class=\"programacion\" href=\"https:\/\/site.educa.madrid.org\/ies.salvadordali.leganes\/\/wp-content\/uploads\/ies.salvadordali.leganes\/2026\/06\/2ESO-Ingles.pdf\" target=\"_blank\" rel=\"noopener noreferrer\">2\u00ba ESO<\/a>\n        <a class=\"programacion\" href=\"https:\/\/site.educa.madrid.org\/ies.salvadordali.leganes\/\/wp-content\/uploads\/ies.salvadordali.leganes\/2026\/06\/3ESO-Ingles.pdf\" target=\"_blank\" rel=\"noopener noreferrer\">3\u00ba ESO<\/a>\n        <a class=\"programacion\" href=\"https:\/\/site.educa.madrid.org\/ies.salvadordali.leganes\/\/wp-content\/uploads\/ies.salvadordali.leganes\/2026\/06\/3ESO-CO.pdf\" target=\"_blank\" rel=\"noopener noreferrer\">Comunicaci\u00f3n Oral 3\u00ba ESO<\/a>\n        <a class=\"programacion\" href=\"https:\/\/site.educa.madrid.org\/ies.salvadordali.leganes\/\/wp-content\/uploads\/ies.salvadordali.leganes\/2026\/06\/4ESO-Ingles.pdf\" target=\"_blank\" rel=\"noopener noreferrer\">4\u00ba ESO<\/a>\n        <a class=\"programacion\" href=\"https:\/\/site.educa.madrid.org\/ies.salvadordali.leganes\/\/wp-content\/uploads\/ies.salvadordali.leganes\/2026\/06\/1Bachillerato-Ingles.pdf\" target=\"_blank\" rel=\"noopener noreferrer\">1\u00ba Bachillerato<\/a>\n        <a class=\"programacion\" href=\"https:\/\/site.educa.madrid.org\/ies.salvadordali.leganes\/\/wp-content\/uploads\/ies.salvadordali.leganes\/2026\/06\/2Bachillerato-Ingles.pdf\" target=\"_blank\" rel=\"noopener noreferrer\">2\u00ba Bachillerato<\/a>\n      <\/div>\n    <\/div>\n  <\/details>\n  \n  <details class=\"departamento\">\n    <summary>Lengua Castellana y Literatura<\/summary>\n    <div class=\"departamento-contenido\">\n      <div class=\"programaciones\">\n        <a class=\"programacion\" href=\"https:\/\/site.educa.madrid.org\/ies.salvadordali.leganes\/\/wp-content\/uploads\/ies.salvadordali.leganes\/2026\/06\/1ESO-LL.pdf\" target=\"_blank\" rel=\"noopener noreferrer\">1\u00ba ESO<\/a>\n        <a class=\"programacion\" href=\"https:\/\/site.educa.madrid.org\/ies.salvadordali.leganes\/\/wp-content\/uploads\/ies.salvadordali.leganes\/2026\/06\/2ESO-LL.pdf\" target=\"_blank\" rel=\"noopener noreferrer\">2\u00ba ESO<\/a>\n        <a class=\"programacion\" href=\"https:\/\/site.educa.madrid.org\/ies.salvadordali.leganes\/\/wp-content\/uploads\/ies.salvadordali.leganes\/2026\/06\/3ESO-LL.pdf\" target=\"_blank\" rel=\"noopener noreferrer\">3\u00ba ESO<\/a>\n        <a class=\"programacion\" href=\"https:\/\/site.educa.madrid.org\/ies.salvadordali.leganes\/\/wp-content\/uploads\/ies.salvadordali.leganes\/2026\/06\/4ESO-LL.pdf\" target=\"_blank\" rel=\"noopener noreferrer\">4\u00ba ESO<\/a>\n        <a class=\"programacion\" href=\"https:\/\/site.educa.madrid.org\/ies.salvadordali.leganes\/\/wp-content\/uploads\/ies.salvadordali.leganes\/2026\/06\/1BACH-LL.pdf\" target=\"_blank\" rel=\"noopener noreferrer\">1\u00ba Bachillerato<\/a>\n        <a class=\"programacion\" href=\"https:\/\/site.educa.madrid.org\/ies.salvadordali.leganes\/\/wp-content\/uploads\/ies.salvadordali.leganes\/2026\/06\/2BACH-LL.pdf\" target=\"_blank\" rel=\"noopener noreferrer\">2\u00ba Bachillerato<\/a>\n      <\/div>\n    <\/div>\n  <\/details>\n\n  <details class=\"departamento\">\n    <summary>Matem\u00e1ticas<\/summary>\n    <div class=\"departamento-contenido\">\n      <div class=\"programaciones\">\n        <a class=\"programacion\" href=\"https:\/\/site.educa.madrid.org\/ies.salvadordali.leganes\/\/wp-content\/uploads\/ies.salvadordali.leganes\/2026\/06\/ESO-M.pdf\" target=\"_blank\" rel=\"noopener noreferrer\">ESO<\/a>\n        <a class=\"programacion\" href=\"https:\/\/site.educa.madrid.org\/ies.salvadordali.leganes\/\/wp-content\/uploads\/ies.salvadordali.leganes\/2026\/06\/BACH-M.pdf\" target=\"_blank\" rel=\"noopener noreferrer\">Bachillerato<\/a>\n      <\/div>\n    <\/div>\n  <\/details>\n\n  <details class=\"departamento\">\n    <summary>M\u00fasica<\/summary>\n    <div class=\"departamento-contenido\">\n      <div class=\"programaciones\">\n        <a class=\"programacion\" href=\"https:\/\/site.educa.madrid.org\/ies.salvadordali.leganes\/\/wp-content\/uploads\/ies.salvadordali.leganes\/2026\/06\/ESO-MU.pdf\" target=\"_blank\" rel=\"noopener noreferrer\">ESO<\/a>\n      <\/div>\n    <\/div>\n  <\/details>\n\n  <details class=\"departamento\">\n    <summary>Orientaci\u00f3n<\/summary>\n    <div class=\"departamento-contenido\">\n      <div class=\"programaciones\">\n        <a class=\"programacion\" href=\"https:\/\/site.educa.madrid.org\/ies.salvadordali.leganes\/\/wp-content\/uploads\/ies.salvadordali.leganes\/2026\/06\/1ALS-DIV.pdf\" target=\"_blank\" rel=\"noopener noreferrer\">1\u00ba \u00c1mbito Ling\u00fc\u00edstico y Social<\/a>\n        <a class=\"programacion\" href=\"https:\/\/site.educa.madrid.org\/ies.salvadordali.leganes\/\/wp-content\/uploads\/ies.salvadordali.leganes\/2026\/06\/1ACT-DIV.pdf\" target=\"_blank\" rel=\"noopener noreferrer\">1\u00ba \u00c1mbito Cient\u00edfico-Tecnol\u00f3gico<\/a>\n        <a class=\"programacion\" href=\"https:\/\/site.educa.madrid.org\/ies.salvadordali.leganes\/\/wp-content\/uploads\/ies.salvadordali.leganes\/2026\/06\/2ALS-DIV.pdf\" target=\"_blank\" rel=\"noopener noreferrer\">2\u00ba \u00c1mbito Ling\u00fc\u00edstico y Social<\/a>\n        <a class=\"programacion\" href=\"https:\/\/site.educa.madrid.org\/ies.salvadordali.leganes\/\/wp-content\/uploads\/ies.salvadordali.leganes\/2026\/06\/2ACT-DIV.pdf\" target=\"_blank\" rel=\"noopener noreferrer\">2\u00ba \u00c1mbito Cient\u00edfico-Tecnol\u00f3gico<\/a>     \n        <a class=\"programacion\" href=\"https:\/\/site.educa.madrid.org\/ies.salvadordali.leganes\/\/wp-content\/uploads\/ies.salvadordali.leganes\/2026\/06\/4ESO-FOPP.pdf\" target=\"_blank\" rel=\"noopener noreferrer\">Formaci\u00f3n y Orientaci\u00f3n Personal y Profesional<\/a>     \n      <\/div>\n    <\/div>\n  <\/details>\n\n <details class=\"departamento\">\n    <summary>Tecnolog\u00eda<\/summary>\n    <div class=\"departamento-contenido\">\n      <div class=\"programaciones\">\n        <a class=\"programacion\" href=\"https:\/\/site.educa.madrid.org\/ies.salvadordali.leganes\/\/wp-content\/uploads\/ies.salvadordali.leganes\/2026\/06\/1ESO-CC.pdf\" target=\"_blank\" rel=\"noopener noreferrer\">Ciencias de la Computaci\u00f3n I &#8211; 1\u00ba ESO<\/a>\n        <a class=\"programacion\" href=\"https:\/\/site.educa.madrid.org\/ies.salvadordali.leganes\/\/wp-content\/uploads\/ies.salvadordali.leganes\/2026\/06\/2ESO-CC.pdf\" target=\"_blank\" rel=\"noopener noreferrer\">Ciencias de la Computaci\u00f3n II &#8211; 2\u00ba ESO<\/a>\n        <a class=\"programacion\" href=\"https:\/\/site.educa.madrid.org\/ies.salvadordali.leganes\/\/wp-content\/uploads\/ies.salvadordali.leganes\/2026\/06\/2ESO-TeDi.pdf\" target=\"_blank\" rel=\"noopener noreferrer\">Tecnolog\u00eda y Digitalizaci\u00f3n 2\u00ba ESO<\/a>\n        <a class=\"programacion\" href=\"https:\/\/site.educa.madrid.org\/ies.salvadordali.leganes\/\/wp-content\/uploads\/ies.salvadordali.leganes\/2026\/06\/3ESO-TeDi.pdf\" target=\"_blank\" rel=\"noopener noreferrer\">Tecnolog\u00eda y Digitalizaci\u00f3n 3\u00ba ESO<\/a>\n        <a class=\"programacion\" href=\"https:\/\/site.educa.madrid.org\/ies.salvadordali.leganes\/\/wp-content\/uploads\/ies.salvadordali.leganes\/2026\/06\/4ESO-T.pdf\" target=\"_blank\" rel=\"noopener noreferrer\">Tecnolog\u00eda 4\u00ba ESO<\/a>\n        <a class=\"programacion\" href=\"https:\/\/site.educa.madrid.org\/ies.salvadordali.leganes\/\/wp-content\/uploads\/ies.salvadordali.leganes\/2026\/06\/4ESO-DIG.pdf\" target=\"_blank\" rel=\"noopener noreferrer\">Digitalizaci\u00f3n 4\u00ba ESO<\/a>\n        <a class=\"programacion\" href=\"https:\/\/site.educa.madrid.org\/ies.salvadordali.leganes\/\/wp-content\/uploads\/ies.salvadordali.leganes\/2026\/06\/1BACH-TI.pdf\" target=\"_blank\" rel=\"noopener noreferrer\">Tecnolog\u00eda e Ingenier\u00eda I<\/a>\n        <a class=\"programacion\" href=\"https:\/\/site.educa.madrid.org\/ies.salvadordali.leganes\/\/wp-content\/uploads\/ies.salvadordali.leganes\/2026\/06\/1BACH-CC.pdf\" target=\"_blank\" rel=\"noopener noreferrer\">Ciencias de la Computaci\u00f3n I &#8211; 1\u00ba Bachillerato<\/a>\n        <a class=\"programacion\" href=\"https:\/\/site.educa.madrid.org\/ies.salvadordali.leganes\/\/wp-content\/uploads\/ies.salvadordali.leganes\/2026\/06\/2BACH-TI.pdf\" target=\"_blank\" rel=\"noopener noreferrer\">Tecnolog\u00eda e Ingenier\u00eda II<\/a>\n        <a class=\"programacion\" href=\"https:\/\/site.educa.madrid.org\/ies.salvadordali.leganes\/\/wp-content\/uploads\/ies.salvadordali.leganes\/2026\/06\/2BACH-CC.pdf\" target=\"_blank\" rel=\"noopener noreferrer\">Ciencias de la Computaci\u00f3n II &#8211; 2\u00ba Bachillerato<\/a>\n      <\/div>\n    <\/div>\n  <\/details>\n\n<div class=\"separador-fp\">\n  <span>Programa Profesional Modalidad Especial<\/span>\n<\/div>\n\n  <details class=\"departamento\">\n    <summary>PPME &#8211; TEA<\/summary>\n    <div class=\"departamento-contenido\">\n      <div class=\"programaciones\">\n        <a class=\"programacion\" href=\"https:\/\/site.educa.madrid.org\/ies.salvadordali.leganes\/\/wp-content\/uploads\/ies.salvadordali.leganes\/2026\/06\/PPME.pdf\" target=\"_blank\" rel=\"noopener noreferrer\">Programaci\u00f3n 1\u00ba y 2\u00ba<\/a>\n      <\/div>\n    <\/div>\n  <\/details>\n\n<div class=\"separador-fp\">\n  <span>Profesional B\u00e1sico de Acceso y Conservaci\u00f3n en Instalaciones Deportivas <\/span>\n<\/div>\n\n  <details class=\"departamento\">\n    <summary>1\u00ba PB &#8211; ACID<\/summary>\n    <div class=\"departamento-contenido\">\n      <div class=\"programaciones\">\n        <a class=\"programacion\" href=\"#\" target=\"_blank\" rel=\"noopener noreferrer\">Comunicaci\u00f3n y Ciencias Sociales I<\/a>\n        <a class=\"programacion\" href=\"#\" target=\"_blank\" rel=\"noopener noreferrer\">Comunicaci\u00f3n y Ciencias Sociales I<\/a>\n        <a class=\"programacion\" href=\"#\" target=\"_blank\" rel=\"noopener noreferrer\">Comunicaci\u00f3n y Ciencias Sociales I<\/a>\n        <a class=\"programacion\" href=\"#\" target=\"_blank\" rel=\"noopener noreferrer\">Comunicaci\u00f3n y Ciencias Sociales I<\/a>\n        <a class=\"programacion\" href=\"#\" target=\"_blank\" rel=\"noopener noreferrer\">Comunicaci\u00f3n y Ciencias Sociales I<\/a>\n        <a class=\"programacion\" href=\"#\" target=\"_blank\" rel=\"noopener noreferrer\">Ciencias Aplicadas I<\/a>\n        <a class=\"programacion\" href=\"#\" target=\"_blank\" rel=\"noopener noreferrer\">Atenci\u00f3n al cliente<\/a>\n        <a class=\"programacion\" href=\"#\" target=\"_blank\" rel=\"noopener noreferrer\">Preparaci\u00f3n de pedidos<\/a>\n        <a class=\"programacion\" href=\"#\" target=\"_blank\" rel=\"noopener noreferrer\">Tratamiento inform\u00e1tico de datos<\/a>\n      <\/div>\n    <\/div>\n  <\/details>\n\n  <details class=\"departamento\">\n    <summary>2\u00ba PB &#8211; ACID<\/summary>\n    <div class=\"departamento-contenido\">\n      <div class=\"programaciones\">\n        <a class=\"programacion\" href=\"#\" target=\"_blank\" rel=\"noopener noreferrer\">Comunicaci\u00f3n y Ciencias Sociales II<\/a>\n        <a class=\"programacion\" href=\"#\" target=\"_blank\" rel=\"noopener noreferrer\">Comunicaci\u00f3n y Ciencias Sociales I<\/a>\n        <a class=\"programacion\" href=\"#\" target=\"_blank\" rel=\"noopener noreferrer\">Comunicaci\u00f3n y Ciencias Sociales I<\/a>\n        <a class=\"programacion\" href=\"#\" target=\"_blank\" rel=\"noopener noreferrer\">Comunicaci\u00f3n y Ciencias Sociales I<\/a>\n        <a class=\"programacion\" href=\"#\" target=\"_blank\" rel=\"noopener noreferrer\">Comunicaci\u00f3n y Ciencias Sociales I<\/a>\n        <a class=\"programacion\" href=\"#\" target=\"_blank\" rel=\"noopener noreferrer\">Ciencias Aplicadas II<\/a>\n        <a class=\"programacion\" href=\"#\" target=\"_blank\" rel=\"noopener noreferrer\">Archivo y comunicaci\u00f3n<\/a>\n        <a class=\"programacion\" href=\"#\" target=\"_blank\" rel=\"noopener noreferrer\">Aplicaciones b\u00e1sicas de ofim\u00e1tica<\/a>\n        <a class=\"programacion\" href=\"#\" target=\"_blank\" rel=\"noopener noreferrer\">Formaci\u00f3n en centros de trabajo<\/a>\n      <\/div>\n    <\/div>\n  <\/details>\n\n<div class=\"separador-fp\">\n  <span>T\u00e9cnico de Grado Medio en Gu\u00eda en Medio Natural y Tiempo Libre<\/span>\n<\/div>\n\n  <details class=\"departamento\">\n    <summary>1\u00ba GMN y TL<\/summary>\n    <div class=\"departamento-contenido\">\n      <div class=\"programaciones\">\n        <a class=\"programacion\" href=\"#\" target=\"_blank\" rel=\"noopener noreferrer\">Atenci\u00f3n a unidades de convivencia<\/a>\n        <a class=\"programacion\" href=\"#\" target=\"_blank\" rel=\"noopener noreferrer\">Destrezas sociales<\/a>\n        <a class=\"programacion\" href=\"#\" target=\"_blank\" rel=\"noopener noreferrer\">Primeros auxilios<\/a>\n        <a class=\"programacion\" href=\"#\" target=\"_blank\" rel=\"noopener noreferrer\">Apoyo domiciliario<\/a>\n        <a class=\"programacion\" href=\"#\" target=\"_blank\" rel=\"noopener noreferrer\">Formaci\u00f3n y orientaci\u00f3n laboral<\/a>\n        <a class=\"programacion\" href=\"#\" target=\"_blank\" rel=\"noopener noreferrer\">Comunicaci\u00f3n y Ciencias Sociales I<\/a>\n        <a class=\"programacion\" href=\"#\" target=\"_blank\" rel=\"noopener noreferrer\">Comunicaci\u00f3n y Ciencias Sociales I<\/a>\n        <a class=\"programacion\" href=\"#\" target=\"_blank\" rel=\"noopener noreferrer\">Comunicaci\u00f3n y Ciencias Sociales I<\/a>\n        <a class=\"programacion\" href=\"#\" target=\"_blank\" rel=\"noopener noreferrer\">Comunicaci\u00f3n y Ciencias Sociales I<\/a>\n      <\/div>\n    <\/div>\n  <\/details>\n\n  <details class=\"departamento\">\n    <summary>2\u00ba GMN y TL<\/summary>\n    <div class=\"departamento-contenido\">\n      <div class=\"programaciones\">\n        <a class=\"programacion\" href=\"#\" target=\"_blank\" rel=\"noopener noreferrer\">Atenci\u00f3n sanitaria<\/a>\n        <a class=\"programacion\" href=\"#\" target=\"_blank\" rel=\"noopener noreferrer\">Apoyo a la comunicaci\u00f3n<\/a>\n        <a class=\"programacion\" href=\"#\" target=\"_blank\" rel=\"noopener noreferrer\">Empresa e iniciativa emprendedora<\/a>\n        <a class=\"programacion\" href=\"#\" target=\"_blank\" rel=\"noopener noreferrer\">Formaci\u00f3n en centros de trabajo<\/a>\n        <a class=\"programacion\" href=\"#\" target=\"_blank\" rel=\"noopener noreferrer\">Comunicaci\u00f3n y Ciencias Sociales I<\/a>\n        <a class=\"programacion\" href=\"#\" target=\"_blank\" rel=\"noopener noreferrer\">Comunicaci\u00f3n y Ciencias Sociales I<\/a>\n        <a class=\"programacion\" href=\"#\" target=\"_blank\" rel=\"noopener noreferrer\">Comunicaci\u00f3n y Ciencias Sociales I<\/a>\n        <a class=\"programacion\" href=\"#\" target=\"_blank\" rel=\"noopener noreferrer\">Comunicaci\u00f3n y Ciencias Sociales I<\/a>\n        <a class=\"programacion\" href=\"#\" target=\"_blank\" rel=\"noopener noreferrer\">Comunicaci\u00f3n y Ciencias Sociales I<\/a>\n        <a class=\"programacion\" href=\"#\" target=\"_blank\" rel=\"noopener noreferrer\">Comunicaci\u00f3n y Ciencias Sociales I<\/a>\n        <a class=\"programacion\" href=\"#\" target=\"_blank\" rel=\"noopener noreferrer\">Comunicaci\u00f3n y Ciencias Sociales I<\/a>\n        <a class=\"programacion\" href=\"#\" target=\"_blank\" rel=\"noopener noreferrer\">Comunicaci\u00f3n y Ciencias Sociales I<\/a>\n      <\/div>\n    <\/div>\n  <\/details>\n\n<div class=\"separador-fp\">\n  <span>T\u00e9cnico en Grado Superior en Acondicionamiento F\u00edsico<\/span>\n<\/div>\n\n  <details class=\"departamento\">\n    <summary>1\u00ba TSAF<\/summary>\n    <div class=\"departamento-contenido\">\n      <div class=\"programaciones\">\n        <a class=\"programacion\" href=\"#\" target=\"_blank\" rel=\"noopener noreferrer\">Valoraci\u00f3n de la condici\u00f3n f\u00edsica<\/a>\n        <a class=\"programacion\" href=\"#\" target=\"_blank\" rel=\"noopener noreferrer\">Fitness en sala de entrenamiento polivalente<\/a>\n        <a class=\"programacion\" href=\"#\" target=\"_blank\" rel=\"noopener noreferrer\">Actividades b\u00e1sicas de acondicionamiento f\u00edsico<\/a>\n        <a class=\"programacion\" href=\"#\" target=\"_blank\" rel=\"noopener noreferrer\">Formaci\u00f3n y orientaci\u00f3n laboral<\/a>\n        <a class=\"programacion\" href=\"#\" target=\"_blank\" rel=\"noopener noreferrer\">Comunicaci\u00f3n y Ciencias Sociales I<\/a>\n        <a class=\"programacion\" href=\"#\" target=\"_blank\" rel=\"noopener noreferrer\">Comunicaci\u00f3n y Ciencias Sociales I<\/a>\n        <a class=\"programacion\" href=\"#\" target=\"_blank\" rel=\"noopener noreferrer\">Comunicaci\u00f3n y Ciencias Sociales I<\/a>\n        <a class=\"programacion\" href=\"#\" target=\"_blank\" rel=\"noopener noreferrer\">Comunicaci\u00f3n y Ciencias Sociales I<\/a>\n        <a class=\"programacion\" href=\"#\" target=\"_blank\" rel=\"noopener noreferrer\">Comunicaci\u00f3n y Ciencias Sociales I<\/a>\n        <a class=\"programacion\" href=\"#\" target=\"_blank\" rel=\"noopener noreferrer\">Comunicaci\u00f3n y Ciencias Sociales I<\/a>\n        <a class=\"programacion\" href=\"#\" target=\"_blank\" rel=\"noopener noreferrer\">Comunicaci\u00f3n y Ciencias Sociales I<\/a>\n        <a class=\"programacion\" href=\"#\" target=\"_blank\" rel=\"noopener noreferrer\">Comunicaci\u00f3n y Ciencias Sociales I<\/a>\n        <a class=\"programacion\" href=\"#\" target=\"_blank\" rel=\"noopener noreferrer\">Comunicaci\u00f3n y Ciencias Sociales I<\/a>\n        <a class=\"programacion\" href=\"#\" target=\"_blank\" rel=\"noopener noreferrer\">Comunicaci\u00f3n y Ciencias Sociales I<\/a>\n      <\/div>\n    <\/div>\n  <\/details>\n\n  <details class=\"departamento\">\n    <summary>2\u00ba TSAF<\/summary>\n    <div class=\"departamento-contenido\">\n      <div class=\"programaciones\">\n        <a class=\"programacion\" href=\"#\" target=\"_blank\" rel=\"noopener noreferrer\">Acondicionamiento f\u00edsico en el agua<\/a>\n        <a class=\"programacion\" href=\"#\" target=\"_blank\" rel=\"noopener noreferrer\">Control postural, bienestar y mantenimiento funcional<\/a>\n      <\/div>\n    <\/div>\n  <\/details>\n\n<div class=\"separador-fp\">\n  <span>T\u00e9cnico en Grado Superior en Ense\u00f1anza y Animaci\u00f3n Sociodeportiva<\/span>\n<\/div>\n\n  <details class=\"departamento\">\n    <summary>1\u00ba TSEAS<\/summary>\n    <div class=\"departamento-contenido\">\n      <div class=\"programaciones\">\n        <a class=\"programacion\" href=\"#\" target=\"_blank\" rel=\"noopener noreferrer\">Dinamizaci\u00f3n grupal<\/a>\n        <a class=\"programacion\" href=\"#\" target=\"_blank\" rel=\"noopener noreferrer\">Planificaci\u00f3n de la animaci\u00f3n sociodeportiva<\/a>\n        <a class=\"programacion\" href=\"#\" target=\"_blank\" rel=\"noopener noreferrer\">Juegos y actividades f\u00edsico-recreativas<\/a>\n        <a class=\"programacion\" href=\"#\" target=\"_blank\" rel=\"noopener noreferrer\">Formaci\u00f3n y orientaci\u00f3n laboral<\/a>\n        <a class=\"programacion\" href=\"#\" target=\"_blank\" rel=\"noopener noreferrer\">Dinamizaci\u00f3n grupal<\/a>\n        <a class=\"programacion\" href=\"#\" target=\"_blank\" rel=\"noopener noreferrer\">Planificaci\u00f3n de la animaci\u00f3n sociodeportiva<\/a>\n        <a class=\"programacion\" href=\"#\" target=\"_blank\" rel=\"noopener noreferrer\">Juegos y actividades f\u00edsico-recreativas<\/a>\n        <a class=\"programacion\" href=\"#\" target=\"_blank\" rel=\"noopener noreferrer\">Formaci\u00f3n y orientaci\u00f3n laboral<\/a>\n      <\/div>\n    <\/div>\n  <\/details>\n\n  <details class=\"departamento\">\n    <summary>2\u00ba TSEAS<\/summary>\n    <div class=\"departamento-contenido\">\n      <div class=\"programaciones\">\n        <a class=\"programacion\" href=\"#\" target=\"_blank\" rel=\"noopener noreferrer\">Actividades f\u00edsico-deportivas individuales<\/a>\n        <a class=\"programacion\" href=\"#\" target=\"_blank\" rel=\"noopener noreferrer\">Actividades f\u00edsico-deportivas de equipo<\/a>\n        <a class=\"programacion\" href=\"#\" target=\"_blank\" rel=\"noopener noreferrer\">Actividades de ocio y tiempo libre<\/a>\n        <a class=\"programacion\" href=\"#\" target=\"_blank\" rel=\"noopener noreferrer\">Empresa e iniciativa emprendedora<\/a>\n        <a class=\"programacion\" href=\"#\" target=\"_blank\" rel=\"noopener noreferrer\">Dinamizaci\u00f3n grupal<\/a>\n        <a class=\"programacion\" href=\"#\" target=\"_blank\" rel=\"noopener noreferrer\">Planificaci\u00f3n de la animaci\u00f3n sociodeportiva<\/a>\n        <a class=\"programacion\" href=\"#\" target=\"_blank\" rel=\"noopener noreferrer\">Juegos y actividades f\u00edsico-recreativas<\/a>\n        <a class=\"programacion\" href=\"#\" target=\"_blank\" rel=\"noopener noreferrer\">Formaci\u00f3n y orientaci\u00f3n laboral<\/a>\n        <a class=\"programacion\" href=\"#\" target=\"_blank\" rel=\"noopener noreferrer\">Dinamizaci\u00f3n grupal<\/a>\n        <a class=\"programacion\" href=\"#\" target=\"_blank\" rel=\"noopener noreferrer\">Planificaci\u00f3n de la animaci\u00f3n sociodeportiva<\/a>\n        <a class=\"programacion\" href=\"#\" target=\"_blank\" rel=\"noopener noreferrer\">Juegos y actividades f\u00edsico-recreativas<\/a>\n        <a class=\"programacion\" href=\"#\" target=\"_blank\" rel=\"noopener noreferrer\">Formaci\u00f3n y orientaci\u00f3n laboral<\/a>\n      <\/div>\n    <\/div>\n  <\/details>\n\n<\/div>\n","protected":false},"excerpt":{"rendered":"<p>Departamentos En esta secci\u00f3n se publican las programaciones did\u00e1cticas de las distintas asignaturas y ense\u00f1anzas del centro. Biolog\u00eda y [&hellip;]<\/p>\n","protected":false},"author":3,"featured_media":0,"parent":0,"menu_order":0,"comment_status":"closed","ping_status":"closed","template":"rttpg_full_width","meta":{"footnotes":""},"folder":[49],"class_list":["post-1460","page","type-page","status-publish","hentry"],"rttpg_featured_image_url":null,"rttpg_author":{"display_name":"ies.salvadordali.leganes","author_link":"https:\/\/site.educa.madrid.org\/ies.salvadordali.leganes\/index.php\/author\/cuenta_ies-salvadordali-leganes\/"},"rttpg_comment":0,"rttpg_category":" <a href=\"https:\/\/site.educa.madrid.org\/ies.salvadordali.leganes\/?taxonomy=folder&#038;term=ensenanzas-1781941462-3\" rel=\"tag\">Ense\u00f1anzas<\/a>","rttpg_excerpt":"Departamentos En esta secci\u00f3n se publican las programaciones did\u00e1cticas de las distintas asignaturas y ense\u00f1anzas del centro. Biolog\u00eda y [&hellip;]","post_mailing_queue_ids":[],"_links":{"self":[{"href":"https:\/\/site.educa.madrid.org\/ies.salvadordali.leganes\/index.php\/wp-json\/wp\/v2\/pages\/1460","targetHints":{"allow":["GET"]}}],"collection":[{"href":"https:\/\/site.educa.madrid.org\/ies.salvadordali.leganes\/index.php\/wp-json\/wp\/v2\/pages"}],"about":[{"href":"https:\/\/site.educa.madrid.org\/ies.salvadordali.leganes\/index.php\/wp-json\/wp\/v2\/types\/page"}],"author":[{"embeddable":true,"href":"https:\/\/site.educa.madrid.org\/ies.salvadordali.leganes\/index.php\/wp-json\/wp\/v2\/users\/3"}],"replies":[{"embeddable":true,"href":"https:\/\/site.educa.madrid.org\/ies.salvadordali.leganes\/index.php\/wp-json\/wp\/v2\/comments?post=1460"}],"version-history":[{"count":47,"href":"https:\/\/site.educa.madrid.org\/ies.salvadordali.leganes\/index.php\/wp-json\/wp\/v2\/pages\/1460\/revisions"}],"predecessor-version":[{"id":1724,"href":"https:\/\/site.educa.madrid.org\/ies.salvadordali.leganes\/index.php\/wp-json\/wp\/v2\/pages\/1460\/revisions\/1724"}],"wp:attachment":[{"href":"https:\/\/site.educa.madrid.org\/ies.salvadordali.leganes\/index.php\/wp-json\/wp\/v2\/media?parent=1460"}],"wp:term":[{"taxonomy":"folder","embeddable":true,"href":"https:\/\/site.educa.madrid.org\/ies.salvadordali.leganes\/index.php\/wp-json\/wp\/v2\/folder?post=1460"}],"curies":[{"name":"wp","href":"https:\/\/api.w.org\/{rel}","templated":true}]}}