{"id":1509,"date":"2026-06-20T09:56:37","date_gmt":"2026-06-20T07:56:37","guid":{"rendered":"https:\/\/site.educa.madrid.org\/ies.salvadordali.leganes\/?page_id=1509"},"modified":"2026-06-21T14:09:30","modified_gmt":"2026-06-21T12:09:30","slug":"horario-e-informacion","status":"publish","type":"page","link":"https:\/\/site.educa.madrid.org\/ies.salvadordali.leganes\/index.php\/horario-e-informacion\/","title":{"rendered":"Horario e Informaci\u00f3n"},"content":{"rendered":"\n<style>\n:root{\n  --dali:#83072d;\n  --gris:#f5f7fa;\n  --texto:#333;\n}\n\n.secretaria{\n  max-width:1000px;\n  margin:0 auto;\n  padding:25px;\n  font-family:Arial, sans-serif;\n  color:var(--texto);\n}\n\n.secretaria h1{\n  text-align:center;\n  color:var(--dali);\n  font-size:2.3rem;\n  margin-bottom:10px;\n}\n\n.secretaria .subtitulo{\n  text-align:center;\n  color:#666;\n  margin-bottom:35px;\n}\n\n.card{\n  background:#fff;\n  border-radius:18px;\n  padding:30px;\n  margin-bottom:25px;\n  box-shadow:0 6px 18px rgba(0,0,0,.08);\n  border-top:5px solid var(--dali);\n}\n\n.card h2{\n  color:var(--dali);\n  text-align:center;\n  margin-top:0;\n  margin-bottom:20px;\n}\n\n.info-grid{\n  display:grid;\n  grid-template-columns:repeat(auto-fit,minmax(240px,1fr));\n  gap:20px;\n  margin-top:25px;\n}\n\n.info-item{\n  background:var(--gris);\n  border-radius:14px;\n  padding:24px;\n  text-align:center;\n}\n\n.icono{\n  font-size:2rem;\n  margin-bottom:10px;\n}\n\n.info-item h3{\n  color:var(--dali);\n  margin:8px 0;\n}\n\n.info-item p{\n  margin:6px 0;\n  line-height:1.5;\n}\n\n.info-item a{\n  color:var(--dali);\n  font-weight:600;\n  text-decoration:none;\n  transition:0.2s ease;\n}\n\n.info-item a:hover{\n  color:#a20b39;\n  text-decoration:underline;\n}\n\n@media(max-width:700px){\n  .secretaria h1{\n    font-size:1.8rem;\n  }\n\n  .card{\n    padding:22px;\n  }\n}\n.email-contacto a{\n  color:#000000;\n  font-weight:600;\n  text-decoration:none;\n  font-size:clamp(0.5rem, 2vw, 0.7rem);\n  overflow-wrap:break-word;\n  word-break:break-word;\n}\n\n.email-contacto a:hover{\n  color:#a20b39;\n  text-decoration:underline;\n}\n<\/style>\n\n<div class=\"secretaria\">\n\n  <h1>Horarios e Informaci\u00f3n<\/h1>\n\n  <p class=\"subtitulo\">\n    Secretar\u00eda del IES Salvador Dal\u00ed\n  <\/p>\n\n  <div class=\"card\">\n    <h2>Horario de Atenci\u00f3n al P\u00fablico<\/h2>\n\n    <div class=\"info-grid\">\n      <div class=\"info-item\">\n        <div class=\"icono\">\ud83d\udd58<\/div>\n        <h3>Horario<\/h3>\n        <p>De lunes a viernes<\/p>\n        <p><strong>de 9:00 a 13:00 horas<\/strong><\/p>\n      <\/div>\n    <\/div>\n  <\/div>\n\n  <div class=\"card\">\n    <h2>Datos de Contacto<\/h2>\n\n    <div class=\"info-grid\">\n\n      <div class=\"info-item\">\n        <div class=\"icono\">\ud83d\udccd<\/div>\n        <h3>Direcci\u00f3n<\/h3>\n        <p>Calle de Austria, 7<\/p>\n        <p>28916 Legan\u00e9s (Madrid)<\/p>\n      <\/div>\n\n      <div class=\"info-item\">\n        <div class=\"icono\">\u260e\ufe0f<\/div>\n        <h3>Tel\u00e9fono<\/h3>\n        <p><strong>91 686 29 99<\/strong><\/p>\n      <\/div>\n\n     <div class=\"info-item email-contacto\">\n  <div class=\"icono\">\u2709\ufe0f<\/div>\n  <h3>Correo Electr\u00f3nico<\/h3>\n  <p>\n    <a href=\"mailto:ies.salvadordali.leganes@educa.madrid.org\">\n      ies.salvadordali.leganes@educa.madrid.org\n    <\/a>\n  <\/p>\n<\/div>\n\n    <\/div>\n\n  <\/div>\n\n<\/div>\n","protected":false},"excerpt":{"rendered":"<p>Horarios e Informaci\u00f3n Secretar\u00eda del IES Salvador Dal\u00ed Horario de Atenci\u00f3n al P\u00fablico \ud83d\udd58 Horario De lunes a viernes [&hellip;]<\/p>\n","protected":false},"author":3,"featured_media":0,"parent":0,"menu_order":0,"comment_status":"closed","ping_status":"closed","template":"rttpg_full_width","meta":{"footnotes":""},"folder":[51],"class_list":["post-1509","page","type-page","status-publish","hentry"],"rttpg_featured_image_url":null,"rttpg_author":{"display_name":"ies.salvadordali.leganes","author_link":"https:\/\/site.educa.madrid.org\/ies.salvadordali.leganes\/index.php\/author\/cuenta_ies-salvadordali-leganes\/"},"rttpg_comment":0,"rttpg_category":" <a href=\"https:\/\/site.educa.madrid.org\/ies.salvadordali.leganes\/?taxonomy=folder&#038;term=secretaria-1781941485-3\" rel=\"tag\">Secretar\u00eda<\/a>","rttpg_excerpt":"Horarios e Informaci\u00f3n Secretar\u00eda del IES Salvador Dal\u00ed Horario de Atenci\u00f3n al P\u00fablico \ud83d\udd58 Horario De lunes a viernes [&hellip;]","post_mailing_queue_ids":[],"_links":{"self":[{"href":"https:\/\/site.educa.madrid.org\/ies.salvadordali.leganes\/index.php\/wp-json\/wp\/v2\/pages\/1509","targetHints":{"allow":["GET"]}}],"collection":[{"href":"https:\/\/site.educa.madrid.org\/ies.salvadordali.leganes\/index.php\/wp-json\/wp\/v2\/pages"}],"about":[{"href":"https:\/\/site.educa.madrid.org\/ies.salvadordali.leganes\/index.php\/wp-json\/wp\/v2\/types\/page"}],"author":[{"embeddable":true,"href":"https:\/\/site.educa.madrid.org\/ies.salvadordali.leganes\/index.php\/wp-json\/wp\/v2\/users\/3"}],"replies":[{"embeddable":true,"href":"https:\/\/site.educa.madrid.org\/ies.salvadordali.leganes\/index.php\/wp-json\/wp\/v2\/comments?post=1509"}],"version-history":[{"count":14,"href":"https:\/\/site.educa.madrid.org\/ies.salvadordali.leganes\/index.php\/wp-json\/wp\/v2\/pages\/1509\/revisions"}],"predecessor-version":[{"id":1737,"href":"https:\/\/site.educa.madrid.org\/ies.salvadordali.leganes\/index.php\/wp-json\/wp\/v2\/pages\/1509\/revisions\/1737"}],"wp:attachment":[{"href":"https:\/\/site.educa.madrid.org\/ies.salvadordali.leganes\/index.php\/wp-json\/wp\/v2\/media?parent=1509"}],"wp:term":[{"taxonomy":"folder","embeddable":true,"href":"https:\/\/site.educa.madrid.org\/ies.salvadordali.leganes\/index.php\/wp-json\/wp\/v2\/folder?post=1509"}],"curies":[{"name":"wp","href":"https:\/\/api.w.org\/{rel}","templated":true}]}}