{"id":1448,"date":"2025-06-04T17:54:57","date_gmt":"2025-06-04T15:54:57","guid":{"rendered":"https:\/\/site.educa.madrid.org\/ies.sigloveintiuno.leganes\/?page_id=1448"},"modified":"2026-09-01T09:43:26","modified_gmt":"2026-09-01T07:43:26","slug":"c-f-g-s","status":"publish","type":"page","link":"https:\/\/site.educa.madrid.org\/ies.sigloveintiuno.leganes\/index.php\/c-f-g-s\/","title":{"rendered":"ADMISI\u00d3N CICLOS FORMATIVOS DE GRADO SUPERIOR"},"content":{"rendered":"\n<h2 class=\"wp-block-heading\">Curso 2026-2027<\/h2>\n\n\n\n<p><\/p>\n\n\n\n<p class=\"has-text-align-center has-white-color has-vivid-red-background-color has-text-color has-background has-link-color has-medium-font-size wp-elements-ea70d32a4ec774ab183496d9f1a497bd\"><mark style=\"background-color:rgba(0, 0, 0, 0)\" class=\"has-inline-color has-black-color\"><a href=\"https:\/\/www.comunidad.madrid\/servicios\/educacion\/admision-formacion-profesional\">PUBLICACI\u00d3N DE COMUNIDAD DE MADRID <\/a><\/mark><\/p>\n\n\n\n<h3 class=\"wp-block-heading has-luminous-vivid-orange-background-color has-background\">Por Resoluci\u00f3n de la Viceconsejer\u00eda de Pol\u00edtica y Organizaci\u00f3n Educativa, se reanudan y ampl\u00edan los plazos de matriculaci\u00f3n y se establece un nuevo calendario de actuaciones en el procedimiento de admisi\u00f3n a ciclos formativos en centros sostenidos con fondos p\u00fablicos de la Comunidad de Madrid para el curso 2026-2027. <\/h3>\n\n\n\n<figure class=\"wp-block-image size-large\"><img loading=\"lazy\" decoding=\"async\" width=\"1024\" height=\"580\" src=\"https:\/\/site.educa.madrid.org\/ies.sigloveintiuno.leganes\/\/wp-content\/uploads\/ies.sigloveintiuno.leganes\/2024\/06\/GRADO-SUPERIOR-1024x580.png\" alt=\"\" class=\"wp-image-7887\" srcset=\"https:\/\/site.educa.madrid.org\/ies.sigloveintiuno.leganes\/\/wp-content\/uploads\/ies.sigloveintiuno.leganes\/2024\/06\/GRADO-SUPERIOR-1024x580.png 1024w, https:\/\/site.educa.madrid.org\/ies.sigloveintiuno.leganes\/\/wp-content\/uploads\/ies.sigloveintiuno.leganes\/2024\/06\/GRADO-SUPERIOR-300x170.png 300w, https:\/\/site.educa.madrid.org\/ies.sigloveintiuno.leganes\/\/wp-content\/uploads\/ies.sigloveintiuno.leganes\/2024\/06\/GRADO-SUPERIOR-768x435.png 768w, https:\/\/site.educa.madrid.org\/ies.sigloveintiuno.leganes\/\/wp-content\/uploads\/ies.sigloveintiuno.leganes\/2024\/06\/GRADO-SUPERIOR.png 1103w\" sizes=\"auto, (max-width: 1024px) 100vw, 1024px\" \/><\/figure>\n\n\n\n<div data-wp-interactive=\"core\/file\" class=\"wp-block-file\"><object data-wp-bind--hidden=\"!state.hasPdfPreview\" hidden class=\"wp-block-file__embed\" data=\"https:\/\/site.educa.madrid.org\/ies.sigloveintiuno.leganes\/\/wp-content\/uploads\/ies.sigloveintiuno.leganes\/2026\/06\/ANEXO-O_Cartel_Solicitud_unica_GM_GS.pdf\" type=\"application\/pdf\" style=\"width:100%;height:600px\" aria-label=\"Incrustado de ANEXO O_Cartel_Solicitud_unica_GM_GS.\"><\/object><a id=\"wp-block-file--media-4baf4aab-bd49-44ca-ad5d-3245d05a3b2e\" href=\"https:\/\/site.educa.madrid.org\/ies.sigloveintiuno.leganes\/\/wp-content\/uploads\/ies.sigloveintiuno.leganes\/2026\/06\/ANEXO-O_Cartel_Solicitud_unica_GM_GS.pdf\">ANEXO O_Cartel_Solicitud_unica_GM_GS<\/a><a href=\"https:\/\/site.educa.madrid.org\/ies.sigloveintiuno.leganes\/\/wp-content\/uploads\/ies.sigloveintiuno.leganes\/2026\/06\/ANEXO-O_Cartel_Solicitud_unica_GM_GS.pdf\" class=\"wp-block-file__button wp-element-button\" download aria-describedby=\"wp-block-file--media-4baf4aab-bd49-44ca-ad5d-3245d05a3b2e\">Descarga<\/a><\/div>\n\n\n\n<div class=\"wp-block-columns is-layout-flex wp-container-core-columns-is-layout-9d6595d7 wp-block-columns-is-layout-flex\">\n<div class=\"wp-block-column is-layout-flow wp-block-column-is-layout-flow\" style=\"flex-basis:100%\"><div id=\"pl-gb1448-6a9917febf736\"  class=\"panel-layout wp-block-siteorigin-panels-layout-block panel-layout\" ><div id=\"pg-gb1448-6a9917febf736-0\"  class=\"panel-grid panel-no-style\" ><div id=\"pgc-gb1448-6a9917febf736-0-0\"  class=\"panel-grid-cell\" ><div id=\"panel-gb1448-6a9917febf736-0-0-0\" class=\"so-panel widget widget_text panel-first-child panel-last-child\" data-index=\"0\" ><div class=\"panel-widget-style panel-widget-style-for-gb1448-6a9917febf736-0-0-0\" ><h3 class=\"widget-title\">PRESENTACI\u00d3N DE SOLICITUDES DE ADMISI\u00d3N<\/h3>\t\t\t<div class=\"textwidget\"><p>Con el fin de facilitar el desarrollo del proceso de admisi\u00f3n, <strong>las solicitudes de admisi\u00f3n de alumnos para el curso 2026-2027 ser\u00e1n presentadas con car\u00e1cter general por <em>v\u00eda telem\u00e1tica del 25 de junio al 2 de julio<\/em><\/strong>, ambos inclusive, y ser\u00e1n dirigidas al director del primer centro incluido en la solicitud. Para ello, los solicitantes utilizar\u00e1n la <em><strong><a href=\"https:\/\/raices.madrid.org\/secretariavirtual\/\" target=\"_blank\" rel=\"noopener\">Secretar\u00eda Virtual <\/a><\/strong>del Sistema Integral de Gesti\u00f3n Educativa Ra\u00edces<\/em>, que ser\u00e1 accesible a trav\u00e9s de la p\u00e1gina web de la Comunidad de Madrid. En aquellos casos en los que el solicitante no pueda presentar la solicitud de admisi\u00f3n por v\u00eda telem\u00e1tica, podr\u00e1 hacerlo en el centro educativo incluido en el primer lugar de la misma.<\/p>\n<\/div>\n\t\t<\/div><\/div><\/div><\/div><\/div><\/div>\n<\/div>\n\n\n\n<p align=\"center\"><!-- Google Calendar Appointment Scheduling begin -->\n<link href=\"https:\/\/calendar.google.com\/calendar\/scheduling-button-script.css\" rel=\"stylesheet\">\n<script src=\"https:\/\/calendar.google.com\/calendar\/scheduling-button-script.js\" async><\/script>\n<script>\n(function() {\n  var target = document.currentScript;\n  window.addEventListener('load', function() {\n    calendar.schedulingButton.load({\n      url: 'https:\/\/calendar.google.com\/calendar\/appointments\/schedules\/AcZssZ0A1exD1Xob7kenm-K9dS9Yrcw9obUczTq2w_L1ovRHqKKzmWNQBZwzwkkPqIXpIB-xMFxDQtDH?gv=true',\n      color: '#AD1457',\n      label: \"Reservar cita de matr\\xEDcula admitidos 1\\xAA Fase\",\n      target,\n    });\n  });\n})();\n<\/script>\n<!-- end Google Calendar Appointment Scheduling -->\n\n\n\n<p>Aquellos alumnos\/as que realizaran la tramitaci\u00f3n de su matr\u00edcula en el mes de julio, no es necesario que vuelvan a remitir la documentaci\u00f3n.<\/p>\n\n\n\n<p class=\"has-white-color has-vivid-purple-background-color has-text-color has-background has-link-color wp-elements-80708a2658a4a3de991db54f85855605\"><strong>INSTRUCCIONES Y REQUISITOS<\/strong>:<\/p>\n\n\n\n<ul class=\"wp-block-list\">\n<li><a href=\"https:\/\/www.comunidad.madrid\/docs\/2026-05\/instrucciones_admision_cfgs_26-27_vf_sello.pdf?VersionId=40ognLSqPs8I_C7P2YP28aK8bcPMTeVR\" target=\"_blank\" rel=\"noreferrer noopener\">Instrucciones para la admisi\u00f3n de Ciclos Formativos de Grado Superior.<\/a><\/li>\n\n\n\n<li><a href=\"https:\/\/site.educa.madrid.org\/ies.sigloveintiuno.leganes\/\/wp-content\/uploads\/ies.sigloveintiuno.leganes\/2026\/06\/baremo_25-26_gs.pdf\">Baremo corte datos del curso 25-26<\/a><\/li>\n\n\n\n<li><a href=\"https:\/\/www.comunidad.madrid\/docs\/2026-05\/gs_2026_05_08-oferta-v2.pdf?VersionId=wU9QjHWnwzG3dHxvJuli0w7pWIkwyBLU\" data-type=\"link\" data-id=\"https:\/\/www.comunidad.madrid\/docs\/2026-05\/gs_2026_05_08-oferta-v2.pdf?VersionId=wU9QjHWnwzG3dHxvJuli0w7pWIkwyBLU\" target=\"_blank\" rel=\"noreferrer noopener\">Oferta de formaci\u00f3n profesional Grado Superior 2026-2027<\/a><\/li>\n\n\n\n<li>SORTE N\u00daMERO DESEMPATE<em>: 0,1283<\/em><\/li>\n\n\n\n<li><a href=\"https:\/\/www.comunidad.madrid\/docs\/2026-06\/3702f1.pdf?VersionId=HCx_Z5KauFg1sqs5w1uNSyzRXVfTVNsq\">IMPRESO SOLICITUD ADMISI\u00d3N<\/a> <\/li>\n\n\n\n<li><a href=\"https:\/\/raices.madrid.org\/secretariavirtual\/\" target=\"_blank\" rel=\"noreferrer noopener\">ACCESO A SECRETAR\u00cdA VIRTUAL<\/a><\/li>\n\n\n\n<li><strong><a href=\"https:\/\/site.educa.madrid.org\/ies.sigloveintiuno.leganes\/\/wp-content\/uploads\/ies.sigloveintiuno.leganes\/2026\/06\/PLAZAS-OFERTADAS-GRADO-SUPERIOR.pdf\">PLAZAS OFERTADAS CFGS<\/a><\/strong><\/li>\n<\/ul>\n\n\n\n<p><\/p>\n\n\n\n<p class=\"has-white-color has-vivid-purple-background-color has-text-color has-background has-link-color wp-elements-a64546bd10d06b9c2c7c45d864c8676e\"><strong><a href=\"https:\/\/www.comunidad.madrid\/docs\/2026-07\/2026_07_31-actualizacion-del-calendario-de-actuaciones-de-admision-gsv2.pdf?VersionId=AeyeU4hFJZ0q0Zm3I8.mlU56szw_rQdv\">ACTUALIZACI\u00d3N DEL CALENDARIO DE ACTUACIONES DEL PROCESO DE ADMISI\u00d3N<\/a><\/strong><\/p>\n\n\n\n<div data-wp-interactive=\"core\/file\" class=\"wp-block-file\"><object data-wp-bind--hidden=\"!state.hasPdfPreview\" hidden class=\"wp-block-file__embed\" data=\"https:\/\/site.educa.madrid.org\/ies.sigloveintiuno.leganes\/\/wp-content\/uploads\/ies.sigloveintiuno.leganes\/2026\/09\/2026_07_31-actualizacion-del-calendario-de-actuaciones-de-admision-gsv2.pdf\" type=\"application\/pdf\" style=\"width:100%;height:600px\" aria-label=\"Incrustado de 2026_07_31-actualizacion-del-calendario-de-actuaciones-de-admision-gsv2.\"><\/object><a id=\"wp-block-file--media-f8112541-2482-4513-893f-61ba9dc991e4\" href=\"https:\/\/site.educa.madrid.org\/ies.sigloveintiuno.leganes\/\/wp-content\/uploads\/ies.sigloveintiuno.leganes\/2026\/09\/2026_07_31-actualizacion-del-calendario-de-actuaciones-de-admision-gsv2.pdf\">2026_07_31-actualizacion-del-calendario-de-actuaciones-de-admision-gsv2<\/a><a href=\"https:\/\/site.educa.madrid.org\/ies.sigloveintiuno.leganes\/\/wp-content\/uploads\/ies.sigloveintiuno.leganes\/2026\/09\/2026_07_31-actualizacion-del-calendario-de-actuaciones-de-admision-gsv2.pdf\" class=\"wp-block-file__button wp-element-button\" download aria-describedby=\"wp-block-file--media-f8112541-2482-4513-893f-61ba9dc991e4\">Descarga<\/a><\/div>\n\n\n\n<p><\/p>\n","protected":false},"excerpt":{"rendered":"<p>Curso 2026-2027 PUBLICACI\u00d3N DE COMUNIDAD DE MADRID Por Resoluci\u00f3n de la Viceconsejer\u00eda de Pol\u00edtica y Organizaci\u00f3n Educativa, se reanudan y ampl\u00edan los plazos de matriculaci\u00f3n y se establece un nuevo calendario de actuaciones en el procedimiento de admisi\u00f3n a ciclos formativos en centros sostenidos con fondos p\u00fablicos de la Comunidad de Madrid para el curso [&hellip;]<\/p>\n","protected":false},"author":4,"featured_media":1398,"parent":0,"menu_order":0,"comment_status":"closed","ping_status":"closed","template":"page-template\/custom-home-page.php","meta":{"footnotes":""},"folder":[],"class_list":["post-1448","page","type-page","status-publish","has-post-thumbnail","hentry"],"rttpg_featured_image_url":{"full":["https:\/\/site.educa.madrid.org\/ies.sigloveintiuno.leganes\/\/wp-content\/uploads\/ies.sigloveintiuno.leganes\/2021\/04\/bag-1245954_640-1.jpg",640,427,false],"landscape":["https:\/\/site.educa.madrid.org\/ies.sigloveintiuno.leganes\/\/wp-content\/uploads\/ies.sigloveintiuno.leganes\/2021\/04\/bag-1245954_640-1.jpg",640,427,false],"portraits":["https:\/\/site.educa.madrid.org\/ies.sigloveintiuno.leganes\/\/wp-content\/uploads\/ies.sigloveintiuno.leganes\/2021\/04\/bag-1245954_640-1.jpg",640,427,false],"thumbnail":["https:\/\/site.educa.madrid.org\/ies.sigloveintiuno.leganes\/\/wp-content\/uploads\/ies.sigloveintiuno.leganes\/2021\/04\/bag-1245954_640-1-150x150.jpg",150,150,true],"medium":["https:\/\/site.educa.madrid.org\/ies.sigloveintiuno.leganes\/\/wp-content\/uploads\/ies.sigloveintiuno.leganes\/2021\/04\/bag-1245954_640-1-300x200.jpg",300,200,true],"large":["https:\/\/site.educa.madrid.org\/ies.sigloveintiuno.leganes\/\/wp-content\/uploads\/ies.sigloveintiuno.leganes\/2021\/04\/bag-1245954_640-1.jpg",525,350,false],"thumblist":["https:\/\/site.educa.madrid.org\/ies.sigloveintiuno.leganes\/\/wp-content\/uploads\/ies.sigloveintiuno.leganes\/2021\/04\/bag-1245954_640-1-300x300.jpg",300,300,true],"thumbrelated":["https:\/\/site.educa.madrid.org\/ies.sigloveintiuno.leganes\/\/wp-content\/uploads\/ies.sigloveintiuno.leganes\/2021\/04\/bag-1245954_640-1.jpg",500,334,false],"meccarouselthumb":["https:\/\/site.educa.madrid.org\/ies.sigloveintiuno.leganes\/\/wp-content\/uploads\/ies.sigloveintiuno.leganes\/2021\/04\/bag-1245954_640-1-474x324.jpg",474,324,true],"gridsquare":["https:\/\/site.educa.madrid.org\/ies.sigloveintiuno.leganes\/\/wp-content\/uploads\/ies.sigloveintiuno.leganes\/2021\/04\/bag-1245954_640-1-391x260.jpg",391,260,true],"tileview":["https:\/\/site.educa.madrid.org\/ies.sigloveintiuno.leganes\/\/wp-content\/uploads\/ies.sigloveintiuno.leganes\/2021\/04\/bag-1245954_640-1-300x400.jpg",300,400,true],"1536x1536":["https:\/\/site.educa.madrid.org\/ies.sigloveintiuno.leganes\/\/wp-content\/uploads\/ies.sigloveintiuno.leganes\/2021\/04\/bag-1245954_640-1.jpg",640,427,false],"2048x2048":["https:\/\/site.educa.madrid.org\/ies.sigloveintiuno.leganes\/\/wp-content\/uploads\/ies.sigloveintiuno.leganes\/2021\/04\/bag-1245954_640-1.jpg",640,427,false],"gurukul-education-featured-image":["https:\/\/site.educa.madrid.org\/ies.sigloveintiuno.leganes\/\/wp-content\/uploads\/ies.sigloveintiuno.leganes\/2021\/04\/bag-1245954_640-1.jpg",640,427,false],"gurukul-education-thumbnail-avatar":["https:\/\/site.educa.madrid.org\/ies.sigloveintiuno.leganes\/\/wp-content\/uploads\/ies.sigloveintiuno.leganes\/2021\/04\/bag-1245954_640-1.jpg",100,67,false],"sow-carousel-default":["https:\/\/site.educa.madrid.org\/ies.sigloveintiuno.leganes\/\/wp-content\/uploads\/ies.sigloveintiuno.leganes\/2021\/04\/bag-1245954_640-1.jpg",272,182,false],"sow-post-carousel-overlay-theme":["https:\/\/site.educa.madrid.org\/ies.sigloveintiuno.leganes\/\/wp-content\/uploads\/ies.sigloveintiuno.leganes\/2021\/04\/bag-1245954_640-1.jpg",360,240,false],"sow-post-carousel-cards-theme":["https:\/\/site.educa.madrid.org\/ies.sigloveintiuno.leganes\/\/wp-content\/uploads\/ies.sigloveintiuno.leganes\/2021\/04\/bag-1245954_640-1.jpg",360,240,false],"sow-blog-portfolio":["https:\/\/site.educa.madrid.org\/ies.sigloveintiuno.leganes\/\/wp-content\/uploads\/ies.sigloveintiuno.leganes\/2021\/04\/bag-1245954_640-1.jpg",375,250,false],"sow-blog-grid":["https:\/\/site.educa.madrid.org\/ies.sigloveintiuno.leganes\/\/wp-content\/uploads\/ies.sigloveintiuno.leganes\/2021\/04\/bag-1245954_640-1.jpg",640,427,false],"sow-blog-alternate":["https:\/\/site.educa.madrid.org\/ies.sigloveintiuno.leganes\/\/wp-content\/uploads\/ies.sigloveintiuno.leganes\/2021\/04\/bag-1245954_640-1.jpg",640,427,false],"rt_custom":["https:\/\/site.educa.madrid.org\/ies.sigloveintiuno.leganes\/\/wp-content\/uploads\/ies.sigloveintiuno.leganes\/2021\/04\/bag-1245954_640-1.jpg",640,427,false]},"rttpg_author":{"display_name":"Alicia P\u00e9rez Oti\u00f1a","author_link":"https:\/\/site.educa.madrid.org\/ies.sigloveintiuno.leganes\/index.php\/author\/alicia_perez-otia\/"},"rttpg_comment":0,"rttpg_category":false,"rttpg_excerpt":"Curso 2026-2027 PUBLICACI\u00d3N DE COMUNIDAD DE MADRID Por Resoluci\u00f3n de la Viceconsejer\u00eda de Pol\u00edtica y Organizaci\u00f3n Educativa, se reanudan y ampl\u00edan los plazos de matriculaci\u00f3n y se establece un nuevo calendario de actuaciones en el procedimiento de admisi\u00f3n a ciclos formativos en centros sostenidos con fondos p\u00fablicos de la Comunidad de Madrid para el curso&hellip;","post_mailing_queue_ids":[],"_links":{"self":[{"href":"https:\/\/site.educa.madrid.org\/ies.sigloveintiuno.leganes\/index.php\/wp-json\/wp\/v2\/pages\/1448","targetHints":{"allow":["GET"]}}],"collection":[{"href":"https:\/\/site.educa.madrid.org\/ies.sigloveintiuno.leganes\/index.php\/wp-json\/wp\/v2\/pages"}],"about":[{"href":"https:\/\/site.educa.madrid.org\/ies.sigloveintiuno.leganes\/index.php\/wp-json\/wp\/v2\/types\/page"}],"author":[{"embeddable":true,"href":"https:\/\/site.educa.madrid.org\/ies.sigloveintiuno.leganes\/index.php\/wp-json\/wp\/v2\/users\/4"}],"replies":[{"embeddable":true,"href":"https:\/\/site.educa.madrid.org\/ies.sigloveintiuno.leganes\/index.php\/wp-json\/wp\/v2\/comments?post=1448"}],"version-history":[{"count":49,"href":"https:\/\/site.educa.madrid.org\/ies.sigloveintiuno.leganes\/index.php\/wp-json\/wp\/v2\/pages\/1448\/revisions"}],"predecessor-version":[{"id":12451,"href":"https:\/\/site.educa.madrid.org\/ies.sigloveintiuno.leganes\/index.php\/wp-json\/wp\/v2\/pages\/1448\/revisions\/12451"}],"wp:featuredmedia":[{"embeddable":true,"href":"https:\/\/site.educa.madrid.org\/ies.sigloveintiuno.leganes\/index.php\/wp-json\/wp\/v2\/media\/1398"}],"wp:attachment":[{"href":"https:\/\/site.educa.madrid.org\/ies.sigloveintiuno.leganes\/index.php\/wp-json\/wp\/v2\/media?parent=1448"}],"wp:term":[{"taxonomy":"folder","embeddable":true,"href":"https:\/\/site.educa.madrid.org\/ies.sigloveintiuno.leganes\/index.php\/wp-json\/wp\/v2\/folder?post=1448"}],"curies":[{"name":"wp","href":"https:\/\/api.w.org\/{rel}","templated":true}]}}